{"id":7463,"date":"2021-05-20T02:09:06","date_gmt":"2021-05-20T00:09:06","guid":{"rendered":"https:\/?page_id=7463"},"modified":"2025-01-30T03:01:42","modified_gmt":"2025-01-30T02:01:42","slug":"photographe-elopement-mariage-aventure-france","status":"publish","type":"page","link":"https:\/\/gaetaneglize.com\/fr\/photographe-elopement-mariage-aventure-france\/","title":{"rendered":"\u00e0 propos"},"content":{"rendered":"\t\t<div data-elementor-type=\"wp-page\" data-elementor-id=\"7463\" class=\"elementor elementor-7463\">\n\t\t\t\t\t\t<section class=\"elementor-section elementor-top-section elementor-element elementor-element-5d54bd0 elementor-section-full_width elementor-section-height-min-height elementor-section-content-bottom elementor-section-stretched elementor-section-items-bottom elementor-section-height-default\" data-id=\"5d54bd0\" data-element_type=\"section\" data-e-type=\"section\" data-settings=\"{&quot;stretch_section&quot;:&quot;section-stretched&quot;,&quot;background_background&quot;:&quot;classic&quot;}\">\n\t\t\t\t\t\t\t<div class=\"elementor-background-overlay\"><\/div>\n\t\t\t\t\t\t\t<div class=\"elementor-container elementor-column-gap-default\">\n\t\t\t\t\t<div class=\"elementor-column elementor-col-100 elementor-top-column elementor-element elementor-element-a5b4221\" data-id=\"a5b4221\" data-element_type=\"column\" data-e-type=\"column\">\n\t\t\t<div class=\"elementor-widget-wrap elementor-element-populated\">\n\t\t\t\t\t\t<div class=\"elementor-element elementor-element-1cce8fc elementor-invisible elementor-widget elementor-widget-heading\" data-id=\"1cce8fc\" data-element_type=\"widget\" data-e-type=\"widget\" data-settings=\"{&quot;_animation&quot;:&quot;fadeInUp&quot;}\" data-widget_type=\"heading.default\">\n\t\t\t\t<div class=\"elementor-widget-container\">\n\t\t\t\t\t<h1 class=\"elementor-heading-title elementor-size-default\">\u00c0 propos de votre photographe<\/h1>\t\t\t\t<\/div>\n\t\t\t\t<\/div>\n\t\t\t\t<div class=\"elementor-element elementor-element-6b9b39a elementor-invisible elementor-widget elementor-widget-heading\" data-id=\"6b9b39a\" data-element_type=\"widget\" data-e-type=\"widget\" data-settings=\"{&quot;_animation&quot;:&quot;fadeInUp&quot;}\" data-widget_type=\"heading.default\">\n\t\t\t\t<div class=\"elementor-widget-container\">\n\t\t\t\t\t<h3 class=\"elementor-heading-title elementor-size-default\">D\u00e9couvrez-en un peu plus sur moi<\/h3>\t\t\t\t<\/div>\n\t\t\t\t<\/div>\n\t\t\t\t<div class=\"elementor-element elementor-element-948db9c elementor-view-default elementor-invisible elementor-widget elementor-widget-icon\" data-id=\"948db9c\" data-element_type=\"widget\" data-e-type=\"widget\" data-settings=\"{&quot;_animation&quot;:&quot;bounceIn&quot;}\" data-widget_type=\"icon.default\">\n\t\t\t\t<div class=\"elementor-widget-container\">\n\t\t\t\t\t\t\t<div class=\"elementor-icon-wrapper\">\n\t\t\t<a class=\"elementor-icon elementor-animation-pulse\" href=\"#photographe-landes-pays-basque-pyrenees\">\n\t\t\t<svg aria-hidden=\"true\" class=\"e-font-icon-svg e-fas-chevron-down\" viewBox=\"0 0 448 512\" xmlns=\"http:\/\/www.w3.org\/2000\/svg\"><path d=\"M207.029 381.476L12.686 187.132c-9.373-9.373-9.373-24.569 0-33.941l22.667-22.667c9.357-9.357 24.522-9.375 33.901-.04L224 284.505l154.745-154.021c9.379-9.335 24.544-9.317 33.901.04l22.667 22.667c9.373 9.373 9.373 24.569 0 33.941L240.971 381.476c-9.373 9.372-24.569 9.372-33.942 0z\"><\/path><\/svg>\t\t\t<\/a>\n\t\t<\/div>\n\t\t\t\t\t\t<\/div>\n\t\t\t\t<\/div>\n\t\t\t\t\t<\/div>\n\t\t<\/div>\n\t\t\t\t\t<\/div>\n\t\t<\/section>\n\t\t\t\t<section class=\"elementor-section elementor-top-section elementor-element elementor-element-c962b6f elementor-section-boxed elementor-section-height-default elementor-section-height-default\" data-id=\"c962b6f\" data-element_type=\"section\" data-e-type=\"section\" data-settings=\"{&quot;background_background&quot;:&quot;classic&quot;}\">\n\t\t\t\t\t\t<div class=\"elementor-container elementor-column-gap-default\">\n\t\t\t\t\t<div class=\"elementor-column elementor-col-100 elementor-top-column elementor-element elementor-element-7920cb0\" data-id=\"7920cb0\" data-element_type=\"column\" data-e-type=\"column\">\n\t\t\t<div class=\"elementor-widget-wrap elementor-element-populated\">\n\t\t\t\t\t\t<section class=\"elementor-section elementor-inner-section elementor-element elementor-element-9493c44 elementor-section-height-min-height elementor-reverse-mobile animated-slow elementor-section-boxed elementor-section-height-default elementor-invisible\" data-id=\"9493c44\" data-element_type=\"section\" data-e-type=\"section\" data-settings=\"{&quot;background_background&quot;:&quot;classic&quot;,&quot;animation&quot;:&quot;fadeIn&quot;}\">\n\t\t\t\t\t\t<div class=\"elementor-container elementor-column-gap-default\">\n\t\t\t\t\t<div class=\"elementor-column elementor-col-50 elementor-inner-column elementor-element elementor-element-33cd0fb\" data-id=\"33cd0fb\" data-element_type=\"column\" data-e-type=\"column\">\n\t\t\t<div class=\"elementor-widget-wrap\">\n\t\t\t\t\t\t\t<\/div>\n\t\t<\/div>\n\t\t\t\t<div class=\"elementor-column elementor-col-50 elementor-inner-column elementor-element elementor-element-6867fb9\" data-id=\"6867fb9\" data-element_type=\"column\" data-e-type=\"column\">\n\t\t\t<div class=\"elementor-widget-wrap\">\n\t\t\t\t\t\t\t<\/div>\n\t\t<\/div>\n\t\t\t\t\t<\/div>\n\t\t<\/section>\n\t\t\t\t\t<\/div>\n\t\t<\/div>\n\t\t\t\t\t<\/div>\n\t\t<\/section>\n\t\t\t\t<section class=\"elementor-section elementor-top-section elementor-element elementor-element-00fe4ab elementor-section-height-min-height elementor-section-content-top elementor-section-boxed elementor-section-height-default elementor-section-items-middle\" data-id=\"00fe4ab\" data-element_type=\"section\" data-e-type=\"section\" data-settings=\"{&quot;background_background&quot;:&quot;classic&quot;}\">\n\t\t\t\t\t\t<div class=\"elementor-container elementor-column-gap-default\">\n\t\t\t\t\t<div class=\"elementor-column elementor-col-100 elementor-top-column elementor-element elementor-element-8c1e8df\" data-id=\"8c1e8df\" data-element_type=\"column\" data-e-type=\"column\">\n\t\t\t<div class=\"elementor-widget-wrap elementor-element-populated\">\n\t\t\t\t\t\t<div class=\"elementor-element elementor-element-110caf3 elementor-widget elementor-widget-menu-anchor\" data-id=\"110caf3\" data-element_type=\"widget\" data-e-type=\"widget\" data-widget_type=\"menu-anchor.default\">\n\t\t\t\t<div class=\"elementor-widget-container\">\n\t\t\t\t\t\t\t<div class=\"elementor-menu-anchor\" id=\"photographe-landes-pays-basque-pyrenees\"><\/div>\n\t\t\t\t\t\t<\/div>\n\t\t\t\t<\/div>\n\t\t\t\t<div class=\"elementor-element elementor-element-16330d1 elementor-invisible elementor-widget elementor-widget-heading\" data-id=\"16330d1\" data-element_type=\"widget\" data-e-type=\"widget\" data-settings=\"{&quot;_animation&quot;:&quot;fadeInUp&quot;}\" data-widget_type=\"heading.default\">\n\t\t\t\t<div class=\"elementor-widget-container\">\n\t\t\t\t\t<h3 class=\"elementor-heading-title elementor-size-default\">Reportage photo sinc\u00e8re, po\u00e9tique et doux<\/h3>\t\t\t\t<\/div>\n\t\t\t\t<\/div>\n\t\t\t\t<section class=\"elementor-section elementor-inner-section elementor-element elementor-element-df732c5 elementor-section-boxed elementor-section-height-default elementor-section-height-default\" data-id=\"df732c5\" data-element_type=\"section\" data-e-type=\"section\">\n\t\t\t\t\t\t<div class=\"elementor-container elementor-column-gap-default\">\n\t\t\t\t\t<div class=\"elementor-column elementor-col-33 elementor-inner-column elementor-element elementor-element-ffd4581\" data-id=\"ffd4581\" data-element_type=\"column\" data-e-type=\"column\">\n\t\t\t<div class=\"elementor-widget-wrap\">\n\t\t\t\t\t\t\t<\/div>\n\t\t<\/div>\n\t\t\t\t<div class=\"elementor-column elementor-col-33 elementor-inner-column elementor-element elementor-element-1d774b9\" data-id=\"1d774b9\" data-element_type=\"column\" data-e-type=\"column\">\n\t\t\t<div class=\"elementor-widget-wrap elementor-element-populated\">\n\t\t\t\t\t\t<div class=\"elementor-element elementor-element-4af4a29 elementor-invisible elementor-widget elementor-widget-heading\" data-id=\"4af4a29\" data-element_type=\"widget\" data-e-type=\"widget\" data-settings=\"{&quot;_animation&quot;:&quot;fadeInUp&quot;}\" data-widget_type=\"heading.default\">\n\t\t\t\t<div class=\"elementor-widget-container\">\n\t\t\t\t\t<h2 class=\"elementor-heading-title elementor-size-default\">Photographe nomade qui raconte votre histoire<\/h2>\t\t\t\t<\/div>\n\t\t\t\t<\/div>\n\t\t\t\t\t<\/div>\n\t\t<\/div>\n\t\t\t\t<div class=\"elementor-column elementor-col-33 elementor-inner-column elementor-element elementor-element-cd21643\" data-id=\"cd21643\" data-element_type=\"column\" data-e-type=\"column\">\n\t\t\t<div class=\"elementor-widget-wrap\">\n\t\t\t\t\t\t\t<\/div>\n\t\t<\/div>\n\t\t\t\t\t<\/div>\n\t\t<\/section>\n\t\t\t\t<div class=\"elementor-element elementor-element-22f3c8f elementor-invisible elementor-widget elementor-widget-text-editor\" data-id=\"22f3c8f\" data-element_type=\"widget\" data-e-type=\"widget\" data-settings=\"{&quot;_animation&quot;:&quot;fadeInUp&quot;}\" data-widget_type=\"text-editor.default\">\n\t\t\t\t<div class=\"elementor-widget-container\">\n\t\t\t\t\t\t\t\t\t<p>Je suis Ga\u00e9tane Glize, photographe nomade sp\u00e9cialis\u00e9e dans la capture sinc\u00e8re et po\u00e9tique des liens qui vous unissent \u00e0 l&#8217;occasion de votre <a style=\"color: black;\" href=\"\/fr\/tarifs-photographe-mariage-landes\/\" target=\"_blank\" rel=\"noopener\">mariage<\/a>, de votre <a style=\"color: black;\" href=\"\/fr\/tarifs-photographe-elopement-pyrenees-france\/\" target=\"_blank\" rel=\"noopener\">elopement<\/a>,\u00a0d&#8217;une s\u00e9ance <a style=\"color: black;\" href=\"\/fr\/tarifs-photographe-seances-couple-fiancailles-landes\/\" target=\"_blank\" rel=\"noopener\">couple<\/a>, <a style=\"color: black;\" href=\"\/fr\/tarifs-photographe-seance-grossesse-landes\/\" target=\"_blank\" rel=\"noopener\">grossesse<\/a>, <a style=\"color: black;\" href=\"\/fr\/tarifs-photographe-seance-famille-landes\/\" target=\"_blank\" rel=\"noopener\">famille<\/a> ou <a style=\"color: black;\" href=\"\/fr\/tarifs-photographe-seance-portrait-landes\/\" target=\"_blank\" rel=\"noopener\">portrait<\/a>. Je suis bas\u00e9e la plupart du temps dans les <a style=\"color: black;\" href=\"https:\/\/www.tourismelandes.com\/\" target=\"_blank\" rel=\"noopener\">Landes<\/a>, le <a style=\"color: black;\" href=\"https:\/\/pays-basque.tourisme64.com\/\" target=\"_blank\" rel=\"noopener\">Pays Basque<\/a> et les <a style=\"color: black;\" href=\"https:\/\/www.tourisme-hautes-pyrenees.com\/\" target=\"_blank\" rel=\"noopener\">Pyr\u00e9n\u00e9es<\/a> ; je sillonne les routes \u00e0 bord de mon fid\u00e8le camping-car, Barnab\u00e9, pour venir \u00e0 votre rencontre. D\u00e9couvrez-en un peu plus sur moi, mon approche et mon univers.<\/p>\t\t\t\t\t\t\t\t<\/div>\n\t\t\t\t<\/div>\n\t\t\t\t\t<\/div>\n\t\t<\/div>\n\t\t\t\t\t<\/div>\n\t\t<\/section>\n\t\t\t\t<section class=\"elementor-section elementor-top-section elementor-element elementor-element-cfcbbe2 elementor-section-boxed elementor-section-height-default elementor-section-height-default\" data-id=\"cfcbbe2\" data-element_type=\"section\" data-e-type=\"section\" data-settings=\"{&quot;background_background&quot;:&quot;classic&quot;}\">\n\t\t\t\t\t\t<div class=\"elementor-container elementor-column-gap-default\">\n\t\t\t\t\t<div class=\"elementor-column elementor-col-33 elementor-top-column elementor-element elementor-element-28a0c73\" data-id=\"28a0c73\" data-element_type=\"column\" data-e-type=\"column\">\n\t\t\t<div class=\"elementor-widget-wrap\">\n\t\t\t\t\t\t\t<\/div>\n\t\t<\/div>\n\t\t\t\t<div class=\"elementor-column elementor-col-33 elementor-top-column elementor-element elementor-element-fe34543\" data-id=\"fe34543\" data-element_type=\"column\" data-e-type=\"column\">\n\t\t\t<div class=\"elementor-widget-wrap elementor-element-populated\">\n\t\t\t\t\t\t<div class=\"elementor-element elementor-element-3eeeb5d elementor-invisible elementor-widget elementor-widget-toggle\" data-id=\"3eeeb5d\" data-element_type=\"widget\" data-e-type=\"widget\" data-settings=\"{&quot;_animation&quot;:&quot;fadeInUp&quot;}\" data-widget_type=\"toggle.default\">\n\t\t\t\t<div class=\"elementor-widget-container\">\n\t\t\t\t\t\t\t<div class=\"elementor-toggle\">\n\t\t\t\t\t\t\t<div class=\"elementor-toggle-item\">\n\t\t\t\t\t<div id=\"elementor-tab-title-6591\" class=\"elementor-tab-title\" data-tab=\"1\" role=\"button\" aria-controls=\"elementor-tab-content-6591\" aria-expanded=\"false\">\n\t\t\t\t\t\t\t\t\t\t\t\t<span class=\"elementor-toggle-icon elementor-toggle-icon-right\" aria-hidden=\"true\">\n\t\t\t\t\t\t\t\t\t\t\t\t\t\t\t<span class=\"elementor-toggle-icon-closed\"><svg class=\"e-font-icon-svg e-fas-caret-down\" viewBox=\"0 0 320 512\" xmlns=\"http:\/\/www.w3.org\/2000\/svg\"><path d=\"M31.3 192h257.3c17.8 0 26.7 21.5 14.1 34.1L174.1 354.8c-7.8 7.8-20.5 7.8-28.3 0L17.2 226.1C4.6 213.5 13.5 192 31.3 192z\"><\/path><\/svg><\/span>\n\t\t\t\t\t\t\t\t<span class=\"elementor-toggle-icon-opened\"><svg class=\"elementor-toggle-icon-opened e-font-icon-svg e-fas-caret-up\" viewBox=\"0 0 320 512\" xmlns=\"http:\/\/www.w3.org\/2000\/svg\"><path d=\"M288.662 352H31.338c-17.818 0-26.741-21.543-14.142-34.142l128.662-128.662c7.81-7.81 20.474-7.81 28.284 0l128.662 128.662c12.6 12.599 3.676 34.142-14.142 34.142z\"><\/path><\/svg><\/span>\n\t\t\t\t\t\t\t\t\t\t\t\t\t<\/span>\n\t\t\t\t\t\t\t\t\t\t\t\t<a class=\"elementor-toggle-title\" tabindex=\"0\">Menu rapide de la page :<\/a>\n\t\t\t\t\t<\/div>\n\n\t\t\t\t\t<div id=\"elementor-tab-content-6591\" class=\"elementor-tab-content elementor-clearfix\" data-tab=\"1\" role=\"region\" aria-labelledby=\"elementor-tab-title-6591\"><ol><li><a style=\"color: black;\" href=\"#a-propos-photographe\">Qui je suis : rencontrez votre photographe<\/a><\/li><li><a style=\"color: black;\" href=\"#mission-photographe\">Ma mission : raconter votre histoire<\/a><\/li><li><a style=\"color: black;\" href=\"#univers-photographique\">Mon univers photo : po\u00e9sie, douceur et sensibilit\u00e9<\/a><\/li><li><a style=\"color: black;\" href=\"#avis-photographe-landes-pays-basque\">Leurs avis sur leur exp\u00e9rience photo<\/a><\/li><li><a style=\"color: black;\" href=\"\/fr\/contactez-votre-photographe-mariage-couple-grossesse-famille-landes\/\">Me contacter pour r\u00e9server votre date<\/a><\/li><\/ol><\/div>\n\t\t\t\t<\/div>\n\t\t\t\t\t\t\t\t<\/div>\n\t\t\t\t\t\t<\/div>\n\t\t\t\t<\/div>\n\t\t\t\t\t<\/div>\n\t\t<\/div>\n\t\t\t\t<div class=\"elementor-column elementor-col-33 elementor-top-column elementor-element elementor-element-d137242\" data-id=\"d137242\" data-element_type=\"column\" data-e-type=\"column\">\n\t\t\t<div class=\"elementor-widget-wrap\">\n\t\t\t\t\t\t\t<\/div>\n\t\t<\/div>\n\t\t\t\t\t<\/div>\n\t\t<\/section>\n\t\t\t\t<section class=\"elementor-section elementor-top-section elementor-element elementor-element-308381d elementor-section-boxed elementor-section-height-default elementor-section-height-default\" data-id=\"308381d\" data-element_type=\"section\" data-e-type=\"section\" data-settings=\"{&quot;background_background&quot;:&quot;classic&quot;}\">\n\t\t\t\t\t\t<div class=\"elementor-container elementor-column-gap-default\">\n\t\t\t\t\t<div class=\"elementor-column elementor-col-50 elementor-top-column elementor-element elementor-element-c2599dd\" data-id=\"c2599dd\" data-element_type=\"column\" data-e-type=\"column\">\n\t\t\t<div class=\"elementor-widget-wrap elementor-element-populated\">\n\t\t\t\t\t\t<div class=\"elementor-element elementor-element-65b9965 elementor-invisible elementor-widget elementor-widget-image\" data-id=\"65b9965\" data-element_type=\"widget\" data-e-type=\"widget\" data-settings=\"{&quot;_animation&quot;:&quot;fadeInLeft&quot;}\" data-widget_type=\"image.default\">\n\t\t\t\t<div class=\"elementor-widget-container\">\n\t\t\t\t\t\t\t\t\t\t\t\t\t\t\t<img fetchpriority=\"high\" decoding=\"async\" width=\"683\" height=\"1024\" src=\"https:\/\/gaetaneglize.com\/wp-content\/uploads\/2025\/01\/photographe-mariage-elopement-couple-grossesse-famille-landes-pays-basque-2009-683x1024.jpg\" class=\"attachment-large size-large wp-image-17616\" alt=\"\" srcset=\"https:\/\/gaetaneglize.com\/wp-content\/uploads\/2025\/01\/photographe-mariage-elopement-couple-grossesse-famille-landes-pays-basque-2009-683x1024.jpg 683w, https:\/\/gaetaneglize.com\/wp-content\/uploads\/2025\/01\/photographe-mariage-elopement-couple-grossesse-famille-landes-pays-basque-2009-200x300.jpg 200w, https:\/\/gaetaneglize.com\/wp-content\/uploads\/2025\/01\/photographe-mariage-elopement-couple-grossesse-famille-landes-pays-basque-2009-768x1152.jpg 768w, https:\/\/gaetaneglize.com\/wp-content\/uploads\/2025\/01\/photographe-mariage-elopement-couple-grossesse-famille-landes-pays-basque-2009-1024x1536.jpg 1024w, https:\/\/gaetaneglize.com\/wp-content\/uploads\/2025\/01\/photographe-mariage-elopement-couple-grossesse-famille-landes-pays-basque-2009-1365x2048.jpg 1365w, https:\/\/gaetaneglize.com\/wp-content\/uploads\/2025\/01\/photographe-mariage-elopement-couple-grossesse-famille-landes-pays-basque-2009.jpg 1500w\" sizes=\"(max-width: 683px) 100vw, 683px\" \/>\t\t\t\t\t\t\t\t\t\t\t\t\t\t\t<\/div>\n\t\t\t\t<\/div>\n\t\t\t\t\t<\/div>\n\t\t<\/div>\n\t\t\t\t<div class=\"elementor-column elementor-col-50 elementor-top-column elementor-element elementor-element-6ae46fe\" data-id=\"6ae46fe\" data-element_type=\"column\" data-e-type=\"column\">\n\t\t\t<div class=\"elementor-widget-wrap elementor-element-populated\">\n\t\t\t\t\t\t<div class=\"elementor-element elementor-element-a5899f2 elementor-widget elementor-widget-menu-anchor\" data-id=\"a5899f2\" data-element_type=\"widget\" data-e-type=\"widget\" data-widget_type=\"menu-anchor.default\">\n\t\t\t\t<div class=\"elementor-widget-container\">\n\t\t\t\t\t\t\t<div class=\"elementor-menu-anchor\" id=\"a-propos-photographe\"><\/div>\n\t\t\t\t\t\t<\/div>\n\t\t\t\t<\/div>\n\t\t\t\t<div class=\"elementor-element elementor-element-c61be61 elementor-invisible elementor-widget elementor-widget-heading\" data-id=\"c61be61\" data-element_type=\"widget\" data-e-type=\"widget\" data-settings=\"{&quot;_animation&quot;:&quot;fadeInUp&quot;}\" data-widget_type=\"heading.default\">\n\t\t\t\t<div class=\"elementor-widget-container\">\n\t\t\t\t\t<h3 class=\"elementor-heading-title elementor-size-default\">Qui je suis<\/h3>\t\t\t\t<\/div>\n\t\t\t\t<\/div>\n\t\t\t\t<div class=\"elementor-element elementor-element-2a7ab89 elementor-invisible elementor-widget elementor-widget-heading\" data-id=\"2a7ab89\" data-element_type=\"widget\" data-e-type=\"widget\" data-settings=\"{&quot;_animation&quot;:&quot;fadeInUp&quot;}\" data-widget_type=\"heading.default\">\n\t\t\t\t<div class=\"elementor-widget-container\">\n\t\t\t\t\t<h2 class=\"elementor-heading-title elementor-size-default\">Hey, moi c'est <i><span style=\"text-transform:none;font-size: 65px;font-weight: 100\">ga\u00e9tane<\/span><\/i><\/h2>\t\t\t\t<\/div>\n\t\t\t\t<\/div>\n\t\t\t\t<section class=\"elementor-section elementor-inner-section elementor-element elementor-element-d78b507 elementor-section-boxed elementor-section-height-default elementor-section-height-default\" data-id=\"d78b507\" data-element_type=\"section\" data-e-type=\"section\">\n\t\t\t\t\t\t<div class=\"elementor-container elementor-column-gap-default\">\n\t\t\t\t\t<div class=\"elementor-column elementor-col-50 elementor-inner-column elementor-element elementor-element-85317ef\" data-id=\"85317ef\" data-element_type=\"column\" data-e-type=\"column\">\n\t\t\t<div class=\"elementor-widget-wrap elementor-element-populated\">\n\t\t\t\t\t\t<div class=\"elementor-element elementor-element-09d806b elementor-invisible elementor-widget elementor-widget-text-editor\" data-id=\"09d806b\" data-element_type=\"widget\" data-e-type=\"widget\" data-settings=\"{&quot;_animation&quot;:&quot;fadeInUp&quot;}\" data-widget_type=\"text-editor.default\">\n\t\t\t\t<div class=\"elementor-widget-container\">\n\t\t\t\t\t\t\t\t\t<h5>Photographe passionn\u00e9e par les liens qui vous unissent<\/h5><p class=\"_04xlpA direction-ltr align-justify para-style-body\">J<span style=\"font-style: inherit; font-weight: inherit;\">&#8216;ai \u00e0 coeur d&#8217;accompagner mes clients \u00e0 construire une vraie exp\u00e9rience dans laquelle ils peuvent se sentir pleinement eux-m\u00eames. Je les guide pour la vivre intens\u00e9ment, en savourer chaque instant et en ressentir chaque \u00e9motion &#8211; pour ensuite revivre le tout en photos. En tant que photographe, ce qui me fait vibrer, c&#8217;est raconter les liens puissants et pr\u00e9cieux qui vous unissent. Ces regards \u00e9chang\u00e9s, ces gestes tendres, ces rires partag\u00e9s, cette alchimie qui h\u00e9risse vos poils&#8230; L&#8217;\u00e9motion et la connexion sont au centre de mon approche. J&#8217;aime par-dessus tout raconter l&#8217;essence de vos relations et de votre personnalit\u00e9 avec sinc\u00e9rit\u00e9 et sensibilit\u00e9.<\/span><\/p>\t\t\t\t\t\t\t\t<\/div>\n\t\t\t\t<\/div>\n\t\t\t\t<div class=\"elementor-element elementor-element-00f39b1 elementor-align-left elementor-mobile-align-center elementor-invisible elementor-widget elementor-widget-button\" data-id=\"00f39b1\" data-element_type=\"widget\" data-e-type=\"widget\" data-settings=\"{&quot;_animation&quot;:&quot;fadeInUp&quot;}\" data-widget_type=\"button.default\">\n\t\t\t\t<div class=\"elementor-widget-container\">\n\t\t\t\t\t\t\t\t\t<div class=\"elementor-button-wrapper\">\n\t\t\t\t\t<a class=\"elementor-button elementor-button-link elementor-size-sm elementor-animation-float\" href=\"\/fr\/contactez-votre-photographe-mariage-couple-grossesse-famille-landes\/\">\n\t\t\t\t\t\t<span class=\"elementor-button-content-wrapper\">\n\t\t\t\t\t\t\t\t\t<span class=\"elementor-button-text\">On te contacte &gt;<\/span>\n\t\t\t\t\t<\/span>\n\t\t\t\t\t<\/a>\n\t\t\t\t<\/div>\n\t\t\t\t\t\t\t\t<\/div>\n\t\t\t\t<\/div>\n\t\t\t\t\t<\/div>\n\t\t<\/div>\n\t\t\t\t<div class=\"elementor-column elementor-col-50 elementor-inner-column elementor-element elementor-element-77ad80f\" data-id=\"77ad80f\" data-element_type=\"column\" data-e-type=\"column\">\n\t\t\t<div class=\"elementor-widget-wrap elementor-element-populated\">\n\t\t\t\t\t\t<div class=\"elementor-element elementor-element-dce3f95 elementor-invisible elementor-widget elementor-widget-image\" data-id=\"dce3f95\" data-element_type=\"widget\" data-e-type=\"widget\" data-settings=\"{&quot;_animation&quot;:&quot;fadeInRight&quot;}\" data-widget_type=\"image.default\">\n\t\t\t\t<div class=\"elementor-widget-container\">\n\t\t\t\t\t\t\t\t\t\t\t\t\t\t\t<img decoding=\"async\" width=\"683\" height=\"1024\" src=\"https:\/\/gaetaneglize.com\/wp-content\/uploads\/2025\/01\/photographe-mariage-elopement-couple-grossesse-famille-landes-pays-basque-2005-683x1024.jpg\" class=\"attachment-large size-large wp-image-17588\" alt=\"\" srcset=\"https:\/\/gaetaneglize.com\/wp-content\/uploads\/2025\/01\/photographe-mariage-elopement-couple-grossesse-famille-landes-pays-basque-2005-683x1024.jpg 683w, https:\/\/gaetaneglize.com\/wp-content\/uploads\/2025\/01\/photographe-mariage-elopement-couple-grossesse-famille-landes-pays-basque-2005-200x300.jpg 200w, https:\/\/gaetaneglize.com\/wp-content\/uploads\/2025\/01\/photographe-mariage-elopement-couple-grossesse-famille-landes-pays-basque-2005-768x1152.jpg 768w, https:\/\/gaetaneglize.com\/wp-content\/uploads\/2025\/01\/photographe-mariage-elopement-couple-grossesse-famille-landes-pays-basque-2005-1024x1536.jpg 1024w, https:\/\/gaetaneglize.com\/wp-content\/uploads\/2025\/01\/photographe-mariage-elopement-couple-grossesse-famille-landes-pays-basque-2005-1365x2048.jpg 1365w, https:\/\/gaetaneglize.com\/wp-content\/uploads\/2025\/01\/photographe-mariage-elopement-couple-grossesse-famille-landes-pays-basque-2005.jpg 1500w\" sizes=\"(max-width: 683px) 100vw, 683px\" \/>\t\t\t\t\t\t\t\t\t\t\t\t\t\t\t<\/div>\n\t\t\t\t<\/div>\n\t\t\t\t\t<\/div>\n\t\t<\/div>\n\t\t\t\t\t<\/div>\n\t\t<\/section>\n\t\t\t\t<div class=\"elementor-element elementor-element-c9c4a9e elementor-invisible elementor-widget elementor-widget-heading\" data-id=\"c9c4a9e\" data-element_type=\"widget\" data-e-type=\"widget\" data-settings=\"{&quot;_animation&quot;:&quot;fadeInUp&quot;}\" data-widget_type=\"heading.default\">\n\t\t\t\t<div class=\"elementor-widget-container\">\n\t\t\t\t\t<h2 class=\"elementor-heading-title elementor-size-default\">Hey \u2014 je m'appelle <i><span style=\"text-transform:none;font-size: 65px;font-weight: 300\">ga\u00e9tane<\/span><\/i><\/h2>\t\t\t\t<\/div>\n\t\t\t\t<\/div>\n\t\t\t\t\t<\/div>\n\t\t<\/div>\n\t\t\t\t\t<\/div>\n\t\t<\/section>\n\t\t\t\t<section class=\"elementor-section elementor-top-section elementor-element elementor-element-bb5f684 elementor-section-boxed elementor-section-height-default elementor-section-height-default\" data-id=\"bb5f684\" data-element_type=\"section\" data-e-type=\"section\" data-settings=\"{&quot;background_background&quot;:&quot;classic&quot;}\">\n\t\t\t\t\t\t<div class=\"elementor-container elementor-column-gap-default\">\n\t\t\t\t\t<div class=\"elementor-column elementor-col-100 elementor-top-column elementor-element elementor-element-afb6243\" data-id=\"afb6243\" data-element_type=\"column\" data-e-type=\"column\">\n\t\t\t<div class=\"elementor-widget-wrap elementor-element-populated\">\n\t\t\t\t\t\t<section class=\"elementor-section elementor-inner-section elementor-element elementor-element-9b5dcd1 elementor-reverse-mobile elementor-section-boxed elementor-section-height-default elementor-section-height-default\" data-id=\"9b5dcd1\" data-element_type=\"section\" data-e-type=\"section\">\n\t\t\t\t\t\t<div class=\"elementor-container elementor-column-gap-default\">\n\t\t\t\t\t<div class=\"elementor-column elementor-col-50 elementor-inner-column elementor-element elementor-element-eb8ebbb\" data-id=\"eb8ebbb\" data-element_type=\"column\" data-e-type=\"column\">\n\t\t\t<div class=\"elementor-widget-wrap elementor-element-populated\">\n\t\t\t\t\t\t<div class=\"elementor-element elementor-element-4e9b31f elementor-invisible elementor-widget elementor-widget-image\" data-id=\"4e9b31f\" data-element_type=\"widget\" data-e-type=\"widget\" data-settings=\"{&quot;_animation&quot;:&quot;fadeInLeft&quot;}\" data-widget_type=\"image.default\">\n\t\t\t\t<div class=\"elementor-widget-container\">\n\t\t\t\t\t\t\t\t\t\t\t\t\t\t\t<img decoding=\"async\" width=\"683\" height=\"1024\" src=\"https:\/\/gaetaneglize.com\/wp-content\/uploads\/2025\/01\/photographe-mariage-elopement-couple-grossesse-famille-landes-pays-basque-2006-683x1024.jpg\" class=\"attachment-large size-large wp-image-17590\" alt=\"\" srcset=\"https:\/\/gaetaneglize.com\/wp-content\/uploads\/2025\/01\/photographe-mariage-elopement-couple-grossesse-famille-landes-pays-basque-2006-683x1024.jpg 683w, https:\/\/gaetaneglize.com\/wp-content\/uploads\/2025\/01\/photographe-mariage-elopement-couple-grossesse-famille-landes-pays-basque-2006-200x300.jpg 200w, https:\/\/gaetaneglize.com\/wp-content\/uploads\/2025\/01\/photographe-mariage-elopement-couple-grossesse-famille-landes-pays-basque-2006-768x1152.jpg 768w, https:\/\/gaetaneglize.com\/wp-content\/uploads\/2025\/01\/photographe-mariage-elopement-couple-grossesse-famille-landes-pays-basque-2006-1024x1536.jpg 1024w, https:\/\/gaetaneglize.com\/wp-content\/uploads\/2025\/01\/photographe-mariage-elopement-couple-grossesse-famille-landes-pays-basque-2006.jpg 1067w\" sizes=\"(max-width: 683px) 100vw, 683px\" \/>\t\t\t\t\t\t\t\t\t\t\t\t\t\t\t<\/div>\n\t\t\t\t<\/div>\n\t\t\t\t\t<\/div>\n\t\t<\/div>\n\t\t\t\t<div class=\"elementor-column elementor-col-50 elementor-inner-column elementor-element elementor-element-9ef50ec\" data-id=\"9ef50ec\" data-element_type=\"column\" data-e-type=\"column\">\n\t\t\t<div class=\"elementor-widget-wrap elementor-element-populated\">\n\t\t\t\t\t\t<section class=\"elementor-section elementor-inner-section elementor-element elementor-element-98cb482 elementor-section-boxed elementor-section-height-default elementor-section-height-default\" data-id=\"98cb482\" data-element_type=\"section\" data-e-type=\"section\">\n\t\t\t\t\t\t<div class=\"elementor-container elementor-column-gap-default\">\n\t\t\t\t\t<div class=\"elementor-column elementor-col-50 elementor-inner-column elementor-element elementor-element-1c8c123\" data-id=\"1c8c123\" data-element_type=\"column\" data-e-type=\"column\">\n\t\t\t<div class=\"elementor-widget-wrap\">\n\t\t\t\t\t\t\t<\/div>\n\t\t<\/div>\n\t\t\t\t<div class=\"elementor-column elementor-col-50 elementor-inner-column elementor-element elementor-element-4759e58\" data-id=\"4759e58\" data-element_type=\"column\" data-e-type=\"column\">\n\t\t\t<div class=\"elementor-widget-wrap elementor-element-populated\">\n\t\t\t\t\t\t<div class=\"elementor-element elementor-element-01d71eb elementor-invisible elementor-widget elementor-widget-text-editor\" data-id=\"01d71eb\" data-element_type=\"widget\" data-e-type=\"widget\" data-settings=\"{&quot;_animation&quot;:&quot;fadeInUp&quot;}\" data-widget_type=\"text-editor.default\">\n\t\t\t\t<div class=\"elementor-widget-container\">\n\t\t\t\t\t\t\t\t\t<h5 style=\"color: black;\">Photographe nomade en camping-car<\/h5><p>J\u2019habite \u00e0 l\u2019ann\u00e9e dans mon camping-car Barnab\u00e9 (le petit scarab\u00e9e), un vieux p\u00e9p\u00e8re de presque 30 ans qui m\u2019emm\u00e8ne \u00e0 votre rencontre o\u00f9 que vous soyez. On vadrouille la plupart du temps dans le sud ouest de la France, les Pyr\u00e9n\u00e9es et le nord de l\u2019Espagne. Je vous rejoins aussi sur le lieu de vos r\u00eaves, o\u00f9 que ce soit, en France, en Europe ou au-del\u00e0.<\/p><p>Le nomadisme est pour moi un vrai choix de vie. Il me permet de vivre une existence plus align\u00e9e avec mes valeurs. En vivant sur la route, j&#8217;apprends \u00e0 \u00eatre autonome et \u00e0 utiliser mes ressources &#8211; telles que l&#8217;eau et l&#8217;\u00e9lectricit\u00e9 &#8211; avec plus de conscience. \u00c7a ram\u00e8ne d&#8217;ailleurs de la valeur aux choses que l&#8217;on prend souvent pour acquises.\u00a0 J\u2019ai appris \u00e0 me contenter de moins de possessions mat\u00e9rielles ainsi que de moins de &#8220;confort&#8221;. On va pas se mentir, la vanlife n&#8217;existe pas&#8230; La vie nomade, c&#8217;est gal\u00e8re, loin d&#8217;\u00eatre glam&#8217; et une sacr\u00e9e charge mentale ! Mais, cette sobri\u00e9t\u00e9 volontaire m\u2019offre en contre partie une immense libert\u00e9 : celle de me concentrer sur l\u2019essentiel et de vivre chaque jour pleinement, avec authenticit\u00e9 et en harmonie avec la nature.<\/p><p data-pm-slice=\"1 1 []\">Chaque kilom\u00e8tre parcouru est une nouvelle page \u00e0 ajouter \u00e0 l\u2019album de ma vie, un voyage guid\u00e9 par l&#8217;immensit\u00e9 des paysages, les \u00e9motions sinc\u00e8res et les rencontres.<\/p>\t\t\t\t\t\t\t\t<\/div>\n\t\t\t\t<\/div>\n\t\t\t\t<div class=\"elementor-element elementor-element-9232dfa elementor-invisible elementor-widget elementor-widget-heading\" data-id=\"9232dfa\" data-element_type=\"widget\" data-e-type=\"widget\" data-settings=\"{&quot;_animation&quot;:&quot;fadeInUp&quot;}\" data-widget_type=\"heading.default\">\n\t\t\t\t<div class=\"elementor-widget-container\">\n\t\t\t\t\t<h4 class=\"elementor-heading-title elementor-size-default\">Serez-vous ma prochaine <i>rencontre<\/i> ?<\/h4>\t\t\t\t<\/div>\n\t\t\t\t<\/div>\n\t\t\t\t<div class=\"elementor-element elementor-element-fa5d22d elementor-align-center elementor-invisible elementor-widget elementor-widget-button\" data-id=\"fa5d22d\" data-element_type=\"widget\" data-e-type=\"widget\" data-settings=\"{&quot;_animation&quot;:&quot;fadeInUp&quot;}\" data-widget_type=\"button.default\">\n\t\t\t\t<div class=\"elementor-widget-container\">\n\t\t\t\t\t\t\t\t\t<div class=\"elementor-button-wrapper\">\n\t\t\t\t\t<a class=\"elementor-button elementor-button-link elementor-size-sm elementor-animation-float\" href=\"\/fr\/contactez-votre-photographe-mariage-couple-grossesse-famille-landes\/\">\n\t\t\t\t\t\t<span class=\"elementor-button-content-wrapper\">\n\t\t\t\t\t\t\t\t\t<span class=\"elementor-button-text\">Oui ! On se donne rdv &gt;<\/span>\n\t\t\t\t\t<\/span>\n\t\t\t\t\t<\/a>\n\t\t\t\t<\/div>\n\t\t\t\t\t\t\t\t<\/div>\n\t\t\t\t<\/div>\n\t\t\t\t\t<\/div>\n\t\t<\/div>\n\t\t\t\t\t<\/div>\n\t\t<\/section>\n\t\t\t\t\t<\/div>\n\t\t<\/div>\n\t\t\t\t\t<\/div>\n\t\t<\/section>\n\t\t\t\t\t<\/div>\n\t\t<\/div>\n\t\t\t\t\t<\/div>\n\t\t<\/section>\n\t\t\t\t<section class=\"elementor-section elementor-top-section elementor-element elementor-element-28e760a elementor-section-boxed elementor-section-height-default elementor-section-height-default\" data-id=\"28e760a\" data-element_type=\"section\" data-e-type=\"section\" data-settings=\"{&quot;background_background&quot;:&quot;classic&quot;}\">\n\t\t\t\t\t\t<div class=\"elementor-container elementor-column-gap-default\">\n\t\t\t\t\t<div class=\"elementor-column elementor-col-100 elementor-top-column elementor-element elementor-element-0a25ae0\" data-id=\"0a25ae0\" data-element_type=\"column\" data-e-type=\"column\">\n\t\t\t<div class=\"elementor-widget-wrap elementor-element-populated\">\n\t\t\t\t\t\t<section class=\"elementor-section elementor-inner-section elementor-element elementor-element-55c992e elementor-section-boxed elementor-section-height-default elementor-section-height-default\" data-id=\"55c992e\" data-element_type=\"section\" data-e-type=\"section\">\n\t\t\t\t\t\t<div class=\"elementor-container elementor-column-gap-default\">\n\t\t\t\t\t<div class=\"elementor-column elementor-col-33 elementor-inner-column elementor-element elementor-element-26072af\" data-id=\"26072af\" data-element_type=\"column\" data-e-type=\"column\">\n\t\t\t<div class=\"elementor-widget-wrap\">\n\t\t\t\t\t\t\t<\/div>\n\t\t<\/div>\n\t\t\t\t<div class=\"elementor-column elementor-col-33 elementor-inner-column elementor-element elementor-element-2ae5acb\" data-id=\"2ae5acb\" data-element_type=\"column\" data-e-type=\"column\">\n\t\t\t<div class=\"elementor-widget-wrap elementor-element-populated\">\n\t\t\t\t\t\t<div class=\"elementor-element elementor-element-da78a29 elementor-invisible elementor-widget elementor-widget-heading\" data-id=\"da78a29\" data-element_type=\"widget\" data-e-type=\"widget\" data-settings=\"{&quot;_animation&quot;:&quot;fadeInUp&quot;}\" data-widget_type=\"heading.default\">\n\t\t\t\t<div class=\"elementor-widget-container\">\n\t\t\t\t\t<h2 class=\"elementor-heading-title elementor-size-default\">Quand je ne suis pas derri\u00e8re mon appareil photo, vous pouvez me trouver :<\/h2>\t\t\t\t<\/div>\n\t\t\t\t<\/div>\n\t\t\t\t\t<\/div>\n\t\t<\/div>\n\t\t\t\t<div class=\"elementor-column elementor-col-33 elementor-inner-column elementor-element elementor-element-477ac36\" data-id=\"477ac36\" data-element_type=\"column\" data-e-type=\"column\">\n\t\t\t<div class=\"elementor-widget-wrap elementor-element-populated\">\n\t\t\t\t\t\t<div class=\"elementor-element elementor-element-b222d59 elementor-hidden-mobile animated-slow elementor-invisible elementor-widget elementor-widget-image\" data-id=\"b222d59\" data-element_type=\"widget\" data-e-type=\"widget\" data-settings=\"{&quot;_animation&quot;:&quot;fadeIn&quot;}\" data-widget_type=\"image.default\">\n\t\t\t\t<div class=\"elementor-widget-container\">\n\t\t\t\t\t\t\t\t\t\t\t\t\t\t\t<img loading=\"lazy\" decoding=\"async\" width=\"300\" height=\"288\" src=\"https:\/\/gaetaneglize.com\/wp-content\/uploads\/2022\/12\/gaetane-glize-photographe-mariage-landes-icone-etoiles-300x288.png\" class=\"attachment-medium size-medium wp-image-12274\" alt=\"\" srcset=\"https:\/\/gaetaneglize.com\/wp-content\/uploads\/2022\/12\/gaetane-glize-photographe-mariage-landes-icone-etoiles-300x288.png 300w, https:\/\/gaetaneglize.com\/wp-content\/uploads\/2022\/12\/gaetane-glize-photographe-mariage-landes-icone-etoiles-1024x983.png 1024w, https:\/\/gaetaneglize.com\/wp-content\/uploads\/2022\/12\/gaetane-glize-photographe-mariage-landes-icone-etoiles-768x737.png 768w, https:\/\/gaetaneglize.com\/wp-content\/uploads\/2022\/12\/gaetane-glize-photographe-mariage-landes-icone-etoiles-1536x1475.png 1536w, https:\/\/gaetaneglize.com\/wp-content\/uploads\/2022\/12\/gaetane-glize-photographe-mariage-landes-icone-etoiles-2048x1966.png 2048w\" sizes=\"(max-width: 300px) 100vw, 300px\" \/>\t\t\t\t\t\t\t\t\t\t\t\t\t\t\t<\/div>\n\t\t\t\t<\/div>\n\t\t\t\t\t<\/div>\n\t\t<\/div>\n\t\t\t\t\t<\/div>\n\t\t<\/section>\n\t\t\t\t<section class=\"elementor-section elementor-inner-section elementor-element elementor-element-7a0120a elementor-section-full_width elementor-section-height-default elementor-section-height-default\" data-id=\"7a0120a\" data-element_type=\"section\" data-e-type=\"section\">\n\t\t\t\t\t\t<div class=\"elementor-container elementor-column-gap-extended\">\n\t\t\t\t\t<div class=\"elementor-column elementor-col-25 elementor-inner-column elementor-element elementor-element-b1d146b\" data-id=\"b1d146b\" data-element_type=\"column\" data-e-type=\"column\" data-settings=\"{&quot;animation&quot;:&quot;none&quot;}\">\n\t\t\t<div class=\"elementor-widget-wrap elementor-element-populated\">\n\t\t\t\t\t\t<div class=\"elementor-element elementor-element-dcbf490 elementor-invisible elementor-widget elementor-widget-image\" data-id=\"dcbf490\" data-element_type=\"widget\" data-e-type=\"widget\" data-settings=\"{&quot;_animation&quot;:&quot;fadeInUp&quot;}\" data-widget_type=\"image.default\">\n\t\t\t\t<div class=\"elementor-widget-container\">\n\t\t\t\t\t\t\t\t\t\t\t\t\t\t\t<img loading=\"lazy\" decoding=\"async\" width=\"1024\" height=\"683\" src=\"https:\/\/gaetaneglize.com\/wp-content\/uploads\/2025\/01\/photographe-mariage-elopement-couple-grossesse-famille-landes-pays-basque-2007-1024x683.jpg\" class=\"attachment-large size-large wp-image-17612\" alt=\"\" srcset=\"https:\/\/gaetaneglize.com\/wp-content\/uploads\/2025\/01\/photographe-mariage-elopement-couple-grossesse-famille-landes-pays-basque-2007-1024x683.jpg 1024w, https:\/\/gaetaneglize.com\/wp-content\/uploads\/2025\/01\/photographe-mariage-elopement-couple-grossesse-famille-landes-pays-basque-2007-300x200.jpg 300w, https:\/\/gaetaneglize.com\/wp-content\/uploads\/2025\/01\/photographe-mariage-elopement-couple-grossesse-famille-landes-pays-basque-2007-768x512.jpg 768w, https:\/\/gaetaneglize.com\/wp-content\/uploads\/2025\/01\/photographe-mariage-elopement-couple-grossesse-famille-landes-pays-basque-2007.jpg 1500w\" sizes=\"(max-width: 1024px) 100vw, 1024px\" \/>\t\t\t\t\t\t\t\t\t\t\t\t\t\t\t<\/div>\n\t\t\t\t<\/div>\n\t\t\t\t<div class=\"elementor-element elementor-element-7a925ce elementor-invisible elementor-widget elementor-widget-text-editor\" data-id=\"7a925ce\" data-element_type=\"widget\" data-e-type=\"widget\" data-settings=\"{&quot;_animation&quot;:&quot;fadeInUp&quot;,&quot;_animation_delay&quot;:100}\" data-widget_type=\"text-editor.default\">\n\t\t\t\t<div class=\"elementor-widget-container\">\n\t\t\t\t\t\t\t\t\t<h5 style=\"color: black;\">Avec mon loulou<\/h5><p data-pm-slice=\"1 1 []\">Je partage ma vie avec mon petit loup Tiago, un husky sib\u00e9rien au caract\u00e8re bien tremp\u00e9. Ce petit \u00eatre a chang\u00e9 ma vie et la remplit d&#8217;amour et de rires. Il me challenge, m&#8217;inspire et me fait grandir. C&#8217;est un esprit libre, un explorateur dans l&#8217;\u00e2me et dans les g\u00eanes, connect\u00e9 \u00e0 ses instincts. Il guide chacun de mes pas, m&#8217;apprend \u00e0 vivre l&#8217;instant pr\u00e9sent et \u00e0 r\u00e9-ensauvager mon quotidien.\u00a0<\/p>\t\t\t\t\t\t\t\t<\/div>\n\t\t\t\t<\/div>\n\t\t\t\t\t<\/div>\n\t\t<\/div>\n\t\t\t\t<div class=\"elementor-column elementor-col-25 elementor-inner-column elementor-element elementor-element-aeb3e0e\" data-id=\"aeb3e0e\" data-element_type=\"column\" data-e-type=\"column\">\n\t\t\t<div class=\"elementor-widget-wrap elementor-element-populated\">\n\t\t\t\t\t\t<div class=\"elementor-element elementor-element-d2305a5 elementor-invisible elementor-widget elementor-widget-image\" data-id=\"d2305a5\" data-element_type=\"widget\" data-e-type=\"widget\" data-settings=\"{&quot;_animation&quot;:&quot;fadeInUp&quot;,&quot;_animation_delay&quot;:100}\" data-widget_type=\"image.default\">\n\t\t\t\t<div class=\"elementor-widget-container\">\n\t\t\t\t\t\t\t\t\t\t\t\t\t\t\t<img loading=\"lazy\" decoding=\"async\" width=\"1024\" height=\"683\" src=\"https:\/\/gaetaneglize.com\/wp-content\/uploads\/2025\/01\/photographe-mariage-elopement-couple-grossesse-famille-landes-pays-basque-2010-1024x683.jpg\" class=\"attachment-large size-large wp-image-17618\" alt=\"\" srcset=\"https:\/\/gaetaneglize.com\/wp-content\/uploads\/2025\/01\/photographe-mariage-elopement-couple-grossesse-famille-landes-pays-basque-2010-1024x683.jpg 1024w, https:\/\/gaetaneglize.com\/wp-content\/uploads\/2025\/01\/photographe-mariage-elopement-couple-grossesse-famille-landes-pays-basque-2010-300x200.jpg 300w, https:\/\/gaetaneglize.com\/wp-content\/uploads\/2025\/01\/photographe-mariage-elopement-couple-grossesse-famille-landes-pays-basque-2010-768x512.jpg 768w, https:\/\/gaetaneglize.com\/wp-content\/uploads\/2025\/01\/photographe-mariage-elopement-couple-grossesse-famille-landes-pays-basque-2010-1536x1024.jpg 1536w, https:\/\/gaetaneglize.com\/wp-content\/uploads\/2025\/01\/photographe-mariage-elopement-couple-grossesse-famille-landes-pays-basque-2010.jpg 1600w\" sizes=\"(max-width: 1024px) 100vw, 1024px\" \/>\t\t\t\t\t\t\t\t\t\t\t\t\t\t\t<\/div>\n\t\t\t\t<\/div>\n\t\t\t\t<div class=\"elementor-element elementor-element-75efc2d elementor-invisible elementor-widget elementor-widget-text-editor\" data-id=\"75efc2d\" data-element_type=\"widget\" data-e-type=\"widget\" data-settings=\"{&quot;_animation&quot;:&quot;fadeInUp&quot;,&quot;_animation_delay&quot;:200}\" data-widget_type=\"text-editor.default\">\n\t\t\t\t<div class=\"elementor-widget-container\">\n\t\t\t\t\t\t\t\t\t<h5 style=\"color: black;\">Pieds nus en for\u00eat<\/h5><p data-pm-slice=\"1 1 []\">D\u00e8s que la saison le permet, c&#8217;est pieds nus que j&#8217;aime me promener. J&#8217;adore le contact du sol, que ce soit l&#8217;herbe, le sable, la terre, ou m\u00eame la boue&#8230; Je vous avoue que je reviens souvent les pieds tout noirs de mes balades haha&#8230; D&#8217;ailleurs, ne vous \u00e9tonnez pas si j&#8217;arrive pieds nus \u00e0 votre s\u00e9ance photo ! Mais promis, pour votre mariage j&#8217;enfile ma plus belle paire de baskets !<\/p>\t\t\t\t\t\t\t\t<\/div>\n\t\t\t\t<\/div>\n\t\t\t\t\t<\/div>\n\t\t<\/div>\n\t\t\t\t<div class=\"elementor-column elementor-col-25 elementor-inner-column elementor-element elementor-element-f9f2430\" data-id=\"f9f2430\" data-element_type=\"column\" data-e-type=\"column\">\n\t\t\t<div class=\"elementor-widget-wrap elementor-element-populated\">\n\t\t\t\t\t\t<div class=\"elementor-element elementor-element-2ccfca1 elementor-invisible elementor-widget elementor-widget-image\" data-id=\"2ccfca1\" data-element_type=\"widget\" data-e-type=\"widget\" data-settings=\"{&quot;_animation&quot;:&quot;fadeInUp&quot;,&quot;_animation_delay&quot;:300}\" data-widget_type=\"image.default\">\n\t\t\t\t<div class=\"elementor-widget-container\">\n\t\t\t\t\t\t\t\t\t\t\t\t\t\t\t<img loading=\"lazy\" decoding=\"async\" width=\"1024\" height=\"683\" src=\"https:\/\/gaetaneglize.com\/wp-content\/uploads\/2025\/01\/photographe-mariage-elopement-couple-grossesse-famille-landes-pays-basque-2008-1-1024x683.jpg\" class=\"attachment-large size-large wp-image-17614\" alt=\"\" srcset=\"https:\/\/gaetaneglize.com\/wp-content\/uploads\/2025\/01\/photographe-mariage-elopement-couple-grossesse-famille-landes-pays-basque-2008-1-1024x683.jpg 1024w, https:\/\/gaetaneglize.com\/wp-content\/uploads\/2025\/01\/photographe-mariage-elopement-couple-grossesse-famille-landes-pays-basque-2008-1-300x200.jpg 300w, https:\/\/gaetaneglize.com\/wp-content\/uploads\/2025\/01\/photographe-mariage-elopement-couple-grossesse-famille-landes-pays-basque-2008-1-768x512.jpg 768w, https:\/\/gaetaneglize.com\/wp-content\/uploads\/2025\/01\/photographe-mariage-elopement-couple-grossesse-famille-landes-pays-basque-2008-1.jpg 1500w\" sizes=\"(max-width: 1024px) 100vw, 1024px\" \/>\t\t\t\t\t\t\t\t\t\t\t\t\t\t\t<\/div>\n\t\t\t\t<\/div>\n\t\t\t\t<div class=\"elementor-element elementor-element-1be80f9 elementor-invisible elementor-widget elementor-widget-text-editor\" data-id=\"1be80f9\" data-element_type=\"widget\" data-e-type=\"widget\" data-settings=\"{&quot;_animation&quot;:&quot;fadeInUp&quot;,&quot;_animation_delay&quot;:400}\" data-widget_type=\"text-editor.default\">\n\t\t\t\t<div class=\"elementor-widget-container\">\n\t\t\t\t\t\t\t\t\t<h5 style=\"color: black;\">En randonn\u00e9e<\/h5><p data-pm-slice=\"1 1 []\">L&#8217;exploration est inscrite en moi : j&#8217;aime sortir des sentiers battus, bivouaquer en montagne sous la voie lact\u00e9e, d\u00e9nicher des points de vue spectaculaires ou m&#8217;aventurer dans des lieux sauvages. Chaque escapade nourrit mon \u00e2me et ma cr\u00e9ativit\u00e9. Cette soif d\u2019aventure m\u2019am\u00e8ne \u00e0 voir la beaut\u00e9 et la po\u00e9sie partout autour de nous et de vous proposer des lieux \u00e9piques pour vos s\u00e9ances photo !<\/p>\t\t\t\t\t\t\t\t<\/div>\n\t\t\t\t<\/div>\n\t\t\t\t\t<\/div>\n\t\t<\/div>\n\t\t\t\t<div class=\"elementor-column elementor-col-25 elementor-inner-column elementor-element elementor-element-cfbb679\" data-id=\"cfbb679\" data-element_type=\"column\" data-e-type=\"column\">\n\t\t\t<div class=\"elementor-widget-wrap elementor-element-populated\">\n\t\t\t\t\t\t<div class=\"elementor-element elementor-element-aa577ba elementor-invisible elementor-widget elementor-widget-image\" data-id=\"aa577ba\" data-element_type=\"widget\" data-e-type=\"widget\" data-settings=\"{&quot;_animation&quot;:&quot;fadeInUp&quot;,&quot;_animation_delay&quot;:500}\" data-widget_type=\"image.default\">\n\t\t\t\t<div class=\"elementor-widget-container\">\n\t\t\t\t\t\t\t\t\t\t\t\t\t\t\t<img loading=\"lazy\" decoding=\"async\" width=\"1024\" height=\"683\" src=\"https:\/\/gaetaneglize.com\/wp-content\/uploads\/2025\/01\/photographe-mariage-elopement-couple-grossesse-famille-landes-pays-basque-2011-1024x683.jpg\" class=\"attachment-large size-large wp-image-17620\" alt=\"\" srcset=\"https:\/\/gaetaneglize.com\/wp-content\/uploads\/2025\/01\/photographe-mariage-elopement-couple-grossesse-famille-landes-pays-basque-2011-1024x683.jpg 1024w, https:\/\/gaetaneglize.com\/wp-content\/uploads\/2025\/01\/photographe-mariage-elopement-couple-grossesse-famille-landes-pays-basque-2011-300x200.jpg 300w, https:\/\/gaetaneglize.com\/wp-content\/uploads\/2025\/01\/photographe-mariage-elopement-couple-grossesse-famille-landes-pays-basque-2011-768x512.jpg 768w, https:\/\/gaetaneglize.com\/wp-content\/uploads\/2025\/01\/photographe-mariage-elopement-couple-grossesse-famille-landes-pays-basque-2011.jpg 1500w\" sizes=\"(max-width: 1024px) 100vw, 1024px\" \/>\t\t\t\t\t\t\t\t\t\t\t\t\t\t\t<\/div>\n\t\t\t\t<\/div>\n\t\t\t\t<div class=\"elementor-element elementor-element-0a72cb7 elementor-invisible elementor-widget elementor-widget-text-editor\" data-id=\"0a72cb7\" data-element_type=\"widget\" data-e-type=\"widget\" data-settings=\"{&quot;_animation&quot;:&quot;fadeInUp&quot;,&quot;_animation_delay&quot;:600}\" data-widget_type=\"text-editor.default\">\n\t\t\t\t<div class=\"elementor-widget-container\">\n\t\t\t\t\t\t\t\t\t<h5 style=\"color: black;\">Dans mon cocon<\/h5><p data-pm-slice=\"1 1 []\">En tant qu&#8217;introvertie, j&#8217;ai besoin de ce temps rien qu&#8217;\u00e0 moi pour me recharger dans mon petit cocon, mon havre de paix. C&#8217;est un temps o\u00f9 je peux voyager dans mon monde int\u00e9rieur, r\u00eavasser \u00e0 ma fen\u00eatre, me faire un marathon de ma s\u00e9rie Netflix du moment ou m&#8217;occuper de mes plantes. Mais jamais sans ma tasse de chocolat chaud \u00e0 la main ! C&#8217;est ma petite tradition cocooning.<\/p>\t\t\t\t\t\t\t\t<\/div>\n\t\t\t\t<\/div>\n\t\t\t\t\t<\/div>\n\t\t<\/div>\n\t\t\t\t\t<\/div>\n\t\t<\/section>\n\t\t\t\t\t<\/div>\n\t\t<\/div>\n\t\t\t\t\t<\/div>\n\t\t<\/section>\n\t\t\t\t<section class=\"elementor-section elementor-top-section elementor-element elementor-element-8ee5cc3 elementor-section-full_width elementor-section-height-default elementor-section-height-default\" data-id=\"8ee5cc3\" data-element_type=\"section\" data-e-type=\"section\" data-settings=\"{&quot;background_background&quot;:&quot;classic&quot;}\">\n\t\t\t\t\t\t\t<div class=\"elementor-background-overlay\"><\/div>\n\t\t\t\t\t\t\t<div class=\"elementor-container elementor-column-gap-default\">\n\t\t\t\t\t<div class=\"elementor-column elementor-col-100 elementor-top-column elementor-element elementor-element-28e4844\" data-id=\"28e4844\" data-element_type=\"column\" data-e-type=\"column\">\n\t\t\t<div class=\"elementor-widget-wrap elementor-element-populated\">\n\t\t\t\t\t\t<div class=\"elementor-element elementor-element-d91e409 elementor-invisible elementor-widget elementor-widget-heading\" data-id=\"d91e409\" data-element_type=\"widget\" data-e-type=\"widget\" data-settings=\"{&quot;_animation&quot;:&quot;fadeInUp&quot;}\" data-widget_type=\"heading.default\">\n\t\t\t\t<div class=\"elementor-widget-container\">\n\t\t\t\t\t<h2 class=\"elementor-heading-title elementor-size-default\">Quelques faits sur votre photographe<\/h2>\t\t\t\t<\/div>\n\t\t\t\t<\/div>\n\t\t\t\t<div class=\"elementor-element elementor-element-e525cbc elementor-invisible elementor-widget elementor-widget-heading\" data-id=\"e525cbc\" data-element_type=\"widget\" data-e-type=\"widget\" data-settings=\"{&quot;_animation&quot;:&quot;fadeInUp&quot;}\" data-widget_type=\"heading.default\">\n\t\t\t\t<div class=\"elementor-widget-container\">\n\t\t\t\t\t<h4 class=\"elementor-heading-title elementor-size-default\">Et vous, quels sont <i>vos <\/i> particularit\u00e9s ?<\/h4>\t\t\t\t<\/div>\n\t\t\t\t<\/div>\n\t\t\t\t<div class=\"elementor-element elementor-element-026e4e3 elementor-align-center elementor-invisible elementor-widget elementor-widget-button\" data-id=\"026e4e3\" data-element_type=\"widget\" data-e-type=\"widget\" data-settings=\"{&quot;_animation&quot;:&quot;fadeInUp&quot;}\" data-widget_type=\"button.default\">\n\t\t\t\t<div class=\"elementor-widget-container\">\n\t\t\t\t\t\t\t\t\t<div class=\"elementor-button-wrapper\">\n\t\t\t\t\t<a class=\"elementor-button elementor-button-link elementor-size-sm elementor-animation-float\" href=\"\/fr\/contactez-votre-photographe-mariage-couple-grossesse-famille-landes\/\">\n\t\t\t\t\t\t<span class=\"elementor-button-content-wrapper\">\n\t\t\t\t\t\t\t\t\t<span class=\"elementor-button-text\">On te raconte &gt;<\/span>\n\t\t\t\t\t<\/span>\n\t\t\t\t\t<\/a>\n\t\t\t\t<\/div>\n\t\t\t\t\t\t\t\t<\/div>\n\t\t\t\t<\/div>\n\t\t\t\t\t<\/div>\n\t\t<\/div>\n\t\t\t\t\t<\/div>\n\t\t<\/section>\n\t\t\t\t<section class=\"elementor-section elementor-top-section elementor-element elementor-element-1071d7c elementor-section-boxed elementor-section-height-default elementor-section-height-default\" data-id=\"1071d7c\" data-element_type=\"section\" data-e-type=\"section\" data-settings=\"{&quot;background_background&quot;:&quot;classic&quot;}\">\n\t\t\t\t\t\t<div class=\"elementor-container elementor-column-gap-default\">\n\t\t\t\t\t<div class=\"elementor-column elementor-col-100 elementor-top-column elementor-element elementor-element-b606f98\" data-id=\"b606f98\" data-element_type=\"column\" data-e-type=\"column\">\n\t\t\t<div class=\"elementor-widget-wrap elementor-element-populated\">\n\t\t\t\t\t\t<div class=\"elementor-element elementor-element-314a295 elementor-invisible elementor-widget elementor-widget-heading\" data-id=\"314a295\" data-element_type=\"widget\" data-e-type=\"widget\" data-settings=\"{&quot;_animation&quot;:&quot;fadeInUp&quot;}\" data-widget_type=\"heading.default\">\n\t\t\t\t<div class=\"elementor-widget-container\">\n\t\t\t\t\t<h2 class=\"elementor-heading-title elementor-size-default\">Ces valeurs qui me tiennent \u00e0 <i><span style=\"text-transform:none;font-size: 65px;font-weight: 300\">c\u0153ur<\/span><\/i><\/h2>\t\t\t\t<\/div>\n\t\t\t\t<\/div>\n\t\t\t\t\t<\/div>\n\t\t<\/div>\n\t\t\t\t\t<\/div>\n\t\t<\/section>\n\t\t\t\t<section class=\"elementor-section elementor-top-section elementor-element elementor-element-cc00d12 elementor-section-height-min-height elementor-section-content-top elementor-section-items-top elementor-section-boxed elementor-section-height-default\" data-id=\"cc00d12\" data-element_type=\"section\" data-e-type=\"section\" data-settings=\"{&quot;background_background&quot;:&quot;classic&quot;}\">\n\t\t\t\t\t\t<div class=\"elementor-container elementor-column-gap-extended\">\n\t\t\t\t\t<div class=\"elementor-column elementor-col-33 elementor-top-column elementor-element elementor-element-2d205cf\" data-id=\"2d205cf\" data-element_type=\"column\" data-e-type=\"column\">\n\t\t\t<div class=\"elementor-widget-wrap elementor-element-populated\">\n\t\t\t\t\t\t<div class=\"elementor-element elementor-element-c8e1b65 elementor-invisible elementor-widget elementor-widget-image\" data-id=\"c8e1b65\" data-element_type=\"widget\" data-e-type=\"widget\" data-settings=\"{&quot;_animation&quot;:&quot;fadeInUp&quot;}\" data-widget_type=\"image.default\">\n\t\t\t\t<div class=\"elementor-widget-container\">\n\t\t\t\t\t\t\t\t\t\t\t\t\t\t\t<img loading=\"lazy\" decoding=\"async\" width=\"768\" height=\"1326\" src=\"https:\/\/gaetaneglize.com\/wp-content\/uploads\/2023\/01\/Wildflower-Hand-768x1326.png\" class=\"attachment-medium_large size-medium_large wp-image-12655\" alt=\"Illustration d\u00e9corative du site de la photographe de mariage Ga\u00e9tane Glize repr\u00e9sentant une main tenant un bouquet de fleurs sauvages\" srcset=\"https:\/\/gaetaneglize.com\/wp-content\/uploads\/2023\/01\/Wildflower-Hand-768x1326.png 768w, https:\/\/gaetaneglize.com\/wp-content\/uploads\/2023\/01\/Wildflower-Hand-174x300.png 174w, https:\/\/gaetaneglize.com\/wp-content\/uploads\/2023\/01\/Wildflower-Hand-593x1024.png 593w, https:\/\/gaetaneglize.com\/wp-content\/uploads\/2023\/01\/Wildflower-Hand-890x1536.png 890w, https:\/\/gaetaneglize.com\/wp-content\/uploads\/2023\/01\/Wildflower-Hand-1186x2048.png 1186w, https:\/\/gaetaneglize.com\/wp-content\/uploads\/2023\/01\/Wildflower-Hand.png 1586w\" sizes=\"(max-width: 768px) 100vw, 768px\" \/>\t\t\t\t\t\t\t\t\t\t\t\t\t\t\t<\/div>\n\t\t\t\t<\/div>\n\t\t\t\t<div class=\"elementor-element elementor-element-cfb5625 elementor-invisible elementor-widget elementor-widget-heading\" data-id=\"cfb5625\" data-element_type=\"widget\" data-e-type=\"widget\" data-settings=\"{&quot;_animation&quot;:&quot;fadeInUp&quot;,&quot;_animation_delay&quot;:100}\" data-widget_type=\"heading.default\">\n\t\t\t\t<div class=\"elementor-widget-container\">\n\t\t\t\t\t<h6 class=\"elementor-heading-title elementor-size-default\">Inclusivit\u00e9<\/h6>\t\t\t\t<\/div>\n\t\t\t\t<\/div>\n\t\t\t\t<div class=\"elementor-element elementor-element-acf1ed5 elementor-invisible elementor-widget elementor-widget-text-editor\" data-id=\"acf1ed5\" data-element_type=\"widget\" data-e-type=\"widget\" data-settings=\"{&quot;_animation&quot;:&quot;fadeInUp&quot;,&quot;_animation_delay&quot;:150}\" data-widget_type=\"text-editor.default\">\n\t\t\t\t<div class=\"elementor-widget-container\">\n\t\t\t\t\t\t\t\t\t<p class=\"_04xlpA direction-ltr align-justify para-style-body\">Toutes les personnes sont les bienvenues. De tous les horizons, \u00e2ges, cultures, ethnicit\u00e9s, religions (ou absense de celle-ci), orientations sexuelles, identit\u00e9 de genre&#8230; Mon but de photographe est de cr\u00e9er un espace prot\u00e9g\u00e9, une petite bulle dans laquelle tous mes clients se sentent \u00e0 l&#8217;aise d&#8217;\u00eatre compl\u00e8tement elleux-m\u00eames. Love is love. Tel qu&#8217;il est est. Brut, sauvage, sans artifice, unique et singulier.<\/p>\t\t\t\t\t\t\t\t<\/div>\n\t\t\t\t<\/div>\n\t\t\t\t\t<\/div>\n\t\t<\/div>\n\t\t\t\t<div class=\"elementor-column elementor-col-33 elementor-top-column elementor-element elementor-element-d87e617\" data-id=\"d87e617\" data-element_type=\"column\" data-e-type=\"column\">\n\t\t\t<div class=\"elementor-widget-wrap elementor-element-populated\">\n\t\t\t\t\t\t<div class=\"elementor-element elementor-element-ce734b7 elementor-invisible elementor-widget elementor-widget-image\" data-id=\"ce734b7\" data-element_type=\"widget\" data-e-type=\"widget\" data-settings=\"{&quot;_animation&quot;:&quot;fadeInUp&quot;,&quot;_animation_delay&quot;:200}\" data-widget_type=\"image.default\">\n\t\t\t\t<div class=\"elementor-widget-container\">\n\t\t\t\t\t\t\t\t\t\t\t\t\t\t\t<img loading=\"lazy\" decoding=\"async\" width=\"768\" height=\"1274\" src=\"https:\/\/gaetaneglize.com\/wp-content\/uploads\/2023\/01\/Wildflower-Camera-768x1274.png\" class=\"attachment-medium_large size-medium_large wp-image-12650\" alt=\"Illustration d\u00e9corative du site de la photographe de mariage Ga\u00e9tane Glize repr\u00e9sentant un appareil photo ornement\u00e9 de fleurs sauvages\" srcset=\"https:\/\/gaetaneglize.com\/wp-content\/uploads\/2023\/01\/Wildflower-Camera-768x1274.png 768w, https:\/\/gaetaneglize.com\/wp-content\/uploads\/2023\/01\/Wildflower-Camera-181x300.png 181w, https:\/\/gaetaneglize.com\/wp-content\/uploads\/2023\/01\/Wildflower-Camera-617x1024.png 617w, https:\/\/gaetaneglize.com\/wp-content\/uploads\/2023\/01\/Wildflower-Camera-926x1536.png 926w, https:\/\/gaetaneglize.com\/wp-content\/uploads\/2023\/01\/Wildflower-Camera-1235x2048.png 1235w, https:\/\/gaetaneglize.com\/wp-content\/uploads\/2023\/01\/Wildflower-Camera.png 1534w\" sizes=\"(max-width: 768px) 100vw, 768px\" \/>\t\t\t\t\t\t\t\t\t\t\t\t\t\t\t<\/div>\n\t\t\t\t<\/div>\n\t\t\t\t<div class=\"elementor-element elementor-element-86c8e72 elementor-invisible elementor-widget elementor-widget-heading\" data-id=\"86c8e72\" data-element_type=\"widget\" data-e-type=\"widget\" data-settings=\"{&quot;_animation&quot;:&quot;fadeInUp&quot;,&quot;_animation_delay&quot;:250}\" data-widget_type=\"heading.default\">\n\t\t\t\t<div class=\"elementor-widget-container\">\n\t\t\t\t\t<h6 class=\"elementor-heading-title elementor-size-default\">Authenticit\u00e9<\/h6>\t\t\t\t<\/div>\n\t\t\t\t<\/div>\n\t\t\t\t<div class=\"elementor-element elementor-element-b72ee5f elementor-invisible elementor-widget elementor-widget-text-editor\" data-id=\"b72ee5f\" data-element_type=\"widget\" data-e-type=\"widget\" data-settings=\"{&quot;_animation&quot;:&quot;fadeInUp&quot;,&quot;_animation_delay&quot;:300}\" data-widget_type=\"text-editor.default\">\n\t\t\t\t<div class=\"elementor-widget-container\">\n\t\t\t\t\t\t\t\t\t<p class=\"_04xlpA direction-ltr align-justify para-style-body\">Je suis une hypersensible, je ressens chaque \u00e9motion intens\u00e9ment et je me donne corps et \u00e2me pour mes clients. Je mets tout mon c\u0153ur dans chaque \u00e9change que nous avons, chaque moment que nous partageons et chaque photo que je cr\u00e9e avec et pour vous. J&#8217;accorde beaucoup d&#8217;importance \u00e0 l&#8217;unicit\u00e9 de votre histoire et souhaite la retranscrire de la mani\u00e8re la plus honn\u00eate et fid\u00e8le possible.<\/p>\t\t\t\t\t\t\t\t<\/div>\n\t\t\t\t<\/div>\n\t\t\t\t\t<\/div>\n\t\t<\/div>\n\t\t\t\t<div class=\"elementor-column elementor-col-33 elementor-top-column elementor-element elementor-element-82c82d6\" data-id=\"82c82d6\" data-element_type=\"column\" data-e-type=\"column\">\n\t\t\t<div class=\"elementor-widget-wrap elementor-element-populated\">\n\t\t\t\t\t\t<div class=\"elementor-element elementor-element-cbec1ff elementor-invisible elementor-widget elementor-widget-image\" data-id=\"cbec1ff\" data-element_type=\"widget\" data-e-type=\"widget\" data-settings=\"{&quot;_animation&quot;:&quot;fadeInUp&quot;,&quot;_animation_delay&quot;:350}\" data-widget_type=\"image.default\">\n\t\t\t\t<div class=\"elementor-widget-container\">\n\t\t\t\t\t\t\t\t\t\t\t\t\t\t\t<img loading=\"lazy\" decoding=\"async\" width=\"768\" height=\"1090\" src=\"https:\/\/gaetaneglize.com\/wp-content\/uploads\/2023\/01\/Wildflower-Boot-768x1090.png\" class=\"attachment-medium_large size-medium_large wp-image-12653\" alt=\"Illustration d\u00e9corative du site de la photographe de mariage Ga\u00e9tane Glize repr\u00e9sentant une chaussure de randonn\u00e9e ornement\u00e9e de fleurs sauvages\" srcset=\"https:\/\/gaetaneglize.com\/wp-content\/uploads\/2023\/01\/Wildflower-Boot-768x1090.png 768w, https:\/\/gaetaneglize.com\/wp-content\/uploads\/2023\/01\/Wildflower-Boot-211x300.png 211w, https:\/\/gaetaneglize.com\/wp-content\/uploads\/2023\/01\/Wildflower-Boot-722x1024.png 722w, https:\/\/gaetaneglize.com\/wp-content\/uploads\/2023\/01\/Wildflower-Boot-1082x1536.png 1082w, https:\/\/gaetaneglize.com\/wp-content\/uploads\/2023\/01\/Wildflower-Boot-1443x2048.png 1443w\" sizes=\"(max-width: 768px) 100vw, 768px\" \/>\t\t\t\t\t\t\t\t\t\t\t\t\t\t\t<\/div>\n\t\t\t\t<\/div>\n\t\t\t\t<div class=\"elementor-element elementor-element-94c5a1b elementor-invisible elementor-widget elementor-widget-heading\" data-id=\"94c5a1b\" data-element_type=\"widget\" data-e-type=\"widget\" data-settings=\"{&quot;_animation&quot;:&quot;fadeInUp&quot;,&quot;_animation_delay&quot;:400}\" data-widget_type=\"heading.default\">\n\t\t\t\t<div class=\"elementor-widget-container\">\n\t\t\t\t\t<h6 class=\"elementor-heading-title elementor-size-default\">Connexion<\/h6>\t\t\t\t<\/div>\n\t\t\t\t<\/div>\n\t\t\t\t<div class=\"elementor-element elementor-element-618fa27 elementor-invisible elementor-widget elementor-widget-text-editor\" data-id=\"618fa27\" data-element_type=\"widget\" data-e-type=\"widget\" data-settings=\"{&quot;_animation&quot;:&quot;fadeInUp&quot;,&quot;_animation_delay&quot;:450}\" data-widget_type=\"text-editor.default\">\n\t\t\t\t<div class=\"elementor-widget-container\">\n\t\t\t\t\t\t\t\t\t<p data-pm-slice=\"1 1 []\">Je souhaite capturer vos personnalit\u00e9s,\u00a0 vos \u00e9motions, votre unicit\u00e9. Alors, pour capturer l&#8217;essence m\u00eame de qui vous \u00eates, il est essentiel que nous ayons un bon feeling ensemble et que le courant passe. Vous vous sentirez alors \u00e0 l&#8217;aise avec moi, vous serez en confiance et vous sentirez confortables d&#8217;\u00eatre vraiment vous-m\u00eames. Et c&#8217;est \u00e7a que vous verrez sur vos photos : votre vrai vous.<\/p>\t\t\t\t\t\t\t\t<\/div>\n\t\t\t\t<\/div>\n\t\t\t\t\t<\/div>\n\t\t<\/div>\n\t\t\t\t\t<\/div>\n\t\t<\/section>\n\t\t\t\t<section class=\"elementor-section elementor-top-section elementor-element elementor-element-24f13b0 elementor-section-boxed elementor-section-height-default elementor-section-height-default\" data-id=\"24f13b0\" data-element_type=\"section\" data-e-type=\"section\" data-settings=\"{&quot;background_background&quot;:&quot;classic&quot;}\">\n\t\t\t\t\t\t<div class=\"elementor-container elementor-column-gap-default\">\n\t\t\t\t\t<div class=\"elementor-column elementor-col-100 elementor-top-column elementor-element elementor-element-0067530\" data-id=\"0067530\" data-element_type=\"column\" data-e-type=\"column\">\n\t\t\t<div class=\"elementor-widget-wrap elementor-element-populated\">\n\t\t\t\t\t\t<section class=\"elementor-section elementor-inner-section elementor-element elementor-element-e301eb8 elementor-section-boxed elementor-section-height-default elementor-section-height-default\" data-id=\"e301eb8\" data-element_type=\"section\" data-e-type=\"section\">\n\t\t\t\t\t\t<div class=\"elementor-container elementor-column-gap-default\">\n\t\t\t\t\t<div class=\"elementor-column elementor-col-50 elementor-inner-column elementor-element elementor-element-a012688\" data-id=\"a012688\" data-element_type=\"column\" data-e-type=\"column\">\n\t\t\t<div class=\"elementor-widget-wrap elementor-element-populated\">\n\t\t\t\t\t\t<div class=\"elementor-element elementor-element-bae8b5f elementor-invisible elementor-widget elementor-widget-image\" data-id=\"bae8b5f\" data-element_type=\"widget\" data-e-type=\"widget\" data-settings=\"{&quot;_animation&quot;:&quot;fadeInLeft&quot;}\" data-widget_type=\"image.default\">\n\t\t\t\t<div class=\"elementor-widget-container\">\n\t\t\t\t\t\t\t\t\t\t\t\t\t\t\t<img loading=\"lazy\" decoding=\"async\" width=\"683\" height=\"1024\" src=\"https:\/\/gaetaneglize.com\/wp-content\/uploads\/2024\/12\/seance-famille-foret-plage-landes-mimizan-1096-683x1024.jpg\" class=\"attachment-large size-large wp-image-15055\" alt=\"\" srcset=\"https:\/\/gaetaneglize.com\/wp-content\/uploads\/2024\/12\/seance-famille-foret-plage-landes-mimizan-1096-683x1024.jpg 683w, https:\/\/gaetaneglize.com\/wp-content\/uploads\/2024\/12\/seance-famille-foret-plage-landes-mimizan-1096-200x300.jpg 200w, https:\/\/gaetaneglize.com\/wp-content\/uploads\/2024\/12\/seance-famille-foret-plage-landes-mimizan-1096-768x1152.jpg 768w, https:\/\/gaetaneglize.com\/wp-content\/uploads\/2024\/12\/seance-famille-foret-plage-landes-mimizan-1096-1024x1536.jpg 1024w, https:\/\/gaetaneglize.com\/wp-content\/uploads\/2024\/12\/seance-famille-foret-plage-landes-mimizan-1096.jpg 1067w\" sizes=\"(max-width: 683px) 100vw, 683px\" \/>\t\t\t\t\t\t\t\t\t\t\t\t\t\t\t<\/div>\n\t\t\t\t<\/div>\n\t\t\t\t<div class=\"elementor-element elementor-element-e38af9f elementor-invisible elementor-widget elementor-widget-image\" data-id=\"e38af9f\" data-element_type=\"widget\" data-e-type=\"widget\" data-settings=\"{&quot;_animation&quot;:&quot;fadeInUp&quot;}\" data-widget_type=\"image.default\">\n\t\t\t\t<div class=\"elementor-widget-container\">\n\t\t\t\t\t\t\t\t\t\t\t\t\t\t\t<img loading=\"lazy\" decoding=\"async\" width=\"711\" height=\"1067\" src=\"https:\/\/gaetaneglize.com\/wp-content\/uploads\/2024\/12\/noemie-alix-photographie-mariage-domaine-bassibe-gers-1740-2.jpg\" class=\"attachment-full size-full wp-image-15890\" alt=\"Une mari\u00e9e pleure d&#039;\u00e9motion. De belles larmes d&#039;amour captur\u00e9es par Ga\u00e9tane Glize, photographe mariage Landes, au domaine de Bassib\u00e9.\" srcset=\"https:\/\/gaetaneglize.com\/wp-content\/uploads\/2024\/12\/noemie-alix-photographie-mariage-domaine-bassibe-gers-1740-2.jpg 711w, https:\/\/gaetaneglize.com\/wp-content\/uploads\/2024\/12\/noemie-alix-photographie-mariage-domaine-bassibe-gers-1740-2-200x300.jpg 200w, https:\/\/gaetaneglize.com\/wp-content\/uploads\/2024\/12\/noemie-alix-photographie-mariage-domaine-bassibe-gers-1740-2-682x1024.jpg 682w\" sizes=\"(max-width: 711px) 100vw, 711px\" \/>\t\t\t\t\t\t\t\t\t\t\t\t\t\t\t<\/div>\n\t\t\t\t<\/div>\n\t\t\t\t<div class=\"elementor-element elementor-element-dd5aa30 elementor-invisible elementor-widget elementor-widget-image\" data-id=\"dd5aa30\" data-element_type=\"widget\" data-e-type=\"widget\" data-settings=\"{&quot;_animation&quot;:&quot;fadeInUp&quot;}\" data-widget_type=\"image.default\">\n\t\t\t\t<div class=\"elementor-widget-container\">\n\t\t\t\t\t\t\t\t\t\t\t\t\t\t\t<img loading=\"lazy\" decoding=\"async\" width=\"1800\" height=\"1200\" src=\"https:\/\/gaetaneglize.com\/wp-content\/uploads\/2024\/12\/seance-photo-grossesse-couple-plage-landes-1159-animation.gif\" class=\"attachment-full size-full wp-image-16670\" alt=\"\" \/>\t\t\t\t\t\t\t\t\t\t\t\t\t\t\t<\/div>\n\t\t\t\t<\/div>\n\t\t\t\t<div class=\"elementor-element elementor-element-cbdb5ae elementor-invisible elementor-widget elementor-widget-image\" data-id=\"cbdb5ae\" data-element_type=\"widget\" data-e-type=\"widget\" data-settings=\"{&quot;_animation&quot;:&quot;fadeInUp&quot;}\" data-widget_type=\"image.default\">\n\t\t\t\t<div class=\"elementor-widget-container\">\n\t\t\t\t\t\t\t\t\t\t\t\t\t\t\t<img loading=\"lazy\" decoding=\"async\" width=\"1024\" height=\"683\" src=\"https:\/\/gaetaneglize.com\/wp-content\/uploads\/2022\/02\/northern-roads-norway-senja-northern-lights-1014_websize-1024x683.jpg\" class=\"attachment-large size-large wp-image-8721\" alt=\"Un couple de mari\u00e9s sous les aurores bor\u00e9ales dans un fjord en Norv\u00e8ge sur Senja. Mariage elopement sous les aurores bor\u00e9ales avec leur photographe Ga\u00e9tane Glize.\" srcset=\"https:\/\/gaetaneglize.com\/wp-content\/uploads\/2022\/02\/northern-roads-norway-senja-northern-lights-1014_websize-1024x683.jpg 1024w, https:\/\/gaetaneglize.com\/wp-content\/uploads\/2022\/02\/northern-roads-norway-senja-northern-lights-1014_websize-300x200.jpg 300w, https:\/\/gaetaneglize.com\/wp-content\/uploads\/2022\/02\/northern-roads-norway-senja-northern-lights-1014_websize-768x512.jpg 768w, https:\/\/gaetaneglize.com\/wp-content\/uploads\/2022\/02\/northern-roads-norway-senja-northern-lights-1014_websize-1536x1024.jpg 1536w, https:\/\/gaetaneglize.com\/wp-content\/uploads\/2022\/02\/northern-roads-norway-senja-northern-lights-1014_websize.jpg 1600w\" sizes=\"(max-width: 1024px) 100vw, 1024px\" \/>\t\t\t\t\t\t\t\t\t\t\t\t\t\t\t<\/div>\n\t\t\t\t<\/div>\n\t\t\t\t\t<\/div>\n\t\t<\/div>\n\t\t\t\t<div class=\"elementor-column elementor-col-50 elementor-inner-column elementor-element elementor-element-f9f44c8\" data-id=\"f9f44c8\" data-element_type=\"column\" data-e-type=\"column\">\n\t\t\t<div class=\"elementor-widget-wrap elementor-element-populated\">\n\t\t\t\t\t\t<section class=\"elementor-section elementor-inner-section elementor-element elementor-element-38ec74a elementor-section-boxed elementor-section-height-default elementor-section-height-default\" data-id=\"38ec74a\" data-element_type=\"section\" data-e-type=\"section\">\n\t\t\t\t\t\t<div class=\"elementor-container elementor-column-gap-default\">\n\t\t\t\t\t<div class=\"elementor-column elementor-col-50 elementor-inner-column elementor-element elementor-element-9ae35ab\" data-id=\"9ae35ab\" data-element_type=\"column\" data-e-type=\"column\">\n\t\t\t<div class=\"elementor-widget-wrap\">\n\t\t\t\t\t\t\t<\/div>\n\t\t<\/div>\n\t\t\t\t<div class=\"elementor-column elementor-col-50 elementor-inner-column elementor-element elementor-element-fbe08eb\" data-id=\"fbe08eb\" data-element_type=\"column\" data-e-type=\"column\">\n\t\t\t<div class=\"elementor-widget-wrap elementor-element-populated\">\n\t\t\t\t\t\t<div class=\"elementor-element elementor-element-6e6f337 elementor-widget elementor-widget-menu-anchor\" data-id=\"6e6f337\" data-element_type=\"widget\" data-e-type=\"widget\" data-widget_type=\"menu-anchor.default\">\n\t\t\t\t<div class=\"elementor-widget-container\">\n\t\t\t\t\t\t\t<div class=\"elementor-menu-anchor\" id=\"mission-photographe\"><\/div>\n\t\t\t\t\t\t<\/div>\n\t\t\t\t<\/div>\n\t\t\t\t<div class=\"elementor-element elementor-element-781f683 elementor-invisible elementor-widget elementor-widget-heading\" data-id=\"781f683\" data-element_type=\"widget\" data-e-type=\"widget\" data-settings=\"{&quot;_animation&quot;:&quot;fadeInRight&quot;}\" data-widget_type=\"heading.default\">\n\t\t\t\t<div class=\"elementor-widget-container\">\n\t\t\t\t\t<h3 class=\"elementor-heading-title elementor-size-default\">Ma mission<\/h3>\t\t\t\t<\/div>\n\t\t\t\t<\/div>\n\t\t\t\t<div class=\"elementor-element elementor-element-30062f6 elementor-invisible elementor-widget elementor-widget-heading\" data-id=\"30062f6\" data-element_type=\"widget\" data-e-type=\"widget\" data-settings=\"{&quot;_animation&quot;:&quot;fadeInRight&quot;}\" data-widget_type=\"heading.default\">\n\t\t\t\t<div class=\"elementor-widget-container\">\n\t\t\t\t\t<h2 class=\"elementor-heading-title elementor-size-default\">Raconter votre histoire<\/h2>\t\t\t\t<\/div>\n\t\t\t\t<\/div>\n\t\t\t\t\t<\/div>\n\t\t<\/div>\n\t\t\t\t\t<\/div>\n\t\t<\/section>\n\t\t\t\t<section class=\"elementor-section elementor-inner-section elementor-element elementor-element-34594a0 elementor-section-boxed elementor-section-height-default elementor-section-height-default\" data-id=\"34594a0\" data-element_type=\"section\" data-e-type=\"section\">\n\t\t\t\t\t\t<div class=\"elementor-container elementor-column-gap-default\">\n\t\t\t\t\t<div class=\"elementor-column elementor-col-33 elementor-inner-column elementor-element elementor-element-5b9f4cb\" data-id=\"5b9f4cb\" data-element_type=\"column\" data-e-type=\"column\">\n\t\t\t<div class=\"elementor-widget-wrap\">\n\t\t\t\t\t\t\t<\/div>\n\t\t<\/div>\n\t\t\t\t<div class=\"elementor-column elementor-col-33 elementor-inner-column elementor-element elementor-element-5fe44c6\" data-id=\"5fe44c6\" data-element_type=\"column\" data-e-type=\"column\">\n\t\t\t<div class=\"elementor-widget-wrap elementor-element-populated\">\n\t\t\t\t\t\t<div class=\"elementor-element elementor-element-1d755a3 elementor-view-default elementor-invisible elementor-widget elementor-widget-icon\" data-id=\"1d755a3\" data-element_type=\"widget\" data-e-type=\"widget\" data-settings=\"{&quot;_animation&quot;:&quot;fadeInUp&quot;}\" data-widget_type=\"icon.default\">\n\t\t\t\t<div class=\"elementor-widget-container\">\n\t\t\t\t\t\t\t<div class=\"elementor-icon-wrapper\">\n\t\t\t<div class=\"elementor-icon\">\n\t\t\t<svg aria-hidden=\"true\" class=\"e-font-icon-svg e-far-check-circle\" viewBox=\"0 0 512 512\" xmlns=\"http:\/\/www.w3.org\/2000\/svg\"><path d=\"M256 8C119.033 8 8 119.033 8 256s111.033 248 248 248 248-111.033 248-248S392.967 8 256 8zm0 48c110.532 0 200 89.451 200 200 0 110.532-89.451 200-200 200-110.532 0-200-89.451-200-200 0-110.532 89.451-200 200-200m140.204 130.267l-22.536-22.718c-4.667-4.705-12.265-4.736-16.97-.068L215.346 303.697l-59.792-60.277c-4.667-4.705-12.265-4.736-16.97-.069l-22.719 22.536c-4.705 4.667-4.736 12.265-.068 16.971l90.781 91.516c4.667 4.705 12.265 4.736 16.97.068l172.589-171.204c4.704-4.668 4.734-12.266.067-16.971z\"><\/path><\/svg>\t\t\t<\/div>\n\t\t<\/div>\n\t\t\t\t\t\t<\/div>\n\t\t\t\t<\/div>\n\t\t\t\t\t<\/div>\n\t\t<\/div>\n\t\t\t\t<div class=\"elementor-column elementor-col-33 elementor-inner-column elementor-element elementor-element-284abed elementor-invisible\" data-id=\"284abed\" data-element_type=\"column\" data-e-type=\"column\" data-settings=\"{&quot;animation&quot;:&quot;fadeInUp&quot;}\">\n\t\t\t<div class=\"elementor-widget-wrap elementor-element-populated\">\n\t\t\t\t\t\t<div class=\"elementor-element elementor-element-2e48e43 elementor-widget elementor-widget-text-editor\" data-id=\"2e48e43\" data-element_type=\"widget\" data-e-type=\"widget\" data-widget_type=\"text-editor.default\">\n\t\t\t\t<div class=\"elementor-widget-container\">\n\t\t\t\t\t\t\t\t\t<p><strong>Retranscrire la vraie vie, la <em>v\u00f4tre\u00a0 <\/em><\/strong>: La photographie est une mani\u00e8re de capturer l\u2019\u00e2me d\u2019un moment, de figer ces \u00e9motions et instants \u00e9ph\u00e9m\u00e8res qui racontent votre histoire. Que ce soit l\u2019\u00e9clat de rire d\u2019un enfant ou un regard complice entre amoureux, je suis l\u00e0 pour immortaliser ce qui compte vraiment : votre v\u00e9rit\u00e9, vos \u00e9motions, votre essence. Mon approche est simple : vous offrir une exp\u00e9rience personnalis\u00e9e, authentique et bienveillante. Avant chaque s\u00e9ance, je prends le temps de vous \u00e9couter, de comprendre vos envies et vos craintes. Ensemble, nous cr\u00e9ons un espace o\u00f9 vous pouvez \u00eatre vous-m\u00eame, o\u00f9 la spontan\u00e9it\u00e9 et les \u00e9motions sinc\u00e8res prennent vie. Parce que vous \u00eates uniques, vos photos le seront aussi, refl\u00e9tant votre histoire avec sinc\u00e9rit\u00e9 et sensibilit\u00e9.<\/p>\t\t\t\t\t\t\t\t<\/div>\n\t\t\t\t<\/div>\n\t\t\t\t\t<\/div>\n\t\t<\/div>\n\t\t\t\t\t<\/div>\n\t\t<\/section>\n\t\t\t\t<section class=\"elementor-section elementor-inner-section elementor-element elementor-element-4b22ec9 elementor-section-boxed elementor-section-height-default elementor-section-height-default\" data-id=\"4b22ec9\" data-element_type=\"section\" data-e-type=\"section\">\n\t\t\t\t\t\t<div class=\"elementor-container elementor-column-gap-default\">\n\t\t\t\t\t<div class=\"elementor-column elementor-col-33 elementor-inner-column elementor-element elementor-element-5da80a7\" data-id=\"5da80a7\" data-element_type=\"column\" data-e-type=\"column\">\n\t\t\t<div class=\"elementor-widget-wrap\">\n\t\t\t\t\t\t\t<\/div>\n\t\t<\/div>\n\t\t\t\t<div class=\"elementor-column elementor-col-33 elementor-inner-column elementor-element elementor-element-d2e8c78\" data-id=\"d2e8c78\" data-element_type=\"column\" data-e-type=\"column\">\n\t\t\t<div class=\"elementor-widget-wrap elementor-element-populated\">\n\t\t\t\t\t\t<div class=\"elementor-element elementor-element-530493b elementor-view-default elementor-invisible elementor-widget elementor-widget-icon\" data-id=\"530493b\" data-element_type=\"widget\" data-e-type=\"widget\" data-settings=\"{&quot;_animation&quot;:&quot;fadeInUp&quot;}\" data-widget_type=\"icon.default\">\n\t\t\t\t<div class=\"elementor-widget-container\">\n\t\t\t\t\t\t\t<div class=\"elementor-icon-wrapper\">\n\t\t\t<div class=\"elementor-icon\">\n\t\t\t<svg aria-hidden=\"true\" class=\"e-font-icon-svg e-far-check-circle\" viewBox=\"0 0 512 512\" xmlns=\"http:\/\/www.w3.org\/2000\/svg\"><path d=\"M256 8C119.033 8 8 119.033 8 256s111.033 248 248 248 248-111.033 248-248S392.967 8 256 8zm0 48c110.532 0 200 89.451 200 200 0 110.532-89.451 200-200 200-110.532 0-200-89.451-200-200 0-110.532 89.451-200 200-200m140.204 130.267l-22.536-22.718c-4.667-4.705-12.265-4.736-16.97-.068L215.346 303.697l-59.792-60.277c-4.667-4.705-12.265-4.736-16.97-.069l-22.719 22.536c-4.705 4.667-4.736 12.265-.068 16.971l90.781 91.516c4.667 4.705 12.265 4.736 16.97.068l172.589-171.204c4.704-4.668 4.734-12.266.067-16.971z\"><\/path><\/svg>\t\t\t<\/div>\n\t\t<\/div>\n\t\t\t\t\t\t<\/div>\n\t\t\t\t<\/div>\n\t\t\t\t\t<\/div>\n\t\t<\/div>\n\t\t\t\t<div class=\"elementor-column elementor-col-33 elementor-inner-column elementor-element elementor-element-71d701e elementor-invisible\" data-id=\"71d701e\" data-element_type=\"column\" data-e-type=\"column\" data-settings=\"{&quot;animation&quot;:&quot;fadeInUp&quot;}\">\n\t\t\t<div class=\"elementor-widget-wrap elementor-element-populated\">\n\t\t\t\t\t\t<div class=\"elementor-element elementor-element-70db24a elementor-widget elementor-widget-text-editor\" data-id=\"70db24a\" data-element_type=\"widget\" data-e-type=\"widget\" data-widget_type=\"text-editor.default\">\n\t\t\t\t<div class=\"elementor-widget-container\">\n\t\t\t\t\t\t\t\t\t<p><strong>Votre <em>h\u00e9ritage<\/em> \u00e9motionnel <\/strong>: Les souvenirs s\u2019estompent avec le temps, les photos jouent un r\u00f4le essentiel : celui de la m\u00e9moire. Elles sont le t\u00e9moignage non seulement de votre histoire de vie, d&#8217;amour, de vos liens, de l&#8217;essence de la personne que vous \u00eates. Elles sont les archives de la vie, de votre vie. Elles s\u2019inscrivent \u00e0 votre h\u00e9ritage \u00e9motionnel. Cet h\u00e9ritage qui vous fera revivre toutes ces \u00e9motions dans 10, 20, 50 ans. Cet h\u00e9ritage que vous transmettrez aux g\u00e9n\u00e9rations futures. En ce sens, vos photos ont une valeur inestimable.<\/p>\t\t\t\t\t\t\t\t<\/div>\n\t\t\t\t<\/div>\n\t\t\t\t\t<\/div>\n\t\t<\/div>\n\t\t\t\t\t<\/div>\n\t\t<\/section>\n\t\t\t\t<section class=\"elementor-section elementor-inner-section elementor-element elementor-element-c3539b2 elementor-section-boxed elementor-section-height-default elementor-section-height-default\" data-id=\"c3539b2\" data-element_type=\"section\" data-e-type=\"section\">\n\t\t\t\t\t\t<div class=\"elementor-container elementor-column-gap-default\">\n\t\t\t\t\t<div class=\"elementor-column elementor-col-33 elementor-inner-column elementor-element elementor-element-4fdecba\" data-id=\"4fdecba\" data-element_type=\"column\" data-e-type=\"column\">\n\t\t\t<div class=\"elementor-widget-wrap\">\n\t\t\t\t\t\t\t<\/div>\n\t\t<\/div>\n\t\t\t\t<div class=\"elementor-column elementor-col-33 elementor-inner-column elementor-element elementor-element-b299347\" data-id=\"b299347\" data-element_type=\"column\" data-e-type=\"column\">\n\t\t\t<div class=\"elementor-widget-wrap elementor-element-populated\">\n\t\t\t\t\t\t<div class=\"elementor-element elementor-element-8fca8ce elementor-view-default elementor-invisible elementor-widget elementor-widget-icon\" data-id=\"8fca8ce\" data-element_type=\"widget\" data-e-type=\"widget\" data-settings=\"{&quot;_animation&quot;:&quot;fadeInUp&quot;}\" data-widget_type=\"icon.default\">\n\t\t\t\t<div class=\"elementor-widget-container\">\n\t\t\t\t\t\t\t<div class=\"elementor-icon-wrapper\">\n\t\t\t<div class=\"elementor-icon\">\n\t\t\t<svg aria-hidden=\"true\" class=\"e-font-icon-svg e-far-check-circle\" viewBox=\"0 0 512 512\" xmlns=\"http:\/\/www.w3.org\/2000\/svg\"><path d=\"M256 8C119.033 8 8 119.033 8 256s111.033 248 248 248 248-111.033 248-248S392.967 8 256 8zm0 48c110.532 0 200 89.451 200 200 0 110.532-89.451 200-200 200-110.532 0-200-89.451-200-200 0-110.532 89.451-200 200-200m140.204 130.267l-22.536-22.718c-4.667-4.705-12.265-4.736-16.97-.068L215.346 303.697l-59.792-60.277c-4.667-4.705-12.265-4.736-16.97-.069l-22.719 22.536c-4.705 4.667-4.736 12.265-.068 16.971l90.781 91.516c4.667 4.705 12.265 4.736 16.97.068l172.589-171.204c4.704-4.668 4.734-12.266.067-16.971z\"><\/path><\/svg>\t\t\t<\/div>\n\t\t<\/div>\n\t\t\t\t\t\t<\/div>\n\t\t\t\t<\/div>\n\t\t\t\t\t<\/div>\n\t\t<\/div>\n\t\t\t\t<div class=\"elementor-column elementor-col-33 elementor-inner-column elementor-element elementor-element-17de9c5 elementor-invisible\" data-id=\"17de9c5\" data-element_type=\"column\" data-e-type=\"column\" data-settings=\"{&quot;animation&quot;:&quot;fadeInUp&quot;}\">\n\t\t\t<div class=\"elementor-widget-wrap elementor-element-populated\">\n\t\t\t\t\t\t<div class=\"elementor-element elementor-element-00a5d73 elementor-widget elementor-widget-text-editor\" data-id=\"00a5d73\" data-element_type=\"widget\" data-e-type=\"widget\" data-widget_type=\"text-editor.default\">\n\t\t\t\t<div class=\"elementor-widget-container\">\n\t\t\t\t\t\t\t\t\t<p><strong>Une exp\u00e9rience remplie de <em>sens<\/em><em>&nbsp;<\/em><\/strong>:&nbsp;<span style=\"font-style: inherit; font-weight: inherit;\">C&#8217;est bien plus qu&#8217;une s\u00e9ance photo, c&#8217;est une exp\u00e9rience qui se vit. Dans une atmosph\u00e8re de confiance et de bienveillance, je m\u2019attache \u00e0 cr\u00e9er un espace o\u00f9 vous vous sentez libres d&#8217;\u00eatre pleinement vous-m\u00eames, loin du tumulte du quotidien. Que ce soit en couple, en famille ou en portrait solo, chaque moment pass\u00e9 ensemble devient une invitation \u00e0 vous reconnecter \u00e0 vous-m\u00eame, \u00e0 honorer vos \u00e9motions et \u00e0 c\u00e9l\u00e9brer ce qui fait de vous une personne unique. R\u00e9v\u00e9lons ensemble<\/span><span style=\"font-style: inherit; font-weight: inherit;\">&nbsp;votre \u00e9nergie, vos \u00e9motions et l\u2019histoire que vous portez en vous.<\/span><\/p>\n<p><\/p>\t\t\t\t\t\t\t\t<\/div>\n\t\t\t\t<\/div>\n\t\t\t\t<div class=\"elementor-element elementor-element-d2c3bd8 elementor-invisible elementor-widget elementor-widget-heading\" data-id=\"d2c3bd8\" data-element_type=\"widget\" data-e-type=\"widget\" data-settings=\"{&quot;_animation&quot;:&quot;fadeInUp&quot;}\" data-widget_type=\"heading.default\">\n\t\t\t\t<div class=\"elementor-widget-container\">\n\t\t\t\t\t<h4 class=\"elementor-heading-title elementor-size-default\">Racontons <i>votre<\/i> histoire<\/h4>\t\t\t\t<\/div>\n\t\t\t\t<\/div>\n\t\t\t\t<div class=\"elementor-element elementor-element-0e66edb elementor-align-center elementor-invisible elementor-widget elementor-widget-button\" data-id=\"0e66edb\" data-element_type=\"widget\" data-e-type=\"widget\" data-settings=\"{&quot;_animation&quot;:&quot;fadeInUp&quot;}\" data-widget_type=\"button.default\">\n\t\t\t\t<div class=\"elementor-widget-container\">\n\t\t\t\t\t\t\t\t\t<div class=\"elementor-button-wrapper\">\n\t\t\t\t\t<a class=\"elementor-button elementor-button-link elementor-size-sm elementor-animation-float\" href=\"\/fr\/contactez-votre-photographe-mariage-couple-grossesse-famille-landes\/\">\n\t\t\t\t\t\t<span class=\"elementor-button-content-wrapper\">\n\t\t\t\t\t\t\t\t\t<span class=\"elementor-button-text\">On te contacte &gt;<\/span>\n\t\t\t\t\t<\/span>\n\t\t\t\t\t<\/a>\n\t\t\t\t<\/div>\n\t\t\t\t\t\t\t\t<\/div>\n\t\t\t\t<\/div>\n\t\t\t\t\t<\/div>\n\t\t<\/div>\n\t\t\t\t\t<\/div>\n\t\t<\/section>\n\t\t\t\t\t<\/div>\n\t\t<\/div>\n\t\t\t\t\t<\/div>\n\t\t<\/section>\n\t\t\t\t\t<\/div>\n\t\t<\/div>\n\t\t\t\t\t<\/div>\n\t\t<\/section>\n\t\t\t\t<section class=\"elementor-section elementor-top-section elementor-element elementor-element-a5db883 elementor-section-full_width elementor-section-height-default elementor-section-height-default\" data-id=\"a5db883\" data-element_type=\"section\" data-e-type=\"section\" data-settings=\"{&quot;background_background&quot;:&quot;classic&quot;}\">\n\t\t\t\t\t\t\t<div class=\"elementor-background-overlay\"><\/div>\n\t\t\t\t\t\t\t<div class=\"elementor-container elementor-column-gap-default\">\n\t\t\t\t\t<div class=\"elementor-column elementor-col-100 elementor-top-column elementor-element elementor-element-0c95493\" data-id=\"0c95493\" data-element_type=\"column\" data-e-type=\"column\">\n\t\t\t<div class=\"elementor-widget-wrap elementor-element-populated\">\n\t\t\t\t\t\t<div class=\"elementor-element elementor-element-23d26f1 elementor-widget elementor-widget-menu-anchor\" data-id=\"23d26f1\" data-element_type=\"widget\" data-e-type=\"widget\" data-widget_type=\"menu-anchor.default\">\n\t\t\t\t<div class=\"elementor-widget-container\">\n\t\t\t\t\t\t\t<div class=\"elementor-menu-anchor\" id=\"univers-photographique\"><\/div>\n\t\t\t\t\t\t<\/div>\n\t\t\t\t<\/div>\n\t\t\t\t<div class=\"elementor-element elementor-element-c796d5d elementor-hidden-mobile elementor-invisible elementor-widget elementor-widget-heading\" data-id=\"c796d5d\" data-element_type=\"widget\" data-e-type=\"widget\" data-settings=\"{&quot;_animation&quot;:&quot;fadeInUp&quot;}\" data-widget_type=\"heading.default\">\n\t\t\t\t<div class=\"elementor-widget-container\">\n\t\t\t\t\t<h2 class=\"elementor-heading-title elementor-size-default\">Mon univers photographique<\/h2>\t\t\t\t<\/div>\n\t\t\t\t<\/div>\n\t\t\t\t<div class=\"elementor-element elementor-element-6d76b56 elementor-hidden-desktop elementor-hidden-tablet elementor-invisible elementor-widget elementor-widget-heading\" data-id=\"6d76b56\" data-element_type=\"widget\" data-e-type=\"widget\" data-settings=\"{&quot;_animation&quot;:&quot;fadeInUp&quot;}\" data-widget_type=\"heading.default\">\n\t\t\t\t<div class=\"elementor-widget-container\">\n\t\t\t\t\t<h2 class=\"elementor-heading-title elementor-size-default\">Mon univers<\/h2>\t\t\t\t<\/div>\n\t\t\t\t<\/div>\n\t\t\t\t<section class=\"elementor-section elementor-inner-section elementor-element elementor-element-43eb394 elementor-section-content-bottom elementor-section-boxed elementor-section-height-default elementor-section-height-default\" data-id=\"43eb394\" data-element_type=\"section\" data-e-type=\"section\">\n\t\t\t\t\t\t<div class=\"elementor-container elementor-column-gap-wide\">\n\t\t\t\t\t<div class=\"elementor-column elementor-col-33 elementor-inner-column elementor-element elementor-element-b119706\" data-id=\"b119706\" data-element_type=\"column\" data-e-type=\"column\">\n\t\t\t<div class=\"elementor-widget-wrap elementor-element-populated\">\n\t\t\t\t\t\t<div class=\"elementor-element elementor-element-7413ed0 elementor-invisible elementor-widget elementor-widget-image\" data-id=\"7413ed0\" data-element_type=\"widget\" data-e-type=\"widget\" data-settings=\"{&quot;_animation&quot;:&quot;fadeInUp&quot;}\" data-widget_type=\"image.default\">\n\t\t\t\t<div class=\"elementor-widget-container\">\n\t\t\t\t\t\t\t\t\t\t\t\t\t\t\t<img loading=\"lazy\" decoding=\"async\" width=\"1024\" height=\"683\" src=\"https:\/\/gaetaneglize.com\/wp-content\/uploads\/2025\/01\/photographe-mariage-elopement-couple-grossesse-famille-landes-pays-basque-2016-1024x683.jpg\" class=\"attachment-large size-large wp-image-17638\" alt=\"\" srcset=\"https:\/\/gaetaneglize.com\/wp-content\/uploads\/2025\/01\/photographe-mariage-elopement-couple-grossesse-famille-landes-pays-basque-2016-1024x683.jpg 1024w, https:\/\/gaetaneglize.com\/wp-content\/uploads\/2025\/01\/photographe-mariage-elopement-couple-grossesse-famille-landes-pays-basque-2016-300x200.jpg 300w, https:\/\/gaetaneglize.com\/wp-content\/uploads\/2025\/01\/photographe-mariage-elopement-couple-grossesse-famille-landes-pays-basque-2016-768x512.jpg 768w, https:\/\/gaetaneglize.com\/wp-content\/uploads\/2025\/01\/photographe-mariage-elopement-couple-grossesse-famille-landes-pays-basque-2016-1536x1024.jpg 1536w, https:\/\/gaetaneglize.com\/wp-content\/uploads\/2025\/01\/photographe-mariage-elopement-couple-grossesse-famille-landes-pays-basque-2016.jpg 1579w\" sizes=\"(max-width: 1024px) 100vw, 1024px\" \/>\t\t\t\t\t\t\t\t\t\t\t\t\t\t\t<\/div>\n\t\t\t\t<\/div>\n\t\t\t\t<div class=\"elementor-element elementor-element-1d6fba2 elementor-invisible elementor-widget elementor-widget-heading\" data-id=\"1d6fba2\" data-element_type=\"widget\" data-e-type=\"widget\" data-settings=\"{&quot;_animation&quot;:&quot;fadeInUp&quot;,&quot;_animation_delay&quot;:100}\" data-widget_type=\"heading.default\">\n\t\t\t\t<div class=\"elementor-widget-container\">\n\t\t\t\t\t<h6 class=\"elementor-heading-title elementor-size-default\">Po\u00e9sie<\/h6>\t\t\t\t<\/div>\n\t\t\t\t<\/div>\n\t\t\t\t<div class=\"elementor-element elementor-element-b236553 elementor-invisible elementor-widget elementor-widget-text-editor\" data-id=\"b236553\" data-element_type=\"widget\" data-e-type=\"widget\" data-settings=\"{&quot;_animation&quot;:&quot;fadeInUp&quot;,&quot;_animation_delay&quot;:150}\" data-widget_type=\"text-editor.default\">\n\t\t\t\t<div class=\"elementor-widget-container\">\n\t\t\t\t\t\t\t\t\t<p><span class=\"JsGRdQ\">Je pense qu&#8217;il y a de la beaut\u00e9 et de la po\u00e9sie partout &#8211; m\u00eame l\u00e0 o\u00f9 on ne s&#8217;y attend pas &#8211; pourvu qu&#8217;on prenne le temps de vraiment regarder. Un rayon de soleil \u00e0 travers les arbres, un sourire \u00e9chang\u00e9, le vent dans les cheveux, des larmes d&#8217;\u00e9motion&#8230; Nous sommes entour\u00e9s de po\u00e9sie. Alors, je m&#8217;efforce de mettre en lumi\u00e8re toute la grandeur des petites choses.<\/span><\/p>\t\t\t\t\t\t\t\t<\/div>\n\t\t\t\t<\/div>\n\t\t\t\t\t<\/div>\n\t\t<\/div>\n\t\t\t\t<div class=\"elementor-column elementor-col-33 elementor-inner-column elementor-element elementor-element-d7c7fe2\" data-id=\"d7c7fe2\" data-element_type=\"column\" data-e-type=\"column\">\n\t\t\t<div class=\"elementor-widget-wrap elementor-element-populated\">\n\t\t\t\t\t\t<div class=\"elementor-element elementor-element-989e9c7 elementor-invisible elementor-widget elementor-widget-image\" data-id=\"989e9c7\" data-element_type=\"widget\" data-e-type=\"widget\" data-settings=\"{&quot;_animation&quot;:&quot;fadeInUp&quot;,&quot;_animation_delay&quot;:200}\" data-widget_type=\"image.default\">\n\t\t\t\t<div class=\"elementor-widget-container\">\n\t\t\t\t\t\t\t\t\t\t\t\t\t\t\t<img loading=\"lazy\" decoding=\"async\" width=\"683\" height=\"1024\" src=\"https:\/\/gaetaneglize.com\/wp-content\/uploads\/2024\/12\/seance-photo-couple-anniversaire-mariage-plage-landes-1155_websize-683x1024.jpg\" class=\"attachment-large size-large wp-image-15334\" alt=\"Les visages d&#039;un couple amoureux, ils sourient et ferment les yeux. Un moment de tendresse pendant leur s\u00e9ance photo couple dans les Landes pour c\u00e9l\u00e9brer leur anniversaire de mariage.\" srcset=\"https:\/\/gaetaneglize.com\/wp-content\/uploads\/2024\/12\/seance-photo-couple-anniversaire-mariage-plage-landes-1155_websize-683x1024.jpg 683w, https:\/\/gaetaneglize.com\/wp-content\/uploads\/2024\/12\/seance-photo-couple-anniversaire-mariage-plage-landes-1155_websize-200x300.jpg 200w, https:\/\/gaetaneglize.com\/wp-content\/uploads\/2024\/12\/seance-photo-couple-anniversaire-mariage-plage-landes-1155_websize-768x1152.jpg 768w, https:\/\/gaetaneglize.com\/wp-content\/uploads\/2024\/12\/seance-photo-couple-anniversaire-mariage-plage-landes-1155_websize-1024x1536.jpg 1024w, https:\/\/gaetaneglize.com\/wp-content\/uploads\/2024\/12\/seance-photo-couple-anniversaire-mariage-plage-landes-1155_websize.jpg 1067w\" sizes=\"(max-width: 683px) 100vw, 683px\" \/>\t\t\t\t\t\t\t\t\t\t\t\t\t\t\t<\/div>\n\t\t\t\t<\/div>\n\t\t\t\t<div class=\"elementor-element elementor-element-97c5b40 elementor-invisible elementor-widget elementor-widget-heading\" data-id=\"97c5b40\" data-element_type=\"widget\" data-e-type=\"widget\" data-settings=\"{&quot;_animation&quot;:&quot;fadeInUp&quot;,&quot;_animation_delay&quot;:200}\" data-widget_type=\"heading.default\">\n\t\t\t\t<div class=\"elementor-widget-container\">\n\t\t\t\t\t<h6 class=\"elementor-heading-title elementor-size-default\">Douceur<\/h6>\t\t\t\t<\/div>\n\t\t\t\t<\/div>\n\t\t\t\t<div class=\"elementor-element elementor-element-85009c6 elementor-invisible elementor-widget elementor-widget-text-editor\" data-id=\"85009c6\" data-element_type=\"widget\" data-e-type=\"widget\" data-settings=\"{&quot;_animation&quot;:&quot;fadeInUp&quot;,&quot;_animation_delay&quot;:250}\" data-widget_type=\"text-editor.default\">\n\t\t\t\t<div class=\"elementor-widget-container\">\n\t\t\t\t\t\t\t\t\t<p>Un geste tendre, un mot d&#8217;amour, une caresse d\u00e9licate, un regard profond et aimant. J&#8217;aime capter ces petits instants volatiles et qui pourtant, sont l&#8217;essence-m\u00eame de votre connexion. Le rendu de mes photos est \u00e0 l&#8217;image de ces instants, doux comme un baiser papillon qui s&#8217;envole juste apr\u00e8s que vos l\u00e8vres ne se fr\u00f4lent.<\/p>\t\t\t\t\t\t\t\t<\/div>\n\t\t\t\t<\/div>\n\t\t\t\t\t<\/div>\n\t\t<\/div>\n\t\t\t\t<div class=\"elementor-column elementor-col-33 elementor-inner-column elementor-element elementor-element-f8503f6\" data-id=\"f8503f6\" data-element_type=\"column\" data-e-type=\"column\">\n\t\t\t<div class=\"elementor-widget-wrap elementor-element-populated\">\n\t\t\t\t\t\t<div class=\"elementor-element elementor-element-16dc60e elementor-invisible elementor-widget elementor-widget-image\" data-id=\"16dc60e\" data-element_type=\"widget\" data-e-type=\"widget\" data-settings=\"{&quot;_animation&quot;:&quot;fadeInUp&quot;,&quot;_animation_delay&quot;:300}\" data-widget_type=\"image.default\">\n\t\t\t\t<div class=\"elementor-widget-container\">\n\t\t\t\t\t\t\t\t\t\t\t\t\t\t\t<img loading=\"lazy\" decoding=\"async\" width=\"938\" height=\"625\" src=\"https:\/\/gaetaneglize.com\/wp-content\/uploads\/2025\/01\/photographe-mariage-elopement-couple-grossesse-famille-landes-pays-basque-2015.jpg\" class=\"attachment-large size-large wp-image-17636\" alt=\"\" srcset=\"https:\/\/gaetaneglize.com\/wp-content\/uploads\/2025\/01\/photographe-mariage-elopement-couple-grossesse-famille-landes-pays-basque-2015.jpg 938w, https:\/\/gaetaneglize.com\/wp-content\/uploads\/2025\/01\/photographe-mariage-elopement-couple-grossesse-famille-landes-pays-basque-2015-300x200.jpg 300w, https:\/\/gaetaneglize.com\/wp-content\/uploads\/2025\/01\/photographe-mariage-elopement-couple-grossesse-famille-landes-pays-basque-2015-768x512.jpg 768w\" sizes=\"(max-width: 938px) 100vw, 938px\" \/>\t\t\t\t\t\t\t\t\t\t\t\t\t\t\t<\/div>\n\t\t\t\t<\/div>\n\t\t\t\t<div class=\"elementor-element elementor-element-7977539 elementor-invisible elementor-widget elementor-widget-heading\" data-id=\"7977539\" data-element_type=\"widget\" data-e-type=\"widget\" data-settings=\"{&quot;_animation&quot;:&quot;fadeInUp&quot;,&quot;_animation_delay&quot;:350}\" data-widget_type=\"heading.default\">\n\t\t\t\t<div class=\"elementor-widget-container\">\n\t\t\t\t\t<h6 class=\"elementor-heading-title elementor-size-default\">Sensibilit\u00e9<\/h6>\t\t\t\t<\/div>\n\t\t\t\t<\/div>\n\t\t\t\t<div class=\"elementor-element elementor-element-09e2c88 elementor-invisible elementor-widget elementor-widget-text-editor\" data-id=\"09e2c88\" data-element_type=\"widget\" data-e-type=\"widget\" data-settings=\"{&quot;_animation&quot;:&quot;fadeInUp&quot;,&quot;_animation_delay&quot;:400}\" data-widget_type=\"text-editor.default\">\n\t\t\t\t<div class=\"elementor-widget-container\">\n\t\t\t\t\t\t\t\t\t<p>Je ressens chaque \u00e9motion intens\u00e9ment et je me nourris de toutes les \u00e9nergies de votre journ\u00e9e. Je les vis avec vous et c&#8217;est comme cela que je parviens \u00e0 les capturer. J\u2019accorde beaucoup d\u2019importance \u00e0 l\u2019unicit\u00e9 de votre couple, de votre histoire et souhaite la retranscrire de la mani\u00e8re la plus honn\u00eate et fid\u00e8le possible.<\/p>\t\t\t\t\t\t\t\t<\/div>\n\t\t\t\t<\/div>\n\t\t\t\t\t<\/div>\n\t\t<\/div>\n\t\t\t\t\t<\/div>\n\t\t<\/section>\n\t\t\t\t\t<\/div>\n\t\t<\/div>\n\t\t\t\t\t<\/div>\n\t\t<\/section>\n\t\t\t\t<section class=\"elementor-section elementor-top-section elementor-element elementor-element-cccb612 elementor-section-boxed elementor-section-height-default elementor-section-height-default\" data-id=\"cccb612\" data-element_type=\"section\" data-e-type=\"section\" data-settings=\"{&quot;background_background&quot;:&quot;classic&quot;}\">\n\t\t\t\t\t\t<div class=\"elementor-container elementor-column-gap-wide\">\n\t\t\t\t\t<div class=\"elementor-column elementor-col-50 elementor-top-column elementor-element elementor-element-7fdd9f9\" data-id=\"7fdd9f9\" data-element_type=\"column\" data-e-type=\"column\">\n\t\t\t<div class=\"elementor-widget-wrap elementor-element-populated\">\n\t\t\t\t\t\t<div class=\"elementor-element elementor-element-aaa5ac5 elementor-invisible elementor-widget elementor-widget-heading\" data-id=\"aaa5ac5\" data-element_type=\"widget\" data-e-type=\"widget\" data-settings=\"{&quot;_animation&quot;:&quot;fadeInUp&quot;}\" data-widget_type=\"heading.default\">\n\t\t\t\t<div class=\"elementor-widget-container\">\n\t\t\t\t\t<h6 class=\"elementor-heading-title elementor-size-default\">Style moody cin\u00e9matique<\/h6>\t\t\t\t<\/div>\n\t\t\t\t<\/div>\n\t\t\t\t<div class=\"elementor-element elementor-element-67a96de elementor-invisible elementor-widget elementor-widget-text-editor\" data-id=\"67a96de\" data-element_type=\"widget\" data-e-type=\"widget\" data-settings=\"{&quot;_animation&quot;:&quot;fadeInUp&quot;}\" data-widget_type=\"text-editor.default\">\n\t\t\t\t<div class=\"elementor-widget-container\">\n\t\t\t\t\t\t\t\t\t<p>Mon travail se rapproche du mouvement &#8220;moody cin\u00e9matique&#8221; et se veut intemporel et artistique.\u00a0\u00a0<span style=\"font-size: 1rem;\">Je cr\u00e9e des photos \u00e0 l\u2019atmosph\u00e8re vaporeuse. Je travaille l\u2019ombre pour envelopper les sujets dans une lumi\u00e8re naturelle diffuse. Les contours sont doux, les teintes sont riches et profondes, elles se fondent les unes dans les autres en de subtils d\u00e9grad\u00e9s, comme si leurs fronti\u00e8res \u00e9taient l\u00e9g\u00e8rement estomp\u00e9es.\u00a0<\/span><span style=\"font-size: 1rem;\">Mes images sont intenses et contrast\u00e9es.<\/span><span style=\"font-size: 1rem; font-style: inherit; font-weight: inherit;\">\u00a0<\/span><span style=\"font-size: 1rem; font-style: inherit; font-weight: inherit;\">Les textures sont brutes et denses.\u00a0<\/span><span style=\"font-size: 1rem; font-style: inherit; font-weight: inherit;\">L\u2019atmosph\u00e8re est douce et onirique.\u00a0<\/span><span style=\"font-style: inherit; font-weight: inherit;\">J&#8217;accorde \u00e9galement une grande importance aux teintes de peau. Je les travaille de mani\u00e8re \u00e0 avoir un rendu lumineux, doux et naturel.<\/span><span style=\"font-size: 1rem;\">\u00a0Je d\u00e9veloppe aussi mes images en m\u2019inspirant du rendu argentique avec un grain textur\u00e9 qui apporte de la profondeur, une intensit\u00e9 et une touche vintage.\u00a0<\/span><span style=\"font-size: 1rem;\">Je m\u2019inspire beaucoup de la peinture et du cin\u00e9ma pour cr\u00e9er des reportages photo cin\u00e9matiques et artistiques \u00e0 l\u2019ambiance intimiste et d\u00e9licate. Je raconte en photo l&#8217;histoire de votre exp\u00e9rience, sc\u00e8ne apr\u00e8s sc\u00e8ne, \u00e0 la mani\u00e8re d&#8217;un film.<\/span><\/p>\t\t\t\t\t\t\t\t<\/div>\n\t\t\t\t<\/div>\n\t\t\t\t<div class=\"elementor-element elementor-element-3315f98 elementor-invisible elementor-widget elementor-widget-heading\" data-id=\"3315f98\" data-element_type=\"widget\" data-e-type=\"widget\" data-settings=\"{&quot;_animation&quot;:&quot;fadeInUp&quot;}\" data-widget_type=\"heading.default\">\n\t\t\t\t<div class=\"elementor-widget-container\">\n\t\t\t\t\t<h6 class=\"elementor-heading-title elementor-size-default\">Approche reportage lifestyle<\/h6>\t\t\t\t<\/div>\n\t\t\t\t<\/div>\n\t\t\t\t<div class=\"elementor-element elementor-element-d514753 elementor-invisible elementor-widget elementor-widget-text-editor\" data-id=\"d514753\" data-element_type=\"widget\" data-e-type=\"widget\" data-settings=\"{&quot;_animation&quot;:&quot;fadeInUp&quot;}\" data-widget_type=\"text-editor.default\">\n\t\t\t\t<div class=\"elementor-widget-container\">\n\t\t\t\t\t\t\t\t\t<p><span style=\"font-style: inherit; font-weight: inherit;\">\u00c9tant de nature sensible et observatrice, pendant la journ\u00e9e de votre mariage, je suis discr\u00e8te et j&#8217;aime me faufiler parmi vos proches. Je tente d&#8217;intervenir le moins possible pour que vous puissiez vous concentrer sur ce qui est en train de se passer. J&#8217;allie le reportage \u00e0 la photo lifestyle. \u00c0 travers mes photos, je raconte les \u00e9v\u00e9nements tels qu&#8217;ils se passent tout en veillant \u00e0 l&#8217;environnement et \u00e0 la lumi\u00e8re. Je vous guide, vous met \u00e0 l&#8217;aise et vous place par rapport \u00e0 la lumi\u00e8re puis laisse les moments se d\u00e9rouler naturellement.\u00a0<\/span><span style=\"font-size: 1rem;\">Cela me permet de laisser place \u00e0 la spontan\u00e9it\u00e9 tout en assurant un reportage complet harmonieux.<\/span><\/p>\t\t\t\t\t\t\t\t<\/div>\n\t\t\t\t<\/div>\n\t\t\t\t<div class=\"elementor-element elementor-element-497a02a elementor-invisible elementor-widget elementor-widget-heading\" data-id=\"497a02a\" data-element_type=\"widget\" data-e-type=\"widget\" data-settings=\"{&quot;_animation&quot;:&quot;fadeInUp&quot;}\" data-widget_type=\"heading.default\">\n\t\t\t\t<div class=\"elementor-widget-container\">\n\t\t\t\t\t<h6 class=\"elementor-heading-title elementor-size-default\">Cr\u00e9ativit\u00e9<\/h6>\t\t\t\t<\/div>\n\t\t\t\t<\/div>\n\t\t\t\t<div class=\"elementor-element elementor-element-c62049f elementor-invisible elementor-widget elementor-widget-text-editor\" data-id=\"c62049f\" data-element_type=\"widget\" data-e-type=\"widget\" data-settings=\"{&quot;_animation&quot;:&quot;fadeInUp&quot;}\" data-widget_type=\"text-editor.default\">\n\t\t\t\t<div class=\"elementor-widget-container\">\n\t\t\t\t\t\t\t\t\t<p>Je suis aussi une r\u00eaveuse. Je r\u00eave \u00e9veill\u00e9e. Alors, si vous me donnez le temps d&#8217;\u00eatre cr\u00e9ative, nous pourrons cr\u00e9er de la magie ensemble. Ce que j&#8217;aime tout particuli\u00e8rement : c&#8217;est cr\u00e9er des GIFs, jouer avec des prismes, avec le flou de mouvement et aussi cr\u00e9er des doubles expositions avec des \u00e9l\u00e9ments qui vous entourent. Les \u00e9toiles, la lune, la voie lact\u00e9e et le vent sont aussi des \u00e9l\u00e9ments qui m&#8217;inspirent beaucoup. Tout cela me permet de cr\u00e9er des images uniques &#8211; un brin cosmiques. myst\u00e9rieuses et oniriques.<\/p>\t\t\t\t\t\t\t\t<\/div>\n\t\t\t\t<\/div>\n\t\t\t\t\t<\/div>\n\t\t<\/div>\n\t\t\t\t<div class=\"elementor-column elementor-col-50 elementor-top-column elementor-element elementor-element-1827e48\" data-id=\"1827e48\" data-element_type=\"column\" data-e-type=\"column\">\n\t\t\t<div class=\"elementor-widget-wrap elementor-element-populated\">\n\t\t\t\t\t\t<div class=\"elementor-element elementor-element-fc16bce elementor-invisible elementor-widget elementor-widget-image\" data-id=\"fc16bce\" data-element_type=\"widget\" data-e-type=\"widget\" data-settings=\"{&quot;_animation&quot;:&quot;fadeInRight&quot;}\" data-widget_type=\"image.default\">\n\t\t\t\t<div class=\"elementor-widget-container\">\n\t\t\t\t\t\t\t\t\t\t\t\t\t\t\t<img loading=\"lazy\" decoding=\"async\" width=\"683\" height=\"1024\" src=\"https:\/\/gaetaneglize.com\/wp-content\/uploads\/2024\/12\/mariage-renaissance-chateau-poudenas_gaetane-glize-photographie_1170-683x1024.jpg\" class=\"attachment-large size-large wp-image-15762\" alt=\"\" srcset=\"https:\/\/gaetaneglize.com\/wp-content\/uploads\/2024\/12\/mariage-renaissance-chateau-poudenas_gaetane-glize-photographie_1170-683x1024.jpg 683w, https:\/\/gaetaneglize.com\/wp-content\/uploads\/2024\/12\/mariage-renaissance-chateau-poudenas_gaetane-glize-photographie_1170-200x300.jpg 200w, https:\/\/gaetaneglize.com\/wp-content\/uploads\/2024\/12\/mariage-renaissance-chateau-poudenas_gaetane-glize-photographie_1170-768x1152.jpg 768w, https:\/\/gaetaneglize.com\/wp-content\/uploads\/2024\/12\/mariage-renaissance-chateau-poudenas_gaetane-glize-photographie_1170-1024x1536.jpg 1024w, https:\/\/gaetaneglize.com\/wp-content\/uploads\/2024\/12\/mariage-renaissance-chateau-poudenas_gaetane-glize-photographie_1170.jpg 1067w\" sizes=\"(max-width: 683px) 100vw, 683px\" \/>\t\t\t\t\t\t\t\t\t\t\t\t\t\t\t<\/div>\n\t\t\t\t<\/div>\n\t\t\t\t<div class=\"elementor-element elementor-element-d4bb8e4 elementor-invisible elementor-widget elementor-widget-image\" data-id=\"d4bb8e4\" data-element_type=\"widget\" data-e-type=\"widget\" data-settings=\"{&quot;_animation&quot;:&quot;fadeInUp&quot;}\" data-widget_type=\"image.default\">\n\t\t\t\t<div class=\"elementor-widget-container\">\n\t\t\t\t\t\t\t\t\t\t\t\t\t\t\t<img loading=\"lazy\" decoding=\"async\" width=\"1024\" height=\"683\" src=\"https:\/\/gaetaneglize.com\/wp-content\/uploads\/2024\/12\/michelle-bertrand-mariage-chateau-amou-landes-preview-1027_websize-1-1024x683.jpg\" class=\"attachment-large size-large wp-image-15685\" alt=\"\" srcset=\"https:\/\/gaetaneglize.com\/wp-content\/uploads\/2024\/12\/michelle-bertrand-mariage-chateau-amou-landes-preview-1027_websize-1-1024x683.jpg 1024w, https:\/\/gaetaneglize.com\/wp-content\/uploads\/2024\/12\/michelle-bertrand-mariage-chateau-amou-landes-preview-1027_websize-1-300x200.jpg 300w, https:\/\/gaetaneglize.com\/wp-content\/uploads\/2024\/12\/michelle-bertrand-mariage-chateau-amou-landes-preview-1027_websize-1-768x512.jpg 768w, https:\/\/gaetaneglize.com\/wp-content\/uploads\/2024\/12\/michelle-bertrand-mariage-chateau-amou-landes-preview-1027_websize-1-1536x1024.jpg 1536w, https:\/\/gaetaneglize.com\/wp-content\/uploads\/2024\/12\/michelle-bertrand-mariage-chateau-amou-landes-preview-1027_websize-1.jpg 1600w\" sizes=\"(max-width: 1024px) 100vw, 1024px\" \/>\t\t\t\t\t\t\t\t\t\t\t\t\t\t\t<\/div>\n\t\t\t\t<\/div>\n\t\t\t\t<div class=\"elementor-element elementor-element-2c5a1a3 elementor-invisible elementor-widget elementor-widget-image\" data-id=\"2c5a1a3\" data-element_type=\"widget\" data-e-type=\"widget\" data-settings=\"{&quot;_animation&quot;:&quot;fadeInRight&quot;}\" data-widget_type=\"image.default\">\n\t\t\t\t<div class=\"elementor-widget-container\">\n\t\t\t\t\t\t\t\t\t\t\t\t\t\t\t<img loading=\"lazy\" decoding=\"async\" width=\"1024\" height=\"683\" src=\"https:\/\/gaetaneglize.com\/wp-content\/uploads\/2024\/12\/anna-maxime-photo-mariage-elopement-chapelle-landes-1655_websize-1024x683.jpg\" class=\"attachment-large size-large wp-image-16009\" alt=\"\" srcset=\"https:\/\/gaetaneglize.com\/wp-content\/uploads\/2024\/12\/anna-maxime-photo-mariage-elopement-chapelle-landes-1655_websize-1024x683.jpg 1024w, https:\/\/gaetaneglize.com\/wp-content\/uploads\/2024\/12\/anna-maxime-photo-mariage-elopement-chapelle-landes-1655_websize-300x200.jpg 300w, https:\/\/gaetaneglize.com\/wp-content\/uploads\/2024\/12\/anna-maxime-photo-mariage-elopement-chapelle-landes-1655_websize-768x512.jpg 768w, https:\/\/gaetaneglize.com\/wp-content\/uploads\/2024\/12\/anna-maxime-photo-mariage-elopement-chapelle-landes-1655_websize-1536x1024.jpg 1536w, https:\/\/gaetaneglize.com\/wp-content\/uploads\/2024\/12\/anna-maxime-photo-mariage-elopement-chapelle-landes-1655_websize.jpg 1600w\" sizes=\"(max-width: 1024px) 100vw, 1024px\" \/>\t\t\t\t\t\t\t\t\t\t\t\t\t\t\t<\/div>\n\t\t\t\t<\/div>\n\t\t\t\t\t<\/div>\n\t\t<\/div>\n\t\t\t\t\t<\/div>\n\t\t<\/section>\n\t\t\t\t<section class=\"elementor-section elementor-top-section elementor-element elementor-element-e0bf34f elementor-section-boxed elementor-section-height-default elementor-section-height-default\" data-id=\"e0bf34f\" data-element_type=\"section\" data-e-type=\"section\" data-settings=\"{&quot;background_background&quot;:&quot;classic&quot;}\">\n\t\t\t\t\t\t<div class=\"elementor-container elementor-column-gap-default\">\n\t\t\t\t\t<div class=\"elementor-column elementor-col-100 elementor-top-column elementor-element elementor-element-a0fac22\" data-id=\"a0fac22\" data-element_type=\"column\" data-e-type=\"column\">\n\t\t\t<div class=\"elementor-widget-wrap elementor-element-populated\">\n\t\t\t\t\t\t<div class=\"elementor-element elementor-element-b9e56bf elementor-widget elementor-widget-menu-anchor\" data-id=\"b9e56bf\" data-element_type=\"widget\" data-e-type=\"widget\" data-widget_type=\"menu-anchor.default\">\n\t\t\t\t<div class=\"elementor-widget-container\">\n\t\t\t\t\t\t\t<div class=\"elementor-menu-anchor\" id=\"avis-photographe-landes-pays-basque\"><\/div>\n\t\t\t\t\t\t<\/div>\n\t\t\t\t<\/div>\n\t\t\t\t<div class=\"elementor-element elementor-element-cd67ffa elementor-invisible elementor-widget elementor-widget-heading\" data-id=\"cd67ffa\" data-element_type=\"widget\" data-e-type=\"widget\" data-settings=\"{&quot;_animation&quot;:&quot;fadeInUp&quot;}\" data-widget_type=\"heading.default\">\n\t\t\t\t<div class=\"elementor-widget-container\">\n\t\t\t\t\t<h3 class=\"elementor-heading-title elementor-size-default\">Leurs avis<\/h3>\t\t\t\t<\/div>\n\t\t\t\t<\/div>\n\t\t\t\t<div class=\"elementor-element elementor-element-529ffc4 elementor-invisible elementor-widget elementor-widget-heading\" data-id=\"529ffc4\" data-element_type=\"widget\" data-e-type=\"widget\" data-settings=\"{&quot;_animation&quot;:&quot;fadeInUp&quot;}\" data-widget_type=\"heading.default\">\n\t\t\t\t<div class=\"elementor-widget-container\">\n\t\t\t\t\t<h2 class=\"elementor-heading-title elementor-size-default\">Leurs petits mots sur leur exp\u00e9rience<\/h2>\t\t\t\t<\/div>\n\t\t\t\t<\/div>\n\t\t\t\t<div class=\"elementor-element elementor-element-897f782 elementor-invisible elementor-widget elementor-widget-text-editor\" data-id=\"897f782\" data-element_type=\"widget\" data-e-type=\"widget\" data-settings=\"{&quot;_animation&quot;:&quot;fadeInRight&quot;}\" data-widget_type=\"text-editor.default\">\n\t\t\t\t<div class=\"elementor-widget-container\">\n\t\t\t\t\t\t\t\t\t<p><\/p>\t\t\t\t\t\t\t\t<\/div>\n\t\t\t\t<\/div>\n\t\t\t\t\t<\/div>\n\t\t<\/div>\n\t\t\t\t\t<\/div>\n\t\t<\/section>\n\t\t\t\t<section class=\"elementor-section elementor-top-section elementor-element elementor-element-9b14a89 elementor-section-full_width elementor-section-height-min-height elementor-section-height-default elementor-section-items-middle\" data-id=\"9b14a89\" data-element_type=\"section\" data-e-type=\"section\" data-settings=\"{&quot;background_background&quot;:&quot;classic&quot;,&quot;animation&quot;:&quot;none&quot;}\">\n\t\t\t\t\t\t<div class=\"elementor-container elementor-column-gap-default\">\n\t\t\t\t\t<div class=\"elementor-column elementor-col-16 elementor-top-column elementor-element elementor-element-990a732\" data-id=\"990a732\" data-element_type=\"column\" data-e-type=\"column\">\n\t\t\t<div class=\"elementor-widget-wrap\">\n\t\t\t\t\t\t\t<\/div>\n\t\t<\/div>\n\t\t\t\t<div class=\"elementor-column elementor-col-66 elementor-top-column elementor-element elementor-element-dbd519b\" data-id=\"dbd519b\" data-element_type=\"column\" data-e-type=\"column\">\n\t\t\t<div class=\"elementor-widget-wrap elementor-element-populated\">\n\t\t\t\t\t\t<div class=\"elementor-element elementor-element-e449924 elementor-widget elementor-widget-menu-anchor\" data-id=\"e449924\" data-element_type=\"widget\" data-e-type=\"widget\" data-widget_type=\"menu-anchor.default\">\n\t\t\t\t<div class=\"elementor-widget-container\">\n\t\t\t\t\t\t\t<div class=\"elementor-menu-anchor\" id=\"contact-photographe-landes-pays-basque\"><\/div>\n\t\t\t\t\t\t<\/div>\n\t\t\t\t<\/div>\n\t\t\t\t<div class=\"elementor-element elementor-element-1d1ac51 elementor-invisible elementor-widget elementor-widget-heading\" data-id=\"1d1ac51\" data-element_type=\"widget\" data-e-type=\"widget\" data-settings=\"{&quot;_animation&quot;:&quot;fadeInUp&quot;}\" data-widget_type=\"heading.default\">\n\t\t\t\t<div class=\"elementor-widget-container\">\n\t\t\t\t\t<h2 class=\"elementor-heading-title elementor-size-default\">On fait \u00e9quipe ?<\/h2>\t\t\t\t<\/div>\n\t\t\t\t<\/div>\n\t\t\t\t<div class=\"elementor-element elementor-element-9c37ab0 elementor-invisible elementor-widget elementor-widget-text-editor\" data-id=\"9c37ab0\" data-element_type=\"widget\" data-e-type=\"widget\" data-settings=\"{&quot;_animation&quot;:&quot;fadeInUp&quot;}\" data-widget_type=\"text-editor.default\">\n\t\t\t\t<div class=\"elementor-widget-container\">\n\t\t\t\t\t\t\t\t\t<p>Je vous invite \u00e0 m&#8217;envoyer un petit mot et \u00e0 me partager votre projet. J&#8217;ai h\u00e2te de vous lire.<\/p>\t\t\t\t\t\t\t\t<\/div>\n\t\t\t\t<\/div>\n\t\t\t\t<div class=\"elementor-element elementor-element-d56dc82 elementor-align-center elementor-invisible elementor-widget elementor-widget-button\" data-id=\"d56dc82\" data-element_type=\"widget\" data-e-type=\"widget\" data-settings=\"{&quot;_animation&quot;:&quot;fadeInUp&quot;}\" data-widget_type=\"button.default\">\n\t\t\t\t<div class=\"elementor-widget-container\">\n\t\t\t\t\t\t\t\t\t<div class=\"elementor-button-wrapper\">\n\t\t\t\t\t<a class=\"elementor-button elementor-button-link elementor-size-sm elementor-animation-float\" href=\"\/fr\/contactez-votre-photographe-mariage-couple-grossesse-famille-landes\/\">\n\t\t\t\t\t\t<span class=\"elementor-button-content-wrapper\">\n\t\t\t\t\t\t\t\t\t<span class=\"elementor-button-text\">On te contacte &gt;<\/span>\n\t\t\t\t\t<\/span>\n\t\t\t\t\t<\/a>\n\t\t\t\t<\/div>\n\t\t\t\t\t\t\t\t<\/div>\n\t\t\t\t<\/div>\n\t\t\t\t\t<\/div>\n\t\t<\/div>\n\t\t\t\t<div class=\"elementor-column elementor-col-16 elementor-top-column elementor-element elementor-element-530f3a2\" data-id=\"530f3a2\" data-element_type=\"column\" data-e-type=\"column\">\n\t\t\t<div class=\"elementor-widget-wrap\">\n\t\t\t\t\t\t\t<\/div>\n\t\t<\/div>\n\t\t\t\t\t<\/div>\n\t\t<\/section>\n\t\t\t\t<section class=\"elementor-section elementor-top-section elementor-element elementor-element-b1bbf7f elementor-section-boxed elementor-section-height-default elementor-section-height-default\" data-id=\"b1bbf7f\" data-element_type=\"section\" data-e-type=\"section\" data-settings=\"{&quot;background_background&quot;:&quot;classic&quot;}\">\n\t\t\t\t\t\t<div class=\"elementor-container elementor-column-gap-default\">\n\t\t\t\t\t<div class=\"elementor-column elementor-col-100 elementor-top-column elementor-element elementor-element-06fa978\" data-id=\"06fa978\" data-element_type=\"column\" data-e-type=\"column\">\n\t\t\t<div class=\"elementor-widget-wrap elementor-element-populated\">\n\t\t\t\t\t\t<div class=\"elementor-element elementor-element-3b06e80 elementor-invisible elementor-widget elementor-widget-text-editor\" data-id=\"3b06e80\" data-element_type=\"widget\" data-e-type=\"widget\" data-settings=\"{&quot;_animation&quot;:&quot;fadeInRight&quot;}\" data-widget_type=\"text-editor.default\">\n\t\t\t\t<div class=\"elementor-widget-container\">\n\t\t\t\t\t\t\t\t\t<p><em>\u00a9 <a href=\"https:\/\/camillechevalier.fr\/\" target=\"_blank\" rel=\"noopener\">Camille Chevalier<\/a> pour les photos en montagne avec Tiago<\/em><\/p>\t\t\t\t\t\t\t\t<\/div>\n\t\t\t\t<\/div>\n\t\t\t\t\t<\/div>\n\t\t<\/div>\n\t\t\t\t\t<\/div>\n\t\t<\/section>\n\t\t\t\t<section class=\"elementor-section elementor-top-section elementor-element elementor-element-1e36698 elementor-section-content-middle elementor-section-boxed elementor-section-height-default elementor-section-height-default\" data-id=\"1e36698\" data-element_type=\"section\" data-e-type=\"section\" data-settings=\"{&quot;background_background&quot;:&quot;classic&quot;}\">\n\t\t\t\t\t\t<div class=\"elementor-container elementor-column-gap-wider\">\n\t\t\t\t\t<div class=\"elementor-column elementor-col-50 elementor-top-column elementor-element elementor-element-1a24764\" data-id=\"1a24764\" data-element_type=\"column\" data-e-type=\"column\">\n\t\t\t<div class=\"elementor-widget-wrap elementor-element-populated\">\n\t\t\t\t\t\t<div class=\"elementor-element elementor-element-c045c58 elementor-invisible elementor-widget elementor-widget-heading\" data-id=\"c045c58\" data-element_type=\"widget\" data-e-type=\"widget\" data-settings=\"{&quot;_animation&quot;:&quot;fadeInLeft&quot;}\" data-widget_type=\"heading.default\">\n\t\t\t\t<div class=\"elementor-widget-container\">\n\t\t\t\t\t<h2 class=\"elementor-heading-title elementor-size-default\">Quelle sera votre histoire ?<\/h2>\t\t\t\t<\/div>\n\t\t\t\t<\/div>\n\t\t\t\t\t<\/div>\n\t\t<\/div>\n\t\t\t\t<div class=\"elementor-column elementor-col-50 elementor-top-column elementor-element elementor-element-d436421\" data-id=\"d436421\" data-element_type=\"column\" data-e-type=\"column\">\n\t\t\t<div class=\"elementor-widget-wrap elementor-element-populated\">\n\t\t\t\t\t\t<div class=\"elementor-element elementor-element-a82a677 elementor-invisible elementor-widget elementor-widget-heading\" data-id=\"a82a677\" data-element_type=\"widget\" data-e-type=\"widget\" data-settings=\"{&quot;_animation&quot;:&quot;fadeInRight&quot;}\" data-widget_type=\"heading.default\">\n\t\t\t\t<div class=\"elementor-widget-container\">\n\t\t\t\t\t<h3 class=\"elementor-heading-title elementor-size-default\">Racontez-moi vos envies<\/h3>\t\t\t\t<\/div>\n\t\t\t\t<\/div>\n\t\t\t\t<div class=\"elementor-element elementor-element-b460719 elementor-invisible elementor-widget elementor-widget-text-editor\" data-id=\"b460719\" data-element_type=\"widget\" data-e-type=\"widget\" data-settings=\"{&quot;_animation&quot;:&quot;fadeInRight&quot;}\" data-widget_type=\"text-editor.default\">\n\t\t\t\t<div class=\"elementor-widget-container\">\n\t\t\t\t\t\t\t\t\t<p>Je vous invite \u00e0 me parler de vous, de vos inspirations et de vos r\u00eaves pour votre exp\u00e9rience photo.<\/p>\t\t\t\t\t\t\t\t<\/div>\n\t\t\t\t<\/div>\n\t\t\t\t<div class=\"elementor-element elementor-element-66ca2ef elementor-align-center elementor-invisible elementor-widget elementor-widget-button\" data-id=\"66ca2ef\" data-element_type=\"widget\" data-e-type=\"widget\" data-settings=\"{&quot;_animation&quot;:&quot;fadeInRight&quot;}\" data-widget_type=\"button.default\">\n\t\t\t\t<div class=\"elementor-widget-container\">\n\t\t\t\t\t\t\t\t\t<div class=\"elementor-button-wrapper\">\n\t\t\t\t\t<a class=\"elementor-button elementor-button-link elementor-size-sm elementor-animation-float\" href=\"\/fr\/contactez-votre-photographe-mariage-couple-grossesse-famille-landes\">\n\t\t\t\t\t\t<span class=\"elementor-button-content-wrapper\">\n\t\t\t\t\t\t\t\t\t<span class=\"elementor-button-text\">On te partage nos envies &gt;<\/span>\n\t\t\t\t\t<\/span>\n\t\t\t\t\t<\/a>\n\t\t\t\t<\/div>\n\t\t\t\t\t\t\t\t<\/div>\n\t\t\t\t<\/div>\n\t\t\t\t\t<\/div>\n\t\t<\/div>\n\t\t\t\t\t<\/div>\n\t\t<\/section>\n\t\t\t\t<\/div>\n\t\t","protected":false},"excerpt":{"rendered":"<p>\u00c0 propos de votre photographe D\u00e9couvrez-en un peu plus sur moi Reportage photo sinc\u00e8re, po\u00e9tique et doux Photographe nomade qui raconte votre histoire Je suis Ga\u00e9tane Glize, photographe nomade sp\u00e9cialis\u00e9e dans la capture sinc\u00e8re et po\u00e9tique des liens qui vous unissent \u00e0 l&#8217;occasion de votre mariage, de votre elopement,\u00a0d&#8217;une s\u00e9ance couple, grossesse, famille ou portrait. [&hellip;]<\/p>\n","protected":false},"author":3,"featured_media":17573,"parent":0,"menu_order":0,"comment_status":"closed","ping_status":"closed","template":"","meta":{"site-sidebar-layout":"no-sidebar","site-content-layout":"page-builder","ast-site-content-layout":"full-width-container","site-content-style":"unboxed","site-sidebar-style":"unboxed","ast-global-header-display":"","ast-banner-title-visibility":"","ast-main-header-display":"","ast-hfb-above-header-display":"","ast-hfb-below-header-display":"","ast-hfb-mobile-header-display":"","site-post-title":"disabled","ast-breadcrumbs-content":"","ast-featured-img":"disabled","footer-sml-layout":"","ast-disable-related-posts":"","theme-transparent-header-meta":"default","adv-header-id-meta":"","stick-header-meta":"default","header-above-stick-meta":"","header-main-stick-meta":"","header-below-stick-meta":"","astra-migrate-meta-layouts":"set","ast-page-background-enabled":"default","ast-page-background-meta":{"desktop":{"background-color":"","background-image":"","background-repeat":"repeat","background-position":"center center","background-size":"auto","background-attachment":"scroll","background-type":"","background-media":"","overlay-type":"","overlay-color":"","overlay-opacity":"","overlay-gradient":""},"tablet":{"background-color":"","background-image":"","background-repeat":"repeat","background-position":"center center","background-size":"auto","background-attachment":"scroll","background-type":"","background-media":"","overlay-type":"","overlay-color":"","overlay-opacity":"","overlay-gradient":""},"mobile":{"background-color":"","background-image":"","background-repeat":"repeat","background-position":"center center","background-size":"auto","background-attachment":"scroll","background-type":"","background-media":"","overlay-type":"","overlay-color":"","overlay-opacity":"","overlay-gradient":""}},"ast-content-background-meta":{"desktop":{"background-color":"var(--ast-global-color-5)","background-image":"","background-repeat":"repeat","background-position":"center center","background-size":"auto","background-attachment":"scroll","background-type":"","background-media":"","overlay-type":"","overlay-color":"","overlay-opacity":"","overlay-gradient":""},"tablet":{"background-color":"var(--ast-global-color-5)","background-image":"","background-repeat":"repeat","background-position":"center center","background-size":"auto","background-attachment":"scroll","background-type":"","background-media":"","overlay-type":"","overlay-color":"","overlay-opacity":"","overlay-gradient":""},"mobile":{"background-color":"var(--ast-global-color-5)","background-image":"","background-repeat":"repeat","background-position":"center center","background-size":"auto","background-attachment":"scroll","background-type":"","background-media":"","overlay-type":"","overlay-color":"","overlay-opacity":"","overlay-gradient":""}},"footnotes":""},"class_list":["post-7463","page","type-page","status-publish","has-post-thumbnail","hentry"],"yoast_head":"<!-- This site is optimized with the Yoast SEO plugin v27.4 - https:\/\/yoast.com\/product\/yoast-seo-wordpress\/ -->\n<title>\u00c0 propos | photographe d&#039;elopements + mariages intimes | Ga\u00e9tane Glize<\/title>\n<meta name=\"description\" content=\"Plus qu&#039;une photographe de mariage et elopement, je vous aide \u00e0 cr\u00e9er une exp\u00e9rience unique et significative pour c\u00e9l\u00e9brer votre amour !\" \/>\n<meta name=\"robots\" content=\"index, follow, max-snippet:-1, max-image-preview:large, max-video-preview:-1\" \/>\n<link rel=\"canonical\" href=\"https:\/\/gaetaneglize.com\/fr\/photographe-elopement-mariage-aventure-france\/\" \/>\n<meta property=\"og:locale\" content=\"fr_FR\" \/>\n<meta property=\"og:type\" content=\"article\" \/>\n<meta property=\"og:title\" content=\"\u00c0 propos | photographe d&#039;elopements + mariages intimes | Ga\u00e9tane Glize\" \/>\n<meta property=\"og:description\" content=\"Plus qu&#039;une photographe de mariage et elopement, je vous aide \u00e0 cr\u00e9er une exp\u00e9rience unique et significative pour c\u00e9l\u00e9brer votre amour !\" \/>\n<meta property=\"og:url\" content=\"https:\/\/gaetaneglize.com\/fr\/photographe-elopement-mariage-aventure-france\/\" \/>\n<meta property=\"og:site_name\" content=\"Ga\u00e9tane Glize\" \/>\n<meta property=\"article:publisher\" content=\"https:\/\/www.facebook.com\/gaetaneglizephotography\/\" \/>\n<meta property=\"article:modified_time\" content=\"2025-01-30T02:01:42+00:00\" \/>\n<meta property=\"og:image\" content=\"https:\/\/gaetaneglize.com\/wp-content\/uploads\/2025\/01\/photographe-mariage-elopement-couple-grossesse-famille-landes-pays-basque-2001.jpg\" \/>\n\t<meta property=\"og:image:width\" content=\"1500\" \/>\n\t<meta property=\"og:image:height\" content=\"1000\" \/>\n\t<meta property=\"og:image:type\" content=\"image\/jpeg\" \/>\n<meta name=\"twitter:card\" content=\"summary_large_image\" \/>\n<meta name=\"twitter:label1\" content=\"Dur\u00e9e de lecture estim\u00e9e\" \/>\n\t<meta name=\"twitter:data1\" content=\"15 minutes\" \/>\n<script type=\"application\/ld+json\" class=\"yoast-schema-graph\">{\"@context\":\"https:\\\/\\\/schema.org\",\"@graph\":[{\"@type\":\"WebPage\",\"@id\":\"https:\\\/\\\/gaetaneglize.com\\\/fr\\\/photographe-elopement-mariage-aventure-france\\\/\",\"url\":\"https:\\\/\\\/gaetaneglize.com\\\/fr\\\/photographe-elopement-mariage-aventure-france\\\/\",\"name\":\"\u00c0 propos | photographe d'elopements + mariages intimes | Ga\u00e9tane Glize\",\"isPartOf\":{\"@id\":\"https:\\\/\\\/gaetaneglize.com\\\/fr\\\/#website\"},\"primaryImageOfPage\":{\"@id\":\"https:\\\/\\\/gaetaneglize.com\\\/fr\\\/photographe-elopement-mariage-aventure-france\\\/#primaryimage\"},\"image\":{\"@id\":\"https:\\\/\\\/gaetaneglize.com\\\/fr\\\/photographe-elopement-mariage-aventure-france\\\/#primaryimage\"},\"thumbnailUrl\":\"https:\\\/\\\/gaetaneglize.com\\\/wp-content\\\/uploads\\\/2025\\\/01\\\/photographe-mariage-elopement-couple-grossesse-famille-landes-pays-basque-2001.jpg\",\"datePublished\":\"2021-05-20T00:09:06+00:00\",\"dateModified\":\"2025-01-30T02:01:42+00:00\",\"description\":\"Plus qu'une photographe de mariage et elopement, je vous aide \u00e0 cr\u00e9er une exp\u00e9rience unique et significative pour c\u00e9l\u00e9brer votre amour !\",\"breadcrumb\":{\"@id\":\"https:\\\/\\\/gaetaneglize.com\\\/fr\\\/photographe-elopement-mariage-aventure-france\\\/#breadcrumb\"},\"inLanguage\":\"fr-FR\",\"potentialAction\":[{\"@type\":\"ReadAction\",\"target\":[\"https:\\\/\\\/gaetaneglize.com\\\/fr\\\/photographe-elopement-mariage-aventure-france\\\/\"]}]},{\"@type\":\"ImageObject\",\"inLanguage\":\"fr-FR\",\"@id\":\"https:\\\/\\\/gaetaneglize.com\\\/fr\\\/photographe-elopement-mariage-aventure-france\\\/#primaryimage\",\"url\":\"https:\\\/\\\/gaetaneglize.com\\\/wp-content\\\/uploads\\\/2025\\\/01\\\/photographe-mariage-elopement-couple-grossesse-famille-landes-pays-basque-2001.jpg\",\"contentUrl\":\"https:\\\/\\\/gaetaneglize.com\\\/wp-content\\\/uploads\\\/2025\\\/01\\\/photographe-mariage-elopement-couple-grossesse-famille-landes-pays-basque-2001.jpg\",\"width\":1500,\"height\":1000,\"caption\":\"La photographe Ga\u00e9tane Glize est assise avec son chien loup husky. Ils sont dans les montagnes des Pyr\u00e9n\u00e9es en automne.\"},{\"@type\":\"BreadcrumbList\",\"@id\":\"https:\\\/\\\/gaetaneglize.com\\\/fr\\\/photographe-elopement-mariage-aventure-france\\\/#breadcrumb\",\"itemListElement\":[{\"@type\":\"ListItem\",\"position\":1,\"name\":\"Accueil\",\"item\":\"https:\\\/\\\/gaetaneglize.com\\\/fr\\\/\"},{\"@type\":\"ListItem\",\"position\":2,\"name\":\"\u00e0 propos\"}]},{\"@type\":\"WebSite\",\"@id\":\"https:\\\/\\\/gaetaneglize.com\\\/fr\\\/#website\",\"url\":\"https:\\\/\\\/gaetaneglize.com\\\/fr\\\/\",\"name\":\"Ga\u00e9tane Glize\",\"description\":\"Photographe de mariage, couple, famille et grossesse dans les Landes\",\"publisher\":{\"@id\":\"https:\\\/\\\/gaetaneglize.com\\\/fr\\\/#organization\"},\"potentialAction\":[{\"@type\":\"SearchAction\",\"target\":{\"@type\":\"EntryPoint\",\"urlTemplate\":\"https:\\\/\\\/gaetaneglize.com\\\/fr\\\/?s={search_term_string}\"},\"query-input\":{\"@type\":\"PropertyValueSpecification\",\"valueRequired\":true,\"valueName\":\"search_term_string\"}}],\"inLanguage\":\"fr-FR\"},{\"@type\":\"Organization\",\"@id\":\"https:\\\/\\\/gaetaneglize.com\\\/fr\\\/#organization\",\"name\":\"Ga\u00e9tane Glize\",\"url\":\"https:\\\/\\\/gaetaneglize.com\\\/fr\\\/\",\"logo\":{\"@type\":\"ImageObject\",\"inLanguage\":\"fr-FR\",\"@id\":\"https:\\\/\\\/gaetaneglize.com\\\/fr\\\/#\\\/schema\\\/logo\\\/image\\\/\",\"url\":\"https:\\\/\\\/gaetaneglize.com\\\/wp-content\\\/uploads\\\/2025\\\/01\\\/gaetane-glize-photography-logo-2025.png\",\"contentUrl\":\"https:\\\/\\\/gaetaneglize.com\\\/wp-content\\\/uploads\\\/2025\\\/01\\\/gaetane-glize-photography-logo-2025.png\",\"width\":2588,\"height\":1970,\"caption\":\"Ga\u00e9tane Glize\"},\"image\":{\"@id\":\"https:\\\/\\\/gaetaneglize.com\\\/fr\\\/#\\\/schema\\\/logo\\\/image\\\/\"},\"sameAs\":[\"https:\\\/\\\/www.facebook.com\\\/gaetaneglizephotography\\\/\",\"https:\\\/\\\/www.instagram.com\\\/gaetaneglize\\\/\"]}]}<\/script>\n<!-- \/ Yoast SEO plugin. -->","yoast_head_json":{"title":"\u00c0 propos | photographe d'elopements + mariages intimes | Ga\u00e9tane Glize","description":"Plus qu'une photographe de mariage et elopement, je vous aide \u00e0 cr\u00e9er une exp\u00e9rience unique et significative pour c\u00e9l\u00e9brer votre amour !","robots":{"index":"index","follow":"follow","max-snippet":"max-snippet:-1","max-image-preview":"max-image-preview:large","max-video-preview":"max-video-preview:-1"},"canonical":"https:\/\/gaetaneglize.com\/fr\/photographe-elopement-mariage-aventure-france\/","og_locale":"fr_FR","og_type":"article","og_title":"\u00c0 propos | photographe d'elopements + mariages intimes | Ga\u00e9tane Glize","og_description":"Plus qu'une photographe de mariage et elopement, je vous aide \u00e0 cr\u00e9er une exp\u00e9rience unique et significative pour c\u00e9l\u00e9brer votre amour !","og_url":"https:\/\/gaetaneglize.com\/fr\/photographe-elopement-mariage-aventure-france\/","og_site_name":"Ga\u00e9tane Glize","article_publisher":"https:\/\/www.facebook.com\/gaetaneglizephotography\/","article_modified_time":"2025-01-30T02:01:42+00:00","og_image":[{"width":1500,"height":1000,"url":"https:\/\/gaetaneglize.com\/wp-content\/uploads\/2025\/01\/photographe-mariage-elopement-couple-grossesse-famille-landes-pays-basque-2001.jpg","type":"image\/jpeg"}],"twitter_card":"summary_large_image","twitter_misc":{"Dur\u00e9e de lecture estim\u00e9e":"15 minutes"},"schema":{"@context":"https:\/\/schema.org","@graph":[{"@type":"WebPage","@id":"https:\/\/gaetaneglize.com\/fr\/photographe-elopement-mariage-aventure-france\/","url":"https:\/\/gaetaneglize.com\/fr\/photographe-elopement-mariage-aventure-france\/","name":"\u00c0 propos | photographe d'elopements + mariages intimes | Ga\u00e9tane Glize","isPartOf":{"@id":"https:\/\/gaetaneglize.com\/fr\/#website"},"primaryImageOfPage":{"@id":"https:\/\/gaetaneglize.com\/fr\/photographe-elopement-mariage-aventure-france\/#primaryimage"},"image":{"@id":"https:\/\/gaetaneglize.com\/fr\/photographe-elopement-mariage-aventure-france\/#primaryimage"},"thumbnailUrl":"https:\/\/gaetaneglize.com\/wp-content\/uploads\/2025\/01\/photographe-mariage-elopement-couple-grossesse-famille-landes-pays-basque-2001.jpg","datePublished":"2021-05-20T00:09:06+00:00","dateModified":"2025-01-30T02:01:42+00:00","description":"Plus qu'une photographe de mariage et elopement, je vous aide \u00e0 cr\u00e9er une exp\u00e9rience unique et significative pour c\u00e9l\u00e9brer votre amour !","breadcrumb":{"@id":"https:\/\/gaetaneglize.com\/fr\/photographe-elopement-mariage-aventure-france\/#breadcrumb"},"inLanguage":"fr-FR","potentialAction":[{"@type":"ReadAction","target":["https:\/\/gaetaneglize.com\/fr\/photographe-elopement-mariage-aventure-france\/"]}]},{"@type":"ImageObject","inLanguage":"fr-FR","@id":"https:\/\/gaetaneglize.com\/fr\/photographe-elopement-mariage-aventure-france\/#primaryimage","url":"https:\/\/gaetaneglize.com\/wp-content\/uploads\/2025\/01\/photographe-mariage-elopement-couple-grossesse-famille-landes-pays-basque-2001.jpg","contentUrl":"https:\/\/gaetaneglize.com\/wp-content\/uploads\/2025\/01\/photographe-mariage-elopement-couple-grossesse-famille-landes-pays-basque-2001.jpg","width":1500,"height":1000,"caption":"La photographe Ga\u00e9tane Glize est assise avec son chien loup husky. Ils sont dans les montagnes des Pyr\u00e9n\u00e9es en automne."},{"@type":"BreadcrumbList","@id":"https:\/\/gaetaneglize.com\/fr\/photographe-elopement-mariage-aventure-france\/#breadcrumb","itemListElement":[{"@type":"ListItem","position":1,"name":"Accueil","item":"https:\/\/gaetaneglize.com\/fr\/"},{"@type":"ListItem","position":2,"name":"\u00e0 propos"}]},{"@type":"WebSite","@id":"https:\/\/gaetaneglize.com\/fr\/#website","url":"https:\/\/gaetaneglize.com\/fr\/","name":"Ga\u00e9tane Glize","description":"Photographe de mariage, couple, famille et grossesse dans les Landes","publisher":{"@id":"https:\/\/gaetaneglize.com\/fr\/#organization"},"potentialAction":[{"@type":"SearchAction","target":{"@type":"EntryPoint","urlTemplate":"https:\/\/gaetaneglize.com\/fr\/?s={search_term_string}"},"query-input":{"@type":"PropertyValueSpecification","valueRequired":true,"valueName":"search_term_string"}}],"inLanguage":"fr-FR"},{"@type":"Organization","@id":"https:\/\/gaetaneglize.com\/fr\/#organization","name":"Ga\u00e9tane Glize","url":"https:\/\/gaetaneglize.com\/fr\/","logo":{"@type":"ImageObject","inLanguage":"fr-FR","@id":"https:\/\/gaetaneglize.com\/fr\/#\/schema\/logo\/image\/","url":"https:\/\/gaetaneglize.com\/wp-content\/uploads\/2025\/01\/gaetane-glize-photography-logo-2025.png","contentUrl":"https:\/\/gaetaneglize.com\/wp-content\/uploads\/2025\/01\/gaetane-glize-photography-logo-2025.png","width":2588,"height":1970,"caption":"Ga\u00e9tane Glize"},"image":{"@id":"https:\/\/gaetaneglize.com\/fr\/#\/schema\/logo\/image\/"},"sameAs":["https:\/\/www.facebook.com\/gaetaneglizephotography\/","https:\/\/www.instagram.com\/gaetaneglize\/"]}]}},"_links":{"self":[{"href":"https:\/\/gaetaneglize.com\/fr\/wp-json\/wp\/v2\/pages\/7463","targetHints":{"allow":["GET"]}}],"collection":[{"href":"https:\/\/gaetaneglize.com\/fr\/wp-json\/wp\/v2\/pages"}],"about":[{"href":"https:\/\/gaetaneglize.com\/fr\/wp-json\/wp\/v2\/types\/page"}],"author":[{"embeddable":true,"href":"https:\/\/gaetaneglize.com\/fr\/wp-json\/wp\/v2\/users\/3"}],"replies":[{"embeddable":true,"href":"https:\/\/gaetaneglize.com\/fr\/wp-json\/wp\/v2\/comments?post=7463"}],"version-history":[{"count":246,"href":"https:\/\/gaetaneglize.com\/fr\/wp-json\/wp\/v2\/pages\/7463\/revisions"}],"predecessor-version":[{"id":18145,"href":"https:\/\/gaetaneglize.com\/fr\/wp-json\/wp\/v2\/pages\/7463\/revisions\/18145"}],"wp:featuredmedia":[{"embeddable":true,"href":"https:\/\/gaetaneglize.com\/fr\/wp-json\/wp\/v2\/media\/17573"}],"wp:attachment":[{"href":"https:\/\/gaetaneglize.com\/fr\/wp-json\/wp\/v2\/media?parent=7463"}],"curies":[{"name":"wp","href":"https:\/\/api.w.org\/{rel}","templated":true}]}}