{"id":18400,"date":"2025-07-05T16:39:51","date_gmt":"2025-07-05T14:39:51","guid":{"rendered":"https:\/\/gaetaneglize.com\/?page_id=18400"},"modified":"2025-07-05T16:44:33","modified_gmt":"2025-07-05T14:44:33","slug":"guide-seance-grossesse","status":"publish","type":"page","link":"https:\/\/gaetaneglize.com\/fr\/guide-seance-grossesse\/","title":{"rendered":"guide s\u00e9ance grossesse"},"content":{"rendered":"\t\t<div data-elementor-type=\"wp-page\" data-elementor-id=\"18400\" class=\"elementor elementor-18400\">\n\t\t\t\t\t\t<section class=\"elementor-section elementor-top-section elementor-element elementor-element-fc4ba01 elementor-section-full_width elementor-section-height-min-height elementor-section-content-middle elementor-section-items-top elementor-section-height-default\" data-id=\"fc4ba01\" data-element_type=\"section\" data-e-type=\"section\" data-settings=\"{&quot;background_background&quot;:&quot;classic&quot;}\">\n\t\t\t\t\t\t\t<div class=\"elementor-background-overlay\"><\/div>\n\t\t\t\t\t\t\t<div class=\"elementor-container elementor-column-gap-default\">\n\t\t\t\t\t<div class=\"elementor-column elementor-col-25 elementor-top-column elementor-element elementor-element-48d76f6\" data-id=\"48d76f6\" data-element_type=\"column\" data-e-type=\"column\">\n\t\t\t<div class=\"elementor-widget-wrap elementor-element-populated\">\n\t\t\t\t\t\t<div class=\"elementor-element elementor-element-f5d5338 elementor-widget elementor-widget-heading\" data-id=\"f5d5338\" data-element_type=\"widget\" data-e-type=\"widget\" data-widget_type=\"heading.default\">\n\t\t\t\t<div class=\"elementor-widget-container\">\n\t\t\t\t\t<h2 class=\"elementor-heading-title elementor-size-default\">Guide s\u00e9ance grossesse<\/h2>\t\t\t\t<\/div>\n\t\t\t\t<\/div>\n\t\t\t\t\t<\/div>\n\t\t<\/div>\n\t\t\t\t<div class=\"elementor-column elementor-col-50 elementor-top-column elementor-element elementor-element-c903cef\" data-id=\"c903cef\" data-element_type=\"column\" data-e-type=\"column\">\n\t\t\t<div class=\"elementor-widget-wrap elementor-element-populated\">\n\t\t\t\t\t\t<div class=\"elementor-element elementor-element-2cd7870 elementor-widget elementor-widget-heading\" data-id=\"2cd7870\" data-element_type=\"widget\" data-e-type=\"widget\" data-widget_type=\"heading.default\">\n\t\t\t\t<div class=\"elementor-widget-container\">\n\t\t\t\t\t<h1 class=\"elementor-heading-title elementor-size-default\">Pr\u00e9paration de votre s\u00e9ance<\/h1>\t\t\t\t<\/div>\n\t\t\t\t<\/div>\n\t\t\t\t\t<\/div>\n\t\t<\/div>\n\t\t\t\t<div class=\"elementor-column elementor-col-25 elementor-top-column elementor-element elementor-element-2a675f5\" data-id=\"2a675f5\" data-element_type=\"column\" data-e-type=\"column\">\n\t\t\t<div class=\"elementor-widget-wrap elementor-element-populated\">\n\t\t\t\t\t\t<div class=\"elementor-element elementor-element-523ca0e elementor-widget elementor-widget-spacer\" data-id=\"523ca0e\" data-element_type=\"widget\" data-e-type=\"widget\" data-widget_type=\"spacer.default\">\n\t\t\t\t<div class=\"elementor-widget-container\">\n\t\t\t\t\t\t\t<div class=\"elementor-spacer\">\n\t\t\t<div class=\"elementor-spacer-inner\"><\/div>\n\t\t<\/div>\n\t\t\t\t\t\t<\/div>\n\t\t\t\t<\/div>\n\t\t\t\t\t<\/div>\n\t\t<\/div>\n\t\t\t\t\t<\/div>\n\t\t<\/section>\n\t\t\t\t<section class=\"elementor-section elementor-top-section elementor-element elementor-element-7aa32119 elementor-section-boxed elementor-section-height-default elementor-section-height-default\" data-id=\"7aa32119\" data-element_type=\"section\" data-e-type=\"section\">\n\t\t\t\t\t\t<div class=\"elementor-container elementor-column-gap-default\">\n\t\t\t\t\t<div class=\"elementor-column elementor-col-33 elementor-top-column elementor-element elementor-element-29779bbe\" data-id=\"29779bbe\" data-element_type=\"column\" data-e-type=\"column\">\n\t\t\t<div class=\"elementor-widget-wrap\">\n\t\t\t\t\t\t\t<\/div>\n\t\t<\/div>\n\t\t\t\t<div class=\"elementor-column elementor-col-33 elementor-top-column elementor-element elementor-element-12c0ce3a\" data-id=\"12c0ce3a\" data-element_type=\"column\" data-e-type=\"column\">\n\t\t\t<div class=\"elementor-widget-wrap elementor-element-populated\">\n\t\t\t\t\t\t<div class=\"elementor-element elementor-element-7a37e9ab elementor-widget elementor-widget-toggle\" data-id=\"7a37e9ab\" data-element_type=\"widget\" data-e-type=\"widget\" data-widget_type=\"toggle.default\">\n\t\t\t\t<div class=\"elementor-widget-container\">\n\t\t\t\t\t\t\t<div class=\"elementor-toggle\">\n\t\t\t\t\t\t\t<div class=\"elementor-toggle-item\">\n\t\t\t\t\t<div id=\"elementor-tab-title-2051\" class=\"elementor-tab-title\" data-tab=\"1\" role=\"button\" aria-controls=\"elementor-tab-content-2051\" aria-expanded=\"false\">\n\t\t\t\t\t\t\t\t\t\t\t\t<span class=\"elementor-toggle-icon elementor-toggle-icon-left\" aria-hidden=\"true\">\n\t\t\t\t\t\t\t\t\t\t\t\t\t\t\t<span class=\"elementor-toggle-icon-closed\"><svg class=\"e-font-icon-svg e-fas-caret-right\" viewBox=\"0 0 192 512\" xmlns=\"http:\/\/www.w3.org\/2000\/svg\"><path d=\"M0 384.662V127.338c0-17.818 21.543-26.741 34.142-14.142l128.662 128.662c7.81 7.81 7.81 20.474 0 28.284L34.142 398.804C21.543 411.404 0 402.48 0 384.662z\"><\/path><\/svg><\/span>\n\t\t\t\t\t\t\t\t<span class=\"elementor-toggle-icon-opened\"><svg class=\"elementor-toggle-icon-opened e-font-icon-svg e-fas-caret-up\" viewBox=\"0 0 320 512\" xmlns=\"http:\/\/www.w3.org\/2000\/svg\"><path d=\"M288.662 352H31.338c-17.818 0-26.741-21.543-14.142-34.142l128.662-128.662c7.81-7.81 20.474-7.81 28.284 0l128.662 128.662c12.6 12.599 3.676 34.142-14.142 34.142z\"><\/path><\/svg><\/span>\n\t\t\t\t\t\t\t\t\t\t\t\t\t<\/span>\n\t\t\t\t\t\t\t\t\t\t\t\t<a class=\"elementor-toggle-title\" tabindex=\"0\">MENU DU GUIDE<\/a>\n\t\t\t\t\t<\/div>\n\n\t\t\t\t\t<div id=\"elementor-tab-content-2051\" class=\"elementor-tab-content elementor-clearfix\" data-tab=\"1\" role=\"region\" aria-labelledby=\"elementor-tab-title-2051\"><ul><li><a href=\"#intro\">Intro<\/a><\/li><li><a href=\"#quand\">Quand faire la s\u00e9ance ?<\/a><\/li><li><a href=\"#quel-moment\">\u00c0 quel moment de la journ\u00e9e ?<\/a><\/li><li><a href=\"#seances-interieur\">Les s\u00e9ances en int\u00e9rieur<\/a><\/li><li><a href=\"#activites\">Quelles activit\u00e9s choisir ?<\/a><\/li><li><a href=\"#tenues\">Quelle tenue porter ?<\/a><\/li><li><a href=\"#intentionnalite\">Ajouter de l&#8217;intentionnalit\u00e9 \u00e0 votre s\u00e9ance<\/a><\/li><li><a href=\"#preparation\">Pr\u00e9parer votre s\u00e9ance<\/a><\/li><li><a href=\"#conseils\">Conseils divers<\/a><\/li><\/ul><\/div>\n\t\t\t\t<\/div>\n\t\t\t\t\t\t\t\t<\/div>\n\t\t\t\t\t\t<\/div>\n\t\t\t\t<\/div>\n\t\t\t\t\t<\/div>\n\t\t<\/div>\n\t\t\t\t<div class=\"elementor-column elementor-col-33 elementor-top-column elementor-element elementor-element-105396aa\" data-id=\"105396aa\" data-element_type=\"column\" data-e-type=\"column\">\n\t\t\t<div class=\"elementor-widget-wrap\">\n\t\t\t\t\t\t\t<\/div>\n\t\t<\/div>\n\t\t\t\t\t<\/div>\n\t\t<\/section>\n\t\t\t\t<section class=\"elementor-section elementor-top-section elementor-element elementor-element-14d3675a elementor-section-full_width elementor-reverse-mobile elementor-section-height-default elementor-section-height-default\" data-id=\"14d3675a\" data-element_type=\"section\" data-e-type=\"section\">\n\t\t\t\t\t\t<div class=\"elementor-container elementor-column-gap-default\">\n\t\t\t\t\t<div class=\"elementor-column elementor-col-50 elementor-top-column elementor-element elementor-element-40f9c6bf\" data-id=\"40f9c6bf\" data-element_type=\"column\" data-e-type=\"column\" data-settings=\"{&quot;background_background&quot;:&quot;classic&quot;}\">\n\t\t\t<div class=\"elementor-widget-wrap elementor-element-populated\">\n\t\t\t\t\t\t<div class=\"elementor-element elementor-element-6533a43e elementor-widget elementor-widget-spacer\" data-id=\"6533a43e\" data-element_type=\"widget\" data-e-type=\"widget\" data-widget_type=\"spacer.default\">\n\t\t\t\t<div class=\"elementor-widget-container\">\n\t\t\t\t\t\t\t<div class=\"elementor-spacer\">\n\t\t\t<div class=\"elementor-spacer-inner\"><\/div>\n\t\t<\/div>\n\t\t\t\t\t\t<\/div>\n\t\t\t\t<\/div>\n\t\t\t\t\t<\/div>\n\t\t<\/div>\n\t\t\t\t<div class=\"elementor-column elementor-col-50 elementor-top-column elementor-element elementor-element-470cbcd0\" data-id=\"470cbcd0\" data-element_type=\"column\" data-e-type=\"column\">\n\t\t\t<div class=\"elementor-widget-wrap elementor-element-populated\">\n\t\t\t\t\t\t<div class=\"elementor-element elementor-element-e373870 elementor-widget elementor-widget-menu-anchor\" data-id=\"e373870\" data-element_type=\"widget\" data-e-type=\"widget\" data-widget_type=\"menu-anchor.default\">\n\t\t\t\t<div class=\"elementor-widget-container\">\n\t\t\t\t\t\t\t<div class=\"elementor-menu-anchor\" id=\"intro\"><\/div>\n\t\t\t\t\t\t<\/div>\n\t\t\t\t<\/div>\n\t\t\t\t<div class=\"elementor-element elementor-element-78195416 elementor-widget elementor-widget-heading\" data-id=\"78195416\" data-element_type=\"widget\" data-e-type=\"widget\" data-widget_type=\"heading.default\">\n\t\t\t\t<div class=\"elementor-widget-container\">\n\t\t\t\t\t<h2 class=\"elementor-heading-title elementor-size-default\">Intro<\/h2>\t\t\t\t<\/div>\n\t\t\t\t<\/div>\n\t\t\t\t<div class=\"elementor-element elementor-element-7ea15ec3 elementor-widget elementor-widget-text-editor\" data-id=\"7ea15ec3\" data-element_type=\"widget\" data-e-type=\"widget\" data-widget_type=\"text-editor.default\">\n\t\t\t\t<div class=\"elementor-widget-container\">\n\t\t\t\t\t\t\t\t\t<p>Une s\u00e9ance grossesse, c\u2019est parfois une premi\u00e8re. Premier passage devant l\u2019objectif, premier moment o\u00f9 l\u2019on prend vraiment le temps de se connecter \u00e0 soi, \u00e0 son corps en transformation, \u00e0 ce b\u00e9b\u00e9 qui grandit doucement \u00e0 l\u2019int\u00e9rieur. Cela peut \u00eatre source d\u2019appr\u00e9hension, d\u2019inconfort ou de timidit\u00e9&#8230; Et c\u2019est parfaitement NORMAL.<\/p>\n<p>Moi aussi, je suis introvertie, sensible, un peu sauvage. Alors je sais \u00e0 quel point il est essentiel de cr\u00e9er une bulle s\u00e9curisante, o\u00f9 vous pouvez respirer, rel\u00e2cher la pression, vous reconnecter \u00e0 vous-m\u00eame, sans masque, sans jugement. Cette s\u00e9ance est pour VOUS. Pour que vous puissiez prendre un temps pour honorer cette p\u00e9riode incroyable de votre vie.<\/p>\n<p>Que vous veniez seule, avec votre partenaire, et vos a\u00een\u00e9s, ce moment est une c\u00e9l\u00e9bration : de votre corps, de la vie en vous, de votre lien. Je vous partage ici toutes mes astuces pour vous pr\u00e9parer, vivre cette exp\u00e9rience pleinement, et repartir avec des souvenirs pr\u00e9cieux et po\u00e9tiques.<\/p>\t\t\t\t\t\t\t\t<\/div>\n\t\t\t\t<\/div>\n\t\t\t\t\t<\/div>\n\t\t<\/div>\n\t\t\t\t\t<\/div>\n\t\t<\/section>\n\t\t\t\t<section class=\"elementor-section elementor-top-section elementor-element elementor-element-3a2b7a6 elementor-section-full_width elementor-section-height-default elementor-section-height-default\" data-id=\"3a2b7a6\" data-element_type=\"section\" data-e-type=\"section\">\n\t\t\t\t\t\t<div class=\"elementor-container elementor-column-gap-default\">\n\t\t\t\t\t<div class=\"elementor-column elementor-col-50 elementor-top-column elementor-element elementor-element-ba2f9c9\" data-id=\"ba2f9c9\" data-element_type=\"column\" data-e-type=\"column\">\n\t\t\t<div class=\"elementor-widget-wrap elementor-element-populated\">\n\t\t\t\t\t\t<div class=\"elementor-element elementor-element-c1ef0b2 elementor-widget elementor-widget-menu-anchor\" data-id=\"c1ef0b2\" data-element_type=\"widget\" data-e-type=\"widget\" data-widget_type=\"menu-anchor.default\">\n\t\t\t\t<div class=\"elementor-widget-container\">\n\t\t\t\t\t\t\t<div class=\"elementor-menu-anchor\" id=\"quand\"><\/div>\n\t\t\t\t\t\t<\/div>\n\t\t\t\t<\/div>\n\t\t\t\t<div class=\"elementor-element elementor-element-d908041 elementor-widget elementor-widget-heading\" data-id=\"d908041\" data-element_type=\"widget\" data-e-type=\"widget\" data-widget_type=\"heading.default\">\n\t\t\t\t<div class=\"elementor-widget-container\">\n\t\t\t\t\t<h2 class=\"elementor-heading-title elementor-size-default\">O\u00f9 et quand faire votre s\u00e9ance ?<\/h2>\t\t\t\t<\/div>\n\t\t\t\t<\/div>\n\t\t\t\t<div class=\"elementor-element elementor-element-eac716b elementor-widget elementor-widget-heading\" data-id=\"eac716b\" data-element_type=\"widget\" data-e-type=\"widget\" data-widget_type=\"heading.default\">\n\t\t\t\t<div class=\"elementor-widget-container\">\n\t\t\t\t\t<h3 class=\"elementor-heading-title elementor-size-default\">Quand la faire ?<\/h3>\t\t\t\t<\/div>\n\t\t\t\t<\/div>\n\t\t\t\t<div class=\"elementor-element elementor-element-144401a0 elementor-widget elementor-widget-text-editor\" data-id=\"144401a0\" data-element_type=\"widget\" data-e-type=\"widget\" data-widget_type=\"text-editor.default\">\n\t\t\t\t<div class=\"elementor-widget-container\">\n\t\t\t\t\t\t\t\t\t<p>L\u2019id\u00e9al se situe entre la 28e et la 34e semaine de grossesse : votre ventre est bien rond, vous \u00eates encore relativement mobile. Cela reste une indication, chaque grossesse est unique, et nous pourrons en discuter ensemble. Pour les grossesses g\u00e9mellaires par exemple, on fera la s\u00e9ance avant.<\/p>\t\t\t\t\t\t\t\t<\/div>\n\t\t\t\t<\/div>\n\t\t\t\t<div class=\"elementor-element elementor-element-2b5b666 elementor-widget elementor-widget-heading\" data-id=\"2b5b666\" data-element_type=\"widget\" data-e-type=\"widget\" data-widget_type=\"heading.default\">\n\t\t\t\t<div class=\"elementor-widget-container\">\n\t\t\t\t\t<h3 class=\"elementor-heading-title elementor-size-default\">O\u00f9 la faire ?<\/h3>\t\t\t\t<\/div>\n\t\t\t\t<\/div>\n\t\t\t\t<div class=\"elementor-element elementor-element-50cc187 elementor-widget elementor-widget-text-editor\" data-id=\"50cc187\" data-element_type=\"widget\" data-e-type=\"widget\" data-widget_type=\"text-editor.default\">\n\t\t\t\t<div class=\"elementor-widget-container\">\n\t\t\t\t\t\t\t\t\t<p>Cela d\u00e9pend de vos envies et de l\u2019ambiance que vous souhaitez pour vos souvenirs de grossesse :<\/p><ul><li>En ext\u00e9rieur, dans la nature, pour une atmosph\u00e8re sauvage, libre, lumineuse ou mystique : montagne, rivi\u00e8re, plage, for\u00eat&#8230; Tout est possible.<\/li><li>En int\u00e9rieur, chez vous ou dans un lieu que l\u2019on loue, pour un cocon intime, doux, po\u00e9tique<\/li><li>Vous pouvez aussi m\u00e9langer les deux si vous h\u00e9sitez !<\/li><\/ul><p>Je vous aide \u00e0 choisir le lieu id\u00e9al en fonction de votre personnalit\u00e9, de ce que vous voulez vivre et de la saison. Je vous invite \u00e0 remplir le questionnaire pour que je puisse vous guider au mieux.<\/p>\t\t\t\t\t\t\t\t<\/div>\n\t\t\t\t<\/div>\n\t\t\t\t\t<\/div>\n\t\t<\/div>\n\t\t\t\t<div class=\"elementor-column elementor-col-50 elementor-top-column elementor-element elementor-element-9cc1369\" data-id=\"9cc1369\" data-element_type=\"column\" data-e-type=\"column\" data-settings=\"{&quot;background_background&quot;:&quot;classic&quot;}\">\n\t\t\t<div class=\"elementor-widget-wrap elementor-element-populated\">\n\t\t\t\t\t\t<div class=\"elementor-element elementor-element-6d31e59 elementor-widget elementor-widget-spacer\" data-id=\"6d31e59\" data-element_type=\"widget\" data-e-type=\"widget\" data-widget_type=\"spacer.default\">\n\t\t\t\t<div class=\"elementor-widget-container\">\n\t\t\t\t\t\t\t<div class=\"elementor-spacer\">\n\t\t\t<div class=\"elementor-spacer-inner\"><\/div>\n\t\t<\/div>\n\t\t\t\t\t\t<\/div>\n\t\t\t\t<\/div>\n\t\t\t\t\t<\/div>\n\t\t<\/div>\n\t\t\t\t\t<\/div>\n\t\t<\/section>\n\t\t\t\t<section class=\"elementor-section elementor-top-section elementor-element elementor-element-7a955b4c elementor-section-full_width elementor-reverse-mobile elementor-section-height-default elementor-section-height-default\" data-id=\"7a955b4c\" data-element_type=\"section\" data-e-type=\"section\">\n\t\t\t\t\t\t<div class=\"elementor-container elementor-column-gap-default\">\n\t\t\t\t\t<div class=\"elementor-column elementor-col-50 elementor-top-column elementor-element elementor-element-4023df5e\" data-id=\"4023df5e\" data-element_type=\"column\" data-e-type=\"column\" data-settings=\"{&quot;background_background&quot;:&quot;classic&quot;}\">\n\t\t\t<div class=\"elementor-widget-wrap elementor-element-populated\">\n\t\t\t\t\t\t<div class=\"elementor-element elementor-element-b6de500 elementor-widget elementor-widget-image\" data-id=\"b6de500\" data-element_type=\"widget\" data-e-type=\"widget\" data-widget_type=\"image.default\">\n\t\t\t\t<div class=\"elementor-widget-container\">\n\t\t\t\t\t\t\t\t\t\t\t\t\t\t\t<img fetchpriority=\"high\" decoding=\"async\" width=\"683\" height=\"1024\" src=\"https:\/\/gaetaneglize.com\/wp-content\/uploads\/2023\/10\/leonie-francois-seance-grossesse-plage-landes-seignosse-1066-683x1024.jpg\" class=\"attachment-large size-large wp-image-13755\" alt=\"La future maman est en sous-v\u00eatements sur la dune de Seignosse. Ses cheveux volent au vent et la lumi\u00e8re du coucher de soleil illumine son ventre rond pendant sa s\u00e9ance photo avec Ga\u00e9tane Glize, photographe grossesse Landes.\" srcset=\"https:\/\/gaetaneglize.com\/wp-content\/uploads\/2023\/10\/leonie-francois-seance-grossesse-plage-landes-seignosse-1066-683x1024.jpg 683w, https:\/\/gaetaneglize.com\/wp-content\/uploads\/2023\/10\/leonie-francois-seance-grossesse-plage-landes-seignosse-1066-200x300.jpg 200w, https:\/\/gaetaneglize.com\/wp-content\/uploads\/2023\/10\/leonie-francois-seance-grossesse-plage-landes-seignosse-1066-768x1152.jpg 768w, https:\/\/gaetaneglize.com\/wp-content\/uploads\/2023\/10\/leonie-francois-seance-grossesse-plage-landes-seignosse-1066-1024x1536.jpg 1024w, https:\/\/gaetaneglize.com\/wp-content\/uploads\/2023\/10\/leonie-francois-seance-grossesse-plage-landes-seignosse-1066.jpg 1067w\" sizes=\"(max-width: 683px) 100vw, 683px\" \/>\t\t\t\t\t\t\t\t\t\t\t\t\t\t\t<\/div>\n\t\t\t\t<\/div>\n\t\t\t\t\t<\/div>\n\t\t<\/div>\n\t\t\t\t<div class=\"elementor-column elementor-col-50 elementor-top-column elementor-element elementor-element-1f12486b\" data-id=\"1f12486b\" data-element_type=\"column\" data-e-type=\"column\">\n\t\t\t<div class=\"elementor-widget-wrap elementor-element-populated\">\n\t\t\t\t\t\t<div class=\"elementor-element elementor-element-b1bfbbd elementor-widget elementor-widget-menu-anchor\" data-id=\"b1bfbbd\" data-element_type=\"widget\" data-e-type=\"widget\" data-widget_type=\"menu-anchor.default\">\n\t\t\t\t<div class=\"elementor-widget-container\">\n\t\t\t\t\t\t\t<div class=\"elementor-menu-anchor\" id=\"quel-moment\"><\/div>\n\t\t\t\t\t\t<\/div>\n\t\t\t\t<\/div>\n\t\t\t\t<div class=\"elementor-element elementor-element-6e8ff1ce elementor-widget elementor-widget-heading\" data-id=\"6e8ff1ce\" data-element_type=\"widget\" data-e-type=\"widget\" data-widget_type=\"heading.default\">\n\t\t\t\t<div class=\"elementor-widget-container\">\n\t\t\t\t\t<h3 class=\"elementor-heading-title elementor-size-default\">\u00c0 quel moment de la journ\u00e9e ?<\/h3>\t\t\t\t<\/div>\n\t\t\t\t<\/div>\n\t\t\t\t<div class=\"elementor-element elementor-element-950683e elementor-widget elementor-widget-text-editor\" data-id=\"950683e\" data-element_type=\"widget\" data-e-type=\"widget\" data-widget_type=\"text-editor.default\">\n\t\t\t\t<div class=\"elementor-widget-container\">\n\t\t\t\t\t\t\t\t\t<p><em>Ces conseils s&#8217;appliquent aux s\u00e9ances <span style=\"text-decoration: underline;\">en ext\u00e9rieur<\/span>.<\/em><\/p><p>ON \u00c9VITE LE GRAND SOLEIL AU PROFIT DE L&#8217;OMBRE<\/p><p>On pense souvent a\u0300 tort que plus il y a de lumie\u0300re, mieux c\u2019est. Alors que la lumie\u0300re directe du soleil &#8211; surtout lorsqu\u2019il est proche de son ze\u0301nith &#8211; est l\u2019ennemie num\u00e9ro 1 des belles photos. La lumi\u00e8re est trop forte, trop contrastante et les rayons de soleil trop perpendiculaires \u00e0 votre peau ce qui n&#8217;est pas du tout flatteur.\u00a0<span style=\"font-style: inherit; font-weight: inherit;\">Ainsi, vous allez plisser les yeux et froncer les sourcils (merci les grimaces), les traits du visage sont durcis, les reliefs de la peau ressortent (rides, petits boutons, cicatrices&#8230;), le front et le nez brillent&#8230; Sans parler de la potentielle chaleur ! Bref, a\u0300 e\u0301viter dans la mesure du possible ! On va alors plut\u00f4t rechercher L&#8217;OMBRE, qui est beaucoup plus agr\u00e9able et flatteuse. Et sinon, si nous sommes sur un lieu expos\u00e9 au soleil, sans ombre, on va adapter l&#8217;heure de la s\u00e9ance pour :<\/span><\/p><p>L&#8217;HEURE DOR\u00c9E<\/p><p>LE meilleur moment de la journ\u00e9e pour r\u00e9aliser vos photos est la &#8220;golden hour&#8221; ou &#8220;l&#8217;heure dor\u00e9e&#8221;. C&#8217;est l&#8217;heure qui pr\u00e9c\u00e8de le coucher de soleil ou succ\u00e8de le lever de soleil, quand celui-ci est tr\u00e8s bas dans le ciel. <span style=\"font-style: inherit; font-weight: inherit;\">La lumi\u00e8re est douce, elle rase le sol, et allonge les ombres. La lumi\u00e8re rev\u00eat alors une teinte dor\u00e9e qui sublime les teintes de votre peau et nous pouvons aussi nous amuser avec pour cr\u00e9er des effets de lumi\u00e8re (flare). Cette &#8220;heure magique&#8221; dure environ 20\/30 minutes.\u00a0<\/span><span style=\"font-style: inherit; font-weight: inherit;\">Dans l&#8217;id\u00e9al, nous faisons vos photos \u00e0 ce moment-l\u00e0. D\u00e9pendamment du lieu de votre s\u00e9ance et d&#8217;o\u00f9 le soleil se couche (derri\u00e8re des arbres, des montagnes, des b\u00e2timents etc..), ce moment se situe 1 \u00e0 2 heures avant le coucher de soleil officiel derri\u00e8re l&#8217;horizon.\u00a0<\/span><span style=\"font-style: inherit; font-weight: inherit;\">En gros, il faut que le soleil soit assez au-dessus de l&#8217;horizon pour pouvoir le placer juste <\/span><strong style=\"font-style: inherit;\">derri\u00e8re vous \u00e0 contre-jour<\/strong><span style=\"font-style: inherit; font-weight: inherit;\"> et jouer \u00e0 cr\u00e9er ces fameux effets de lumi\u00e8re. IMPORTANT : nous ne pouvons pas avoir ce rendu partout. Nous pouvons l&#8217;avoir dans des lieux o\u00f9 l&#8217;horizon est d\u00e9gag\u00e9 (montagne et plage par exemple) mais moins quand nous sommes en for\u00eat ou \u00e0 la rivi\u00e8re.<\/span><\/p>\t\t\t\t\t\t\t\t<\/div>\n\t\t\t\t<\/div>\n\t\t\t\t\t<\/div>\n\t\t<\/div>\n\t\t\t\t\t<\/div>\n\t\t<\/section>\n\t\t\t\t<section class=\"elementor-section elementor-top-section elementor-element elementor-element-6c0e1c0b elementor-section-full_width elementor-section-height-default elementor-section-height-default\" data-id=\"6c0e1c0b\" data-element_type=\"section\" data-e-type=\"section\">\n\t\t\t\t\t\t<div class=\"elementor-container elementor-column-gap-default\">\n\t\t\t\t\t<div class=\"elementor-column elementor-col-50 elementor-top-column elementor-element elementor-element-7e68d368\" data-id=\"7e68d368\" data-element_type=\"column\" data-e-type=\"column\">\n\t\t\t<div class=\"elementor-widget-wrap elementor-element-populated\">\n\t\t\t\t\t\t<div class=\"elementor-element elementor-element-18e58ec elementor-widget elementor-widget-text-editor\" data-id=\"18e58ec\" data-element_type=\"widget\" data-e-type=\"widget\" data-widget_type=\"text-editor.default\">\n\t\t\t\t<div class=\"elementor-widget-container\">\n\t\t\t\t\t\t\t\t\t<p class=\"_04xlpA direction-ltr align-justify para-style-body\">L&#8217;HEURE BLEUE<\/p><p class=\"_04xlpA direction-ltr align-justify para-style-body\">Une fois le soleil couch\u00e9, vient l&#8217;heure bleue. C&#8217;est l&#8217;heure du cr\u00e9puscule, l&#8217;heure que l&#8217;on appelle aussi &#8220;entre chien et loup&#8221;. C&#8217;est aussi l&#8217;heure de l&#8217;aube, juste avant que le soleil ne se l\u00e8ve. Le bleu du ciel est alors de plus en plus fonc\u00e9, la lumi\u00e8re se fait de plus en plus rare, et nous pouvons alors en profiter pour cr\u00e9er des images avec du flou de mouvement, ou une avec atmosph\u00e8re tr\u00e8s particuli\u00e8re. L&#8217;heure bleue dure environ 30 minutes. Si la lune est de sortie, cela nous permet aussi de l&#8217;int\u00e9grer \u00e0 vos photos. L&#8217;heure bleue est un moment que j&#8217;affectionne tout particuli\u00e8rement car elle apporte une atmosph\u00e8re tr\u00e8s particuli\u00e8re et m&#8217;inspire beaucoup.<\/p><p>POUR VOTRE S\u00c9ANCE<\/p><p>Ces deux moments de l&#8217;heure dor\u00e9e et de l&#8217;heure bleue sont magiques pour les photos. Je vous recommande alors que l&#8217;on planifie votre s\u00e9ance de sorte \u00e0 int\u00e9grer ces deux moments.\u00a0Ils nous permettront de capturer des photos uniques, avec des rendus tr\u00e8s diff\u00e9rents. L&#8217;heure du coucher de soleil et la dur\u00e9e de l&#8217;heure dor\u00e9e et bleue d\u00e9pendent de la date de votre s\u00e9ance et de sa position g\u00e9ographique. Pour les lieux o\u00f9 l&#8217;horizon n&#8217;est pas d\u00e9gag\u00e9 et o\u00f9 nous sommes immerg\u00e9s dans le paysage, je vous recommande de privil\u00e9gier l&#8217;ombre et de nous retrouver un peu plus t\u00f4t pour \u00e9viter d&#8217;\u00eatre dans le noir vu que la luminosit\u00e9 part plus rapidement. Nous en discuterons ensemble d\u00e9pendamment du lieu choisi.<\/p>\t\t\t\t\t\t\t\t<\/div>\n\t\t\t\t<\/div>\n\t\t\t\t\t<\/div>\n\t\t<\/div>\n\t\t\t\t<div class=\"elementor-column elementor-col-50 elementor-top-column elementor-element elementor-element-7ed168a2\" data-id=\"7ed168a2\" data-element_type=\"column\" data-e-type=\"column\" data-settings=\"{&quot;background_background&quot;:&quot;classic&quot;}\">\n\t\t\t<div class=\"elementor-widget-wrap elementor-element-populated\">\n\t\t\t\t\t\t<div class=\"elementor-element elementor-element-21083fe5 elementor-widget elementor-widget-image\" data-id=\"21083fe5\" data-element_type=\"widget\" data-e-type=\"widget\" data-widget_type=\"image.default\">\n\t\t\t\t<div class=\"elementor-widget-container\">\n\t\t\t\t\t\t\t\t\t\t\t\t\t\t\t<img decoding=\"async\" width=\"683\" height=\"1024\" src=\"https:\/\/gaetaneglize.com\/wp-content\/uploads\/2023\/10\/seance-grossesse-plage-landes-seignosse-1149-683x1024.jpg\" class=\"attachment-large size-large wp-image-13751\" alt=\"S\u00e9ance photo grossesse sur la plage de Seignosse dans les landes au coucher de soleil. La femme enceinte est en sous-v\u00eatements noirs avec une chemise qui d\u00e9nude son \u00e9paule de fa\u00e7on tr\u00e8s subtile et \u00e9l\u00e9gante. Elle est au bord de l&#039;oc\u00e9an.\" srcset=\"https:\/\/gaetaneglize.com\/wp-content\/uploads\/2023\/10\/seance-grossesse-plage-landes-seignosse-1149-683x1024.jpg 683w, https:\/\/gaetaneglize.com\/wp-content\/uploads\/2023\/10\/seance-grossesse-plage-landes-seignosse-1149-200x300.jpg 200w, https:\/\/gaetaneglize.com\/wp-content\/uploads\/2023\/10\/seance-grossesse-plage-landes-seignosse-1149-768x1152.jpg 768w, https:\/\/gaetaneglize.com\/wp-content\/uploads\/2023\/10\/seance-grossesse-plage-landes-seignosse-1149-1024x1536.jpg 1024w, https:\/\/gaetaneglize.com\/wp-content\/uploads\/2023\/10\/seance-grossesse-plage-landes-seignosse-1149.jpg 1067w\" sizes=\"(max-width: 683px) 100vw, 683px\" \/>\t\t\t\t\t\t\t\t\t\t\t\t\t\t\t<\/div>\n\t\t\t\t<\/div>\n\t\t\t\t\t<\/div>\n\t\t<\/div>\n\t\t\t\t\t<\/div>\n\t\t<\/section>\n\t\t\t\t<section class=\"elementor-section elementor-top-section elementor-element elementor-element-23db0cf elementor-section-full_width elementor-reverse-mobile elementor-section-height-default elementor-section-height-default\" data-id=\"23db0cf\" data-element_type=\"section\" data-e-type=\"section\">\n\t\t\t\t\t\t<div class=\"elementor-container elementor-column-gap-default\">\n\t\t\t\t\t<div class=\"elementor-column elementor-col-50 elementor-top-column elementor-element elementor-element-124ed49\" data-id=\"124ed49\" data-element_type=\"column\" data-e-type=\"column\" data-settings=\"{&quot;background_background&quot;:&quot;classic&quot;}\">\n\t\t\t<div class=\"elementor-widget-wrap elementor-element-populated\">\n\t\t\t\t\t\t<div class=\"elementor-element elementor-element-176276d elementor-widget elementor-widget-image\" data-id=\"176276d\" data-element_type=\"widget\" data-e-type=\"widget\" data-widget_type=\"image.default\">\n\t\t\t\t<div class=\"elementor-widget-container\">\n\t\t\t\t\t\t\t\t\t\t\t\t\t\t\t<img decoding=\"async\" width=\"683\" height=\"1024\" src=\"https:\/\/gaetaneglize.com\/wp-content\/uploads\/2024\/12\/seance-photo-grossesse-couple-plage-landes-1101_websize-683x1024.jpg\" class=\"attachment-large size-large wp-image-16644\" alt=\"\" srcset=\"https:\/\/gaetaneglize.com\/wp-content\/uploads\/2024\/12\/seance-photo-grossesse-couple-plage-landes-1101_websize-683x1024.jpg 683w, https:\/\/gaetaneglize.com\/wp-content\/uploads\/2024\/12\/seance-photo-grossesse-couple-plage-landes-1101_websize-200x300.jpg 200w, https:\/\/gaetaneglize.com\/wp-content\/uploads\/2024\/12\/seance-photo-grossesse-couple-plage-landes-1101_websize-768x1152.jpg 768w, https:\/\/gaetaneglize.com\/wp-content\/uploads\/2024\/12\/seance-photo-grossesse-couple-plage-landes-1101_websize-1024x1536.jpg 1024w, https:\/\/gaetaneglize.com\/wp-content\/uploads\/2024\/12\/seance-photo-grossesse-couple-plage-landes-1101_websize.jpg 1067w\" sizes=\"(max-width: 683px) 100vw, 683px\" \/>\t\t\t\t\t\t\t\t\t\t\t\t\t\t\t<\/div>\n\t\t\t\t<\/div>\n\t\t\t\t\t<\/div>\n\t\t<\/div>\n\t\t\t\t<div class=\"elementor-column elementor-col-50 elementor-top-column elementor-element elementor-element-3dac307\" data-id=\"3dac307\" data-element_type=\"column\" data-e-type=\"column\">\n\t\t\t<div class=\"elementor-widget-wrap elementor-element-populated\">\n\t\t\t\t\t\t<div class=\"elementor-element elementor-element-31edc05 elementor-widget elementor-widget-heading\" data-id=\"31edc05\" data-element_type=\"widget\" data-e-type=\"widget\" data-widget_type=\"heading.default\">\n\t\t\t\t<div class=\"elementor-widget-container\">\n\t\t\t\t\t<h3 class=\"elementor-heading-title elementor-size-default\">Et s'il fait mauvais temps ?<\/h3>\t\t\t\t<\/div>\n\t\t\t\t<\/div>\n\t\t\t\t<div class=\"elementor-element elementor-element-6df0eac elementor-widget elementor-widget-text-editor\" data-id=\"6df0eac\" data-element_type=\"widget\" data-e-type=\"widget\" data-widget_type=\"text-editor.default\">\n\t\t\t\t<div class=\"elementor-widget-container\">\n\t\t\t\t\t\t\t\t\t<p>S&#8217;il fait gris, je serai la plus heureuse ! Pourquoi ? Parce que la lumi\u00e8re du soleil sera filtr\u00e9e \u00e0 travers les nuages. Ceux-ci vont agir en tant que diffuseur naturel et rendre la lumi\u00e8re harmonieuse et douce. Cette lumi\u00e8re est en fait la plus avantageuse. Elle adoucit les ombres sur votre visage, met votre peau en valeur, bref elle est bien plus flatteuse ! C&#8217;est pour cela que je suis trop heureuse quand le ciel est nuageux, c&#8217;est LA meilleure lumi\u00e8re ! Peu importe l&#8217;angle, l&#8217;heure de la journ\u00e9e, cette lumi\u00e8re est homog\u00e8ne en toutes circonstances, et c&#8217;est plut\u00f4t magique ! En plus, les nuages apportent une texture duveteuse et contrast\u00e9e au ciel, ce qui donne un effet dramatique et mystique aux photos.\u00a0Alors s&#8217;il fait gris le jour de votre s\u00e9ance, ne soyez pas d\u00e9\u00e7u\u00b7e\u00b7s, au moins vous aurez de supers photos avec une atmosph\u00e8re absolument canon !<\/p><p>Et si la pluie s\u2019invite le jour de votre s\u00e9ance, pas de panique dans le Titanic ! La pluie ne vous emp\u00eachera pas de profiter de votre moment et de le vivre \u00e0 fond ! Je pense qu&#8217;elle n&#8217;est pas une ennemie \u00e0 partir du moment ou l&#8217;on prend les \u00e9l\u00e9ments tels qu&#8217;ils viennent. Et en plus, les photos sous la pluie sont les plus magiques. Cela apporte une atmosph\u00e8re tr\u00e8s sp\u00e9ciale, une lumi\u00e8re diffuse&#8230; J&#8217;adore aussi tout particuli\u00e8rement le vent. La robe qui virevolte, les m\u00e8ches de cheveux qui volent au vent&#8230; Tant de d\u00e9tails qui ajoutent un caract\u00e8re aux photos !<\/p><p>Si vraiment c&#8217;est la temp\u00eate ou orageux et que nous sommes en montagne ou seuls sur une plage sauvage par exemple, l\u00e0 cela peut \u00eatre dangereux, alors nous changerons nos plans (heure, lieu ou jour si cela est possible).<\/p>\t\t\t\t\t\t\t\t<\/div>\n\t\t\t\t<\/div>\n\t\t\t\t\t<\/div>\n\t\t<\/div>\n\t\t\t\t\t<\/div>\n\t\t<\/section>\n\t\t\t\t<section class=\"elementor-section elementor-top-section elementor-element elementor-element-534b0be elementor-section-full_width elementor-section-height-default elementor-section-height-default\" data-id=\"534b0be\" data-element_type=\"section\" data-e-type=\"section\">\n\t\t\t\t\t\t<div class=\"elementor-container elementor-column-gap-default\">\n\t\t\t\t\t<div class=\"elementor-column elementor-col-50 elementor-top-column elementor-element elementor-element-f18a9c2\" data-id=\"f18a9c2\" data-element_type=\"column\" data-e-type=\"column\">\n\t\t\t<div class=\"elementor-widget-wrap elementor-element-populated\">\n\t\t\t\t\t\t<div class=\"elementor-element elementor-element-32e511c elementor-widget elementor-widget-menu-anchor\" data-id=\"32e511c\" data-element_type=\"widget\" data-e-type=\"widget\" data-widget_type=\"menu-anchor.default\">\n\t\t\t\t<div class=\"elementor-widget-container\">\n\t\t\t\t\t\t\t<div class=\"elementor-menu-anchor\" id=\"seances-interieur\"><\/div>\n\t\t\t\t\t\t<\/div>\n\t\t\t\t<\/div>\n\t\t\t\t<div class=\"elementor-element elementor-element-5c3edc9 elementor-widget elementor-widget-heading\" data-id=\"5c3edc9\" data-element_type=\"widget\" data-e-type=\"widget\" data-widget_type=\"heading.default\">\n\t\t\t\t<div class=\"elementor-widget-container\">\n\t\t\t\t\t<h3 class=\"elementor-heading-title elementor-size-default\">Les s\u00e9ances en int\u00e9rieur<\/h3>\t\t\t\t<\/div>\n\t\t\t\t<\/div>\n\t\t\t\t<div class=\"elementor-element elementor-element-15b6437 elementor-widget elementor-widget-text-editor\" data-id=\"15b6437\" data-element_type=\"widget\" data-e-type=\"widget\" data-widget_type=\"text-editor.default\">\n\t\t\t\t<div class=\"elementor-widget-container\">\n\t\t\t\t\t\t\t\t\t<p>Chez vous ou dans un lieu lou\u00e9 pour l\u2019occasion, les s\u00e9ances photo en int\u00e9rieur sont parfaites pour des photos douces, chaleureuses et cocooning avec l\u2019intimit\u00e9 et le confort d\u2019un lieu int\u00e9rieur.<\/p><p>\u00c0 FAIRE AVANT VOTRE S\u00c9ANCE<\/p><p>Lorsque vous choisissez de r\u00e9aliser votre s\u00e9ance photo en int\u00e9rieur, il vous faudra alors pr\u00e9parer les lieux avant mon arriv\u00e9e.<\/p><p>Ce qui va \u00eatre tr\u00e8s important c&#8217;est de s&#8217;assurer que l&#8217;espace est rang\u00e9 et d\u00e9sencombr\u00e9 (enlever les choses superflues que vous ne voulez pas voir autour\/<span class=\"il\">derri\u00e8re<\/span> vous sur les photos). Le lieu impacte grandement le rendu de vos photos. Je vous invite alors \u00e0 bien pr\u00e9parer les espaces suivants la veille ou le matin de ma venue : salon, chambres, espaces de vie, ext\u00e9rieurs.<\/p><p>On utilisera beaucoup le canap\u00e9, et on se mettra aussi au niveau des fen\u00eatres pour capter une jolie lumi\u00e8re. Je vous invite \u00e0 pr\u00e9parer de jolis plaids unis de couleur neutre (dans les blancs, beiges, camel etc) si vous avez pour un aspect cozy et chaleureux. Cela aide aussi \u00e0 neutraliser des couleurs trop criardes, des imprim\u00e9s qui se d\u00e9moderont et \u00e9galement d&#8217;\u00e9viter ce que l&#8217;on appelle du &#8220;color casting&#8221; : la diffusion d&#8217;une couleur sur votre peau que la lumi\u00e8re projette sur vous en r\u00e9verb\u00e9rant sur une surface d&#8217;une couleur sp\u00e9cifique (exemple : un canap\u00e9 vert projettera sur votre peau une couleur verte).<\/p>\t\t\t\t\t\t\t\t<\/div>\n\t\t\t\t<\/div>\n\t\t\t\t\t<\/div>\n\t\t<\/div>\n\t\t\t\t<div class=\"elementor-column elementor-col-50 elementor-top-column elementor-element elementor-element-03ec779\" data-id=\"03ec779\" data-element_type=\"column\" data-e-type=\"column\" data-settings=\"{&quot;background_background&quot;:&quot;classic&quot;}\">\n\t\t\t<div class=\"elementor-widget-wrap elementor-element-populated\">\n\t\t\t\t\t\t<div class=\"elementor-element elementor-element-e11e996 elementor-widget elementor-widget-image\" data-id=\"e11e996\" data-element_type=\"widget\" data-e-type=\"widget\" data-widget_type=\"image.default\">\n\t\t\t\t<div class=\"elementor-widget-container\">\n\t\t\t\t\t\t\t\t\t\t\t\t\t\t\t<img loading=\"lazy\" decoding=\"async\" width=\"683\" height=\"1024\" src=\"https:\/\/gaetaneglize.com\/wp-content\/uploads\/2024\/12\/seance-photo-grossesse-chalet-montagne-pyrenees-gavarnie-1183_websize-1-683x1024.jpg\" class=\"attachment-large size-large wp-image-16622\" alt=\"\" srcset=\"https:\/\/gaetaneglize.com\/wp-content\/uploads\/2024\/12\/seance-photo-grossesse-chalet-montagne-pyrenees-gavarnie-1183_websize-1-683x1024.jpg 683w, https:\/\/gaetaneglize.com\/wp-content\/uploads\/2024\/12\/seance-photo-grossesse-chalet-montagne-pyrenees-gavarnie-1183_websize-1-200x300.jpg 200w, https:\/\/gaetaneglize.com\/wp-content\/uploads\/2024\/12\/seance-photo-grossesse-chalet-montagne-pyrenees-gavarnie-1183_websize-1-768x1152.jpg 768w, https:\/\/gaetaneglize.com\/wp-content\/uploads\/2024\/12\/seance-photo-grossesse-chalet-montagne-pyrenees-gavarnie-1183_websize-1-1024x1536.jpg 1024w, https:\/\/gaetaneglize.com\/wp-content\/uploads\/2024\/12\/seance-photo-grossesse-chalet-montagne-pyrenees-gavarnie-1183_websize-1.jpg 1067w\" sizes=\"(max-width: 683px) 100vw, 683px\" \/>\t\t\t\t\t\t\t\t\t\t\t\t\t\t\t<\/div>\n\t\t\t\t<\/div>\n\t\t\t\t<div class=\"elementor-element elementor-element-9e4e069 elementor-widget elementor-widget-menu-anchor\" data-id=\"9e4e069\" data-element_type=\"widget\" data-e-type=\"widget\" data-widget_type=\"menu-anchor.default\">\n\t\t\t\t<div class=\"elementor-widget-container\">\n\t\t\t\t\t\t\t<div class=\"elementor-menu-anchor\" id=\"activites\"><\/div>\n\t\t\t\t\t\t<\/div>\n\t\t\t\t<\/div>\n\t\t\t\t\t<\/div>\n\t\t<\/div>\n\t\t\t\t\t<\/div>\n\t\t<\/section>\n\t\t\t\t<section class=\"elementor-section elementor-top-section elementor-element elementor-element-fb72fa9 elementor-section-full_width elementor-reverse-mobile elementor-section-height-default elementor-section-height-default\" data-id=\"fb72fa9\" data-element_type=\"section\" data-e-type=\"section\">\n\t\t\t\t\t\t<div class=\"elementor-container elementor-column-gap-default\">\n\t\t\t\t\t<div class=\"elementor-column elementor-col-50 elementor-top-column elementor-element elementor-element-c80bc8f\" data-id=\"c80bc8f\" data-element_type=\"column\" data-e-type=\"column\" data-settings=\"{&quot;background_background&quot;:&quot;classic&quot;}\">\n\t\t\t<div class=\"elementor-widget-wrap elementor-element-populated\">\n\t\t\t\t\t\t<div class=\"elementor-element elementor-element-4464ac6 elementor-widget elementor-widget-image-carousel\" data-id=\"4464ac6\" data-element_type=\"widget\" data-e-type=\"widget\" data-settings=\"{&quot;slides_to_show&quot;:&quot;1&quot;,&quot;navigation&quot;:&quot;none&quot;,&quot;autoplay_speed&quot;:1000,&quot;effect&quot;:&quot;fade&quot;,&quot;autoplay&quot;:&quot;yes&quot;,&quot;pause_on_hover&quot;:&quot;yes&quot;,&quot;pause_on_interaction&quot;:&quot;yes&quot;,&quot;infinite&quot;:&quot;yes&quot;,&quot;speed&quot;:500}\" data-widget_type=\"image-carousel.default\">\n\t\t\t\t<div class=\"elementor-widget-container\">\n\t\t\t\t\t\t\t<div class=\"elementor-image-carousel-wrapper swiper\" role=\"region\" aria-roledescription=\"carousel\" aria-label=\"Carrousel d\u2019images\" dir=\"ltr\">\n\t\t\t<div class=\"elementor-image-carousel swiper-wrapper\" aria-live=\"off\">\n\t\t\t\t\t\t\t\t<div class=\"swiper-slide\" role=\"group\" aria-roledescription=\"slide\" aria-label=\"1 sur 2\"><figure class=\"swiper-slide-inner\"><img decoding=\"async\" class=\"swiper-slide-image\" src=\"https:\/\/gaetaneglize.com\/wp-content\/uploads\/2024\/12\/seance-photo-couple-grossesse-intimiste-cabane-chalet-foret-landes-1005-683x1024.jpg\" alt=\"Un couple se tient devant la cabane en bois Landifornia \u00e0 Hossegor pour leur s\u00e9ance photo couple intimiste et cozy en int\u00e9rieur avec la photographe Ga\u00e9tane Glize, photographe couple landes.\" \/><\/figure><\/div><div class=\"swiper-slide\" role=\"group\" aria-roledescription=\"slide\" aria-label=\"2 sur 2\"><figure class=\"swiper-slide-inner\"><img decoding=\"async\" class=\"swiper-slide-image\" src=\"https:\/\/gaetaneglize.com\/wp-content\/uploads\/2024\/12\/seance-photo-grossesse-chalet-montagne-pyrenees-gavarnie-1177_2-683x1024.jpg\" alt=\"Un couple se tient devant une cabane en bois en montagne, la neige les entoure. Ils ont lou\u00e9 ce chalet \u00e0 Gavarnie dans les Pyr\u00e9n\u00e9es pour leur s\u00e9ance photo de grossesse avec leur photographe Ga\u00e9tane Glize.\" \/><\/figure><\/div>\t\t\t<\/div>\n\t\t\t\t\t\t\t\n\t\t\t\t\t\t\t\t\t<\/div>\n\t\t\t\t\t\t<\/div>\n\t\t\t\t<\/div>\n\t\t\t\t\t<\/div>\n\t\t<\/div>\n\t\t\t\t<div class=\"elementor-column elementor-col-50 elementor-top-column elementor-element elementor-element-8203eed\" data-id=\"8203eed\" data-element_type=\"column\" data-e-type=\"column\">\n\t\t\t<div class=\"elementor-widget-wrap elementor-element-populated\">\n\t\t\t\t\t\t<div class=\"elementor-element elementor-element-5fff039 elementor-widget elementor-widget-menu-anchor\" data-id=\"5fff039\" data-element_type=\"widget\" data-e-type=\"widget\" data-widget_type=\"menu-anchor.default\">\n\t\t\t\t<div class=\"elementor-widget-container\">\n\t\t\t\t\t\t\t<div class=\"elementor-menu-anchor\" id=\"seances-aventure\"><\/div>\n\t\t\t\t\t\t<\/div>\n\t\t\t\t<\/div>\n\t\t\t\t<div class=\"elementor-element elementor-element-ea44133 elementor-widget elementor-widget-heading\" data-id=\"ea44133\" data-element_type=\"widget\" data-e-type=\"widget\" data-widget_type=\"heading.default\">\n\t\t\t\t<div class=\"elementor-widget-container\">\n\t\t\t\t\t<h3 class=\"elementor-heading-title elementor-size-default\">Et si vous en faisiez une aventure ?<\/h3>\t\t\t\t<\/div>\n\t\t\t\t<\/div>\n\t\t\t\t<div class=\"elementor-element elementor-element-1d94295 elementor-widget elementor-widget-text-editor\" data-id=\"1d94295\" data-element_type=\"widget\" data-e-type=\"widget\" data-widget_type=\"text-editor.default\">\n\t\t\t\t<div class=\"elementor-widget-container\">\n\t\t\t\t\t\t\t\t\t<p>Parce que cette s\u00e9ance grossesse repr\u00e9sente souvent l\u2019un des tout derniers moments rien qu\u2019\u00e0 vous, avant la grande rencontre avec votre b\u00e9b\u00e9, c\u2019est aussi l\u2019occasion r\u00eav\u00e9e de vous offrir une vraie parenth\u00e8se, hors du quotidien. Pourquoi ne pas en profiter pour programmer une petite escapade, un moment \u00e0 deux ou en famille, et louer un lieu plein de charme pour l\u2019occasion ? Une cabane dans la for\u00eat, un chalet en montagne&#8230; Ce type de lieu offre un d\u00e9cor unique et po\u00e9tique pour vos photos, tout en vous permettant de vivre un moment suspendu, en pleine nature ou dans un nid douillet. Je peux vous proposer des id\u00e9es de lieux si cela vous inspire !<\/p>\t\t\t\t\t\t\t\t<\/div>\n\t\t\t\t<\/div>\n\t\t\t\t\t<\/div>\n\t\t<\/div>\n\t\t\t\t\t<\/div>\n\t\t<\/section>\n\t\t\t\t<section class=\"elementor-section elementor-top-section elementor-element elementor-element-69c3ab1 elementor-section-boxed elementor-section-height-default elementor-section-height-default\" data-id=\"69c3ab1\" data-element_type=\"section\" data-e-type=\"section\">\n\t\t\t\t\t\t<div class=\"elementor-container elementor-column-gap-default\">\n\t\t\t\t\t<div class=\"elementor-column elementor-col-33 elementor-top-column elementor-element elementor-element-fb12777\" data-id=\"fb12777\" data-element_type=\"column\" data-e-type=\"column\">\n\t\t\t<div class=\"elementor-widget-wrap elementor-element-populated\">\n\t\t\t\t\t\t<div class=\"elementor-element elementor-element-c58fd9d elementor-widget elementor-widget-heading\" data-id=\"c58fd9d\" data-element_type=\"widget\" data-e-type=\"widget\" data-widget_type=\"heading.default\">\n\t\t\t\t<div class=\"elementor-widget-container\">\n\t\t\t\t\t<h2 class=\"elementor-heading-title elementor-size-default\">Quelles activit\u00e9s ?<\/h2>\t\t\t\t<\/div>\n\t\t\t\t<\/div>\n\t\t\t\t\t<\/div>\n\t\t<\/div>\n\t\t\t\t<div class=\"elementor-column elementor-col-33 elementor-top-column elementor-element elementor-element-c43b7ea\" data-id=\"c43b7ea\" data-element_type=\"column\" data-e-type=\"column\">\n\t\t\t<div class=\"elementor-widget-wrap elementor-element-populated\">\n\t\t\t\t\t\t<div class=\"elementor-element elementor-element-c5be64a elementor-widget elementor-widget-text-editor\" data-id=\"c5be64a\" data-element_type=\"widget\" data-e-type=\"widget\" data-widget_type=\"text-editor.default\">\n\t\t\t\t<div class=\"elementor-widget-container\">\n\t\t\t\t\t\t\t\t\t<p>L\u00e0 aussi, cela fera partie du petit questionnaire que je vous enverrai. Vous pourrez r\u00e9fl\u00e9chir aux moments que vous aimeriez vivre pendant cette s\u00e9ance et me partager vos id\u00e9es ou envies particuli\u00e8res. Selon que vous veniez seule, en couple ou avec vos a\u00een\u00e9s, on adaptera la s\u00e9ance en fonction et je vous guiderai avec douceur. G\u00e9n\u00e9ralement, une s\u00e9ance grossesse est remplie de tendresse, de moments c\u00e2lins, de mots doux \u00e0 chuchoter, d&#8217;\u00e9clats de rire, et aussi beaucoup de calme et de lenteur pour vraiment profiter du moment. L\u2019id\u00e9e, c\u2019est de cr\u00e9er un moment qui vous ressemble, et dans lequel vous pourrez vous reconnecter \u00e0 l\u2019essentiel.<\/p>\t\t\t\t\t\t\t\t<\/div>\n\t\t\t\t<\/div>\n\t\t\t\t<div class=\"elementor-element elementor-element-2cba32c elementor-widget elementor-widget-image\" data-id=\"2cba32c\" data-element_type=\"widget\" data-e-type=\"widget\" data-widget_type=\"image.default\">\n\t\t\t\t<div class=\"elementor-widget-container\">\n\t\t\t\t\t\t\t\t\t\t\t\t\t\t\t<img loading=\"lazy\" decoding=\"async\" width=\"1024\" height=\"683\" src=\"https:\/\/gaetaneglize.com\/wp-content\/uploads\/2024\/12\/seance-photo-couple-grossesse-intimiste-cabane-chalet-foret-landes-1100_websize-1024x683.jpg\" class=\"attachment-large size-large wp-image-16640\" alt=\"\" srcset=\"https:\/\/gaetaneglize.com\/wp-content\/uploads\/2024\/12\/seance-photo-couple-grossesse-intimiste-cabane-chalet-foret-landes-1100_websize-1024x683.jpg 1024w, https:\/\/gaetaneglize.com\/wp-content\/uploads\/2024\/12\/seance-photo-couple-grossesse-intimiste-cabane-chalet-foret-landes-1100_websize-300x200.jpg 300w, https:\/\/gaetaneglize.com\/wp-content\/uploads\/2024\/12\/seance-photo-couple-grossesse-intimiste-cabane-chalet-foret-landes-1100_websize-768x512.jpg 768w, https:\/\/gaetaneglize.com\/wp-content\/uploads\/2024\/12\/seance-photo-couple-grossesse-intimiste-cabane-chalet-foret-landes-1100_websize-1536x1024.jpg 1536w, https:\/\/gaetaneglize.com\/wp-content\/uploads\/2024\/12\/seance-photo-couple-grossesse-intimiste-cabane-chalet-foret-landes-1100_websize.jpg 1600w\" sizes=\"(max-width: 1024px) 100vw, 1024px\" \/>\t\t\t\t\t\t\t\t\t\t\t\t\t\t\t<\/div>\n\t\t\t\t<\/div>\n\t\t\t\t\t<\/div>\n\t\t<\/div>\n\t\t\t\t<div class=\"elementor-column elementor-col-33 elementor-top-column elementor-element elementor-element-7c97ae8\" data-id=\"7c97ae8\" data-element_type=\"column\" data-e-type=\"column\">\n\t\t\t<div class=\"elementor-widget-wrap elementor-element-populated\">\n\t\t\t\t\t\t<div class=\"elementor-element elementor-element-0f46603 elementor-widget elementor-widget-image\" data-id=\"0f46603\" data-element_type=\"widget\" data-e-type=\"widget\" data-widget_type=\"image.default\">\n\t\t\t\t<div class=\"elementor-widget-container\">\n\t\t\t\t\t\t\t\t\t\t\t\t\t\t\t<img loading=\"lazy\" decoding=\"async\" width=\"1024\" height=\"683\" src=\"https:\/\/gaetaneglize.com\/wp-content\/uploads\/2023\/11\/seance-grossesse-famille-plage-landes-seignosse-1119-1024x683.jpg\" class=\"attachment-large size-large wp-image-13985\" alt=\"Une petite fille explose de joie, ce qui fait rire ses parents. La famille r\u00e9alise sa s\u00e9ance photo sur la plage de Hossegor dans les Landes.\" srcset=\"https:\/\/gaetaneglize.com\/wp-content\/uploads\/2023\/11\/seance-grossesse-famille-plage-landes-seignosse-1119-1024x683.jpg 1024w, https:\/\/gaetaneglize.com\/wp-content\/uploads\/2023\/11\/seance-grossesse-famille-plage-landes-seignosse-1119-300x200.jpg 300w, https:\/\/gaetaneglize.com\/wp-content\/uploads\/2023\/11\/seance-grossesse-famille-plage-landes-seignosse-1119-768x512.jpg 768w, https:\/\/gaetaneglize.com\/wp-content\/uploads\/2023\/11\/seance-grossesse-famille-plage-landes-seignosse-1119.jpg 1500w\" sizes=\"(max-width: 1024px) 100vw, 1024px\" \/>\t\t\t\t\t\t\t\t\t\t\t\t\t\t\t<\/div>\n\t\t\t\t<\/div>\n\t\t\t\t<div class=\"elementor-element elementor-element-44dfec5 elementor-widget elementor-widget-text-editor\" data-id=\"44dfec5\" data-element_type=\"widget\" data-e-type=\"widget\" data-widget_type=\"text-editor.default\">\n\t\t\t\t<div class=\"elementor-widget-container\">\n\t\t\t\t\t\t\t\t\t<p>Si vous avez des a\u00een\u00e9\u00b7e\u00b7s, on les laisse vivre leur moment comme ils et elles l&#8217;entendent : courir, sauter, me montrer leurs plus belles grimaces ou leurs tr\u00e9sors du jour. Je m\u2019adapte \u00e0 leur rythme et \u00e0 leurs envies, sans les forcer. Ce n\u2019est pas juste une s\u00e9ance photo, c\u2019est un moment de vie \u00e0 partager ensemble, une nouvelle aventure familiale avant l\u2019arriv\u00e9e de ce petit \u00eatre tant attendu. Le but, c\u2019est de cr\u00e9er des souvenirs doux et pr\u00e9cieux pour chacun des membres de votre fmaille, et les photos viendront simplement en garder la trace, comme un tr\u00e9sor \u00e0 feuilleter plus tard.<\/p>\t\t\t\t\t\t\t\t<\/div>\n\t\t\t\t<\/div>\n\t\t\t\t\t<\/div>\n\t\t<\/div>\n\t\t\t\t\t<\/div>\n\t\t<\/section>\n\t\t\t\t<section class=\"elementor-section elementor-top-section elementor-element elementor-element-18a1053 elementor-section-boxed elementor-section-height-default elementor-section-height-default\" data-id=\"18a1053\" data-element_type=\"section\" data-e-type=\"section\" data-settings=\"{&quot;background_background&quot;:&quot;classic&quot;}\">\n\t\t\t\t\t\t<div class=\"elementor-container elementor-column-gap-default\">\n\t\t\t\t\t<div class=\"elementor-column elementor-col-33 elementor-top-column elementor-element elementor-element-578631b\" data-id=\"578631b\" data-element_type=\"column\" data-e-type=\"column\">\n\t\t\t<div class=\"elementor-widget-wrap elementor-element-populated\">\n\t\t\t\t\t\t<div class=\"elementor-element elementor-element-375fa59 elementor-widget elementor-widget-menu-anchor\" data-id=\"375fa59\" data-element_type=\"widget\" data-e-type=\"widget\" data-widget_type=\"menu-anchor.default\">\n\t\t\t\t<div class=\"elementor-widget-container\">\n\t\t\t\t\t\t\t<div class=\"elementor-menu-anchor\" id=\"tenues\"><\/div>\n\t\t\t\t\t\t<\/div>\n\t\t\t\t<\/div>\n\t\t\t\t<div class=\"elementor-element elementor-element-1d11bca elementor-widget elementor-widget-heading\" data-id=\"1d11bca\" data-element_type=\"widget\" data-e-type=\"widget\" data-widget_type=\"heading.default\">\n\t\t\t\t<div class=\"elementor-widget-container\">\n\t\t\t\t\t<h2 class=\"elementor-heading-title elementor-size-default\">Quelle tenue porter ?<\/h2>\t\t\t\t<\/div>\n\t\t\t\t<\/div>\n\t\t\t\t<div class=\"elementor-element elementor-element-9bbb53a elementor-widget elementor-widget-text-editor\" data-id=\"9bbb53a\" data-element_type=\"widget\" data-e-type=\"widget\" data-widget_type=\"text-editor.default\">\n\t\t\t\t<div class=\"elementor-widget-container\">\n\t\t\t\t\t\t\t\t\t<p class=\"_04xlpA direction-ltr align-justify para-style-body\"><span class=\"JsGRdQ\">Si vous aimez mon univers, c&#8217;est que vous aimez aussi les couleurs mises en avant dans mes photos.\u00a0<\/span><\/p><p class=\"_04xlpA direction-ltr align-justify para-style-body\"><span class=\"JsGRdQ\">Vous avez alors remarqu\u00e9 que les couleurs qui composent chaque image sont toujours dans une palette naturelle. Les couleurs des tenues s&#8217;inspirent de l&#8217;environnement dans lequel nous sommes et la compl\u00e9mentent. Ils ne jurent pas avec le d\u00e9cor.<\/span><\/p><p class=\"_04xlpA direction-ltr align-justify para-style-body\"><span class=\"JsGRdQ\">Le but de vos tenues est de vous mettre en valeur, de s&#8217;accorder avec le paysage ou lieu de la s\u00e9ance, et de ne pas vous voler la vedette ou faire t\u00e2che dans la photo.\u00a0<\/span><span style=\"font-style: inherit; font-weight: inherit;\">En fait, je pense que votre tenue peut soit faire la photo ou la d\u00e9faire, la g\u00e2cher. Alors elle est quasiment l&#8217;\u00e9l\u00e9ment le plus important !<\/span><\/p><p class=\"_04xlpA direction-ltr align-justify para-style-body\"><span class=\"JsGRdQ\">Voici quelques conseils pour vous aider \u00e0 composer votre tenue et contribuer \u00e0 la r\u00e9ussite de votre s\u00e9ance photo !<\/span><\/p>\t\t\t\t\t\t\t\t<\/div>\n\t\t\t\t<\/div>\n\t\t\t\t<div class=\"elementor-element elementor-element-1c890f3 elementor-widget elementor-widget-image\" data-id=\"1c890f3\" data-element_type=\"widget\" data-e-type=\"widget\" data-widget_type=\"image.default\">\n\t\t\t\t<div class=\"elementor-widget-container\">\n\t\t\t\t\t\t\t\t\t\t\t\t\t\t\t<img loading=\"lazy\" decoding=\"async\" width=\"683\" height=\"1024\" src=\"https:\/\/gaetaneglize.com\/wp-content\/uploads\/2023\/02\/photographe-famille-plage-landes-1099-683x1024.jpg\" class=\"attachment-large size-large wp-image-13639\" alt=\"\" srcset=\"https:\/\/gaetaneglize.com\/wp-content\/uploads\/2023\/02\/photographe-famille-plage-landes-1099-683x1024.jpg 683w, https:\/\/gaetaneglize.com\/wp-content\/uploads\/2023\/02\/photographe-famille-plage-landes-1099-200x300.jpg 200w, https:\/\/gaetaneglize.com\/wp-content\/uploads\/2023\/02\/photographe-famille-plage-landes-1099-768x1152.jpg 768w, https:\/\/gaetaneglize.com\/wp-content\/uploads\/2023\/02\/photographe-famille-plage-landes-1099-1024x1536.jpg 1024w, https:\/\/gaetaneglize.com\/wp-content\/uploads\/2023\/02\/photographe-famille-plage-landes-1099-1365x2048.jpg 1365w, https:\/\/gaetaneglize.com\/wp-content\/uploads\/2023\/02\/photographe-famille-plage-landes-1099.jpg 1500w\" sizes=\"(max-width: 683px) 100vw, 683px\" \/>\t\t\t\t\t\t\t\t\t\t\t\t\t\t\t<\/div>\n\t\t\t\t<\/div>\n\t\t\t\t<div class=\"elementor-element elementor-element-421f9be elementor-widget elementor-widget-heading\" data-id=\"421f9be\" data-element_type=\"widget\" data-e-type=\"widget\" data-widget_type=\"heading.default\">\n\t\t\t\t<div class=\"elementor-widget-container\">\n\t\t\t\t\t<h3 class=\"elementor-heading-title elementor-size-default\">\u00catre \u00e0 l'aise<\/h3>\t\t\t\t<\/div>\n\t\t\t\t<\/div>\n\t\t\t\t<div class=\"elementor-element elementor-element-c4794c5 elementor-widget elementor-widget-text-editor\" data-id=\"c4794c5\" data-element_type=\"widget\" data-e-type=\"widget\" data-widget_type=\"text-editor.default\">\n\t\t\t\t<div class=\"elementor-widget-container\">\n\t\t\t\t\t\t\t\t\t<p class=\"_04xlpA direction-ltr align-justify para-style-body\">Comme pour tout le reste, l&#8217;id\u00e9e principale est que vous soyez \u00e0 l&#8217;aise dans votre tenue. Il est important de choisir des v\u00eatements dans lesquels vous vous sentez bien et qui vous ressemblent.<\/p><p class=\"_04xlpA direction-ltr align-justify para-style-body\">Pareil, c\u00f4t\u00e9 chaussures, optez pour une paire dans laquelle vous serez \u00e0 l&#8217;aise de courir et marcher dans le sable ou en montagne selon le lieu choisi. Pr\u00e9f\u00e9rez les bottines ou chaussures de rando aux talons par exemple. Puis, nous pourrons aussi nous mettre pieds nus pour sentir le sable ou l&#8217;herbe sous nos pieds, se tremper les pieds dans la rivi\u00e8re ou l&#8217;oc\u00e9an&#8230; Pour les s\u00e9ances en int\u00e9rieur : c&#8217;est pieds nus ! Exit les vieilles chaussettes !<\/p>\t\t\t\t\t\t\t\t<\/div>\n\t\t\t\t<\/div>\n\t\t\t\t\t<\/div>\n\t\t<\/div>\n\t\t\t\t<div class=\"elementor-column elementor-col-33 elementor-top-column elementor-element elementor-element-ae79e45\" data-id=\"ae79e45\" data-element_type=\"column\" data-e-type=\"column\">\n\t\t\t<div class=\"elementor-widget-wrap elementor-element-populated\">\n\t\t\t\t\t\t<div class=\"elementor-element elementor-element-6c8c9e6 elementor-widget elementor-widget-image\" data-id=\"6c8c9e6\" data-element_type=\"widget\" data-e-type=\"widget\" data-widget_type=\"image.default\">\n\t\t\t\t<div class=\"elementor-widget-container\">\n\t\t\t\t\t\t\t\t\t\t\t\t\t\t\t<img loading=\"lazy\" decoding=\"async\" width=\"1024\" height=\"683\" src=\"https:\/\/gaetaneglize.com\/wp-content\/uploads\/2025\/07\/leonie-francois-seance-grossesse-plage-landes-seignosse-1025_websize-1-1024x683.jpg\" class=\"attachment-large size-large wp-image-18404\" alt=\"\" srcset=\"https:\/\/gaetaneglize.com\/wp-content\/uploads\/2025\/07\/leonie-francois-seance-grossesse-plage-landes-seignosse-1025_websize-1-1024x683.jpg 1024w, https:\/\/gaetaneglize.com\/wp-content\/uploads\/2025\/07\/leonie-francois-seance-grossesse-plage-landes-seignosse-1025_websize-1-300x200.jpg 300w, https:\/\/gaetaneglize.com\/wp-content\/uploads\/2025\/07\/leonie-francois-seance-grossesse-plage-landes-seignosse-1025_websize-1-768x512.jpg 768w, https:\/\/gaetaneglize.com\/wp-content\/uploads\/2025\/07\/leonie-francois-seance-grossesse-plage-landes-seignosse-1025_websize-1-1536x1024.jpg 1536w, https:\/\/gaetaneglize.com\/wp-content\/uploads\/2025\/07\/leonie-francois-seance-grossesse-plage-landes-seignosse-1025_websize-1.jpg 1600w\" sizes=\"(max-width: 1024px) 100vw, 1024px\" \/>\t\t\t\t\t\t\t\t\t\t\t\t\t\t\t<\/div>\n\t\t\t\t<\/div>\n\t\t\t\t<div class=\"elementor-element elementor-element-e7ba661 elementor-widget elementor-widget-heading\" data-id=\"e7ba661\" data-element_type=\"widget\" data-e-type=\"widget\" data-widget_type=\"heading.default\">\n\t\t\t\t<div class=\"elementor-widget-container\">\n\t\t\t\t\t<h3 class=\"elementor-heading-title elementor-size-default\">Des teintes douces<\/h3>\t\t\t\t<\/div>\n\t\t\t\t<\/div>\n\t\t\t\t<div class=\"elementor-element elementor-element-3cdf92a elementor-widget elementor-widget-text-editor\" data-id=\"3cdf92a\" data-element_type=\"widget\" data-e-type=\"widget\" data-widget_type=\"text-editor.default\">\n\t\t\t\t<div class=\"elementor-widget-container\">\n\t\t\t\t\t\t\t\t\t<p>C\u00f4t\u00e9 couleurs, pr\u00e9f\u00e9rez les teintes naturelles, douces, neutres, froides ou pastel (blanc, beige, gris clair, camel, nude, lin, taupe, rouille, ocre, khaki&#8230;).<\/p><p>\u00c9vitez les couleurs vives qui attireront l\u2019\u0153il juste sur cet \u00e9l\u00e9ment et d\u00e9tourneront le regard de vous et de votre amour.\u00a0<span style=\"font-size: 1rem;\">\u00c9vitez aussi les imprim\u00e9s (sauf si discrets et intemporels), les logos\u00a0apparents, les\u00a0tenues identiques (matching outfits), les fines rayures et couleurs flashy.<\/span><\/p><p>Soyez assorti\u00b7e\u00b7s en choisissant vos tenues dans des gammes de couleurs proches ou comple\u0301mentaires. Vous pouvez par exemple lier vos tenues avec une th\u00e9matique couleur : choisir une teinte principale et vous habiller dans un cama\u00efeu de cette teinte, vous compl\u00e9ter les uns les autres, sans \u00eatre habill\u00e9\u00b7e\u00b7s pareil.\u00a0<\/p><p>Pr\u00e9f\u00e9rez un look intemporel plut\u00f4t qu&#8217;\u00e0 la mode car les tendances se d\u00e9modent vite et les photos ne vieilliront pas de la m\u00eame mani\u00e8re selon la tenue choisie.<\/p><p><span style=\"font-size: 1rem;\">Choisir des teintes douces et des v\u00eatements sans motifs assurent ainsi des images intemporelles dont on ne se lasse pas.<\/span><\/p>\t\t\t\t\t\t\t\t<\/div>\n\t\t\t\t<\/div>\n\t\t\t\t<div class=\"elementor-element elementor-element-dd5eb75 elementor-widget elementor-widget-heading\" data-id=\"dd5eb75\" data-element_type=\"widget\" data-e-type=\"widget\" data-widget_type=\"heading.default\">\n\t\t\t\t<div class=\"elementor-widget-container\">\n\t\t\t\t\t<h3 class=\"elementor-heading-title elementor-size-default\">S'inspirer du lieu<\/h3>\t\t\t\t<\/div>\n\t\t\t\t<\/div>\n\t\t\t\t<div class=\"elementor-element elementor-element-fb821b1 elementor-widget elementor-widget-text-editor\" data-id=\"fb821b1\" data-element_type=\"widget\" data-e-type=\"widget\" data-widget_type=\"text-editor.default\">\n\t\t\t\t<div class=\"elementor-widget-container\">\n\t\t\t\t\t\t\t\t\t<p class=\"_04xlpA direction-ltr align-justify para-style-body\">Choisissez des couleurs de v\u00eatements qui rappellent le d\u00e9cor dans lequel nous serons pour votre s\u00e9ance. Une photo est plus harmonieuse s&#8217;il y a peu de couleurs diff\u00e9rentes et une harmonie g\u00e9n\u00e9rale avec l&#8217;arri\u00e8re plan.<\/p><p class=\"_04xlpA direction-ltr align-justify para-style-body\">Par exemple, \u00e0 l&#8217;oc\u00e9an, vous pouvez opter pour un cama\u00efeu de\u00a0 couleurs rappelant les teintes du sable (camel, beige, ocre, brun&#8230;), ou celles de l&#8217;oc\u00e9an (blanc, gris, bleu pastel, jean&#8230;). L&#8217;ensemble<span style=\"font-style: inherit; font-weight: inherit;\">\u00a0sera coh\u00e9rent et joli.<\/span><\/p>\t\t\t\t\t\t\t\t<\/div>\n\t\t\t\t<\/div>\n\t\t\t\t<div class=\"elementor-element elementor-element-71f8bac elementor-widget elementor-widget-image\" data-id=\"71f8bac\" data-element_type=\"widget\" data-e-type=\"widget\" data-widget_type=\"image.default\">\n\t\t\t\t<div class=\"elementor-widget-container\">\n\t\t\t\t\t\t\t\t\t\t\t\t\t\t\t<img loading=\"lazy\" decoding=\"async\" width=\"1024\" height=\"683\" src=\"https:\/\/gaetaneglize.com\/wp-content\/uploads\/2025\/07\/seance-photo-couple-grossesse-intimiste-cabane-chalet-foret-landes-1013_websize-1024x683.jpg\" class=\"attachment-large size-large wp-image-18402\" alt=\"\" srcset=\"https:\/\/gaetaneglize.com\/wp-content\/uploads\/2025\/07\/seance-photo-couple-grossesse-intimiste-cabane-chalet-foret-landes-1013_websize-1024x683.jpg 1024w, https:\/\/gaetaneglize.com\/wp-content\/uploads\/2025\/07\/seance-photo-couple-grossesse-intimiste-cabane-chalet-foret-landes-1013_websize-300x200.jpg 300w, https:\/\/gaetaneglize.com\/wp-content\/uploads\/2025\/07\/seance-photo-couple-grossesse-intimiste-cabane-chalet-foret-landes-1013_websize-768x512.jpg 768w, https:\/\/gaetaneglize.com\/wp-content\/uploads\/2025\/07\/seance-photo-couple-grossesse-intimiste-cabane-chalet-foret-landes-1013_websize-1536x1024.jpg 1536w, https:\/\/gaetaneglize.com\/wp-content\/uploads\/2025\/07\/seance-photo-couple-grossesse-intimiste-cabane-chalet-foret-landes-1013_websize.jpg 1600w\" sizes=\"(max-width: 1024px) 100vw, 1024px\" \/>\t\t\t\t\t\t\t\t\t\t\t\t\t\t\t<\/div>\n\t\t\t\t<\/div>\n\t\t\t\t\t<\/div>\n\t\t<\/div>\n\t\t\t\t<div class=\"elementor-column elementor-col-33 elementor-top-column elementor-element elementor-element-663bbdc\" data-id=\"663bbdc\" data-element_type=\"column\" data-e-type=\"column\">\n\t\t\t<div class=\"elementor-widget-wrap elementor-element-populated\">\n\t\t\t\t\t\t<div class=\"elementor-element elementor-element-78d511b elementor-widget elementor-widget-heading\" data-id=\"78d511b\" data-element_type=\"widget\" data-e-type=\"widget\" data-widget_type=\"heading.default\">\n\t\t\t\t<div class=\"elementor-widget-container\">\n\t\t\t\t\t<h3 class=\"elementor-heading-title elementor-size-default\">\u00catre en accord avec la saison et m\u00e9t\u00e9o<\/h3>\t\t\t\t<\/div>\n\t\t\t\t<\/div>\n\t\t\t\t<div class=\"elementor-element elementor-element-22c61e7 elementor-widget elementor-widget-text-editor\" data-id=\"22c61e7\" data-element_type=\"widget\" data-e-type=\"widget\" data-widget_type=\"text-editor.default\">\n\t\t\t\t<div class=\"elementor-widget-container\">\n\t\t\t\t\t\t\t\t\t<p>La saison peut ainsi vous aider pour le choix des teintes : chaudes pour rappeler l&#8217;automne et la saison cocooning (rouille, brun, ocre, vert sapin&#8230;) et lumineuses en \u00e9t\u00e9 (blanc, beige, teintes pastel&#8230;).\u00a0<\/p><p>Lorsqu&#8217;il fait un peu frais, on optera pour un effet &#8220;layering&#8221; en jouant sur la superposition de plusieurs couches de v\u00eatements. L&#8217;id\u00e9e est de ne pas avoir froid car cela se verra sur les photos.\u00a0<\/p>\t\t\t\t\t\t\t\t<\/div>\n\t\t\t\t<\/div>\n\t\t\t\t<div class=\"elementor-element elementor-element-9d4f741 elementor-widget elementor-widget-heading\" data-id=\"9d4f741\" data-element_type=\"widget\" data-e-type=\"widget\" data-widget_type=\"heading.default\">\n\t\t\t\t<div class=\"elementor-widget-container\">\n\t\t\t\t\t<h3 class=\"elementor-heading-title elementor-size-default\">Mettre en avant le ventre<\/h3>\t\t\t\t<\/div>\n\t\t\t\t<\/div>\n\t\t\t\t<div class=\"elementor-element elementor-element-cb8cfcc elementor-widget elementor-widget-text-editor\" data-id=\"cb8cfcc\" data-element_type=\"widget\" data-e-type=\"widget\" data-widget_type=\"text-editor.default\">\n\t\t\t\t<div class=\"elementor-widget-container\">\n\t\t\t\t\t\t\t\t\t<p>La robe longue et fluide, avec des mati\u00e8res l\u00e9g\u00e8res comme la gaze de coton, la mousseline ou la dentelle, avec des ajours, des volants, des plis, des pompons, une fente etc&#8230; est une pi\u00e8ce incontournable pour les s\u00e9ances grossesse. Elle permet une grande libert\u00e9 de mouvement, elle vole joliment au vent, capte la lumi\u00e8re et sublime les formes arrondies. Tr\u00e8s photog\u00e9nique, elle \u00e9voque \u00e0 la fois la douceur, la puissance et la libert\u00e9.<\/p><p>Je vous conseille d&#8217;avoir une 2e tenue qui d\u00e9voile le ventre. On peut alors opter pour<span style=\"font-style: inherit; font-weight: inherit;\">\u00a0une tenue deux pi\u00e8ces (jupe ample et fluide + brassi\u00e8re ou bandeau), un joli ensemble de lingerie, associ\u00e9 \u00e0 un kimono fluide, un tricot douillet ouvert ou une chemise nou\u00e9e sous la poitrine pour d\u00e9voiler le ventre de mani\u00e8re d\u00e9licate.<\/span><\/p><p>Et si vous en avez envie, on peut aussi faire quelques photos en nu partiel ou complet, dans une ambiance douce, respectueuse et po\u00e9tique. C\u2019est une belle mani\u00e8re de c\u00e9l\u00e9brer votre corps dans toute sa beaut\u00e9 et sa puissance.<\/p>\t\t\t\t\t\t\t\t<\/div>\n\t\t\t\t<\/div>\n\t\t\t\t<div class=\"elementor-element elementor-element-d3ba957 elementor-widget elementor-widget-heading\" data-id=\"d3ba957\" data-element_type=\"widget\" data-e-type=\"widget\" data-widget_type=\"heading.default\">\n\t\t\t\t<div class=\"elementor-widget-container\">\n\t\t\t\t\t<h3 class=\"elementor-heading-title elementor-size-default\">Peau \u00e0 peau<\/h3>\t\t\t\t<\/div>\n\t\t\t\t<\/div>\n\t\t\t\t<div class=\"elementor-element elementor-element-97adb8a elementor-widget elementor-widget-text-editor\" data-id=\"97adb8a\" data-element_type=\"widget\" data-e-type=\"widget\" data-widget_type=\"text-editor.default\">\n\t\t\t\t<div class=\"elementor-widget-container\">\n\t\t\t\t\t\t\t\t\t<p><span style=\"font-style: inherit; font-weight: inherit;\">Faire du peau \u00e0 peau en fin de s\u00e9ance est aussi toujours une bonne id\u00e9e. Pour cela, pr\u00e9voyez un joli soutien-gorge, un kimono en soie ou un kaftan en dentelle.<\/span><\/p>\t\t\t\t\t\t\t\t<\/div>\n\t\t\t\t<\/div>\n\t\t\t\t<div class=\"elementor-element elementor-element-d59611f elementor-widget elementor-widget-image\" data-id=\"d59611f\" data-element_type=\"widget\" data-e-type=\"widget\" data-widget_type=\"image.default\">\n\t\t\t\t<div class=\"elementor-widget-container\">\n\t\t\t\t\t\t\t\t\t\t\t\t\t\t\t<img loading=\"lazy\" decoding=\"async\" width=\"1024\" height=\"683\" src=\"https:\/\/gaetaneglize.com\/wp-content\/uploads\/2024\/12\/seance-photo-grossesse-chalet-montagne-pyrenees-gavarnie-1337_websize-1-1024x683.jpg\" class=\"attachment-large size-large wp-image-16754\" alt=\"\" srcset=\"https:\/\/gaetaneglize.com\/wp-content\/uploads\/2024\/12\/seance-photo-grossesse-chalet-montagne-pyrenees-gavarnie-1337_websize-1-1024x683.jpg 1024w, https:\/\/gaetaneglize.com\/wp-content\/uploads\/2024\/12\/seance-photo-grossesse-chalet-montagne-pyrenees-gavarnie-1337_websize-1-300x200.jpg 300w, https:\/\/gaetaneglize.com\/wp-content\/uploads\/2024\/12\/seance-photo-grossesse-chalet-montagne-pyrenees-gavarnie-1337_websize-1-768x512.jpg 768w, https:\/\/gaetaneglize.com\/wp-content\/uploads\/2024\/12\/seance-photo-grossesse-chalet-montagne-pyrenees-gavarnie-1337_websize-1-1536x1024.jpg 1536w, https:\/\/gaetaneglize.com\/wp-content\/uploads\/2024\/12\/seance-photo-grossesse-chalet-montagne-pyrenees-gavarnie-1337_websize-1.jpg 1600w\" sizes=\"(max-width: 1024px) 100vw, 1024px\" \/>\t\t\t\t\t\t\t\t\t\t\t\t\t\t\t<\/div>\n\t\t\t\t<\/div>\n\t\t\t\t<div class=\"elementor-element elementor-element-8c376a5 elementor-widget elementor-widget-heading\" data-id=\"8c376a5\" data-element_type=\"widget\" data-e-type=\"widget\" data-widget_type=\"heading.default\">\n\t\t\t\t<div class=\"elementor-widget-container\">\n\t\t\t\t\t<h3 class=\"elementor-heading-title elementor-size-default\">Se chouchouter<\/h3>\t\t\t\t<\/div>\n\t\t\t\t<\/div>\n\t\t\t\t<div class=\"elementor-element elementor-element-d1707fb elementor-widget elementor-widget-text-editor\" data-id=\"d1707fb\" data-element_type=\"widget\" data-e-type=\"widget\" data-widget_type=\"text-editor.default\">\n\t\t\t\t<div class=\"elementor-widget-container\">\n\t\t\t\t\t\t\t\t\t<p>Si vous souhaitez vous faire maquiller ou passer chez le coiffeur avant la se\u0301ance\u2026 Faites-vous plaisir c\u2019est l\u2019occasion ! Faites attention \u00e0 ce que vos ongles des pieds et des mains soient bien lim\u00e9s (vous aussi, messieurs) et que s&#8217;il y a du vernis, il ne s&#8217;\u00e9caille pas :).<\/p>\t\t\t\t\t\t\t\t<\/div>\n\t\t\t\t<\/div>\n\t\t\t\t\t<\/div>\n\t\t<\/div>\n\t\t\t\t\t<\/div>\n\t\t<\/section>\n\t\t\t\t<section class=\"elementor-section elementor-top-section elementor-element elementor-element-9b5fcbb elementor-section-boxed elementor-section-height-default elementor-section-height-default\" data-id=\"9b5fcbb\" data-element_type=\"section\" data-e-type=\"section\">\n\t\t\t\t\t\t<div class=\"elementor-container elementor-column-gap-default\">\n\t\t\t\t\t<div class=\"elementor-column elementor-col-33 elementor-top-column elementor-element elementor-element-271e677\" data-id=\"271e677\" data-element_type=\"column\" data-e-type=\"column\">\n\t\t\t<div class=\"elementor-widget-wrap elementor-element-populated\">\n\t\t\t\t\t\t<div class=\"elementor-element elementor-element-2c897c8 elementor-widget elementor-widget-menu-anchor\" data-id=\"2c897c8\" data-element_type=\"widget\" data-e-type=\"widget\" data-widget_type=\"menu-anchor.default\">\n\t\t\t\t<div class=\"elementor-widget-container\">\n\t\t\t\t\t\t\t<div class=\"elementor-menu-anchor\" id=\"intentionnalite\"><\/div>\n\t\t\t\t\t\t<\/div>\n\t\t\t\t<\/div>\n\t\t\t\t<div class=\"elementor-element elementor-element-fb8b4a8 elementor-widget elementor-widget-heading\" data-id=\"fb8b4a8\" data-element_type=\"widget\" data-e-type=\"widget\" data-widget_type=\"heading.default\">\n\t\t\t\t<div class=\"elementor-widget-container\">\n\t\t\t\t\t<h2 class=\"elementor-heading-title elementor-size-default\">Ajouter de l'intentionnalit\u00e9<\/h2>\t\t\t\t<\/div>\n\t\t\t\t<\/div>\n\t\t\t\t<div class=\"elementor-element elementor-element-248c43f elementor-widget elementor-widget-text-editor\" data-id=\"248c43f\" data-element_type=\"widget\" data-e-type=\"widget\" data-widget_type=\"text-editor.default\">\n\t\t\t\t<div class=\"elementor-widget-container\">\n\t\t\t\t\t\t\t\t\t<p>QU&#8217;EST-CE QUE C&#8217;EST ?<\/p><p>L&#8217;intentionnalit\u00e9 dans le couple et en famille, c&#8217;est agir de mani\u00e8re \u00e0 manifester consciemment \u00e0 l\u2019autre \u201cTu as de la valeur. Tu as de l\u2019importance pour moi.\u201d C\u2019est d\u00e9montrer \u00e0 l&#8217;autre son amour par l\u2019attention.<\/p><p style=\"font-size: 14px; font-style: normal; font-weight: 400;\">POURQUOI C&#8217;EST IMPORTANT POUR VOTRE S\u00c9ANCE<\/p><p style=\"font-size: 14px; font-style: normal; font-weight: 400;\">Cela permet de vous rappeler \u00e0 quel point vous tenez \u00e0 votre partenaire, vos enfants, votre famille, de vous pr\u00e9parer pour cette exp\u00e9rience et d&#8217;ajouter de l&#8217;\u00e9motion et de la signification \u00e0 votre s\u00e9ance.<\/p><p style=\"font-size: 14px; font-style: normal; font-weight: 400;\">COMMENT FAIRE ?<\/p><p>Prenez connaissance des options d&#8217;intentionnalit\u00e9 que je vous propose ici et mettez-vous d&#8217;accord sur celles que vous souhaitez faire, vous pouvez aussi en inventer. Pr\u00e9parez les options choisies et gardez leur contenu secret jusqu&#8217;\u00e0 votre s\u00e9ance. Vous d\u00e9voilerez leur contenu le jour J.<\/p>\t\t\t\t\t\t\t\t<\/div>\n\t\t\t\t<\/div>\n\t\t\t\t<div class=\"elementor-element elementor-element-7c44cf9 elementor-widget elementor-widget-heading\" data-id=\"7c44cf9\" data-element_type=\"widget\" data-e-type=\"widget\" data-widget_type=\"heading.default\">\n\t\t\t\t<div class=\"elementor-widget-container\">\n\t\t\t\t\t<h3 class=\"elementor-heading-title elementor-size-default\">Un petit cadeau<\/h3>\t\t\t\t<\/div>\n\t\t\t\t<\/div>\n\t\t\t\t<div class=\"elementor-element elementor-element-6706eba elementor-widget elementor-widget-text-editor\" data-id=\"6706eba\" data-element_type=\"widget\" data-e-type=\"widget\" data-widget_type=\"text-editor.default\">\n\t\t\t\t<div class=\"elementor-widget-container\">\n\t\t\t\t\t\t\t\t\t<p><em>Langage de l&#8217;amour : offrir des cadeaux<\/em><\/p><p>Emmenez un cadeau rempli d\u2019attention pour votre partenaire et\/ou votre\/vos enfant-s le jour de votre s\u00e9ance. Gardez-le secret jusqu\u2019alors.<\/p>\t\t\t\t\t\t\t\t<\/div>\n\t\t\t\t<\/div>\n\t\t\t\t<div class=\"elementor-element elementor-element-5533625 elementor-widget elementor-widget-heading\" data-id=\"5533625\" data-element_type=\"widget\" data-e-type=\"widget\" data-widget_type=\"heading.default\">\n\t\t\t\t<div class=\"elementor-widget-container\">\n\t\t\t\t\t<h3 class=\"elementor-heading-title elementor-size-default\">La chanson<\/h3>\t\t\t\t<\/div>\n\t\t\t\t<\/div>\n\t\t\t\t<div class=\"elementor-element elementor-element-bbe3e0c elementor-widget elementor-widget-text-editor\" data-id=\"bbe3e0c\" data-element_type=\"widget\" data-e-type=\"widget\" data-widget_type=\"text-editor.default\">\n\t\t\t\t<div class=\"elementor-widget-container\">\n\t\t\t\t\t\t\t\t\t<p><em>Langage de l&#8217;amour : partage de moments de qualit\u00e9<\/em><\/p><p>Choisissez une chanson ou une playlist qui est sp\u00e9ciale pour votre couple ou votre famille. Cela peut \u00eatre des musiques sur lesquelles votre a\u00een\u00e9-e aime danser et chanter, des musiques qui apaisent ou font r\u00e9agir votre b\u00e9b\u00e9 dans le ventre, des musiques qui vous rappellent de bons souvenirs ensemble&#8230;<\/p><p>Envoyez-moi le nom des titres et on les mettra pendant la s\u00e9ance.<\/p>\t\t\t\t\t\t\t\t<\/div>\n\t\t\t\t<\/div>\n\t\t\t\t\t<\/div>\n\t\t<\/div>\n\t\t\t\t<div class=\"elementor-column elementor-col-33 elementor-top-column elementor-element elementor-element-a9096b7\" data-id=\"a9096b7\" data-element_type=\"column\" data-e-type=\"column\">\n\t\t\t<div class=\"elementor-widget-wrap elementor-element-populated\">\n\t\t\t\t\t\t<div class=\"elementor-element elementor-element-656ce7f elementor-widget elementor-widget-heading\" data-id=\"656ce7f\" data-element_type=\"widget\" data-e-type=\"widget\" data-widget_type=\"heading.default\">\n\t\t\t\t<div class=\"elementor-widget-container\">\n\t\t\t\t\t<h3 class=\"elementor-heading-title elementor-size-default\">La lettre d'amour<\/h3>\t\t\t\t<\/div>\n\t\t\t\t<\/div>\n\t\t\t\t<div class=\"elementor-element elementor-element-9a2f3ea elementor-widget elementor-widget-text-editor\" data-id=\"9a2f3ea\" data-element_type=\"widget\" data-e-type=\"widget\" data-widget_type=\"text-editor.default\">\n\t\t\t\t<div class=\"elementor-widget-container\">\n\t\t\t\t\t\t\t\t\t<p><em>Langage de l&#8217;amour : mots\/paroles valorisantes<\/em><\/p><p>\u00c9crivez une lettre d\u2019amour \u00e0 votre partenaire et\/ou \u00e0 votre\/vos enfant-s sous la forme que vous souhaitez (lettre, chanson&#8230;) et de la longueur que vous souhaitez. Pr\u00e9f\u00e9rez un joli carnet pour y \u00e9crire votre lettre, c\u2019est plus photog\u00e9nique que la feuille volante qui se froisse et s&#8217;envole.<\/p><p>Dites-lui ce que vous avez \u00e0 lui dire, toutes ces choses que l&#8217;on ne prend pas forc\u00e9ment le temps de se dire dans la vie quotidienne, et gardez-la secr\u00e8te jusqu\u2019\u00e0 votre s\u00e9ance photo.<\/p><p>Je vous recommande grandement de r\u00e9aliser cela pour votre partenaire car \u00e9crire ses sentiments est un cadeau inestimable que l\u2019on peut faire \u00e0 l\u2019autre. En effet, tr\u00e8s souvent, nous tenons pour acquis que notre partenaire a conscience de ce que nous ressentons, alors qu\u2019iel ne le peut pas. Iel n\u2019est pas dans notre t\u00eate, alors les entendre et avoir ce support physique \u00e0 garder et ch\u00e9rir, c&#8217;est juste magique.<\/p><p>Pour les enfants, je vous le recommande au-dessus de 4 ans pour qu&#8217;iels aient conscience de ce cadeau. Vous pouvez aussi en \u00e9crire une \u00e0 votre b\u00e9b\u00e9 \u00e0 venir, lui lire en touchant votre ventre pour se connecter \u00e0 lui\/elle et la garder pr\u00e9cieusement pour lui offrir plus tard, en lui montrant les photos de ce moment.<\/p><p>Voici la r\u00e9action de Freya quand sa maman lui a lu sa lettre d&#8217;amour :<\/p>\t\t\t\t\t\t\t\t<\/div>\n\t\t\t\t<\/div>\n\t\t\t\t<section class=\"elementor-section elementor-inner-section elementor-element elementor-element-4bc515e elementor-section-boxed elementor-section-height-default elementor-section-height-default\" data-id=\"4bc515e\" data-element_type=\"section\" data-e-type=\"section\">\n\t\t\t\t\t\t<div class=\"elementor-container elementor-column-gap-default\">\n\t\t\t\t\t<div class=\"elementor-column elementor-col-50 elementor-inner-column elementor-element elementor-element-4e0ecbf\" data-id=\"4e0ecbf\" data-element_type=\"column\" data-e-type=\"column\">\n\t\t\t<div class=\"elementor-widget-wrap elementor-element-populated\">\n\t\t\t\t\t\t<div class=\"elementor-element elementor-element-afac0cc elementor-widget elementor-widget-image\" data-id=\"afac0cc\" data-element_type=\"widget\" data-e-type=\"widget\" data-widget_type=\"image.default\">\n\t\t\t\t<div class=\"elementor-widget-container\">\n\t\t\t\t\t\t\t\t\t\t\t\t\t\t\t<img loading=\"lazy\" decoding=\"async\" width=\"1024\" height=\"683\" src=\"https:\/\/gaetaneglize.com\/wp-content\/uploads\/2023\/02\/photographe-famille-plage-landes-1160-1024x683.jpg\" class=\"attachment-large size-large wp-image-13599\" alt=\"\" srcset=\"https:\/\/gaetaneglize.com\/wp-content\/uploads\/2023\/02\/photographe-famille-plage-landes-1160-1024x683.jpg 1024w, https:\/\/gaetaneglize.com\/wp-content\/uploads\/2023\/02\/photographe-famille-plage-landes-1160-300x200.jpg 300w, https:\/\/gaetaneglize.com\/wp-content\/uploads\/2023\/02\/photographe-famille-plage-landes-1160-768x512.jpg 768w, https:\/\/gaetaneglize.com\/wp-content\/uploads\/2023\/02\/photographe-famille-plage-landes-1160.jpg 1500w\" sizes=\"(max-width: 1024px) 100vw, 1024px\" \/>\t\t\t\t\t\t\t\t\t\t\t\t\t\t\t<\/div>\n\t\t\t\t<\/div>\n\t\t\t\t\t<\/div>\n\t\t<\/div>\n\t\t\t\t<div class=\"elementor-column elementor-col-50 elementor-inner-column elementor-element elementor-element-3339cfd\" data-id=\"3339cfd\" data-element_type=\"column\" data-e-type=\"column\">\n\t\t\t<div class=\"elementor-widget-wrap elementor-element-populated\">\n\t\t\t\t\t\t<div class=\"elementor-element elementor-element-1e3ba0a elementor-widget elementor-widget-image\" data-id=\"1e3ba0a\" data-element_type=\"widget\" data-e-type=\"widget\" data-widget_type=\"image.default\">\n\t\t\t\t<div class=\"elementor-widget-container\">\n\t\t\t\t\t\t\t\t\t\t\t\t\t\t\t<img loading=\"lazy\" decoding=\"async\" width=\"1024\" height=\"683\" src=\"https:\/\/gaetaneglize.com\/wp-content\/uploads\/2023\/02\/photographe-famille-plage-landes-1162-1024x683.jpg\" class=\"attachment-large size-large wp-image-13629\" alt=\"\" srcset=\"https:\/\/gaetaneglize.com\/wp-content\/uploads\/2023\/02\/photographe-famille-plage-landes-1162-1024x683.jpg 1024w, https:\/\/gaetaneglize.com\/wp-content\/uploads\/2023\/02\/photographe-famille-plage-landes-1162-300x200.jpg 300w, https:\/\/gaetaneglize.com\/wp-content\/uploads\/2023\/02\/photographe-famille-plage-landes-1162-768x512.jpg 768w, https:\/\/gaetaneglize.com\/wp-content\/uploads\/2023\/02\/photographe-famille-plage-landes-1162.jpg 1500w\" sizes=\"(max-width: 1024px) 100vw, 1024px\" \/>\t\t\t\t\t\t\t\t\t\t\t\t\t\t\t<\/div>\n\t\t\t\t<\/div>\n\t\t\t\t\t<\/div>\n\t\t<\/div>\n\t\t\t\t\t<\/div>\n\t\t<\/section>\n\t\t\t\t<section class=\"elementor-section elementor-inner-section elementor-element elementor-element-aa310de elementor-section-boxed elementor-section-height-default elementor-section-height-default\" data-id=\"aa310de\" data-element_type=\"section\" data-e-type=\"section\">\n\t\t\t\t\t\t<div class=\"elementor-container elementor-column-gap-default\">\n\t\t\t\t\t<div class=\"elementor-column elementor-col-50 elementor-inner-column elementor-element elementor-element-234c145\" data-id=\"234c145\" data-element_type=\"column\" data-e-type=\"column\">\n\t\t\t<div class=\"elementor-widget-wrap elementor-element-populated\">\n\t\t\t\t\t\t<div class=\"elementor-element elementor-element-96dcd0a elementor-widget elementor-widget-image\" data-id=\"96dcd0a\" data-element_type=\"widget\" data-e-type=\"widget\" data-widget_type=\"image.default\">\n\t\t\t\t<div class=\"elementor-widget-container\">\n\t\t\t\t\t\t\t\t\t\t\t\t\t\t\t<img loading=\"lazy\" decoding=\"async\" width=\"1024\" height=\"683\" src=\"https:\/\/gaetaneglize.com\/wp-content\/uploads\/2023\/02\/photographe-famille-plage-landes-1163-1024x683.jpg\" class=\"attachment-large size-large wp-image-13595\" alt=\"\" srcset=\"https:\/\/gaetaneglize.com\/wp-content\/uploads\/2023\/02\/photographe-famille-plage-landes-1163-1024x683.jpg 1024w, https:\/\/gaetaneglize.com\/wp-content\/uploads\/2023\/02\/photographe-famille-plage-landes-1163-300x200.jpg 300w, https:\/\/gaetaneglize.com\/wp-content\/uploads\/2023\/02\/photographe-famille-plage-landes-1163-768x512.jpg 768w, https:\/\/gaetaneglize.com\/wp-content\/uploads\/2023\/02\/photographe-famille-plage-landes-1163.jpg 1500w\" sizes=\"(max-width: 1024px) 100vw, 1024px\" \/>\t\t\t\t\t\t\t\t\t\t\t\t\t\t\t<\/div>\n\t\t\t\t<\/div>\n\t\t\t\t\t<\/div>\n\t\t<\/div>\n\t\t\t\t<div class=\"elementor-column elementor-col-50 elementor-inner-column elementor-element elementor-element-d0c15de\" data-id=\"d0c15de\" data-element_type=\"column\" data-e-type=\"column\">\n\t\t\t<div class=\"elementor-widget-wrap elementor-element-populated\">\n\t\t\t\t\t\t<div class=\"elementor-element elementor-element-c90e740 elementor-widget elementor-widget-image\" data-id=\"c90e740\" data-element_type=\"widget\" data-e-type=\"widget\" data-widget_type=\"image.default\">\n\t\t\t\t<div class=\"elementor-widget-container\">\n\t\t\t\t\t\t\t\t\t\t\t\t\t\t\t<img loading=\"lazy\" decoding=\"async\" width=\"1024\" height=\"683\" src=\"https:\/\/gaetaneglize.com\/wp-content\/uploads\/2023\/02\/photographe-famille-plage-landes-1164-1024x683.jpg\" class=\"attachment-large size-large wp-image-13593\" alt=\"\" srcset=\"https:\/\/gaetaneglize.com\/wp-content\/uploads\/2023\/02\/photographe-famille-plage-landes-1164-1024x683.jpg 1024w, https:\/\/gaetaneglize.com\/wp-content\/uploads\/2023\/02\/photographe-famille-plage-landes-1164-300x200.jpg 300w, https:\/\/gaetaneglize.com\/wp-content\/uploads\/2023\/02\/photographe-famille-plage-landes-1164-768x512.jpg 768w, https:\/\/gaetaneglize.com\/wp-content\/uploads\/2023\/02\/photographe-famille-plage-landes-1164.jpg 1500w\" sizes=\"(max-width: 1024px) 100vw, 1024px\" \/>\t\t\t\t\t\t\t\t\t\t\t\t\t\t\t<\/div>\n\t\t\t\t<\/div>\n\t\t\t\t\t<\/div>\n\t\t<\/div>\n\t\t\t\t\t<\/div>\n\t\t<\/section>\n\t\t\t\t<div class=\"elementor-element elementor-element-468d47e elementor-widget elementor-widget-text-editor\" data-id=\"468d47e\" data-element_type=\"widget\" data-e-type=\"widget\" data-widget_type=\"text-editor.default\">\n\t\t\t\t<div class=\"elementor-widget-container\">\n\t\t\t\t\t\t\t\t\t<p>D&#8217;ailleurs, Freya avait elle aussi fait \u00e9crire une lettre \u00e0 chacun de ses parents &#8211; et ils l&#8217;ont lue de sa part l&#8217;un \u00e0 l&#8217;autre, c&#8217;est pas trop adorable \u00e7a ?!<\/p>\t\t\t\t\t\t\t\t<\/div>\n\t\t\t\t<\/div>\n\t\t\t\t<div class=\"elementor-element elementor-element-5fe6ea8 elementor-widget elementor-widget-image\" data-id=\"5fe6ea8\" data-element_type=\"widget\" data-e-type=\"widget\" data-widget_type=\"image.default\">\n\t\t\t\t<div class=\"elementor-widget-container\">\n\t\t\t\t\t\t\t\t\t\t\t\t\t\t\t<img loading=\"lazy\" decoding=\"async\" width=\"1024\" height=\"683\" src=\"https:\/\/gaetaneglize.com\/wp-content\/uploads\/2023\/02\/photographe-famille-plage-landes-1150-1024x683.jpg\" class=\"attachment-large size-large wp-image-13655\" alt=\"\" srcset=\"https:\/\/gaetaneglize.com\/wp-content\/uploads\/2023\/02\/photographe-famille-plage-landes-1150-1024x683.jpg 1024w, https:\/\/gaetaneglize.com\/wp-content\/uploads\/2023\/02\/photographe-famille-plage-landes-1150-300x200.jpg 300w, https:\/\/gaetaneglize.com\/wp-content\/uploads\/2023\/02\/photographe-famille-plage-landes-1150-768x512.jpg 768w, https:\/\/gaetaneglize.com\/wp-content\/uploads\/2023\/02\/photographe-famille-plage-landes-1150.jpg 1500w\" sizes=\"(max-width: 1024px) 100vw, 1024px\" \/>\t\t\t\t\t\t\t\t\t\t\t\t\t\t\t<\/div>\n\t\t\t\t<\/div>\n\t\t\t\t\t<\/div>\n\t\t<\/div>\n\t\t\t\t<div class=\"elementor-column elementor-col-33 elementor-top-column elementor-element elementor-element-e72aca3\" data-id=\"e72aca3\" data-element_type=\"column\" data-e-type=\"column\">\n\t\t\t<div class=\"elementor-widget-wrap elementor-element-populated\">\n\t\t\t\t\t\t<div class=\"elementor-element elementor-element-1c34858 elementor-widget elementor-widget-heading\" data-id=\"1c34858\" data-element_type=\"widget\" data-e-type=\"widget\" data-widget_type=\"heading.default\">\n\t\t\t\t<div class=\"elementor-widget-container\">\n\t\t\t\t\t<h3 class=\"elementor-heading-title elementor-size-default\">La bo\u00eete \u00e0 souvenirs<\/h3>\t\t\t\t<\/div>\n\t\t\t\t<\/div>\n\t\t\t\t<div class=\"elementor-element elementor-element-0acec38 elementor-widget elementor-widget-text-editor\" data-id=\"0acec38\" data-element_type=\"widget\" data-e-type=\"widget\" data-widget_type=\"text-editor.default\">\n\t\t\t\t<div class=\"elementor-widget-container\">\n\t\t\t\t\t\t\t\t\t<p><em>Langage de l&#8217;amour : partage de moments de qualit\u00e9<\/em><\/p><p>Pr\u00e9parez une bo\u00eete que vous remplirez ensemble pendant la s\u00e9ance et offrirez \u00e0 b\u00e9b\u00e9 plus tard. Vous y d\u00e9poserez tour \u00e0 tour plein de petits souvenirs personnels&#8230; Une photo, un petit mot, un dessin, une petite peluche&#8230; Vous la fermerez ensemble et la cacherez quelque part pour ensuite la rouvrir avec b\u00e9b\u00e9 quand il sera l\u00e0 !<\/p><p>Planifiez en amont : la bo\u00eete, de quoi d\u00e9corer la bo\u00eete (\u00e0 faire ensemble le jour de la s\u00e9ance), et le contenu (que vous mettrez dedans pendant la s\u00e9ance).<\/p>\t\t\t\t\t\t\t\t<\/div>\n\t\t\t\t<\/div>\n\t\t\t\t<div class=\"elementor-element elementor-element-ae1cd51 elementor-widget elementor-widget-heading\" data-id=\"ae1cd51\" data-element_type=\"widget\" data-e-type=\"widget\" data-widget_type=\"heading.default\">\n\t\t\t\t<div class=\"elementor-widget-container\">\n\t\t\t\t\t<h3 class=\"elementor-heading-title elementor-size-default\">Enfin !<\/h3>\t\t\t\t<\/div>\n\t\t\t\t<\/div>\n\t\t\t\t<div class=\"elementor-element elementor-element-02366a6 elementor-widget elementor-widget-text-editor\" data-id=\"02366a6\" data-element_type=\"widget\" data-e-type=\"widget\" data-widget_type=\"text-editor.default\">\n\t\t\t\t<div class=\"elementor-widget-container\">\n\t\t\t\t\t\t\t\t\t<p><em>Langage de l&#8217;amour : services rendus<\/em><\/p><p>Choisissez UNE chose que votre partenaire ou vos parents vous demandent de terminer depuis un petit bout de temps mais que vous n\u2019avez pas encore fait. Tous les membres de la famille choisissent une chose \u00e0 faire. Vous pouvez le compl\u00e9ter avant votre session si vous voulez, mais il faut que cela reste un secret jusque l\u00e0. Pendant votre s\u00e9ance photo, vous r\u00e9v\u00e9lerez aux autres ce que vous avez ENFIN fait ou vous engagez de faire !<\/p>\t\t\t\t\t\t\t\t<\/div>\n\t\t\t\t<\/div>\n\t\t\t\t<div class=\"elementor-element elementor-element-ac93427 elementor-widget elementor-widget-heading\" data-id=\"ac93427\" data-element_type=\"widget\" data-e-type=\"widget\" data-widget_type=\"heading.default\">\n\t\t\t\t<div class=\"elementor-widget-container\">\n\t\t\t\t\t<h3 class=\"elementor-heading-title elementor-size-default\">Vos options \u00e0 vous<\/h3>\t\t\t\t<\/div>\n\t\t\t\t<\/div>\n\t\t\t\t<div class=\"elementor-element elementor-element-bfec6fd elementor-widget elementor-widget-text-editor\" data-id=\"bfec6fd\" data-element_type=\"widget\" data-e-type=\"widget\" data-widget_type=\"text-editor.default\">\n\t\t\t\t<div class=\"elementor-widget-container\">\n\t\t\t\t\t\t\t\t\t<p>\u00c7a vous inspire ? Je vous invite \u00e0 cr\u00e9er vos propres options d&#8217;intentionnalit\u00e9 qui r\u00e9sonnent avec qui vous \u00eates !! N&#8217;oubliez pas de me communiquer ce que vous souhaitez faire en amont de la s\u00e9ance pour que je le pr\u00e9vois dans le d\u00e9roul\u00e9 de votre s\u00e9ance photo.<\/p>\t\t\t\t\t\t\t\t<\/div>\n\t\t\t\t<\/div>\n\t\t\t\t\t<\/div>\n\t\t<\/div>\n\t\t\t\t\t<\/div>\n\t\t<\/section>\n\t\t\t\t<section class=\"elementor-section elementor-top-section elementor-element elementor-element-07a60dc elementor-section-boxed elementor-section-height-default elementor-section-height-default\" data-id=\"07a60dc\" data-element_type=\"section\" data-e-type=\"section\" data-settings=\"{&quot;background_background&quot;:&quot;classic&quot;}\">\n\t\t\t\t\t\t<div class=\"elementor-container elementor-column-gap-default\">\n\t\t\t\t\t<div class=\"elementor-column elementor-col-100 elementor-top-column elementor-element elementor-element-7128a74\" data-id=\"7128a74\" data-element_type=\"column\" data-e-type=\"column\">\n\t\t\t<div class=\"elementor-widget-wrap elementor-element-populated\">\n\t\t\t\t\t\t<div class=\"elementor-element elementor-element-80aa7ea elementor-widget elementor-widget-menu-anchor\" data-id=\"80aa7ea\" data-element_type=\"widget\" data-e-type=\"widget\" data-widget_type=\"menu-anchor.default\">\n\t\t\t\t<div class=\"elementor-widget-container\">\n\t\t\t\t\t\t\t<div class=\"elementor-menu-anchor\" id=\"preparation\"><\/div>\n\t\t\t\t\t\t<\/div>\n\t\t\t\t<\/div>\n\t\t\t\t<div class=\"elementor-element elementor-element-5c925e5 elementor-widget elementor-widget-heading\" data-id=\"5c925e5\" data-element_type=\"widget\" data-e-type=\"widget\" data-widget_type=\"heading.default\">\n\t\t\t\t<div class=\"elementor-widget-container\">\n\t\t\t\t\t<h2 class=\"elementor-heading-title elementor-size-default\">Pr\u00e9parer votre s\u00e9ance<\/h2>\t\t\t\t<\/div>\n\t\t\t\t<\/div>\n\t\t\t\t\t<\/div>\n\t\t<\/div>\n\t\t\t\t\t<\/div>\n\t\t<\/section>\n\t\t\t\t<section class=\"elementor-section elementor-top-section elementor-element elementor-element-b3eb4ed elementor-section-boxed elementor-section-height-default elementor-section-height-default\" data-id=\"b3eb4ed\" data-element_type=\"section\" data-e-type=\"section\" data-settings=\"{&quot;background_background&quot;:&quot;classic&quot;}\">\n\t\t\t\t\t\t<div class=\"elementor-container elementor-column-gap-default\">\n\t\t\t\t\t<div class=\"elementor-column elementor-col-50 elementor-top-column elementor-element elementor-element-738bd45\" data-id=\"738bd45\" data-element_type=\"column\" data-e-type=\"column\">\n\t\t\t<div class=\"elementor-widget-wrap elementor-element-populated\">\n\t\t\t\t\t\t<div class=\"elementor-element elementor-element-94f4143 elementor-widget elementor-widget-text-editor\" data-id=\"94f4143\" data-element_type=\"widget\" data-e-type=\"widget\" data-widget_type=\"text-editor.default\">\n\t\t\t\t<div class=\"elementor-widget-container\">\n\t\t\t\t\t\t\t\t\t<p>\u00c0 l&#8217;approche de la s\u00e9ance, on peut ressentir pas mal d&#8217;\u00e9motions&#8230; Entre appr\u00e9hension et euphorie&#8230; En tout cas, quand c&#8217;est \u00e0 mon tour de passer devant l&#8217;objectif, je ressens touuut un tas d&#8217;\u00e9motions diff\u00e9rentes ! Donc je voulais vous dire que votre session va \u00eatre G\u00c9NIALE car vous n&#8217;\u00eates pas l\u00e0 pour moi, je suis l\u00e0 pour VOUS.<\/p><p>Donc on va oublier le &#8220;photoshoot&#8221; intimidant pour se rappeler de la chose la plus importante : je suis l\u00e0 pour documenter votre connexion. Les liens qui vous unissent. L&#8217;objectif n&#8217;est pas seulement de prendre de jolies photos. L&#8217;objectif, c&#8217;est de partager une belle nouvelle exp\u00e9rience ensemble, capturer votre amour, tout en passant du temps de qualit\u00e9 tous ensemble.<\/p><p>Voici alors quelques conseils \u00e0 relire avant de se retrouver !<\/p>\t\t\t\t\t\t\t\t<\/div>\n\t\t\t\t<\/div>\n\t\t\t\t<div class=\"elementor-element elementor-element-faae347 elementor-widget elementor-widget-image\" data-id=\"faae347\" data-element_type=\"widget\" data-e-type=\"widget\" data-widget_type=\"image.default\">\n\t\t\t\t<div class=\"elementor-widget-container\">\n\t\t\t\t\t\t\t\t\t\t\t\t\t\t\t<img loading=\"lazy\" decoding=\"async\" width=\"683\" height=\"1024\" src=\"https:\/\/gaetaneglize.com\/wp-content\/uploads\/2023\/10\/seance-photo-grossesse-chalet-montagne-pyrenees-gavarnie-1414_websize-683x1024.jpg\" class=\"attachment-large size-large wp-image-13791\" alt=\"L&#039;homme embrasse d\u00e9licatement l&#039;\u00e9paule de sa femme enceinte pendant leur s\u00e9ance photo de grossesse en int\u00e9rieur avec Ga\u00e9tane Glize, photographe grossesse Landes.\" srcset=\"https:\/\/gaetaneglize.com\/wp-content\/uploads\/2023\/10\/seance-photo-grossesse-chalet-montagne-pyrenees-gavarnie-1414_websize-683x1024.jpg 683w, https:\/\/gaetaneglize.com\/wp-content\/uploads\/2023\/10\/seance-photo-grossesse-chalet-montagne-pyrenees-gavarnie-1414_websize-200x300.jpg 200w, https:\/\/gaetaneglize.com\/wp-content\/uploads\/2023\/10\/seance-photo-grossesse-chalet-montagne-pyrenees-gavarnie-1414_websize-768x1152.jpg 768w, https:\/\/gaetaneglize.com\/wp-content\/uploads\/2023\/10\/seance-photo-grossesse-chalet-montagne-pyrenees-gavarnie-1414_websize-1024x1536.jpg 1024w, https:\/\/gaetaneglize.com\/wp-content\/uploads\/2023\/10\/seance-photo-grossesse-chalet-montagne-pyrenees-gavarnie-1414_websize.jpg 1067w\" sizes=\"(max-width: 683px) 100vw, 683px\" \/>\t\t\t\t\t\t\t\t\t\t\t\t\t\t\t<\/div>\n\t\t\t\t<\/div>\n\t\t\t\t\t<\/div>\n\t\t<\/div>\n\t\t\t\t<div class=\"elementor-column elementor-col-50 elementor-top-column elementor-element elementor-element-7f633a2\" data-id=\"7f633a2\" data-element_type=\"column\" data-e-type=\"column\">\n\t\t\t<div class=\"elementor-widget-wrap elementor-element-populated\">\n\t\t\t\t\t\t<div class=\"elementor-element elementor-element-fc422cd elementor-widget elementor-widget-image\" data-id=\"fc422cd\" data-element_type=\"widget\" data-e-type=\"widget\" data-widget_type=\"image.default\">\n\t\t\t\t<div class=\"elementor-widget-container\">\n\t\t\t\t\t\t\t\t\t\t\t\t\t\t\t<img loading=\"lazy\" decoding=\"async\" width=\"683\" height=\"1024\" src=\"https:\/\/gaetaneglize.com\/wp-content\/uploads\/2024\/12\/photographe-grossesse-foret-landes-aquitaine-1073_websize-2-1-683x1024.gif\" class=\"attachment-large size-large wp-image-16694\" alt=\"La femme enceinte est nue dans la for\u00eat de pins des landes. Le soleil fait appara\u00eetre l&#039;ombre d&#039;une foug\u00e8re sur son ventre rond. Une photo artistique par Ga\u00e9tane Glize, photographe grossesse Landes.\" srcset=\"https:\/\/gaetaneglize.com\/wp-content\/uploads\/2024\/12\/photographe-grossesse-foret-landes-aquitaine-1073_websize-2-1-683x1024.gif 683w, https:\/\/gaetaneglize.com\/wp-content\/uploads\/2024\/12\/photographe-grossesse-foret-landes-aquitaine-1073_websize-2-1-200x300.gif 200w, https:\/\/gaetaneglize.com\/wp-content\/uploads\/2024\/12\/photographe-grossesse-foret-landes-aquitaine-1073_websize-2-1-768x1152.gif 768w\" sizes=\"(max-width: 683px) 100vw, 683px\" \/>\t\t\t\t\t\t\t\t\t\t\t\t\t\t\t<\/div>\n\t\t\t\t<\/div>\n\t\t\t\t<div class=\"elementor-element elementor-element-33efe5b elementor-widget elementor-widget-heading\" data-id=\"33efe5b\" data-element_type=\"widget\" data-e-type=\"widget\" data-widget_type=\"heading.default\">\n\t\t\t\t<div class=\"elementor-widget-container\">\n\t\t\t\t\t<h3 class=\"elementor-heading-title elementor-size-default\">Commencez la journ\u00e9e ensemble<\/h3>\t\t\t\t<\/div>\n\t\t\t\t<\/div>\n\t\t\t\t<div class=\"elementor-element elementor-element-f16ed23 elementor-widget elementor-widget-text-editor\" data-id=\"f16ed23\" data-element_type=\"widget\" data-e-type=\"widget\" data-widget_type=\"text-editor.default\">\n\t\t\t\t<div class=\"elementor-widget-container\">\n\t\t\t\t\t\t\t\t\t<p>Avant de se retrouver le jour de la s\u00e9ance : relaxez, d\u00e9compressez, choisissez de faire ce que vous aimez. Il n&#8217;y a rien de pire que d&#8217;arriver \u00e0 une s\u00e9ance photo crev\u00e9\u00b7e\u00b7s, d\u00e9bord\u00e9\u00b7e\u00b7s, ennerv\u00e9\u00b7e\u00b7s et d\u00e9connect\u00e9\u00b7e\u00b7s les uns des autres.<\/p><p>Alors, prenez le petit dej&#8217; au lit si vous le pouvez. Faites-vous des c\u00e2lins. Riez. Reconnectez-vous, respirez profond\u00e9ment.<\/p>\t\t\t\t\t\t\t\t<\/div>\n\t\t\t\t<\/div>\n\t\t\t\t<div class=\"elementor-element elementor-element-7eb87c9 elementor-widget elementor-widget-heading\" data-id=\"7eb87c9\" data-element_type=\"widget\" data-e-type=\"widget\" data-widget_type=\"heading.default\">\n\t\t\t\t<div class=\"elementor-widget-container\">\n\t\t\t\t\t<h3 class=\"elementor-heading-title elementor-size-default\">Soyez intentionnel\u00b7le\u00b7s<\/h3>\t\t\t\t<\/div>\n\t\t\t\t<\/div>\n\t\t\t\t<div class=\"elementor-element elementor-element-5395f5a elementor-widget elementor-widget-text-editor\" data-id=\"5395f5a\" data-element_type=\"widget\" data-e-type=\"widget\" data-widget_type=\"text-editor.default\">\n\t\t\t\t<div class=\"elementor-widget-container\">\n\t\t\t\t\t\t\t\t\t<p>Pensez \u00e0 pr\u00e9parer vos options d&#8217;intentionnalit\u00e9 et \u00e0 les emmener avec vous pour pouvoir d\u00e9voiler leur contenu \u00e0 votre partenaire et \u00e0 vos enfants pendant la s\u00e9ance.\u00a0<\/p>\t\t\t\t\t\t\t\t<\/div>\n\t\t\t\t<\/div>\n\t\t\t\t\t<\/div>\n\t\t<\/div>\n\t\t\t\t\t<\/div>\n\t\t<\/section>\n\t\t\t\t<section class=\"elementor-section elementor-top-section elementor-element elementor-element-c9c5943 elementor-section-boxed elementor-section-height-default elementor-section-height-default\" data-id=\"c9c5943\" data-element_type=\"section\" data-e-type=\"section\" data-settings=\"{&quot;background_background&quot;:&quot;classic&quot;}\">\n\t\t\t\t\t\t<div class=\"elementor-container elementor-column-gap-default\">\n\t\t\t\t\t<div class=\"elementor-column elementor-col-50 elementor-top-column elementor-element elementor-element-41a21cd\" data-id=\"41a21cd\" data-element_type=\"column\" data-e-type=\"column\">\n\t\t\t<div class=\"elementor-widget-wrap elementor-element-populated\">\n\t\t\t\t\t\t<div class=\"elementor-element elementor-element-86080f6 elementor-widget elementor-widget-heading\" data-id=\"86080f6\" data-element_type=\"widget\" data-e-type=\"widget\" data-widget_type=\"heading.default\">\n\t\t\t\t<div class=\"elementor-widget-container\">\n\t\t\t\t\t<h3 class=\"elementor-heading-title elementor-size-default\">Laissez vos attentes derri\u00e8re vous<\/h3>\t\t\t\t<\/div>\n\t\t\t\t<\/div>\n\t\t\t\t<div class=\"elementor-element elementor-element-fa95fae elementor-widget elementor-widget-text-editor\" data-id=\"fa95fae\" data-element_type=\"widget\" data-e-type=\"widget\" data-widget_type=\"text-editor.default\">\n\t\t\t\t<div class=\"elementor-widget-container\">\n\t\t\t\t\t\t\t\t\t<p>Je sais \u00e0 quel point on peut avoir des attentes ou appr\u00e9hensions \u00e0 propos d&#8217;une s\u00e9ance photo, cela va de paire et je suis aussi pass\u00e9e par l\u00e0 ! Mais ce qui aide le plus au final, c&#8217;est d&#8217;\u00e9vacuer tout cela et de le laisser derri\u00e8re vous. Lorsque vous sortez de chez vous, dites-vous que vous n&#8217;amenez pas ces ressentis avec vous et que vous partez le c\u0153ur l\u00e9ger et ouvert.<\/p><p>Vivez pleinement le moment, la spontan\u00e9it\u00e9, le vent, les \u00e9l\u00e9ments, la douceur, le rire, les b\u00eatises, tout ce qui se d\u00e9roulera. Chaque exp\u00e9rience est unique, de m\u00eame que chaque couple\/famille est unique. Il n&#8217;est question que de VOUS et capturer votre amour tel qu&#8217;il est.<\/p>\t\t\t\t\t\t\t\t<\/div>\n\t\t\t\t<\/div>\n\t\t\t\t<div class=\"elementor-element elementor-element-d46fdab elementor-widget elementor-widget-image\" data-id=\"d46fdab\" data-element_type=\"widget\" data-e-type=\"widget\" data-widget_type=\"image.default\">\n\t\t\t\t<div class=\"elementor-widget-container\">\n\t\t\t\t\t\t\t\t\t\t\t\t\t\t\t<img loading=\"lazy\" decoding=\"async\" width=\"1024\" height=\"683\" src=\"https:\/\/gaetaneglize.com\/wp-content\/uploads\/2024\/12\/seance-photo-grossesse-chalet-montagne-pyrenees-gavarnie-1213_websize-1-1024x683.jpg\" class=\"attachment-large size-large wp-image-16748\" alt=\"\" srcset=\"https:\/\/gaetaneglize.com\/wp-content\/uploads\/2024\/12\/seance-photo-grossesse-chalet-montagne-pyrenees-gavarnie-1213_websize-1-1024x683.jpg 1024w, https:\/\/gaetaneglize.com\/wp-content\/uploads\/2024\/12\/seance-photo-grossesse-chalet-montagne-pyrenees-gavarnie-1213_websize-1-300x200.jpg 300w, https:\/\/gaetaneglize.com\/wp-content\/uploads\/2024\/12\/seance-photo-grossesse-chalet-montagne-pyrenees-gavarnie-1213_websize-1-768x512.jpg 768w, https:\/\/gaetaneglize.com\/wp-content\/uploads\/2024\/12\/seance-photo-grossesse-chalet-montagne-pyrenees-gavarnie-1213_websize-1-1536x1024.jpg 1536w, https:\/\/gaetaneglize.com\/wp-content\/uploads\/2024\/12\/seance-photo-grossesse-chalet-montagne-pyrenees-gavarnie-1213_websize-1.jpg 1600w\" sizes=\"(max-width: 1024px) 100vw, 1024px\" \/>\t\t\t\t\t\t\t\t\t\t\t\t\t\t\t<\/div>\n\t\t\t\t<\/div>\n\t\t\t\t\t<\/div>\n\t\t<\/div>\n\t\t\t\t<div class=\"elementor-column elementor-col-50 elementor-top-column elementor-element elementor-element-cf287c4\" data-id=\"cf287c4\" data-element_type=\"column\" data-e-type=\"column\">\n\t\t\t<div class=\"elementor-widget-wrap elementor-element-populated\">\n\t\t\t\t\t\t<div class=\"elementor-element elementor-element-5e1a4e5 elementor-widget elementor-widget-image\" data-id=\"5e1a4e5\" data-element_type=\"widget\" data-e-type=\"widget\" data-widget_type=\"image.default\">\n\t\t\t\t<div class=\"elementor-widget-container\">\n\t\t\t\t\t\t\t\t\t\t\t\t\t\t\t<img loading=\"lazy\" decoding=\"async\" width=\"1024\" height=\"683\" src=\"https:\/\/gaetaneglize.com\/wp-content\/uploads\/2024\/03\/seance-photo-grossesse-couple-plage-landes-1081_websize-1-1024x683.jpg\" class=\"attachment-large size-large wp-image-14665\" alt=\"\" srcset=\"https:\/\/gaetaneglize.com\/wp-content\/uploads\/2024\/03\/seance-photo-grossesse-couple-plage-landes-1081_websize-1-1024x683.jpg 1024w, https:\/\/gaetaneglize.com\/wp-content\/uploads\/2024\/03\/seance-photo-grossesse-couple-plage-landes-1081_websize-1-300x200.jpg 300w, https:\/\/gaetaneglize.com\/wp-content\/uploads\/2024\/03\/seance-photo-grossesse-couple-plage-landes-1081_websize-1-768x512.jpg 768w, https:\/\/gaetaneglize.com\/wp-content\/uploads\/2024\/03\/seance-photo-grossesse-couple-plage-landes-1081_websize-1-1536x1024.jpg 1536w, https:\/\/gaetaneglize.com\/wp-content\/uploads\/2024\/03\/seance-photo-grossesse-couple-plage-landes-1081_websize-1.jpg 1600w\" sizes=\"(max-width: 1024px) 100vw, 1024px\" \/>\t\t\t\t\t\t\t\t\t\t\t\t\t\t\t<\/div>\n\t\t\t\t<\/div>\n\t\t\t\t<div class=\"elementor-element elementor-element-6caeba1 elementor-widget elementor-widget-heading\" data-id=\"6caeba1\" data-element_type=\"widget\" data-e-type=\"widget\" data-widget_type=\"heading.default\">\n\t\t\t\t<div class=\"elementor-widget-container\">\n\t\t\t\t\t<h3 class=\"elementor-heading-title elementor-size-default\">Pr\u00e9parez votre sac la veille<\/h3>\t\t\t\t<\/div>\n\t\t\t\t<\/div>\n\t\t\t\t<div class=\"elementor-element elementor-element-4370ced elementor-widget elementor-widget-text-editor\" data-id=\"4370ced\" data-element_type=\"widget\" data-e-type=\"widget\" data-widget_type=\"text-editor.default\">\n\t\t\t\t<div class=\"elementor-widget-container\">\n\t\t\t\t\t\t\t\t\t<p>Pour \u00e9viter d&#8217;\u00eatre dans la pr\u00e9cipitation le jour J et d&#8217;avoir peur d&#8217;oublier quelque chose, je vous conseille de pr\u00e9parer vos affaires la veille.<\/p><p>Petite liste de base : eau, en-cas (toujours bien d&#8217;avoir des petits snacks), une boisson et des verres si\u00a0<span class=\"il\">vous<\/span> voulez en partager une ensemble, vos tenues et sous-v\u00eatements que vous aurez sur vous (repass\u00e9es la veille si besoin), deuxi\u00e8me tenue ou tenue de rechange (au cas o\u00fa il pleut), K-way\/coupe-vent, une petite laine\/jolie veste si la fra\u00eecheur tombe, \u00e9charpes\/gants (pour les s\u00e9ances automne\/hiver), lunettes de soleil et cr\u00e8me solaire (pour les s\u00e9ance \u00e9t\u00e9), un joli plaid pour vous asseoir, une serviette microfibre pour vous essuyer les pieds \u00e0 laisser dans la voiture, et bien s\u00fbr, vos options d&#8217;intentionnalit\u00e9.<\/p>\t\t\t\t\t\t\t\t<\/div>\n\t\t\t\t<\/div>\n\t\t\t\t\t<\/div>\n\t\t<\/div>\n\t\t\t\t\t<\/div>\n\t\t<\/section>\n\t\t\t\t<section class=\"elementor-section elementor-top-section elementor-element elementor-element-519a11e elementor-section-boxed elementor-section-height-default elementor-section-height-default\" data-id=\"519a11e\" data-element_type=\"section\" data-e-type=\"section\">\n\t\t\t\t\t\t<div class=\"elementor-container elementor-column-gap-default\">\n\t\t\t\t\t<div class=\"elementor-column elementor-col-33 elementor-top-column elementor-element elementor-element-24a6200\" data-id=\"24a6200\" data-element_type=\"column\" data-e-type=\"column\">\n\t\t\t<div class=\"elementor-widget-wrap elementor-element-populated\">\n\t\t\t\t\t\t<div class=\"elementor-element elementor-element-aeccc7d elementor-widget elementor-widget-menu-anchor\" data-id=\"aeccc7d\" data-element_type=\"widget\" data-e-type=\"widget\" data-widget_type=\"menu-anchor.default\">\n\t\t\t\t<div class=\"elementor-widget-container\">\n\t\t\t\t\t\t\t<div class=\"elementor-menu-anchor\" id=\"conseils\"><\/div>\n\t\t\t\t\t\t<\/div>\n\t\t\t\t<\/div>\n\t\t\t\t<div class=\"elementor-element elementor-element-cb74f6e elementor-widget elementor-widget-heading\" data-id=\"cb74f6e\" data-element_type=\"widget\" data-e-type=\"widget\" data-widget_type=\"heading.default\">\n\t\t\t\t<div class=\"elementor-widget-container\">\n\t\t\t\t\t<h2 class=\"elementor-heading-title elementor-size-default\">Conseils divers<\/h2>\t\t\t\t<\/div>\n\t\t\t\t<\/div>\n\t\t\t\t<div class=\"elementor-element elementor-element-16c5fd7 elementor-widget elementor-widget-heading\" data-id=\"16c5fd7\" data-element_type=\"widget\" data-e-type=\"widget\" data-widget_type=\"heading.default\">\n\t\t\t\t<div class=\"elementor-widget-container\">\n\t\t\t\t\t<h3 class=\"elementor-heading-title elementor-size-default\">Je n'aime pas poser, comment on fait ?<\/h3>\t\t\t\t<\/div>\n\t\t\t\t<\/div>\n\t\t\t\t<div class=\"elementor-element elementor-element-1e624a7 elementor-widget elementor-widget-text-editor\" data-id=\"1e624a7\" data-element_type=\"widget\" data-e-type=\"widget\" data-widget_type=\"text-editor.default\">\n\t\t\t\t<div class=\"elementor-widget-container\">\n\t\t\t\t\t\t\t\t\t<p class=\"_04xlpA direction-ltr align-justify para-style-body\">\u00c7a tombe bien, moi non plus je n&#8217;aime pas \u00e7a ! Je ne suis pas fan des photos pos\u00e9es, je ne les trouve pas naturelles, et c&#8217;est le meilleur moyen pour que vous soyez crisp\u00e9\u00b7e\u00b7s et que vous le paraissiez ensuite en photos !<\/p>\t\t\t\t\t\t\t\t<\/div>\n\t\t\t\t<\/div>\n\t\t\t\t<div class=\"elementor-element elementor-element-8938672 elementor-widget elementor-widget-image\" data-id=\"8938672\" data-element_type=\"widget\" data-e-type=\"widget\" data-widget_type=\"image.default\">\n\t\t\t\t<div class=\"elementor-widget-container\">\n\t\t\t\t\t\t\t\t\t\t\t\t\t\t\t<img loading=\"lazy\" decoding=\"async\" width=\"1024\" height=\"682\" src=\"https:\/\/gaetaneglize.com\/wp-content\/uploads\/2025\/07\/seance-photo-grossesse-couple-plage-landes-1118_2-1024x682.jpg\" class=\"attachment-large size-large wp-image-18406\" alt=\"\" srcset=\"https:\/\/gaetaneglize.com\/wp-content\/uploads\/2025\/07\/seance-photo-grossesse-couple-plage-landes-1118_2-1024x682.jpg 1024w, https:\/\/gaetaneglize.com\/wp-content\/uploads\/2025\/07\/seance-photo-grossesse-couple-plage-landes-1118_2-300x200.jpg 300w, https:\/\/gaetaneglize.com\/wp-content\/uploads\/2025\/07\/seance-photo-grossesse-couple-plage-landes-1118_2-768x512.jpg 768w, https:\/\/gaetaneglize.com\/wp-content\/uploads\/2025\/07\/seance-photo-grossesse-couple-plage-landes-1118_2.jpg 1067w\" sizes=\"(max-width: 1024px) 100vw, 1024px\" \/>\t\t\t\t\t\t\t\t\t\t\t\t\t\t\t<\/div>\n\t\t\t\t<\/div>\n\t\t\t\t\t<\/div>\n\t\t<\/div>\n\t\t\t\t<div class=\"elementor-column elementor-col-33 elementor-top-column elementor-element elementor-element-2338456\" data-id=\"2338456\" data-element_type=\"column\" data-e-type=\"column\">\n\t\t\t<div class=\"elementor-widget-wrap elementor-element-populated\">\n\t\t\t\t\t\t<div class=\"elementor-element elementor-element-7af7ae4 elementor-widget elementor-widget-image\" data-id=\"7af7ae4\" data-element_type=\"widget\" data-e-type=\"widget\" data-widget_type=\"image.default\">\n\t\t\t\t<div class=\"elementor-widget-container\">\n\t\t\t\t\t\t\t\t\t\t\t\t\t\t\t<img loading=\"lazy\" decoding=\"async\" width=\"2400\" height=\"1600\" src=\"https:\/\/gaetaneglize.com\/wp-content\/uploads\/2024\/12\/seance-photo-grossesse-couple-plage-landes-1049-animation.gif\" class=\"attachment-full size-full wp-image-16678\" alt=\"Lafemme enceinte danse sur la dune pour c\u00e9l\u00e9brer sa grossesse. Les vagues de l&#039;oc\u00e9an dansent en m\u00eame temps. Un moment de joie captur\u00e9 par la photographe de grossesse Ga\u00e9tane Glize \u00e0 Seignosse dans les Landes.\" \/>\t\t\t\t\t\t\t\t\t\t\t\t\t\t\t<\/div>\n\t\t\t\t<\/div>\n\t\t\t\t<div class=\"elementor-element elementor-element-164a0e4 elementor-widget elementor-widget-text-editor\" data-id=\"164a0e4\" data-element_type=\"widget\" data-e-type=\"widget\" data-widget_type=\"text-editor.default\">\n\t\t\t\t<div class=\"elementor-widget-container\">\n\t\t\t\t\t\t\t\t\t<p class=\"_04xlpA direction-ltr align-justify para-style-body\"><span style=\"font-style: inherit; font-weight: inherit;\">Pour \u00e9viter cela et pour obtenir des photos naturelles de vous, je vous guiderai pour mettre en valeur le ventre puis je vous donnerai des invitations : des choses \u00e0 vous dire et \u00e0 faire pour que votre attention soit pleinement sur votre b\u00e9b\u00e9 \u00e0 na\u00eetre, votre partenaire et\/ou sur vos enfants, que vous vous connectiez les uns aux autres et que vous oubliez que vous \u00eates pris\u00b7es en photos.\u00a0<\/span><\/p><p class=\"_04xlpA direction-ltr align-justify para-style-body\"><span class=\"JsGRdQ\">L&#8217;id\u00e9e, c&#8217;est que c&#8217;est un temps que vous prenez pour VOUS, o\u00f9 vous vous retrouvez ensemble en dehors du quotidien. C&#8217;est un moment hors du temps que vous vous accordez. Je vous guiderai pour que vous n&#8217;ayez pas trop \u00e0 penser : juste \u00e0 profiter les uns des autres, et le reste n&#8217;est que regards et gestes tendres &#8211; et \u00e7a, vous savez le faire naturellement. Vous savez comment vous aimer !<\/span><\/p>\t\t\t\t\t\t\t\t<\/div>\n\t\t\t\t<\/div>\n\t\t\t\t\t<\/div>\n\t\t<\/div>\n\t\t\t\t<div class=\"elementor-column elementor-col-33 elementor-top-column elementor-element elementor-element-8761cb0\" data-id=\"8761cb0\" data-element_type=\"column\" data-e-type=\"column\">\n\t\t\t<div class=\"elementor-widget-wrap elementor-element-populated\">\n\t\t\t\t\t\t<div class=\"elementor-element elementor-element-253d9f6 elementor-widget elementor-widget-heading\" data-id=\"253d9f6\" data-element_type=\"widget\" data-e-type=\"widget\" data-widget_type=\"heading.default\">\n\t\t\t\t<div class=\"elementor-widget-container\">\n\t\t\t\t\t<h3 class=\"elementor-heading-title elementor-size-default\">Vivez pleinement le moment<\/h3>\t\t\t\t<\/div>\n\t\t\t\t<\/div>\n\t\t\t\t<div class=\"elementor-element elementor-element-90db0c6 elementor-widget elementor-widget-text-editor\" data-id=\"90db0c6\" data-element_type=\"widget\" data-e-type=\"widget\" data-widget_type=\"text-editor.default\">\n\t\t\t\t<div class=\"elementor-widget-container\">\n\t\t\t\t\t\t\t\t\t<p>Soyez pleinement dans le moment, ressentez chaque \u00e9motion, vivez-les ! Ne les cachez pas derri\u00e8re vos mains ou en vous tournant. Ce sont bien ces \u00e9motions que vous aurez envie de revoir en photos plus tard. Ce serait dommage de les refouler ou de les cacher.<\/p><p>Alors, accueillez chaque \u00e9motion qui s\u2019invitera \u00e0 votre s\u00e9ance. Joie. Rires. Tendresse. Larmes. Embrassez-les. Vivez-les \u00e0 fond ! Et je serai l\u00e0 pour les capturer de la mani\u00e8re la plus authentique possible pour que vous puissiez revivre ces sensations fortes encore et encore<\/p>\t\t\t\t\t\t\t\t<\/div>\n\t\t\t\t<\/div>\n\t\t\t\t<div class=\"elementor-element elementor-element-0814057 elementor-widget elementor-widget-image\" data-id=\"0814057\" data-element_type=\"widget\" data-e-type=\"widget\" data-widget_type=\"image.default\">\n\t\t\t\t<div class=\"elementor-widget-container\">\n\t\t\t\t\t\t\t\t\t\t\t\t\t\t\t<img loading=\"lazy\" decoding=\"async\" width=\"1024\" height=\"683\" src=\"https:\/\/gaetaneglize.com\/wp-content\/uploads\/2025\/07\/seance-photo-grossesse-chalet-montagne-pyrenees-gavarnie-101-1024x683.jpg\" class=\"attachment-large size-large wp-image-18408\" alt=\"\" srcset=\"https:\/\/gaetaneglize.com\/wp-content\/uploads\/2025\/07\/seance-photo-grossesse-chalet-montagne-pyrenees-gavarnie-101-1024x683.jpg 1024w, https:\/\/gaetaneglize.com\/wp-content\/uploads\/2025\/07\/seance-photo-grossesse-chalet-montagne-pyrenees-gavarnie-101-300x200.jpg 300w, https:\/\/gaetaneglize.com\/wp-content\/uploads\/2025\/07\/seance-photo-grossesse-chalet-montagne-pyrenees-gavarnie-101-768x512.jpg 768w, https:\/\/gaetaneglize.com\/wp-content\/uploads\/2025\/07\/seance-photo-grossesse-chalet-montagne-pyrenees-gavarnie-101-1536x1024.jpg 1536w, https:\/\/gaetaneglize.com\/wp-content\/uploads\/2025\/07\/seance-photo-grossesse-chalet-montagne-pyrenees-gavarnie-101-2048x1366.jpg 2048w\" sizes=\"(max-width: 1024px) 100vw, 1024px\" \/>\t\t\t\t\t\t\t\t\t\t\t\t\t\t\t<\/div>\n\t\t\t\t<\/div>\n\t\t\t\t\t<\/div>\n\t\t<\/div>\n\t\t\t\t\t<\/div>\n\t\t<\/section>\n\t\t\t\t<section class=\"elementor-section elementor-top-section elementor-element elementor-element-5aac64df elementor-section-full_width elementor-section-height-default elementor-section-height-default\" data-id=\"5aac64df\" data-element_type=\"section\" data-e-type=\"section\" data-settings=\"{&quot;background_background&quot;:&quot;classic&quot;}\">\n\t\t\t\t\t\t<div class=\"elementor-container elementor-column-gap-default\">\n\t\t\t\t\t<div class=\"elementor-column elementor-col-16 elementor-top-column elementor-element elementor-element-4942b732\" data-id=\"4942b732\" data-element_type=\"column\" data-e-type=\"column\">\n\t\t\t<div class=\"elementor-widget-wrap\">\n\t\t\t\t\t\t\t<\/div>\n\t\t<\/div>\n\t\t\t\t<div class=\"elementor-column elementor-col-66 elementor-top-column elementor-element elementor-element-2b94e4ea\" data-id=\"2b94e4ea\" data-element_type=\"column\" data-e-type=\"column\">\n\t\t\t<div class=\"elementor-widget-wrap elementor-element-populated\">\n\t\t\t\t\t\t<div class=\"elementor-element elementor-element-28f80a87 elementor-widget elementor-widget-text-editor\" data-id=\"28f80a87\" data-element_type=\"widget\" data-e-type=\"widget\" data-widget_type=\"text-editor.default\">\n\t\t\t\t<div class=\"elementor-widget-container\">\n\t\t\t\t\t\t\t\t\t<h3>\u00c0 tr\u00e8s bient\u00f4t pour votre s\u00e9ance !<\/h3>\t\t\t\t\t\t\t\t<\/div>\n\t\t\t\t<\/div>\n\t\t\t\t\t<\/div>\n\t\t<\/div>\n\t\t\t\t<div class=\"elementor-column elementor-col-16 elementor-top-column elementor-element elementor-element-2d644d40\" data-id=\"2d644d40\" data-element_type=\"column\" data-e-type=\"column\">\n\t\t\t<div class=\"elementor-widget-wrap\">\n\t\t\t\t\t\t\t<\/div>\n\t\t<\/div>\n\t\t\t\t\t<\/div>\n\t\t<\/section>\n\t\t\t\t<\/div>\n\t\t","protected":false},"excerpt":{"rendered":"<p>Guide s\u00e9ance grossesse Pr\u00e9paration de votre s\u00e9ance MENU DU GUIDE Intro Quand faire la s\u00e9ance ? \u00c0 quel moment de la journ\u00e9e ? Les s\u00e9ances en int\u00e9rieur Quelles activit\u00e9s choisir ? Quelle tenue porter ? Ajouter de l&#8217;intentionnalit\u00e9 \u00e0 votre s\u00e9ance Pr\u00e9parer votre s\u00e9ance Conseils divers Intro Une s\u00e9ance grossesse, c\u2019est parfois une premi\u00e8re. Premier [&hellip;]<\/p>\n","protected":false},"author":3,"featured_media":11688,"parent":0,"menu_order":0,"comment_status":"closed","ping_status":"closed","template":"","meta":{"site-sidebar-layout":"no-sidebar","site-content-layout":"page-builder","ast-site-content-layout":"default","site-content-style":"default","site-sidebar-style":"default","ast-global-header-display":"","ast-banner-title-visibility":"","ast-main-header-display":"disabled","ast-hfb-above-header-display":"","ast-hfb-below-header-display":"","ast-hfb-mobile-header-display":"disabled","site-post-title":"disabled","ast-breadcrumbs-content":"","ast-featured-img":"disabled","footer-sml-layout":"disabled","ast-disable-related-posts":"","theme-transparent-header-meta":"default","adv-header-id-meta":"","stick-header-meta":"default","header-above-stick-meta":"","header-main-stick-meta":"","header-below-stick-meta":"","astra-migrate-meta-layouts":"default","ast-page-background-enabled":"default","ast-page-background-meta":{"desktop":{"background-color":"","background-image":"","background-repeat":"repeat","background-position":"center center","background-size":"auto","background-attachment":"scroll","background-type":"","background-media":"","overlay-type":"","overlay-color":"","overlay-opacity":"","overlay-gradient":""},"tablet":{"background-color":"","background-image":"","background-repeat":"repeat","background-position":"center center","background-size":"auto","background-attachment":"scroll","background-type":"","background-media":"","overlay-type":"","overlay-color":"","overlay-opacity":"","overlay-gradient":""},"mobile":{"background-color":"","background-image":"","background-repeat":"repeat","background-position":"center center","background-size":"auto","background-attachment":"scroll","background-type":"","background-media":"","overlay-type":"","overlay-color":"","overlay-opacity":"","overlay-gradient":""}},"ast-content-background-meta":{"desktop":{"background-color":"var(--ast-global-color-5)","background-image":"","background-repeat":"repeat","background-position":"center center","background-size":"auto","background-attachment":"scroll","background-type":"","background-media":"","overlay-type":"","overlay-color":"","overlay-opacity":"","overlay-gradient":""},"tablet":{"background-color":"var(--ast-global-color-5)","background-image":"","background-repeat":"repeat","background-position":"center center","background-size":"auto","background-attachment":"scroll","background-type":"","background-media":"","overlay-type":"","overlay-color":"","overlay-opacity":"","overlay-gradient":""},"mobile":{"background-color":"var(--ast-global-color-5)","background-image":"","background-repeat":"repeat","background-position":"center center","background-size":"auto","background-attachment":"scroll","background-type":"","background-media":"","overlay-type":"","overlay-color":"","overlay-opacity":"","overlay-gradient":""}},"footnotes":""},"class_list":["post-18400","page","type-page","status-publish","has-post-thumbnail","hentry"],"yoast_head":"<!-- This site is optimized with the Yoast SEO plugin v27.4 - https:\/\/yoast.com\/product\/yoast-seo-wordpress\/ -->\n<title>guide s\u00e9ance grossesse | Ga\u00e9tane Glize<\/title>\n<meta name=\"description\" content=\"Guide de pr\u00e9paration de votre s\u00e9ance couple, \u00e0 destination des clients.\" \/>\n<meta name=\"robots\" content=\"noindex, nofollow\" \/>\n<meta property=\"og:locale\" content=\"fr_FR\" \/>\n<meta property=\"og:type\" content=\"article\" \/>\n<meta property=\"og:title\" content=\"guide s\u00e9ance grossesse | Ga\u00e9tane Glize\" \/>\n<meta property=\"og:description\" content=\"Guide de pr\u00e9paration de votre s\u00e9ance couple, \u00e0 destination des clients.\" \/>\n<meta property=\"og:url\" content=\"https:\/\/gaetaneglize.com\/fr\/guide-seance-grossesse\/\" \/>\n<meta property=\"og:site_name\" content=\"Ga\u00e9tane Glize\" \/>\n<meta property=\"article:publisher\" content=\"https:\/\/www.facebook.com\/gaetaneglizephotography\/\" \/>\n<meta property=\"article:modified_time\" content=\"2025-07-05T14:44:33+00:00\" \/>\n<meta property=\"og:image\" content=\"https:\/\/gaetaneglize.com\/wp-content\/uploads\/2022\/10\/seance-photo-grossesse-couple-plage-landes-1016.jpg\" \/>\n\t<meta property=\"og:image:width\" content=\"1500\" \/>\n\t<meta property=\"og:image:height\" content=\"1000\" \/>\n\t<meta property=\"og:image:type\" content=\"image\/jpeg\" \/>\n<meta name=\"twitter:card\" content=\"summary_large_image\" \/>\n<meta name=\"twitter:label1\" content=\"Dur\u00e9e de lecture estim\u00e9e\" \/>\n\t<meta name=\"twitter:data1\" content=\"27 minutes\" \/>\n<script type=\"application\/ld+json\" class=\"yoast-schema-graph\">{\"@context\":\"https:\\\/\\\/schema.org\",\"@graph\":[{\"@type\":\"WebPage\",\"@id\":\"https:\\\/\\\/gaetaneglize.com\\\/fr\\\/guide-seance-grossesse\\\/\",\"url\":\"https:\\\/\\\/gaetaneglize.com\\\/fr\\\/guide-seance-grossesse\\\/\",\"name\":\"guide s\u00e9ance grossesse | Ga\u00e9tane Glize\",\"isPartOf\":{\"@id\":\"https:\\\/\\\/gaetaneglize.com\\\/fr\\\/#website\"},\"primaryImageOfPage\":{\"@id\":\"https:\\\/\\\/gaetaneglize.com\\\/fr\\\/guide-seance-grossesse\\\/#primaryimage\"},\"image\":{\"@id\":\"https:\\\/\\\/gaetaneglize.com\\\/fr\\\/guide-seance-grossesse\\\/#primaryimage\"},\"thumbnailUrl\":\"https:\\\/\\\/gaetaneglize.com\\\/wp-content\\\/uploads\\\/2022\\\/10\\\/seance-photo-grossesse-couple-plage-landes-1016.jpg\",\"datePublished\":\"2025-07-05T14:39:51+00:00\",\"dateModified\":\"2025-07-05T14:44:33+00:00\",\"description\":\"Guide de pr\u00e9paration de votre s\u00e9ance couple, \u00e0 destination des clients.\",\"breadcrumb\":{\"@id\":\"https:\\\/\\\/gaetaneglize.com\\\/fr\\\/guide-seance-grossesse\\\/#breadcrumb\"},\"inLanguage\":\"fr-FR\",\"potentialAction\":[{\"@type\":\"ReadAction\",\"target\":[\"https:\\\/\\\/gaetaneglize.com\\\/fr\\\/guide-seance-grossesse\\\/\"]}]},{\"@type\":\"ImageObject\",\"inLanguage\":\"fr-FR\",\"@id\":\"https:\\\/\\\/gaetaneglize.com\\\/fr\\\/guide-seance-grossesse\\\/#primaryimage\",\"url\":\"https:\\\/\\\/gaetaneglize.com\\\/wp-content\\\/uploads\\\/2022\\\/10\\\/seance-photo-grossesse-couple-plage-landes-1016.jpg\",\"contentUrl\":\"https:\\\/\\\/gaetaneglize.com\\\/wp-content\\\/uploads\\\/2022\\\/10\\\/seance-photo-grossesse-couple-plage-landes-1016.jpg\",\"width\":1500,\"height\":1000,\"caption\":\"la femme enceinte sourit en pensant \u00e0 son b\u00e9b\u00e9 qui va na\u00eetre bient\u00f4t. Un moment de tendresse captur\u00e9 par la photographe Ga\u00e9tane Glize pendant la s\u00e9ance photo grossesse dans les landes.\"},{\"@type\":\"BreadcrumbList\",\"@id\":\"https:\\\/\\\/gaetaneglize.com\\\/fr\\\/guide-seance-grossesse\\\/#breadcrumb\",\"itemListElement\":[{\"@type\":\"ListItem\",\"position\":1,\"name\":\"Accueil\",\"item\":\"https:\\\/\\\/gaetaneglize.com\\\/fr\\\/\"},{\"@type\":\"ListItem\",\"position\":2,\"name\":\"guide s\u00e9ance grossesse\"}]},{\"@type\":\"WebSite\",\"@id\":\"https:\\\/\\\/gaetaneglize.com\\\/fr\\\/#website\",\"url\":\"https:\\\/\\\/gaetaneglize.com\\\/fr\\\/\",\"name\":\"Ga\u00e9tane Glize\",\"description\":\"Photographe de mariage, couple, famille et grossesse dans les Landes\",\"publisher\":{\"@id\":\"https:\\\/\\\/gaetaneglize.com\\\/fr\\\/#organization\"},\"potentialAction\":[{\"@type\":\"SearchAction\",\"target\":{\"@type\":\"EntryPoint\",\"urlTemplate\":\"https:\\\/\\\/gaetaneglize.com\\\/fr\\\/?s={search_term_string}\"},\"query-input\":{\"@type\":\"PropertyValueSpecification\",\"valueRequired\":true,\"valueName\":\"search_term_string\"}}],\"inLanguage\":\"fr-FR\"},{\"@type\":\"Organization\",\"@id\":\"https:\\\/\\\/gaetaneglize.com\\\/fr\\\/#organization\",\"name\":\"Ga\u00e9tane Glize\",\"url\":\"https:\\\/\\\/gaetaneglize.com\\\/fr\\\/\",\"logo\":{\"@type\":\"ImageObject\",\"inLanguage\":\"fr-FR\",\"@id\":\"https:\\\/\\\/gaetaneglize.com\\\/fr\\\/#\\\/schema\\\/logo\\\/image\\\/\",\"url\":\"https:\\\/\\\/gaetaneglize.com\\\/wp-content\\\/uploads\\\/2025\\\/01\\\/gaetane-glize-photography-logo-2025.png\",\"contentUrl\":\"https:\\\/\\\/gaetaneglize.com\\\/wp-content\\\/uploads\\\/2025\\\/01\\\/gaetane-glize-photography-logo-2025.png\",\"width\":2588,\"height\":1970,\"caption\":\"Ga\u00e9tane Glize\"},\"image\":{\"@id\":\"https:\\\/\\\/gaetaneglize.com\\\/fr\\\/#\\\/schema\\\/logo\\\/image\\\/\"},\"sameAs\":[\"https:\\\/\\\/www.facebook.com\\\/gaetaneglizephotography\\\/\",\"https:\\\/\\\/www.instagram.com\\\/gaetaneglize\\\/\"]}]}<\/script>\n<!-- \/ Yoast SEO plugin. -->","yoast_head_json":{"title":"guide s\u00e9ance grossesse | Ga\u00e9tane Glize","description":"Guide de pr\u00e9paration de votre s\u00e9ance couple, \u00e0 destination des clients.","robots":{"index":"noindex","follow":"nofollow"},"og_locale":"fr_FR","og_type":"article","og_title":"guide s\u00e9ance grossesse | Ga\u00e9tane Glize","og_description":"Guide de pr\u00e9paration de votre s\u00e9ance couple, \u00e0 destination des clients.","og_url":"https:\/\/gaetaneglize.com\/fr\/guide-seance-grossesse\/","og_site_name":"Ga\u00e9tane Glize","article_publisher":"https:\/\/www.facebook.com\/gaetaneglizephotography\/","article_modified_time":"2025-07-05T14:44:33+00:00","og_image":[{"width":1500,"height":1000,"url":"https:\/\/gaetaneglize.com\/wp-content\/uploads\/2022\/10\/seance-photo-grossesse-couple-plage-landes-1016.jpg","type":"image\/jpeg"}],"twitter_card":"summary_large_image","twitter_misc":{"Dur\u00e9e de lecture estim\u00e9e":"27 minutes"},"schema":{"@context":"https:\/\/schema.org","@graph":[{"@type":"WebPage","@id":"https:\/\/gaetaneglize.com\/fr\/guide-seance-grossesse\/","url":"https:\/\/gaetaneglize.com\/fr\/guide-seance-grossesse\/","name":"guide s\u00e9ance grossesse | Ga\u00e9tane Glize","isPartOf":{"@id":"https:\/\/gaetaneglize.com\/fr\/#website"},"primaryImageOfPage":{"@id":"https:\/\/gaetaneglize.com\/fr\/guide-seance-grossesse\/#primaryimage"},"image":{"@id":"https:\/\/gaetaneglize.com\/fr\/guide-seance-grossesse\/#primaryimage"},"thumbnailUrl":"https:\/\/gaetaneglize.com\/wp-content\/uploads\/2022\/10\/seance-photo-grossesse-couple-plage-landes-1016.jpg","datePublished":"2025-07-05T14:39:51+00:00","dateModified":"2025-07-05T14:44:33+00:00","description":"Guide de pr\u00e9paration de votre s\u00e9ance couple, \u00e0 destination des clients.","breadcrumb":{"@id":"https:\/\/gaetaneglize.com\/fr\/guide-seance-grossesse\/#breadcrumb"},"inLanguage":"fr-FR","potentialAction":[{"@type":"ReadAction","target":["https:\/\/gaetaneglize.com\/fr\/guide-seance-grossesse\/"]}]},{"@type":"ImageObject","inLanguage":"fr-FR","@id":"https:\/\/gaetaneglize.com\/fr\/guide-seance-grossesse\/#primaryimage","url":"https:\/\/gaetaneglize.com\/wp-content\/uploads\/2022\/10\/seance-photo-grossesse-couple-plage-landes-1016.jpg","contentUrl":"https:\/\/gaetaneglize.com\/wp-content\/uploads\/2022\/10\/seance-photo-grossesse-couple-plage-landes-1016.jpg","width":1500,"height":1000,"caption":"la femme enceinte sourit en pensant \u00e0 son b\u00e9b\u00e9 qui va na\u00eetre bient\u00f4t. Un moment de tendresse captur\u00e9 par la photographe Ga\u00e9tane Glize pendant la s\u00e9ance photo grossesse dans les landes."},{"@type":"BreadcrumbList","@id":"https:\/\/gaetaneglize.com\/fr\/guide-seance-grossesse\/#breadcrumb","itemListElement":[{"@type":"ListItem","position":1,"name":"Accueil","item":"https:\/\/gaetaneglize.com\/fr\/"},{"@type":"ListItem","position":2,"name":"guide s\u00e9ance grossesse"}]},{"@type":"WebSite","@id":"https:\/\/gaetaneglize.com\/fr\/#website","url":"https:\/\/gaetaneglize.com\/fr\/","name":"Ga\u00e9tane Glize","description":"Photographe de mariage, couple, famille et grossesse dans les Landes","publisher":{"@id":"https:\/\/gaetaneglize.com\/fr\/#organization"},"potentialAction":[{"@type":"SearchAction","target":{"@type":"EntryPoint","urlTemplate":"https:\/\/gaetaneglize.com\/fr\/?s={search_term_string}"},"query-input":{"@type":"PropertyValueSpecification","valueRequired":true,"valueName":"search_term_string"}}],"inLanguage":"fr-FR"},{"@type":"Organization","@id":"https:\/\/gaetaneglize.com\/fr\/#organization","name":"Ga\u00e9tane Glize","url":"https:\/\/gaetaneglize.com\/fr\/","logo":{"@type":"ImageObject","inLanguage":"fr-FR","@id":"https:\/\/gaetaneglize.com\/fr\/#\/schema\/logo\/image\/","url":"https:\/\/gaetaneglize.com\/wp-content\/uploads\/2025\/01\/gaetane-glize-photography-logo-2025.png","contentUrl":"https:\/\/gaetaneglize.com\/wp-content\/uploads\/2025\/01\/gaetane-glize-photography-logo-2025.png","width":2588,"height":1970,"caption":"Ga\u00e9tane Glize"},"image":{"@id":"https:\/\/gaetaneglize.com\/fr\/#\/schema\/logo\/image\/"},"sameAs":["https:\/\/www.facebook.com\/gaetaneglizephotography\/","https:\/\/www.instagram.com\/gaetaneglize\/"]}]}},"_links":{"self":[{"href":"https:\/\/gaetaneglize.com\/fr\/wp-json\/wp\/v2\/pages\/18400","targetHints":{"allow":["GET"]}}],"collection":[{"href":"https:\/\/gaetaneglize.com\/fr\/wp-json\/wp\/v2\/pages"}],"about":[{"href":"https:\/\/gaetaneglize.com\/fr\/wp-json\/wp\/v2\/types\/page"}],"author":[{"embeddable":true,"href":"https:\/\/gaetaneglize.com\/fr\/wp-json\/wp\/v2\/users\/3"}],"replies":[{"embeddable":true,"href":"https:\/\/gaetaneglize.com\/fr\/wp-json\/wp\/v2\/comments?post=18400"}],"version-history":[{"count":10,"href":"https:\/\/gaetaneglize.com\/fr\/wp-json\/wp\/v2\/pages\/18400\/revisions"}],"predecessor-version":[{"id":18419,"href":"https:\/\/gaetaneglize.com\/fr\/wp-json\/wp\/v2\/pages\/18400\/revisions\/18419"}],"wp:featuredmedia":[{"embeddable":true,"href":"https:\/\/gaetaneglize.com\/fr\/wp-json\/wp\/v2\/media\/11688"}],"wp:attachment":[{"href":"https:\/\/gaetaneglize.com\/fr\/wp-json\/wp\/v2\/media?parent=18400"}],"curies":[{"name":"wp","href":"https:\/\/api.w.org\/{rel}","templated":true}]}}