{"id":13401,"date":"2023-01-18T19:03:37","date_gmt":"2023-01-18T18:03:37","guid":{"rendered":"https:\/?page_id=13401"},"modified":"2023-01-19T00:23:37","modified_gmt":"2023-01-18T23:23:37","slug":"photographe-mariage-landes","status":"publish","type":"page","link":"https:\/\/gaetaneglize.com\/fr\/photographie-mariage\/photographe-mariage-landes\/","title":{"rendered":"photographe mariage landes"},"content":{"rendered":"\t\t<div data-elementor-type=\"wp-page\" data-elementor-id=\"13401\" class=\"elementor elementor-13401\">\n\t\t\t\t\t\t<section class=\"elementor-section elementor-top-section elementor-element elementor-element-9a49e31 elementor-section-height-min-height elementor-section-items-bottom elementor-section-content-bottom elementor-section-boxed elementor-section-height-default\" data-id=\"9a49e31\" data-element_type=\"section\" data-e-type=\"section\" data-settings=\"{&quot;background_background&quot;:&quot;classic&quot;}\">\n\t\t\t\t\t\t<div class=\"elementor-container elementor-column-gap-default\">\n\t\t\t\t\t<div class=\"elementor-column elementor-col-100 elementor-top-column elementor-element elementor-element-855afff\" data-id=\"855afff\" data-element_type=\"column\" data-e-type=\"column\">\n\t\t\t<div class=\"elementor-widget-wrap elementor-element-populated\">\n\t\t\t\t\t\t<div class=\"elementor-element elementor-element-3c1ce9d elementor-widget elementor-widget-heading\" data-id=\"3c1ce9d\" data-element_type=\"widget\" data-e-type=\"widget\" data-widget_type=\"heading.default\">\n\t\t\t\t<div class=\"elementor-widget-container\">\n\t\t\t\t\t<h1 class=\"elementor-heading-title elementor-size-default\">Photographe de mariage landes<\/h1>\t\t\t\t<\/div>\n\t\t\t\t<\/div>\n\t\t\t\t\t<\/div>\n\t\t<\/div>\n\t\t\t\t\t<\/div>\n\t\t<\/section>\n\t\t\t\t<section class=\"elementor-section elementor-top-section elementor-element elementor-element-a69de57 elementor-section-boxed elementor-section-height-default elementor-section-height-default\" data-id=\"a69de57\" data-element_type=\"section\" data-e-type=\"section\" data-settings=\"{&quot;background_background&quot;:&quot;classic&quot;}\">\n\t\t\t\t\t\t<div class=\"elementor-container elementor-column-gap-default\">\n\t\t\t\t\t<div class=\"elementor-column elementor-col-100 elementor-top-column elementor-element elementor-element-b7bd225\" data-id=\"b7bd225\" data-element_type=\"column\" data-e-type=\"column\">\n\t\t\t<div class=\"elementor-widget-wrap elementor-element-populated\">\n\t\t\t\t\t\t<section class=\"elementor-section elementor-inner-section elementor-element elementor-element-e96c8df elementor-section-height-min-height elementor-reverse-mobile elementor-section-boxed elementor-section-height-default\" data-id=\"e96c8df\" data-element_type=\"section\" data-e-type=\"section\" data-settings=\"{&quot;background_background&quot;:&quot;classic&quot;}\">\n\t\t\t\t\t\t<div class=\"elementor-container elementor-column-gap-default\">\n\t\t\t\t\t<div class=\"elementor-column elementor-col-50 elementor-inner-column elementor-element elementor-element-24e338f\" data-id=\"24e338f\" data-element_type=\"column\" data-e-type=\"column\">\n\t\t\t<div class=\"elementor-widget-wrap elementor-element-populated\">\n\t\t\t\t\t\t<div class=\"elementor-element elementor-element-d5e53c3 elementor-widget elementor-widget-heading\" data-id=\"d5e53c3\" data-element_type=\"widget\" data-e-type=\"widget\" data-widget_type=\"heading.default\">\n\t\t\t\t<div class=\"elementor-widget-container\">\n\t\t\t\t\t<h6 class=\"elementor-heading-title elementor-size-default\">Bienvenue<\/h6>\t\t\t\t<\/div>\n\t\t\t\t<\/div>\n\t\t\t\t\t<\/div>\n\t\t<\/div>\n\t\t\t\t<div class=\"elementor-column elementor-col-50 elementor-inner-column elementor-element elementor-element-aa5610b\" data-id=\"aa5610b\" data-element_type=\"column\" data-e-type=\"column\">\n\t\t\t<div class=\"elementor-widget-wrap\">\n\t\t\t\t\t\t\t<\/div>\n\t\t<\/div>\n\t\t\t\t\t<\/div>\n\t\t<\/section>\n\t\t\t\t\t<\/div>\n\t\t<\/div>\n\t\t\t\t\t<\/div>\n\t\t<\/section>\n\t\t\t\t<section class=\"elementor-section elementor-top-section elementor-element elementor-element-dc81f9e elementor-section-boxed elementor-section-height-default elementor-section-height-default\" data-id=\"dc81f9e\" data-element_type=\"section\" data-e-type=\"section\">\n\t\t\t\t\t\t<div class=\"elementor-container elementor-column-gap-default\">\n\t\t\t\t\t<div class=\"elementor-column elementor-col-50 elementor-top-column elementor-element elementor-element-6108586\" data-id=\"6108586\" data-element_type=\"column\" data-e-type=\"column\">\n\t\t\t<div class=\"elementor-widget-wrap elementor-element-populated\">\n\t\t\t\t\t\t<div class=\"elementor-element elementor-element-e21984c elementor-widget elementor-widget-heading\" data-id=\"e21984c\" data-element_type=\"widget\" data-e-type=\"widget\" data-widget_type=\"heading.default\">\n\t\t\t\t<div class=\"elementor-widget-container\">\n\t\t\t\t\t<h2 class=\"elementor-heading-title elementor-size-default\"> \u2014 Ma mission : pr\u00e9server vos \u00e9motions dans le temps<\/h2>\t\t\t\t<\/div>\n\t\t\t\t<\/div>\n\t\t\t\t\t<\/div>\n\t\t<\/div>\n\t\t\t\t<div class=\"elementor-column elementor-col-50 elementor-top-column elementor-element elementor-element-a2a9ff0 elementor-hidden-mobile\" data-id=\"a2a9ff0\" data-element_type=\"column\" data-e-type=\"column\">\n\t\t\t<div class=\"elementor-widget-wrap\">\n\t\t\t\t\t\t\t<\/div>\n\t\t<\/div>\n\t\t\t\t\t<\/div>\n\t\t<\/section>\n\t\t\t\t<section class=\"elementor-section elementor-top-section elementor-element elementor-element-e1af9ec elementor-section-boxed elementor-section-height-default elementor-section-height-default\" data-id=\"e1af9ec\" data-element_type=\"section\" data-e-type=\"section\">\n\t\t\t\t\t\t<div class=\"elementor-container elementor-column-gap-default\">\n\t\t\t\t\t<div class=\"elementor-column elementor-col-25 elementor-top-column elementor-element elementor-element-45d1f7a\" data-id=\"45d1f7a\" data-element_type=\"column\" data-e-type=\"column\">\n\t\t\t<div class=\"elementor-widget-wrap elementor-element-populated\">\n\t\t\t\t\t\t<div class=\"elementor-element elementor-element-4a226fd elementor-widget elementor-widget-image\" data-id=\"4a226fd\" data-element_type=\"widget\" data-e-type=\"widget\" data-widget_type=\"image.default\">\n\t\t\t\t<div class=\"elementor-widget-container\">\n\t\t\t\t\t\t\t\t\t\t\t\t\t\t\t<img fetchpriority=\"high\" decoding=\"async\" width=\"768\" height=\"768\" src=\"https:\/\/gaetaneglize.com\/wp-content\/uploads\/2023\/01\/photographe-mariage-landes-1000-768x768.jpg\" class=\"attachment-medium_large size-medium_large wp-image-13404\" alt=\"Ga\u00e9tane Glize est votre photographe de mariage dans les Landes.\" srcset=\"https:\/\/gaetaneglize.com\/wp-content\/uploads\/2023\/01\/photographe-mariage-landes-1000-768x768.jpg 768w, https:\/\/gaetaneglize.com\/wp-content\/uploads\/2023\/01\/photographe-mariage-landes-1000-300x300.jpg 300w, https:\/\/gaetaneglize.com\/wp-content\/uploads\/2023\/01\/photographe-mariage-landes-1000-1024x1024.jpg 1024w, https:\/\/gaetaneglize.com\/wp-content\/uploads\/2023\/01\/photographe-mariage-landes-1000-150x150.jpg 150w, https:\/\/gaetaneglize.com\/wp-content\/uploads\/2023\/01\/photographe-mariage-landes-1000-1536x1536.jpg 1536w, https:\/\/gaetaneglize.com\/wp-content\/uploads\/2023\/01\/photographe-mariage-landes-1000-2048x2048.jpg 2048w\" sizes=\"(max-width: 768px) 100vw, 768px\" \/>\t\t\t\t\t\t\t\t\t\t\t\t\t\t\t<\/div>\n\t\t\t\t<\/div>\n\t\t\t\t\t<\/div>\n\t\t<\/div>\n\t\t\t\t<div class=\"elementor-column elementor-col-25 elementor-top-column elementor-element elementor-element-7fbabee\" data-id=\"7fbabee\" data-element_type=\"column\" data-e-type=\"column\">\n\t\t\t<div class=\"elementor-widget-wrap\">\n\t\t\t\t\t\t\t<\/div>\n\t\t<\/div>\n\t\t\t\t<div class=\"elementor-column elementor-col-25 elementor-top-column elementor-element elementor-element-293ad23\" data-id=\"293ad23\" data-element_type=\"column\" data-e-type=\"column\">\n\t\t\t<div class=\"elementor-widget-wrap elementor-element-populated\">\n\t\t\t\t\t\t<div class=\"elementor-element elementor-element-9c7ec19 elementor-widget elementor-widget-text-editor\" data-id=\"9c7ec19\" data-element_type=\"widget\" data-e-type=\"widget\" data-widget_type=\"text-editor.default\">\n\t\t\t\t<div class=\"elementor-widget-container\">\n\t\t\t\t\t\t\t\t\t<p>Hey &#8211; je suis Ga\u00e9tane et je suis photographe de mariages intimistes bas\u00e9e \u00e0 <a href=\"https:\/\/www.seignosse-tourisme.com\/\" target=\"_blank\" rel=\"noopener\">Seignosse<\/a> dans les Landes. Je me d\u00e9place partout o\u00f9 votre amour me m\u00e8ne pour capturer votre histoire de mariage !<\/p><p>Si vous \u00eates sur cette page, c&#8217;est que vous \u00eates en train de pr\u00e9parer votre exp\u00e9rience de mariage dans les Landes et souhaitez l&#8217;immortaliser. Tout d&#8217;abord, f\u00e9licitations pour vos fian\u00e7ailles ! Si vous souhaitez des photos de mariage douces et naturelles, remplies d&#8217;amour, de joie et de po\u00e9sie, et que vous recherchez un-e photographe de mariage avec une approche photo-reportage et discr\u00e8te : alors je pense que vous \u00eates au bon endroit !\u00a0<\/p>\t\t\t\t\t\t\t\t<\/div>\n\t\t\t\t<\/div>\n\t\t\t\t<div class=\"elementor-element elementor-element-c0d263b elementor-align-center elementor-widget elementor-widget-button\" data-id=\"c0d263b\" data-element_type=\"widget\" data-e-type=\"widget\" data-widget_type=\"button.default\">\n\t\t\t\t<div class=\"elementor-widget-container\">\n\t\t\t\t\t\t\t\t\t<div class=\"elementor-button-wrapper\">\n\t\t\t\t\t<a class=\"elementor-button elementor-button-link elementor-size-sm elementor-animation-float\" href=\"#reserver-photographe-mariage-landes\">\n\t\t\t\t\t\t<span class=\"elementor-button-content-wrapper\">\n\t\t\t\t\t\t\t\t\t<span class=\"elementor-button-text\">Demander un devis &gt;<\/span>\n\t\t\t\t\t<\/span>\n\t\t\t\t\t<\/a>\n\t\t\t\t<\/div>\n\t\t\t\t\t\t\t\t<\/div>\n\t\t\t\t<\/div>\n\t\t\t\t\t<\/div>\n\t\t<\/div>\n\t\t\t\t<div class=\"elementor-column elementor-col-25 elementor-top-column elementor-element elementor-element-e0c804a\" data-id=\"e0c804a\" data-element_type=\"column\" data-e-type=\"column\">\n\t\t\t<div class=\"elementor-widget-wrap elementor-element-populated\">\n\t\t\t\t\t\t<div class=\"elementor-element elementor-element-effb272 elementor-widget elementor-widget-image\" data-id=\"effb272\" data-element_type=\"widget\" data-e-type=\"widget\" data-widget_type=\"image.default\">\n\t\t\t\t<div class=\"elementor-widget-container\">\n\t\t\t\t\t\t\t\t\t\t\t\t\t\t\t<img decoding=\"async\" width=\"1024\" height=\"683\" src=\"https:\/\/gaetaneglize.com\/wp-content\/uploads\/2023\/01\/photographe-mariage-landes-1008-1024x683.jpg\" class=\"attachment-large size-large wp-image-13420\" alt=\"Le mari\u00e9 pleure tellement il est \u00e9mu pendant sa c\u00e9r\u00e9monie de mariage. Un moment \u00e9mouvant captur\u00e9 par la photographe de mariage Ga\u00e9tane Glize, photographe mariage Landes.\" srcset=\"https:\/\/gaetaneglize.com\/wp-content\/uploads\/2023\/01\/photographe-mariage-landes-1008-1024x683.jpg 1024w, https:\/\/gaetaneglize.com\/wp-content\/uploads\/2023\/01\/photographe-mariage-landes-1008-300x200.jpg 300w, https:\/\/gaetaneglize.com\/wp-content\/uploads\/2023\/01\/photographe-mariage-landes-1008-768x512.jpg 768w, https:\/\/gaetaneglize.com\/wp-content\/uploads\/2023\/01\/photographe-mariage-landes-1008.jpg 1500w\" sizes=\"(max-width: 1024px) 100vw, 1024px\" \/>\t\t\t\t\t\t\t\t\t\t\t\t\t\t\t<\/div>\n\t\t\t\t<\/div>\n\t\t\t\t\t<\/div>\n\t\t<\/div>\n\t\t\t\t\t<\/div>\n\t\t<\/section>\n\t\t\t\t<section class=\"elementor-section elementor-top-section elementor-element elementor-element-3a63bee elementor-section-full_width elementor-section-height-default elementor-section-height-default\" data-id=\"3a63bee\" data-element_type=\"section\" data-e-type=\"section\" id=\"1\" data-settings=\"{&quot;background_background&quot;:&quot;classic&quot;}\">\n\t\t\t\t\t\t<div class=\"elementor-container elementor-column-gap-default\">\n\t\t\t\t\t<div class=\"elementor-column elementor-col-16 elementor-top-column elementor-element elementor-element-d9c2a39\" data-id=\"d9c2a39\" data-element_type=\"column\" data-e-type=\"column\">\n\t\t\t<div class=\"elementor-widget-wrap\">\n\t\t\t\t\t\t\t<\/div>\n\t\t<\/div>\n\t\t\t\t<div class=\"elementor-column elementor-col-66 elementor-top-column elementor-element elementor-element-1a377df\" data-id=\"1a377df\" data-element_type=\"column\" data-e-type=\"column\">\n\t\t\t<div class=\"elementor-widget-wrap elementor-element-populated\">\n\t\t\t\t\t\t<div class=\"elementor-element elementor-element-b978312 elementor-widget elementor-widget-heading\" data-id=\"b978312\" data-element_type=\"widget\" data-e-type=\"widget\" data-widget_type=\"heading.default\">\n\t\t\t\t<div class=\"elementor-widget-container\">\n\t\t\t\t\t<h6 class=\"elementor-heading-title elementor-size-default\">Ce que je vous propose pour votre mariage dans les Landes<\/h6>\t\t\t\t<\/div>\n\t\t\t\t<\/div>\n\t\t\t\t<div class=\"elementor-element elementor-element-d7d5c82 elementor-widget elementor-widget-heading\" data-id=\"d7d5c82\" data-element_type=\"widget\" data-e-type=\"widget\" data-widget_type=\"heading.default\">\n\t\t\t\t<div class=\"elementor-widget-container\">\n\t\t\t\t\t<h3 class=\"elementor-heading-title elementor-size-default\">Une exp\u00e9rience de mariage significative et intentionnelle qui vous offrira des souvenirs remplis de vraies \u00e9motions et de nostalgie pour les ann\u00e9es \u00e0 venir.<\/h3>\t\t\t\t<\/div>\n\t\t\t\t<\/div>\n\t\t\t\t<div class=\"elementor-element elementor-element-dd4292d elementor-widget elementor-widget-text-editor\" data-id=\"dd4292d\" data-element_type=\"widget\" data-e-type=\"widget\" data-widget_type=\"text-editor.default\">\n\t\t\t\t<div class=\"elementor-widget-container\">\n\t\t\t\t\t\t\t\t\t<p>Parce que la journ\u00e9e de votre mariage passe bien trop vite et que notre m\u00e9moire s&#8217;estompe dans le temps, vous m\u00e9ritez des photos du jour de votre mariage qui dureront plus longtemps que votre propre m\u00e9moire. Les photos sont la seule chose qui vous restera de cette journ\u00e9e pour vous rem\u00e9morer ce que vous avez ressenti. Alors ma priorit\u00e9 est de capturer vos la joie qui flotte dans l&#8217;air, les liens que vous avez avec vos proches, vos personnalit\u00e9s, vos regards qui en disent long et tous ces petits gestes qui vous appartiennent&#8230; De la mani\u00e8re la plus authentique possible.<\/p>\t\t\t\t\t\t\t\t<\/div>\n\t\t\t\t<\/div>\n\t\t\t\t\t<\/div>\n\t\t<\/div>\n\t\t\t\t<div class=\"elementor-column elementor-col-16 elementor-top-column elementor-element elementor-element-699d4e3\" data-id=\"699d4e3\" data-element_type=\"column\" data-e-type=\"column\">\n\t\t\t<div class=\"elementor-widget-wrap\">\n\t\t\t\t\t\t\t<\/div>\n\t\t<\/div>\n\t\t\t\t\t<\/div>\n\t\t<\/section>\n\t\t\t\t<section class=\"elementor-section elementor-top-section elementor-element elementor-element-9593fbc elementor-section-boxed elementor-section-height-default elementor-section-height-default\" data-id=\"9593fbc\" data-element_type=\"section\" data-e-type=\"section\" data-settings=\"{&quot;background_background&quot;:&quot;classic&quot;}\">\n\t\t\t\t\t\t<div class=\"elementor-container elementor-column-gap-default\">\n\t\t\t\t\t<div class=\"elementor-column elementor-col-33 elementor-top-column elementor-element elementor-element-122cfe1\" data-id=\"122cfe1\" data-element_type=\"column\" data-e-type=\"column\">\n\t\t\t<div class=\"elementor-widget-wrap\">\n\t\t\t\t\t\t\t<\/div>\n\t\t<\/div>\n\t\t\t\t<div class=\"elementor-column elementor-col-33 elementor-top-column elementor-element elementor-element-b14ebed\" data-id=\"b14ebed\" data-element_type=\"column\" data-e-type=\"column\">\n\t\t\t<div class=\"elementor-widget-wrap elementor-element-populated\">\n\t\t\t\t\t\t<div class=\"elementor-element elementor-element-16845da elementor-widget elementor-widget-toggle\" data-id=\"16845da\" data-element_type=\"widget\" data-e-type=\"widget\" data-widget_type=\"toggle.default\">\n\t\t\t\t<div class=\"elementor-widget-container\">\n\t\t\t\t\t\t\t<div class=\"elementor-toggle\">\n\t\t\t\t\t\t\t<div class=\"elementor-toggle-item\">\n\t\t\t\t\t<div id=\"elementor-tab-title-2361\" class=\"elementor-tab-title\" data-tab=\"1\" role=\"button\" aria-controls=\"elementor-tab-content-2361\" aria-expanded=\"false\">\n\t\t\t\t\t\t\t\t\t\t\t\t<span class=\"elementor-toggle-icon elementor-toggle-icon-right\" aria-hidden=\"true\">\n\t\t\t\t\t\t\t\t\t\t\t\t\t\t\t<span class=\"elementor-toggle-icon-closed\"><svg class=\"e-font-icon-svg e-fas-caret-down\" viewBox=\"0 0 320 512\" xmlns=\"http:\/\/www.w3.org\/2000\/svg\"><path d=\"M31.3 192h257.3c17.8 0 26.7 21.5 14.1 34.1L174.1 354.8c-7.8 7.8-20.5 7.8-28.3 0L17.2 226.1C4.6 213.5 13.5 192 31.3 192z\"><\/path><\/svg><\/span>\n\t\t\t\t\t\t\t\t<span class=\"elementor-toggle-icon-opened\"><svg class=\"elementor-toggle-icon-opened e-font-icon-svg e-fas-caret-up\" viewBox=\"0 0 320 512\" xmlns=\"http:\/\/www.w3.org\/2000\/svg\"><path d=\"M288.662 352H31.338c-17.818 0-26.741-21.543-14.142-34.142l128.662-128.662c7.81-7.81 20.474-7.81 28.284 0l128.662 128.662c12.6 12.599 3.676 34.142-14.142 34.142z\"><\/path><\/svg><\/span>\n\t\t\t\t\t\t\t\t\t\t\t\t\t<\/span>\n\t\t\t\t\t\t\t\t\t\t\t\t<a class=\"elementor-toggle-title\" tabindex=\"0\">Navigation rapide :<\/a>\n\t\t\t\t\t<\/div>\n\n\t\t\t\t\t<div id=\"elementor-tab-content-2361\" class=\"elementor-tab-content elementor-clearfix\" data-tab=\"1\" role=\"region\" aria-labelledby=\"elementor-tab-title-2361\"><ol><li><a href=\"#approche-photographe-mariage\">Approche : photographie de mariage non pos\u00e9e<\/a><\/li><li><a href=\"#photographe-mariage-landes\">Votre partenaire pour un mariage r\u00e9ussi dans les Landes<\/a><\/li><li><a href=\"#votre-mariage-landes\">Votre mariage dans les Landes<\/a><\/li><li><a href=\"#lieux-mariage-landes\">Se marier dans les Landes<\/a><\/li><li><a href=\"#domaines-mariage-landes\">Lieux et domaines de mariage dans les Landes<\/a><\/li><li><a href=\"#reserver-photographe-mariage-landes\">R\u00e9server votre photographe de mariage dans les Landes<\/a><\/li><\/ol><\/div>\n\t\t\t\t<\/div>\n\t\t\t\t\t\t\t\t<\/div>\n\t\t\t\t\t\t<\/div>\n\t\t\t\t<\/div>\n\t\t\t\t\t<\/div>\n\t\t<\/div>\n\t\t\t\t<div class=\"elementor-column elementor-col-33 elementor-top-column elementor-element elementor-element-afff141\" data-id=\"afff141\" data-element_type=\"column\" data-e-type=\"column\">\n\t\t\t<div class=\"elementor-widget-wrap\">\n\t\t\t\t\t\t\t<\/div>\n\t\t<\/div>\n\t\t\t\t\t<\/div>\n\t\t<\/section>\n\t\t\t\t<section class=\"elementor-section elementor-top-section elementor-element elementor-element-c82947d elementor-section-boxed elementor-section-height-default elementor-section-height-default\" data-id=\"c82947d\" data-element_type=\"section\" data-e-type=\"section\">\n\t\t\t\t\t\t<div class=\"elementor-container elementor-column-gap-default\">\n\t\t\t\t\t<div class=\"elementor-column elementor-col-50 elementor-top-column elementor-element elementor-element-64b3ea4\" data-id=\"64b3ea4\" data-element_type=\"column\" data-e-type=\"column\" data-settings=\"{&quot;background_background&quot;:&quot;classic&quot;}\">\n\t\t\t<div class=\"elementor-widget-wrap elementor-element-populated\">\n\t\t\t\t\t\t<div class=\"elementor-element elementor-element-6b2a1c5 elementor-widget elementor-widget-spacer\" data-id=\"6b2a1c5\" data-element_type=\"widget\" data-e-type=\"widget\" data-widget_type=\"spacer.default\">\n\t\t\t\t<div class=\"elementor-widget-container\">\n\t\t\t\t\t\t\t<div class=\"elementor-spacer\">\n\t\t\t<div class=\"elementor-spacer-inner\"><\/div>\n\t\t<\/div>\n\t\t\t\t\t\t<\/div>\n\t\t\t\t<\/div>\n\t\t\t\t\t<\/div>\n\t\t<\/div>\n\t\t\t\t<div class=\"elementor-column elementor-col-50 elementor-top-column elementor-element elementor-element-b8a70a6\" data-id=\"b8a70a6\" data-element_type=\"column\" data-e-type=\"column\">\n\t\t\t<div class=\"elementor-widget-wrap elementor-element-populated\">\n\t\t\t\t\t\t<div class=\"elementor-element elementor-element-a915f8d elementor-widget elementor-widget-menu-anchor\" data-id=\"a915f8d\" data-element_type=\"widget\" data-e-type=\"widget\" data-widget_type=\"menu-anchor.default\">\n\t\t\t\t<div class=\"elementor-widget-container\">\n\t\t\t\t\t\t\t<div class=\"elementor-menu-anchor\" id=\"approche-photographe-mariage\"><\/div>\n\t\t\t\t\t\t<\/div>\n\t\t\t\t<\/div>\n\t\t\t\t<div class=\"elementor-element elementor-element-ae84bbc elementor-widget elementor-widget-heading\" data-id=\"ae84bbc\" data-element_type=\"widget\" data-e-type=\"widget\" data-widget_type=\"heading.default\">\n\t\t\t\t<div class=\"elementor-widget-container\">\n\t\t\t\t\t<h2 class=\"elementor-heading-title elementor-size-default\">Photographe de mariage dans les Landes <\/h2>\t\t\t\t<\/div>\n\t\t\t\t<\/div>\n\t\t\t\t<div class=\"elementor-element elementor-element-18cf1a6 elementor-widget elementor-widget-heading\" data-id=\"18cf1a6\" data-element_type=\"widget\" data-e-type=\"widget\" data-widget_type=\"heading.default\">\n\t\t\t\t<div class=\"elementor-widget-container\">\n\t\t\t\t\t<h3 class=\"elementor-heading-title elementor-size-default\">Une approche photo-reportage pour documenter votre mariage dans les landes<\/h3>\t\t\t\t<\/div>\n\t\t\t\t<\/div>\n\t\t\t\t<div class=\"elementor-element elementor-element-9647a2c elementor-widget elementor-widget-text-editor\" data-id=\"9647a2c\" data-element_type=\"widget\" data-e-type=\"widget\" data-widget_type=\"text-editor.default\">\n\t\t\t\t<div class=\"elementor-widget-container\">\n\t\t\t\t\t\t\t\t\t<p dir=\"auto\">J&#8217;aime les photos naturelles, non pos\u00e9es et prises sur le vif. J&#8217;utilise alors majoritairement le photo-reportage. Mon approche est discr\u00e8te et spontan\u00e9e : je me faufile parmi vos proches pour \u00eatre au plus pr\u00e8s de vous tous et je capture la journ\u00e9e telle qu&#8217;elle se d\u00e9roule devant moi, sans intervention. J&#8217;adore aussi \u00e9changer et rire avec vos proches pour les mettre \u00e0 l&#8217;aise en ma pr\u00e9sence et ainsi capturer leur personnalit\u00e9. J&#8217;apporte \u00e0 cela une sensibilit\u00e9 sur le travail de la composition et de la lumi\u00e8re pour assurer un reportage complet harmonieux et artistique.&nbsp;<span style=\"font-size: 1rem;\">J&#8217;allie ainsi le photo-reportage \u00e0 la photographie artistique et lifestyle. Je laisse place \u00e0 la spontan\u00e9it\u00e9 tout en ma\u00eetrisant l&#8217;environnement, l&#8217;ambiance et la lumi\u00e8re. Cette approche artistique et lifestyle permet d&#8217;assurer le rendu final.&nbsp;<\/span><span style=\"font-style: inherit; font-weight: inherit;\">Je documente ainsi votre mariage de mani\u00e8re authentique et po\u00e9tique. En tant que photographe de mariage, ce qui me fait vibrer, c\u2019est de capter vos personnalit\u00e9s, vos \u00e9motions, l\u2019alchimie qui existe entre vous deux, les relations\/liens avec vos proches, la joie et l\u2019amour qui flottent dans l\u2019air, et ce de mani\u00e8re brute et authentique. \u00c0 certains moments pr\u00e9cis comme les photos de groupe ou de couple, je vais vous guider et vous donner des choses \u00e0 vous dire et \u00e0 faire, puis je laisse le reste se d\u00e9rouler naturellement pour assurer des images naturelles et de vraies \u00e9motions qui restent dans le temps. Vous oublierez que vous \u00eates photographi\u00e9-es mais saurez toujours quoi faire car je vous accompagne \u00e0 chaque moment de votre journ\u00e9e. Pour moi, c<\/span><span style=\"font-style: inherit; font-weight: inherit;\">haque mariage est une nouvelle histoire \u00e0 raconter.<\/span><\/p>\t\t\t\t\t\t\t\t<\/div>\n\t\t\t\t<\/div>\n\t\t\t\t<div class=\"elementor-element elementor-element-89a7285 elementor-align-center elementor-widget elementor-widget-button\" data-id=\"89a7285\" data-element_type=\"widget\" data-e-type=\"widget\" data-widget_type=\"button.default\">\n\t\t\t\t<div class=\"elementor-widget-container\">\n\t\t\t\t\t\t\t\t\t<div class=\"elementor-button-wrapper\">\n\t\t\t\t\t<a class=\"elementor-button elementor-button-link elementor-size-sm elementor-animation-float\" href=\"#reserver-photographe-mariage-landes\">\n\t\t\t\t\t\t<span class=\"elementor-button-content-wrapper\">\n\t\t\t\t\t\t\t\t\t<span class=\"elementor-button-text\">Me contacter &gt;<\/span>\n\t\t\t\t\t<\/span>\n\t\t\t\t\t<\/a>\n\t\t\t\t<\/div>\n\t\t\t\t\t\t\t\t<\/div>\n\t\t\t\t<\/div>\n\t\t\t\t\t<\/div>\n\t\t<\/div>\n\t\t\t\t\t<\/div>\n\t\t<\/section>\n\t\t\t\t<section class=\"elementor-section elementor-top-section elementor-element elementor-element-94a6d66 elementor-reverse-mobile elementor-section-boxed elementor-section-height-default elementor-section-height-default\" data-id=\"94a6d66\" data-element_type=\"section\" data-e-type=\"section\">\n\t\t\t\t\t\t<div class=\"elementor-container elementor-column-gap-default\">\n\t\t\t\t\t<div class=\"elementor-column elementor-col-50 elementor-top-column elementor-element elementor-element-f43562d\" data-id=\"f43562d\" data-element_type=\"column\" data-e-type=\"column\">\n\t\t\t<div class=\"elementor-widget-wrap elementor-element-populated\">\n\t\t\t\t\t\t<div class=\"elementor-element elementor-element-80205fc elementor-widget elementor-widget-menu-anchor\" data-id=\"80205fc\" data-element_type=\"widget\" data-e-type=\"widget\" data-widget_type=\"menu-anchor.default\">\n\t\t\t\t<div class=\"elementor-widget-container\">\n\t\t\t\t\t\t\t<div class=\"elementor-menu-anchor\" id=\"photographe-mariage-landes\"><\/div>\n\t\t\t\t\t\t<\/div>\n\t\t\t\t<\/div>\n\t\t\t\t<div class=\"elementor-element elementor-element-48c27e7 elementor-widget elementor-widget-heading\" data-id=\"48c27e7\" data-element_type=\"widget\" data-e-type=\"widget\" data-widget_type=\"heading.default\">\n\t\t\t\t<div class=\"elementor-widget-container\">\n\t\t\t\t\t<h2 class=\"elementor-heading-title elementor-size-default\">Plus qu'une photographe de mariage<\/h2>\t\t\t\t<\/div>\n\t\t\t\t<\/div>\n\t\t\t\t<div class=\"elementor-element elementor-element-9b92dea elementor-widget elementor-widget-heading\" data-id=\"9b92dea\" data-element_type=\"widget\" data-e-type=\"widget\" data-widget_type=\"heading.default\">\n\t\t\t\t<div class=\"elementor-widget-container\">\n\t\t\t\t\t<h3 class=\"elementor-heading-title elementor-size-default\">une partenaire \u00e0 part enti\u00e8re<\/h3>\t\t\t\t<\/div>\n\t\t\t\t<\/div>\n\t\t\t\t<div class=\"elementor-element elementor-element-b41ce4c elementor-widget elementor-widget-text-editor\" data-id=\"b41ce4c\" data-element_type=\"widget\" data-e-type=\"widget\" data-widget_type=\"text-editor.default\">\n\t\t\t\t<div class=\"elementor-widget-container\">\n\t\t\t\t\t\t\t\t\t<p dir=\"auto\"><span style=\"font-style: inherit; font-weight: inherit;\">Je ne suis pas seulement une prestataire de plus dans votre journ\u00e9e de mariage, au contraire : je fais partie de votre \u00e9quipe. Je vous accompagne en amont pour vous conseiller, vous guider, vous soutenir aussi et vous donner des inspirations au besoin. D&#8217;ailleurs, je vous ferai parvenir un guide complet de pr\u00e9paration de mariage comprenant une mine d&#8217;or d&#8217;information sur comment bien organiser sa journ\u00e9e, la vivre et assurer des photos de mariage naturelles et puissantes ! Puis, le jour de votre mariage, je vais pleurer avec vous, je vais rire avec vous&#8230; Vous pouvez \u00eatre certain-e-s que je capturerai toutes ces \u00e9motions fortes pour que vous puissiez les \u00e9prouver \u00e0 nouveau plus tard.<\/span><\/p><p dir=\"auto\">\u00catre votre photographe de mariage est un honneur. Votre mariage me tient \u00e0 c\u0153ur ! J&#8217;aime photographier ces petits d\u00e9tails qui ont une grande importance : une main d\u00e9licatement pos\u00e9e sur la taille, des yeux embu\u00e9s de larmes, un regard \u00e9chang\u00e9, un \u00e9clat de rire&#8230; Je serai l\u00e0 pour capturer tous ces moments si sp\u00e9ciaux et \u00e9ph\u00e9m\u00e8res, petits et grands, et vous offrir des souvenirs qui vous accompagneront tout le reste de votre histoire.\u00a0<\/p>\t\t\t\t\t\t\t\t<\/div>\n\t\t\t\t<\/div>\n\t\t\t\t\t<\/div>\n\t\t<\/div>\n\t\t\t\t<div class=\"elementor-column elementor-col-50 elementor-top-column elementor-element elementor-element-9e77a76\" data-id=\"9e77a76\" data-element_type=\"column\" data-e-type=\"column\" data-settings=\"{&quot;background_background&quot;:&quot;classic&quot;}\">\n\t\t\t<div class=\"elementor-widget-wrap elementor-element-populated\">\n\t\t\t\t\t\t<div class=\"elementor-element elementor-element-5723aaf elementor-widget elementor-widget-spacer\" data-id=\"5723aaf\" data-element_type=\"widget\" data-e-type=\"widget\" data-widget_type=\"spacer.default\">\n\t\t\t\t<div class=\"elementor-widget-container\">\n\t\t\t\t\t\t\t<div class=\"elementor-spacer\">\n\t\t\t<div class=\"elementor-spacer-inner\"><\/div>\n\t\t<\/div>\n\t\t\t\t\t\t<\/div>\n\t\t\t\t<\/div>\n\t\t\t\t\t<\/div>\n\t\t<\/div>\n\t\t\t\t\t<\/div>\n\t\t<\/section>\n\t\t\t\t<section class=\"elementor-section elementor-top-section elementor-element elementor-element-73edc79 elementor-section-boxed elementor-section-height-default elementor-section-height-default\" data-id=\"73edc79\" data-element_type=\"section\" data-e-type=\"section\">\n\t\t\t\t\t\t<div class=\"elementor-container elementor-column-gap-default\">\n\t\t\t\t\t<div class=\"elementor-column elementor-col-50 elementor-top-column elementor-element elementor-element-022e480\" data-id=\"022e480\" data-element_type=\"column\" data-e-type=\"column\" data-settings=\"{&quot;background_background&quot;:&quot;classic&quot;}\">\n\t\t\t<div class=\"elementor-widget-wrap elementor-element-populated\">\n\t\t\t\t\t\t<div class=\"elementor-element elementor-element-ca2b9d9 elementor-widget elementor-widget-spacer\" data-id=\"ca2b9d9\" data-element_type=\"widget\" data-e-type=\"widget\" data-widget_type=\"spacer.default\">\n\t\t\t\t<div class=\"elementor-widget-container\">\n\t\t\t\t\t\t\t<div class=\"elementor-spacer\">\n\t\t\t<div class=\"elementor-spacer-inner\"><\/div>\n\t\t<\/div>\n\t\t\t\t\t\t<\/div>\n\t\t\t\t<\/div>\n\t\t\t\t\t<\/div>\n\t\t<\/div>\n\t\t\t\t<div class=\"elementor-column elementor-col-50 elementor-top-column elementor-element elementor-element-4ee2510\" data-id=\"4ee2510\" data-element_type=\"column\" data-e-type=\"column\">\n\t\t\t<div class=\"elementor-widget-wrap elementor-element-populated\">\n\t\t\t\t\t\t<div class=\"elementor-element elementor-element-375d9d6 elementor-widget elementor-widget-menu-anchor\" data-id=\"375d9d6\" data-element_type=\"widget\" data-e-type=\"widget\" data-widget_type=\"menu-anchor.default\">\n\t\t\t\t<div class=\"elementor-widget-container\">\n\t\t\t\t\t\t\t<div class=\"elementor-menu-anchor\" id=\"votre-mariage-landes\"><\/div>\n\t\t\t\t\t\t<\/div>\n\t\t\t\t<\/div>\n\t\t\t\t<div class=\"elementor-element elementor-element-7bc7de0 elementor-widget elementor-widget-heading\" data-id=\"7bc7de0\" data-element_type=\"widget\" data-e-type=\"widget\" data-widget_type=\"heading.default\">\n\t\t\t\t<div class=\"elementor-widget-container\">\n\t\t\t\t\t<h2 class=\"elementor-heading-title elementor-size-default\">Votre mariage dans les Landes <\/h2>\t\t\t\t<\/div>\n\t\t\t\t<\/div>\n\t\t\t\t<div class=\"elementor-element elementor-element-ab06afc elementor-widget elementor-widget-heading\" data-id=\"ab06afc\" data-element_type=\"widget\" data-e-type=\"widget\" data-widget_type=\"heading.default\">\n\t\t\t\t<div class=\"elementor-widget-container\">\n\t\t\t\t\t<h3 class=\"elementor-heading-title elementor-size-default\">Landes : un mariage entre oc\u00e9an et for\u00eat<\/h3>\t\t\t\t<\/div>\n\t\t\t\t<\/div>\n\t\t\t\t<div class=\"elementor-element elementor-element-fde9885 elementor-widget elementor-widget-text-editor\" data-id=\"fde9885\" data-element_type=\"widget\" data-e-type=\"widget\" data-widget_type=\"text-editor.default\">\n\t\t\t\t<div class=\"elementor-widget-container\">\n\t\t\t\t\t\t\t\t\t<p dir=\"auto\">Les Landes offrent un cadre naturel et bucolique pour se marier, entre for\u00eat de pins et plages sauvages aux vastes dunes de sable. Au-del\u00e0 de ces vastes paysages sauvages, j&#8217;aime aussi cette r\u00e9gion pour sa culture, sa gastronomie et son style de vie. J&#8217;adore \u00e9galement son esprit festif et bon vivant ! Avez-vous pens\u00e9 \u00e0 engager des bandas pour animer votre vin d&#8217;honneur ou votre soir\u00e9e de mariage ? Ambiance assur\u00e9e ! Quoique vous choisissiez comme exp\u00e9rience de mariage, l<span style=\"font-size: 1rem;\">es Landes sont le cadre id\u00e9al pour vivre une journ\u00e9e de mariage au plus proche de la nature, sans prise de t\u00eate et unique.<\/span><\/p><p dir=\"auto\">D&#8217;ailleurs, c&#8217;est ce qui a convaincu ces deux amoureux sur la photo ci-contre. Ils souhaitaient se marier pieds nus sur une plage sauvage et avoir le vrombissement de l&#8217;oc\u00e9an comme fond sonore de leur c\u00e9r\u00e9monie de mariage. Ils ont alors fait leur mariage sur la plage de Seignosse !\u00a0<\/p><p dir=\"auto\">Si vous \u00eates \u00e0 la recherche d\u2019un-e photographe\u00a0de mariage dans les Landes : ce serait un bonheur de vous accompagner dans votre projet ! Vous pouvez <a href=\"#reserver-photographe-mariage-landes\">me contacter juste ici<\/a> :<\/p>\t\t\t\t\t\t\t\t<\/div>\n\t\t\t\t<\/div>\n\t\t\t\t<div class=\"elementor-element elementor-element-59bb386 elementor-align-center elementor-widget elementor-widget-button\" data-id=\"59bb386\" data-element_type=\"widget\" data-e-type=\"widget\" data-widget_type=\"button.default\">\n\t\t\t\t<div class=\"elementor-widget-container\">\n\t\t\t\t\t\t\t\t\t<div class=\"elementor-button-wrapper\">\n\t\t\t\t\t<a class=\"elementor-button elementor-button-link elementor-size-sm elementor-animation-float\" href=\"#reserver-photographe-mariage-landes\">\n\t\t\t\t\t\t<span class=\"elementor-button-content-wrapper\">\n\t\t\t\t\t\t\t\t\t<span class=\"elementor-button-text\">R\u00e9server votre date de mariage &gt;<\/span>\n\t\t\t\t\t<\/span>\n\t\t\t\t\t<\/a>\n\t\t\t\t<\/div>\n\t\t\t\t\t\t\t\t<\/div>\n\t\t\t\t<\/div>\n\t\t\t\t\t<\/div>\n\t\t<\/div>\n\t\t\t\t\t<\/div>\n\t\t<\/section>\n\t\t\t\t<section class=\"elementor-section elementor-top-section elementor-element elementor-element-a43e828 elementor-section-boxed elementor-section-height-default elementor-section-height-default\" data-id=\"a43e828\" data-element_type=\"section\" data-e-type=\"section\">\n\t\t\t\t\t\t<div class=\"elementor-container elementor-column-gap-default\">\n\t\t\t\t\t<div class=\"elementor-column elementor-col-25 elementor-top-column elementor-element elementor-element-fdc4093\" data-id=\"fdc4093\" data-element_type=\"column\" data-e-type=\"column\">\n\t\t\t<div class=\"elementor-widget-wrap\">\n\t\t\t\t\t\t\t<\/div>\n\t\t<\/div>\n\t\t\t\t<div class=\"elementor-column elementor-col-50 elementor-top-column elementor-element elementor-element-2e0b1c7\" data-id=\"2e0b1c7\" data-element_type=\"column\" data-e-type=\"column\">\n\t\t\t<div class=\"elementor-widget-wrap elementor-element-populated\">\n\t\t\t\t\t\t<div class=\"elementor-element elementor-element-53fa3b5 elementor-widget elementor-widget-menu-anchor\" data-id=\"53fa3b5\" data-element_type=\"widget\" data-e-type=\"widget\" data-widget_type=\"menu-anchor.default\">\n\t\t\t\t<div class=\"elementor-widget-container\">\n\t\t\t\t\t\t\t<div class=\"elementor-menu-anchor\" id=\"lieux-mariage-landes\"><\/div>\n\t\t\t\t\t\t<\/div>\n\t\t\t\t<\/div>\n\t\t\t\t<div class=\"elementor-element elementor-element-88193b5 elementor-widget elementor-widget-heading\" data-id=\"88193b5\" data-element_type=\"widget\" data-e-type=\"widget\" data-widget_type=\"heading.default\">\n\t\t\t\t<div class=\"elementor-widget-container\">\n\t\t\t\t\t<h2 class=\"elementor-heading-title elementor-size-default\">Se marier dans les Landes<\/h2>\t\t\t\t<\/div>\n\t\t\t\t<\/div>\n\t\t\t\t<div class=\"elementor-element elementor-element-72a0618 elementor-widget elementor-widget-text-editor\" data-id=\"72a0618\" data-element_type=\"widget\" data-e-type=\"widget\" data-widget_type=\"text-editor.default\">\n\t\t\t\t<div class=\"elementor-widget-container\">\n\t\t\t\t\t\t\t\t\t<p>Que vous planifiez une belle c\u00e9r\u00e9monie la\u00efque dans une ferme landaise, une c\u00e9r\u00e9monie d&#8217;engagement sur une de nos belles plages sauvages des Landes, une f\u00eate de mariage avec un vin d&#8217;honneur anim\u00e9 par un groupe local de bandas ou une journ\u00e9e d\u00e9contract\u00e9e dans un joli domaine landais&#8230; Je serai ravie de vous accompagner !<\/p>\t\t\t\t\t\t\t\t<\/div>\n\t\t\t\t<\/div>\n\t\t\t\t\t<\/div>\n\t\t<\/div>\n\t\t\t\t<div class=\"elementor-column elementor-col-25 elementor-top-column elementor-element elementor-element-9c266c6\" data-id=\"9c266c6\" data-element_type=\"column\" data-e-type=\"column\">\n\t\t\t<div class=\"elementor-widget-wrap\">\n\t\t\t\t\t\t\t<\/div>\n\t\t<\/div>\n\t\t\t\t\t<\/div>\n\t\t<\/section>\n\t\t\t\t<section class=\"elementor-section elementor-top-section elementor-element elementor-element-efa355d elementor-section-boxed elementor-section-height-default elementor-section-height-default\" data-id=\"efa355d\" data-element_type=\"section\" data-e-type=\"section\">\n\t\t\t\t\t\t<div class=\"elementor-container elementor-column-gap-default\">\n\t\t\t\t\t<div class=\"elementor-column elementor-col-25 elementor-top-column elementor-element elementor-element-3d093bd\" data-id=\"3d093bd\" data-element_type=\"column\" data-e-type=\"column\">\n\t\t\t<div class=\"elementor-widget-wrap\">\n\t\t\t\t\t\t\t<\/div>\n\t\t<\/div>\n\t\t\t\t<div class=\"elementor-column elementor-col-50 elementor-top-column elementor-element elementor-element-49b0553\" data-id=\"49b0553\" data-element_type=\"column\" data-e-type=\"column\">\n\t\t\t<div class=\"elementor-widget-wrap elementor-element-populated\">\n\t\t\t\t\t\t<div class=\"elementor-element elementor-element-c7892b6 elementor-widget elementor-widget-menu-anchor\" data-id=\"c7892b6\" data-element_type=\"widget\" data-e-type=\"widget\" data-widget_type=\"menu-anchor.default\">\n\t\t\t\t<div class=\"elementor-widget-container\">\n\t\t\t\t\t\t\t<div class=\"elementor-menu-anchor\" id=\"domaines-mariage-landes\"><\/div>\n\t\t\t\t\t\t<\/div>\n\t\t\t\t<\/div>\n\t\t\t\t<div class=\"elementor-element elementor-element-00327cc elementor-widget elementor-widget-heading\" data-id=\"00327cc\" data-element_type=\"widget\" data-e-type=\"widget\" data-widget_type=\"heading.default\">\n\t\t\t\t<div class=\"elementor-widget-container\">\n\t\t\t\t\t<h2 class=\"elementor-heading-title elementor-size-default\">Lieux et domaines de mariage dans les Landes<\/h2>\t\t\t\t<\/div>\n\t\t\t\t<\/div>\n\t\t\t\t<div class=\"elementor-element elementor-element-87d4576 elementor-widget elementor-widget-text-editor\" data-id=\"87d4576\" data-element_type=\"widget\" data-e-type=\"widget\" data-widget_type=\"text-editor.default\">\n\t\t\t\t<div class=\"elementor-widget-container\">\n\t\t\t\t\t\t\t\t\t<p>Vous souhaitez vous marier dans les Landes et \u00eates \u00e0 la recherche d&#8217;un lieu ou un domaine de mariage ? Je serais ravie de partager avec vous les lieux de mariages que j&#8217;affectionne le plus dans les Landes ! Voici quelques domaines qui pourraient vous inspirer pour c\u00e9l\u00e9brer votre mariage :<\/p>\t\t\t\t\t\t\t\t<\/div>\n\t\t\t\t<\/div>\n\t\t\t\t\t<\/div>\n\t\t<\/div>\n\t\t\t\t<div class=\"elementor-column elementor-col-25 elementor-top-column elementor-element elementor-element-947f07c\" data-id=\"947f07c\" data-element_type=\"column\" data-e-type=\"column\">\n\t\t\t<div class=\"elementor-widget-wrap\">\n\t\t\t\t\t\t\t<\/div>\n\t\t<\/div>\n\t\t\t\t\t<\/div>\n\t\t<\/section>\n\t\t\t\t<section class=\"elementor-section elementor-top-section elementor-element elementor-element-4ca118e elementor-section-boxed elementor-section-height-default elementor-section-height-default\" data-id=\"4ca118e\" data-element_type=\"section\" data-e-type=\"section\">\n\t\t\t\t\t\t<div class=\"elementor-container elementor-column-gap-wide\">\n\t\t\t\t\t<div class=\"elementor-column elementor-col-50 elementor-top-column elementor-element elementor-element-f75cc36\" data-id=\"f75cc36\" data-element_type=\"column\" data-e-type=\"column\">\n\t\t\t<div class=\"elementor-widget-wrap elementor-element-populated\">\n\t\t\t\t\t\t<div class=\"elementor-element elementor-element-a6af422 elementor-widget elementor-widget-text-editor\" data-id=\"a6af422\" data-element_type=\"widget\" data-e-type=\"widget\" data-widget_type=\"text-editor.default\">\n\t\t\t\t<div class=\"elementor-widget-container\">\n\t\t\t\t\t\t\t\t\t<h5><a href=\"https:\/\/www.gite-reception-landes.com\/\" target=\"_blank\" rel=\"noopener\">Le domaine de Cap&#8217;Bat &#8211; Saint-Perdon<\/a><\/h5><p>Un domaine de mariage proche de Mont-de-Marsan que j&#8217;affectionne particuli\u00e8rement pour son c\u00f4t\u00e9 nature, il se trouve au milieu de notre belle for\u00eat landaise et est une invitation \u00e0 savourer le moment pr\u00e9sent. Entre authenticit\u00e9, charme et nature.. Je vous le recommande !<\/p><h5><a href=\"https:\/\/www.chateau-du-prada.fr\/\" target=\"_blank\" rel=\"noopener\">Le Ch\u00e2teau du Prada &#8211; Saint-Lon-les-Mines<\/a><\/h5><p>Situ\u00e9e pr\u00e8s de Dax, cette demeure atypique des 18\u00e8 et 19\u00e8 si\u00e8cle vous offre un cadre authentique et verdoyant pour votre mariage. Vous pourrez m\u00eame profiter d&#8217;une splendide vue sur les Pyr\u00e9n\u00e9es et organiser votre c\u00e9r\u00e9monie au pied d&#8217;un c\u00e8dre bicentenaire majestueux !<\/p><h5><a href=\"https:\/\/www.canopee-landes.fr\/\" target=\"_blank\" rel=\"noopener\">La Canop\u00e9e des Landes &#8211; Arjuzanx<\/a><\/h5><p>Nich\u00e9e au c\u0153ur des Landes, la Canop\u00e9e est un domaine au cadre privil\u00e9gi\u00e9, en connexion avec la nature. Avec ses 3 g\u00eetes, sa maison landaise, ses deux grandes piscines, son spa, son parc arbor\u00e9 de ch\u00eanes bicentenaires et de pins&#8230; La Canop\u00e9e est le lieu de mariage parfait pour les amoureux de la nature.<\/p><h5><a href=\"https:\/\/lagrangedemeysonnave.site-solocal.com\/\" target=\"_blank\" rel=\"noopener\">La Grange de Meysonnave &#8211; Dax<\/a><\/h5><p>Un domaine au style rustique et authentique situ\u00e9 dans un \u00e9crin de verdure. De larges fen\u00eatres aux beaux encadrements de bois, des pierres de taille et de poutres apparentes&#8230; Le cadre id\u00e9al pour un mariage champ\u00eatre et nature !<\/p>\t\t\t\t\t\t\t\t<\/div>\n\t\t\t\t<\/div>\n\t\t\t\t\t<\/div>\n\t\t<\/div>\n\t\t\t\t<div class=\"elementor-column elementor-col-50 elementor-top-column elementor-element elementor-element-599a7a8\" data-id=\"599a7a8\" data-element_type=\"column\" data-e-type=\"column\">\n\t\t\t<div class=\"elementor-widget-wrap elementor-element-populated\">\n\t\t\t\t\t\t<div class=\"elementor-element elementor-element-c0f1341 elementor-widget elementor-widget-text-editor\" data-id=\"c0f1341\" data-element_type=\"widget\" data-e-type=\"widget\" data-widget_type=\"text-editor.default\">\n\t\t\t\t<div class=\"elementor-widget-container\">\n\t\t\t\t\t\t\t\t\t<h5><a href=\"http:\/\/cocobarn.fr\" target=\"_blank\" rel=\"noopener\">Le Coco Barn Wood Lodge &#8211; Angresse<\/a><\/h5><p>Un lodge en bois cozy et rustique dans un \u00e9crin de verdure pr\u00e8s de Hossegor et Seignosse. Un vrai havre de paix insolite \u00e0 la d\u00e9coration vintage. Une chose est s\u00fbre, c&#8217;est LE lieu artistique et bucolique par excellence.<\/p><h5><a href=\"https:\/\/www.domainedepetiosse.com\/\" target=\"_blank\" rel=\"noopener\">Le Domaine de Petiosse &#8211; Saint-Julien-en-Borne<\/a><\/h5><p>Sur la c\u00f4te landaise, \u00e0 deux pas de Contis-plage, ce domaine allie tradition landaise, modernit\u00e9, chic et boh\u00e8me. Un lieu exceptionnel et atypique au milieu de la for\u00eat landaise !<\/p><h5><a href=\"https:\/\/orangeriechateaubordus.fr\/\" target=\"_blank\" rel=\"noopener\">L&#8217;orangerie du Ch\u00e2teau de Bordus &#8211; Sainte-Marie-de-Gosse<\/a><\/h5><p>Un joli domaine aux pierres et poutres apparentes, au milieu d&#8217;un parc aux arbres centenaires dans le sud des Landes. La d\u00e9coration champ\u00eatre de ce lieu est typique du Pays de Gosse, liant charme et histoire.<\/p>\t\t\t\t\t\t\t\t<\/div>\n\t\t\t\t<\/div>\n\t\t\t\t\t<\/div>\n\t\t<\/div>\n\t\t\t\t\t<\/div>\n\t\t<\/section>\n\t\t\t\t<section class=\"elementor-section elementor-top-section elementor-element elementor-element-5a94807 elementor-section-boxed elementor-section-height-default elementor-section-height-default\" data-id=\"5a94807\" data-element_type=\"section\" data-e-type=\"section\">\n\t\t\t\t\t\t<div class=\"elementor-container elementor-column-gap-default\">\n\t\t\t\t\t<div class=\"elementor-column elementor-col-100 elementor-top-column elementor-element elementor-element-b1c679c\" data-id=\"b1c679c\" data-element_type=\"column\" data-e-type=\"column\">\n\t\t\t<div class=\"elementor-widget-wrap elementor-element-populated\">\n\t\t\t\t\t\t<div class=\"elementor-element elementor-element-0fe4d5c elementor-widget elementor-widget-menu-anchor\" data-id=\"0fe4d5c\" data-element_type=\"widget\" data-e-type=\"widget\" data-widget_type=\"menu-anchor.default\">\n\t\t\t\t<div class=\"elementor-widget-container\">\n\t\t\t\t\t\t\t<div class=\"elementor-menu-anchor\" id=\"reserver-photographe-mariage-landes\"><\/div>\n\t\t\t\t\t\t<\/div>\n\t\t\t\t<\/div>\n\t\t\t\t<div class=\"elementor-element elementor-element-1bc5e34 elementor-widget elementor-widget-heading\" data-id=\"1bc5e34\" data-element_type=\"widget\" data-e-type=\"widget\" data-widget_type=\"heading.default\">\n\t\t\t\t<div class=\"elementor-widget-container\">\n\t\t\t\t\t<h2 class=\"elementor-heading-title elementor-size-default\">R\u00e9server votre photographe de mariage dans les Landes<\/h2>\t\t\t\t<\/div>\n\t\t\t\t<\/div>\n\t\t\t\t<div class=\"elementor-element elementor-element-9119a79 elementor-widget elementor-widget-heading\" data-id=\"9119a79\" data-element_type=\"widget\" data-e-type=\"widget\" data-widget_type=\"heading.default\">\n\t\t\t\t<div class=\"elementor-widget-container\">\n\t\t\t\t\t<h3 class=\"elementor-heading-title elementor-size-default\">Me parler de votre projet de mariage<\/h3>\t\t\t\t<\/div>\n\t\t\t\t<\/div>\n\t\t\t\t\t<\/div>\n\t\t<\/div>\n\t\t\t\t\t<\/div>\n\t\t<\/section>\n\t\t\t\t<section class=\"elementor-section elementor-top-section elementor-element elementor-element-8727b2b elementor-section-boxed elementor-section-height-default elementor-section-height-default\" data-id=\"8727b2b\" data-element_type=\"section\" data-e-type=\"section\">\n\t\t\t\t\t\t<div class=\"elementor-container elementor-column-gap-default\">\n\t\t\t\t\t<div class=\"elementor-column elementor-col-50 elementor-top-column elementor-element elementor-element-756118f\" data-id=\"756118f\" data-element_type=\"column\" data-e-type=\"column\">\n\t\t\t<div class=\"elementor-widget-wrap elementor-element-populated\">\n\t\t\t\t\t\t<div class=\"elementor-element elementor-element-b883ecc elementor-widget elementor-widget-text-editor\" data-id=\"b883ecc\" data-element_type=\"widget\" data-e-type=\"widget\" data-widget_type=\"text-editor.default\">\n\t\t\t\t<div class=\"elementor-widget-container\">\n\t\t\t\t\t\t\t\t\t<p>J\u2019ai h\u00e2te d\u2019en apprendre plus sur vous deux et votre projet de mariage. Comment voyez-vous votre exp\u00e9riene ? Un mariage intimiste \u00e0 la maison entour\u00e9\u00b7e\u00b7s de votre famille et ami\u00b7e\u00b7s les plus proches ? Un mariage champ\u00eatre dans un ch\u00e2teau bordelais ? Un week-end complet de mariage dans un camping pour vivre partager un maximum de moments avec vos proches ? Une grosse f\u00eate pour rassembler le plus de monde possible et s\u2019amuser jusqu\u2019au bout de la nuit ?<\/p><p>Que souhaitez-vous ressentir pendant votre mariage ? Quel genre de moments souhaitez-vous partager avec vos proches ? Quels sont les souvenirs que vous voulez capturer pour les pr\u00e9server dans le temps et raconter votre histoire de mariage dans 5, 10, 20 ans ?<\/p><p>Je pense que la mani\u00e8re dont vous souhaiter vous marier est unique et vous appartient, c&#8217;est pourquoi j\u2019ai h\u00e2te d\u2019en savoir plus et d\u2019\u00e9changer sur votre projet de mariage !<\/p><p dir=\"auto\">\n<!-- This file should primarily consist of HTML with a little bit of PHP. -->\n<div class=\"app-flo-forms app-flo-forms_1572\" data-form_id=\"1572\">\n  <form class=\"flo-form\" enctype=\"multipart\/form-data\" >\n    <flo-form v-bind:form_id=\"1572\"><\/flo-form>\n    <input type=\"hidden\" name=\"flo_fid\" value=\"1572\">\n    <div class=\"flo overlay-loader\">\n      <div class=\"loader\"><div><\/div><div><\/div><div><\/div><div><\/div><div><\/div><div><\/div><div><\/div><\/div>\n    <\/div>\n    <div class=\"flo-response\"><\/div>\n    <div class=\"flo-response-error\"><\/div>\n  <\/form>\n<\/div><\/p>\t\t\t\t\t\t\t\t<\/div>\n\t\t\t\t<\/div>\n\t\t\t\t\t<\/div>\n\t\t<\/div>\n\t\t\t\t<div class=\"elementor-column elementor-col-50 elementor-top-column elementor-element elementor-element-8dfa843\" data-id=\"8dfa843\" data-element_type=\"column\" data-e-type=\"column\" data-settings=\"{&quot;background_background&quot;:&quot;classic&quot;}\">\n\t\t\t<div class=\"elementor-widget-wrap elementor-element-populated\">\n\t\t\t\t\t\t<div class=\"elementor-element elementor-element-dd02ae5 elementor-widget elementor-widget-image\" data-id=\"dd02ae5\" data-element_type=\"widget\" data-e-type=\"widget\" data-widget_type=\"image.default\">\n\t\t\t\t<div class=\"elementor-widget-container\">\n\t\t\t\t\t\t\t\t\t\t\t\t\t\t\t<img decoding=\"async\" width=\"768\" height=\"1152\" src=\"https:\/\/gaetaneglize.com\/wp-content\/uploads\/2023\/01\/photographe-mariage-france-europe-1007-768x1152.jpg\" class=\"attachment-medium_large size-medium_large wp-image-13352\" alt=\"Les mari\u00e9s sous la voie lact\u00e9e le jour de leur mariage, photographi\u00e9 par Ga\u00e9tane Glize, votre photographe de mariage en France, en Europe et dans le monde.\" srcset=\"https:\/\/gaetaneglize.com\/wp-content\/uploads\/2023\/01\/photographe-mariage-france-europe-1007-768x1152.jpg 768w, https:\/\/gaetaneglize.com\/wp-content\/uploads\/2023\/01\/photographe-mariage-france-europe-1007-200x300.jpg 200w, https:\/\/gaetaneglize.com\/wp-content\/uploads\/2023\/01\/photographe-mariage-france-europe-1007-683x1024.jpg 683w, https:\/\/gaetaneglize.com\/wp-content\/uploads\/2023\/01\/photographe-mariage-france-europe-1007-1024x1536.jpg 1024w, https:\/\/gaetaneglize.com\/wp-content\/uploads\/2023\/01\/photographe-mariage-france-europe-1007.jpg 1067w\" sizes=\"(max-width: 768px) 100vw, 768px\" \/>\t\t\t\t\t\t\t\t\t\t\t\t\t\t\t<\/div>\n\t\t\t\t<\/div>\n\t\t\t\t<div class=\"elementor-element elementor-element-85d1c45 elementor-widget elementor-widget-image\" data-id=\"85d1c45\" data-element_type=\"widget\" data-e-type=\"widget\" data-widget_type=\"image.default\">\n\t\t\t\t<div class=\"elementor-widget-container\">\n\t\t\t\t\t\t\t\t\t\t\t\t\t\t\t<img loading=\"lazy\" decoding=\"async\" width=\"768\" height=\"512\" src=\"https:\/\/gaetaneglize.com\/wp-content\/uploads\/2023\/01\/photographe-mariage-france-europe-1004-768x512.jpg\" class=\"attachment-medium_large size-medium_large wp-image-13354\" alt=\"Un moment de f\u00eate et de c\u00e9l\u00e9bration \u00e0 la sortie de la c\u00e9r\u00e9monie religieuse de mariage \u00e0 l&#039;\u00e9glise photographi\u00e9 par Ga\u00e9tane Glize, votre photographe de mariage en France, en Europe et dans le monde.\" srcset=\"https:\/\/gaetaneglize.com\/wp-content\/uploads\/2023\/01\/photographe-mariage-france-europe-1004-768x512.jpg 768w, https:\/\/gaetaneglize.com\/wp-content\/uploads\/2023\/01\/photographe-mariage-france-europe-1004-300x200.jpg 300w, https:\/\/gaetaneglize.com\/wp-content\/uploads\/2023\/01\/photographe-mariage-france-europe-1004-1024x683.jpg 1024w, https:\/\/gaetaneglize.com\/wp-content\/uploads\/2023\/01\/photographe-mariage-france-europe-1004-1536x1024.jpg 1536w, https:\/\/gaetaneglize.com\/wp-content\/uploads\/2023\/01\/photographe-mariage-france-europe-1004.jpg 1600w\" sizes=\"(max-width: 768px) 100vw, 768px\" \/>\t\t\t\t\t\t\t\t\t\t\t\t\t\t\t<\/div>\n\t\t\t\t<\/div>\n\t\t\t\t<div class=\"elementor-element elementor-element-2b05143 elementor-widget elementor-widget-image\" data-id=\"2b05143\" data-element_type=\"widget\" data-e-type=\"widget\" data-widget_type=\"image.default\">\n\t\t\t\t<div class=\"elementor-widget-container\">\n\t\t\t\t\t\t\t\t\t\t\t\t\t\t\t<img loading=\"lazy\" decoding=\"async\" width=\"768\" height=\"512\" src=\"https:\/\/gaetaneglize.com\/wp-content\/uploads\/2023\/01\/photographe-mariage-france-europe-1005-768x512.jpg\" class=\"attachment-medium_large size-medium_large wp-image-13360\" alt=\"La mari\u00e9e rigole \u00e0 gorge d\u00e9ploy\u00e9e pendant le vin d&#039;honneur de son mariage, un moment de joie photographi\u00e9 par Ga\u00e9tane Glize, votre photographe de mariage en France, en Europe et dans le monde.\" srcset=\"https:\/\/gaetaneglize.com\/wp-content\/uploads\/2023\/01\/photographe-mariage-france-europe-1005-768x512.jpg 768w, https:\/\/gaetaneglize.com\/wp-content\/uploads\/2023\/01\/photographe-mariage-france-europe-1005-300x200.jpg 300w, https:\/\/gaetaneglize.com\/wp-content\/uploads\/2023\/01\/photographe-mariage-france-europe-1005-1024x683.jpg 1024w, https:\/\/gaetaneglize.com\/wp-content\/uploads\/2023\/01\/photographe-mariage-france-europe-1005.jpg 1349w\" sizes=\"(max-width: 768px) 100vw, 768px\" \/>\t\t\t\t\t\t\t\t\t\t\t\t\t\t\t<\/div>\n\t\t\t\t<\/div>\n\t\t\t\t<section class=\"elementor-section elementor-inner-section elementor-element elementor-element-8209a0c elementor-section-boxed elementor-section-height-default elementor-section-height-default\" data-id=\"8209a0c\" data-element_type=\"section\" data-e-type=\"section\">\n\t\t\t\t\t\t<div class=\"elementor-container elementor-column-gap-default\">\n\t\t\t\t\t<div class=\"elementor-column elementor-col-50 elementor-inner-column elementor-element elementor-element-3f1ca85\" data-id=\"3f1ca85\" data-element_type=\"column\" data-e-type=\"column\">\n\t\t\t<div class=\"elementor-widget-wrap elementor-element-populated\">\n\t\t\t\t\t\t<div class=\"elementor-element elementor-element-5d26872 elementor-widget elementor-widget-image\" data-id=\"5d26872\" data-element_type=\"widget\" data-e-type=\"widget\" data-widget_type=\"image.default\">\n\t\t\t\t<div class=\"elementor-widget-container\">\n\t\t\t\t\t\t\t\t\t\t\t\t\t\t\t<img loading=\"lazy\" decoding=\"async\" width=\"768\" height=\"512\" src=\"https:\/\/gaetaneglize.com\/wp-content\/uploads\/2023\/01\/photographe-mariage-france-europe-1003-768x512.jpg\" class=\"attachment-medium_large size-medium_large wp-image-13358\" alt=\"Le couple de mari\u00e9 s&#039;embrasses au coucher de soleil, un moment fort photographi\u00e9 par Ga\u00e9tane Glize, votre photographe de mariage en France, en Europe et dans le monde.\" srcset=\"https:\/\/gaetaneglize.com\/wp-content\/uploads\/2023\/01\/photographe-mariage-france-europe-1003-768x512.jpg 768w, https:\/\/gaetaneglize.com\/wp-content\/uploads\/2023\/01\/photographe-mariage-france-europe-1003-300x200.jpg 300w, https:\/\/gaetaneglize.com\/wp-content\/uploads\/2023\/01\/photographe-mariage-france-europe-1003-1024x683.jpg 1024w, https:\/\/gaetaneglize.com\/wp-content\/uploads\/2023\/01\/photographe-mariage-france-europe-1003.jpg 1500w\" sizes=\"(max-width: 768px) 100vw, 768px\" \/>\t\t\t\t\t\t\t\t\t\t\t\t\t\t\t<\/div>\n\t\t\t\t<\/div>\n\t\t\t\t\t<\/div>\n\t\t<\/div>\n\t\t\t\t<div class=\"elementor-column elementor-col-50 elementor-inner-column elementor-element elementor-element-5ac650f\" data-id=\"5ac650f\" data-element_type=\"column\" data-e-type=\"column\">\n\t\t\t<div class=\"elementor-widget-wrap elementor-element-populated\">\n\t\t\t\t\t\t<div class=\"elementor-element elementor-element-599106e elementor-widget elementor-widget-image\" data-id=\"599106e\" data-element_type=\"widget\" data-e-type=\"widget\" data-widget_type=\"image.default\">\n\t\t\t\t<div class=\"elementor-widget-container\">\n\t\t\t\t\t\t\t\t\t\t\t\t\t\t\t<img loading=\"lazy\" decoding=\"async\" width=\"768\" height=\"512\" src=\"https:\/\/gaetaneglize.com\/wp-content\/uploads\/2023\/01\/photographe-mariage-france-europe-1006-768x512.jpg\" class=\"attachment-medium_large size-medium_large wp-image-13356\" alt=\"Un moment de tendresse entre les mari\u00e9s photographi\u00e9 par Ga\u00e9tane Glize, votre photographe de mariage en France, en Europe et dans le monde.\" srcset=\"https:\/\/gaetaneglize.com\/wp-content\/uploads\/2023\/01\/photographe-mariage-france-europe-1006-768x512.jpg 768w, https:\/\/gaetaneglize.com\/wp-content\/uploads\/2023\/01\/photographe-mariage-france-europe-1006-300x200.jpg 300w, https:\/\/gaetaneglize.com\/wp-content\/uploads\/2023\/01\/photographe-mariage-france-europe-1006-1024x683.jpg 1024w, https:\/\/gaetaneglize.com\/wp-content\/uploads\/2023\/01\/photographe-mariage-france-europe-1006-1536x1024.jpg 1536w, https:\/\/gaetaneglize.com\/wp-content\/uploads\/2023\/01\/photographe-mariage-france-europe-1006-2048x1365.jpg 2048w\" sizes=\"(max-width: 768px) 100vw, 768px\" \/>\t\t\t\t\t\t\t\t\t\t\t\t\t\t\t<\/div>\n\t\t\t\t<\/div>\n\t\t\t\t\t<\/div>\n\t\t<\/div>\n\t\t\t\t\t<\/div>\n\t\t<\/section>\n\t\t\t\t<div class=\"elementor-element elementor-element-7ef34c1 elementor-widget elementor-widget-image\" data-id=\"7ef34c1\" data-element_type=\"widget\" data-e-type=\"widget\" data-widget_type=\"image.default\">\n\t\t\t\t<div class=\"elementor-widget-container\">\n\t\t\t\t\t\t\t\t\t\t\t\t\t\t\t<img loading=\"lazy\" decoding=\"async\" width=\"768\" height=\"512\" src=\"https:\/\/gaetaneglize.com\/wp-content\/uploads\/2023\/01\/photographe-mariage-landes-1011-768x512.jpg\" class=\"attachment-medium_large size-medium_large wp-image-13484\" alt=\"Les mari\u00e9s marchent main dans la main sous une pluie de p\u00e9tales s\u00e9ch\u00e9s \u00e0 la sortie de leur c\u00e9r\u00e9monie de mariage dans les Landes.\" srcset=\"https:\/\/gaetaneglize.com\/wp-content\/uploads\/2023\/01\/photographe-mariage-landes-1011-768x512.jpg 768w, https:\/\/gaetaneglize.com\/wp-content\/uploads\/2023\/01\/photographe-mariage-landes-1011-300x200.jpg 300w, https:\/\/gaetaneglize.com\/wp-content\/uploads\/2023\/01\/photographe-mariage-landes-1011-1024x683.jpg 1024w, https:\/\/gaetaneglize.com\/wp-content\/uploads\/2023\/01\/photographe-mariage-landes-1011-1536x1024.jpg 1536w, https:\/\/gaetaneglize.com\/wp-content\/uploads\/2023\/01\/photographe-mariage-landes-1011.jpg 1600w\" sizes=\"(max-width: 768px) 100vw, 768px\" \/>\t\t\t\t\t\t\t\t\t\t\t\t\t\t\t<\/div>\n\t\t\t\t<\/div>\n\t\t\t\t\t<\/div>\n\t\t<\/div>\n\t\t\t\t\t<\/div>\n\t\t<\/section>\n\t\t\t\t<section class=\"elementor-section elementor-top-section elementor-element elementor-element-77ffe5e elementor-section-boxed elementor-section-height-default elementor-section-height-default\" data-id=\"77ffe5e\" data-element_type=\"section\" data-e-type=\"section\">\n\t\t\t\t\t\t<div class=\"elementor-container elementor-column-gap-default\">\n\t\t\t\t\t<div class=\"elementor-column elementor-col-100 elementor-top-column elementor-element elementor-element-d494e07\" data-id=\"d494e07\" data-element_type=\"column\" data-e-type=\"column\">\n\t\t\t<div class=\"elementor-widget-wrap elementor-element-populated\">\n\t\t\t\t\t\t<div class=\"elementor-element elementor-element-ffa0c5d elementor-widget elementor-widget-heading\" data-id=\"ffa0c5d\" data-element_type=\"widget\" data-e-type=\"widget\" data-widget_type=\"heading.default\">\n\t\t\t\t<div class=\"elementor-widget-container\">\n\t\t\t\t\t<h3 class=\"elementor-heading-title elementor-size-default\">\u00c0 bient\u00f4t !<\/h3>\t\t\t\t<\/div>\n\t\t\t\t<\/div>\n\t\t\t\t<div class=\"elementor-element elementor-element-dad2f2b elementor-widget elementor-widget-text-editor\" data-id=\"dad2f2b\" data-element_type=\"widget\" data-e-type=\"widget\" data-widget_type=\"text-editor.default\">\n\t\t\t\t<div class=\"elementor-widget-container\">\n\t\t\t\t\t\t\t\t\t<p>Photographe de mariage dans les Landes : c\u00f4te landaise, <a href=\"\/fr\/photographie-mariage\/photographe-mariage-dax\/\">Dax<\/a>, Mont-de-Marsan, Hossegor, Seignosse, Capbreton, Soustons, Angresse, Labenne, Mimizan, Biscarosse, Aire-sur-Adour, Peyrehorade, Vieux-Boucaux, Moliets et partout ailleurs.<\/p>\t\t\t\t\t\t\t\t<\/div>\n\t\t\t\t<\/div>\n\t\t\t\t\t<\/div>\n\t\t<\/div>\n\t\t\t\t\t<\/div>\n\t\t<\/section>\n\t\t\t\t<\/div>\n\t\t","protected":false},"excerpt":{"rendered":"<p>Photographe de mariage landes Bienvenue \u2014 Ma mission : pr\u00e9server vos \u00e9motions dans le temps Hey &#8211; je suis Ga\u00e9tane et je suis photographe de mariages intimistes bas\u00e9e \u00e0 Seignosse dans les Landes. Je me d\u00e9place partout o\u00f9 votre amour me m\u00e8ne pour capturer votre histoire de mariage ! Si vous \u00eates sur cette page, [&hellip;]<\/p>\n","protected":false},"author":3,"featured_media":13422,"parent":13343,"menu_order":0,"comment_status":"closed","ping_status":"closed","template":"","meta":{"site-sidebar-layout":"no-sidebar","site-content-layout":"page-builder","ast-site-content-layout":"default","site-content-style":"default","site-sidebar-style":"default","ast-global-header-display":"","ast-banner-title-visibility":"","ast-main-header-display":"","ast-hfb-above-header-display":"","ast-hfb-below-header-display":"","ast-hfb-mobile-header-display":"","site-post-title":"disabled","ast-breadcrumbs-content":"","ast-featured-img":"disabled","footer-sml-layout":"","ast-disable-related-posts":"","theme-transparent-header-meta":"","adv-header-id-meta":"","stick-header-meta":"","header-above-stick-meta":"","header-main-stick-meta":"","header-below-stick-meta":"","astra-migrate-meta-layouts":"default","ast-page-background-enabled":"default","ast-page-background-meta":{"desktop":{"background-color":"","background-image":"","background-repeat":"repeat","background-position":"center center","background-size":"auto","background-attachment":"scroll","background-type":"","background-media":"","overlay-type":"","overlay-color":"","overlay-opacity":"","overlay-gradient":""},"tablet":{"background-color":"","background-image":"","background-repeat":"repeat","background-position":"center center","background-size":"auto","background-attachment":"scroll","background-type":"","background-media":"","overlay-type":"","overlay-color":"","overlay-opacity":"","overlay-gradient":""},"mobile":{"background-color":"","background-image":"","background-repeat":"repeat","background-position":"center center","background-size":"auto","background-attachment":"scroll","background-type":"","background-media":"","overlay-type":"","overlay-color":"","overlay-opacity":"","overlay-gradient":""}},"ast-content-background-meta":{"desktop":{"background-color":"var(--ast-global-color-5)","background-image":"","background-repeat":"repeat","background-position":"center center","background-size":"auto","background-attachment":"scroll","background-type":"","background-media":"","overlay-type":"","overlay-color":"","overlay-opacity":"","overlay-gradient":""},"tablet":{"background-color":"var(--ast-global-color-5)","background-image":"","background-repeat":"repeat","background-position":"center center","background-size":"auto","background-attachment":"scroll","background-type":"","background-media":"","overlay-type":"","overlay-color":"","overlay-opacity":"","overlay-gradient":""},"mobile":{"background-color":"var(--ast-global-color-5)","background-image":"","background-repeat":"repeat","background-position":"center center","background-size":"auto","background-attachment":"scroll","background-type":"","background-media":"","overlay-type":"","overlay-color":"","overlay-opacity":"","overlay-gradient":""}},"footnotes":""},"class_list":["post-13401","page","type-page","status-publish","has-post-thumbnail","hentry"],"yoast_head":"<!-- This site is optimized with the Yoast SEO plugin v27.4 - https:\/\/yoast.com\/product\/yoast-seo-wordpress\/ -->\n<title>Photographe mariage Landes | Ga\u00e9tane Glize<\/title>\n<meta name=\"description\" content=\"Photographe de mariage bas\u00e9e \u00e0 Seignosse dans les Landes. Je me d\u00e9place partout, de Mont-de-Marsan \u00e0 Mimizan, Dax, Hossegor, Capbreton...\" \/>\n<meta name=\"robots\" content=\"index, follow, max-snippet:-1, max-image-preview:large, max-video-preview:-1\" \/>\n<link rel=\"canonical\" href=\"https:\/\/gaetaneglize.com\/fr\/photographie-mariage\/photographe-mariage-landes\/\" \/>\n<meta property=\"og:locale\" content=\"fr_FR\" \/>\n<meta property=\"og:type\" content=\"article\" \/>\n<meta property=\"og:title\" content=\"Photographe mariage Landes | Ga\u00e9tane Glize\" \/>\n<meta property=\"og:description\" content=\"Photographe de mariage bas\u00e9e \u00e0 Seignosse dans les Landes. Je me d\u00e9place partout, de Mont-de-Marsan \u00e0 Mimizan, Dax, Hossegor, Capbreton...\" \/>\n<meta property=\"og:url\" content=\"https:\/\/gaetaneglize.com\/fr\/photographie-mariage\/photographe-mariage-landes\/\" \/>\n<meta property=\"og:site_name\" content=\"Ga\u00e9tane Glize\" \/>\n<meta property=\"article:publisher\" content=\"https:\/\/www.facebook.com\/gaetaneglizephotography\/\" \/>\n<meta property=\"article:modified_time\" content=\"2023-01-18T23:23:37+00:00\" \/>\n<meta property=\"og:image\" content=\"https:\/\/gaetaneglize.com\/wp-content\/uploads\/2023\/01\/photographe-mariage-landes-1009.jpg\" \/>\n\t<meta property=\"og:image:width\" content=\"1200\" \/>\n\t<meta property=\"og:image:height\" content=\"800\" \/>\n\t<meta property=\"og:image:type\" content=\"image\/jpeg\" \/>\n<meta name=\"twitter:card\" content=\"summary_large_image\" \/>\n<meta name=\"twitter:label1\" content=\"Dur\u00e9e de lecture estim\u00e9e\" \/>\n\t<meta name=\"twitter:data1\" content=\"10 minutes\" \/>\n<script type=\"application\/ld+json\" class=\"yoast-schema-graph\">{\"@context\":\"https:\\\/\\\/schema.org\",\"@graph\":[{\"@type\":\"WebPage\",\"@id\":\"https:\\\/\\\/gaetaneglize.com\\\/fr\\\/photographie-mariage\\\/photographe-mariage-landes\\\/\",\"url\":\"https:\\\/\\\/gaetaneglize.com\\\/fr\\\/photographie-mariage\\\/photographe-mariage-landes\\\/\",\"name\":\"Photographe mariage Landes | Ga\u00e9tane Glize\",\"isPartOf\":{\"@id\":\"https:\\\/\\\/gaetaneglize.com\\\/fr\\\/#website\"},\"primaryImageOfPage\":{\"@id\":\"https:\\\/\\\/gaetaneglize.com\\\/fr\\\/photographie-mariage\\\/photographe-mariage-landes\\\/#primaryimage\"},\"image\":{\"@id\":\"https:\\\/\\\/gaetaneglize.com\\\/fr\\\/photographie-mariage\\\/photographe-mariage-landes\\\/#primaryimage\"},\"thumbnailUrl\":\"https:\\\/\\\/gaetaneglize.com\\\/wp-content\\\/uploads\\\/2023\\\/01\\\/photographe-mariage-landes-1009.jpg\",\"datePublished\":\"2023-01-18T18:03:37+00:00\",\"dateModified\":\"2023-01-18T23:23:37+00:00\",\"description\":\"Photographe de mariage bas\u00e9e \u00e0 Seignosse dans les Landes. Je me d\u00e9place partout, de Mont-de-Marsan \u00e0 Mimizan, Dax, Hossegor, Capbreton...\",\"breadcrumb\":{\"@id\":\"https:\\\/\\\/gaetaneglize.com\\\/fr\\\/photographie-mariage\\\/photographe-mariage-landes\\\/#breadcrumb\"},\"inLanguage\":\"fr-FR\",\"potentialAction\":[{\"@type\":\"ReadAction\",\"target\":[\"https:\\\/\\\/gaetaneglize.com\\\/fr\\\/photographie-mariage\\\/photographe-mariage-landes\\\/\"]}]},{\"@type\":\"ImageObject\",\"inLanguage\":\"fr-FR\",\"@id\":\"https:\\\/\\\/gaetaneglize.com\\\/fr\\\/photographie-mariage\\\/photographe-mariage-landes\\\/#primaryimage\",\"url\":\"https:\\\/\\\/gaetaneglize.com\\\/wp-content\\\/uploads\\\/2023\\\/01\\\/photographe-mariage-landes-1009.jpg\",\"contentUrl\":\"https:\\\/\\\/gaetaneglize.com\\\/wp-content\\\/uploads\\\/2023\\\/01\\\/photographe-mariage-landes-1009.jpg\",\"width\":1200,\"height\":800,\"caption\":\"Moment de joie pendant la c\u00e9r\u00e9monie la\u00efque de mariage sur la plage des Landes, photographi\u00e9 par Ga\u00e9tane Glize, photographe mariage Landes.\"},{\"@type\":\"BreadcrumbList\",\"@id\":\"https:\\\/\\\/gaetaneglize.com\\\/fr\\\/photographie-mariage\\\/photographe-mariage-landes\\\/#breadcrumb\",\"itemListElement\":[{\"@type\":\"ListItem\",\"position\":1,\"name\":\"Accueil\",\"item\":\"https:\\\/\\\/gaetaneglize.com\\\/fr\\\/\"},{\"@type\":\"ListItem\",\"position\":2,\"name\":\"zones mariage\",\"item\":\"https:\\\/\\\/gaetaneglize.com\\\/fr\\\/photographie-mariage\\\/\"},{\"@type\":\"ListItem\",\"position\":3,\"name\":\"photographe mariage landes\"}]},{\"@type\":\"WebSite\",\"@id\":\"https:\\\/\\\/gaetaneglize.com\\\/fr\\\/#website\",\"url\":\"https:\\\/\\\/gaetaneglize.com\\\/fr\\\/\",\"name\":\"Ga\u00e9tane Glize\",\"description\":\"Photographe de mariage, couple, famille et grossesse dans les Landes\",\"publisher\":{\"@id\":\"https:\\\/\\\/gaetaneglize.com\\\/fr\\\/#organization\"},\"potentialAction\":[{\"@type\":\"SearchAction\",\"target\":{\"@type\":\"EntryPoint\",\"urlTemplate\":\"https:\\\/\\\/gaetaneglize.com\\\/fr\\\/?s={search_term_string}\"},\"query-input\":{\"@type\":\"PropertyValueSpecification\",\"valueRequired\":true,\"valueName\":\"search_term_string\"}}],\"inLanguage\":\"fr-FR\"},{\"@type\":\"Organization\",\"@id\":\"https:\\\/\\\/gaetaneglize.com\\\/fr\\\/#organization\",\"name\":\"Ga\u00e9tane Glize\",\"url\":\"https:\\\/\\\/gaetaneglize.com\\\/fr\\\/\",\"logo\":{\"@type\":\"ImageObject\",\"inLanguage\":\"fr-FR\",\"@id\":\"https:\\\/\\\/gaetaneglize.com\\\/fr\\\/#\\\/schema\\\/logo\\\/image\\\/\",\"url\":\"https:\\\/\\\/gaetaneglize.com\\\/wp-content\\\/uploads\\\/2025\\\/01\\\/gaetane-glize-photography-logo-2025.png\",\"contentUrl\":\"https:\\\/\\\/gaetaneglize.com\\\/wp-content\\\/uploads\\\/2025\\\/01\\\/gaetane-glize-photography-logo-2025.png\",\"width\":2588,\"height\":1970,\"caption\":\"Ga\u00e9tane Glize\"},\"image\":{\"@id\":\"https:\\\/\\\/gaetaneglize.com\\\/fr\\\/#\\\/schema\\\/logo\\\/image\\\/\"},\"sameAs\":[\"https:\\\/\\\/www.facebook.com\\\/gaetaneglizephotography\\\/\",\"https:\\\/\\\/www.instagram.com\\\/gaetaneglize\\\/\"]}]}<\/script>\n<!-- \/ Yoast SEO plugin. -->","yoast_head_json":{"title":"Photographe mariage Landes | Ga\u00e9tane Glize","description":"Photographe de mariage bas\u00e9e \u00e0 Seignosse dans les Landes. Je me d\u00e9place partout, de Mont-de-Marsan \u00e0 Mimizan, Dax, Hossegor, Capbreton...","robots":{"index":"index","follow":"follow","max-snippet":"max-snippet:-1","max-image-preview":"max-image-preview:large","max-video-preview":"max-video-preview:-1"},"canonical":"https:\/\/gaetaneglize.com\/fr\/photographie-mariage\/photographe-mariage-landes\/","og_locale":"fr_FR","og_type":"article","og_title":"Photographe mariage Landes | Ga\u00e9tane Glize","og_description":"Photographe de mariage bas\u00e9e \u00e0 Seignosse dans les Landes. Je me d\u00e9place partout, de Mont-de-Marsan \u00e0 Mimizan, Dax, Hossegor, Capbreton...","og_url":"https:\/\/gaetaneglize.com\/fr\/photographie-mariage\/photographe-mariage-landes\/","og_site_name":"Ga\u00e9tane Glize","article_publisher":"https:\/\/www.facebook.com\/gaetaneglizephotography\/","article_modified_time":"2023-01-18T23:23:37+00:00","og_image":[{"width":1200,"height":800,"url":"https:\/\/gaetaneglize.com\/wp-content\/uploads\/2023\/01\/photographe-mariage-landes-1009.jpg","type":"image\/jpeg"}],"twitter_card":"summary_large_image","twitter_misc":{"Dur\u00e9e de lecture estim\u00e9e":"10 minutes"},"schema":{"@context":"https:\/\/schema.org","@graph":[{"@type":"WebPage","@id":"https:\/\/gaetaneglize.com\/fr\/photographie-mariage\/photographe-mariage-landes\/","url":"https:\/\/gaetaneglize.com\/fr\/photographie-mariage\/photographe-mariage-landes\/","name":"Photographe mariage Landes | Ga\u00e9tane Glize","isPartOf":{"@id":"https:\/\/gaetaneglize.com\/fr\/#website"},"primaryImageOfPage":{"@id":"https:\/\/gaetaneglize.com\/fr\/photographie-mariage\/photographe-mariage-landes\/#primaryimage"},"image":{"@id":"https:\/\/gaetaneglize.com\/fr\/photographie-mariage\/photographe-mariage-landes\/#primaryimage"},"thumbnailUrl":"https:\/\/gaetaneglize.com\/wp-content\/uploads\/2023\/01\/photographe-mariage-landes-1009.jpg","datePublished":"2023-01-18T18:03:37+00:00","dateModified":"2023-01-18T23:23:37+00:00","description":"Photographe de mariage bas\u00e9e \u00e0 Seignosse dans les Landes. Je me d\u00e9place partout, de Mont-de-Marsan \u00e0 Mimizan, Dax, Hossegor, Capbreton...","breadcrumb":{"@id":"https:\/\/gaetaneglize.com\/fr\/photographie-mariage\/photographe-mariage-landes\/#breadcrumb"},"inLanguage":"fr-FR","potentialAction":[{"@type":"ReadAction","target":["https:\/\/gaetaneglize.com\/fr\/photographie-mariage\/photographe-mariage-landes\/"]}]},{"@type":"ImageObject","inLanguage":"fr-FR","@id":"https:\/\/gaetaneglize.com\/fr\/photographie-mariage\/photographe-mariage-landes\/#primaryimage","url":"https:\/\/gaetaneglize.com\/wp-content\/uploads\/2023\/01\/photographe-mariage-landes-1009.jpg","contentUrl":"https:\/\/gaetaneglize.com\/wp-content\/uploads\/2023\/01\/photographe-mariage-landes-1009.jpg","width":1200,"height":800,"caption":"Moment de joie pendant la c\u00e9r\u00e9monie la\u00efque de mariage sur la plage des Landes, photographi\u00e9 par Ga\u00e9tane Glize, photographe mariage Landes."},{"@type":"BreadcrumbList","@id":"https:\/\/gaetaneglize.com\/fr\/photographie-mariage\/photographe-mariage-landes\/#breadcrumb","itemListElement":[{"@type":"ListItem","position":1,"name":"Accueil","item":"https:\/\/gaetaneglize.com\/fr\/"},{"@type":"ListItem","position":2,"name":"zones mariage","item":"https:\/\/gaetaneglize.com\/fr\/photographie-mariage\/"},{"@type":"ListItem","position":3,"name":"photographe mariage landes"}]},{"@type":"WebSite","@id":"https:\/\/gaetaneglize.com\/fr\/#website","url":"https:\/\/gaetaneglize.com\/fr\/","name":"Ga\u00e9tane Glize","description":"Photographe de mariage, couple, famille et grossesse dans les Landes","publisher":{"@id":"https:\/\/gaetaneglize.com\/fr\/#organization"},"potentialAction":[{"@type":"SearchAction","target":{"@type":"EntryPoint","urlTemplate":"https:\/\/gaetaneglize.com\/fr\/?s={search_term_string}"},"query-input":{"@type":"PropertyValueSpecification","valueRequired":true,"valueName":"search_term_string"}}],"inLanguage":"fr-FR"},{"@type":"Organization","@id":"https:\/\/gaetaneglize.com\/fr\/#organization","name":"Ga\u00e9tane Glize","url":"https:\/\/gaetaneglize.com\/fr\/","logo":{"@type":"ImageObject","inLanguage":"fr-FR","@id":"https:\/\/gaetaneglize.com\/fr\/#\/schema\/logo\/image\/","url":"https:\/\/gaetaneglize.com\/wp-content\/uploads\/2025\/01\/gaetane-glize-photography-logo-2025.png","contentUrl":"https:\/\/gaetaneglize.com\/wp-content\/uploads\/2025\/01\/gaetane-glize-photography-logo-2025.png","width":2588,"height":1970,"caption":"Ga\u00e9tane Glize"},"image":{"@id":"https:\/\/gaetaneglize.com\/fr\/#\/schema\/logo\/image\/"},"sameAs":["https:\/\/www.facebook.com\/gaetaneglizephotography\/","https:\/\/www.instagram.com\/gaetaneglize\/"]}]}},"_links":{"self":[{"href":"https:\/\/gaetaneglize.com\/fr\/wp-json\/wp\/v2\/pages\/13401","targetHints":{"allow":["GET"]}}],"collection":[{"href":"https:\/\/gaetaneglize.com\/fr\/wp-json\/wp\/v2\/pages"}],"about":[{"href":"https:\/\/gaetaneglize.com\/fr\/wp-json\/wp\/v2\/types\/page"}],"author":[{"embeddable":true,"href":"https:\/\/gaetaneglize.com\/fr\/wp-json\/wp\/v2\/users\/3"}],"replies":[{"embeddable":true,"href":"https:\/\/gaetaneglize.com\/fr\/wp-json\/wp\/v2\/comments?post=13401"}],"version-history":[{"count":31,"href":"https:\/\/gaetaneglize.com\/fr\/wp-json\/wp\/v2\/pages\/13401\/revisions"}],"predecessor-version":[{"id":13489,"href":"https:\/\/gaetaneglize.com\/fr\/wp-json\/wp\/v2\/pages\/13401\/revisions\/13489"}],"up":[{"embeddable":true,"href":"https:\/\/gaetaneglize.com\/fr\/wp-json\/wp\/v2\/pages\/13343"}],"wp:featuredmedia":[{"embeddable":true,"href":"https:\/\/gaetaneglize.com\/fr\/wp-json\/wp\/v2\/media\/13422"}],"wp:attachment":[{"href":"https:\/\/gaetaneglize.com\/fr\/wp-json\/wp\/v2\/media?parent=13401"}],"curies":[{"name":"wp","href":"https:\/\/api.w.org\/{rel}","templated":true}]}}