{"id":13343,"date":"2023-01-18T17:27:17","date_gmt":"2023-01-18T16:27:17","guid":{"rendered":"https:\/?page_id=13343"},"modified":"2023-01-18T19:03:29","modified_gmt":"2023-01-18T18:03:29","slug":"photographie-mariage","status":"publish","type":"page","link":"https:\/\/gaetaneglize.com\/fr\/photographie-mariage\/","title":{"rendered":"zones mariage"},"content":{"rendered":"\t\t<div data-elementor-type=\"wp-page\" data-elementor-id=\"13343\" class=\"elementor elementor-13343\">\n\t\t\t\t\t\t<section class=\"elementor-section elementor-top-section elementor-element elementor-element-9a49e31 elementor-section-height-min-height elementor-section-items-bottom elementor-section-content-bottom elementor-section-boxed elementor-section-height-default\" data-id=\"9a49e31\" data-element_type=\"section\" data-e-type=\"section\" data-settings=\"{&quot;background_background&quot;:&quot;classic&quot;}\">\n\t\t\t\t\t\t<div class=\"elementor-container elementor-column-gap-default\">\n\t\t\t\t\t<div class=\"elementor-column elementor-col-100 elementor-top-column elementor-element elementor-element-855afff\" data-id=\"855afff\" data-element_type=\"column\" data-e-type=\"column\">\n\t\t\t<div class=\"elementor-widget-wrap elementor-element-populated\">\n\t\t\t\t\t\t<div class=\"elementor-element elementor-element-3c1ce9d elementor-widget elementor-widget-heading\" data-id=\"3c1ce9d\" data-element_type=\"widget\" data-e-type=\"widget\" data-widget_type=\"heading.default\">\n\t\t\t\t<div class=\"elementor-widget-container\">\n\t\t\t\t\t<h1 class=\"elementor-heading-title elementor-size-default\">Photographe de mariage<br><span style=\"font-size: 30px\"><br>en France, en Europe et au-del\u00e0<\/span><\/h1>\t\t\t\t<\/div>\n\t\t\t\t<\/div>\n\t\t\t\t\t<\/div>\n\t\t<\/div>\n\t\t\t\t\t<\/div>\n\t\t<\/section>\n\t\t\t\t<section class=\"elementor-section elementor-top-section elementor-element elementor-element-a69de57 elementor-section-boxed elementor-section-height-default elementor-section-height-default\" data-id=\"a69de57\" data-element_type=\"section\" data-e-type=\"section\" data-settings=\"{&quot;background_background&quot;:&quot;classic&quot;}\">\n\t\t\t\t\t\t<div class=\"elementor-container elementor-column-gap-default\">\n\t\t\t\t\t<div class=\"elementor-column elementor-col-100 elementor-top-column elementor-element elementor-element-b7bd225\" data-id=\"b7bd225\" data-element_type=\"column\" data-e-type=\"column\">\n\t\t\t<div class=\"elementor-widget-wrap elementor-element-populated\">\n\t\t\t\t\t\t<section class=\"elementor-section elementor-inner-section elementor-element elementor-element-e96c8df elementor-section-height-min-height elementor-reverse-mobile elementor-section-boxed elementor-section-height-default\" data-id=\"e96c8df\" data-element_type=\"section\" data-e-type=\"section\" data-settings=\"{&quot;background_background&quot;:&quot;classic&quot;}\">\n\t\t\t\t\t\t<div class=\"elementor-container elementor-column-gap-default\">\n\t\t\t\t\t<div class=\"elementor-column elementor-col-50 elementor-inner-column elementor-element elementor-element-24e338f\" data-id=\"24e338f\" data-element_type=\"column\" data-e-type=\"column\">\n\t\t\t<div class=\"elementor-widget-wrap elementor-element-populated\">\n\t\t\t\t\t\t<div class=\"elementor-element elementor-element-d5e53c3 elementor-widget elementor-widget-heading\" data-id=\"d5e53c3\" data-element_type=\"widget\" data-e-type=\"widget\" data-widget_type=\"heading.default\">\n\t\t\t\t<div class=\"elementor-widget-container\">\n\t\t\t\t\t<h6 class=\"elementor-heading-title elementor-size-default\">Bienvenue<\/h6>\t\t\t\t<\/div>\n\t\t\t\t<\/div>\n\t\t\t\t\t<\/div>\n\t\t<\/div>\n\t\t\t\t<div class=\"elementor-column elementor-col-50 elementor-inner-column elementor-element elementor-element-aa5610b\" data-id=\"aa5610b\" data-element_type=\"column\" data-e-type=\"column\">\n\t\t\t<div class=\"elementor-widget-wrap\">\n\t\t\t\t\t\t\t<\/div>\n\t\t<\/div>\n\t\t\t\t\t<\/div>\n\t\t<\/section>\n\t\t\t\t\t<\/div>\n\t\t<\/div>\n\t\t\t\t\t<\/div>\n\t\t<\/section>\n\t\t\t\t<section class=\"elementor-section elementor-top-section elementor-element elementor-element-dc81f9e elementor-section-boxed elementor-section-height-default elementor-section-height-default\" data-id=\"dc81f9e\" data-element_type=\"section\" data-e-type=\"section\">\n\t\t\t\t\t\t<div class=\"elementor-container elementor-column-gap-default\">\n\t\t\t\t\t<div class=\"elementor-column elementor-col-50 elementor-top-column elementor-element elementor-element-6108586\" data-id=\"6108586\" data-element_type=\"column\" data-e-type=\"column\">\n\t\t\t<div class=\"elementor-widget-wrap elementor-element-populated\">\n\t\t\t\t\t\t<div class=\"elementor-element elementor-element-e21984c elementor-widget elementor-widget-heading\" data-id=\"e21984c\" data-element_type=\"widget\" data-e-type=\"widget\" data-widget_type=\"heading.default\">\n\t\t\t\t<div class=\"elementor-widget-container\">\n\t\t\t\t\t<h2 class=\"elementor-heading-title elementor-size-default\"> \u2014 Ma mission : pr\u00e9server vos \u00e9motions dans le temps<\/h2>\t\t\t\t<\/div>\n\t\t\t\t<\/div>\n\t\t\t\t\t<\/div>\n\t\t<\/div>\n\t\t\t\t<div class=\"elementor-column elementor-col-50 elementor-top-column elementor-element elementor-element-a2a9ff0 elementor-hidden-mobile\" data-id=\"a2a9ff0\" data-element_type=\"column\" data-e-type=\"column\">\n\t\t\t<div class=\"elementor-widget-wrap\">\n\t\t\t\t\t\t\t<\/div>\n\t\t<\/div>\n\t\t\t\t\t<\/div>\n\t\t<\/section>\n\t\t\t\t<section class=\"elementor-section elementor-top-section elementor-element elementor-element-e1af9ec elementor-section-boxed elementor-section-height-default elementor-section-height-default\" data-id=\"e1af9ec\" data-element_type=\"section\" data-e-type=\"section\">\n\t\t\t\t\t\t<div class=\"elementor-container elementor-column-gap-default\">\n\t\t\t\t\t<div class=\"elementor-column elementor-col-25 elementor-top-column elementor-element elementor-element-45d1f7a\" data-id=\"45d1f7a\" data-element_type=\"column\" data-e-type=\"column\">\n\t\t\t<div class=\"elementor-widget-wrap elementor-element-populated\">\n\t\t\t\t\t\t<div class=\"elementor-element elementor-element-4a226fd elementor-widget elementor-widget-image\" data-id=\"4a226fd\" data-element_type=\"widget\" data-e-type=\"widget\" data-widget_type=\"image.default\">\n\t\t\t\t<div class=\"elementor-widget-container\">\n\t\t\t\t\t\t\t\t\t\t\t\t\t\t\t<img fetchpriority=\"high\" decoding=\"async\" width=\"768\" height=\"768\" src=\"https:\/\/gaetaneglize.com\/wp-content\/uploads\/2023\/01\/photographe-mariage-france-europe-1000-768x768.jpg\" class=\"attachment-medium_large size-medium_large wp-image-13346\" alt=\"Ga\u00e9tane Glize est votre photographe de mariage en France, en Europe et dans le monde.\" srcset=\"https:\/\/gaetaneglize.com\/wp-content\/uploads\/2023\/01\/photographe-mariage-france-europe-1000-768x768.jpg 768w, https:\/\/gaetaneglize.com\/wp-content\/uploads\/2023\/01\/photographe-mariage-france-europe-1000-300x300.jpg 300w, https:\/\/gaetaneglize.com\/wp-content\/uploads\/2023\/01\/photographe-mariage-france-europe-1000-1024x1024.jpg 1024w, https:\/\/gaetaneglize.com\/wp-content\/uploads\/2023\/01\/photographe-mariage-france-europe-1000-150x150.jpg 150w, https:\/\/gaetaneglize.com\/wp-content\/uploads\/2023\/01\/photographe-mariage-france-europe-1000-1536x1536.jpg 1536w, https:\/\/gaetaneglize.com\/wp-content\/uploads\/2023\/01\/photographe-mariage-france-europe-1000-2048x2048.jpg 2048w\" sizes=\"(max-width: 768px) 100vw, 768px\" \/>\t\t\t\t\t\t\t\t\t\t\t\t\t\t\t<\/div>\n\t\t\t\t<\/div>\n\t\t\t\t\t<\/div>\n\t\t<\/div>\n\t\t\t\t<div class=\"elementor-column elementor-col-25 elementor-top-column elementor-element elementor-element-7fbabee\" data-id=\"7fbabee\" data-element_type=\"column\" data-e-type=\"column\">\n\t\t\t<div class=\"elementor-widget-wrap\">\n\t\t\t\t\t\t\t<\/div>\n\t\t<\/div>\n\t\t\t\t<div class=\"elementor-column elementor-col-25 elementor-top-column elementor-element elementor-element-293ad23\" data-id=\"293ad23\" data-element_type=\"column\" data-e-type=\"column\">\n\t\t\t<div class=\"elementor-widget-wrap elementor-element-populated\">\n\t\t\t\t\t\t<div class=\"elementor-element elementor-element-9c7ec19 elementor-widget elementor-widget-text-editor\" data-id=\"9c7ec19\" data-element_type=\"widget\" data-e-type=\"widget\" data-widget_type=\"text-editor.default\">\n\t\t\t\t<div class=\"elementor-widget-container\">\n\t\t\t\t\t\t\t\t\t<p>Hey &#8211; je suis Ga\u00e9tane et je suis photographe de mariages intimistes bas\u00e9e dans le sud ouest de la France, dans les Landes \u00e0 deux pas du Pays Basque et des Pyr\u00e9n\u00e9es. Je me d\u00e9place partout en France, en Europe et dans le monde pour capturer votre histoire !<\/p><p>Si vous \u00eates sur cette page, c&#8217;est que vous \u00eates en train de pr\u00e9parer votre exp\u00e9rience de mariage et souhaitez l&#8217;immortaliser. Tout d&#8217;abord, f\u00e9licitations pour vos fian\u00e7ailles ! Si vous souhaitez des photos de mariage douces et naturelles, remplies d&#8217;amour, de joie et de po\u00e9sie, et que vous recherchez un-e photographe de mariage avec une approche photo-reportage et discr\u00e8te : alors je pense que vous \u00eates au bon endroit !\u00a0<\/p>\t\t\t\t\t\t\t\t<\/div>\n\t\t\t\t<\/div>\n\t\t\t\t\t<\/div>\n\t\t<\/div>\n\t\t\t\t<div class=\"elementor-column elementor-col-25 elementor-top-column elementor-element elementor-element-e0c804a\" data-id=\"e0c804a\" data-element_type=\"column\" data-e-type=\"column\">\n\t\t\t<div class=\"elementor-widget-wrap elementor-element-populated\">\n\t\t\t\t\t\t<div class=\"elementor-element elementor-element-effb272 elementor-widget elementor-widget-image\" data-id=\"effb272\" data-element_type=\"widget\" data-e-type=\"widget\" data-widget_type=\"image.default\">\n\t\t\t\t<div class=\"elementor-widget-container\">\n\t\t\t\t\t\t\t\t\t\t\t\t\t\t\t<img decoding=\"async\" width=\"1024\" height=\"683\" src=\"https:\/\/gaetaneglize.com\/wp-content\/uploads\/2023\/01\/photographe-mariage-france-europe-1008-1-1024x683.jpg\" class=\"attachment-large size-large wp-image-13386\" alt=\"Le mari\u00e9 pleure tellement il est \u00e9mu pendant sa c\u00e9r\u00e9monie de mariage. Un moment \u00e9mouvant captur\u00e9 par la photographe de mariage Ga\u00e9tane Glize, France Europe et monde.\" srcset=\"https:\/\/gaetaneglize.com\/wp-content\/uploads\/2023\/01\/photographe-mariage-france-europe-1008-1-1024x683.jpg 1024w, https:\/\/gaetaneglize.com\/wp-content\/uploads\/2023\/01\/photographe-mariage-france-europe-1008-1-300x200.jpg 300w, https:\/\/gaetaneglize.com\/wp-content\/uploads\/2023\/01\/photographe-mariage-france-europe-1008-1-768x512.jpg 768w, https:\/\/gaetaneglize.com\/wp-content\/uploads\/2023\/01\/photographe-mariage-france-europe-1008-1.jpg 1500w\" sizes=\"(max-width: 1024px) 100vw, 1024px\" \/>\t\t\t\t\t\t\t\t\t\t\t\t\t\t\t<\/div>\n\t\t\t\t<\/div>\n\t\t\t\t\t<\/div>\n\t\t<\/div>\n\t\t\t\t\t<\/div>\n\t\t<\/section>\n\t\t\t\t<section class=\"elementor-section elementor-top-section elementor-element elementor-element-3a63bee elementor-section-full_width elementor-section-height-default elementor-section-height-default\" data-id=\"3a63bee\" data-element_type=\"section\" data-e-type=\"section\" id=\"1\" data-settings=\"{&quot;background_background&quot;:&quot;classic&quot;}\">\n\t\t\t\t\t\t<div class=\"elementor-container elementor-column-gap-default\">\n\t\t\t\t\t<div class=\"elementor-column elementor-col-16 elementor-top-column elementor-element elementor-element-d9c2a39\" data-id=\"d9c2a39\" data-element_type=\"column\" data-e-type=\"column\">\n\t\t\t<div class=\"elementor-widget-wrap\">\n\t\t\t\t\t\t\t<\/div>\n\t\t<\/div>\n\t\t\t\t<div class=\"elementor-column elementor-col-66 elementor-top-column elementor-element elementor-element-1a377df\" data-id=\"1a377df\" data-element_type=\"column\" data-e-type=\"column\">\n\t\t\t<div class=\"elementor-widget-wrap elementor-element-populated\">\n\t\t\t\t\t\t<div class=\"elementor-element elementor-element-b978312 elementor-widget elementor-widget-heading\" data-id=\"b978312\" data-element_type=\"widget\" data-e-type=\"widget\" data-widget_type=\"heading.default\">\n\t\t\t\t<div class=\"elementor-widget-container\">\n\t\t\t\t\t<h6 class=\"elementor-heading-title elementor-size-default\">Ce que je vous propose<\/h6>\t\t\t\t<\/div>\n\t\t\t\t<\/div>\n\t\t\t\t<div class=\"elementor-element elementor-element-dd4292d elementor-widget elementor-widget-text-editor\" data-id=\"dd4292d\" data-element_type=\"widget\" data-e-type=\"widget\" data-widget_type=\"text-editor.default\">\n\t\t\t\t<div class=\"elementor-widget-container\">\n\t\t\t\t\t\t\t\t\t<h3>Une exp\u00e9rience de mariage significative et intentionnelle qui vous offrira des souvenirs remplis de vraies \u00e9motions et de nostalgie pour les ann\u00e9es \u00e0 venir.<\/h3><p>\u00a0<\/p><p>Parce que la journ\u00e9e de votre mariage passe bien trop vite et que notre m\u00e9moire s&#8217;estompe dans le temps, vous m\u00e9ritez des photos du jour de votre mariage qui dureront plus longtemps que votre propre m\u00e9moire. Les photos sont la seule chose qui vous restera de cette journ\u00e9e pour vous rem\u00e9morer ce que vous avez ressenti. Alors ma priorit\u00e9 est de capturer vos la joie qui flotte dans l&#8217;air, les liens que vous avez avec vos proches, vos personnalit\u00e9s, vos regards qui en disent long et tous ces petits gestes qui vous appartiennent&#8230; De la mani\u00e8re la plus authentique possible.<\/p>\t\t\t\t\t\t\t\t<\/div>\n\t\t\t\t<\/div>\n\t\t\t\t\t<\/div>\n\t\t<\/div>\n\t\t\t\t<div class=\"elementor-column elementor-col-16 elementor-top-column elementor-element elementor-element-699d4e3\" data-id=\"699d4e3\" data-element_type=\"column\" data-e-type=\"column\">\n\t\t\t<div class=\"elementor-widget-wrap\">\n\t\t\t\t\t\t\t<\/div>\n\t\t<\/div>\n\t\t\t\t\t<\/div>\n\t\t<\/section>\n\t\t\t\t<section class=\"elementor-section elementor-top-section elementor-element elementor-element-c82947d elementor-section-boxed elementor-section-height-default elementor-section-height-default\" data-id=\"c82947d\" data-element_type=\"section\" data-e-type=\"section\">\n\t\t\t\t\t\t<div class=\"elementor-container elementor-column-gap-default\">\n\t\t\t\t\t<div class=\"elementor-column elementor-col-50 elementor-top-column elementor-element elementor-element-64b3ea4\" data-id=\"64b3ea4\" data-element_type=\"column\" data-e-type=\"column\" data-settings=\"{&quot;background_background&quot;:&quot;classic&quot;}\">\n\t\t\t<div class=\"elementor-widget-wrap elementor-element-populated\">\n\t\t\t\t\t\t<div class=\"elementor-element elementor-element-6b2a1c5 elementor-widget elementor-widget-spacer\" data-id=\"6b2a1c5\" data-element_type=\"widget\" data-e-type=\"widget\" data-widget_type=\"spacer.default\">\n\t\t\t\t<div class=\"elementor-widget-container\">\n\t\t\t\t\t\t\t<div class=\"elementor-spacer\">\n\t\t\t<div class=\"elementor-spacer-inner\"><\/div>\n\t\t<\/div>\n\t\t\t\t\t\t<\/div>\n\t\t\t\t<\/div>\n\t\t\t\t\t<\/div>\n\t\t<\/div>\n\t\t\t\t<div class=\"elementor-column elementor-col-50 elementor-top-column elementor-element elementor-element-b8a70a6\" data-id=\"b8a70a6\" data-element_type=\"column\" data-e-type=\"column\">\n\t\t\t<div class=\"elementor-widget-wrap elementor-element-populated\">\n\t\t\t\t\t\t<div class=\"elementor-element elementor-element-a915f8d elementor-widget elementor-widget-menu-anchor\" data-id=\"a915f8d\" data-element_type=\"widget\" data-e-type=\"widget\" data-widget_type=\"menu-anchor.default\">\n\t\t\t\t<div class=\"elementor-widget-container\">\n\t\t\t\t\t\t\t<div class=\"elementor-menu-anchor\" id=\"approche-photographe-mariage\"><\/div>\n\t\t\t\t\t\t<\/div>\n\t\t\t\t<\/div>\n\t\t\t\t<div class=\"elementor-element elementor-element-ae84bbc elementor-widget elementor-widget-heading\" data-id=\"ae84bbc\" data-element_type=\"widget\" data-e-type=\"widget\" data-widget_type=\"heading.default\">\n\t\t\t\t<div class=\"elementor-widget-container\">\n\t\t\t\t\t<h2 class=\"elementor-heading-title elementor-size-default\">Une approche photo-reportage pour documenter votre mariage<\/h2>\t\t\t\t<\/div>\n\t\t\t\t<\/div>\n\t\t\t\t<div class=\"elementor-element elementor-element-9647a2c elementor-widget elementor-widget-text-editor\" data-id=\"9647a2c\" data-element_type=\"widget\" data-e-type=\"widget\" data-widget_type=\"text-editor.default\">\n\t\t\t\t<div class=\"elementor-widget-container\">\n\t\t\t\t\t\t\t\t\t<p dir=\"auto\">J&#8217;aime les photos naturelles, non pos\u00e9es et prises sur le vif. J&#8217;utilise alors majoritairement le photo-reportage. Mon approche est discr\u00e8te et spontan\u00e9e : je me faufile parmi vos proches pour \u00eatre au plus pr\u00e8s de vous tous et je capture la journ\u00e9e telle qu&#8217;elle se d\u00e9roule devant moi, sans intervention. J&#8217;adore aussi \u00e9changer et rire avec vos proches pour les mettre \u00e0 l&#8217;aise en ma pr\u00e9sence et ainsi capturer leur personnalit\u00e9. J&#8217;apporte \u00e0 cela une sensibilit\u00e9 sur le travail de la composition et de la lumi\u00e8re pour assurer un reportage complet harmonieux et artistique.&nbsp;<span style=\"font-size: 1rem;\">J&#8217;allie ainsi le photo-reportage \u00e0 la photographie artistique et lifestyle. Je laisse place \u00e0 la spontan\u00e9it\u00e9 tout en ma\u00eetrisant l&#8217;environnement, l&#8217;ambiance et la lumi\u00e8re. Cette approche artistique et lifestyle permet d&#8217;assurer le rendu final.&nbsp;<\/span><span style=\"font-style: inherit; font-weight: inherit;\">Je documente ainsi votre mariage de mani\u00e8re authentique et po\u00e9tique. En tant que photographe de mariage, ce qui me fait vibrer, c\u2019est de capter vos personnalit\u00e9s, vos \u00e9motions, l\u2019alchimie qui existe entre vous deux, les relations\/liens avec vos proches, la joie et l\u2019amour qui flottent dans l\u2019air, et ce de mani\u00e8re brute et authentique. \u00c0 certains moments pr\u00e9cis comme les photos de groupe ou de couple, je vais vous guider et vous donner des choses \u00e0 vous dire et \u00e0 faire, puis je laisse le reste se d\u00e9rouler naturellement pour assurer des images naturelles et de vraies \u00e9motions qui restent dans le temps. Vous oublierez que vous \u00eates photographi\u00e9-es mais saurez toujours quoi faire car je vous accompagne \u00e0 chaque moment de votre journ\u00e9e. Pour moi, c<\/span><span style=\"font-style: inherit; font-weight: inherit;\">haque mariage est une nouvelle histoire \u00e0 raconter.<\/span><\/p>\t\t\t\t\t\t\t\t<\/div>\n\t\t\t\t<\/div>\n\t\t\t\t\t<\/div>\n\t\t<\/div>\n\t\t\t\t\t<\/div>\n\t\t<\/section>\n\t\t\t\t<section class=\"elementor-section elementor-top-section elementor-element elementor-element-9a8f077 elementor-section-boxed elementor-section-height-default elementor-section-height-default\" data-id=\"9a8f077\" data-element_type=\"section\" data-e-type=\"section\">\n\t\t\t\t\t\t<div class=\"elementor-container elementor-column-gap-default\">\n\t\t\t\t\t<div class=\"elementor-column elementor-col-100 elementor-top-column elementor-element elementor-element-88dd8a4\" data-id=\"88dd8a4\" data-element_type=\"column\" data-e-type=\"column\">\n\t\t\t<div class=\"elementor-widget-wrap elementor-element-populated\">\n\t\t\t\t\t\t<div class=\"elementor-element elementor-element-53fa3b5 elementor-widget elementor-widget-menu-anchor\" data-id=\"53fa3b5\" data-element_type=\"widget\" data-e-type=\"widget\" data-widget_type=\"menu-anchor.default\">\n\t\t\t\t<div class=\"elementor-widget-container\">\n\t\t\t\t\t\t\t<div class=\"elementor-menu-anchor\" id=\"approche-photographe-mariage\"><\/div>\n\t\t\t\t\t\t<\/div>\n\t\t\t\t<\/div>\n\t\t\t\t<div class=\"elementor-element elementor-element-88193b5 elementor-widget elementor-widget-heading\" data-id=\"88193b5\" data-element_type=\"widget\" data-e-type=\"widget\" data-widget_type=\"heading.default\">\n\t\t\t\t<div class=\"elementor-widget-container\">\n\t\t\t\t\t<h2 class=\"elementor-heading-title elementor-size-default\">Me parler de votre projet de mariage<\/h2>\t\t\t\t<\/div>\n\t\t\t\t<\/div>\n\t\t\t\t\t<\/div>\n\t\t<\/div>\n\t\t\t\t\t<\/div>\n\t\t<\/section>\n\t\t\t\t<section class=\"elementor-section elementor-top-section elementor-element elementor-element-8727b2b elementor-section-boxed elementor-section-height-default elementor-section-height-default\" data-id=\"8727b2b\" data-element_type=\"section\" data-e-type=\"section\">\n\t\t\t\t\t\t<div class=\"elementor-container elementor-column-gap-default\">\n\t\t\t\t\t<div class=\"elementor-column elementor-col-50 elementor-top-column elementor-element elementor-element-756118f\" data-id=\"756118f\" data-element_type=\"column\" data-e-type=\"column\">\n\t\t\t<div class=\"elementor-widget-wrap elementor-element-populated\">\n\t\t\t\t\t\t<div class=\"elementor-element elementor-element-b883ecc elementor-widget elementor-widget-text-editor\" data-id=\"b883ecc\" data-element_type=\"widget\" data-e-type=\"widget\" data-widget_type=\"text-editor.default\">\n\t\t\t\t<div class=\"elementor-widget-container\">\n\t\t\t\t\t\t\t\t\t<p>J\u2019ai h\u00e2te d\u2019en apprendre plus sur vous deux et votre projet de mariage. Comment voyez-vous votre exp\u00e9riene ? Un mariage intimiste \u00e0 la maison entour\u00e9\u00b7e\u00b7s de votre famille et ami\u00b7e\u00b7s les plus proches ? Un mariage champ\u00eatre dans un ch\u00e2teau bordelais ? Un week-end complet de mariage dans un camping pour vivre partager un maximum de moments avec vos proches ? Une grosse f\u00eate pour rassembler le plus de monde possible et s\u2019amuser jusqu\u2019au bout de la nuit ?<\/p><p>Que souhaitez-vous ressentir pendant votre mariage ? Quel genre de moments souhaitez-vous partager avec vos proches ? Quels sont les souvenirs que vous voulez capturer pour les pr\u00e9server dans le temps et raconter votre histoire de mariage dans 5, 10, 20 ans ?<\/p><p>Je pense que la mani\u00e8re dont vous souhaiter vous marier est unique et vous appartient, c&#8217;est pourquoi j\u2019ai h\u00e2te d\u2019en savoir plus et d\u2019\u00e9changer sur votre projet de mariage !<\/p><p dir=\"auto\">\n<!-- This file should primarily consist of HTML with a little bit of PHP. -->\n<div class=\"app-flo-forms app-flo-forms_1572\" data-form_id=\"1572\">\n  <form class=\"flo-form\" enctype=\"multipart\/form-data\" >\n    <flo-form v-bind:form_id=\"1572\"><\/flo-form>\n    <input type=\"hidden\" name=\"flo_fid\" value=\"1572\">\n    <div class=\"flo overlay-loader\">\n      <div class=\"loader\"><div><\/div><div><\/div><div><\/div><div><\/div><div><\/div><div><\/div><div><\/div><\/div>\n    <\/div>\n    <div class=\"flo-response\"><\/div>\n    <div class=\"flo-response-error\"><\/div>\n  <\/form>\n<\/div><\/p>\t\t\t\t\t\t\t\t<\/div>\n\t\t\t\t<\/div>\n\t\t\t\t\t<\/div>\n\t\t<\/div>\n\t\t\t\t<div class=\"elementor-column elementor-col-50 elementor-top-column elementor-element elementor-element-8dfa843\" data-id=\"8dfa843\" data-element_type=\"column\" data-e-type=\"column\" data-settings=\"{&quot;background_background&quot;:&quot;classic&quot;}\">\n\t\t\t<div class=\"elementor-widget-wrap elementor-element-populated\">\n\t\t\t\t\t\t<div class=\"elementor-element elementor-element-dd02ae5 elementor-widget elementor-widget-image\" data-id=\"dd02ae5\" data-element_type=\"widget\" data-e-type=\"widget\" data-widget_type=\"image.default\">\n\t\t\t\t<div class=\"elementor-widget-container\">\n\t\t\t\t\t\t\t\t\t\t\t\t\t\t\t<img decoding=\"async\" width=\"768\" height=\"1152\" src=\"https:\/\/gaetaneglize.com\/wp-content\/uploads\/2023\/01\/photographe-mariage-france-europe-1007-768x1152.jpg\" class=\"attachment-medium_large size-medium_large wp-image-13352\" alt=\"Les mari\u00e9s sous la voie lact\u00e9e le jour de leur mariage, photographi\u00e9 par Ga\u00e9tane Glize, votre photographe de mariage en France, en Europe et dans le monde.\" srcset=\"https:\/\/gaetaneglize.com\/wp-content\/uploads\/2023\/01\/photographe-mariage-france-europe-1007-768x1152.jpg 768w, https:\/\/gaetaneglize.com\/wp-content\/uploads\/2023\/01\/photographe-mariage-france-europe-1007-200x300.jpg 200w, https:\/\/gaetaneglize.com\/wp-content\/uploads\/2023\/01\/photographe-mariage-france-europe-1007-683x1024.jpg 683w, https:\/\/gaetaneglize.com\/wp-content\/uploads\/2023\/01\/photographe-mariage-france-europe-1007-1024x1536.jpg 1024w, https:\/\/gaetaneglize.com\/wp-content\/uploads\/2023\/01\/photographe-mariage-france-europe-1007.jpg 1067w\" sizes=\"(max-width: 768px) 100vw, 768px\" \/>\t\t\t\t\t\t\t\t\t\t\t\t\t\t\t<\/div>\n\t\t\t\t<\/div>\n\t\t\t\t<div class=\"elementor-element elementor-element-85d1c45 elementor-widget elementor-widget-image\" data-id=\"85d1c45\" data-element_type=\"widget\" data-e-type=\"widget\" data-widget_type=\"image.default\">\n\t\t\t\t<div class=\"elementor-widget-container\">\n\t\t\t\t\t\t\t\t\t\t\t\t\t\t\t<img loading=\"lazy\" decoding=\"async\" width=\"768\" height=\"512\" src=\"https:\/\/gaetaneglize.com\/wp-content\/uploads\/2023\/01\/photographe-mariage-france-europe-1004-768x512.jpg\" class=\"attachment-medium_large size-medium_large wp-image-13354\" alt=\"Un moment de f\u00eate et de c\u00e9l\u00e9bration \u00e0 la sortie de la c\u00e9r\u00e9monie religieuse de mariage \u00e0 l&#039;\u00e9glise photographi\u00e9 par Ga\u00e9tane Glize, votre photographe de mariage en France, en Europe et dans le monde.\" srcset=\"https:\/\/gaetaneglize.com\/wp-content\/uploads\/2023\/01\/photographe-mariage-france-europe-1004-768x512.jpg 768w, https:\/\/gaetaneglize.com\/wp-content\/uploads\/2023\/01\/photographe-mariage-france-europe-1004-300x200.jpg 300w, https:\/\/gaetaneglize.com\/wp-content\/uploads\/2023\/01\/photographe-mariage-france-europe-1004-1024x683.jpg 1024w, https:\/\/gaetaneglize.com\/wp-content\/uploads\/2023\/01\/photographe-mariage-france-europe-1004-1536x1024.jpg 1536w, https:\/\/gaetaneglize.com\/wp-content\/uploads\/2023\/01\/photographe-mariage-france-europe-1004.jpg 1600w\" sizes=\"(max-width: 768px) 100vw, 768px\" \/>\t\t\t\t\t\t\t\t\t\t\t\t\t\t\t<\/div>\n\t\t\t\t<\/div>\n\t\t\t\t<div class=\"elementor-element elementor-element-2b05143 elementor-widget elementor-widget-image\" data-id=\"2b05143\" data-element_type=\"widget\" data-e-type=\"widget\" data-widget_type=\"image.default\">\n\t\t\t\t<div class=\"elementor-widget-container\">\n\t\t\t\t\t\t\t\t\t\t\t\t\t\t\t<img loading=\"lazy\" decoding=\"async\" width=\"1024\" height=\"683\" src=\"https:\/\/gaetaneglize.com\/wp-content\/uploads\/2023\/01\/photographe-mariage-france-europe-1005-1024x683.jpg\" class=\"attachment-large size-large wp-image-13360\" alt=\"La mari\u00e9e rigole \u00e0 gorge d\u00e9ploy\u00e9e pendant le vin d&#039;honneur de son mariage, un moment de joie photographi\u00e9 par Ga\u00e9tane Glize, votre photographe de mariage en France, en Europe et dans le monde.\" srcset=\"https:\/\/gaetaneglize.com\/wp-content\/uploads\/2023\/01\/photographe-mariage-france-europe-1005-1024x683.jpg 1024w, https:\/\/gaetaneglize.com\/wp-content\/uploads\/2023\/01\/photographe-mariage-france-europe-1005-300x200.jpg 300w, https:\/\/gaetaneglize.com\/wp-content\/uploads\/2023\/01\/photographe-mariage-france-europe-1005-768x512.jpg 768w, https:\/\/gaetaneglize.com\/wp-content\/uploads\/2023\/01\/photographe-mariage-france-europe-1005.jpg 1349w\" sizes=\"(max-width: 1024px) 100vw, 1024px\" \/>\t\t\t\t\t\t\t\t\t\t\t\t\t\t\t<\/div>\n\t\t\t\t<\/div>\n\t\t\t\t<section class=\"elementor-section elementor-inner-section elementor-element elementor-element-8209a0c elementor-section-boxed elementor-section-height-default elementor-section-height-default\" data-id=\"8209a0c\" data-element_type=\"section\" data-e-type=\"section\">\n\t\t\t\t\t\t<div class=\"elementor-container elementor-column-gap-default\">\n\t\t\t\t\t<div class=\"elementor-column elementor-col-50 elementor-inner-column elementor-element elementor-element-3f1ca85\" data-id=\"3f1ca85\" data-element_type=\"column\" data-e-type=\"column\">\n\t\t\t<div class=\"elementor-widget-wrap elementor-element-populated\">\n\t\t\t\t\t\t<div class=\"elementor-element elementor-element-5d26872 elementor-widget elementor-widget-image\" data-id=\"5d26872\" data-element_type=\"widget\" data-e-type=\"widget\" data-widget_type=\"image.default\">\n\t\t\t\t<div class=\"elementor-widget-container\">\n\t\t\t\t\t\t\t\t\t\t\t\t\t\t\t<img loading=\"lazy\" decoding=\"async\" width=\"1024\" height=\"683\" src=\"https:\/\/gaetaneglize.com\/wp-content\/uploads\/2023\/01\/photographe-mariage-france-europe-1003-1024x683.jpg\" class=\"attachment-large size-large wp-image-13358\" alt=\"Le couple de mari\u00e9 s&#039;embrasses au coucher de soleil, un moment fort photographi\u00e9 par Ga\u00e9tane Glize, votre photographe de mariage en France, en Europe et dans le monde.\" srcset=\"https:\/\/gaetaneglize.com\/wp-content\/uploads\/2023\/01\/photographe-mariage-france-europe-1003-1024x683.jpg 1024w, https:\/\/gaetaneglize.com\/wp-content\/uploads\/2023\/01\/photographe-mariage-france-europe-1003-300x200.jpg 300w, https:\/\/gaetaneglize.com\/wp-content\/uploads\/2023\/01\/photographe-mariage-france-europe-1003-768x512.jpg 768w, https:\/\/gaetaneglize.com\/wp-content\/uploads\/2023\/01\/photographe-mariage-france-europe-1003.jpg 1500w\" sizes=\"(max-width: 1024px) 100vw, 1024px\" \/>\t\t\t\t\t\t\t\t\t\t\t\t\t\t\t<\/div>\n\t\t\t\t<\/div>\n\t\t\t\t\t<\/div>\n\t\t<\/div>\n\t\t\t\t<div class=\"elementor-column elementor-col-50 elementor-inner-column elementor-element elementor-element-5ac650f\" data-id=\"5ac650f\" data-element_type=\"column\" data-e-type=\"column\">\n\t\t\t<div class=\"elementor-widget-wrap elementor-element-populated\">\n\t\t\t\t\t\t<div class=\"elementor-element elementor-element-599106e elementor-widget elementor-widget-image\" data-id=\"599106e\" data-element_type=\"widget\" data-e-type=\"widget\" data-widget_type=\"image.default\">\n\t\t\t\t<div class=\"elementor-widget-container\">\n\t\t\t\t\t\t\t\t\t\t\t\t\t\t\t<img loading=\"lazy\" decoding=\"async\" width=\"1024\" height=\"683\" src=\"https:\/\/gaetaneglize.com\/wp-content\/uploads\/2023\/01\/photographe-mariage-france-europe-1006-1024x683.jpg\" class=\"attachment-large size-large wp-image-13356\" alt=\"Un moment de tendresse entre les mari\u00e9s photographi\u00e9 par Ga\u00e9tane Glize, votre photographe de mariage en France, en Europe et dans le monde.\" srcset=\"https:\/\/gaetaneglize.com\/wp-content\/uploads\/2023\/01\/photographe-mariage-france-europe-1006-1024x683.jpg 1024w, https:\/\/gaetaneglize.com\/wp-content\/uploads\/2023\/01\/photographe-mariage-france-europe-1006-300x200.jpg 300w, https:\/\/gaetaneglize.com\/wp-content\/uploads\/2023\/01\/photographe-mariage-france-europe-1006-768x512.jpg 768w, https:\/\/gaetaneglize.com\/wp-content\/uploads\/2023\/01\/photographe-mariage-france-europe-1006-1536x1024.jpg 1536w, https:\/\/gaetaneglize.com\/wp-content\/uploads\/2023\/01\/photographe-mariage-france-europe-1006-2048x1365.jpg 2048w\" sizes=\"(max-width: 1024px) 100vw, 1024px\" \/>\t\t\t\t\t\t\t\t\t\t\t\t\t\t\t<\/div>\n\t\t\t\t<\/div>\n\t\t\t\t\t<\/div>\n\t\t<\/div>\n\t\t\t\t\t<\/div>\n\t\t<\/section>\n\t\t\t\t<div class=\"elementor-element elementor-element-7ef34c1 elementor-widget elementor-widget-image\" data-id=\"7ef34c1\" data-element_type=\"widget\" data-e-type=\"widget\" data-widget_type=\"image.default\">\n\t\t\t\t<div class=\"elementor-widget-container\">\n\t\t\t\t\t\t\t\t\t\t\t\t\t\t\t<img loading=\"lazy\" decoding=\"async\" width=\"1024\" height=\"683\" src=\"https:\/\/gaetaneglize.com\/wp-content\/uploads\/2022\/06\/alexandra-arthur-mariage-intimiste-a-la-maison-preview-1022_websize-1-1024x683.jpg\" class=\"attachment-large size-large wp-image-10998\" alt=\"\" srcset=\"https:\/\/gaetaneglize.com\/wp-content\/uploads\/2022\/06\/alexandra-arthur-mariage-intimiste-a-la-maison-preview-1022_websize-1-1024x683.jpg 1024w, https:\/\/gaetaneglize.com\/wp-content\/uploads\/2022\/06\/alexandra-arthur-mariage-intimiste-a-la-maison-preview-1022_websize-1-300x200.jpg 300w, https:\/\/gaetaneglize.com\/wp-content\/uploads\/2022\/06\/alexandra-arthur-mariage-intimiste-a-la-maison-preview-1022_websize-1-768x512.jpg 768w, https:\/\/gaetaneglize.com\/wp-content\/uploads\/2022\/06\/alexandra-arthur-mariage-intimiste-a-la-maison-preview-1022_websize-1-1536x1024.jpg 1536w, https:\/\/gaetaneglize.com\/wp-content\/uploads\/2022\/06\/alexandra-arthur-mariage-intimiste-a-la-maison-preview-1022_websize-1.jpg 1600w\" sizes=\"(max-width: 1024px) 100vw, 1024px\" \/>\t\t\t\t\t\t\t\t\t\t\t\t\t\t\t<\/div>\n\t\t\t\t<\/div>\n\t\t\t\t\t<\/div>\n\t\t<\/div>\n\t\t\t\t\t<\/div>\n\t\t<\/section>\n\t\t\t\t<\/div>\n\t\t","protected":false},"excerpt":{"rendered":"<p>Photographe de mariage en France, en Europe et au-del\u00e0 Bienvenue \u2014 Ma mission : pr\u00e9server vos \u00e9motions dans le temps Hey &#8211; je suis Ga\u00e9tane et je suis photographe de mariages intimistes bas\u00e9e dans le sud ouest de la France, dans les Landes \u00e0 deux pas du Pays Basque et des Pyr\u00e9n\u00e9es. Je me d\u00e9place [&hellip;]<\/p>\n","protected":false},"author":3,"featured_media":13348,"parent":0,"menu_order":0,"comment_status":"closed","ping_status":"closed","template":"","meta":{"site-sidebar-layout":"no-sidebar","site-content-layout":"page-builder","ast-site-content-layout":"default","site-content-style":"default","site-sidebar-style":"default","ast-global-header-display":"","ast-banner-title-visibility":"","ast-main-header-display":"","ast-hfb-above-header-display":"","ast-hfb-below-header-display":"","ast-hfb-mobile-header-display":"","site-post-title":"disabled","ast-breadcrumbs-content":"","ast-featured-img":"disabled","footer-sml-layout":"","ast-disable-related-posts":"","theme-transparent-header-meta":"","adv-header-id-meta":"","stick-header-meta":"","header-above-stick-meta":"","header-main-stick-meta":"","header-below-stick-meta":"","astra-migrate-meta-layouts":"default","ast-page-background-enabled":"default","ast-page-background-meta":{"desktop":{"background-color":"","background-image":"","background-repeat":"repeat","background-position":"center center","background-size":"auto","background-attachment":"scroll","background-type":"","background-media":"","overlay-type":"","overlay-color":"","overlay-opacity":"","overlay-gradient":""},"tablet":{"background-color":"","background-image":"","background-repeat":"repeat","background-position":"center center","background-size":"auto","background-attachment":"scroll","background-type":"","background-media":"","overlay-type":"","overlay-color":"","overlay-opacity":"","overlay-gradient":""},"mobile":{"background-color":"","background-image":"","background-repeat":"repeat","background-position":"center center","background-size":"auto","background-attachment":"scroll","background-type":"","background-media":"","overlay-type":"","overlay-color":"","overlay-opacity":"","overlay-gradient":""}},"ast-content-background-meta":{"desktop":{"background-color":"var(--ast-global-color-5)","background-image":"","background-repeat":"repeat","background-position":"center center","background-size":"auto","background-attachment":"scroll","background-type":"","background-media":"","overlay-type":"","overlay-color":"","overlay-opacity":"","overlay-gradient":""},"tablet":{"background-color":"var(--ast-global-color-5)","background-image":"","background-repeat":"repeat","background-position":"center center","background-size":"auto","background-attachment":"scroll","background-type":"","background-media":"","overlay-type":"","overlay-color":"","overlay-opacity":"","overlay-gradient":""},"mobile":{"background-color":"var(--ast-global-color-5)","background-image":"","background-repeat":"repeat","background-position":"center center","background-size":"auto","background-attachment":"scroll","background-type":"","background-media":"","overlay-type":"","overlay-color":"","overlay-opacity":"","overlay-gradient":""}},"footnotes":""},"class_list":["post-13343","page","type-page","status-publish","has-post-thumbnail","hentry"],"yoast_head":"<!-- This site is optimized with the Yoast SEO plugin v27.4 - https:\/\/yoast.com\/product\/yoast-seo-wordpress\/ -->\n<title>Photographe de mariage | France, Europe et au del\u00e0<\/title>\n<meta name=\"description\" content=\"Photographe de mariage, je me d\u00e9place partout en France, en Europe et dans le monde. D\u00e9couvrez mon approche de photographie de mariage.\" \/>\n<meta name=\"robots\" content=\"index, follow, max-snippet:-1, max-image-preview:large, max-video-preview:-1\" \/>\n<link rel=\"canonical\" href=\"https:\/\/gaetaneglize.com\/fr\/photographie-mariage\/\" \/>\n<meta property=\"og:locale\" content=\"fr_FR\" \/>\n<meta property=\"og:type\" content=\"article\" \/>\n<meta property=\"og:title\" content=\"Photographe de mariage | France, Europe et au del\u00e0\" \/>\n<meta property=\"og:description\" content=\"Photographe de mariage, je me d\u00e9place partout en France, en Europe et dans le monde. D\u00e9couvrez mon approche de photographie de mariage.\" \/>\n<meta property=\"og:url\" content=\"https:\/\/gaetaneglize.com\/fr\/photographie-mariage\/\" \/>\n<meta property=\"og:site_name\" content=\"Ga\u00e9tane Glize\" \/>\n<meta property=\"article:publisher\" content=\"https:\/\/www.facebook.com\/gaetaneglizephotography\/\" \/>\n<meta property=\"article:modified_time\" content=\"2023-01-18T18:03:29+00:00\" \/>\n<meta property=\"og:image\" content=\"https:\/\/gaetaneglize.com\/wp-content\/uploads\/2023\/01\/photographe-mariage-france-europe-1001.jpg\" \/>\n\t<meta property=\"og:image:width\" content=\"1600\" \/>\n\t<meta property=\"og:image:height\" content=\"1067\" \/>\n\t<meta property=\"og:image:type\" content=\"image\/jpeg\" \/>\n<meta name=\"twitter:card\" content=\"summary_large_image\" \/>\n<meta name=\"twitter:label1\" content=\"Dur\u00e9e de lecture estim\u00e9e\" \/>\n\t<meta name=\"twitter:data1\" content=\"6 minutes\" \/>\n<script type=\"application\/ld+json\" class=\"yoast-schema-graph\">{\"@context\":\"https:\\\/\\\/schema.org\",\"@graph\":[{\"@type\":\"WebPage\",\"@id\":\"https:\\\/\\\/gaetaneglize.com\\\/fr\\\/photographie-mariage\\\/\",\"url\":\"https:\\\/\\\/gaetaneglize.com\\\/fr\\\/photographie-mariage\\\/\",\"name\":\"Photographe de mariage | France, Europe et au del\u00e0\",\"isPartOf\":{\"@id\":\"https:\\\/\\\/gaetaneglize.com\\\/fr\\\/#website\"},\"primaryImageOfPage\":{\"@id\":\"https:\\\/\\\/gaetaneglize.com\\\/fr\\\/photographie-mariage\\\/#primaryimage\"},\"image\":{\"@id\":\"https:\\\/\\\/gaetaneglize.com\\\/fr\\\/photographie-mariage\\\/#primaryimage\"},\"thumbnailUrl\":\"https:\\\/\\\/gaetaneglize.com\\\/wp-content\\\/uploads\\\/2023\\\/01\\\/photographe-mariage-france-europe-1001.jpg\",\"datePublished\":\"2023-01-18T16:27:17+00:00\",\"dateModified\":\"2023-01-18T18:03:29+00:00\",\"description\":\"Photographe de mariage, je me d\u00e9place partout en France, en Europe et dans le monde. D\u00e9couvrez mon approche de photographie de mariage.\",\"breadcrumb\":{\"@id\":\"https:\\\/\\\/gaetaneglize.com\\\/fr\\\/photographie-mariage\\\/#breadcrumb\"},\"inLanguage\":\"fr-FR\",\"potentialAction\":[{\"@type\":\"ReadAction\",\"target\":[\"https:\\\/\\\/gaetaneglize.com\\\/fr\\\/photographie-mariage\\\/\"]}]},{\"@type\":\"ImageObject\",\"inLanguage\":\"fr-FR\",\"@id\":\"https:\\\/\\\/gaetaneglize.com\\\/fr\\\/photographie-mariage\\\/#primaryimage\",\"url\":\"https:\\\/\\\/gaetaneglize.com\\\/wp-content\\\/uploads\\\/2023\\\/01\\\/photographe-mariage-france-europe-1001.jpg\",\"contentUrl\":\"https:\\\/\\\/gaetaneglize.com\\\/wp-content\\\/uploads\\\/2023\\\/01\\\/photographe-mariage-france-europe-1001.jpg\",\"width\":1600,\"height\":1067,\"caption\":\"Un moment de f\u00eate et de joie photographi\u00e9 par Ga\u00e9tane Glize, votre photographe de mariage en France, en Europe et dans le monde.\"},{\"@type\":\"BreadcrumbList\",\"@id\":\"https:\\\/\\\/gaetaneglize.com\\\/fr\\\/photographie-mariage\\\/#breadcrumb\",\"itemListElement\":[{\"@type\":\"ListItem\",\"position\":1,\"name\":\"Accueil\",\"item\":\"https:\\\/\\\/gaetaneglize.com\\\/fr\\\/\"},{\"@type\":\"ListItem\",\"position\":2,\"name\":\"zones mariage\"}]},{\"@type\":\"WebSite\",\"@id\":\"https:\\\/\\\/gaetaneglize.com\\\/fr\\\/#website\",\"url\":\"https:\\\/\\\/gaetaneglize.com\\\/fr\\\/\",\"name\":\"Ga\u00e9tane Glize\",\"description\":\"Photographe de mariage, couple, famille et grossesse dans les Landes\",\"publisher\":{\"@id\":\"https:\\\/\\\/gaetaneglize.com\\\/fr\\\/#organization\"},\"potentialAction\":[{\"@type\":\"SearchAction\",\"target\":{\"@type\":\"EntryPoint\",\"urlTemplate\":\"https:\\\/\\\/gaetaneglize.com\\\/fr\\\/?s={search_term_string}\"},\"query-input\":{\"@type\":\"PropertyValueSpecification\",\"valueRequired\":true,\"valueName\":\"search_term_string\"}}],\"inLanguage\":\"fr-FR\"},{\"@type\":\"Organization\",\"@id\":\"https:\\\/\\\/gaetaneglize.com\\\/fr\\\/#organization\",\"name\":\"Ga\u00e9tane Glize\",\"url\":\"https:\\\/\\\/gaetaneglize.com\\\/fr\\\/\",\"logo\":{\"@type\":\"ImageObject\",\"inLanguage\":\"fr-FR\",\"@id\":\"https:\\\/\\\/gaetaneglize.com\\\/fr\\\/#\\\/schema\\\/logo\\\/image\\\/\",\"url\":\"https:\\\/\\\/gaetaneglize.com\\\/wp-content\\\/uploads\\\/2025\\\/01\\\/gaetane-glize-photography-logo-2025.png\",\"contentUrl\":\"https:\\\/\\\/gaetaneglize.com\\\/wp-content\\\/uploads\\\/2025\\\/01\\\/gaetane-glize-photography-logo-2025.png\",\"width\":2588,\"height\":1970,\"caption\":\"Ga\u00e9tane Glize\"},\"image\":{\"@id\":\"https:\\\/\\\/gaetaneglize.com\\\/fr\\\/#\\\/schema\\\/logo\\\/image\\\/\"},\"sameAs\":[\"https:\\\/\\\/www.facebook.com\\\/gaetaneglizephotography\\\/\",\"https:\\\/\\\/www.instagram.com\\\/gaetaneglize\\\/\"]}]}<\/script>\n<!-- \/ Yoast SEO plugin. -->","yoast_head_json":{"title":"Photographe de mariage | France, Europe et au del\u00e0","description":"Photographe de mariage, je me d\u00e9place partout en France, en Europe et dans le monde. D\u00e9couvrez mon approche de photographie de mariage.","robots":{"index":"index","follow":"follow","max-snippet":"max-snippet:-1","max-image-preview":"max-image-preview:large","max-video-preview":"max-video-preview:-1"},"canonical":"https:\/\/gaetaneglize.com\/fr\/photographie-mariage\/","og_locale":"fr_FR","og_type":"article","og_title":"Photographe de mariage | France, Europe et au del\u00e0","og_description":"Photographe de mariage, je me d\u00e9place partout en France, en Europe et dans le monde. D\u00e9couvrez mon approche de photographie de mariage.","og_url":"https:\/\/gaetaneglize.com\/fr\/photographie-mariage\/","og_site_name":"Ga\u00e9tane Glize","article_publisher":"https:\/\/www.facebook.com\/gaetaneglizephotography\/","article_modified_time":"2023-01-18T18:03:29+00:00","og_image":[{"width":1600,"height":1067,"url":"https:\/\/gaetaneglize.com\/wp-content\/uploads\/2023\/01\/photographe-mariage-france-europe-1001.jpg","type":"image\/jpeg"}],"twitter_card":"summary_large_image","twitter_misc":{"Dur\u00e9e de lecture estim\u00e9e":"6 minutes"},"schema":{"@context":"https:\/\/schema.org","@graph":[{"@type":"WebPage","@id":"https:\/\/gaetaneglize.com\/fr\/photographie-mariage\/","url":"https:\/\/gaetaneglize.com\/fr\/photographie-mariage\/","name":"Photographe de mariage | France, Europe et au del\u00e0","isPartOf":{"@id":"https:\/\/gaetaneglize.com\/fr\/#website"},"primaryImageOfPage":{"@id":"https:\/\/gaetaneglize.com\/fr\/photographie-mariage\/#primaryimage"},"image":{"@id":"https:\/\/gaetaneglize.com\/fr\/photographie-mariage\/#primaryimage"},"thumbnailUrl":"https:\/\/gaetaneglize.com\/wp-content\/uploads\/2023\/01\/photographe-mariage-france-europe-1001.jpg","datePublished":"2023-01-18T16:27:17+00:00","dateModified":"2023-01-18T18:03:29+00:00","description":"Photographe de mariage, je me d\u00e9place partout en France, en Europe et dans le monde. D\u00e9couvrez mon approche de photographie de mariage.","breadcrumb":{"@id":"https:\/\/gaetaneglize.com\/fr\/photographie-mariage\/#breadcrumb"},"inLanguage":"fr-FR","potentialAction":[{"@type":"ReadAction","target":["https:\/\/gaetaneglize.com\/fr\/photographie-mariage\/"]}]},{"@type":"ImageObject","inLanguage":"fr-FR","@id":"https:\/\/gaetaneglize.com\/fr\/photographie-mariage\/#primaryimage","url":"https:\/\/gaetaneglize.com\/wp-content\/uploads\/2023\/01\/photographe-mariage-france-europe-1001.jpg","contentUrl":"https:\/\/gaetaneglize.com\/wp-content\/uploads\/2023\/01\/photographe-mariage-france-europe-1001.jpg","width":1600,"height":1067,"caption":"Un moment de f\u00eate et de joie photographi\u00e9 par Ga\u00e9tane Glize, votre photographe de mariage en France, en Europe et dans le monde."},{"@type":"BreadcrumbList","@id":"https:\/\/gaetaneglize.com\/fr\/photographie-mariage\/#breadcrumb","itemListElement":[{"@type":"ListItem","position":1,"name":"Accueil","item":"https:\/\/gaetaneglize.com\/fr\/"},{"@type":"ListItem","position":2,"name":"zones mariage"}]},{"@type":"WebSite","@id":"https:\/\/gaetaneglize.com\/fr\/#website","url":"https:\/\/gaetaneglize.com\/fr\/","name":"Ga\u00e9tane Glize","description":"Photographe de mariage, couple, famille et grossesse dans les Landes","publisher":{"@id":"https:\/\/gaetaneglize.com\/fr\/#organization"},"potentialAction":[{"@type":"SearchAction","target":{"@type":"EntryPoint","urlTemplate":"https:\/\/gaetaneglize.com\/fr\/?s={search_term_string}"},"query-input":{"@type":"PropertyValueSpecification","valueRequired":true,"valueName":"search_term_string"}}],"inLanguage":"fr-FR"},{"@type":"Organization","@id":"https:\/\/gaetaneglize.com\/fr\/#organization","name":"Ga\u00e9tane Glize","url":"https:\/\/gaetaneglize.com\/fr\/","logo":{"@type":"ImageObject","inLanguage":"fr-FR","@id":"https:\/\/gaetaneglize.com\/fr\/#\/schema\/logo\/image\/","url":"https:\/\/gaetaneglize.com\/wp-content\/uploads\/2025\/01\/gaetane-glize-photography-logo-2025.png","contentUrl":"https:\/\/gaetaneglize.com\/wp-content\/uploads\/2025\/01\/gaetane-glize-photography-logo-2025.png","width":2588,"height":1970,"caption":"Ga\u00e9tane Glize"},"image":{"@id":"https:\/\/gaetaneglize.com\/fr\/#\/schema\/logo\/image\/"},"sameAs":["https:\/\/www.facebook.com\/gaetaneglizephotography\/","https:\/\/www.instagram.com\/gaetaneglize\/"]}]}},"_links":{"self":[{"href":"https:\/\/gaetaneglize.com\/fr\/wp-json\/wp\/v2\/pages\/13343","targetHints":{"allow":["GET"]}}],"collection":[{"href":"https:\/\/gaetaneglize.com\/fr\/wp-json\/wp\/v2\/pages"}],"about":[{"href":"https:\/\/gaetaneglize.com\/fr\/wp-json\/wp\/v2\/types\/page"}],"author":[{"embeddable":true,"href":"https:\/\/gaetaneglize.com\/fr\/wp-json\/wp\/v2\/users\/3"}],"replies":[{"embeddable":true,"href":"https:\/\/gaetaneglize.com\/fr\/wp-json\/wp\/v2\/comments?post=13343"}],"version-history":[{"count":33,"href":"https:\/\/gaetaneglize.com\/fr\/wp-json\/wp\/v2\/pages\/13343\/revisions"}],"predecessor-version":[{"id":13400,"href":"https:\/\/gaetaneglize.com\/fr\/wp-json\/wp\/v2\/pages\/13343\/revisions\/13400"}],"wp:featuredmedia":[{"embeddable":true,"href":"https:\/\/gaetaneglize.com\/fr\/wp-json\/wp\/v2\/media\/13348"}],"wp:attachment":[{"href":"https:\/\/gaetaneglize.com\/fr\/wp-json\/wp\/v2\/media?parent=13343"}],"curies":[{"name":"wp","href":"https:\/\/api.w.org\/{rel}","templated":true}]}}