{"id":10576,"date":"2022-04-26T16:22:58","date_gmt":"2022-04-26T14:22:58","guid":{"rendered":"https:\/?page_id=10576"},"modified":"2025-01-30T00:25:45","modified_gmt":"2025-01-29T23:25:45","slug":"tarifs-photographe-mariage-landes","status":"publish","type":"page","link":"https:\/\/gaetaneglize.com\/fr\/tarifs-photographe-mariage-landes\/","title":{"rendered":"prestation mariages intimistes"},"content":{"rendered":"\t\t<div data-elementor-type=\"wp-page\" data-elementor-id=\"10576\" class=\"elementor elementor-10576\">\n\t\t\t\t\t\t<section class=\"elementor-section elementor-top-section elementor-element elementor-element-41a38a4 elementor-section-full_width elementor-section-height-min-height elementor-section-content-bottom elementor-section-stretched elementor-section-items-bottom elementor-section-height-default\" data-id=\"41a38a4\" data-element_type=\"section\" data-e-type=\"section\" data-settings=\"{&quot;stretch_section&quot;:&quot;section-stretched&quot;,&quot;background_background&quot;:&quot;classic&quot;}\">\n\t\t\t\t\t\t\t<div class=\"elementor-background-overlay\"><\/div>\n\t\t\t\t\t\t\t<div class=\"elementor-container elementor-column-gap-default\">\n\t\t\t\t\t<div class=\"elementor-column elementor-col-100 elementor-top-column elementor-element elementor-element-05e2c91\" data-id=\"05e2c91\" data-element_type=\"column\" data-e-type=\"column\">\n\t\t\t<div class=\"elementor-widget-wrap elementor-element-populated\">\n\t\t\t\t\t\t<div class=\"elementor-element elementor-element-f6a18f6 elementor-invisible elementor-widget elementor-widget-heading\" data-id=\"f6a18f6\" data-element_type=\"widget\" data-e-type=\"widget\" data-settings=\"{&quot;_animation&quot;:&quot;fadeInUp&quot;}\" data-widget_type=\"heading.default\">\n\t\t\t\t<div class=\"elementor-widget-container\">\n\t\t\t\t\t<h1 class=\"elementor-heading-title elementor-size-default\">Photographe mariage Landes<\/h1>\t\t\t\t<\/div>\n\t\t\t\t<\/div>\n\t\t\t\t<div class=\"elementor-element elementor-element-7339cf0 elementor-invisible elementor-widget elementor-widget-heading\" data-id=\"7339cf0\" data-element_type=\"widget\" data-e-type=\"widget\" data-settings=\"{&quot;_animation&quot;:&quot;fadeInUp&quot;}\" data-widget_type=\"heading.default\">\n\t\t\t\t<div class=\"elementor-widget-container\">\n\t\t\t\t\t<h3 class=\"elementor-heading-title elementor-size-default\">D\u00e9couvrez l'exp\u00e9rience<\/h3>\t\t\t\t<\/div>\n\t\t\t\t<\/div>\n\t\t\t\t<div class=\"elementor-element elementor-element-ec5188d elementor-view-default elementor-invisible elementor-widget elementor-widget-icon\" data-id=\"ec5188d\" data-element_type=\"widget\" data-e-type=\"widget\" data-settings=\"{&quot;_animation&quot;:&quot;bounceIn&quot;}\" data-widget_type=\"icon.default\">\n\t\t\t\t<div class=\"elementor-widget-container\">\n\t\t\t\t\t\t\t<div class=\"elementor-icon-wrapper\">\n\t\t\t<a class=\"elementor-icon elementor-animation-pulse\" href=\"#photographe-mariage-landes-pays-basque\">\n\t\t\t<svg aria-hidden=\"true\" class=\"e-font-icon-svg e-fas-chevron-down\" viewBox=\"0 0 448 512\" xmlns=\"http:\/\/www.w3.org\/2000\/svg\"><path d=\"M207.029 381.476L12.686 187.132c-9.373-9.373-9.373-24.569 0-33.941l22.667-22.667c9.357-9.357 24.522-9.375 33.901-.04L224 284.505l154.745-154.021c9.379-9.335 24.544-9.317 33.901.04l22.667 22.667c9.373 9.373 9.373 24.569 0 33.941L240.971 381.476c-9.373 9.372-24.569 9.372-33.942 0z\"><\/path><\/svg>\t\t\t<\/a>\n\t\t<\/div>\n\t\t\t\t\t\t<\/div>\n\t\t\t\t<\/div>\n\t\t\t\t\t<\/div>\n\t\t<\/div>\n\t\t\t\t\t<\/div>\n\t\t<\/section>\n\t\t\t\t<section class=\"elementor-section elementor-top-section elementor-element elementor-element-1447a87 elementor-section-boxed elementor-section-height-default elementor-section-height-default\" data-id=\"1447a87\" data-element_type=\"section\" data-e-type=\"section\" data-settings=\"{&quot;background_background&quot;:&quot;classic&quot;}\">\n\t\t\t\t\t\t<div class=\"elementor-container elementor-column-gap-default\">\n\t\t\t\t\t<div class=\"elementor-column elementor-col-100 elementor-top-column elementor-element elementor-element-7482179\" data-id=\"7482179\" data-element_type=\"column\" data-e-type=\"column\">\n\t\t\t<div class=\"elementor-widget-wrap elementor-element-populated\">\n\t\t\t\t\t\t<section class=\"elementor-section elementor-inner-section elementor-element elementor-element-ef218d1 elementor-section-height-min-height elementor-reverse-mobile animated-slow elementor-section-boxed elementor-section-height-default elementor-invisible\" data-id=\"ef218d1\" data-element_type=\"section\" data-e-type=\"section\" data-settings=\"{&quot;background_background&quot;:&quot;classic&quot;,&quot;animation&quot;:&quot;fadeIn&quot;}\">\n\t\t\t\t\t\t<div class=\"elementor-container elementor-column-gap-default\">\n\t\t\t\t\t<div class=\"elementor-column elementor-col-50 elementor-inner-column elementor-element elementor-element-3250115\" data-id=\"3250115\" data-element_type=\"column\" data-e-type=\"column\">\n\t\t\t<div class=\"elementor-widget-wrap\">\n\t\t\t\t\t\t\t<\/div>\n\t\t<\/div>\n\t\t\t\t<div class=\"elementor-column elementor-col-50 elementor-inner-column elementor-element elementor-element-e2f44a7\" data-id=\"e2f44a7\" data-element_type=\"column\" data-e-type=\"column\">\n\t\t\t<div class=\"elementor-widget-wrap\">\n\t\t\t\t\t\t\t<\/div>\n\t\t<\/div>\n\t\t\t\t\t<\/div>\n\t\t<\/section>\n\t\t\t\t\t<\/div>\n\t\t<\/div>\n\t\t\t\t\t<\/div>\n\t\t<\/section>\n\t\t\t\t<section class=\"elementor-section elementor-top-section elementor-element elementor-element-4a78ddd elementor-section-height-min-height elementor-section-content-top elementor-section-boxed elementor-section-height-default elementor-section-items-middle\" data-id=\"4a78ddd\" data-element_type=\"section\" data-e-type=\"section\" data-settings=\"{&quot;background_background&quot;:&quot;classic&quot;}\">\n\t\t\t\t\t\t<div class=\"elementor-container elementor-column-gap-default\">\n\t\t\t\t\t<div class=\"elementor-column elementor-col-100 elementor-top-column elementor-element elementor-element-6767bbe\" data-id=\"6767bbe\" data-element_type=\"column\" data-e-type=\"column\">\n\t\t\t<div class=\"elementor-widget-wrap elementor-element-populated\">\n\t\t\t\t\t\t<div class=\"elementor-element elementor-element-111f419 elementor-widget elementor-widget-menu-anchor\" data-id=\"111f419\" data-element_type=\"widget\" data-e-type=\"widget\" data-widget_type=\"menu-anchor.default\">\n\t\t\t\t<div class=\"elementor-widget-container\">\n\t\t\t\t\t\t\t<div class=\"elementor-menu-anchor\" id=\"photographe-mariage-landes-pays-basque\"><\/div>\n\t\t\t\t\t\t<\/div>\n\t\t\t\t<\/div>\n\t\t\t\t<div class=\"elementor-element elementor-element-5dc997e elementor-invisible elementor-widget elementor-widget-heading\" data-id=\"5dc997e\" data-element_type=\"widget\" data-e-type=\"widget\" data-settings=\"{&quot;_animation&quot;:&quot;fadeInUp&quot;}\" data-widget_type=\"heading.default\">\n\t\t\t\t<div class=\"elementor-widget-container\">\n\t\t\t\t\t<h3 class=\"elementor-heading-title elementor-size-default\">Connexion \u00b7 authenticit\u00e9 \u00b7 joie \u00b7 spontan\u00e9it\u00e9 \u00b7 douceur<\/h3>\t\t\t\t<\/div>\n\t\t\t\t<\/div>\n\t\t\t\t<div class=\"elementor-element elementor-element-b18519f elementor-invisible elementor-widget elementor-widget-heading\" data-id=\"b18519f\" data-element_type=\"widget\" data-e-type=\"widget\" data-settings=\"{&quot;_animation&quot;:&quot;fadeInUp&quot;}\" data-widget_type=\"heading.default\">\n\t\t\t\t<div class=\"elementor-widget-container\">\n\t\t\t\t\t<h2 class=\"elementor-heading-title elementor-size-default\">Reportage photographie de mariage <br>dans les Landes, au Pays Basque et au-del\u00e0<\/h2>\t\t\t\t<\/div>\n\t\t\t\t<\/div>\n\t\t\t\t<div class=\"elementor-element elementor-element-1f62e7e elementor-invisible elementor-widget elementor-widget-text-editor\" data-id=\"1f62e7e\" data-element_type=\"widget\" data-e-type=\"widget\" data-settings=\"{&quot;_animation&quot;:&quot;fadeInUp&quot;}\" data-widget_type=\"text-editor.default\">\n\t\t\t\t<div class=\"elementor-widget-container\">\n\t\t\t\t\t\t\t\t\t<p>Je suis Ga\u00e9tane Glize, votre photographe de mariage bas\u00e9e \u00e0 Seignosse, dans le sud des Landes. Je me d\u00e9place partout dans les Landes, le Pays Basque ou l\u00e0 o\u00f9 votre amour nous m\u00e8ne ! J\u2019utilise le photo-reportage pour raconter les \u00e9v\u00e9nements le plus fid\u00e8lement possible. J\u2019apporte \u00e0 cette approche discr\u00e8te et sinc\u00e8re une sensibilit\u00e9 forte sur le travail de la composition et de la lumi\u00e8re pour assurer un reportage complet harmonieux et artistique. Mon but est d&#8217;assurer des images naturelles qui perdurent dans le temps. <span style=\"font-style: inherit; font-weight: inherit;\">C&#8217;est l&#8217;id\u00e9al p<\/span><span style=\"font-style: inherit; font-weight: inherit;\">our les \u00e2mes romantiques et sensibles \u00e0 l&#8217;art qui recherchent des photos de mariage authentiques, non pos\u00e9es et remplies de vraies \u00e9motions<\/span><span style=\"font-style: inherit; font-weight: inherit;\">. R\u00e9v\u00e9lons votre complicit\u00e9 et racontons ensemble votre histoire.\u00a0<\/span><span style=\"font-style: inherit; font-weight: inherit;\">D\u00e9couvrez mon approche et mes prestations de photographie de mariage dans les Landes.<\/span><\/p>\t\t\t\t\t\t\t\t<\/div>\n\t\t\t\t<\/div>\n\t\t\t\t<div class=\"elementor-element elementor-element-7d07d9a elementor-invisible elementor-widget elementor-widget-heading\" data-id=\"7d07d9a\" data-element_type=\"widget\" data-e-type=\"widget\" data-settings=\"{&quot;_animation&quot;:&quot;fadeInUp&quot;}\" data-widget_type=\"heading.default\">\n\t\t\t\t<div class=\"elementor-widget-container\">\n\t\t\t\t\t<h3 class=\"elementor-heading-title elementor-size-default\">Des photos de mariage douces, po\u00e9tiques, sensibles et sinc\u00e8res.\u200b<\/h3>\t\t\t\t<\/div>\n\t\t\t\t<\/div>\n\t\t\t\t\t<\/div>\n\t\t<\/div>\n\t\t\t\t\t<\/div>\n\t\t<\/section>\n\t\t\t\t<section class=\"elementor-section elementor-top-section elementor-element elementor-element-b1a6386 elementor-section-boxed elementor-section-height-default elementor-section-height-default\" data-id=\"b1a6386\" data-element_type=\"section\" data-e-type=\"section\" data-settings=\"{&quot;background_background&quot;:&quot;classic&quot;}\">\n\t\t\t\t\t\t<div class=\"elementor-container elementor-column-gap-default\">\n\t\t\t\t\t<div class=\"elementor-column elementor-col-33 elementor-top-column elementor-element elementor-element-914f91c\" data-id=\"914f91c\" data-element_type=\"column\" data-e-type=\"column\">\n\t\t\t<div class=\"elementor-widget-wrap\">\n\t\t\t\t\t\t\t<\/div>\n\t\t<\/div>\n\t\t\t\t<div class=\"elementor-column elementor-col-33 elementor-top-column elementor-element elementor-element-3186da2\" data-id=\"3186da2\" data-element_type=\"column\" data-e-type=\"column\">\n\t\t\t<div class=\"elementor-widget-wrap elementor-element-populated\">\n\t\t\t\t\t\t<div class=\"elementor-element elementor-element-340b012 elementor-invisible elementor-widget elementor-widget-toggle\" data-id=\"340b012\" data-element_type=\"widget\" data-e-type=\"widget\" data-settings=\"{&quot;_animation&quot;:&quot;fadeInUp&quot;}\" data-widget_type=\"toggle.default\">\n\t\t\t\t<div class=\"elementor-widget-container\">\n\t\t\t\t\t\t\t<div class=\"elementor-toggle\">\n\t\t\t\t\t\t\t<div class=\"elementor-toggle-item\">\n\t\t\t\t\t<div id=\"elementor-tab-title-5451\" class=\"elementor-tab-title\" data-tab=\"1\" role=\"button\" aria-controls=\"elementor-tab-content-5451\" aria-expanded=\"false\">\n\t\t\t\t\t\t\t\t\t\t\t\t<span class=\"elementor-toggle-icon elementor-toggle-icon-right\" aria-hidden=\"true\">\n\t\t\t\t\t\t\t\t\t\t\t\t\t\t\t<span class=\"elementor-toggle-icon-closed\"><svg class=\"e-font-icon-svg e-fas-caret-down\" viewBox=\"0 0 320 512\" xmlns=\"http:\/\/www.w3.org\/2000\/svg\"><path d=\"M31.3 192h257.3c17.8 0 26.7 21.5 14.1 34.1L174.1 354.8c-7.8 7.8-20.5 7.8-28.3 0L17.2 226.1C4.6 213.5 13.5 192 31.3 192z\"><\/path><\/svg><\/span>\n\t\t\t\t\t\t\t\t<span class=\"elementor-toggle-icon-opened\"><svg class=\"elementor-toggle-icon-opened e-font-icon-svg e-fas-caret-up\" viewBox=\"0 0 320 512\" xmlns=\"http:\/\/www.w3.org\/2000\/svg\"><path d=\"M288.662 352H31.338c-17.818 0-26.741-21.543-14.142-34.142l128.662-128.662c7.81-7.81 20.474-7.81 28.284 0l128.662 128.662c12.6 12.599 3.676 34.142-14.142 34.142z\"><\/path><\/svg><\/span>\n\t\t\t\t\t\t\t\t\t\t\t\t\t<\/span>\n\t\t\t\t\t\t\t\t\t\t\t\t<a class=\"elementor-toggle-title\" tabindex=\"0\">Menu rapide de la page :<\/a>\n\t\t\t\t\t<\/div>\n\n\t\t\t\t\t<div id=\"elementor-tab-content-5451\" class=\"elementor-tab-content elementor-clearfix\" data-tab=\"1\" role=\"region\" aria-labelledby=\"elementor-tab-title-5451\"><ol><li><a style=\"color: black;\" href=\"#commnet-choisir-photographe-mariage\">Comment choisir votre photographe de mariage ?<\/a><\/li><li><a style=\"color: black;\" href=\"#photographie-mariage-naturelle\">Approche : photographie de mariage non pos\u00e9e<\/a><\/li><li><a style=\"color: black;\" href=\"#experience-mariage\">Votre exp\u00e9rience de mariage authentique<\/a><\/li><li><a style=\"color: black;\" href=\"#photos-mariage-naturelles\">Style de photo : douces, sinc\u00e8res, naturelles et po\u00e9tiques<\/a><\/li><li><a style=\"color: black;\" href=\"#comment-ca-marche\">Comment \u00e7a marche ?<\/a><\/li><li><a style=\"color: black;\" href=\"#avis-photographe-mariage-landes\">Leurs avis sur ma prestation de photographie de mariage<\/a><\/li><li><a style=\"color: black;\" href=\"#tarifs-photographe-mariage\">Tarifs de mes prestations de photographie de mariage<\/a><\/li><li><a style=\"color: black;\" href=\"#portfolio-photographe-mariage-landes\">Portfolio photographe de mariage Landes<\/a><\/li><li><a style=\"color: black;\" href=\"#questions-frequentes\">Questions fr\u00e9quentes<\/a><\/li><li><a style=\"color: black;\" href=\"#contact-photographe-mariage-landes\">Me contacter pour r\u00e9server votre date<\/a><\/li><\/ol><\/div>\n\t\t\t\t<\/div>\n\t\t\t\t\t\t\t\t<\/div>\n\t\t\t\t\t\t<\/div>\n\t\t\t\t<\/div>\n\t\t\t\t\t<\/div>\n\t\t<\/div>\n\t\t\t\t<div class=\"elementor-column elementor-col-33 elementor-top-column elementor-element elementor-element-5a9f70b\" data-id=\"5a9f70b\" data-element_type=\"column\" data-e-type=\"column\">\n\t\t\t<div class=\"elementor-widget-wrap\">\n\t\t\t\t\t\t\t<\/div>\n\t\t<\/div>\n\t\t\t\t\t<\/div>\n\t\t<\/section>\n\t\t\t\t<section class=\"elementor-section elementor-top-section elementor-element elementor-element-f7427d9 elementor-section-height-min-height elementor-section-content-top elementor-section-boxed elementor-section-height-default elementor-section-items-middle\" data-id=\"f7427d9\" data-element_type=\"section\" data-e-type=\"section\" data-settings=\"{&quot;background_background&quot;:&quot;classic&quot;}\">\n\t\t\t\t\t\t<div class=\"elementor-container elementor-column-gap-extended\">\n\t\t\t\t\t<div class=\"elementor-column elementor-col-33 elementor-top-column elementor-element elementor-element-6c2012b\" data-id=\"6c2012b\" data-element_type=\"column\" data-e-type=\"column\">\n\t\t\t<div class=\"elementor-widget-wrap elementor-element-populated\">\n\t\t\t\t\t\t<div class=\"elementor-element elementor-element-2bb713a elementor-invisible elementor-widget elementor-widget-image\" data-id=\"2bb713a\" data-element_type=\"widget\" data-e-type=\"widget\" data-settings=\"{&quot;_animation&quot;:&quot;fadeInUp&quot;}\" data-widget_type=\"image.default\">\n\t\t\t\t<div class=\"elementor-widget-container\">\n\t\t\t\t\t\t\t\t\t\t\t\t\t\t\t<img fetchpriority=\"high\" decoding=\"async\" width=\"768\" height=\"1326\" src=\"https:\/\/gaetaneglize.com\/wp-content\/uploads\/2023\/01\/Wildflower-Hand-768x1326.png\" class=\"attachment-medium_large size-medium_large wp-image-12655\" alt=\"Illustration d\u00e9corative du site de la photographe de mariage Ga\u00e9tane Glize repr\u00e9sentant une main tenant un bouquet de fleurs sauvages\" srcset=\"https:\/\/gaetaneglize.com\/wp-content\/uploads\/2023\/01\/Wildflower-Hand-768x1326.png 768w, https:\/\/gaetaneglize.com\/wp-content\/uploads\/2023\/01\/Wildflower-Hand-174x300.png 174w, https:\/\/gaetaneglize.com\/wp-content\/uploads\/2023\/01\/Wildflower-Hand-593x1024.png 593w, https:\/\/gaetaneglize.com\/wp-content\/uploads\/2023\/01\/Wildflower-Hand-890x1536.png 890w, https:\/\/gaetaneglize.com\/wp-content\/uploads\/2023\/01\/Wildflower-Hand-1186x2048.png 1186w, https:\/\/gaetaneglize.com\/wp-content\/uploads\/2023\/01\/Wildflower-Hand.png 1586w\" sizes=\"(max-width: 768px) 100vw, 768px\" \/>\t\t\t\t\t\t\t\t\t\t\t\t\t\t\t<\/div>\n\t\t\t\t<\/div>\n\t\t\t\t<div class=\"elementor-element elementor-element-43480db elementor-invisible elementor-widget elementor-widget-heading\" data-id=\"43480db\" data-element_type=\"widget\" data-e-type=\"widget\" data-settings=\"{&quot;_animation&quot;:&quot;fadeInUp&quot;,&quot;_animation_delay&quot;:100}\" data-widget_type=\"heading.default\">\n\t\t\t\t<div class=\"elementor-widget-container\">\n\t\t\t\t\t<h4 class=\"elementor-heading-title elementor-size-default\">Photographe et guide sp\u00e9cialiste des mariages intimistes<\/h4>\t\t\t\t<\/div>\n\t\t\t\t<\/div>\n\t\t\t\t<div class=\"elementor-element elementor-element-98faf7c elementor-invisible elementor-widget elementor-widget-text-editor\" data-id=\"98faf7c\" data-element_type=\"widget\" data-e-type=\"widget\" data-settings=\"{&quot;_animation&quot;:&quot;fadeInUp&quot;,&quot;_animation_delay&quot;:150}\" data-widget_type=\"text-editor.default\">\n\t\t\t\t<div class=\"elementor-widget-container\">\n\t\t\t\t\t\t\t\t\t<p class=\"_04xlpA direction-ltr align-justify para-style-body\"><span class=\"JsGRdQ\">Chaque couple est unique, alors je pense que chaque mariage devrait l&#8217;\u00eatre aussi. En fait, je suis convaincue que votre exp\u00e9rience de mariage devrait refl\u00e9ter qui vous \u00eates en tant que personnes et en tant que couple. C&#8217;est pourquoi j&#8217;ai cr\u00e9\u00e9 <b>un guide complet pour pr\u00e9parer votre journ\u00e9e de mariage<\/b> \u00e0 votre image, la vivre pleinement et assurer de supers photos ! En fait, c&#8217;est plut\u00f4t la bible du mariage r\u00e9ussi !\u00a0<\/span><span style=\"font-style: inherit; font-weight: inherit;\">Je suis aussi tr\u00e8s ax\u00e9e sur le fait d\u2019\u00eatre vraiment pr\u00e9sent\u00b7e\u00b7s \u00e0 votre mariage : \u00eatre dans le moment, profiter de chaque instant, vivre chaque \u00e9motion. Je serai l\u00e0 pour vous accompagner vers une exp\u00e9rience de mariage remplie de sens, d&#8217;intentionnalit\u00e9 et d&#8217;authenticit\u00e9.<\/span><\/p>\t\t\t\t\t\t\t\t<\/div>\n\t\t\t\t<\/div>\n\t\t\t\t\t<\/div>\n\t\t<\/div>\n\t\t\t\t<div class=\"elementor-column elementor-col-33 elementor-top-column elementor-element elementor-element-69f93f9\" data-id=\"69f93f9\" data-element_type=\"column\" data-e-type=\"column\">\n\t\t\t<div class=\"elementor-widget-wrap elementor-element-populated\">\n\t\t\t\t\t\t<div class=\"elementor-element elementor-element-ad424dd elementor-invisible elementor-widget elementor-widget-image\" data-id=\"ad424dd\" data-element_type=\"widget\" data-e-type=\"widget\" data-settings=\"{&quot;_animation&quot;:&quot;fadeInUp&quot;,&quot;_animation_delay&quot;:200}\" data-widget_type=\"image.default\">\n\t\t\t\t<div class=\"elementor-widget-container\">\n\t\t\t\t\t\t\t\t\t\t\t\t\t\t\t<img decoding=\"async\" width=\"768\" height=\"1274\" src=\"https:\/\/gaetaneglize.com\/wp-content\/uploads\/2023\/01\/Wildflower-Camera-768x1274.png\" class=\"attachment-medium_large size-medium_large wp-image-12650\" alt=\"Illustration d\u00e9corative du site de la photographe de mariage Ga\u00e9tane Glize repr\u00e9sentant un appareil photo ornement\u00e9 de fleurs sauvages\" srcset=\"https:\/\/gaetaneglize.com\/wp-content\/uploads\/2023\/01\/Wildflower-Camera-768x1274.png 768w, https:\/\/gaetaneglize.com\/wp-content\/uploads\/2023\/01\/Wildflower-Camera-181x300.png 181w, https:\/\/gaetaneglize.com\/wp-content\/uploads\/2023\/01\/Wildflower-Camera-617x1024.png 617w, https:\/\/gaetaneglize.com\/wp-content\/uploads\/2023\/01\/Wildflower-Camera-926x1536.png 926w, https:\/\/gaetaneglize.com\/wp-content\/uploads\/2023\/01\/Wildflower-Camera-1235x2048.png 1235w, https:\/\/gaetaneglize.com\/wp-content\/uploads\/2023\/01\/Wildflower-Camera.png 1534w\" sizes=\"(max-width: 768px) 100vw, 768px\" \/>\t\t\t\t\t\t\t\t\t\t\t\t\t\t\t<\/div>\n\t\t\t\t<\/div>\n\t\t\t\t<div class=\"elementor-element elementor-element-5df8bb5 elementor-invisible elementor-widget elementor-widget-heading\" data-id=\"5df8bb5\" data-element_type=\"widget\" data-e-type=\"widget\" data-settings=\"{&quot;_animation&quot;:&quot;fadeInUp&quot;,&quot;_animation_delay&quot;:250}\" data-widget_type=\"heading.default\">\n\t\t\t\t<div class=\"elementor-widget-container\">\n\t\t\t\t\t<h4 class=\"elementor-heading-title elementor-size-default\">Une approche reportage pour documenter votre mariage<\/h4>\t\t\t\t<\/div>\n\t\t\t\t<\/div>\n\t\t\t\t<div class=\"elementor-element elementor-element-6c3d6f1 elementor-invisible elementor-widget elementor-widget-text-editor\" data-id=\"6c3d6f1\" data-element_type=\"widget\" data-e-type=\"widget\" data-settings=\"{&quot;_animation&quot;:&quot;fadeInUp&quot;,&quot;_animation_delay&quot;:300}\" data-widget_type=\"text-editor.default\">\n\t\t\t\t<div class=\"elementor-widget-container\">\n\t\t\t\t\t\t\t\t\t<p class=\"_04xlpA direction-ltr align-justify para-style-body\">En tant que photographe de mariage, ce qui me fait vibrer, c\u2019est de capter vos personnalit\u00e9s, vos \u00e9motions, l\u2019alchimie qui existe entre vous deux, les relations\/liens avec vos proches, la joie et l\u2019amour qui flottent dans l\u2019air, et ce de mani\u00e8re brute et authentique. J\u2019aime les <b>images naturelles, non pos\u00e9es, prises sur le vif<\/b>. C&#8217;est pour cela que pendant la journ\u00e9e de votre mariage, j&#8217;utilise le photo-reportage. Cela me permet de documenter votre journ\u00e9e de la mani\u00e8re la plus authentique possible. Je me fais discr\u00e8te et me faufile parmi vos proches. Je reste l\u00e0 pour vous guider, notamment pendant les pr\u00e9paratifs, la s\u00e9ance couple et les photos de groupe. Cela me permet d&#8217;assurer un reportage complet harmonieux.<\/p>\t\t\t\t\t\t\t\t<\/div>\n\t\t\t\t<\/div>\n\t\t\t\t\t<\/div>\n\t\t<\/div>\n\t\t\t\t<div class=\"elementor-column elementor-col-33 elementor-top-column elementor-element elementor-element-a36deb3\" data-id=\"a36deb3\" data-element_type=\"column\" data-e-type=\"column\">\n\t\t\t<div class=\"elementor-widget-wrap elementor-element-populated\">\n\t\t\t\t\t\t<div class=\"elementor-element elementor-element-2599947 elementor-invisible elementor-widget elementor-widget-image\" data-id=\"2599947\" data-element_type=\"widget\" data-e-type=\"widget\" data-settings=\"{&quot;_animation&quot;:&quot;fadeInUp&quot;,&quot;_animation_delay&quot;:350}\" data-widget_type=\"image.default\">\n\t\t\t\t<div class=\"elementor-widget-container\">\n\t\t\t\t\t\t\t\t\t\t\t\t\t\t\t<img decoding=\"async\" width=\"768\" height=\"1090\" src=\"https:\/\/gaetaneglize.com\/wp-content\/uploads\/2023\/01\/Wildflower-Boot-768x1090.png\" class=\"attachment-medium_large size-medium_large wp-image-12653\" alt=\"Illustration d\u00e9corative du site de la photographe de mariage Ga\u00e9tane Glize repr\u00e9sentant une chaussure de randonn\u00e9e ornement\u00e9e de fleurs sauvages\" srcset=\"https:\/\/gaetaneglize.com\/wp-content\/uploads\/2023\/01\/Wildflower-Boot-768x1090.png 768w, https:\/\/gaetaneglize.com\/wp-content\/uploads\/2023\/01\/Wildflower-Boot-211x300.png 211w, https:\/\/gaetaneglize.com\/wp-content\/uploads\/2023\/01\/Wildflower-Boot-722x1024.png 722w, https:\/\/gaetaneglize.com\/wp-content\/uploads\/2023\/01\/Wildflower-Boot-1082x1536.png 1082w, https:\/\/gaetaneglize.com\/wp-content\/uploads\/2023\/01\/Wildflower-Boot-1443x2048.png 1443w\" sizes=\"(max-width: 768px) 100vw, 768px\" \/>\t\t\t\t\t\t\t\t\t\t\t\t\t\t\t<\/div>\n\t\t\t\t<\/div>\n\t\t\t\t<div class=\"elementor-element elementor-element-53ddeda elementor-invisible elementor-widget elementor-widget-heading\" data-id=\"53ddeda\" data-element_type=\"widget\" data-e-type=\"widget\" data-settings=\"{&quot;_animation&quot;:&quot;fadeInUp&quot;,&quot;_animation_delay&quot;:400}\" data-widget_type=\"heading.default\">\n\t\t\t\t<div class=\"elementor-widget-container\">\n\t\t\t\t\t<h4 class=\"elementor-heading-title elementor-size-default\">Photographe dans les Landes et partout o\u00f9 il y a de l'amour<\/h4>\t\t\t\t<\/div>\n\t\t\t\t<\/div>\n\t\t\t\t<div class=\"elementor-element elementor-element-c80e4b7 elementor-invisible elementor-widget elementor-widget-text-editor\" data-id=\"c80e4b7\" data-element_type=\"widget\" data-e-type=\"widget\" data-settings=\"{&quot;_animation&quot;:&quot;fadeInUp&quot;,&quot;_animation_delay&quot;:450}\" data-widget_type=\"text-editor.default\">\n\t\t\t\t<div class=\"elementor-widget-container\">\n\t\t\t\t\t\t\t\t\t<p class=\"_04xlpA direction-ltr align-justify para-style-body\">Je suis bas\u00e9e \u00e0 <a href=\"https:\/\/www.seignosse.fr\/\" target=\"_blank\" rel=\"noopener\">Seignosse<\/a>, dans le sud des <a href=\"https:\/\/www.tourismelandes.com\/\" target=\"_blank\" rel=\"noopener\">Landes<\/a>, proche du <a href=\"https:\/\/pays-basque.tourisme64.com\/\" target=\"_blank\" rel=\"noopener\">Pays Basque<\/a> ; entre les f\u00f4rets de pins sans fin, les plages aux dunes sauvages et l&#8217;oc\u00e9an. Un bel endroit tr\u00e8s inspirant, mais que j&#8217;aime aussi quitter pour vous rejoindre dans d&#8217;autres lieux, d&#8217;autres paysages. Changer de d\u00e9cor m&#8217;inspire et me ressource. Alors je suis la premi\u00e8re \u00e0 vous dire qu&#8217;il n&#8217;y a pas de limite pour votre mariage ! Mon sac \u00e0 dos est toujours pr\u00eat et je vous suivrai dans votre aventure de mariage, o\u00f9 qu&#8217;elle soit ! En montagne, en Bretagne, ou m\u00eame \u00e0 l&#8217;\u00e9tranger ! Je vous invite alors \u00e0 me contacter m\u00eame si vous habitez loin, nous \u00e9changerons alors sur votre projet de mariage !<\/p>\t\t\t\t\t\t\t\t<\/div>\n\t\t\t\t<\/div>\n\t\t\t\t\t<\/div>\n\t\t<\/div>\n\t\t\t\t\t<\/div>\n\t\t<\/section>\n\t\t\t\t<section class=\"elementor-section elementor-top-section elementor-element elementor-element-4cbd079 elementor-section-boxed elementor-section-height-default elementor-section-height-default\" data-id=\"4cbd079\" data-element_type=\"section\" data-e-type=\"section\" data-settings=\"{&quot;background_background&quot;:&quot;classic&quot;}\">\n\t\t\t\t\t\t<div class=\"elementor-container elementor-column-gap-default\">\n\t\t\t\t\t<div class=\"elementor-column elementor-col-100 elementor-top-column elementor-element elementor-element-46503a1\" data-id=\"46503a1\" data-element_type=\"column\" data-e-type=\"column\">\n\t\t\t<div class=\"elementor-widget-wrap elementor-element-populated\">\n\t\t\t\t\t\t<section class=\"elementor-section elementor-inner-section elementor-element elementor-element-886f010 elementor-section-height-min-height animated-slow elementor-section-boxed elementor-section-height-default elementor-invisible\" data-id=\"886f010\" data-element_type=\"section\" data-e-type=\"section\" data-settings=\"{&quot;background_background&quot;:&quot;classic&quot;,&quot;animation&quot;:&quot;fadeIn&quot;}\">\n\t\t\t\t\t\t<div class=\"elementor-container elementor-column-gap-default\">\n\t\t\t\t\t<div class=\"elementor-column elementor-col-50 elementor-inner-column elementor-element elementor-element-164859b\" data-id=\"164859b\" data-element_type=\"column\" data-e-type=\"column\">\n\t\t\t<div class=\"elementor-widget-wrap\">\n\t\t\t\t\t\t\t<\/div>\n\t\t<\/div>\n\t\t\t\t<div class=\"elementor-column elementor-col-50 elementor-inner-column elementor-element elementor-element-9326c81\" data-id=\"9326c81\" data-element_type=\"column\" data-e-type=\"column\">\n\t\t\t<div class=\"elementor-widget-wrap\">\n\t\t\t\t\t\t\t<\/div>\n\t\t<\/div>\n\t\t\t\t\t<\/div>\n\t\t<\/section>\n\t\t\t\t\t<\/div>\n\t\t<\/div>\n\t\t\t\t\t<\/div>\n\t\t<\/section>\n\t\t\t\t<section class=\"elementor-section elementor-top-section elementor-element elementor-element-567433f elementor-section-boxed elementor-section-height-default elementor-section-height-default\" data-id=\"567433f\" data-element_type=\"section\" data-e-type=\"section\" data-settings=\"{&quot;background_background&quot;:&quot;classic&quot;}\">\n\t\t\t\t\t\t<div class=\"elementor-container elementor-column-gap-default\">\n\t\t\t\t\t<div class=\"elementor-column elementor-col-50 elementor-top-column elementor-element elementor-element-fb9aa31\" data-id=\"fb9aa31\" data-element_type=\"column\" data-e-type=\"column\">\n\t\t\t<div class=\"elementor-widget-wrap elementor-element-populated\">\n\t\t\t\t\t\t<div class=\"elementor-element elementor-element-34a654d elementor-widget elementor-widget-menu-anchor\" data-id=\"34a654d\" data-element_type=\"widget\" data-e-type=\"widget\" data-widget_type=\"menu-anchor.default\">\n\t\t\t\t<div class=\"elementor-widget-container\">\n\t\t\t\t\t\t\t<div class=\"elementor-menu-anchor\" id=\"commnet-choisir-photographe-mariage\"><\/div>\n\t\t\t\t\t\t<\/div>\n\t\t\t\t<\/div>\n\t\t\t\t<div class=\"elementor-element elementor-element-bbbff29 elementor-invisible elementor-widget elementor-widget-heading\" data-id=\"bbbff29\" data-element_type=\"widget\" data-e-type=\"widget\" data-settings=\"{&quot;_animation&quot;:&quot;fadeInUp&quot;}\" data-widget_type=\"heading.default\">\n\t\t\t\t<div class=\"elementor-widget-container\">\n\t\t\t\t\t<h2 class=\"elementor-heading-title elementor-size-default\">Comment choisir votre photographe de mariage dans les Landes ?<\/h2>\t\t\t\t<\/div>\n\t\t\t\t<\/div>\n\t\t\t\t\t<\/div>\n\t\t<\/div>\n\t\t\t\t<div class=\"elementor-column elementor-col-50 elementor-top-column elementor-element elementor-element-8bc29e7\" data-id=\"8bc29e7\" data-element_type=\"column\" data-e-type=\"column\">\n\t\t\t<div class=\"elementor-widget-wrap\">\n\t\t\t\t\t\t\t<\/div>\n\t\t<\/div>\n\t\t\t\t\t<\/div>\n\t\t<\/section>\n\t\t\t\t<section class=\"elementor-section elementor-top-section elementor-element elementor-element-0109067 elementor-section-boxed elementor-section-height-default elementor-section-height-default\" data-id=\"0109067\" data-element_type=\"section\" data-e-type=\"section\">\n\t\t\t\t\t\t<div class=\"elementor-container elementor-column-gap-default\">\n\t\t\t\t\t<div class=\"elementor-column elementor-col-50 elementor-top-column elementor-element elementor-element-174c8a5\" data-id=\"174c8a5\" data-element_type=\"column\" data-e-type=\"column\">\n\t\t\t<div class=\"elementor-widget-wrap elementor-element-populated\">\n\t\t\t\t\t\t<div class=\"elementor-element elementor-element-82473ce elementor-invisible elementor-widget elementor-widget-text-editor\" data-id=\"82473ce\" data-element_type=\"widget\" data-e-type=\"widget\" data-settings=\"{&quot;_animation&quot;:&quot;fadeInUp&quot;}\" data-widget_type=\"text-editor.default\">\n\t\t\t\t<div class=\"elementor-widget-container\">\n\t\t\t\t\t\t\t\t\t<h5>On est une \u00e9quipe<\/h5><p>Je ne suis pas juste une prestataire de plus dans votre journ\u00e9e, je fais partie de votre \u00e9quipe ! Je vous accompagne avant et pendant votre mariage : vous conseiller, vous guider, vous inspirer, vous aider \u00e0 profiter pleinement de chaque instant, vous soutenir, telle est ma mission.\u00a0<span style=\"font-size: 1rem;\">Votre journ\u00e9e a de l\u2019importance, elle compte pour moi, alors je mets toute mon \u00e2me dans les \u00e9changes que nous avons, les moments que nous partageons et les photos que je cr\u00e9e pour vous.<\/span><\/p>\t\t\t\t\t\t\t\t<\/div>\n\t\t\t\t<\/div>\n\t\t\t\t<div class=\"elementor-element elementor-element-5c3ebe5 elementor-invisible elementor-widget elementor-widget-text-editor\" data-id=\"5c3ebe5\" data-element_type=\"widget\" data-e-type=\"widget\" data-settings=\"{&quot;_animation&quot;:&quot;fadeInUp&quot;}\" data-widget_type=\"text-editor.default\">\n\t\t\t\t<div class=\"elementor-widget-container\">\n\t\t\t\t\t\t\t\t\t<h5>Une histoire de connexion<\/h5><p>Le jour de votre mariage, je suis \u00e0 vos c\u00f4t\u00e9s tout au long de la journ\u00e9e, je suis la personne que vous verrez le plus ! Alors m\u00eame si je suis discr\u00e8te, il est essentiel que vous vous sentiez \u00e0 l&#8217;aise avec moi pour \u00eatre pleinement vous-m\u00eames. <span style=\"font-style: inherit; font-weight: inherit;\">Cette connexion nous permettra de construire un lien de confiance, elle est la cl\u00e9 pour capturer des photos de mariage naturelles et sinc\u00e8res.<\/span><span style=\"font-style: inherit; font-weight: inherit;\"> Lorsque nous partageons une vraie complicit\u00e9, cela transpara\u00eet dans chaque photo : vos regards sinc\u00e8res, vos \u00e9clats de rire, votre joie partag\u00e9e avec vos proches, vos instants de tendresse sont captur\u00e9s de fa\u00e7on authentique. <\/span><\/p>\t\t\t\t\t\t\t\t<\/div>\n\t\t\t\t<\/div>\n\t\t\t\t<div class=\"elementor-element elementor-element-81fdd9d elementor-invisible elementor-widget elementor-widget-text-editor\" data-id=\"81fdd9d\" data-element_type=\"widget\" data-e-type=\"widget\" data-settings=\"{&quot;_animation&quot;:&quot;fadeInUp&quot;}\" data-widget_type=\"text-editor.default\">\n\t\t\t\t<div class=\"elementor-widget-container\">\n\t\t\t\t\t\t\t\t\t<h5>Des \u00e9motions \u00e0 revivre<\/h5><p>Avec vos photos de mariage, j&#8217;ai \u00e0 coeur de vous faire vivre et revivre toutes les \u00e9motions qui \u00e9taient pr\u00e9sentes ce jour-l\u00e0, de vous rappeler les sensations qui vous ont fait vibrer, les frissons qui ont parcouru votre corps, l&#8217;environnement qui vous entourait&#8230;\u00a0<span style=\"font-style: inherit; font-weight: inherit;\">En saisissant les d\u00e9tails \u00e9ph\u00e9m\u00e8res et la magie de l\u2019instant, je m\u2019assure que ces souvenirs \u00e9ph\u00e9m\u00e8res traversent les \u00e2ges, avec un style doux, naturel et rempli de po\u00e9sie.\u00a0<\/span><span style=\"font-style: inherit; font-weight: inherit;\">Si vous cherchez une photographe dont l\u2019univers vous inspire et qui privil\u00e9gie l\u2019authenticit\u00e9 et la discr\u00e9tion, alors je pense que nous sommes faits pour nous rencontrer.<\/span><\/p>\t\t\t\t\t\t\t\t<\/div>\n\t\t\t\t<\/div>\n\t\t\t\t\t<\/div>\n\t\t<\/div>\n\t\t\t\t<div class=\"elementor-column elementor-col-50 elementor-top-column elementor-element elementor-element-250b165\" data-id=\"250b165\" data-element_type=\"column\" data-e-type=\"column\">\n\t\t\t<div class=\"elementor-widget-wrap elementor-element-populated\">\n\t\t\t\t\t\t<div class=\"elementor-element elementor-element-7a59068 elementor-invisible elementor-widget elementor-widget-image\" data-id=\"7a59068\" data-element_type=\"widget\" data-e-type=\"widget\" data-settings=\"{&quot;_animation&quot;:&quot;fadeInRight&quot;}\" data-widget_type=\"image.default\">\n\t\t\t\t<div class=\"elementor-widget-container\">\n\t\t\t\t\t\t\t\t\t\t\t\t\t\t\t<img loading=\"lazy\" decoding=\"async\" width=\"683\" height=\"1024\" src=\"https:\/\/gaetaneglize.com\/wp-content\/uploads\/2024\/12\/michelle-bertrand-mariage-chateau-amou-landes-preview-1041_websize-1-683x1024.jpg\" class=\"attachment-large size-large wp-image-15693\" alt=\"La mari\u00e9e pleure des larmes d&#039;\u00e9motion en regardant son mari dans les yeux. Elle est submerg\u00e9e par tout l&#039;amour ressenti. Un moment pris pendant leur s\u00e9ance couple le jour de leur mariage par la photographe de mariage Ga\u00e9tane Glize.\" srcset=\"https:\/\/gaetaneglize.com\/wp-content\/uploads\/2024\/12\/michelle-bertrand-mariage-chateau-amou-landes-preview-1041_websize-1-683x1024.jpg 683w, https:\/\/gaetaneglize.com\/wp-content\/uploads\/2024\/12\/michelle-bertrand-mariage-chateau-amou-landes-preview-1041_websize-1-200x300.jpg 200w, https:\/\/gaetaneglize.com\/wp-content\/uploads\/2024\/12\/michelle-bertrand-mariage-chateau-amou-landes-preview-1041_websize-1-768x1152.jpg 768w, https:\/\/gaetaneglize.com\/wp-content\/uploads\/2024\/12\/michelle-bertrand-mariage-chateau-amou-landes-preview-1041_websize-1-1024x1536.jpg 1024w, https:\/\/gaetaneglize.com\/wp-content\/uploads\/2024\/12\/michelle-bertrand-mariage-chateau-amou-landes-preview-1041_websize-1.jpg 1067w\" sizes=\"(max-width: 683px) 100vw, 683px\" \/>\t\t\t\t\t\t\t\t\t\t\t\t\t\t\t<\/div>\n\t\t\t\t<\/div>\n\t\t\t\t<div class=\"elementor-element elementor-element-f403d9a elementor-invisible elementor-widget elementor-widget-image\" data-id=\"f403d9a\" data-element_type=\"widget\" data-e-type=\"widget\" data-settings=\"{&quot;_animation&quot;:&quot;fadeInUp&quot;}\" data-widget_type=\"image.default\">\n\t\t\t\t<div class=\"elementor-widget-container\">\n\t\t\t\t\t\t\t\t\t\t\t\t\t\t\t<img loading=\"lazy\" decoding=\"async\" width=\"2200\" height=\"1467\" src=\"https:\/\/gaetaneglize.com\/wp-content\/uploads\/2024\/12\/noemie-alix-photographie-mariage-domaine-bassibe-gers-1704-animation_websize2.gif\" class=\"attachment-full size-full wp-image-15904\" alt=\"Les mari\u00e9s remontent l&#039;all\u00e9e \u00e0 la fin de leur c\u00e9r\u00e9monie de mariage au domaine de Bassib\u00e9 dans le Gers, ils sont accueillis par leurs invit\u00e9s qui leur jettent des p\u00e9tales de fleurs.\" \/>\t\t\t\t\t\t\t\t\t\t\t\t\t\t\t<\/div>\n\t\t\t\t<\/div>\n\t\t\t\t<div class=\"elementor-element elementor-element-7849c7e elementor-align-center elementor-invisible elementor-widget elementor-widget-button\" data-id=\"7849c7e\" data-element_type=\"widget\" data-e-type=\"widget\" data-settings=\"{&quot;_animation&quot;:&quot;fadeInUp&quot;}\" data-widget_type=\"button.default\">\n\t\t\t\t<div class=\"elementor-widget-container\">\n\t\t\t\t\t\t\t\t\t<div class=\"elementor-button-wrapper\">\n\t\t\t\t\t<a class=\"elementor-button elementor-button-link elementor-size-sm elementor-animation-float\" href=\"#contact-photographe-mariage-landes\">\n\t\t\t\t\t\t<span class=\"elementor-button-content-wrapper\">\n\t\t\t\t\t\t\t\t\t<span class=\"elementor-button-text\">On veut plus d'infos &gt;<\/span>\n\t\t\t\t\t<\/span>\n\t\t\t\t\t<\/a>\n\t\t\t\t<\/div>\n\t\t\t\t\t\t\t\t<\/div>\n\t\t\t\t<\/div>\n\t\t\t\t\t<\/div>\n\t\t<\/div>\n\t\t\t\t\t<\/div>\n\t\t<\/section>\n\t\t\t\t<section class=\"elementor-section elementor-top-section elementor-element elementor-element-f153fe1 elementor-section-full_width elementor-hidden-mobile elementor-section-height-default elementor-section-height-default\" data-id=\"f153fe1\" data-element_type=\"section\" data-e-type=\"section\">\n\t\t\t\t\t\t<div class=\"elementor-container elementor-column-gap-default\">\n\t\t\t\t\t<div class=\"elementor-column elementor-col-50 elementor-top-column elementor-element elementor-element-762e3df\" data-id=\"762e3df\" data-element_type=\"column\" data-e-type=\"column\" data-settings=\"{&quot;background_background&quot;:&quot;classic&quot;}\">\n\t\t\t<div class=\"elementor-widget-wrap\">\n\t\t\t\t\t\t\t<\/div>\n\t\t<\/div>\n\t\t\t\t<div class=\"elementor-column elementor-col-50 elementor-top-column elementor-element elementor-element-cfd8b09\" data-id=\"cfd8b09\" data-element_type=\"column\" data-e-type=\"column\" data-settings=\"{&quot;background_background&quot;:&quot;classic&quot;}\">\n\t\t\t<div class=\"elementor-widget-wrap elementor-element-populated\">\n\t\t\t\t\t\t<div class=\"elementor-element elementor-element-035d357 elementor-widget elementor-widget-spacer\" data-id=\"035d357\" data-element_type=\"widget\" data-e-type=\"widget\" data-widget_type=\"spacer.default\">\n\t\t\t\t<div class=\"elementor-widget-container\">\n\t\t\t\t\t\t\t<div class=\"elementor-spacer\">\n\t\t\t<div class=\"elementor-spacer-inner\"><\/div>\n\t\t<\/div>\n\t\t\t\t\t\t<\/div>\n\t\t\t\t<\/div>\n\t\t\t\t\t<\/div>\n\t\t<\/div>\n\t\t\t\t\t<\/div>\n\t\t<\/section>\n\t\t\t\t<section class=\"elementor-section elementor-top-section elementor-element elementor-element-6c6647c elementor-section-boxed elementor-section-height-default elementor-section-height-default\" data-id=\"6c6647c\" data-element_type=\"section\" data-e-type=\"section\">\n\t\t\t\t\t\t<div class=\"elementor-container elementor-column-gap-default\">\n\t\t\t\t\t<div class=\"elementor-column elementor-col-100 elementor-top-column elementor-element elementor-element-3bbc41b\" data-id=\"3bbc41b\" data-element_type=\"column\" data-e-type=\"column\" data-settings=\"{&quot;background_background&quot;:&quot;classic&quot;}\">\n\t\t\t<div class=\"elementor-widget-wrap elementor-element-populated\">\n\t\t\t\t\t\t<div class=\"elementor-element elementor-element-7520024 elementor-widget elementor-widget-menu-anchor\" data-id=\"7520024\" data-element_type=\"widget\" data-e-type=\"widget\" data-widget_type=\"menu-anchor.default\">\n\t\t\t\t<div class=\"elementor-widget-container\">\n\t\t\t\t\t\t\t<div class=\"elementor-menu-anchor\" id=\"photographie-mariage-naturelle\"><\/div>\n\t\t\t\t\t\t<\/div>\n\t\t\t\t<\/div>\n\t\t\t\t<div class=\"elementor-element elementor-element-9a80ada elementor-invisible elementor-widget elementor-widget-heading\" data-id=\"9a80ada\" data-element_type=\"widget\" data-e-type=\"widget\" data-settings=\"{&quot;_animation&quot;:&quot;fadeInLeft&quot;}\" data-widget_type=\"heading.default\">\n\t\t\t\t<div class=\"elementor-widget-container\">\n\t\t\t\t\t<h3 class=\"elementor-heading-title elementor-size-default\">Photographie de mariage non traditionnelle<\/h3>\t\t\t\t<\/div>\n\t\t\t\t<\/div>\n\t\t\t\t<div class=\"elementor-element elementor-element-33a3edb elementor-invisible elementor-widget elementor-widget-heading\" data-id=\"33a3edb\" data-element_type=\"widget\" data-e-type=\"widget\" data-settings=\"{&quot;_animation&quot;:&quot;fadeInLeft&quot;}\" data-widget_type=\"heading.default\">\n\t\t\t\t<div class=\"elementor-widget-container\">\n\t\t\t\t\t<h2 class=\"elementor-heading-title elementor-size-default\">Vous n'aimez pas poser ? \u00c7a tombe bien, moi non plus.<\/h2>\t\t\t\t<\/div>\n\t\t\t\t<\/div>\n\t\t\t\t<section class=\"elementor-section elementor-inner-section elementor-element elementor-element-cefc36c elementor-section-boxed elementor-section-height-default elementor-section-height-default\" data-id=\"cefc36c\" data-element_type=\"section\" data-e-type=\"section\">\n\t\t\t\t\t\t<div class=\"elementor-container elementor-column-gap-default\">\n\t\t\t\t\t<div class=\"elementor-column elementor-col-50 elementor-inner-column elementor-element elementor-element-ee060e2\" data-id=\"ee060e2\" data-element_type=\"column\" data-e-type=\"column\">\n\t\t\t<div class=\"elementor-widget-wrap elementor-element-populated\">\n\t\t\t\t\t\t<section class=\"elementor-section elementor-inner-section elementor-element elementor-element-a1874b0 elementor-section-boxed elementor-section-height-default elementor-section-height-default\" data-id=\"a1874b0\" data-element_type=\"section\" data-e-type=\"section\">\n\t\t\t\t\t\t<div class=\"elementor-container elementor-column-gap-default\">\n\t\t\t\t\t<div class=\"elementor-column elementor-col-33 elementor-inner-column elementor-element elementor-element-3ac4b0e\" data-id=\"3ac4b0e\" data-element_type=\"column\" data-e-type=\"column\">\n\t\t\t<div class=\"elementor-widget-wrap\">\n\t\t\t\t\t\t\t<\/div>\n\t\t<\/div>\n\t\t\t\t<div class=\"elementor-column elementor-col-33 elementor-inner-column elementor-element elementor-element-90b3401\" data-id=\"90b3401\" data-element_type=\"column\" data-e-type=\"column\">\n\t\t\t<div class=\"elementor-widget-wrap elementor-element-populated\">\n\t\t\t\t\t\t<div class=\"elementor-element elementor-element-33ba913 elementor-view-default elementor-invisible elementor-widget elementor-widget-icon\" data-id=\"33ba913\" data-element_type=\"widget\" data-e-type=\"widget\" data-settings=\"{&quot;_animation&quot;:&quot;fadeInUp&quot;}\" data-widget_type=\"icon.default\">\n\t\t\t\t<div class=\"elementor-widget-container\">\n\t\t\t\t\t\t\t<div class=\"elementor-icon-wrapper\">\n\t\t\t<div class=\"elementor-icon\">\n\t\t\t<svg aria-hidden=\"true\" class=\"e-font-icon-svg e-far-check-circle\" viewBox=\"0 0 512 512\" xmlns=\"http:\/\/www.w3.org\/2000\/svg\"><path d=\"M256 8C119.033 8 8 119.033 8 256s111.033 248 248 248 248-111.033 248-248S392.967 8 256 8zm0 48c110.532 0 200 89.451 200 200 0 110.532-89.451 200-200 200-110.532 0-200-89.451-200-200 0-110.532 89.451-200 200-200m140.204 130.267l-22.536-22.718c-4.667-4.705-12.265-4.736-16.97-.068L215.346 303.697l-59.792-60.277c-4.667-4.705-12.265-4.736-16.97-.069l-22.719 22.536c-4.705 4.667-4.736 12.265-.068 16.971l90.781 91.516c4.667 4.705 12.265 4.736 16.97.068l172.589-171.204c4.704-4.668 4.734-12.266.067-16.971z\"><\/path><\/svg>\t\t\t<\/div>\n\t\t<\/div>\n\t\t\t\t\t\t<\/div>\n\t\t\t\t<\/div>\n\t\t\t\t\t<\/div>\n\t\t<\/div>\n\t\t\t\t<div class=\"elementor-column elementor-col-33 elementor-inner-column elementor-element elementor-element-2c4e3b1\" data-id=\"2c4e3b1\" data-element_type=\"column\" data-e-type=\"column\">\n\t\t\t<div class=\"elementor-widget-wrap elementor-element-populated\">\n\t\t\t\t\t\t<div class=\"elementor-element elementor-element-7b539ac elementor-invisible elementor-widget elementor-widget-text-editor\" data-id=\"7b539ac\" data-element_type=\"widget\" data-e-type=\"widget\" data-settings=\"{&quot;_animation&quot;:&quot;fadeInUp&quot;,&quot;_animation_delay&quot;:100}\" data-widget_type=\"text-editor.default\">\n\t\t\t\t<div class=\"elementor-widget-container\">\n\t\t\t\t\t\t\t\t\t<p><strong>Des instants <em>vrais<\/em> et non pos\u00e9s<\/strong> : Vous n&#8217;aimez pas poser ? \u00c7a tombe bien, moi non plus ! Ici, pas de moments fabriqu\u00e9s ni d&#8217;\u00e9motions forc\u00e9es, mais des moments vrais et naturels. Ma mission est de vous mettre \u00e0 l&#8217;aise pour que vous puissiez \u00eatre pleinement vous-m\u00eames. Je vous propose alors une prestation de photographie de mariage pendant laquelle : vous vous sentez \u00e0 l\u2019aise d\u2019\u00eatre vous-m\u00eames, vous oubliez ma pr\u00e9sence, vous passez un bon moment et vous cr\u00e9ez des souvenirs authentiques.<\/p>\t\t\t\t\t\t\t\t<\/div>\n\t\t\t\t<\/div>\n\t\t\t\t\t<\/div>\n\t\t<\/div>\n\t\t\t\t\t<\/div>\n\t\t<\/section>\n\t\t\t\t<section class=\"elementor-section elementor-inner-section elementor-element elementor-element-7198ac4 elementor-section-boxed elementor-section-height-default elementor-section-height-default\" data-id=\"7198ac4\" data-element_type=\"section\" data-e-type=\"section\">\n\t\t\t\t\t\t<div class=\"elementor-container elementor-column-gap-default\">\n\t\t\t\t\t<div class=\"elementor-column elementor-col-33 elementor-inner-column elementor-element elementor-element-085ac00\" data-id=\"085ac00\" data-element_type=\"column\" data-e-type=\"column\">\n\t\t\t<div class=\"elementor-widget-wrap\">\n\t\t\t\t\t\t\t<\/div>\n\t\t<\/div>\n\t\t\t\t<div class=\"elementor-column elementor-col-33 elementor-inner-column elementor-element elementor-element-b7d3779\" data-id=\"b7d3779\" data-element_type=\"column\" data-e-type=\"column\">\n\t\t\t<div class=\"elementor-widget-wrap elementor-element-populated\">\n\t\t\t\t\t\t<div class=\"elementor-element elementor-element-99b44e4 elementor-view-default elementor-widget elementor-widget-icon\" data-id=\"99b44e4\" data-element_type=\"widget\" data-e-type=\"widget\" data-widget_type=\"icon.default\">\n\t\t\t\t<div class=\"elementor-widget-container\">\n\t\t\t\t\t\t\t<div class=\"elementor-icon-wrapper\">\n\t\t\t<div class=\"elementor-icon\">\n\t\t\t<svg aria-hidden=\"true\" class=\"e-font-icon-svg e-far-check-circle\" viewBox=\"0 0 512 512\" xmlns=\"http:\/\/www.w3.org\/2000\/svg\"><path d=\"M256 8C119.033 8 8 119.033 8 256s111.033 248 248 248 248-111.033 248-248S392.967 8 256 8zm0 48c110.532 0 200 89.451 200 200 0 110.532-89.451 200-200 200-110.532 0-200-89.451-200-200 0-110.532 89.451-200 200-200m140.204 130.267l-22.536-22.718c-4.667-4.705-12.265-4.736-16.97-.068L215.346 303.697l-59.792-60.277c-4.667-4.705-12.265-4.736-16.97-.069l-22.719 22.536c-4.705 4.667-4.736 12.265-.068 16.971l90.781 91.516c4.667 4.705 12.265 4.736 16.97.068l172.589-171.204c4.704-4.668 4.734-12.266.067-16.971z\"><\/path><\/svg>\t\t\t<\/div>\n\t\t<\/div>\n\t\t\t\t\t\t<\/div>\n\t\t\t\t<\/div>\n\t\t\t\t\t<\/div>\n\t\t<\/div>\n\t\t\t\t<div class=\"elementor-column elementor-col-33 elementor-inner-column elementor-element elementor-element-d67a19c\" data-id=\"d67a19c\" data-element_type=\"column\" data-e-type=\"column\">\n\t\t\t<div class=\"elementor-widget-wrap elementor-element-populated\">\n\t\t\t\t\t\t<div class=\"elementor-element elementor-element-a2f962e elementor-invisible elementor-widget elementor-widget-text-editor\" data-id=\"a2f962e\" data-element_type=\"widget\" data-e-type=\"widget\" data-settings=\"{&quot;_animation&quot;:&quot;fadeInUp&quot;,&quot;_animation_delay&quot;:100}\" data-widget_type=\"text-editor.default\">\n\t\t\t\t<div class=\"elementor-widget-container\">\n\t\t\t\t\t\t\t\t\t<p><strong>Des <em>\u00e9motions<\/em> qui traversent le temps <\/strong>:\u00a0Je souhaite que lorsque vous regarderez vos photos dans 1 an ou dans 20 ans, vous ressentiez \u00e0 nouveau la puissance des \u00e9motions qui ont parcouru votre corps ce jour-l\u00e0. Rires aux \u00e9clats. Larmes. Frissons.\u00a0 Euphorie. Douceur. Joie. Folie douce. Amour. La seule mani\u00e8re de pr\u00e9server ces \u00e9motions dans le temps, c&#8217;est de les vivre pour de vrai le jour J.\u00a0 Je vous accompagne en amont et vous guide pendant votre mariage pour que vous viviez chaque moment pleinement, et assurer ainsi des photos naturelles, prises sur le vif remplies de vraies \u00e9motions.<\/p>\t\t\t\t\t\t\t\t<\/div>\n\t\t\t\t<\/div>\n\t\t\t\t\t<\/div>\n\t\t<\/div>\n\t\t\t\t\t<\/div>\n\t\t<\/section>\n\t\t\t\t<section class=\"elementor-section elementor-inner-section elementor-element elementor-element-90e893c elementor-section-boxed elementor-section-height-default elementor-section-height-default\" data-id=\"90e893c\" data-element_type=\"section\" data-e-type=\"section\">\n\t\t\t\t\t\t<div class=\"elementor-container elementor-column-gap-default\">\n\t\t\t\t\t<div class=\"elementor-column elementor-col-33 elementor-inner-column elementor-element elementor-element-3d9d501\" data-id=\"3d9d501\" data-element_type=\"column\" data-e-type=\"column\">\n\t\t\t<div class=\"elementor-widget-wrap\">\n\t\t\t\t\t\t\t<\/div>\n\t\t<\/div>\n\t\t\t\t<div class=\"elementor-column elementor-col-33 elementor-inner-column elementor-element elementor-element-18174d6\" data-id=\"18174d6\" data-element_type=\"column\" data-e-type=\"column\">\n\t\t\t<div class=\"elementor-widget-wrap elementor-element-populated\">\n\t\t\t\t\t\t<div class=\"elementor-element elementor-element-fb82abb elementor-view-default elementor-widget elementor-widget-icon\" data-id=\"fb82abb\" data-element_type=\"widget\" data-e-type=\"widget\" data-widget_type=\"icon.default\">\n\t\t\t\t<div class=\"elementor-widget-container\">\n\t\t\t\t\t\t\t<div class=\"elementor-icon-wrapper\">\n\t\t\t<div class=\"elementor-icon\">\n\t\t\t<svg aria-hidden=\"true\" class=\"e-font-icon-svg e-far-check-circle\" viewBox=\"0 0 512 512\" xmlns=\"http:\/\/www.w3.org\/2000\/svg\"><path d=\"M256 8C119.033 8 8 119.033 8 256s111.033 248 248 248 248-111.033 248-248S392.967 8 256 8zm0 48c110.532 0 200 89.451 200 200 0 110.532-89.451 200-200 200-110.532 0-200-89.451-200-200 0-110.532 89.451-200 200-200m140.204 130.267l-22.536-22.718c-4.667-4.705-12.265-4.736-16.97-.068L215.346 303.697l-59.792-60.277c-4.667-4.705-12.265-4.736-16.97-.069l-22.719 22.536c-4.705 4.667-4.736 12.265-.068 16.971l90.781 91.516c4.667 4.705 12.265 4.736 16.97.068l172.589-171.204c4.704-4.668 4.734-12.266.067-16.971z\"><\/path><\/svg>\t\t\t<\/div>\n\t\t<\/div>\n\t\t\t\t\t\t<\/div>\n\t\t\t\t<\/div>\n\t\t\t\t\t<\/div>\n\t\t<\/div>\n\t\t\t\t<div class=\"elementor-column elementor-col-33 elementor-inner-column elementor-element elementor-element-97e7b6e\" data-id=\"97e7b6e\" data-element_type=\"column\" data-e-type=\"column\">\n\t\t\t<div class=\"elementor-widget-wrap elementor-element-populated\">\n\t\t\t\t\t\t<div class=\"elementor-element elementor-element-306508b elementor-invisible elementor-widget elementor-widget-text-editor\" data-id=\"306508b\" data-element_type=\"widget\" data-e-type=\"widget\" data-settings=\"{&quot;_animation&quot;:&quot;fadeInUp&quot;,&quot;_animation_delay&quot;:100}\" data-widget_type=\"text-editor.default\">\n\t\t\t\t<div class=\"elementor-widget-container\">\n\t\t\t\t\t\t\t\t\t<p><strong>Raconter <em>votre<\/em> histoire <\/strong>: Je suis fascin\u00e9e par les histoires de vie et en particulier par les histoires d&#8217;amour. L&#8217;histoire de votre couple. Comment vous vous \u00eates trouv\u00e9s, ce que vous aimez faire ensemble, vos petits rituels d&#8217;amour&#8230; Tout cela est important car ces choses vous rendent uniques. Elles me permettent d&#8217;apprendre \u00e0 mieux vous conna\u00eetre et m&#8217;inspirent ainsi \u00e0 cr\u00e9er des souvenirs authentiques qui vous ressemblent vraiment.\u00a0<\/p>\t\t\t\t\t\t\t\t<\/div>\n\t\t\t\t<\/div>\n\t\t\t\t\t<\/div>\n\t\t<\/div>\n\t\t\t\t\t<\/div>\n\t\t<\/section>\n\t\t\t\t<section class=\"elementor-section elementor-inner-section elementor-element elementor-element-4b7769d elementor-section-boxed elementor-section-height-default elementor-section-height-default\" data-id=\"4b7769d\" data-element_type=\"section\" data-e-type=\"section\">\n\t\t\t\t\t\t<div class=\"elementor-container elementor-column-gap-default\">\n\t\t\t\t\t<div class=\"elementor-column elementor-col-33 elementor-inner-column elementor-element elementor-element-076168f\" data-id=\"076168f\" data-element_type=\"column\" data-e-type=\"column\">\n\t\t\t<div class=\"elementor-widget-wrap\">\n\t\t\t\t\t\t\t<\/div>\n\t\t<\/div>\n\t\t\t\t<div class=\"elementor-column elementor-col-33 elementor-inner-column elementor-element elementor-element-0de1f08\" data-id=\"0de1f08\" data-element_type=\"column\" data-e-type=\"column\">\n\t\t\t<div class=\"elementor-widget-wrap elementor-element-populated\">\n\t\t\t\t\t\t<div class=\"elementor-element elementor-element-4c2ece8 elementor-view-default elementor-widget elementor-widget-icon\" data-id=\"4c2ece8\" data-element_type=\"widget\" data-e-type=\"widget\" data-widget_type=\"icon.default\">\n\t\t\t\t<div class=\"elementor-widget-container\">\n\t\t\t\t\t\t\t<div class=\"elementor-icon-wrapper\">\n\t\t\t<div class=\"elementor-icon\">\n\t\t\t<svg aria-hidden=\"true\" class=\"e-font-icon-svg e-far-check-circle\" viewBox=\"0 0 512 512\" xmlns=\"http:\/\/www.w3.org\/2000\/svg\"><path d=\"M256 8C119.033 8 8 119.033 8 256s111.033 248 248 248 248-111.033 248-248S392.967 8 256 8zm0 48c110.532 0 200 89.451 200 200 0 110.532-89.451 200-200 200-110.532 0-200-89.451-200-200 0-110.532 89.451-200 200-200m140.204 130.267l-22.536-22.718c-4.667-4.705-12.265-4.736-16.97-.068L215.346 303.697l-59.792-60.277c-4.667-4.705-12.265-4.736-16.97-.069l-22.719 22.536c-4.705 4.667-4.736 12.265-.068 16.971l90.781 91.516c4.667 4.705 12.265 4.736 16.97.068l172.589-171.204c4.704-4.668 4.734-12.266.067-16.971z\"><\/path><\/svg>\t\t\t<\/div>\n\t\t<\/div>\n\t\t\t\t\t\t<\/div>\n\t\t\t\t<\/div>\n\t\t\t\t\t<\/div>\n\t\t<\/div>\n\t\t\t\t<div class=\"elementor-column elementor-col-33 elementor-inner-column elementor-element elementor-element-9c5cbdb\" data-id=\"9c5cbdb\" data-element_type=\"column\" data-e-type=\"column\">\n\t\t\t<div class=\"elementor-widget-wrap elementor-element-populated\">\n\t\t\t\t\t\t<div class=\"elementor-element elementor-element-e9e2367 elementor-invisible elementor-widget elementor-widget-text-editor\" data-id=\"e9e2367\" data-element_type=\"widget\" data-e-type=\"widget\" data-settings=\"{&quot;_animation&quot;:&quot;fadeInUp&quot;,&quot;_animation_delay&quot;:100}\" data-widget_type=\"text-editor.default\">\n\t\t\t\t<div class=\"elementor-widget-container\">\n\t\t\t\t\t\t\t\t\t<p><strong>Une <em>narration<\/em> sensible et cin\u00e9matique <\/strong>: Votre journ\u00e9e de mariage est une histoire qui s&#8217;inscrit dans le grand r\u00e9cit de votre histoire d&#8217;amour, je souhaite la raconter image apr\u00e8s image de la mani\u00e8re la plus vraie, \u00e9motionnelle et po\u00e9tique possible. Si vous \u00eates des \u00e2mes romantiques, des r\u00eaveurs, des esprits cr\u00e9atifs et avec une sensibilit\u00e9 artistique, et que vous recherchez des photos de mariage artistiques, intemporelles et\u00a0 authentiques&#8230; Vous \u00eates au bon endroit !<\/p>\t\t\t\t\t\t\t\t<\/div>\n\t\t\t\t<\/div>\n\t\t\t\t<div class=\"elementor-element elementor-element-2dd732b elementor-align-center elementor-invisible elementor-widget elementor-widget-button\" data-id=\"2dd732b\" data-element_type=\"widget\" data-e-type=\"widget\" data-settings=\"{&quot;_animation&quot;:&quot;fadeInUp&quot;}\" data-widget_type=\"button.default\">\n\t\t\t\t<div class=\"elementor-widget-container\">\n\t\t\t\t\t\t\t\t\t<div class=\"elementor-button-wrapper\">\n\t\t\t\t\t<a class=\"elementor-button elementor-button-link elementor-size-sm elementor-animation-float\" href=\"#contact-photographe-mariage-landes\">\n\t\t\t\t\t\t<span class=\"elementor-button-content-wrapper\">\n\t\t\t\t\t\t\t\t\t<span class=\"elementor-button-text\">On prend RDV avec toi &gt;<\/span>\n\t\t\t\t\t<\/span>\n\t\t\t\t\t<\/a>\n\t\t\t\t<\/div>\n\t\t\t\t\t\t\t\t<\/div>\n\t\t\t\t<\/div>\n\t\t\t\t\t<\/div>\n\t\t<\/div>\n\t\t\t\t\t<\/div>\n\t\t<\/section>\n\t\t\t\t\t<\/div>\n\t\t<\/div>\n\t\t\t\t<div class=\"elementor-column elementor-col-50 elementor-inner-column elementor-element elementor-element-a3c71ac\" data-id=\"a3c71ac\" data-element_type=\"column\" data-e-type=\"column\">\n\t\t\t<div class=\"elementor-widget-wrap elementor-element-populated\">\n\t\t\t\t\t\t<div class=\"elementor-element elementor-element-b336a47 elementor-invisible elementor-widget elementor-widget-image-carousel\" data-id=\"b336a47\" data-element_type=\"widget\" data-e-type=\"widget\" data-settings=\"{&quot;slides_to_show&quot;:&quot;1&quot;,&quot;navigation&quot;:&quot;none&quot;,&quot;autoplay_speed&quot;:2000,&quot;effect&quot;:&quot;fade&quot;,&quot;_animation&quot;:&quot;fadeInRight&quot;,&quot;autoplay&quot;:&quot;yes&quot;,&quot;pause_on_hover&quot;:&quot;yes&quot;,&quot;pause_on_interaction&quot;:&quot;yes&quot;,&quot;infinite&quot;:&quot;yes&quot;,&quot;speed&quot;:500}\" data-widget_type=\"image-carousel.default\">\n\t\t\t\t<div class=\"elementor-widget-container\">\n\t\t\t\t\t\t\t<div class=\"elementor-image-carousel-wrapper swiper\" role=\"region\" aria-roledescription=\"carousel\" aria-label=\"Carrousel d\u2019images\" dir=\"ltr\">\n\t\t\t<div class=\"elementor-image-carousel swiper-wrapper\" aria-live=\"off\">\n\t\t\t\t\t\t\t\t<div class=\"swiper-slide\" role=\"group\" aria-roledescription=\"slide\" aria-label=\"1 sur 3\"><figure class=\"swiper-slide-inner\"><img decoding=\"async\" class=\"swiper-slide-image\" src=\"https:\/\/gaetaneglize.com\/wp-content\/uploads\/2024\/12\/seance-photo-couple-anniversaire-mariage-plage-landes-1031_websize.jpg\" alt=\"Un couple de mari\u00e9s sont assis l&#039;un dans les bras de l&#039;autre dans la for\u00eat. La mari\u00e9e \u00e9treint son mari et leurs visages se touchent. Un moment tr\u00e8s doux et tendre captur\u00e9 par Ga\u00e9tane Glize, photographe mariage Landes.\" \/><\/figure><\/div><div class=\"swiper-slide\" role=\"group\" aria-roledescription=\"slide\" aria-label=\"2 sur 3\"><figure class=\"swiper-slide-inner\"><img decoding=\"async\" class=\"swiper-slide-image\" src=\"https:\/\/gaetaneglize.com\/wp-content\/uploads\/2022\/10\/gaetane-glize-photographe-mariage-landes-pays-basque-04.jpg\" alt=\"Photo d&#039;une larme d&#039;\u00e9motion coulant sur la joue d&#039;une mari\u00e9e. Photo de mariage prise pendant la lecture de leurs voeux de mariage, par la photographe de mariage Ga\u00e9tane Glize bas\u00e9e dans les landes\" \/><\/figure><\/div><div class=\"swiper-slide\" role=\"group\" aria-roledescription=\"slide\" aria-label=\"3 sur 3\"><figure class=\"swiper-slide-inner\"><img decoding=\"async\" class=\"swiper-slide-image\" src=\"https:\/\/gaetaneglize.com\/wp-content\/uploads\/2022\/10\/gaetane-glize-photographe-mariage-landes-pays-basque-07.jpg\" alt=\"Un couple de mari\u00e9s se font un c\u00e2lin pendant leur s\u00e9ance photo couple le jour de leur mariage au moment du coucher de soleil \u00e0 Hossegor dans les Landes. La mari\u00e9e ferme les yeux. Le moment est hors du temps.\" \/><\/figure><\/div>\t\t\t<\/div>\n\t\t\t\t\t\t\t\n\t\t\t\t\t\t\t\t\t<\/div>\n\t\t\t\t\t\t<\/div>\n\t\t\t\t<\/div>\n\t\t\t\t\t<\/div>\n\t\t<\/div>\n\t\t\t\t\t<\/div>\n\t\t<\/section>\n\t\t\t\t\t<\/div>\n\t\t<\/div>\n\t\t\t\t\t<\/div>\n\t\t<\/section>\n\t\t\t\t<section class=\"elementor-section elementor-top-section elementor-element elementor-element-16df6a2 elementor-section-full_width elementor-section-height-default elementor-section-height-default\" data-id=\"16df6a2\" data-element_type=\"section\" data-e-type=\"section\" data-settings=\"{&quot;background_background&quot;:&quot;classic&quot;}\">\n\t\t\t\t\t\t\t<div class=\"elementor-background-overlay\"><\/div>\n\t\t\t\t\t\t\t<div class=\"elementor-container elementor-column-gap-default\">\n\t\t\t\t\t<div class=\"elementor-column elementor-col-100 elementor-top-column elementor-element elementor-element-8ca6052\" data-id=\"8ca6052\" data-element_type=\"column\" data-e-type=\"column\">\n\t\t\t<div class=\"elementor-widget-wrap elementor-element-populated\">\n\t\t\t\t\t\t<div class=\"elementor-element elementor-element-7325a56 elementor-invisible elementor-widget elementor-widget-heading\" data-id=\"7325a56\" data-element_type=\"widget\" data-e-type=\"widget\" data-settings=\"{&quot;_animation&quot;:&quot;fadeInUp&quot;}\" data-widget_type=\"heading.default\">\n\t\t\t\t<div class=\"elementor-widget-container\">\n\t\t\t\t\t<h2 class=\"elementor-heading-title elementor-size-default\">Raconter <i>votre histoire<\/i> avec <br>douceur, sinc\u00e9rit\u00e9 et po\u00e9sie<\/h2>\t\t\t\t<\/div>\n\t\t\t\t<\/div>\n\t\t\t\t<section class=\"elementor-section elementor-inner-section elementor-element elementor-element-6cb8a3f elementor-section-content-middle elementor-section-boxed elementor-section-height-default elementor-section-height-default\" data-id=\"6cb8a3f\" data-element_type=\"section\" data-e-type=\"section\">\n\t\t\t\t\t\t<div class=\"elementor-container elementor-column-gap-wide\">\n\t\t\t\t\t<div class=\"elementor-column elementor-col-33 elementor-inner-column elementor-element elementor-element-f794334\" data-id=\"f794334\" data-element_type=\"column\" data-e-type=\"column\">\n\t\t\t<div class=\"elementor-widget-wrap elementor-element-populated\">\n\t\t\t\t\t\t<div class=\"elementor-element elementor-element-c1d40eb elementor-invisible elementor-widget elementor-widget-image\" data-id=\"c1d40eb\" data-element_type=\"widget\" data-e-type=\"widget\" data-settings=\"{&quot;_animation&quot;:&quot;fadeInUp&quot;}\" data-widget_type=\"image.default\">\n\t\t\t\t<div class=\"elementor-widget-container\">\n\t\t\t\t\t\t\t\t\t\t\t\t\t\t\t<img loading=\"lazy\" decoding=\"async\" width=\"1024\" height=\"683\" src=\"https:\/\/gaetaneglize.com\/wp-content\/uploads\/2023\/01\/photographe-mariage-landes-pays-basque-020-1024x683.jpg\" class=\"attachment-large size-large wp-image-12699\" alt=\"Les mari\u00e9s pleurent pendant la lecture de leurs voeux de mariage. Un moment d&#039;\u00e9motions captur\u00e9 par la photographe de mariage Ga\u00e9tane Glize dans les Landes.\" srcset=\"https:\/\/gaetaneglize.com\/wp-content\/uploads\/2023\/01\/photographe-mariage-landes-pays-basque-020-1024x683.jpg 1024w, https:\/\/gaetaneglize.com\/wp-content\/uploads\/2023\/01\/photographe-mariage-landes-pays-basque-020-300x200.jpg 300w, https:\/\/gaetaneglize.com\/wp-content\/uploads\/2023\/01\/photographe-mariage-landes-pays-basque-020-768x512.jpg 768w, https:\/\/gaetaneglize.com\/wp-content\/uploads\/2023\/01\/photographe-mariage-landes-pays-basque-020-1536x1024.jpg 1536w, https:\/\/gaetaneglize.com\/wp-content\/uploads\/2023\/01\/photographe-mariage-landes-pays-basque-020.jpg 1600w\" sizes=\"(max-width: 1024px) 100vw, 1024px\" \/>\t\t\t\t\t\t\t\t\t\t\t\t\t\t\t<\/div>\n\t\t\t\t<\/div>\n\t\t\t\t\t<\/div>\n\t\t<\/div>\n\t\t\t\t<div class=\"elementor-column elementor-col-33 elementor-inner-column elementor-element elementor-element-d846fa6 elementor-invisible\" data-id=\"d846fa6\" data-element_type=\"column\" data-e-type=\"column\" data-settings=\"{&quot;animation&quot;:&quot;fadeInUp&quot;,&quot;animation_delay&quot;:100}\">\n\t\t\t<div class=\"elementor-widget-wrap elementor-element-populated\">\n\t\t\t\t\t\t<div class=\"elementor-element elementor-element-cda73d0 elementor-widget elementor-widget-image\" data-id=\"cda73d0\" data-element_type=\"widget\" data-e-type=\"widget\" data-settings=\"{&quot;_animation&quot;:&quot;none&quot;,&quot;_animation_delay&quot;:100}\" data-widget_type=\"image.default\">\n\t\t\t\t<div class=\"elementor-widget-container\">\n\t\t\t\t\t\t\t\t\t\t\t\t\t\t\t<img loading=\"lazy\" decoding=\"async\" width=\"683\" height=\"1024\" src=\"https:\/\/gaetaneglize.com\/wp-content\/uploads\/2024\/12\/seance-photo-couple-anniversaire-mariage-plage-landes-1155_websize-683x1024.jpg\" class=\"attachment-large size-large wp-image-15334\" alt=\"Les visages d&#039;un couple amoureux, ils sourient et ferment les yeux. Un moment de tendresse pendant leur s\u00e9ance photo couple dans les Landes pour c\u00e9l\u00e9brer leur anniversaire de mariage.\" srcset=\"https:\/\/gaetaneglize.com\/wp-content\/uploads\/2024\/12\/seance-photo-couple-anniversaire-mariage-plage-landes-1155_websize-683x1024.jpg 683w, https:\/\/gaetaneglize.com\/wp-content\/uploads\/2024\/12\/seance-photo-couple-anniversaire-mariage-plage-landes-1155_websize-200x300.jpg 200w, https:\/\/gaetaneglize.com\/wp-content\/uploads\/2024\/12\/seance-photo-couple-anniversaire-mariage-plage-landes-1155_websize-768x1152.jpg 768w, https:\/\/gaetaneglize.com\/wp-content\/uploads\/2024\/12\/seance-photo-couple-anniversaire-mariage-plage-landes-1155_websize-1024x1536.jpg 1024w, https:\/\/gaetaneglize.com\/wp-content\/uploads\/2024\/12\/seance-photo-couple-anniversaire-mariage-plage-landes-1155_websize.jpg 1067w\" sizes=\"(max-width: 683px) 100vw, 683px\" \/>\t\t\t\t\t\t\t\t\t\t\t\t\t\t\t<\/div>\n\t\t\t\t<\/div>\n\t\t\t\t\t<\/div>\n\t\t<\/div>\n\t\t\t\t<div class=\"elementor-column elementor-col-33 elementor-inner-column elementor-element elementor-element-a11fdd6\" data-id=\"a11fdd6\" data-element_type=\"column\" data-e-type=\"column\">\n\t\t\t<div class=\"elementor-widget-wrap elementor-element-populated\">\n\t\t\t\t\t\t<div class=\"elementor-element elementor-element-8cde05c elementor-invisible elementor-widget elementor-widget-image\" data-id=\"8cde05c\" data-element_type=\"widget\" data-e-type=\"widget\" data-settings=\"{&quot;_animation&quot;:&quot;fadeInUp&quot;,&quot;_animation_delay&quot;:200}\" data-widget_type=\"image.default\">\n\t\t\t\t<div class=\"elementor-widget-container\">\n\t\t\t\t\t\t\t\t\t\t\t\t\t\t\t<img loading=\"lazy\" decoding=\"async\" width=\"1024\" height=\"683\" src=\"https:\/\/gaetaneglize.com\/wp-content\/uploads\/2023\/01\/photographe-mariage-landes-pays-basque-019-1024x683.jpg\" class=\"attachment-large size-large wp-image-12695\" alt=\"La mari\u00e9e rit aux \u00e9clats lors du cocktail de son mariage. Un moment de joie captur\u00e9 par la photographe de mariage Ga\u00e9tane Glize dans les Landes.\" srcset=\"https:\/\/gaetaneglize.com\/wp-content\/uploads\/2023\/01\/photographe-mariage-landes-pays-basque-019-1024x683.jpg 1024w, https:\/\/gaetaneglize.com\/wp-content\/uploads\/2023\/01\/photographe-mariage-landes-pays-basque-019-300x200.jpg 300w, https:\/\/gaetaneglize.com\/wp-content\/uploads\/2023\/01\/photographe-mariage-landes-pays-basque-019-768x512.jpg 768w, https:\/\/gaetaneglize.com\/wp-content\/uploads\/2023\/01\/photographe-mariage-landes-pays-basque-019.jpg 1349w\" sizes=\"(max-width: 1024px) 100vw, 1024px\" \/>\t\t\t\t\t\t\t\t\t\t\t\t\t\t\t<\/div>\n\t\t\t\t<\/div>\n\t\t\t\t\t<\/div>\n\t\t<\/div>\n\t\t\t\t\t<\/div>\n\t\t<\/section>\n\t\t\t\t\t<\/div>\n\t\t<\/div>\n\t\t\t\t\t<\/div>\n\t\t<\/section>\n\t\t\t\t<section class=\"elementor-section elementor-top-section elementor-element elementor-element-e2caa28 elementor-section-boxed elementor-section-height-default elementor-section-height-default\" data-id=\"e2caa28\" data-element_type=\"section\" data-e-type=\"section\" data-settings=\"{&quot;background_background&quot;:&quot;classic&quot;}\">\n\t\t\t\t\t\t<div class=\"elementor-container elementor-column-gap-default\">\n\t\t\t\t\t<div class=\"elementor-column elementor-col-100 elementor-top-column elementor-element elementor-element-98f1ece\" data-id=\"98f1ece\" data-element_type=\"column\" data-e-type=\"column\">\n\t\t\t<div class=\"elementor-widget-wrap elementor-element-populated\">\n\t\t\t\t\t\t<section class=\"elementor-section elementor-inner-section elementor-element elementor-element-e42dad3 elementor-section-boxed elementor-section-height-default elementor-section-height-default\" data-id=\"e42dad3\" data-element_type=\"section\" data-e-type=\"section\">\n\t\t\t\t\t\t<div class=\"elementor-container elementor-column-gap-default\">\n\t\t\t\t\t<div class=\"elementor-column elementor-col-33 elementor-inner-column elementor-element elementor-element-e0d3833\" data-id=\"e0d3833\" data-element_type=\"column\" data-e-type=\"column\">\n\t\t\t<div class=\"elementor-widget-wrap\">\n\t\t\t\t\t\t\t<\/div>\n\t\t<\/div>\n\t\t\t\t<div class=\"elementor-column elementor-col-33 elementor-inner-column elementor-element elementor-element-1856ee3\" data-id=\"1856ee3\" data-element_type=\"column\" data-e-type=\"column\">\n\t\t\t<div class=\"elementor-widget-wrap elementor-element-populated\">\n\t\t\t\t\t\t<div class=\"elementor-element elementor-element-60eae33 elementor-view-default elementor-invisible elementor-widget elementor-widget-icon\" data-id=\"60eae33\" data-element_type=\"widget\" data-e-type=\"widget\" data-settings=\"{&quot;_animation&quot;:&quot;fadeInLeft&quot;}\" data-widget_type=\"icon.default\">\n\t\t\t\t<div class=\"elementor-widget-container\">\n\t\t\t\t\t\t\t<div class=\"elementor-icon-wrapper\">\n\t\t\t<div class=\"elementor-icon\">\n\t\t\t<svg aria-hidden=\"true\" class=\"e-font-icon-svg e-fas-quote-left\" viewBox=\"0 0 512 512\" xmlns=\"http:\/\/www.w3.org\/2000\/svg\"><path d=\"M464 256h-80v-64c0-35.3 28.7-64 64-64h8c13.3 0 24-10.7 24-24V56c0-13.3-10.7-24-24-24h-8c-88.4 0-160 71.6-160 160v240c0 26.5 21.5 48 48 48h128c26.5 0 48-21.5 48-48V304c0-26.5-21.5-48-48-48zm-288 0H96v-64c0-35.3 28.7-64 64-64h8c13.3 0 24-10.7 24-24V56c0-13.3-10.7-24-24-24h-8C71.6 32 0 103.6 0 192v240c0 26.5 21.5 48 48 48h128c26.5 0 48-21.5 48-48V304c0-26.5-21.5-48-48-48z\"><\/path><\/svg>\t\t\t<\/div>\n\t\t<\/div>\n\t\t\t\t\t\t<\/div>\n\t\t\t\t<\/div>\n\t\t\t\t<div class=\"elementor-element elementor-element-1e4ecec elementor-invisible elementor-widget elementor-widget-heading\" data-id=\"1e4ecec\" data-element_type=\"widget\" data-e-type=\"widget\" data-settings=\"{&quot;_animation&quot;:&quot;fadeInUp&quot;}\" data-widget_type=\"heading.default\">\n\t\t\t\t<div class=\"elementor-widget-container\">\n\t\t\t\t\t<h4 class=\"elementor-heading-title elementor-size-default\">Parce que les \u00e9motions v\u00e9cues et ressenties pleinement se pr\u00e9servent dans le temps, je serai votre guide vers une exp\u00e9rience de mariage significative, intentionnelle et unique.<\/h4>\t\t\t\t<\/div>\n\t\t\t\t<\/div>\n\t\t\t\t\t<\/div>\n\t\t<\/div>\n\t\t\t\t<div class=\"elementor-column elementor-col-33 elementor-inner-column elementor-element elementor-element-29972ca\" data-id=\"29972ca\" data-element_type=\"column\" data-e-type=\"column\">\n\t\t\t<div class=\"elementor-widget-wrap elementor-element-populated\">\n\t\t\t\t\t\t<div class=\"elementor-element elementor-element-5ea43cd elementor-hidden-mobile animated-slow elementor-invisible elementor-widget elementor-widget-image\" data-id=\"5ea43cd\" data-element_type=\"widget\" data-e-type=\"widget\" data-settings=\"{&quot;_animation&quot;:&quot;fadeIn&quot;}\" data-widget_type=\"image.default\">\n\t\t\t\t<div class=\"elementor-widget-container\">\n\t\t\t\t\t\t\t\t\t\t\t\t\t\t\t<img loading=\"lazy\" decoding=\"async\" width=\"300\" height=\"288\" src=\"https:\/\/gaetaneglize.com\/wp-content\/uploads\/2022\/12\/gaetane-glize-photographe-mariage-landes-icone-etoiles-300x288.png\" class=\"attachment-medium size-medium wp-image-12274\" alt=\"\" srcset=\"https:\/\/gaetaneglize.com\/wp-content\/uploads\/2022\/12\/gaetane-glize-photographe-mariage-landes-icone-etoiles-300x288.png 300w, https:\/\/gaetaneglize.com\/wp-content\/uploads\/2022\/12\/gaetane-glize-photographe-mariage-landes-icone-etoiles-1024x983.png 1024w, https:\/\/gaetaneglize.com\/wp-content\/uploads\/2022\/12\/gaetane-glize-photographe-mariage-landes-icone-etoiles-768x737.png 768w, https:\/\/gaetaneglize.com\/wp-content\/uploads\/2022\/12\/gaetane-glize-photographe-mariage-landes-icone-etoiles-1536x1475.png 1536w, https:\/\/gaetaneglize.com\/wp-content\/uploads\/2022\/12\/gaetane-glize-photographe-mariage-landes-icone-etoiles-2048x1966.png 2048w\" sizes=\"(max-width: 300px) 100vw, 300px\" \/>\t\t\t\t\t\t\t\t\t\t\t\t\t\t\t<\/div>\n\t\t\t\t<\/div>\n\t\t\t\t\t<\/div>\n\t\t<\/div>\n\t\t\t\t\t<\/div>\n\t\t<\/section>\n\t\t\t\t\t<\/div>\n\t\t<\/div>\n\t\t\t\t\t<\/div>\n\t\t<\/section>\n\t\t\t\t<section class=\"elementor-section elementor-top-section elementor-element elementor-element-b90c5ec elementor-section-boxed elementor-section-height-default elementor-section-height-default\" data-id=\"b90c5ec\" data-element_type=\"section\" data-e-type=\"section\" data-settings=\"{&quot;background_background&quot;:&quot;classic&quot;}\">\n\t\t\t\t\t\t<div class=\"elementor-container elementor-column-gap-default\">\n\t\t\t\t\t<div class=\"elementor-column elementor-col-100 elementor-top-column elementor-element elementor-element-1156faf\" data-id=\"1156faf\" data-element_type=\"column\" data-e-type=\"column\">\n\t\t\t<div class=\"elementor-widget-wrap elementor-element-populated\">\n\t\t\t\t\t\t<section class=\"elementor-section elementor-inner-section elementor-element elementor-element-a14de41 elementor-section-content-middle elementor-section-boxed elementor-section-height-default elementor-section-height-default\" data-id=\"a14de41\" data-element_type=\"section\" data-e-type=\"section\">\n\t\t\t\t\t\t<div class=\"elementor-container elementor-column-gap-wide\">\n\t\t\t\t\t<div class=\"elementor-column elementor-col-33 elementor-inner-column elementor-element elementor-element-52e063c\" data-id=\"52e063c\" data-element_type=\"column\" data-e-type=\"column\">\n\t\t\t<div class=\"elementor-widget-wrap elementor-element-populated\">\n\t\t\t\t\t\t<div class=\"elementor-element elementor-element-f4e2860 elementor-invisible elementor-widget elementor-widget-image\" data-id=\"f4e2860\" data-element_type=\"widget\" data-e-type=\"widget\" data-settings=\"{&quot;_animation&quot;:&quot;fadeInUp&quot;}\" data-widget_type=\"image.default\">\n\t\t\t\t<div class=\"elementor-widget-container\">\n\t\t\t\t\t\t\t\t\t\t\t\t\t\t\t<img loading=\"lazy\" decoding=\"async\" width=\"683\" height=\"1024\" src=\"https:\/\/gaetaneglize.com\/wp-content\/uploads\/2024\/12\/michelle-bertrand-mariage-chateau-amou-landes-preview-1038_websize-1-683x1024.jpg\" class=\"attachment-large size-large wp-image-15679\" alt=\"Un homme soul\u00e8ve sa femme dans les airs tout en l&#039;embrassant. Ils c\u00e9l\u00e8brent leur mariage dans les Landes au ch\u00e2teau d&#039;Amou.\" srcset=\"https:\/\/gaetaneglize.com\/wp-content\/uploads\/2024\/12\/michelle-bertrand-mariage-chateau-amou-landes-preview-1038_websize-1-683x1024.jpg 683w, https:\/\/gaetaneglize.com\/wp-content\/uploads\/2024\/12\/michelle-bertrand-mariage-chateau-amou-landes-preview-1038_websize-1-200x300.jpg 200w, https:\/\/gaetaneglize.com\/wp-content\/uploads\/2024\/12\/michelle-bertrand-mariage-chateau-amou-landes-preview-1038_websize-1-768x1152.jpg 768w, https:\/\/gaetaneglize.com\/wp-content\/uploads\/2024\/12\/michelle-bertrand-mariage-chateau-amou-landes-preview-1038_websize-1-1024x1536.jpg 1024w, https:\/\/gaetaneglize.com\/wp-content\/uploads\/2024\/12\/michelle-bertrand-mariage-chateau-amou-landes-preview-1038_websize-1.jpg 1067w\" sizes=\"(max-width: 683px) 100vw, 683px\" \/>\t\t\t\t\t\t\t\t\t\t\t\t\t\t\t<\/div>\n\t\t\t\t<\/div>\n\t\t\t\t\t<\/div>\n\t\t<\/div>\n\t\t\t\t<div class=\"elementor-column elementor-col-33 elementor-inner-column elementor-element elementor-element-d42f06e elementor-invisible\" data-id=\"d42f06e\" data-element_type=\"column\" data-e-type=\"column\" data-settings=\"{&quot;animation&quot;:&quot;fadeInUp&quot;,&quot;animation_delay&quot;:100}\">\n\t\t\t<div class=\"elementor-widget-wrap elementor-element-populated\">\n\t\t\t\t\t\t<div class=\"elementor-element elementor-element-36e2562 elementor-widget elementor-widget-image\" data-id=\"36e2562\" data-element_type=\"widget\" data-e-type=\"widget\" data-widget_type=\"image.default\">\n\t\t\t\t<div class=\"elementor-widget-container\">\n\t\t\t\t\t\t\t\t\t\t\t\t\t\t\t<img loading=\"lazy\" decoding=\"async\" width=\"683\" height=\"1024\" src=\"https:\/\/gaetaneglize.com\/wp-content\/uploads\/2024\/12\/mariage-renaissance-chateau-poudenas_gaetane-glize-photographie-1421_websize-683x1024.jpg\" class=\"attachment-large size-large wp-image-15414\" alt=\"Un couple s&#039;approche l&#039;un vers l&#039;autre pour s&#039;embrasser pendant leur s\u00e9ance photo couple.\" srcset=\"https:\/\/gaetaneglize.com\/wp-content\/uploads\/2024\/12\/mariage-renaissance-chateau-poudenas_gaetane-glize-photographie-1421_websize-683x1024.jpg 683w, https:\/\/gaetaneglize.com\/wp-content\/uploads\/2024\/12\/mariage-renaissance-chateau-poudenas_gaetane-glize-photographie-1421_websize-200x300.jpg 200w, https:\/\/gaetaneglize.com\/wp-content\/uploads\/2024\/12\/mariage-renaissance-chateau-poudenas_gaetane-glize-photographie-1421_websize-768x1152.jpg 768w, https:\/\/gaetaneglize.com\/wp-content\/uploads\/2024\/12\/mariage-renaissance-chateau-poudenas_gaetane-glize-photographie-1421_websize-1024x1536.jpg 1024w, https:\/\/gaetaneglize.com\/wp-content\/uploads\/2024\/12\/mariage-renaissance-chateau-poudenas_gaetane-glize-photographie-1421_websize.jpg 1067w\" sizes=\"(max-width: 683px) 100vw, 683px\" \/>\t\t\t\t\t\t\t\t\t\t\t\t\t\t\t<\/div>\n\t\t\t\t<\/div>\n\t\t\t\t\t<\/div>\n\t\t<\/div>\n\t\t\t\t<div class=\"elementor-column elementor-col-33 elementor-inner-column elementor-element elementor-element-770f752\" data-id=\"770f752\" data-element_type=\"column\" data-e-type=\"column\">\n\t\t\t<div class=\"elementor-widget-wrap elementor-element-populated\">\n\t\t\t\t\t\t<div class=\"elementor-element elementor-element-78c0c47 elementor-invisible elementor-widget elementor-widget-image\" data-id=\"78c0c47\" data-element_type=\"widget\" data-e-type=\"widget\" data-settings=\"{&quot;_animation&quot;:&quot;fadeInUp&quot;,&quot;_animation_delay&quot;:200}\" data-widget_type=\"image.default\">\n\t\t\t\t<div class=\"elementor-widget-container\">\n\t\t\t\t\t\t\t\t\t\t\t\t\t\t\t<img loading=\"lazy\" decoding=\"async\" width=\"683\" height=\"1024\" src=\"https:\/\/gaetaneglize.com\/wp-content\/uploads\/2024\/12\/anna-maxime-photo-mariage-elopement-chapelle-landes-preview-1011_websize-683x1024.jpg\" class=\"attachment-large size-large wp-image-15675\" alt=\"Le mari\u00e9 fait tournoyer sa femme. Le couple rit aux \u00e9clats devant la chapelle dans laquelle ils ont c\u00e9l\u00e9br\u00e9 leur mariage dans les Landes. Un moment fun captur\u00e9 par la photographe de mariage Ga\u00e9tane Glize pendant leur elopement.\" srcset=\"https:\/\/gaetaneglize.com\/wp-content\/uploads\/2024\/12\/anna-maxime-photo-mariage-elopement-chapelle-landes-preview-1011_websize-683x1024.jpg 683w, https:\/\/gaetaneglize.com\/wp-content\/uploads\/2024\/12\/anna-maxime-photo-mariage-elopement-chapelle-landes-preview-1011_websize-200x300.jpg 200w, https:\/\/gaetaneglize.com\/wp-content\/uploads\/2024\/12\/anna-maxime-photo-mariage-elopement-chapelle-landes-preview-1011_websize-768x1152.jpg 768w, https:\/\/gaetaneglize.com\/wp-content\/uploads\/2024\/12\/anna-maxime-photo-mariage-elopement-chapelle-landes-preview-1011_websize-1024x1536.jpg 1024w, https:\/\/gaetaneglize.com\/wp-content\/uploads\/2024\/12\/anna-maxime-photo-mariage-elopement-chapelle-landes-preview-1011_websize.jpg 1067w\" sizes=\"(max-width: 683px) 100vw, 683px\" \/>\t\t\t\t\t\t\t\t\t\t\t\t\t\t\t<\/div>\n\t\t\t\t<\/div>\n\t\t\t\t\t<\/div>\n\t\t<\/div>\n\t\t\t\t\t<\/div>\n\t\t<\/section>\n\t\t\t\t\t<\/div>\n\t\t<\/div>\n\t\t\t\t\t<\/div>\n\t\t<\/section>\n\t\t\t\t<section class=\"elementor-section elementor-top-section elementor-element elementor-element-8a2416c elementor-section-boxed elementor-section-height-default elementor-section-height-default\" data-id=\"8a2416c\" data-element_type=\"section\" data-e-type=\"section\" data-settings=\"{&quot;background_background&quot;:&quot;classic&quot;}\">\n\t\t\t\t\t\t<div class=\"elementor-container elementor-column-gap-default\">\n\t\t\t\t\t<div class=\"elementor-column elementor-col-50 elementor-top-column elementor-element elementor-element-b4fde1b\" data-id=\"b4fde1b\" data-element_type=\"column\" data-e-type=\"column\">\n\t\t\t<div class=\"elementor-widget-wrap elementor-element-populated\">\n\t\t\t\t\t\t<div class=\"elementor-element elementor-element-0260fc7 elementor-invisible elementor-widget elementor-widget-image-carousel\" data-id=\"0260fc7\" data-element_type=\"widget\" data-e-type=\"widget\" data-settings=\"{&quot;slides_to_show&quot;:&quot;1&quot;,&quot;navigation&quot;:&quot;none&quot;,&quot;autoplay_speed&quot;:2000,&quot;effect&quot;:&quot;fade&quot;,&quot;_animation&quot;:&quot;fadeInLeft&quot;,&quot;autoplay&quot;:&quot;yes&quot;,&quot;pause_on_hover&quot;:&quot;yes&quot;,&quot;pause_on_interaction&quot;:&quot;yes&quot;,&quot;infinite&quot;:&quot;yes&quot;,&quot;speed&quot;:500}\" data-widget_type=\"image-carousel.default\">\n\t\t\t\t<div class=\"elementor-widget-container\">\n\t\t\t\t\t\t\t<div class=\"elementor-image-carousel-wrapper swiper\" role=\"region\" aria-roledescription=\"carousel\" aria-label=\"Carrousel d\u2019images\" dir=\"ltr\">\n\t\t\t<div class=\"elementor-image-carousel swiper-wrapper\" aria-live=\"off\">\n\t\t\t\t\t\t\t\t<div class=\"swiper-slide\" role=\"group\" aria-roledescription=\"slide\" aria-label=\"1 sur 3\"><figure class=\"swiper-slide-inner\"><img decoding=\"async\" class=\"swiper-slide-image\" src=\"https:\/\/gaetaneglize.com\/wp-content\/uploads\/2024\/12\/photographe-mariage-landes-pays-basque-003-2.jpg\" alt=\"Un couple de mari\u00e9s partagent un c\u00e2lin, un moment de tendresse pendant leur s\u00e9ance photo couple le jour de leur mariage \u00e0 Dax avec Ga\u00e9tane Glize, photographe mariage Landes.\" \/><\/figure><\/div><div class=\"swiper-slide\" role=\"group\" aria-roledescription=\"slide\" aria-label=\"2 sur 3\"><figure class=\"swiper-slide-inner\"><img decoding=\"async\" class=\"swiper-slide-image\" src=\"https:\/\/gaetaneglize.com\/wp-content\/uploads\/2024\/12\/laurena-sebastien-photo-couple-mariage-chateau-bordeaux-1131_3.jpg\" alt=\"La mari\u00e9e tient tendrement le visage de son mari avec sa main. Le couple se regarde amoureusement dans les yeux. Un moment saisi par Ga\u00e9tane Glize, photographe mariage Landes.\" \/><\/figure><\/div><div class=\"swiper-slide\" role=\"group\" aria-roledescription=\"slide\" aria-label=\"3 sur 3\"><figure class=\"swiper-slide-inner\"><img decoding=\"async\" class=\"swiper-slide-image\" src=\"https:\/\/gaetaneglize.com\/wp-content\/uploads\/2022\/03\/gaetane-glize-photographe-mariage-aventure-elopement-france-montagne-pyrenees-1852_websize.jpg\" alt=\"La mari\u00e9e sourit tendrement. Un instant de douceur captur\u00e9 par Ga\u00e9tane Glize, photographe mariage Landes.\" \/><\/figure><\/div>\t\t\t<\/div>\n\t\t\t\t\t\t\t\n\t\t\t\t\t\t\t\t\t<\/div>\n\t\t\t\t\t\t<\/div>\n\t\t\t\t<\/div>\n\t\t\t\t\t<\/div>\n\t\t<\/div>\n\t\t\t\t<div class=\"elementor-column elementor-col-50 elementor-top-column elementor-element elementor-element-72fa2d8\" data-id=\"72fa2d8\" data-element_type=\"column\" data-e-type=\"column\">\n\t\t\t<div class=\"elementor-widget-wrap elementor-element-populated\">\n\t\t\t\t\t\t<div class=\"elementor-element elementor-element-d33f3b4 elementor-widget elementor-widget-menu-anchor\" data-id=\"d33f3b4\" data-element_type=\"widget\" data-e-type=\"widget\" data-widget_type=\"menu-anchor.default\">\n\t\t\t\t<div class=\"elementor-widget-container\">\n\t\t\t\t\t\t\t<div class=\"elementor-menu-anchor\" id=\"experience-mariage\"><\/div>\n\t\t\t\t\t\t<\/div>\n\t\t\t\t<\/div>\n\t\t\t\t<div class=\"elementor-element elementor-element-d53c5ee elementor-invisible elementor-widget elementor-widget-heading\" data-id=\"d53c5ee\" data-element_type=\"widget\" data-e-type=\"widget\" data-settings=\"{&quot;_animation&quot;:&quot;fadeInRight&quot;}\" data-widget_type=\"heading.default\">\n\t\t\t\t<div class=\"elementor-widget-container\">\n\t\t\t\t\t<h3 class=\"elementor-heading-title elementor-size-default\">Un mariage qui se vit intens\u00e9ment<\/h3>\t\t\t\t<\/div>\n\t\t\t\t<\/div>\n\t\t\t\t<div class=\"elementor-element elementor-element-e69401c elementor-invisible elementor-widget elementor-widget-heading\" data-id=\"e69401c\" data-element_type=\"widget\" data-e-type=\"widget\" data-settings=\"{&quot;_animation&quot;:&quot;fadeInRight&quot;}\" data-widget_type=\"heading.default\">\n\t\t\t\t<div class=\"elementor-widget-container\">\n\t\t\t\t\t<h2 class=\"elementor-heading-title elementor-size-default\">Plus qu'une journ\u00e9e de mariage,<br>une exp\u00e9rience de mariage<\/h2>\t\t\t\t<\/div>\n\t\t\t\t<\/div>\n\t\t\t\t<section class=\"elementor-section elementor-inner-section elementor-element elementor-element-33fc080 elementor-section-boxed elementor-section-height-default elementor-section-height-default\" data-id=\"33fc080\" data-element_type=\"section\" data-e-type=\"section\">\n\t\t\t\t\t\t<div class=\"elementor-container elementor-column-gap-default\">\n\t\t\t\t\t<div class=\"elementor-column elementor-col-50 elementor-inner-column elementor-element elementor-element-0f9795b\" data-id=\"0f9795b\" data-element_type=\"column\" data-e-type=\"column\">\n\t\t\t<div class=\"elementor-widget-wrap elementor-element-populated\">\n\t\t\t\t\t\t<div class=\"elementor-element elementor-element-cc45e9e elementor-invisible elementor-widget elementor-widget-text-editor\" data-id=\"cc45e9e\" data-element_type=\"widget\" data-e-type=\"widget\" data-settings=\"{&quot;_animation&quot;:&quot;fadeInUp&quot;}\" data-widget_type=\"text-editor.default\">\n\t\t\t\t<div class=\"elementor-widget-container\">\n\t\t\t\t\t\t\t\t\t<h5>L&#8217;intentionnalit\u00e9 au c\u0153ur de votre mariage<\/h5><p class=\"_04xlpA direction-ltr align-justify para-style-body\">L\u2019intentionnalit\u00e9 dans le couple, c\u2019est agir de mani\u00e8re \u00e0 manifester consciemment \u00e0 l\u2019autre \u201cTu as de la valeur. Tu as de l\u2019importance pour moi.\u201d C\u2019est lui d\u00e9montrer son amour par l\u2019action. Nous pouvons transposer cette intention dans le mariage en c\u00e9l\u00e9brant ce qui compte vraiment le jour J, la vraie raison pour laquelle vous organisez ce mariage \u00e0 la base : votre partenaire !\u00a0<span style=\"font-style: inherit; font-weight: inherit;\">Parce que la journ\u00e9e passe bien trop vite, et que si vous ne faites pas attention, vous verrez \u00e0 peine votre partenaire, je vous partage tout plein d&#8217;id\u00e9es pour vivre des moments de qualit\u00e9 ensemble et profiter pleinement de votre exp\u00e9rience de mariage aux c\u00f4t\u00e9s de votre partenaire.<\/span><\/p>\t\t\t\t\t\t\t\t<\/div>\n\t\t\t\t<\/div>\n\t\t\t\t<div class=\"elementor-element elementor-element-3a555ff elementor-align-left elementor-mobile-align-center elementor-invisible elementor-widget elementor-widget-button\" data-id=\"3a555ff\" data-element_type=\"widget\" data-e-type=\"widget\" data-settings=\"{&quot;_animation&quot;:&quot;fadeInUp&quot;}\" data-widget_type=\"button.default\">\n\t\t\t\t<div class=\"elementor-widget-container\">\n\t\t\t\t\t\t\t\t\t<div class=\"elementor-button-wrapper\">\n\t\t\t\t\t<a class=\"elementor-button elementor-button-link elementor-size-sm elementor-animation-float\" href=\"#contact-photographe-mariage-landes\">\n\t\t\t\t\t\t<span class=\"elementor-button-content-wrapper\">\n\t\t\t\t\t\t\t\t\t<span class=\"elementor-button-text\">On veut vivre pleinement notre mariage  &gt;<\/span>\n\t\t\t\t\t<\/span>\n\t\t\t\t\t<\/a>\n\t\t\t\t<\/div>\n\t\t\t\t\t\t\t\t<\/div>\n\t\t\t\t<\/div>\n\t\t\t\t\t<\/div>\n\t\t<\/div>\n\t\t\t\t<div class=\"elementor-column elementor-col-50 elementor-inner-column elementor-element elementor-element-380f8b9\" data-id=\"380f8b9\" data-element_type=\"column\" data-e-type=\"column\">\n\t\t\t<div class=\"elementor-widget-wrap elementor-element-populated\">\n\t\t\t\t\t\t<div class=\"elementor-element elementor-element-ec0ab3d elementor-invisible elementor-widget elementor-widget-image\" data-id=\"ec0ab3d\" data-element_type=\"widget\" data-e-type=\"widget\" data-settings=\"{&quot;_animation&quot;:&quot;fadeInRight&quot;}\" data-widget_type=\"image.default\">\n\t\t\t\t<div class=\"elementor-widget-container\">\n\t\t\t\t\t\t\t\t\t\t\t\t\t\t\t<img loading=\"lazy\" decoding=\"async\" width=\"683\" height=\"1024\" src=\"https:\/\/gaetaneglize.com\/wp-content\/uploads\/2024\/12\/noemie-alix-photographie-mariage-domaine-bassibe-gers-1586-683x1024.jpg\" class=\"attachment-large size-large wp-image-15746\" alt=\"La c\u00e9r\u00e9monie la\u00efque de mariage se d\u00e9roule sous un grand ch\u00eane dans le jardin du Domaine de Bassib\u00e9 dans le Gers.\" srcset=\"https:\/\/gaetaneglize.com\/wp-content\/uploads\/2024\/12\/noemie-alix-photographie-mariage-domaine-bassibe-gers-1586-683x1024.jpg 683w, https:\/\/gaetaneglize.com\/wp-content\/uploads\/2024\/12\/noemie-alix-photographie-mariage-domaine-bassibe-gers-1586-200x300.jpg 200w, https:\/\/gaetaneglize.com\/wp-content\/uploads\/2024\/12\/noemie-alix-photographie-mariage-domaine-bassibe-gers-1586-768x1152.jpg 768w, https:\/\/gaetaneglize.com\/wp-content\/uploads\/2024\/12\/noemie-alix-photographie-mariage-domaine-bassibe-gers-1586-1024x1536.jpg 1024w, https:\/\/gaetaneglize.com\/wp-content\/uploads\/2024\/12\/noemie-alix-photographie-mariage-domaine-bassibe-gers-1586.jpg 1067w\" sizes=\"(max-width: 683px) 100vw, 683px\" \/>\t\t\t\t\t\t\t\t\t\t\t\t\t\t\t<\/div>\n\t\t\t\t<\/div>\n\t\t\t\t\t<\/div>\n\t\t<\/div>\n\t\t\t\t\t<\/div>\n\t\t<\/section>\n\t\t\t\t\t<\/div>\n\t\t<\/div>\n\t\t\t\t\t<\/div>\n\t\t<\/section>\n\t\t\t\t<section class=\"elementor-section elementor-top-section elementor-element elementor-element-3a65165 elementor-section-boxed elementor-section-height-default elementor-section-height-default\" data-id=\"3a65165\" data-element_type=\"section\" data-e-type=\"section\" data-settings=\"{&quot;background_background&quot;:&quot;classic&quot;}\">\n\t\t\t\t\t\t<div class=\"elementor-container elementor-column-gap-default\">\n\t\t\t\t\t<div class=\"elementor-column elementor-col-100 elementor-top-column elementor-element elementor-element-d93c32f\" data-id=\"d93c32f\" data-element_type=\"column\" data-e-type=\"column\">\n\t\t\t<div class=\"elementor-widget-wrap elementor-element-populated\">\n\t\t\t\t\t\t<div class=\"elementor-element elementor-element-07004d1 elementor-widget elementor-widget-menu-anchor\" data-id=\"07004d1\" data-element_type=\"widget\" data-e-type=\"widget\" data-widget_type=\"menu-anchor.default\">\n\t\t\t\t<div class=\"elementor-widget-container\">\n\t\t\t\t\t\t\t<div class=\"elementor-menu-anchor\" id=\"photos-mariage-naturelles\"><\/div>\n\t\t\t\t\t\t<\/div>\n\t\t\t\t<\/div>\n\t\t\t\t<div class=\"elementor-element elementor-element-e2a3547 elementor-invisible elementor-widget elementor-widget-heading\" data-id=\"e2a3547\" data-element_type=\"widget\" data-e-type=\"widget\" data-settings=\"{&quot;_animation&quot;:&quot;fadeInRight&quot;}\" data-widget_type=\"heading.default\">\n\t\t\t\t<div class=\"elementor-widget-container\">\n\t\t\t\t\t<h3 class=\"elementor-heading-title elementor-size-default\">Des souvenirs intemporels<\/h3>\t\t\t\t<\/div>\n\t\t\t\t<\/div>\n\t\t\t\t<div class=\"elementor-element elementor-element-ddebec7 elementor-invisible elementor-widget elementor-widget-heading\" data-id=\"ddebec7\" data-element_type=\"widget\" data-e-type=\"widget\" data-settings=\"{&quot;_animation&quot;:&quot;fadeInRight&quot;}\" data-widget_type=\"heading.default\">\n\t\t\t\t<div class=\"elementor-widget-container\">\n\t\t\t\t\t<h2 class=\"elementor-heading-title elementor-size-default\">Des photos de mariage  sinc\u00e8res &amp; po\u00e9tiques <\/h2>\t\t\t\t<\/div>\n\t\t\t\t<\/div>\n\t\t\t\t<section class=\"elementor-section elementor-inner-section elementor-element elementor-element-a18c2d4 elementor-section-boxed elementor-section-height-default elementor-section-height-default\" data-id=\"a18c2d4\" data-element_type=\"section\" data-e-type=\"section\">\n\t\t\t\t\t\t<div class=\"elementor-container elementor-column-gap-default\">\n\t\t\t\t\t<div class=\"elementor-column elementor-col-50 elementor-inner-column elementor-element elementor-element-10e316d\" data-id=\"10e316d\" data-element_type=\"column\" data-e-type=\"column\">\n\t\t\t<div class=\"elementor-widget-wrap elementor-element-populated\">\n\t\t\t\t\t\t<div class=\"elementor-element elementor-element-3a67cf1 elementor-invisible elementor-widget elementor-widget-image-carousel\" data-id=\"3a67cf1\" data-element_type=\"widget\" data-e-type=\"widget\" data-settings=\"{&quot;slides_to_show&quot;:&quot;1&quot;,&quot;navigation&quot;:&quot;none&quot;,&quot;autoplay_speed&quot;:2000,&quot;effect&quot;:&quot;fade&quot;,&quot;_animation&quot;:&quot;fadeInLeft&quot;,&quot;autoplay&quot;:&quot;yes&quot;,&quot;pause_on_hover&quot;:&quot;yes&quot;,&quot;pause_on_interaction&quot;:&quot;yes&quot;,&quot;infinite&quot;:&quot;yes&quot;,&quot;speed&quot;:500}\" data-widget_type=\"image-carousel.default\">\n\t\t\t\t<div class=\"elementor-widget-container\">\n\t\t\t\t\t\t\t<div class=\"elementor-image-carousel-wrapper swiper\" role=\"region\" aria-roledescription=\"carousel\" aria-label=\"Carrousel d\u2019images\" dir=\"ltr\">\n\t\t\t<div class=\"elementor-image-carousel swiper-wrapper\" aria-live=\"off\">\n\t\t\t\t\t\t\t\t<div class=\"swiper-slide\" role=\"group\" aria-roledescription=\"slide\" aria-label=\"1 sur 8\"><figure class=\"swiper-slide-inner\"><img decoding=\"async\" class=\"swiper-slide-image\" src=\"https:\/\/gaetaneglize.com\/wp-content\/uploads\/2024\/12\/photographe-mariage-intimiste-landes-a-la-maison-1004.jpg\" alt=\"Une m\u00e8che de cheveux boucl\u00e9s pendant la coiffure de la mari\u00e9e. Une photo de d\u00e9tail po\u00e9tique prise par Ga\u00e9tane Glize, photographe mariage Landes.\" \/><\/figure><\/div><div class=\"swiper-slide\" role=\"group\" aria-roledescription=\"slide\" aria-label=\"2 sur 8\"><figure class=\"swiper-slide-inner\"><img decoding=\"async\" class=\"swiper-slide-image\" src=\"https:\/\/gaetaneglize.com\/wp-content\/uploads\/2024\/02\/margaux-baptiste-mariage-chateau-loire-1745_websize.jpg\" alt=\"La c\u00e9r\u00e9monie la\u00efque de mariage se d\u00e9roule dans les jardins d&#039;un ch\u00e2teau sous des arbres centenaires.\" \/><\/figure><\/div><div class=\"swiper-slide\" role=\"group\" aria-roledescription=\"slide\" aria-label=\"3 sur 8\"><figure class=\"swiper-slide-inner\"><img decoding=\"async\" class=\"swiper-slide-image\" src=\"https:\/\/gaetaneglize.com\/wp-content\/uploads\/2024\/12\/photographe-mariage-landes-pays-basque-017-2.jpg\" alt=\"Un couple de mari\u00e9s s&#039;embrassent pendant leur s\u00e9ance photo couple le jour de leur mariage au coucher de soleil dans les Landes.\" \/><\/figure><\/div><div class=\"swiper-slide\" role=\"group\" aria-roledescription=\"slide\" aria-label=\"4 sur 8\"><figure class=\"swiper-slide-inner\"><img decoding=\"async\" class=\"swiper-slide-image\" src=\"https:\/\/gaetaneglize.com\/wp-content\/uploads\/2024\/12\/margaux-baptiste-mariage-chateau-loire-2334_websize.jpg\" alt=\"Un mari\u00e9 rit aux \u00e9clats avec le ch\u00e2teau de mariage derri\u00e8re lui. Une belle photo de portrait d&#039;homme faite par Ga\u00e9tane Glize, photographe mariage Landes.\" \/><\/figure><\/div><div class=\"swiper-slide\" role=\"group\" aria-roledescription=\"slide\" aria-label=\"5 sur 8\"><figure class=\"swiper-slide-inner\"><img decoding=\"async\" class=\"swiper-slide-image\" src=\"https:\/\/gaetaneglize.com\/wp-content\/uploads\/2024\/12\/mariage-renaissance-chateau-poudenas_gaetane-glize-photographie_1146.jpg\" alt=\"La mari\u00e9e et son mari sont assis \u00e0 l&#039;int\u00e9rieur du ch\u00e2teau, le mari l&#039;embrasse sur la joue. Un moment de tendresse captur\u00e9 par Ga\u00e9tane Glize, photographe mariage Landes.\" \/><\/figure><\/div><div class=\"swiper-slide\" role=\"group\" aria-roledescription=\"slide\" aria-label=\"6 sur 8\"><figure class=\"swiper-slide-inner\"><img decoding=\"async\" class=\"swiper-slide-image\" src=\"https:\/\/gaetaneglize.com\/wp-content\/uploads\/2024\/02\/anne-so-quentin-mariage-champetre-normandie-1491_websize.jpg\" alt=\"La c\u00e9r\u00e9monie la\u00efque de mariage se passe en ext\u00e9rieur au niveau d&#039;un arbre centenaire.\" \/><\/figure><\/div><div class=\"swiper-slide\" role=\"group\" aria-roledescription=\"slide\" aria-label=\"7 sur 8\"><figure class=\"swiper-slide-inner\"><img decoding=\"async\" class=\"swiper-slide-image\" src=\"https:\/\/gaetaneglize.com\/wp-content\/uploads\/2024\/12\/seance-photo-couple-anniversaire-mariage-plage-landes-1125_websize.jpg\" alt=\"D\u00e9tail de la manche longue ballon de la robe de mari\u00e9e. Le tissu est vaporeux et serti de perles. On y voit aussi sa bague de fian\u00e7ailles.\" \/><\/figure><\/div><div class=\"swiper-slide\" role=\"group\" aria-roledescription=\"slide\" aria-label=\"8 sur 8\"><figure class=\"swiper-slide-inner\"><img decoding=\"async\" class=\"swiper-slide-image\" src=\"https:\/\/gaetaneglize.com\/wp-content\/uploads\/2024\/12\/anna-maxime-photo-mariage-elopement-chapelle-landes-1654_websize.jpg\" alt=\"La mari\u00e9e danse sur la plage de Mimizan dans les Landes pour c\u00e9l\u00e9brer son mariage avec sa photographe Ga\u00e9tane Glize.\" \/><\/figure><\/div>\t\t\t<\/div>\n\t\t\t\t\t\t\t\n\t\t\t\t\t\t\t\t\t<\/div>\n\t\t\t\t\t\t<\/div>\n\t\t\t\t<\/div>\n\t\t\t\t\t<\/div>\n\t\t<\/div>\n\t\t\t\t<div class=\"elementor-column elementor-col-50 elementor-inner-column elementor-element elementor-element-db5003e\" data-id=\"db5003e\" data-element_type=\"column\" data-e-type=\"column\">\n\t\t\t<div class=\"elementor-widget-wrap elementor-element-populated\">\n\t\t\t\t\t\t<section class=\"elementor-section elementor-inner-section elementor-element elementor-element-491a895 elementor-section-boxed elementor-section-height-default elementor-section-height-default\" data-id=\"491a895\" data-element_type=\"section\" data-e-type=\"section\">\n\t\t\t\t\t\t<div class=\"elementor-container elementor-column-gap-default\">\n\t\t\t\t\t<div class=\"elementor-column elementor-col-33 elementor-inner-column elementor-element elementor-element-681489f\" data-id=\"681489f\" data-element_type=\"column\" data-e-type=\"column\">\n\t\t\t<div class=\"elementor-widget-wrap\">\n\t\t\t\t\t\t\t<\/div>\n\t\t<\/div>\n\t\t\t\t<div class=\"elementor-column elementor-col-33 elementor-inner-column elementor-element elementor-element-2388700\" data-id=\"2388700\" data-element_type=\"column\" data-e-type=\"column\">\n\t\t\t<div class=\"elementor-widget-wrap elementor-element-populated\">\n\t\t\t\t\t\t<div class=\"elementor-element elementor-element-919ff5b elementor-view-default elementor-invisible elementor-widget elementor-widget-icon\" data-id=\"919ff5b\" data-element_type=\"widget\" data-e-type=\"widget\" data-settings=\"{&quot;_animation&quot;:&quot;fadeInUp&quot;}\" data-widget_type=\"icon.default\">\n\t\t\t\t<div class=\"elementor-widget-container\">\n\t\t\t\t\t\t\t<div class=\"elementor-icon-wrapper\">\n\t\t\t<div class=\"elementor-icon\">\n\t\t\t<svg aria-hidden=\"true\" class=\"e-font-icon-svg e-far-check-circle\" viewBox=\"0 0 512 512\" xmlns=\"http:\/\/www.w3.org\/2000\/svg\"><path d=\"M256 8C119.033 8 8 119.033 8 256s111.033 248 248 248 248-111.033 248-248S392.967 8 256 8zm0 48c110.532 0 200 89.451 200 200 0 110.532-89.451 200-200 200-110.532 0-200-89.451-200-200 0-110.532 89.451-200 200-200m140.204 130.267l-22.536-22.718c-4.667-4.705-12.265-4.736-16.97-.068L215.346 303.697l-59.792-60.277c-4.667-4.705-12.265-4.736-16.97-.069l-22.719 22.536c-4.705 4.667-4.736 12.265-.068 16.971l90.781 91.516c4.667 4.705 12.265 4.736 16.97.068l172.589-171.204c4.704-4.668 4.734-12.266.067-16.971z\"><\/path><\/svg>\t\t\t<\/div>\n\t\t<\/div>\n\t\t\t\t\t\t<\/div>\n\t\t\t\t<\/div>\n\t\t\t\t\t<\/div>\n\t\t<\/div>\n\t\t\t\t<div class=\"elementor-column elementor-col-33 elementor-inner-column elementor-element elementor-element-a99c8c3\" data-id=\"a99c8c3\" data-element_type=\"column\" data-e-type=\"column\">\n\t\t\t<div class=\"elementor-widget-wrap elementor-element-populated\">\n\t\t\t\t\t\t<div class=\"elementor-element elementor-element-a2e7e73 elementor-invisible elementor-widget elementor-widget-text-editor\" data-id=\"a2e7e73\" data-element_type=\"widget\" data-e-type=\"widget\" data-settings=\"{&quot;_animation&quot;:&quot;fadeInUp&quot;,&quot;_animation_delay&quot;:100}\" data-widget_type=\"text-editor.default\">\n\t\t\t\t<div class=\"elementor-widget-container\">\n\t\t\t\t\t\t\t\t\t<p><strong>L&#8217;<em>\u00e9motion<\/em> au c\u0153ur de mon approche <\/strong>: En tant qu&#8217;hypersensible, je ressens les \u00e9motions et les \u00e9nergies des couples que j&#8217;accompagne. Je comprends et ressens les \u00e9motions qui les animent et flottent autour d&#8217;eux. Je m&#8217;en inspire, m&#8217;en nourris et c&#8217;est ainsi que j&#8217;arrive \u00e0 les capturer pour les retranscrire dans mes photos. J\u2019accorde beaucoup d\u2019importance \u00e0 l\u2019unicit\u00e9 de votre couple, de votre histoire et souhaite la retranscrire de la mani\u00e8re la plus honn\u00eate et fid\u00e8le possible. C&#8217;est ce qui fait vibrer mon c\u0153ur : saisir ces \u00e9motions fortes pour que vous puissiez les revivre \u00e0 nouveau, pour toujours.<\/p>\t\t\t\t\t\t\t\t<\/div>\n\t\t\t\t<\/div>\n\t\t\t\t\t<\/div>\n\t\t<\/div>\n\t\t\t\t\t<\/div>\n\t\t<\/section>\n\t\t\t\t<section class=\"elementor-section elementor-inner-section elementor-element elementor-element-d3a165b elementor-section-boxed elementor-section-height-default elementor-section-height-default\" data-id=\"d3a165b\" data-element_type=\"section\" data-e-type=\"section\">\n\t\t\t\t\t\t<div class=\"elementor-container elementor-column-gap-default\">\n\t\t\t\t\t<div class=\"elementor-column elementor-col-33 elementor-inner-column elementor-element elementor-element-87051be\" data-id=\"87051be\" data-element_type=\"column\" data-e-type=\"column\">\n\t\t\t<div class=\"elementor-widget-wrap\">\n\t\t\t\t\t\t\t<\/div>\n\t\t<\/div>\n\t\t\t\t<div class=\"elementor-column elementor-col-33 elementor-inner-column elementor-element elementor-element-4a95963\" data-id=\"4a95963\" data-element_type=\"column\" data-e-type=\"column\">\n\t\t\t<div class=\"elementor-widget-wrap elementor-element-populated\">\n\t\t\t\t\t\t<div class=\"elementor-element elementor-element-9b3278a elementor-view-default elementor-invisible elementor-widget elementor-widget-icon\" data-id=\"9b3278a\" data-element_type=\"widget\" data-e-type=\"widget\" data-settings=\"{&quot;_animation&quot;:&quot;fadeInUp&quot;}\" data-widget_type=\"icon.default\">\n\t\t\t\t<div class=\"elementor-widget-container\">\n\t\t\t\t\t\t\t<div class=\"elementor-icon-wrapper\">\n\t\t\t<div class=\"elementor-icon\">\n\t\t\t<svg aria-hidden=\"true\" class=\"e-font-icon-svg e-far-check-circle\" viewBox=\"0 0 512 512\" xmlns=\"http:\/\/www.w3.org\/2000\/svg\"><path d=\"M256 8C119.033 8 8 119.033 8 256s111.033 248 248 248 248-111.033 248-248S392.967 8 256 8zm0 48c110.532 0 200 89.451 200 200 0 110.532-89.451 200-200 200-110.532 0-200-89.451-200-200 0-110.532 89.451-200 200-200m140.204 130.267l-22.536-22.718c-4.667-4.705-12.265-4.736-16.97-.068L215.346 303.697l-59.792-60.277c-4.667-4.705-12.265-4.736-16.97-.069l-22.719 22.536c-4.705 4.667-4.736 12.265-.068 16.971l90.781 91.516c4.667 4.705 12.265 4.736 16.97.068l172.589-171.204c4.704-4.668 4.734-12.266.067-16.971z\"><\/path><\/svg>\t\t\t<\/div>\n\t\t<\/div>\n\t\t\t\t\t\t<\/div>\n\t\t\t\t<\/div>\n\t\t\t\t\t<\/div>\n\t\t<\/div>\n\t\t\t\t<div class=\"elementor-column elementor-col-33 elementor-inner-column elementor-element elementor-element-36a3c1c\" data-id=\"36a3c1c\" data-element_type=\"column\" data-e-type=\"column\">\n\t\t\t<div class=\"elementor-widget-wrap elementor-element-populated\">\n\t\t\t\t\t\t<div class=\"elementor-element elementor-element-a6812a1 elementor-invisible elementor-widget elementor-widget-text-editor\" data-id=\"a6812a1\" data-element_type=\"widget\" data-e-type=\"widget\" data-settings=\"{&quot;_animation&quot;:&quot;fadeInUp&quot;,&quot;_animation_delay&quot;:100}\" data-widget_type=\"text-editor.default\">\n\t\t\t\t<div class=\"elementor-widget-container\">\n\t\t\t\t\t\t\t\t\t<p><b>Un univers <em>doux<\/em> et sensible <\/b>: Des photos<span style=\"font-size: 1rem;\">\u00a0naturelles, authentiques et intenses qui capturent sinc\u00e8rement le d\u00e9roul\u00e9 et les \u00e9motions dans une ambiance po\u00e9tique, intemporelle et nostalgique. <\/span><span style=\"font-size: 1rem;\">Les couleurs sont riches et profondes. Je travaille beaucoup les ombres pour jouer avec la lumi\u00e8re.\u00a0<\/span><span style=\"font-size: 1rem; font-style: inherit; font-weight: inherit;\">Je cr\u00e9e ainsi des photos de mariages non traditionnelles \u00e0 l&#8217;atmosph\u00e8re vaporeuse.\u00a0<\/span><span style=\"font-style: inherit; font-weight: inherit;\">Je travaille minutieusement les teintes de peau pour assurer un rendu lumineux, doux et naturel.\u00a0<\/span><span style=\"font-style: inherit; font-weight: inherit;\">Je d\u00e9veloppe mes images en m&#8217;inspirant du rendu argentique avec un grain textur\u00e9 qui apporte profondeur, intensit\u00e9 et une touche vintage.\u00a0<\/span><span style=\"font-style: inherit; font-weight: inherit;\">J&#8217;aime aussi jouer avec du flou, des prismes, la lune, les \u00e9toiles&#8230; Pour cr\u00e9er des images uniques et un brin oniriques.<\/span><\/p>\t\t\t\t\t\t\t\t<\/div>\n\t\t\t\t<\/div>\n\t\t\t\t\t<\/div>\n\t\t<\/div>\n\t\t\t\t\t<\/div>\n\t\t<\/section>\n\t\t\t\t<section class=\"elementor-section elementor-inner-section elementor-element elementor-element-d7327c8 elementor-section-boxed elementor-section-height-default elementor-section-height-default\" data-id=\"d7327c8\" data-element_type=\"section\" data-e-type=\"section\">\n\t\t\t\t\t\t<div class=\"elementor-container elementor-column-gap-default\">\n\t\t\t\t\t<div class=\"elementor-column elementor-col-33 elementor-inner-column elementor-element elementor-element-637ba62\" data-id=\"637ba62\" data-element_type=\"column\" data-e-type=\"column\">\n\t\t\t<div class=\"elementor-widget-wrap\">\n\t\t\t\t\t\t\t<\/div>\n\t\t<\/div>\n\t\t\t\t<div class=\"elementor-column elementor-col-33 elementor-inner-column elementor-element elementor-element-f79fc68\" data-id=\"f79fc68\" data-element_type=\"column\" data-e-type=\"column\">\n\t\t\t<div class=\"elementor-widget-wrap elementor-element-populated\">\n\t\t\t\t\t\t<div class=\"elementor-element elementor-element-137e670 elementor-view-default elementor-invisible elementor-widget elementor-widget-icon\" data-id=\"137e670\" data-element_type=\"widget\" data-e-type=\"widget\" data-settings=\"{&quot;_animation&quot;:&quot;fadeInUp&quot;}\" data-widget_type=\"icon.default\">\n\t\t\t\t<div class=\"elementor-widget-container\">\n\t\t\t\t\t\t\t<div class=\"elementor-icon-wrapper\">\n\t\t\t<div class=\"elementor-icon\">\n\t\t\t<svg aria-hidden=\"true\" class=\"e-font-icon-svg e-far-check-circle\" viewBox=\"0 0 512 512\" xmlns=\"http:\/\/www.w3.org\/2000\/svg\"><path d=\"M256 8C119.033 8 8 119.033 8 256s111.033 248 248 248 248-111.033 248-248S392.967 8 256 8zm0 48c110.532 0 200 89.451 200 200 0 110.532-89.451 200-200 200-110.532 0-200-89.451-200-200 0-110.532 89.451-200 200-200m140.204 130.267l-22.536-22.718c-4.667-4.705-12.265-4.736-16.97-.068L215.346 303.697l-59.792-60.277c-4.667-4.705-12.265-4.736-16.97-.069l-22.719 22.536c-4.705 4.667-4.736 12.265-.068 16.971l90.781 91.516c4.667 4.705 12.265 4.736 16.97.068l172.589-171.204c4.704-4.668 4.734-12.266.067-16.971z\"><\/path><\/svg>\t\t\t<\/div>\n\t\t<\/div>\n\t\t\t\t\t\t<\/div>\n\t\t\t\t<\/div>\n\t\t\t\t\t<\/div>\n\t\t<\/div>\n\t\t\t\t<div class=\"elementor-column elementor-col-33 elementor-inner-column elementor-element elementor-element-06f72bc\" data-id=\"06f72bc\" data-element_type=\"column\" data-e-type=\"column\">\n\t\t\t<div class=\"elementor-widget-wrap elementor-element-populated\">\n\t\t\t\t\t\t<div class=\"elementor-element elementor-element-8300d52 elementor-invisible elementor-widget elementor-widget-text-editor\" data-id=\"8300d52\" data-element_type=\"widget\" data-e-type=\"widget\" data-settings=\"{&quot;_animation&quot;:&quot;fadeInUp&quot;,&quot;_animation_delay&quot;:100}\" data-widget_type=\"text-editor.default\">\n\t\t\t\t<div class=\"elementor-widget-container\">\n\t\t\t\t\t\t\t\t\t<p><strong>Votre <em>h\u00e9ritage<\/em> \u00e9motionnel <\/strong>: <span style=\"font-size: 1rem;\">Apr\u00e8s des mois de pr\u00e9paration, cette journ\u00e9e si sp\u00e9ciale passe en un \u00e9clair. Les seules choses tangibles qu&#8221;il vous reste sont vos alliances et vos souvenirs, qui s&#8217;estompent avec le temps. Vos photos jouent un r\u00f4le essentiel : raconter fid\u00e8lement votre histoire de mariage. Elles<\/span><span style=\"font-style: inherit; font-weight: inherit;\">\u00a0sont le t\u00e9moignage non seulement de votre mariage, mais aussi de votre histoire d&#8217;amour, de vos liens avec vos proches. Elles sont les archives de la vie, de <\/span><span style=\"font-weight: inherit;\"><i>votre<\/i><\/span><span style=\"font-style: inherit; font-weight: inherit;\"> vie. Elles s&#8217;inscrivent \u00e0 votre h\u00e9ritage \u00e9motionnel. Cet h\u00e9ritage qui vous fera revivre toutes ces \u00e9motions dans 10, 20, 50 ans. Cet h\u00e9ritage que vous transmettrez aux g\u00e9n\u00e9rations futures. En ce sens, vos photos de mariage ont une valeur inestimable.<\/span><\/p>\t\t\t\t\t\t\t\t<\/div>\n\t\t\t\t<\/div>\n\t\t\t\t<div class=\"elementor-element elementor-element-07e2010 elementor-invisible elementor-widget elementor-widget-heading\" data-id=\"07e2010\" data-element_type=\"widget\" data-e-type=\"widget\" data-settings=\"{&quot;_animation&quot;:&quot;fadeInUp&quot;}\" data-widget_type=\"heading.default\">\n\t\t\t\t<div class=\"elementor-widget-container\">\n\t\t\t\t\t<h4 class=\"elementor-heading-title elementor-size-default\">Alors... Quelle sera <i>votre<\/i> histoire de mariage?<\/h4>\t\t\t\t<\/div>\n\t\t\t\t<\/div>\n\t\t\t\t<div class=\"elementor-element elementor-element-83946e0 elementor-align-center elementor-invisible elementor-widget elementor-widget-button\" data-id=\"83946e0\" data-element_type=\"widget\" data-e-type=\"widget\" data-settings=\"{&quot;_animation&quot;:&quot;fadeInUp&quot;}\" data-widget_type=\"button.default\">\n\t\t\t\t<div class=\"elementor-widget-container\">\n\t\t\t\t\t\t\t\t\t<div class=\"elementor-button-wrapper\">\n\t\t\t\t\t<a class=\"elementor-button elementor-button-link elementor-size-sm elementor-animation-float\" href=\"#contact-photographe-mariage-landes\">\n\t\t\t\t\t\t<span class=\"elementor-button-content-wrapper\">\n\t\t\t\t\t\t\t\t\t<span class=\"elementor-button-text\">On te raconte notre mariage de r\u00eave &gt;<\/span>\n\t\t\t\t\t<\/span>\n\t\t\t\t\t<\/a>\n\t\t\t\t<\/div>\n\t\t\t\t\t\t\t\t<\/div>\n\t\t\t\t<\/div>\n\t\t\t\t\t<\/div>\n\t\t<\/div>\n\t\t\t\t\t<\/div>\n\t\t<\/section>\n\t\t\t\t\t<\/div>\n\t\t<\/div>\n\t\t\t\t\t<\/div>\n\t\t<\/section>\n\t\t\t\t\t<\/div>\n\t\t<\/div>\n\t\t\t\t\t<\/div>\n\t\t<\/section>\n\t\t\t\t<section class=\"elementor-section elementor-top-section elementor-element elementor-element-4023c0d elementor-section-full_width elementor-section-height-min-height elementor-section-height-default elementor-section-items-middle\" data-id=\"4023c0d\" data-element_type=\"section\" data-e-type=\"section\" data-settings=\"{&quot;background_background&quot;:&quot;classic&quot;}\">\n\t\t\t\t\t\t<div class=\"elementor-container elementor-column-gap-default\">\n\t\t\t\t\t<div class=\"elementor-column elementor-col-100 elementor-top-column elementor-element elementor-element-6fe36bf\" data-id=\"6fe36bf\" data-element_type=\"column\" data-e-type=\"column\">\n\t\t\t<div class=\"elementor-widget-wrap elementor-element-populated\">\n\t\t\t\t\t\t<div class=\"elementor-element elementor-element-8e08014 elementor-invisible elementor-widget elementor-widget-heading\" data-id=\"8e08014\" data-element_type=\"widget\" data-e-type=\"widget\" data-settings=\"{&quot;_animation&quot;:&quot;fadeInUp&quot;}\" data-widget_type=\"heading.default\">\n\t\t\t\t<div class=\"elementor-widget-container\">\n\t\t\t\t\t<h2 class=\"elementor-heading-title elementor-size-default\">Votre mariage m\u00e9rite d'\u00eatre une exp\u00e9rience \u00e0 part enti\u00e8re<\/h2>\t\t\t\t<\/div>\n\t\t\t\t<\/div>\n\t\t\t\t\t<\/div>\n\t\t<\/div>\n\t\t\t\t\t<\/div>\n\t\t<\/section>\n\t\t\t\t<section class=\"elementor-section elementor-top-section elementor-element elementor-element-83529c4 elementor-section-full_width elementor-section-height-default elementor-section-height-default\" data-id=\"83529c4\" data-element_type=\"section\" data-e-type=\"section\" data-settings=\"{&quot;background_background&quot;:&quot;classic&quot;}\">\n\t\t\t\t\t\t<div class=\"elementor-container elementor-column-gap-default\">\n\t\t\t\t\t<div class=\"elementor-column elementor-col-16 elementor-top-column elementor-element elementor-element-d3994e2\" data-id=\"d3994e2\" data-element_type=\"column\" data-e-type=\"column\">\n\t\t\t<div class=\"elementor-widget-wrap\">\n\t\t\t\t\t\t\t<\/div>\n\t\t<\/div>\n\t\t\t\t<div class=\"elementor-column elementor-col-66 elementor-top-column elementor-element elementor-element-2d5258f\" data-id=\"2d5258f\" data-element_type=\"column\" data-e-type=\"column\">\n\t\t\t<div class=\"elementor-widget-wrap elementor-element-populated\">\n\t\t\t\t\t\t<div class=\"elementor-element elementor-element-aeedf0a elementor-widget elementor-widget-menu-anchor\" data-id=\"aeedf0a\" data-element_type=\"widget\" data-e-type=\"widget\" data-widget_type=\"menu-anchor.default\">\n\t\t\t\t<div class=\"elementor-widget-container\">\n\t\t\t\t\t\t\t<div class=\"elementor-menu-anchor\" id=\"comment-ca-marche\"><\/div>\n\t\t\t\t\t\t<\/div>\n\t\t\t\t<\/div>\n\t\t\t\t<div class=\"elementor-element elementor-element-579bc7a elementor-invisible elementor-widget elementor-widget-heading\" data-id=\"579bc7a\" data-element_type=\"widget\" data-e-type=\"widget\" data-settings=\"{&quot;_animation&quot;:&quot;fadeInUp&quot;}\" data-widget_type=\"heading.default\">\n\t\t\t\t<div class=\"elementor-widget-container\">\n\t\t\t\t\t<h4 class=\"elementor-heading-title elementor-size-default\">Je serai votre guide vers une exp\u00e9rience de mariage<br>significative, intentionnelle et unique.<\/h4>\t\t\t\t<\/div>\n\t\t\t\t<\/div>\n\t\t\t\t\t<\/div>\n\t\t<\/div>\n\t\t\t\t<div class=\"elementor-column elementor-col-16 elementor-top-column elementor-element elementor-element-064a6df\" data-id=\"064a6df\" data-element_type=\"column\" data-e-type=\"column\">\n\t\t\t<div class=\"elementor-widget-wrap\">\n\t\t\t\t\t\t\t<\/div>\n\t\t<\/div>\n\t\t\t\t\t<\/div>\n\t\t<\/section>\n\t\t\t\t<section class=\"elementor-section elementor-top-section elementor-element elementor-element-59de935 elementor-section-boxed elementor-section-height-default elementor-section-height-default\" data-id=\"59de935\" data-element_type=\"section\" data-e-type=\"section\" data-settings=\"{&quot;background_background&quot;:&quot;classic&quot;}\">\n\t\t\t\t\t\t<div class=\"elementor-container elementor-column-gap-default\">\n\t\t\t\t\t<div class=\"elementor-column elementor-col-100 elementor-top-column elementor-element elementor-element-7cab6b8\" data-id=\"7cab6b8\" data-element_type=\"column\" data-e-type=\"column\">\n\t\t\t<div class=\"elementor-widget-wrap elementor-element-populated\">\n\t\t\t\t\t\t<section class=\"elementor-section elementor-inner-section elementor-element elementor-element-d1ce3fe elementor-section-boxed elementor-section-height-default elementor-section-height-default\" data-id=\"d1ce3fe\" data-element_type=\"section\" data-e-type=\"section\">\n\t\t\t\t\t\t<div class=\"elementor-container elementor-column-gap-default\">\n\t\t\t\t\t<div class=\"elementor-column elementor-col-50 elementor-inner-column elementor-element elementor-element-a20e8e1\" data-id=\"a20e8e1\" data-element_type=\"column\" data-e-type=\"column\">\n\t\t\t<div class=\"elementor-widget-wrap elementor-element-populated\">\n\t\t\t\t\t\t<div class=\"elementor-element elementor-element-d30e0f4 elementor-invisible elementor-widget elementor-widget-image\" data-id=\"d30e0f4\" data-element_type=\"widget\" data-e-type=\"widget\" data-settings=\"{&quot;_animation&quot;:&quot;fadeInLeft&quot;}\" data-widget_type=\"image.default\">\n\t\t\t\t<div class=\"elementor-widget-container\">\n\t\t\t\t\t\t\t\t\t\t\t\t\t\t\t<img loading=\"lazy\" decoding=\"async\" width=\"683\" height=\"1024\" src=\"https:\/\/gaetaneglize.com\/wp-content\/uploads\/2024\/12\/mariage-renaissance-chateau-poudenas_gaetane-glize-photographie_1163-683x1024.jpg\" class=\"attachment-large size-large wp-image-15764\" alt=\"Une mari\u00e9e avec un voile et son bouquet parait divine. Un vrai tableau r\u00e9alis\u00e9 par Ga\u00e9tane Glize, photographe mariage Landes et Pays Basque.\" srcset=\"https:\/\/gaetaneglize.com\/wp-content\/uploads\/2024\/12\/mariage-renaissance-chateau-poudenas_gaetane-glize-photographie_1163-683x1024.jpg 683w, https:\/\/gaetaneglize.com\/wp-content\/uploads\/2024\/12\/mariage-renaissance-chateau-poudenas_gaetane-glize-photographie_1163-200x300.jpg 200w, https:\/\/gaetaneglize.com\/wp-content\/uploads\/2024\/12\/mariage-renaissance-chateau-poudenas_gaetane-glize-photographie_1163-768x1152.jpg 768w, https:\/\/gaetaneglize.com\/wp-content\/uploads\/2024\/12\/mariage-renaissance-chateau-poudenas_gaetane-glize-photographie_1163-1024x1536.jpg 1024w, https:\/\/gaetaneglize.com\/wp-content\/uploads\/2024\/12\/mariage-renaissance-chateau-poudenas_gaetane-glize-photographie_1163.jpg 1067w\" sizes=\"(max-width: 683px) 100vw, 683px\" \/>\t\t\t\t\t\t\t\t\t\t\t\t\t\t\t<\/div>\n\t\t\t\t<\/div>\n\t\t\t\t<div class=\"elementor-element elementor-element-cfb2897 elementor-invisible elementor-widget elementor-widget-image\" data-id=\"cfb2897\" data-element_type=\"widget\" data-e-type=\"widget\" data-settings=\"{&quot;_animation&quot;:&quot;fadeInUp&quot;}\" data-widget_type=\"image.default\">\n\t\t\t\t<div class=\"elementor-widget-container\">\n\t\t\t\t\t\t\t\t\t\t\t\t\t\t\t<img loading=\"lazy\" decoding=\"async\" width=\"711\" height=\"1067\" src=\"https:\/\/gaetaneglize.com\/wp-content\/uploads\/2024\/12\/noemie-alix-photographie-mariage-domaine-bassibe-gers-1740-2.jpg\" class=\"attachment-full size-full wp-image-15890\" alt=\"Une mari\u00e9e pleure d&#039;\u00e9motion. De belles larmes d&#039;amour captur\u00e9es par Ga\u00e9tane Glize, photographe mariage Landes, au domaine de Bassib\u00e9.\" srcset=\"https:\/\/gaetaneglize.com\/wp-content\/uploads\/2024\/12\/noemie-alix-photographie-mariage-domaine-bassibe-gers-1740-2.jpg 711w, https:\/\/gaetaneglize.com\/wp-content\/uploads\/2024\/12\/noemie-alix-photographie-mariage-domaine-bassibe-gers-1740-2-200x300.jpg 200w, https:\/\/gaetaneglize.com\/wp-content\/uploads\/2024\/12\/noemie-alix-photographie-mariage-domaine-bassibe-gers-1740-2-682x1024.jpg 682w\" sizes=\"(max-width: 711px) 100vw, 711px\" \/>\t\t\t\t\t\t\t\t\t\t\t\t\t\t\t<\/div>\n\t\t\t\t<\/div>\n\t\t\t\t<div class=\"elementor-element elementor-element-7ddb3ac elementor-invisible elementor-widget elementor-widget-image\" data-id=\"7ddb3ac\" data-element_type=\"widget\" data-e-type=\"widget\" data-settings=\"{&quot;_animation&quot;:&quot;fadeInUp&quot;}\" data-widget_type=\"image.default\">\n\t\t\t\t<div class=\"elementor-widget-container\">\n\t\t\t\t\t\t\t\t\t\t\t\t\t\t\t<img loading=\"lazy\" decoding=\"async\" width=\"1024\" height=\"683\" src=\"https:\/\/gaetaneglize.com\/wp-content\/uploads\/2023\/01\/photographe-mariage-landes-pays-basque-004-1024x683.jpg\" class=\"attachment-large size-large wp-image-12505\" alt=\"Un couple de mari\u00e9s s&#039;embrassent au coucher du soleil pendant leur s\u00e9ance photo elopement avec Ga\u00e9tane Glize, photographe mariage Landes et Pays Basque.\" srcset=\"https:\/\/gaetaneglize.com\/wp-content\/uploads\/2023\/01\/photographe-mariage-landes-pays-basque-004-1024x683.jpg 1024w, https:\/\/gaetaneglize.com\/wp-content\/uploads\/2023\/01\/photographe-mariage-landes-pays-basque-004-300x200.jpg 300w, https:\/\/gaetaneglize.com\/wp-content\/uploads\/2023\/01\/photographe-mariage-landes-pays-basque-004-768x512.jpg 768w, https:\/\/gaetaneglize.com\/wp-content\/uploads\/2023\/01\/photographe-mariage-landes-pays-basque-004.jpg 1500w\" sizes=\"(max-width: 1024px) 100vw, 1024px\" \/>\t\t\t\t\t\t\t\t\t\t\t\t\t\t\t<\/div>\n\t\t\t\t<\/div>\n\t\t\t\t<div class=\"elementor-element elementor-element-d3d6aac elementor-invisible elementor-widget elementor-widget-image\" data-id=\"d3d6aac\" data-element_type=\"widget\" data-e-type=\"widget\" data-settings=\"{&quot;_animation&quot;:&quot;fadeInRight&quot;}\" data-widget_type=\"image.default\">\n\t\t\t\t<div class=\"elementor-widget-container\">\n\t\t\t\t\t\t\t\t\t\t\t\t\t\t\t<img loading=\"lazy\" decoding=\"async\" width=\"1600\" height=\"1067\" src=\"https:\/\/gaetaneglize.com\/wp-content\/uploads\/2024\/12\/michelle-bertrand-mariage-chateau-amou-landes-preview-1034_websize-1.jpg\" class=\"attachment-full size-full wp-image-15683\" alt=\"Le couple de mari\u00e9s marchent en riant. Leur complicit\u00e9 est saisie par Ga\u00e9tane Glize, photographe mariage Landes au ch\u00e2teau d&#039;amou.\" srcset=\"https:\/\/gaetaneglize.com\/wp-content\/uploads\/2024\/12\/michelle-bertrand-mariage-chateau-amou-landes-preview-1034_websize-1.jpg 1600w, https:\/\/gaetaneglize.com\/wp-content\/uploads\/2024\/12\/michelle-bertrand-mariage-chateau-amou-landes-preview-1034_websize-1-300x200.jpg 300w, https:\/\/gaetaneglize.com\/wp-content\/uploads\/2024\/12\/michelle-bertrand-mariage-chateau-amou-landes-preview-1034_websize-1-1024x683.jpg 1024w, https:\/\/gaetaneglize.com\/wp-content\/uploads\/2024\/12\/michelle-bertrand-mariage-chateau-amou-landes-preview-1034_websize-1-768x512.jpg 768w, https:\/\/gaetaneglize.com\/wp-content\/uploads\/2024\/12\/michelle-bertrand-mariage-chateau-amou-landes-preview-1034_websize-1-1536x1024.jpg 1536w\" sizes=\"(max-width: 1600px) 100vw, 1600px\" \/>\t\t\t\t\t\t\t\t\t\t\t\t\t\t\t<\/div>\n\t\t\t\t<\/div>\n\t\t\t\t<div class=\"elementor-element elementor-element-8d776c4 elementor-invisible elementor-widget elementor-widget-image\" data-id=\"8d776c4\" data-element_type=\"widget\" data-e-type=\"widget\" data-settings=\"{&quot;_animation&quot;:&quot;fadeInLeft&quot;}\" data-widget_type=\"image.default\">\n\t\t\t\t<div class=\"elementor-widget-container\">\n\t\t\t\t\t\t\t\t\t\t\t\t\t\t\t<img loading=\"lazy\" decoding=\"async\" width=\"1500\" height=\"1000\" src=\"https:\/\/gaetaneglize.com\/wp-content\/uploads\/2024\/12\/naiti-maxime-photographe-mariage-bordeaux-gironde-aquitaine-1843-animation_websize-2.gif\" class=\"attachment-full size-full wp-image-15887\" alt=\"Un couple de mari\u00e9 dansent pendant leur cocktail de mariage avec leurs invit\u00e9s autour, ils sont dans le jardin de leur maison dans les Landes.\" \/>\t\t\t\t\t\t\t\t\t\t\t\t\t\t\t<\/div>\n\t\t\t\t<\/div>\n\t\t\t\t\t<\/div>\n\t\t<\/div>\n\t\t\t\t<div class=\"elementor-column elementor-col-50 elementor-inner-column elementor-element elementor-element-348352d\" data-id=\"348352d\" data-element_type=\"column\" data-e-type=\"column\">\n\t\t\t<div class=\"elementor-widget-wrap elementor-element-populated\">\n\t\t\t\t\t\t<section class=\"elementor-section elementor-inner-section elementor-element elementor-element-39c2810 elementor-section-boxed elementor-section-height-default elementor-section-height-default\" data-id=\"39c2810\" data-element_type=\"section\" data-e-type=\"section\">\n\t\t\t\t\t\t<div class=\"elementor-container elementor-column-gap-default\">\n\t\t\t\t\t<div class=\"elementor-column elementor-col-50 elementor-inner-column elementor-element elementor-element-d59e03b\" data-id=\"d59e03b\" data-element_type=\"column\" data-e-type=\"column\">\n\t\t\t<div class=\"elementor-widget-wrap\">\n\t\t\t\t\t\t\t<\/div>\n\t\t<\/div>\n\t\t\t\t<div class=\"elementor-column elementor-col-50 elementor-inner-column elementor-element elementor-element-0cb7abc\" data-id=\"0cb7abc\" data-element_type=\"column\" data-e-type=\"column\">\n\t\t\t<div class=\"elementor-widget-wrap elementor-element-populated\">\n\t\t\t\t\t\t<div class=\"elementor-element elementor-element-323c81d elementor-invisible elementor-widget elementor-widget-heading\" data-id=\"323c81d\" data-element_type=\"widget\" data-e-type=\"widget\" data-settings=\"{&quot;_animation&quot;:&quot;fadeInRight&quot;}\" data-widget_type=\"heading.default\">\n\t\t\t\t<div class=\"elementor-widget-container\">\n\t\t\t\t\t<h3 class=\"elementor-heading-title elementor-size-default\">Votre mariage en 6 \u00e9tapes<\/h3>\t\t\t\t<\/div>\n\t\t\t\t<\/div>\n\t\t\t\t<div class=\"elementor-element elementor-element-7ce0a88 elementor-invisible elementor-widget elementor-widget-heading\" data-id=\"7ce0a88\" data-element_type=\"widget\" data-e-type=\"widget\" data-settings=\"{&quot;_animation&quot;:&quot;fadeInRight&quot;}\" data-widget_type=\"heading.default\">\n\t\t\t\t<div class=\"elementor-widget-container\">\n\t\t\t\t\t<h2 class=\"elementor-heading-title elementor-size-default\">Comment \u00e7a marche  ?<\/h2>\t\t\t\t<\/div>\n\t\t\t\t<\/div>\n\t\t\t\t\t<\/div>\n\t\t<\/div>\n\t\t\t\t\t<\/div>\n\t\t<\/section>\n\t\t\t\t<section class=\"elementor-section elementor-inner-section elementor-element elementor-element-daf80b2 elementor-section-boxed elementor-section-height-default elementor-section-height-default\" data-id=\"daf80b2\" data-element_type=\"section\" data-e-type=\"section\">\n\t\t\t\t\t\t<div class=\"elementor-container elementor-column-gap-default\">\n\t\t\t\t\t<div class=\"elementor-column elementor-col-33 elementor-inner-column elementor-element elementor-element-fc45ccb\" data-id=\"fc45ccb\" data-element_type=\"column\" data-e-type=\"column\">\n\t\t\t<div class=\"elementor-widget-wrap\">\n\t\t\t\t\t\t\t<\/div>\n\t\t<\/div>\n\t\t\t\t<div class=\"elementor-column elementor-col-33 elementor-inner-column elementor-element elementor-element-a6e9eb0\" data-id=\"a6e9eb0\" data-element_type=\"column\" data-e-type=\"column\">\n\t\t\t<div class=\"elementor-widget-wrap elementor-element-populated\">\n\t\t\t\t\t\t<div class=\"elementor-element elementor-element-1572069 elementor-view-default elementor-invisible elementor-widget elementor-widget-icon\" data-id=\"1572069\" data-element_type=\"widget\" data-e-type=\"widget\" data-settings=\"{&quot;_animation&quot;:&quot;fadeInUp&quot;}\" data-widget_type=\"icon.default\">\n\t\t\t\t<div class=\"elementor-widget-container\">\n\t\t\t\t\t\t\t<div class=\"elementor-icon-wrapper\">\n\t\t\t<div class=\"elementor-icon\">\n\t\t\t<svg aria-hidden=\"true\" class=\"e-font-icon-svg e-far-check-circle\" viewBox=\"0 0 512 512\" xmlns=\"http:\/\/www.w3.org\/2000\/svg\"><path d=\"M256 8C119.033 8 8 119.033 8 256s111.033 248 248 248 248-111.033 248-248S392.967 8 256 8zm0 48c110.532 0 200 89.451 200 200 0 110.532-89.451 200-200 200-110.532 0-200-89.451-200-200 0-110.532 89.451-200 200-200m140.204 130.267l-22.536-22.718c-4.667-4.705-12.265-4.736-16.97-.068L215.346 303.697l-59.792-60.277c-4.667-4.705-12.265-4.736-16.97-.069l-22.719 22.536c-4.705 4.667-4.736 12.265-.068 16.971l90.781 91.516c4.667 4.705 12.265 4.736 16.97.068l172.589-171.204c4.704-4.668 4.734-12.266.067-16.971z\"><\/path><\/svg>\t\t\t<\/div>\n\t\t<\/div>\n\t\t\t\t\t\t<\/div>\n\t\t\t\t<\/div>\n\t\t\t\t\t<\/div>\n\t\t<\/div>\n\t\t\t\t<div class=\"elementor-column elementor-col-33 elementor-inner-column elementor-element elementor-element-d72892c\" data-id=\"d72892c\" data-element_type=\"column\" data-e-type=\"column\">\n\t\t\t<div class=\"elementor-widget-wrap elementor-element-populated\">\n\t\t\t\t\t\t<div class=\"elementor-element elementor-element-e1d1de4 elementor-invisible elementor-widget elementor-widget-text-editor\" data-id=\"e1d1de4\" data-element_type=\"widget\" data-e-type=\"widget\" data-settings=\"{&quot;_animation&quot;:&quot;fadeInUp&quot;,&quot;_animation_delay&quot;:100}\" data-widget_type=\"text-editor.default\">\n\t\t\t\t<div class=\"elementor-widget-container\">\n\t\t\t\t\t\t\t\t\t<p><strong>On se <em>connecte<\/em><\/strong> : Je vous invite \u00e0 me contacter gr\u00e2ce \u00e0 mon formulaire de contact <a style=\"color: black;\" href=\"#contact-photographe-mariage-landes\"><u>ici<\/u><\/a>, puis, nous \u00e9changerons au t\u00e9l\u00e9phone ou autour d\u2019un caf\u00e9 pour apprendre \u00e0 mieux nous conna\u00eetre, parler de vous, de ce que vous avez en t\u00eate, de ce que cette journ\u00e9e signifie pour vous, et surtout r\u00eaver de votre journ\u00e9e parfaite !<\/p>\t\t\t\t\t\t\t\t<\/div>\n\t\t\t\t<\/div>\n\t\t\t\t\t<\/div>\n\t\t<\/div>\n\t\t\t\t\t<\/div>\n\t\t<\/section>\n\t\t\t\t<section class=\"elementor-section elementor-inner-section elementor-element elementor-element-bb4d23c elementor-section-boxed elementor-section-height-default elementor-section-height-default\" data-id=\"bb4d23c\" data-element_type=\"section\" data-e-type=\"section\">\n\t\t\t\t\t\t<div class=\"elementor-container elementor-column-gap-default\">\n\t\t\t\t\t<div class=\"elementor-column elementor-col-33 elementor-inner-column elementor-element elementor-element-0de718c\" data-id=\"0de718c\" data-element_type=\"column\" data-e-type=\"column\">\n\t\t\t<div class=\"elementor-widget-wrap\">\n\t\t\t\t\t\t\t<\/div>\n\t\t<\/div>\n\t\t\t\t<div class=\"elementor-column elementor-col-33 elementor-inner-column elementor-element elementor-element-8963467\" data-id=\"8963467\" data-element_type=\"column\" data-e-type=\"column\">\n\t\t\t<div class=\"elementor-widget-wrap elementor-element-populated\">\n\t\t\t\t\t\t<div class=\"elementor-element elementor-element-999bce3 elementor-view-default elementor-invisible elementor-widget elementor-widget-icon\" data-id=\"999bce3\" data-element_type=\"widget\" data-e-type=\"widget\" data-settings=\"{&quot;_animation&quot;:&quot;fadeInUp&quot;}\" data-widget_type=\"icon.default\">\n\t\t\t\t<div class=\"elementor-widget-container\">\n\t\t\t\t\t\t\t<div class=\"elementor-icon-wrapper\">\n\t\t\t<div class=\"elementor-icon\">\n\t\t\t<svg aria-hidden=\"true\" class=\"e-font-icon-svg e-far-check-circle\" viewBox=\"0 0 512 512\" xmlns=\"http:\/\/www.w3.org\/2000\/svg\"><path d=\"M256 8C119.033 8 8 119.033 8 256s111.033 248 248 248 248-111.033 248-248S392.967 8 256 8zm0 48c110.532 0 200 89.451 200 200 0 110.532-89.451 200-200 200-110.532 0-200-89.451-200-200 0-110.532 89.451-200 200-200m140.204 130.267l-22.536-22.718c-4.667-4.705-12.265-4.736-16.97-.068L215.346 303.697l-59.792-60.277c-4.667-4.705-12.265-4.736-16.97-.069l-22.719 22.536c-4.705 4.667-4.736 12.265-.068 16.971l90.781 91.516c4.667 4.705 12.265 4.736 16.97.068l172.589-171.204c4.704-4.668 4.734-12.266.067-16.971z\"><\/path><\/svg>\t\t\t<\/div>\n\t\t<\/div>\n\t\t\t\t\t\t<\/div>\n\t\t\t\t<\/div>\n\t\t\t\t\t<\/div>\n\t\t<\/div>\n\t\t\t\t<div class=\"elementor-column elementor-col-33 elementor-inner-column elementor-element elementor-element-6de4caf\" data-id=\"6de4caf\" data-element_type=\"column\" data-e-type=\"column\">\n\t\t\t<div class=\"elementor-widget-wrap elementor-element-populated\">\n\t\t\t\t\t\t<div class=\"elementor-element elementor-element-b1d9c68 elementor-invisible elementor-widget elementor-widget-text-editor\" data-id=\"b1d9c68\" data-element_type=\"widget\" data-e-type=\"widget\" data-settings=\"{&quot;_animation&quot;:&quot;fadeInUp&quot;,&quot;_animation_delay&quot;:100}\" data-widget_type=\"text-editor.default\">\n\t\t\t\t<div class=\"elementor-widget-container\">\n\t\t\t\t\t\t\t\t\t<p><strong>On <em>officialise\u00a0<\/em> <\/strong>:\u00a0Une fois que vous me confirmez que l\u2019on fera \u00e9quipe (YAYYY!), vous pouvez officiellement r\u00e9server votre date. Vous s\u00e9curisez alors notre collaboration en signant votre contrat et en envoyant un versement de 40%. Lorsque tout est en ordre, la partie fun peut alors commencer !<\/p>\t\t\t\t\t\t\t\t<\/div>\n\t\t\t\t<\/div>\n\t\t\t\t\t<\/div>\n\t\t<\/div>\n\t\t\t\t\t<\/div>\n\t\t<\/section>\n\t\t\t\t<section class=\"elementor-section elementor-inner-section elementor-element elementor-element-a619b8f elementor-section-boxed elementor-section-height-default elementor-section-height-default\" data-id=\"a619b8f\" data-element_type=\"section\" data-e-type=\"section\">\n\t\t\t\t\t\t<div class=\"elementor-container elementor-column-gap-default\">\n\t\t\t\t\t<div class=\"elementor-column elementor-col-33 elementor-inner-column elementor-element elementor-element-f8ed4dd\" data-id=\"f8ed4dd\" data-element_type=\"column\" data-e-type=\"column\">\n\t\t\t<div class=\"elementor-widget-wrap\">\n\t\t\t\t\t\t\t<\/div>\n\t\t<\/div>\n\t\t\t\t<div class=\"elementor-column elementor-col-33 elementor-inner-column elementor-element elementor-element-130b0a9\" data-id=\"130b0a9\" data-element_type=\"column\" data-e-type=\"column\">\n\t\t\t<div class=\"elementor-widget-wrap elementor-element-populated\">\n\t\t\t\t\t\t<div class=\"elementor-element elementor-element-1a0397e elementor-view-default elementor-invisible elementor-widget elementor-widget-icon\" data-id=\"1a0397e\" data-element_type=\"widget\" data-e-type=\"widget\" data-settings=\"{&quot;_animation&quot;:&quot;fadeInUp&quot;}\" data-widget_type=\"icon.default\">\n\t\t\t\t<div class=\"elementor-widget-container\">\n\t\t\t\t\t\t\t<div class=\"elementor-icon-wrapper\">\n\t\t\t<div class=\"elementor-icon\">\n\t\t\t<svg aria-hidden=\"true\" class=\"e-font-icon-svg e-far-check-circle\" viewBox=\"0 0 512 512\" xmlns=\"http:\/\/www.w3.org\/2000\/svg\"><path d=\"M256 8C119.033 8 8 119.033 8 256s111.033 248 248 248 248-111.033 248-248S392.967 8 256 8zm0 48c110.532 0 200 89.451 200 200 0 110.532-89.451 200-200 200-110.532 0-200-89.451-200-200 0-110.532 89.451-200 200-200m140.204 130.267l-22.536-22.718c-4.667-4.705-12.265-4.736-16.97-.068L215.346 303.697l-59.792-60.277c-4.667-4.705-12.265-4.736-16.97-.069l-22.719 22.536c-4.705 4.667-4.736 12.265-.068 16.971l90.781 91.516c4.667 4.705 12.265 4.736 16.97.068l172.589-171.204c4.704-4.668 4.734-12.266.067-16.971z\"><\/path><\/svg>\t\t\t<\/div>\n\t\t<\/div>\n\t\t\t\t\t\t<\/div>\n\t\t\t\t<\/div>\n\t\t\t\t\t<\/div>\n\t\t<\/div>\n\t\t\t\t<div class=\"elementor-column elementor-col-33 elementor-inner-column elementor-element elementor-element-0751a01\" data-id=\"0751a01\" data-element_type=\"column\" data-e-type=\"column\">\n\t\t\t<div class=\"elementor-widget-wrap elementor-element-populated\">\n\t\t\t\t\t\t<div class=\"elementor-element elementor-element-1a81440 elementor-invisible elementor-widget elementor-widget-text-editor\" data-id=\"1a81440\" data-element_type=\"widget\" data-e-type=\"widget\" data-settings=\"{&quot;_animation&quot;:&quot;fadeInUp&quot;,&quot;_animation_delay&quot;:100}\" data-widget_type=\"text-editor.default\">\n\t\t\t\t<div class=\"elementor-widget-container\">\n\t\t\t\t\t\t\t\t\t<p><strong>Pr\u00e9paration de <em>votre<\/em> exp\u00e9rience\u00a0<\/strong>:\u00a0<span style=\"font-style: inherit; font-weight: inherit;\">Vous recevez votre guide de pr\u00e9paration rempli de ressources et conseils pour vous aider \u00e0 planifier votre mariage en toute s\u00e9r\u00e9nit\u00e9 pour profiter pleinement de votre exp\u00e9rience et assurer de superbes photos ! Je vous partage<\/span><span style=\"font-style: inherit; font-weight: inherit;\">\u00a0aussi un questionnaire pour mieux vous conna\u00eetre : votre histoire, vos personnalit\u00e9s, ce qui rend votre couple unique\u2026\u00a0 Cela me permet de m&#8217;impr\u00e9gner de vos mots et de votre univers pour encore plus vous conna\u00eetre et vous servir au mieux le jour J.<\/span><\/p>\t\t\t\t\t\t\t\t<\/div>\n\t\t\t\t<\/div>\n\t\t\t\t\t<\/div>\n\t\t<\/div>\n\t\t\t\t\t<\/div>\n\t\t<\/section>\n\t\t\t\t<section class=\"elementor-section elementor-inner-section elementor-element elementor-element-c4d079b elementor-section-boxed elementor-section-height-default elementor-section-height-default\" data-id=\"c4d079b\" data-element_type=\"section\" data-e-type=\"section\">\n\t\t\t\t\t\t<div class=\"elementor-container elementor-column-gap-default\">\n\t\t\t\t\t<div class=\"elementor-column elementor-col-33 elementor-inner-column elementor-element elementor-element-9bd5da8\" data-id=\"9bd5da8\" data-element_type=\"column\" data-e-type=\"column\">\n\t\t\t<div class=\"elementor-widget-wrap\">\n\t\t\t\t\t\t\t<\/div>\n\t\t<\/div>\n\t\t\t\t<div class=\"elementor-column elementor-col-33 elementor-inner-column elementor-element elementor-element-ae30cbe\" data-id=\"ae30cbe\" data-element_type=\"column\" data-e-type=\"column\">\n\t\t\t<div class=\"elementor-widget-wrap elementor-element-populated\">\n\t\t\t\t\t\t<div class=\"elementor-element elementor-element-f689318 elementor-view-default elementor-invisible elementor-widget elementor-widget-icon\" data-id=\"f689318\" data-element_type=\"widget\" data-e-type=\"widget\" data-settings=\"{&quot;_animation&quot;:&quot;fadeInUp&quot;}\" data-widget_type=\"icon.default\">\n\t\t\t\t<div class=\"elementor-widget-container\">\n\t\t\t\t\t\t\t<div class=\"elementor-icon-wrapper\">\n\t\t\t<div class=\"elementor-icon\">\n\t\t\t<svg aria-hidden=\"true\" class=\"e-font-icon-svg e-far-check-circle\" viewBox=\"0 0 512 512\" xmlns=\"http:\/\/www.w3.org\/2000\/svg\"><path d=\"M256 8C119.033 8 8 119.033 8 256s111.033 248 248 248 248-111.033 248-248S392.967 8 256 8zm0 48c110.532 0 200 89.451 200 200 0 110.532-89.451 200-200 200-110.532 0-200-89.451-200-200 0-110.532 89.451-200 200-200m140.204 130.267l-22.536-22.718c-4.667-4.705-12.265-4.736-16.97-.068L215.346 303.697l-59.792-60.277c-4.667-4.705-12.265-4.736-16.97-.069l-22.719 22.536c-4.705 4.667-4.736 12.265-.068 16.971l90.781 91.516c4.667 4.705 12.265 4.736 16.97.068l172.589-171.204c4.704-4.668 4.734-12.266.067-16.971z\"><\/path><\/svg>\t\t\t<\/div>\n\t\t<\/div>\n\t\t\t\t\t\t<\/div>\n\t\t\t\t<\/div>\n\t\t\t\t\t<\/div>\n\t\t<\/div>\n\t\t\t\t<div class=\"elementor-column elementor-col-33 elementor-inner-column elementor-element elementor-element-59aecc0\" data-id=\"59aecc0\" data-element_type=\"column\" data-e-type=\"column\">\n\t\t\t<div class=\"elementor-widget-wrap elementor-element-populated\">\n\t\t\t\t\t\t<div class=\"elementor-element elementor-element-5e0c93e elementor-invisible elementor-widget elementor-widget-text-editor\" data-id=\"5e0c93e\" data-element_type=\"widget\" data-e-type=\"widget\" data-settings=\"{&quot;_animation&quot;:&quot;fadeInUp&quot;,&quot;_animation_delay&quot;:100}\" data-widget_type=\"text-editor.default\">\n\t\t\t\t<div class=\"elementor-widget-container\">\n\t\t\t\t\t\t\t\t\t<p><strong><em>Profitez<\/em> \u00e0 fond <\/strong>:\u00a0<span style=\"font-style: inherit; font-weight: inherit;\">\u00c7a y est ! Vous vous dites enfin OUI et c\u2019est tout simplement magique. Je vous rejoins d\u00e8s les pr\u00e9paratifs. Vivez votre exp\u00e9rience de mariage \u00e0 fond : ressentez chaque \u00e9motion et savourez chaque instant, je m\u2019occupe d\u2019en capturer tous ces moments avec discr\u00e9tion et sinc\u00e9rit\u00e9.<\/span><\/p>\t\t\t\t\t\t\t\t<\/div>\n\t\t\t\t<\/div>\n\t\t\t\t\t<\/div>\n\t\t<\/div>\n\t\t\t\t\t<\/div>\n\t\t<\/section>\n\t\t\t\t<section class=\"elementor-section elementor-inner-section elementor-element elementor-element-0226240 elementor-section-boxed elementor-section-height-default elementor-section-height-default\" data-id=\"0226240\" data-element_type=\"section\" data-e-type=\"section\">\n\t\t\t\t\t\t<div class=\"elementor-container elementor-column-gap-default\">\n\t\t\t\t\t<div class=\"elementor-column elementor-col-33 elementor-inner-column elementor-element elementor-element-96c8e39\" data-id=\"96c8e39\" data-element_type=\"column\" data-e-type=\"column\">\n\t\t\t<div class=\"elementor-widget-wrap\">\n\t\t\t\t\t\t\t<\/div>\n\t\t<\/div>\n\t\t\t\t<div class=\"elementor-column elementor-col-33 elementor-inner-column elementor-element elementor-element-eef4a0f\" data-id=\"eef4a0f\" data-element_type=\"column\" data-e-type=\"column\">\n\t\t\t<div class=\"elementor-widget-wrap elementor-element-populated\">\n\t\t\t\t\t\t<div class=\"elementor-element elementor-element-f3ab6d1 elementor-view-default elementor-invisible elementor-widget elementor-widget-icon\" data-id=\"f3ab6d1\" data-element_type=\"widget\" data-e-type=\"widget\" data-settings=\"{&quot;_animation&quot;:&quot;fadeInUp&quot;}\" data-widget_type=\"icon.default\">\n\t\t\t\t<div class=\"elementor-widget-container\">\n\t\t\t\t\t\t\t<div class=\"elementor-icon-wrapper\">\n\t\t\t<div class=\"elementor-icon\">\n\t\t\t<svg aria-hidden=\"true\" class=\"e-font-icon-svg e-far-check-circle\" viewBox=\"0 0 512 512\" xmlns=\"http:\/\/www.w3.org\/2000\/svg\"><path d=\"M256 8C119.033 8 8 119.033 8 256s111.033 248 248 248 248-111.033 248-248S392.967 8 256 8zm0 48c110.532 0 200 89.451 200 200 0 110.532-89.451 200-200 200-110.532 0-200-89.451-200-200 0-110.532 89.451-200 200-200m140.204 130.267l-22.536-22.718c-4.667-4.705-12.265-4.736-16.97-.068L215.346 303.697l-59.792-60.277c-4.667-4.705-12.265-4.736-16.97-.069l-22.719 22.536c-4.705 4.667-4.736 12.265-.068 16.971l90.781 91.516c4.667 4.705 12.265 4.736 16.97.068l172.589-171.204c4.704-4.668 4.734-12.266.067-16.971z\"><\/path><\/svg>\t\t\t<\/div>\n\t\t<\/div>\n\t\t\t\t\t\t<\/div>\n\t\t\t\t<\/div>\n\t\t\t\t\t<\/div>\n\t\t<\/div>\n\t\t\t\t<div class=\"elementor-column elementor-col-33 elementor-inner-column elementor-element elementor-element-c3ae4db\" data-id=\"c3ae4db\" data-element_type=\"column\" data-e-type=\"column\">\n\t\t\t<div class=\"elementor-widget-wrap elementor-element-populated\">\n\t\t\t\t\t\t<div class=\"elementor-element elementor-element-ff8d8b9 elementor-invisible elementor-widget elementor-widget-text-editor\" data-id=\"ff8d8b9\" data-element_type=\"widget\" data-e-type=\"widget\" data-settings=\"{&quot;_animation&quot;:&quot;fadeInUp&quot;,&quot;_animation_delay&quot;:100}\" data-widget_type=\"text-editor.default\">\n\t\t\t\t<div class=\"elementor-widget-container\">\n\t\t\t\t\t\t\t\t\t<p><strong>Tri et d\u00e9veloppement num\u00e9rique des <em>photos<\/em><\/strong> : Apr\u00e8s votre mariage, je s\u00e9lectionne avec soin toutes les images qui contribuent \u00e0 la narration compl\u00e8te du moment partag\u00e9 ensemble et je les d\u00e9veloppe une \u00e0 une selon ma ligne artistique pour r\u00e9v\u00e9ler toute leur beaut\u00e9.<\/p>\t\t\t\t\t\t\t\t<\/div>\n\t\t\t\t<\/div>\n\t\t\t\t\t<\/div>\n\t\t<\/div>\n\t\t\t\t\t<\/div>\n\t\t<\/section>\n\t\t\t\t<section class=\"elementor-section elementor-inner-section elementor-element elementor-element-f923578 elementor-section-boxed elementor-section-height-default elementor-section-height-default\" data-id=\"f923578\" data-element_type=\"section\" data-e-type=\"section\">\n\t\t\t\t\t\t<div class=\"elementor-container elementor-column-gap-default\">\n\t\t\t\t\t<div class=\"elementor-column elementor-col-33 elementor-inner-column elementor-element elementor-element-065cd60\" data-id=\"065cd60\" data-element_type=\"column\" data-e-type=\"column\">\n\t\t\t<div class=\"elementor-widget-wrap\">\n\t\t\t\t\t\t\t<\/div>\n\t\t<\/div>\n\t\t\t\t<div class=\"elementor-column elementor-col-33 elementor-inner-column elementor-element elementor-element-4994ef6\" data-id=\"4994ef6\" data-element_type=\"column\" data-e-type=\"column\">\n\t\t\t<div class=\"elementor-widget-wrap elementor-element-populated\">\n\t\t\t\t\t\t<div class=\"elementor-element elementor-element-adf5bdc elementor-view-default elementor-invisible elementor-widget elementor-widget-icon\" data-id=\"adf5bdc\" data-element_type=\"widget\" data-e-type=\"widget\" data-settings=\"{&quot;_animation&quot;:&quot;fadeInUp&quot;}\" data-widget_type=\"icon.default\">\n\t\t\t\t<div class=\"elementor-widget-container\">\n\t\t\t\t\t\t\t<div class=\"elementor-icon-wrapper\">\n\t\t\t<div class=\"elementor-icon\">\n\t\t\t<svg aria-hidden=\"true\" class=\"e-font-icon-svg e-far-check-circle\" viewBox=\"0 0 512 512\" xmlns=\"http:\/\/www.w3.org\/2000\/svg\"><path d=\"M256 8C119.033 8 8 119.033 8 256s111.033 248 248 248 248-111.033 248-248S392.967 8 256 8zm0 48c110.532 0 200 89.451 200 200 0 110.532-89.451 200-200 200-110.532 0-200-89.451-200-200 0-110.532 89.451-200 200-200m140.204 130.267l-22.536-22.718c-4.667-4.705-12.265-4.736-16.97-.068L215.346 303.697l-59.792-60.277c-4.667-4.705-12.265-4.736-16.97-.069l-22.719 22.536c-4.705 4.667-4.736 12.265-.068 16.971l90.781 91.516c4.667 4.705 12.265 4.736 16.97.068l172.589-171.204c4.704-4.668 4.734-12.266.067-16.971z\"><\/path><\/svg>\t\t\t<\/div>\n\t\t<\/div>\n\t\t\t\t\t\t<\/div>\n\t\t\t\t<\/div>\n\t\t\t\t\t<\/div>\n\t\t<\/div>\n\t\t\t\t<div class=\"elementor-column elementor-col-33 elementor-inner-column elementor-element elementor-element-2a30c99\" data-id=\"2a30c99\" data-element_type=\"column\" data-e-type=\"column\">\n\t\t\t<div class=\"elementor-widget-wrap elementor-element-populated\">\n\t\t\t\t\t\t<div class=\"elementor-element elementor-element-e7e708c elementor-invisible elementor-widget elementor-widget-text-editor\" data-id=\"e7e708c\" data-element_type=\"widget\" data-e-type=\"widget\" data-settings=\"{&quot;_animation&quot;:&quot;fadeInUp&quot;,&quot;_animation_delay&quot;:100}\" data-widget_type=\"text-editor.default\">\n\t\t\t\t<div class=\"elementor-widget-container\">\n\t\t\t\t\t\t\t\t\t<p><strong>Revivez votre <em>exp\u00e9rience<\/em> <\/strong>: Vous recevez vos photos sur une galerie en ligne priv\u00e9e avec toutes les photos et GIFs qui racontent avec authenticit\u00e9 et po\u00e9sie votre histoire de mariage. C&#8217;est alors le moment de revivre cette journ\u00e9e et de ressentir \u00e0 nouveau toutes ces \u00e9motions, encore et encore ! Un conseil : parcourez vos photos \u00e0 deux, ensemble, ou invitez vos proches pour d\u00e9couvrir avec vous toute l\u2019histoire de votre journ\u00e9e \u00e9pique. \u00c9motions garanties !<\/p>\t\t\t\t\t\t\t\t<\/div>\n\t\t\t\t<\/div>\n\t\t\t\t<div class=\"elementor-element elementor-element-7034737 elementor-invisible elementor-widget elementor-widget-heading\" data-id=\"7034737\" data-element_type=\"widget\" data-e-type=\"widget\" data-settings=\"{&quot;_animation&quot;:&quot;fadeInUp&quot;}\" data-widget_type=\"heading.default\">\n\t\t\t\t<div class=\"elementor-widget-container\">\n\t\t\t\t\t<h4 class=\"elementor-heading-title elementor-size-default\">Pr\u00eat\u00b7e\u00b7s \u00e0 commencer l'exp\u00e9rience ?<\/h4>\t\t\t\t<\/div>\n\t\t\t\t<\/div>\n\t\t\t\t<div class=\"elementor-element elementor-element-8779062 elementor-align-center elementor-invisible elementor-widget elementor-widget-button\" data-id=\"8779062\" data-element_type=\"widget\" data-e-type=\"widget\" data-settings=\"{&quot;_animation&quot;:&quot;fadeInUp&quot;}\" data-widget_type=\"button.default\">\n\t\t\t\t<div class=\"elementor-widget-container\">\n\t\t\t\t\t\t\t\t\t<div class=\"elementor-button-wrapper\">\n\t\t\t\t\t<a class=\"elementor-button elementor-button-link elementor-size-sm elementor-animation-float\" href=\"#contact-photographe-mariage-landes\">\n\t\t\t\t\t\t<span class=\"elementor-button-content-wrapper\">\n\t\t\t\t\t\t\t\t\t<span class=\"elementor-button-text\">Oui ! On r\u00e9serve notre date &gt;<\/span>\n\t\t\t\t\t<\/span>\n\t\t\t\t\t<\/a>\n\t\t\t\t<\/div>\n\t\t\t\t\t\t\t\t<\/div>\n\t\t\t\t<\/div>\n\t\t\t\t\t<\/div>\n\t\t<\/div>\n\t\t\t\t\t<\/div>\n\t\t<\/section>\n\t\t\t\t\t<\/div>\n\t\t<\/div>\n\t\t\t\t\t<\/div>\n\t\t<\/section>\n\t\t\t\t\t<\/div>\n\t\t<\/div>\n\t\t\t\t\t<\/div>\n\t\t<\/section>\n\t\t\t\t<section class=\"elementor-section elementor-top-section elementor-element elementor-element-e896c59 elementor-section-boxed elementor-section-height-default elementor-section-height-default\" data-id=\"e896c59\" data-element_type=\"section\" data-e-type=\"section\" data-settings=\"{&quot;background_background&quot;:&quot;classic&quot;}\">\n\t\t\t\t\t\t<div class=\"elementor-container elementor-column-gap-default\">\n\t\t\t\t\t<div class=\"elementor-column elementor-col-100 elementor-top-column elementor-element elementor-element-912cb3a\" data-id=\"912cb3a\" data-element_type=\"column\" data-e-type=\"column\">\n\t\t\t<div class=\"elementor-widget-wrap elementor-element-populated\">\n\t\t\t\t\t\t<div class=\"elementor-element elementor-element-0d2f53d elementor-widget elementor-widget-menu-anchor\" data-id=\"0d2f53d\" data-element_type=\"widget\" data-e-type=\"widget\" data-widget_type=\"menu-anchor.default\">\n\t\t\t\t<div class=\"elementor-widget-container\">\n\t\t\t\t\t\t\t<div class=\"elementor-menu-anchor\" id=\"avis-photographe-mariage-landes\"><\/div>\n\t\t\t\t\t\t<\/div>\n\t\t\t\t<\/div>\n\t\t\t\t<div class=\"elementor-element elementor-element-7a4433e elementor-invisible elementor-widget elementor-widget-heading\" data-id=\"7a4433e\" data-element_type=\"widget\" data-e-type=\"widget\" data-settings=\"{&quot;_animation&quot;:&quot;fadeInUp&quot;}\" data-widget_type=\"heading.default\">\n\t\t\t\t<div class=\"elementor-widget-container\">\n\t\t\t\t\t<h3 class=\"elementor-heading-title elementor-size-default\">Ils t\u00e9moignent<\/h3>\t\t\t\t<\/div>\n\t\t\t\t<\/div>\n\t\t\t\t<div class=\"elementor-element elementor-element-46a0302 elementor-invisible elementor-widget elementor-widget-heading\" data-id=\"46a0302\" data-element_type=\"widget\" data-e-type=\"widget\" data-settings=\"{&quot;_animation&quot;:&quot;fadeInUp&quot;}\" data-widget_type=\"heading.default\">\n\t\t\t\t<div class=\"elementor-widget-container\">\n\t\t\t\t\t<h2 class=\"elementor-heading-title elementor-size-default\">Leurs petits mots sur leur exp\u00e9rience<\/h2>\t\t\t\t<\/div>\n\t\t\t\t<\/div>\n\t\t\t\t<div class=\"elementor-element elementor-element-f68cd40 elementor-invisible elementor-widget elementor-widget-text-editor\" data-id=\"f68cd40\" data-element_type=\"widget\" data-e-type=\"widget\" data-settings=\"{&quot;_animation&quot;:&quot;fadeInRight&quot;}\" data-widget_type=\"text-editor.default\">\n\t\t\t\t<div class=\"elementor-widget-container\">\n\t\t\t\t\t\t\t\t\t<p><\/p>\t\t\t\t\t\t\t\t<\/div>\n\t\t\t\t<\/div>\n\t\t\t\t\t<\/div>\n\t\t<\/div>\n\t\t\t\t\t<\/div>\n\t\t<\/section>\n\t\t\t\t<section class=\"elementor-section elementor-top-section elementor-element elementor-element-7d05240 elementor-section-boxed elementor-section-height-default elementor-section-height-default\" data-id=\"7d05240\" data-element_type=\"section\" data-e-type=\"section\">\n\t\t\t\t\t\t<div class=\"elementor-container elementor-column-gap-default\">\n\t\t\t\t\t<div class=\"elementor-column elementor-col-25 elementor-top-column elementor-element elementor-element-a55e637\" data-id=\"a55e637\" data-element_type=\"column\" data-e-type=\"column\">\n\t\t\t<div class=\"elementor-widget-wrap\">\n\t\t\t\t\t\t\t<\/div>\n\t\t<\/div>\n\t\t\t\t<div class=\"elementor-column elementor-col-50 elementor-top-column elementor-element elementor-element-88c893e\" data-id=\"88c893e\" data-element_type=\"column\" data-e-type=\"column\">\n\t\t\t<div class=\"elementor-widget-wrap elementor-element-populated\">\n\t\t\t\t\t\t<div class=\"elementor-element elementor-element-72608ab elementor-widget elementor-widget-menu-anchor\" data-id=\"72608ab\" data-element_type=\"widget\" data-e-type=\"widget\" data-widget_type=\"menu-anchor.default\">\n\t\t\t\t<div class=\"elementor-widget-container\">\n\t\t\t\t\t\t\t<div class=\"elementor-menu-anchor\" id=\"tarifs-photographe-mariage\"><\/div>\n\t\t\t\t\t\t<\/div>\n\t\t\t\t<\/div>\n\t\t\t\t<div class=\"elementor-element elementor-element-c31bd47 elementor-invisible elementor-widget elementor-widget-heading\" data-id=\"c31bd47\" data-element_type=\"widget\" data-e-type=\"widget\" data-settings=\"{&quot;_animation&quot;:&quot;fadeInUp&quot;}\" data-widget_type=\"heading.default\">\n\t\t\t\t<div class=\"elementor-widget-container\">\n\t\t\t\t\t<h2 class=\"elementor-heading-title elementor-size-default\">Tarifs photographe mariage Landes<\/h2>\t\t\t\t<\/div>\n\t\t\t\t<\/div>\n\t\t\t\t\t<\/div>\n\t\t<\/div>\n\t\t\t\t<div class=\"elementor-column elementor-col-25 elementor-top-column elementor-element elementor-element-a1c7fa2\" data-id=\"a1c7fa2\" data-element_type=\"column\" data-e-type=\"column\">\n\t\t\t<div class=\"elementor-widget-wrap\">\n\t\t\t\t\t\t\t<\/div>\n\t\t<\/div>\n\t\t\t\t\t<\/div>\n\t\t<\/section>\n\t\t\t\t<section class=\"elementor-section elementor-top-section elementor-element elementor-element-6dadf41 elementor-section-boxed elementor-section-height-default elementor-section-height-default\" data-id=\"6dadf41\" data-element_type=\"section\" data-e-type=\"section\" data-settings=\"{&quot;background_background&quot;:&quot;classic&quot;}\">\n\t\t\t\t\t\t<div class=\"elementor-container elementor-column-gap-default\">\n\t\t\t\t\t<div class=\"elementor-column elementor-col-100 elementor-top-column elementor-element elementor-element-67ef5ee\" data-id=\"67ef5ee\" data-element_type=\"column\" data-e-type=\"column\">\n\t\t\t<div class=\"elementor-widget-wrap elementor-element-populated\">\n\t\t\t\t\t\t<section class=\"elementor-section elementor-inner-section elementor-element elementor-element-84e80cf elementor-section-height-min-height animated-slow elementor-section-boxed elementor-section-height-default elementor-invisible\" data-id=\"84e80cf\" data-element_type=\"section\" data-e-type=\"section\" data-settings=\"{&quot;background_background&quot;:&quot;classic&quot;,&quot;animation&quot;:&quot;fadeIn&quot;}\">\n\t\t\t\t\t\t<div class=\"elementor-container elementor-column-gap-default\">\n\t\t\t\t\t<div class=\"elementor-column elementor-col-50 elementor-inner-column elementor-element elementor-element-b8e00e6\" data-id=\"b8e00e6\" data-element_type=\"column\" data-e-type=\"column\">\n\t\t\t<div class=\"elementor-widget-wrap\">\n\t\t\t\t\t\t\t<\/div>\n\t\t<\/div>\n\t\t\t\t<div class=\"elementor-column elementor-col-50 elementor-inner-column elementor-element elementor-element-b272bd2\" data-id=\"b272bd2\" data-element_type=\"column\" data-e-type=\"column\">\n\t\t\t<div class=\"elementor-widget-wrap elementor-element-populated\">\n\t\t\t\t\t\t<div class=\"elementor-element elementor-element-1ba0703 elementor-invisible elementor-widget elementor-widget-heading\" data-id=\"1ba0703\" data-element_type=\"widget\" data-e-type=\"widget\" data-settings=\"{&quot;_animation&quot;:&quot;fadeInRight&quot;,&quot;_animation_delay&quot;:200}\" data-widget_type=\"heading.default\">\n\t\t\t\t<div class=\"elementor-widget-container\">\n\t\t\t\t\t<h2 class=\"elementor-heading-title elementor-size-default\">Quel budget pr\u00e9voir pour la photographie de votre mariage dans les Landes ?<\/h2>\t\t\t\t<\/div>\n\t\t\t\t<\/div>\n\t\t\t\t\t<\/div>\n\t\t<\/div>\n\t\t\t\t\t<\/div>\n\t\t<\/section>\n\t\t\t\t\t<\/div>\n\t\t<\/div>\n\t\t\t\t\t<\/div>\n\t\t<\/section>\n\t\t\t\t<section class=\"elementor-section elementor-top-section elementor-element elementor-element-3dae5c7 elementor-section-boxed elementor-section-height-default elementor-section-height-default\" data-id=\"3dae5c7\" data-element_type=\"section\" data-e-type=\"section\" data-settings=\"{&quot;background_background&quot;:&quot;classic&quot;}\">\n\t\t\t\t\t\t<div class=\"elementor-container elementor-column-gap-default\">\n\t\t\t\t\t<div class=\"elementor-column elementor-col-50 elementor-top-column elementor-element elementor-element-3457dd9\" data-id=\"3457dd9\" data-element_type=\"column\" data-e-type=\"column\">\n\t\t\t<div class=\"elementor-widget-wrap elementor-element-populated\">\n\t\t\t\t\t\t<div class=\"elementor-element elementor-element-307b456 elementor-invisible elementor-widget elementor-widget-heading\" data-id=\"307b456\" data-element_type=\"widget\" data-e-type=\"widget\" data-settings=\"{&quot;_animation&quot;:&quot;fadeInLeft&quot;}\" data-widget_type=\"heading.default\">\n\t\t\t\t<div class=\"elementor-widget-container\">\n\t\t\t\t\t<h2 class=\"elementor-heading-title elementor-size-default\">Mes formules \u00e0 partir de 1 990\u20ac<\/h2>\t\t\t\t<\/div>\n\t\t\t\t<\/div>\n\t\t\t\t\t<\/div>\n\t\t<\/div>\n\t\t\t\t<div class=\"elementor-column elementor-col-50 elementor-top-column elementor-element elementor-element-9103106\" data-id=\"9103106\" data-element_type=\"column\" data-e-type=\"column\">\n\t\t\t<div class=\"elementor-widget-wrap\">\n\t\t\t\t\t\t\t<\/div>\n\t\t<\/div>\n\t\t\t\t\t<\/div>\n\t\t<\/section>\n\t\t\t\t<section class=\"elementor-section elementor-top-section elementor-element elementor-element-218039d elementor-section-boxed elementor-section-height-default elementor-section-height-default\" data-id=\"218039d\" data-element_type=\"section\" data-e-type=\"section\">\n\t\t\t\t\t\t<div class=\"elementor-container elementor-column-gap-default\">\n\t\t\t\t\t<div class=\"elementor-column elementor-col-50 elementor-top-column elementor-element elementor-element-f1a501d\" data-id=\"f1a501d\" data-element_type=\"column\" data-e-type=\"column\">\n\t\t\t<div class=\"elementor-widget-wrap elementor-element-populated\">\n\t\t\t\t\t\t<div class=\"elementor-element elementor-element-0132a7a elementor-invisible elementor-widget elementor-widget-text-editor\" data-id=\"0132a7a\" data-element_type=\"widget\" data-e-type=\"widget\" data-settings=\"{&quot;_animation&quot;:&quot;fadeInUp&quot;}\" data-widget_type=\"text-editor.default\">\n\t\t\t\t<div class=\"elementor-widget-container\">\n\t\t\t\t\t\t\t\t\t<p>Je vous propose 3 formules de reportage photo pour votre mariage, de 8 heures de reportage continu \u00e0 la journ\u00e9e compl\u00e8te avec la soir\u00e9e.\u00a0 Toutes mes prestations de photographie de mariage comprennent :<\/p><ul><li>Acc\u00e8s \u00e0 un guide de mariage complet rempli de ressources pour r\u00e9ussir votre journ\u00e9e et vos photos (organisation, planning, lumi\u00e8res, \u00e9criture des v\u0153ux, c\u00e9r\u00e9monie, id\u00e9es de moments intentionnels, et bien plus\u2026)<\/li><li>Accompagnement et conseils personnalis\u00e9s selon vos besoins<\/li><li>Questionnaire pour apprendre \u00e0 vous conna\u00eetre<\/li><li>Tri et d\u00e9veloppement num\u00e9rique des fichiers<\/li><li>Galerie en ligne priv\u00e9e<\/li><li>Images num\u00e9riques sans logo en 2 formats : HD + websize<\/li><li>Des GIFs pour raconter votre journ\u00e9e en vid\u00e9o OFFERTS<\/li><li>T\u00e9l\u00e9chargement gratuit de tous les fichiers par le couple et leurs invit\u00e9s<\/li><li>Droits d&#8217;utilisation et d&#8217;impression \u00e0 titre personnel<\/li><li>D\u00e9placement dans un rayon de 30km autour de Seignosse, Aquitaine<\/li><\/ul><p>J&#8217;offre \u00e9galement des options \u00e0 la carte telles que la c\u00e9r\u00e9monie civile en d\u00e9cal\u00e9, la s\u00e9ance couple fian\u00e7ailles ou day after, le brunch du lendemain, des tirages d&#8217;art, des albums et bien plus&#8230;<\/p><p><em style=\"font-weight: inherit;\">Pour obtenir le d\u00e9tail des tarifs, je vous invite \u00e0 <a href=\"\/fr\/contactez-votre-photographe-mariage-couple-grossesse-famille-landes\/\">me contacter<\/a>.<\/em><\/p>\t\t\t\t\t\t\t\t<\/div>\n\t\t\t\t<\/div>\n\t\t\t\t<div class=\"elementor-element elementor-element-88c047b elementor-align-center elementor-invisible elementor-widget elementor-widget-button\" data-id=\"88c047b\" data-element_type=\"widget\" data-e-type=\"widget\" data-settings=\"{&quot;_animation&quot;:&quot;fadeInUp&quot;}\" data-widget_type=\"button.default\">\n\t\t\t\t<div class=\"elementor-widget-container\">\n\t\t\t\t\t\t\t\t\t<div class=\"elementor-button-wrapper\">\n\t\t\t\t\t<a class=\"elementor-button elementor-button-link elementor-size-sm elementor-animation-float\" href=\"#contact-photographe-mariage-landes\">\n\t\t\t\t\t\t<span class=\"elementor-button-content-wrapper\">\n\t\t\t\t\t\t\t\t\t<span class=\"elementor-button-text\">Envoie-nous ta brochure ! &gt;<\/span>\n\t\t\t\t\t<\/span>\n\t\t\t\t\t<\/a>\n\t\t\t\t<\/div>\n\t\t\t\t\t\t\t\t<\/div>\n\t\t\t\t<\/div>\n\t\t\t\t\t<\/div>\n\t\t<\/div>\n\t\t\t\t<div class=\"elementor-column elementor-col-50 elementor-top-column elementor-element elementor-element-2b97dfa\" data-id=\"2b97dfa\" data-element_type=\"column\" data-e-type=\"column\">\n\t\t\t<div class=\"elementor-widget-wrap elementor-element-populated\">\n\t\t\t\t\t\t<div class=\"elementor-element elementor-element-6805e63 elementor-invisible elementor-widget elementor-widget-image\" data-id=\"6805e63\" data-element_type=\"widget\" data-e-type=\"widget\" data-settings=\"{&quot;_animation&quot;:&quot;fadeInRight&quot;}\" data-widget_type=\"image.default\">\n\t\t\t\t<div class=\"elementor-widget-container\">\n\t\t\t\t\t\t\t\t\t\t\t\t\t\t\t<img loading=\"lazy\" decoding=\"async\" width=\"683\" height=\"1024\" src=\"https:\/\/gaetaneglize.com\/wp-content\/uploads\/2023\/01\/photographe-mariage-landes-pays-basque-025-683x1024.jpg\" class=\"attachment-large size-large wp-image-12936\" alt=\"Un couple de mari\u00e9 se tient de nuit sous la voie lact\u00e9e sur le domaine de mariage du ch\u00e2teau de Campet. Une astrophotographie de mariage faite par Ga\u00e9tane Glize, photographe mariage Landes.\" srcset=\"https:\/\/gaetaneglize.com\/wp-content\/uploads\/2023\/01\/photographe-mariage-landes-pays-basque-025-683x1024.jpg 683w, https:\/\/gaetaneglize.com\/wp-content\/uploads\/2023\/01\/photographe-mariage-landes-pays-basque-025-200x300.jpg 200w, https:\/\/gaetaneglize.com\/wp-content\/uploads\/2023\/01\/photographe-mariage-landes-pays-basque-025-768x1152.jpg 768w, https:\/\/gaetaneglize.com\/wp-content\/uploads\/2023\/01\/photographe-mariage-landes-pays-basque-025-1024x1536.jpg 1024w, https:\/\/gaetaneglize.com\/wp-content\/uploads\/2023\/01\/photographe-mariage-landes-pays-basque-025.jpg 1067w\" sizes=\"(max-width: 683px) 100vw, 683px\" \/>\t\t\t\t\t\t\t\t\t\t\t\t\t\t\t<\/div>\n\t\t\t\t<\/div>\n\t\t\t\t<div class=\"elementor-element elementor-element-1ab8e5e elementor-invisible elementor-widget elementor-widget-image\" data-id=\"1ab8e5e\" data-element_type=\"widget\" data-e-type=\"widget\" data-settings=\"{&quot;_animation&quot;:&quot;fadeInUp&quot;}\" data-widget_type=\"image.default\">\n\t\t\t\t<div class=\"elementor-widget-container\">\n\t\t\t\t\t\t\t\t\t\t\t\t\t\t\t<img loading=\"lazy\" decoding=\"async\" width=\"1024\" height=\"682\" src=\"https:\/\/gaetaneglize.com\/wp-content\/uploads\/2023\/01\/photographe-mariage-landes-pays-basque-028-1024x682.jpg\" class=\"attachment-large size-large wp-image-12947\" alt=\"Une mari\u00e9e danse pieds nus pendant le cocktail de son mariage intimiste \u00e0 la maison dans les Landes.\" srcset=\"https:\/\/gaetaneglize.com\/wp-content\/uploads\/2023\/01\/photographe-mariage-landes-pays-basque-028-1024x682.jpg 1024w, https:\/\/gaetaneglize.com\/wp-content\/uploads\/2023\/01\/photographe-mariage-landes-pays-basque-028-300x200.jpg 300w, https:\/\/gaetaneglize.com\/wp-content\/uploads\/2023\/01\/photographe-mariage-landes-pays-basque-028-768x512.jpg 768w, https:\/\/gaetaneglize.com\/wp-content\/uploads\/2023\/01\/photographe-mariage-landes-pays-basque-028.jpg 1067w\" sizes=\"(max-width: 1024px) 100vw, 1024px\" \/>\t\t\t\t\t\t\t\t\t\t\t\t\t\t\t<\/div>\n\t\t\t\t<\/div>\n\t\t\t\t\t<\/div>\n\t\t<\/div>\n\t\t\t\t\t<\/div>\n\t\t<\/section>\n\t\t\t\t<section class=\"elementor-section elementor-top-section elementor-element elementor-element-e7fa8dd elementor-section-full_width elementor-section-height-default elementor-section-height-default\" data-id=\"e7fa8dd\" data-element_type=\"section\" data-e-type=\"section\" data-settings=\"{&quot;background_background&quot;:&quot;classic&quot;}\">\n\t\t\t\t\t\t<div class=\"elementor-container elementor-column-gap-default\">\n\t\t\t\t\t<div class=\"elementor-column elementor-col-100 elementor-top-column elementor-element elementor-element-d4b3032\" data-id=\"d4b3032\" data-element_type=\"column\" data-e-type=\"column\">\n\t\t\t<div class=\"elementor-widget-wrap elementor-element-populated\">\n\t\t\t\t\t\t<section class=\"elementor-section elementor-inner-section elementor-element elementor-element-11e5465 elementor-section-full_width elementor-section-height-default elementor-section-height-default\" data-id=\"11e5465\" data-element_type=\"section\" data-e-type=\"section\">\n\t\t\t\t\t\t<div class=\"elementor-container elementor-column-gap-default\">\n\t\t\t\t\t<div class=\"elementor-column elementor-col-33 elementor-inner-column elementor-element elementor-element-deffb7f\" data-id=\"deffb7f\" data-element_type=\"column\" data-e-type=\"column\">\n\t\t\t<div class=\"elementor-widget-wrap\">\n\t\t\t\t\t\t\t<\/div>\n\t\t<\/div>\n\t\t\t\t<div class=\"elementor-column elementor-col-33 elementor-inner-column elementor-element elementor-element-a97f4e7\" data-id=\"a97f4e7\" data-element_type=\"column\" data-e-type=\"column\">\n\t\t\t<div class=\"elementor-widget-wrap elementor-element-populated\">\n\t\t\t\t\t\t<div class=\"elementor-element elementor-element-d3fe8c2 elementor-widget elementor-widget-menu-anchor\" data-id=\"d3fe8c2\" data-element_type=\"widget\" data-e-type=\"widget\" data-widget_type=\"menu-anchor.default\">\n\t\t\t\t<div class=\"elementor-widget-container\">\n\t\t\t\t\t\t\t<div class=\"elementor-menu-anchor\" id=\"portfolio-photographe-mariage-landes\"><\/div>\n\t\t\t\t\t\t<\/div>\n\t\t\t\t<\/div>\n\t\t\t\t<div class=\"elementor-element elementor-element-9184b8a elementor-invisible elementor-widget elementor-widget-heading\" data-id=\"9184b8a\" data-element_type=\"widget\" data-e-type=\"widget\" data-settings=\"{&quot;_animation&quot;:&quot;fadeInUp&quot;}\" data-widget_type=\"heading.default\">\n\t\t\t\t<div class=\"elementor-widget-container\">\n\t\t\t\t\t<h3 class=\"elementor-heading-title elementor-size-default\">Portfolio<\/h3>\t\t\t\t<\/div>\n\t\t\t\t<\/div>\n\t\t\t\t<div class=\"elementor-element elementor-element-10e280f elementor-invisible elementor-widget elementor-widget-heading\" data-id=\"10e280f\" data-element_type=\"widget\" data-e-type=\"widget\" data-settings=\"{&quot;_animation&quot;:&quot;fadeInUp&quot;}\" data-widget_type=\"heading.default\">\n\t\t\t\t<div class=\"elementor-widget-container\">\n\t\t\t\t\t<h2 class=\"elementor-heading-title elementor-size-default\">Photographie de mariage<\/h2>\t\t\t\t<\/div>\n\t\t\t\t<\/div>\n\t\t\t\t<div class=\"elementor-element elementor-element-89e25d6 elementor-invisible elementor-widget elementor-widget-text-editor\" data-id=\"89e25d6\" data-element_type=\"widget\" data-e-type=\"widget\" data-settings=\"{&quot;_animation&quot;:&quot;fadeInUp&quot;}\" data-widget_type=\"text-editor.default\">\n\t\t\t\t<div class=\"elementor-widget-container\">\n\t\t\t\t\t\t\t\t\t<p>Voici quelques unes de mes photos de mariage pr\u00e9f\u00e9r\u00e9es. Je vous partagerai aussi des reportages complets de mariage lorsque vous me contactez !<\/p>\t\t\t\t\t\t\t\t<\/div>\n\t\t\t\t<\/div>\n\t\t\t\t\t<\/div>\n\t\t<\/div>\n\t\t\t\t<div class=\"elementor-column elementor-col-33 elementor-inner-column elementor-element elementor-element-b149091\" data-id=\"b149091\" data-element_type=\"column\" data-e-type=\"column\">\n\t\t\t<div class=\"elementor-widget-wrap\">\n\t\t\t\t\t\t\t<\/div>\n\t\t<\/div>\n\t\t\t\t\t<\/div>\n\t\t<\/section>\n\t\t\t\t<div class=\"elementor-element elementor-element-0ebe5a7 elementor-invisible elementor-widget elementor-widget-text-editor\" data-id=\"0ebe5a7\" data-element_type=\"widget\" data-e-type=\"widget\" data-settings=\"{&quot;_animation&quot;:&quot;fadeInUp&quot;}\" data-widget_type=\"text-editor.default\">\n\t\t\t\t<div class=\"elementor-widget-container\">\n\t\t\t\t\t\t\t\t\t<p><div  id=\"jtg-15718\" class=\"modula modula-gallery modula-columns\" data-config=\"{&quot;tabletHeight&quot;:800,&quot;mobileHeight&quot;:800,&quot;desktopHeight&quot;:800,&quot;enableTwitter&quot;:false,&quot;enableWhatsapp&quot;:false,&quot;enableFacebook&quot;:false,&quot;enablePinterest&quot;:false,&quot;enableLinkedin&quot;:false,&quot;enableEmail&quot;:false,&quot;randomFactor&quot;:0,&quot;type&quot;:&quot;grid&quot;,&quot;columns&quot;:12,&quot;gutter&quot;:80,&quot;mobileGutter&quot;:25,&quot;tabletGutter&quot;:40,&quot;desktopGutter&quot;:80,&quot;enableResponsive&quot;:true,&quot;tabletColumns&quot;:4,&quot;mobileColumns&quot;:4,&quot;lazyLoad&quot;:0,&quot;lightboxOpts&quot;:{&quot;animated&quot;:true,&quot;Thumbs&quot;:{&quot;type&quot;:&quot;modern&quot;,&quot;showOnStart&quot;:false},&quot;Toolbar&quot;:{&quot;display&quot;:{&quot;right&quot;:[&quot;close&quot;]},&quot;enabled&quot;:true},&quot;Carousel&quot;:{&quot;Panzoom&quot;:{&quot;touch&quot;:true},&quot;infinite&quot;:false},&quot;keyboard&quot;:{&quot;Escape&quot;:&quot;close&quot;,&quot;Delete&quot;:&quot;close&quot;,&quot;Backspace&quot;:&quot;close&quot;,&quot;PageUp&quot;:false,&quot;PageDown&quot;:false,&quot;ArrowUp&quot;:false,&quot;ArrowDown&quot;:false,&quot;ArrowRight&quot;:false,&quot;ArrowLeft&quot;:false},&quot;touch&quot;:false,&quot;backdropClick&quot;:false,&quot;l10n&quot;:{&quot;CLOSE&quot;:&quot;Close&quot;,&quot;NEXT&quot;:&quot;Next&quot;,&quot;PREV&quot;:&quot;Previous&quot;,&quot;Error&quot;:&quot;The requested content cannot be loaded. Please try again later.&quot;,&quot;PLAY_START&quot;:&quot;Start slideshow&quot;,&quot;PLAY_STOP&quot;:&quot;Pause slideshow&quot;,&quot;FULL_SCREEN&quot;:&quot;Full screen&quot;,&quot;THUMBS&quot;:&quot;Thumbnails&quot;,&quot;DOWNLOAD&quot;:&quot;Download&quot;,&quot;SHARE&quot;:&quot;Share&quot;,&quot;ZOOM&quot;:&quot;Zoom&quot;,&quot;EMAIL&quot;:&quot;Here is the link to the image : %%image_link%% and this is the link to the gallery : %%gallery_link%%&quot;,&quot;MODAL&quot;:&quot;You can close this modal content with the ESC key&quot;,&quot;ERROR&quot;:&quot;Something Went Wrong, Please Try Again Later&quot;,&quot;IMAGE_ERROR&quot;:&quot;Image Not Found&quot;,&quot;ELEMENT_NOT_FOUND&quot;:&quot;HTML Element Not Found&quot;,&quot;AJAX_NOT_FOUND&quot;:&quot;Error Loading AJAX : Not Found&quot;,&quot;AJAX_FORBIDDEN&quot;:&quot;Error Loading AJAX : Forbidden&quot;,&quot;IFRAME_ERROR&quot;:&quot;Error Loading Page&quot;,&quot;TOGGLE_ZOOM&quot;:&quot;Toggle zoom level&quot;,&quot;TOGGLE_THUMBS&quot;:&quot;Toggle thumbnails&quot;,&quot;TOGGLE_SLIDESHOW&quot;:&quot;Toggle slideshow&quot;,&quot;TOGGLE_FULLSCREEN&quot;:&quot;Toggle full-screen mode&quot;},&quot;Images&quot;:{&quot;Panzoom&quot;:{&quot;maxScale&quot;:2}},&quot;mainClass&quot;:&quot;modula-fancybox-container modula-lightbox-jtg-15718&quot;,&quot;Html&quot;:{&quot;videoAutoplay&quot;:0,&quot;videoTpl&quot;:&quot;&lt;video class=\\&quot;fancybox__html5video\\&quot; controls muted playsinline controlsList controlsList=\\&quot;nodownload\\&quot; poster=\\&quot;{{poster}}\\&quot; src=\\&quot;{{src}}\\&quot; type=\\&quot;{{format}}\\&quot; &gt;  Sorry, your browser doesn&#039;t support embedded videos, &lt;a href=\\&quot;{{src}}\\&quot;&gt; download &lt;\\\/a&gt; and watch with your favorite video player! &lt;\\\/video&gt;&quot;}},&quot;inView&quot;:true,&quot;email_subject&quot;:&quot;Check out this awesome image !!&quot;,&quot;email_message&quot;:&quot;Here is the link to the image : %%image_link%% and this is the link to the gallery : %%gallery_link%%&quot;,&quot;grid_type&quot;:&quot;5&quot;,&quot;rowHeight&quot;:250,&quot;lastRow&quot;:&quot;justify&quot;,&quot;lightbox&quot;:&quot;fancybox&quot;}\">\n\n\t<div class=\"modula-grid-sizer\"> <\/div>\n\t<div  class=\"modula-items grid-gallery\">\n\t\t<div class=\"modula-item effect-pufrobo\" >\n\t<div class=\"modula-item-overlay\"><\/div>\n\n\t<div class=\"modula-item-content\">\n\n\t\t<a data-image-id=\"11562\" role=\"button\" data-elementor-open-lightbox=\"no\" tabindex=\"0\" rel=\"jtg-15718\" data-caption=\"\" aria-label=\"Open image in lightbox\" class=\"tile-inner modula-item-link\"><\/a><img loading=\"lazy\" decoding=\"async\" class=\"pic wp-image-11562\"  data-valign=\"middle\" data-halign=\"center\" alt=\"Un couple de mari\u00e9s se font un c\u00e2lin pendant leur s\u00e9ance photo couple le jour de leur mariage au moment du coucher de soleil \u00e0 Hossegor dans les Landes. La mari\u00e9e ferme les yeux. Le moment est hors du temps.\" data-full=\"https:\/\/gaetaneglize.com\/wp-content\/uploads\/2022\/10\/gaetane-glize-photographe-mariage-landes-pays-basque-07.jpg\" title=\"gaetane-glize-photographe-mariage-landes-pays-basque-07\" crop=\"\" width=\"1067\" height=\"1600\" src=\"https:\/\/gaetaneglize.com\/wp-content\/uploads\/2022\/10\/gaetane-glize-photographe-mariage-landes-pays-basque-07.jpg\" data-src=\"https:\/\/gaetaneglize.com\/wp-content\/uploads\/2022\/10\/gaetane-glize-photographe-mariage-landes-pays-basque-07.jpg\" data-caption=\"\" srcset=\"https:\/\/gaetaneglize.com\/wp-content\/uploads\/2022\/10\/gaetane-glize-photographe-mariage-landes-pays-basque-07.jpg 1067w, https:\/\/gaetaneglize.com\/wp-content\/uploads\/2022\/10\/gaetane-glize-photographe-mariage-landes-pays-basque-07-200x300.jpg 200w, https:\/\/gaetaneglize.com\/wp-content\/uploads\/2022\/10\/gaetane-glize-photographe-mariage-landes-pays-basque-07-683x1024.jpg 683w, https:\/\/gaetaneglize.com\/wp-content\/uploads\/2022\/10\/gaetane-glize-photographe-mariage-landes-pays-basque-07-768x1152.jpg 768w, https:\/\/gaetaneglize.com\/wp-content\/uploads\/2022\/10\/gaetane-glize-photographe-mariage-landes-pays-basque-07-1024x1536.jpg 1024w\" sizes=\"(max-width: 1067px) 100vw, 1067px\" \/>\n\t\t<div class=\"figc no-description\">\n\t\t\t<div class=\"figc-inner\">\n\t\t\t\t\t\t\t\t\t\t\t\t\t\t\t<\/div>\n\t\t<\/div>\n\n\t<\/div>\n\n<\/div><div class=\"modula-item effect-pufrobo\" >\n\t<div class=\"modula-item-overlay\"><\/div>\n\n\t<div class=\"modula-item-content\">\n\n\t\t<a data-image-id=\"12522\" role=\"button\" data-elementor-open-lightbox=\"no\" tabindex=\"0\" rel=\"jtg-15718\" data-caption=\"\" aria-label=\"Open image in lightbox\" class=\"tile-inner modula-item-link\"><\/a><img loading=\"lazy\" decoding=\"async\" class=\"pic wp-image-12522\"  data-valign=\"middle\" data-halign=\"center\" alt=\"Les mari\u00e9s sortent de l&#039;\u00e9glise sous une pluie de p\u00e9tales de fleurs apr\u00e8s leur c\u00e9r\u00e9monie de mariage dans les Landes. Un moment de joie captur\u00e9 sur le vif par la photographe de mariage Ga\u00e9tane Glize.\" data-full=\"https:\/\/gaetaneglize.com\/wp-content\/uploads\/2023\/01\/photographe-mariage-landes-pays-basque-008.jpg\" title=\"photographe-mariage-landes-pays-basque-008\" crop=\"\" width=\"1600\" height=\"1067\" src=\"https:\/\/gaetaneglize.com\/wp-content\/uploads\/2023\/01\/photographe-mariage-landes-pays-basque-008.jpg\" data-src=\"https:\/\/gaetaneglize.com\/wp-content\/uploads\/2023\/01\/photographe-mariage-landes-pays-basque-008.jpg\" data-caption=\"\" srcset=\"https:\/\/gaetaneglize.com\/wp-content\/uploads\/2023\/01\/photographe-mariage-landes-pays-basque-008.jpg 1600w, https:\/\/gaetaneglize.com\/wp-content\/uploads\/2023\/01\/photographe-mariage-landes-pays-basque-008-300x200.jpg 300w, https:\/\/gaetaneglize.com\/wp-content\/uploads\/2023\/01\/photographe-mariage-landes-pays-basque-008-1024x683.jpg 1024w, https:\/\/gaetaneglize.com\/wp-content\/uploads\/2023\/01\/photographe-mariage-landes-pays-basque-008-768x512.jpg 768w, https:\/\/gaetaneglize.com\/wp-content\/uploads\/2023\/01\/photographe-mariage-landes-pays-basque-008-1536x1024.jpg 1536w\" sizes=\"(max-width: 1600px) 100vw, 1600px\" \/>\n\t\t<div class=\"figc no-description\">\n\t\t\t<div class=\"figc-inner\">\n\t\t\t\t\t\t\t\t\t\t\t\t\t\t\t<\/div>\n\t\t<\/div>\n\n\t<\/div>\n\n<\/div><div class=\"modula-item effect-pufrobo\" >\n\t<div class=\"modula-item-overlay\"><\/div>\n\n\t<div class=\"modula-item-content\">\n\n\t\t<a data-image-id=\"15685\" role=\"button\" data-elementor-open-lightbox=\"no\" tabindex=\"0\" rel=\"jtg-15718\" data-caption=\"\" aria-label=\"Open image in lightbox\" class=\"tile-inner modula-item-link\"><\/a><img loading=\"lazy\" decoding=\"async\" class=\"pic wp-image-15685\"  data-valign=\"middle\" data-halign=\"center\" alt=\"\" data-full=\"https:\/\/gaetaneglize.com\/wp-content\/uploads\/2024\/12\/michelle-bertrand-mariage-chateau-amou-landes-preview-1027_websize-1.jpg\" title=\"michelle-bertrand-mariage-chateau-amou-landes-preview-1027_websize (1)\" crop=\"\" width=\"1600\" height=\"1067\" src=\"https:\/\/gaetaneglize.com\/wp-content\/uploads\/2024\/12\/michelle-bertrand-mariage-chateau-amou-landes-preview-1027_websize-1.jpg\" data-src=\"https:\/\/gaetaneglize.com\/wp-content\/uploads\/2024\/12\/michelle-bertrand-mariage-chateau-amou-landes-preview-1027_websize-1.jpg\" data-caption=\"\" srcset=\"https:\/\/gaetaneglize.com\/wp-content\/uploads\/2024\/12\/michelle-bertrand-mariage-chateau-amou-landes-preview-1027_websize-1.jpg 1600w, https:\/\/gaetaneglize.com\/wp-content\/uploads\/2024\/12\/michelle-bertrand-mariage-chateau-amou-landes-preview-1027_websize-1-300x200.jpg 300w, https:\/\/gaetaneglize.com\/wp-content\/uploads\/2024\/12\/michelle-bertrand-mariage-chateau-amou-landes-preview-1027_websize-1-1024x683.jpg 1024w, https:\/\/gaetaneglize.com\/wp-content\/uploads\/2024\/12\/michelle-bertrand-mariage-chateau-amou-landes-preview-1027_websize-1-768x512.jpg 768w, https:\/\/gaetaneglize.com\/wp-content\/uploads\/2024\/12\/michelle-bertrand-mariage-chateau-amou-landes-preview-1027_websize-1-1536x1024.jpg 1536w\" sizes=\"(max-width: 1600px) 100vw, 1600px\" \/>\n\t\t<div class=\"figc no-description\">\n\t\t\t<div class=\"figc-inner\">\n\t\t\t\t\t\t\t\t\t\t\t\t\t\t\t<\/div>\n\t\t<\/div>\n\n\t<\/div>\n\n<\/div><div class=\"modula-item effect-pufrobo\" >\n\t<div class=\"modula-item-overlay\"><\/div>\n\n\t<div class=\"modula-item-content\">\n\n\t\t<a data-image-id=\"12544\" role=\"button\" data-elementor-open-lightbox=\"no\" tabindex=\"0\" rel=\"jtg-15718\" data-caption=\"\" aria-label=\"Open image in lightbox\" class=\"tile-inner modula-item-link\"><\/a><img loading=\"lazy\" decoding=\"async\" class=\"pic wp-image-12544\"  data-valign=\"middle\" data-halign=\"center\" alt=\"Le mari\u00e9 embrasse tendrement sa femme dans le cou. Un moment de douceur pris sur le vif pendant la s\u00e9ance photo couple le jour de leur mariage dans les Landes.\" data-full=\"https:\/\/gaetaneglize.com\/wp-content\/uploads\/2023\/01\/photographe-mariage-landes-pays-basque-014.jpg\" title=\"photographe-mariage-landes-pays-basque-014\" crop=\"\" width=\"1067\" height=\"1600\" src=\"https:\/\/gaetaneglize.com\/wp-content\/uploads\/2023\/01\/photographe-mariage-landes-pays-basque-014.jpg\" data-src=\"https:\/\/gaetaneglize.com\/wp-content\/uploads\/2023\/01\/photographe-mariage-landes-pays-basque-014.jpg\" data-caption=\"\" srcset=\"https:\/\/gaetaneglize.com\/wp-content\/uploads\/2023\/01\/photographe-mariage-landes-pays-basque-014.jpg 1067w, https:\/\/gaetaneglize.com\/wp-content\/uploads\/2023\/01\/photographe-mariage-landes-pays-basque-014-200x300.jpg 200w, https:\/\/gaetaneglize.com\/wp-content\/uploads\/2023\/01\/photographe-mariage-landes-pays-basque-014-683x1024.jpg 683w, https:\/\/gaetaneglize.com\/wp-content\/uploads\/2023\/01\/photographe-mariage-landes-pays-basque-014-768x1152.jpg 768w, https:\/\/gaetaneglize.com\/wp-content\/uploads\/2023\/01\/photographe-mariage-landes-pays-basque-014-1024x1536.jpg 1024w\" sizes=\"(max-width: 1067px) 100vw, 1067px\" \/>\n\t\t<div class=\"figc no-description\">\n\t\t\t<div class=\"figc-inner\">\n\t\t\t\t\t\t\t\t\t\t\t\t\t\t\t<\/div>\n\t\t<\/div>\n\n\t<\/div>\n\n<\/div><div class=\"modula-item effect-pufrobo\" >\n\t<div class=\"modula-item-overlay\"><\/div>\n\n\t<div class=\"modula-item-content\">\n\n\t\t<a data-image-id=\"15681\" role=\"button\" data-elementor-open-lightbox=\"no\" tabindex=\"0\" rel=\"jtg-15718\" data-caption=\"\" aria-label=\"Open image in lightbox\" class=\"tile-inner modula-item-link\"><\/a><img loading=\"lazy\" decoding=\"async\" class=\"pic wp-image-15681\"  data-valign=\"middle\" data-halign=\"center\" alt=\"\" data-full=\"https:\/\/gaetaneglize.com\/wp-content\/uploads\/2024\/12\/michelle-bertrand-mariage-chateau-amou-landes-preview-1028_websize-1.jpg\" title=\"michelle-bertrand-mariage-chateau-amou-landes-preview-1028_websize (1)\" crop=\"\" width=\"1600\" height=\"1067\" src=\"https:\/\/gaetaneglize.com\/wp-content\/uploads\/2024\/12\/michelle-bertrand-mariage-chateau-amou-landes-preview-1028_websize-1.jpg\" data-src=\"https:\/\/gaetaneglize.com\/wp-content\/uploads\/2024\/12\/michelle-bertrand-mariage-chateau-amou-landes-preview-1028_websize-1.jpg\" data-caption=\"\" srcset=\"https:\/\/gaetaneglize.com\/wp-content\/uploads\/2024\/12\/michelle-bertrand-mariage-chateau-amou-landes-preview-1028_websize-1.jpg 1600w, https:\/\/gaetaneglize.com\/wp-content\/uploads\/2024\/12\/michelle-bertrand-mariage-chateau-amou-landes-preview-1028_websize-1-300x200.jpg 300w, https:\/\/gaetaneglize.com\/wp-content\/uploads\/2024\/12\/michelle-bertrand-mariage-chateau-amou-landes-preview-1028_websize-1-1024x683.jpg 1024w, https:\/\/gaetaneglize.com\/wp-content\/uploads\/2024\/12\/michelle-bertrand-mariage-chateau-amou-landes-preview-1028_websize-1-768x512.jpg 768w, https:\/\/gaetaneglize.com\/wp-content\/uploads\/2024\/12\/michelle-bertrand-mariage-chateau-amou-landes-preview-1028_websize-1-1536x1024.jpg 1536w\" sizes=\"(max-width: 1600px) 100vw, 1600px\" \/>\n\t\t<div class=\"figc no-description\">\n\t\t\t<div class=\"figc-inner\">\n\t\t\t\t\t\t\t\t\t\t\t\t\t\t\t<\/div>\n\t\t<\/div>\n\n\t<\/div>\n\n<\/div><div class=\"modula-item effect-pufrobo\" >\n\t<div class=\"modula-item-overlay\"><\/div>\n\n\t<div class=\"modula-item-content\">\n\n\t\t<a data-image-id=\"15320\" role=\"button\" data-elementor-open-lightbox=\"no\" tabindex=\"0\" rel=\"jtg-15718\" data-caption=\"\" aria-label=\"Open image in lightbox\" class=\"tile-inner modula-item-link\"><\/a><img loading=\"lazy\" decoding=\"async\" class=\"pic wp-image-15320\"  data-valign=\"middle\" data-halign=\"center\" alt=\"Un couple de mari\u00e9s sont assis l&#039;un dans les bras de l&#039;autre dans la for\u00eat. La mari\u00e9e \u00e9treint son mari et leurs visages se touchent. Un moment tr\u00e8s doux et tendre captur\u00e9 par Ga\u00e9tane Glize, photographe mariage Landes.\" data-full=\"https:\/\/gaetaneglize.com\/wp-content\/uploads\/2024\/12\/seance-photo-couple-anniversaire-mariage-plage-landes-1031_websize.jpg\" title=\"seance-photo-couple-anniversaire-mariage-plage-landes-1031_websize\" crop=\"\" width=\"1067\" height=\"1600\" src=\"https:\/\/gaetaneglize.com\/wp-content\/uploads\/2024\/12\/seance-photo-couple-anniversaire-mariage-plage-landes-1031_websize.jpg\" data-src=\"https:\/\/gaetaneglize.com\/wp-content\/uploads\/2024\/12\/seance-photo-couple-anniversaire-mariage-plage-landes-1031_websize.jpg\" data-caption=\"\" srcset=\"https:\/\/gaetaneglize.com\/wp-content\/uploads\/2024\/12\/seance-photo-couple-anniversaire-mariage-plage-landes-1031_websize.jpg 1067w, https:\/\/gaetaneglize.com\/wp-content\/uploads\/2024\/12\/seance-photo-couple-anniversaire-mariage-plage-landes-1031_websize-200x300.jpg 200w, https:\/\/gaetaneglize.com\/wp-content\/uploads\/2024\/12\/seance-photo-couple-anniversaire-mariage-plage-landes-1031_websize-683x1024.jpg 683w, https:\/\/gaetaneglize.com\/wp-content\/uploads\/2024\/12\/seance-photo-couple-anniversaire-mariage-plage-landes-1031_websize-768x1152.jpg 768w, https:\/\/gaetaneglize.com\/wp-content\/uploads\/2024\/12\/seance-photo-couple-anniversaire-mariage-plage-landes-1031_websize-1024x1536.jpg 1024w\" sizes=\"(max-width: 1067px) 100vw, 1067px\" \/>\n\t\t<div class=\"figc no-description\">\n\t\t\t<div class=\"figc-inner\">\n\t\t\t\t\t\t\t\t\t\t\t\t\t\t\t<\/div>\n\t\t<\/div>\n\n\t<\/div>\n\n<\/div><div class=\"modula-item effect-pufrobo\" >\n\t<div class=\"modula-item-overlay\"><\/div>\n\n\t<div class=\"modula-item-content\">\n\n\t\t<a data-image-id=\"11530\" role=\"button\" data-elementor-open-lightbox=\"no\" tabindex=\"0\" rel=\"jtg-15718\" data-caption=\"\" aria-label=\"Open image in lightbox\" class=\"tile-inner modula-item-link\"><\/a><img loading=\"lazy\" decoding=\"async\" class=\"pic wp-image-11530\"  data-valign=\"middle\" data-halign=\"center\" alt=\"Photographie de mariage. Un couple de mari\u00e9s danse au milieu de leurs invit\u00e9s pendant le cocktail. Photo de mariage prise par la photographe de mariage Ga\u00e9tane Glize dans les Landes.\" data-full=\"https:\/\/gaetaneglize.com\/wp-content\/uploads\/2022\/10\/gaetane-glize-photographe-mariage-landes-pays-basque-01.jpg\" title=\"gaetane-glize-photographe-mariage-landes-pays-basque-01\" crop=\"\" width=\"1500\" height=\"1000\" src=\"https:\/\/gaetaneglize.com\/wp-content\/uploads\/2022\/10\/gaetane-glize-photographe-mariage-landes-pays-basque-01.jpg\" data-src=\"https:\/\/gaetaneglize.com\/wp-content\/uploads\/2022\/10\/gaetane-glize-photographe-mariage-landes-pays-basque-01.jpg\" data-caption=\"\" srcset=\"https:\/\/gaetaneglize.com\/wp-content\/uploads\/2022\/10\/gaetane-glize-photographe-mariage-landes-pays-basque-01.jpg 1500w, https:\/\/gaetaneglize.com\/wp-content\/uploads\/2022\/10\/gaetane-glize-photographe-mariage-landes-pays-basque-01-300x200.jpg 300w, https:\/\/gaetaneglize.com\/wp-content\/uploads\/2022\/10\/gaetane-glize-photographe-mariage-landes-pays-basque-01-1024x683.jpg 1024w, https:\/\/gaetaneglize.com\/wp-content\/uploads\/2022\/10\/gaetane-glize-photographe-mariage-landes-pays-basque-01-768x512.jpg 768w\" sizes=\"(max-width: 1500px) 100vw, 1500px\" \/>\n\t\t<div class=\"figc no-description\">\n\t\t\t<div class=\"figc-inner\">\n\t\t\t\t\t\t\t\t\t\t\t\t\t\t\t<\/div>\n\t\t<\/div>\n\n\t<\/div>\n\n<\/div><div class=\"modula-item effect-pufrobo\" >\n\t<div class=\"modula-item-overlay\"><\/div>\n\n\t<div class=\"modula-item-content\">\n\n\t\t<a data-image-id=\"11528\" role=\"button\" data-elementor-open-lightbox=\"no\" tabindex=\"0\" rel=\"jtg-15718\" data-caption=\"\" aria-label=\"Open image in lightbox\" class=\"tile-inner modula-item-link\"><\/a><img loading=\"lazy\" decoding=\"async\" class=\"pic wp-image-11528\"  data-valign=\"middle\" data-halign=\"center\" alt=\"Photographie de mariage d&#039;un couple en tenues de mari\u00e9s. Le mari\u00e9 lit ses voeux de mariage \u00e0 sa femme. Sa robe de mari\u00e9e vole au vent dans le d\u00e9sert au coucher de soleil.\" data-full=\"https:\/\/gaetaneglize.com\/wp-content\/uploads\/2022\/10\/gaetane-glize-photographe-mariage-landes-pays-basque-05.jpg\" title=\"gaetane-glize-photographe-mariage-landes-pays-basque-05\" crop=\"\" width=\"1500\" height=\"1000\" src=\"https:\/\/gaetaneglize.com\/wp-content\/uploads\/2022\/10\/gaetane-glize-photographe-mariage-landes-pays-basque-05.jpg\" data-src=\"https:\/\/gaetaneglize.com\/wp-content\/uploads\/2022\/10\/gaetane-glize-photographe-mariage-landes-pays-basque-05.jpg\" data-caption=\"\" srcset=\"https:\/\/gaetaneglize.com\/wp-content\/uploads\/2022\/10\/gaetane-glize-photographe-mariage-landes-pays-basque-05.jpg 1500w, https:\/\/gaetaneglize.com\/wp-content\/uploads\/2022\/10\/gaetane-glize-photographe-mariage-landes-pays-basque-05-300x200.jpg 300w, https:\/\/gaetaneglize.com\/wp-content\/uploads\/2022\/10\/gaetane-glize-photographe-mariage-landes-pays-basque-05-1024x683.jpg 1024w, https:\/\/gaetaneglize.com\/wp-content\/uploads\/2022\/10\/gaetane-glize-photographe-mariage-landes-pays-basque-05-768x512.jpg 768w\" sizes=\"(max-width: 1500px) 100vw, 1500px\" \/>\n\t\t<div class=\"figc no-description\">\n\t\t\t<div class=\"figc-inner\">\n\t\t\t\t\t\t\t\t\t\t\t\t\t\t\t<\/div>\n\t\t<\/div>\n\n\t<\/div>\n\n<\/div><div class=\"modula-item effect-pufrobo\" >\n\t<div class=\"modula-item-overlay\"><\/div>\n\n\t<div class=\"modula-item-content\">\n\n\t\t<a data-image-id=\"15356\" role=\"button\" data-elementor-open-lightbox=\"no\" tabindex=\"0\" rel=\"jtg-15718\" data-caption=\"\" aria-label=\"Open image in lightbox\" class=\"tile-inner modula-item-link\"><\/a><img loading=\"lazy\" decoding=\"async\" class=\"pic wp-image-15356\"  data-valign=\"middle\" data-halign=\"center\" alt=\"\" data-full=\"https:\/\/gaetaneglize.com\/wp-content\/uploads\/2024\/12\/seance-photo-couple-anniversaire-mariage-plage-landes-1212_websize.jpg\" title=\"seance-photo-couple-anniversaire-mariage-plage-landes-1212_websize\" crop=\"\" width=\"1067\" height=\"1600\" src=\"https:\/\/gaetaneglize.com\/wp-content\/uploads\/2024\/12\/seance-photo-couple-anniversaire-mariage-plage-landes-1212_websize.jpg\" data-src=\"https:\/\/gaetaneglize.com\/wp-content\/uploads\/2024\/12\/seance-photo-couple-anniversaire-mariage-plage-landes-1212_websize.jpg\" data-caption=\"\" srcset=\"https:\/\/gaetaneglize.com\/wp-content\/uploads\/2024\/12\/seance-photo-couple-anniversaire-mariage-plage-landes-1212_websize.jpg 1067w, https:\/\/gaetaneglize.com\/wp-content\/uploads\/2024\/12\/seance-photo-couple-anniversaire-mariage-plage-landes-1212_websize-200x300.jpg 200w, https:\/\/gaetaneglize.com\/wp-content\/uploads\/2024\/12\/seance-photo-couple-anniversaire-mariage-plage-landes-1212_websize-683x1024.jpg 683w, https:\/\/gaetaneglize.com\/wp-content\/uploads\/2024\/12\/seance-photo-couple-anniversaire-mariage-plage-landes-1212_websize-768x1152.jpg 768w, https:\/\/gaetaneglize.com\/wp-content\/uploads\/2024\/12\/seance-photo-couple-anniversaire-mariage-plage-landes-1212_websize-1024x1536.jpg 1024w\" sizes=\"(max-width: 1067px) 100vw, 1067px\" \/>\n\t\t<div class=\"figc no-description\">\n\t\t\t<div class=\"figc-inner\">\n\t\t\t\t\t\t\t\t\t\t\t\t\t\t\t<\/div>\n\t\t<\/div>\n\n\t<\/div>\n\n<\/div><div class=\"modula-item effect-pufrobo\" >\n\t<div class=\"modula-item-overlay\"><\/div>\n\n\t<div class=\"modula-item-content\">\n\n\t\t<a data-image-id=\"13410\" role=\"button\" data-elementor-open-lightbox=\"no\" tabindex=\"0\" rel=\"jtg-15718\" data-caption=\"\" aria-label=\"Open image in lightbox\" class=\"tile-inner modula-item-link\"><\/a><img loading=\"lazy\" decoding=\"async\" class=\"pic wp-image-13410\"  data-valign=\"middle\" data-halign=\"center\" alt=\"Le couple de mari\u00e9 s&#039;embrasses au coucher de soleil, un moment fort photographi\u00e9 par Ga\u00e9tane Glize, photographe mariage Landes.\" data-full=\"https:\/\/gaetaneglize.com\/wp-content\/uploads\/2023\/01\/photographe-mariage-landes-1003.jpg\" title=\"photographe-mariage-landes-1003\" crop=\"\" width=\"1500\" height=\"1000\" src=\"https:\/\/gaetaneglize.com\/wp-content\/uploads\/2023\/01\/photographe-mariage-landes-1003.jpg\" data-src=\"https:\/\/gaetaneglize.com\/wp-content\/uploads\/2023\/01\/photographe-mariage-landes-1003.jpg\" data-caption=\"\" srcset=\"https:\/\/gaetaneglize.com\/wp-content\/uploads\/2023\/01\/photographe-mariage-landes-1003.jpg 1500w, https:\/\/gaetaneglize.com\/wp-content\/uploads\/2023\/01\/photographe-mariage-landes-1003-300x200.jpg 300w, https:\/\/gaetaneglize.com\/wp-content\/uploads\/2023\/01\/photographe-mariage-landes-1003-1024x683.jpg 1024w, https:\/\/gaetaneglize.com\/wp-content\/uploads\/2023\/01\/photographe-mariage-landes-1003-768x512.jpg 768w\" sizes=\"(max-width: 1500px) 100vw, 1500px\" \/>\n\t\t<div class=\"figc no-description\">\n\t\t\t<div class=\"figc-inner\">\n\t\t\t\t\t\t\t\t\t\t\t\t\t\t\t<\/div>\n\t\t<\/div>\n\n\t<\/div>\n\n<\/div><div class=\"modula-item effect-pufrobo\" >\n\t<div class=\"modula-item-overlay\"><\/div>\n\n\t<div class=\"modula-item-content\">\n\n\t\t<a data-image-id=\"8552\" role=\"button\" data-elementor-open-lightbox=\"no\" tabindex=\"0\" rel=\"jtg-15718\" data-caption=\"\" aria-label=\"Open image in lightbox\" class=\"tile-inner modula-item-link\"><\/a><img loading=\"lazy\" decoding=\"async\" class=\"pic wp-image-8552\"  data-valign=\"middle\" data-halign=\"center\" alt=\"\" data-full=\"https:\/\/gaetaneglize.com\/wp-content\/uploads\/2022\/01\/camille-reha-mariage-intimiste-cocobarn-woodlodge-landes-1208_websize.jpg\" title=\"Camille + Reha\" crop=\"\" width=\"1067\" height=\"1600\" src=\"https:\/\/gaetaneglize.com\/wp-content\/uploads\/2022\/01\/camille-reha-mariage-intimiste-cocobarn-woodlodge-landes-1208_websize.jpg\" data-src=\"https:\/\/gaetaneglize.com\/wp-content\/uploads\/2022\/01\/camille-reha-mariage-intimiste-cocobarn-woodlodge-landes-1208_websize.jpg\" data-caption=\"\" srcset=\"https:\/\/gaetaneglize.com\/wp-content\/uploads\/2022\/01\/camille-reha-mariage-intimiste-cocobarn-woodlodge-landes-1208_websize.jpg 1067w, https:\/\/gaetaneglize.com\/wp-content\/uploads\/2022\/01\/camille-reha-mariage-intimiste-cocobarn-woodlodge-landes-1208_websize-200x300.jpg 200w, https:\/\/gaetaneglize.com\/wp-content\/uploads\/2022\/01\/camille-reha-mariage-intimiste-cocobarn-woodlodge-landes-1208_websize-683x1024.jpg 683w, https:\/\/gaetaneglize.com\/wp-content\/uploads\/2022\/01\/camille-reha-mariage-intimiste-cocobarn-woodlodge-landes-1208_websize-768x1152.jpg 768w, https:\/\/gaetaneglize.com\/wp-content\/uploads\/2022\/01\/camille-reha-mariage-intimiste-cocobarn-woodlodge-landes-1208_websize-1024x1536.jpg 1024w\" sizes=\"(max-width: 1067px) 100vw, 1067px\" \/>\n\t\t<div class=\"figc no-description\">\n\t\t\t<div class=\"figc-inner\">\n\t\t\t\t\t\t\t\t\t\t\t\t\t\t\t<\/div>\n\t\t<\/div>\n\n\t<\/div>\n\n<\/div><div class=\"modula-item effect-pufrobo\" >\n\t<div class=\"modula-item-overlay\"><\/div>\n\n\t<div class=\"modula-item-content\">\n\n\t\t<a data-image-id=\"15992\" role=\"button\" data-elementor-open-lightbox=\"no\" tabindex=\"0\" rel=\"jtg-15718\" data-caption=\"\" aria-label=\"Open image in lightbox\" class=\"tile-inner modula-item-link\"><\/a><img loading=\"lazy\" decoding=\"async\" class=\"pic wp-image-15992\"  data-valign=\"middle\" data-halign=\"center\" alt=\"\" data-full=\"https:\/\/gaetaneglize.com\/wp-content\/uploads\/2024\/12\/photographe-mariage-chateau-amou-landes-1632-animation_-2.gif\" title=\"photographe-mariage-chateau-amou-landes-1632-animation_-2\" crop=\"\" width=\"2200\" height=\"1467\" src=\"https:\/\/gaetaneglize.com\/wp-content\/uploads\/2024\/12\/photographe-mariage-chateau-amou-landes-1632-animation_-2.gif\" data-src=\"https:\/\/gaetaneglize.com\/wp-content\/uploads\/2024\/12\/photographe-mariage-chateau-amou-landes-1632-animation_-2.gif\" data-caption=\"\"\/>\n\t\t<div class=\"figc no-description\">\n\t\t\t<div class=\"figc-inner\">\n\t\t\t\t\t\t\t\t\t\t\t\t\t\t\t<\/div>\n\t\t<\/div>\n\n\t<\/div>\n\n<\/div><div class=\"modula-item effect-pufrobo\" >\n\t<div class=\"modula-item-overlay\"><\/div>\n\n\t<div class=\"modula-item-content\">\n\n\t\t<a data-image-id=\"6855\" role=\"button\" data-elementor-open-lightbox=\"no\" tabindex=\"0\" rel=\"jtg-15718\" data-caption=\"\" aria-label=\"Open image in lightbox\" class=\"tile-inner modula-item-link\"><\/a><img loading=\"lazy\" decoding=\"async\" class=\"pic wp-image-6855\"  data-valign=\"middle\" data-halign=\"center\" alt=\"\" data-full=\"https:\/\/gaetaneglize.com\/wp-content\/uploads\/2021\/04\/claire-thant-zin-ceremonie-renouvellement-voeux-mariage-plage-landes-1439_websize.jpg\" title=\"Claire + Thant Zin vow renewal\" crop=\"\" width=\"1200\" height=\"800\" src=\"https:\/\/gaetaneglize.com\/wp-content\/uploads\/2021\/04\/claire-thant-zin-ceremonie-renouvellement-voeux-mariage-plage-landes-1439_websize.jpg\" data-src=\"https:\/\/gaetaneglize.com\/wp-content\/uploads\/2021\/04\/claire-thant-zin-ceremonie-renouvellement-voeux-mariage-plage-landes-1439_websize.jpg\" data-caption=\"\" srcset=\"https:\/\/gaetaneglize.com\/wp-content\/uploads\/2021\/04\/claire-thant-zin-ceremonie-renouvellement-voeux-mariage-plage-landes-1439_websize.jpg 1200w, https:\/\/gaetaneglize.com\/wp-content\/uploads\/2021\/04\/claire-thant-zin-ceremonie-renouvellement-voeux-mariage-plage-landes-1439_websize-300x200.jpg 300w, https:\/\/gaetaneglize.com\/wp-content\/uploads\/2021\/04\/claire-thant-zin-ceremonie-renouvellement-voeux-mariage-plage-landes-1439_websize-1024x683.jpg 1024w, https:\/\/gaetaneglize.com\/wp-content\/uploads\/2021\/04\/claire-thant-zin-ceremonie-renouvellement-voeux-mariage-plage-landes-1439_websize-768x512.jpg 768w\" sizes=\"(max-width: 1200px) 100vw, 1200px\" \/>\n\t\t<div class=\"figc no-description\">\n\t\t\t<div class=\"figc-inner\">\n\t\t\t\t\t\t\t\t\t\t\t\t\t\t\t<\/div>\n\t\t<\/div>\n\n\t<\/div>\n\n<\/div><div class=\"modula-item effect-pufrobo\" >\n\t<div class=\"modula-item-overlay\"><\/div>\n\n\t<div class=\"modula-item-content\">\n\n\t\t<a data-image-id=\"15952\" role=\"button\" data-elementor-open-lightbox=\"no\" tabindex=\"0\" rel=\"jtg-15718\" data-caption=\"\" aria-label=\"Open image in lightbox\" class=\"tile-inner modula-item-link\"><\/a><img loading=\"lazy\" decoding=\"async\" class=\"pic wp-image-15952\"  data-valign=\"middle\" data-halign=\"center\" alt=\"\" data-full=\"https:\/\/gaetaneglize.com\/wp-content\/uploads\/2024\/12\/anna-maxime-photo-mariage-elopement-chapelle-landes-1115_websize.jpg\" title=\"anna-maxime-photo-mariage-elopement-chapelle-landes-1115_websize\" crop=\"\" width=\"1067\" height=\"1600\" src=\"https:\/\/gaetaneglize.com\/wp-content\/uploads\/2024\/12\/anna-maxime-photo-mariage-elopement-chapelle-landes-1115_websize.jpg\" data-src=\"https:\/\/gaetaneglize.com\/wp-content\/uploads\/2024\/12\/anna-maxime-photo-mariage-elopement-chapelle-landes-1115_websize.jpg\" data-caption=\"\" srcset=\"https:\/\/gaetaneglize.com\/wp-content\/uploads\/2024\/12\/anna-maxime-photo-mariage-elopement-chapelle-landes-1115_websize.jpg 1067w, https:\/\/gaetaneglize.com\/wp-content\/uploads\/2024\/12\/anna-maxime-photo-mariage-elopement-chapelle-landes-1115_websize-200x300.jpg 200w, https:\/\/gaetaneglize.com\/wp-content\/uploads\/2024\/12\/anna-maxime-photo-mariage-elopement-chapelle-landes-1115_websize-683x1024.jpg 683w, https:\/\/gaetaneglize.com\/wp-content\/uploads\/2024\/12\/anna-maxime-photo-mariage-elopement-chapelle-landes-1115_websize-768x1152.jpg 768w, https:\/\/gaetaneglize.com\/wp-content\/uploads\/2024\/12\/anna-maxime-photo-mariage-elopement-chapelle-landes-1115_websize-1024x1536.jpg 1024w\" sizes=\"(max-width: 1067px) 100vw, 1067px\" \/>\n\t\t<div class=\"figc no-description\">\n\t\t\t<div class=\"figc-inner\">\n\t\t\t\t\t\t\t\t\t\t\t\t\t\t\t<\/div>\n\t\t<\/div>\n\n\t<\/div>\n\n<\/div><div class=\"modula-item effect-pufrobo\" >\n\t<div class=\"modula-item-overlay\"><\/div>\n\n\t<div class=\"modula-item-content\">\n\n\t\t<a data-image-id=\"7873\" role=\"button\" data-elementor-open-lightbox=\"no\" tabindex=\"0\" rel=\"jtg-15718\" data-caption=\"\" aria-label=\"Open image in lightbox\" class=\"tile-inner modula-item-link\"><\/a><img loading=\"lazy\" decoding=\"async\" class=\"pic wp-image-7873\"  data-valign=\"middle\" data-halign=\"center\" alt=\"\" data-full=\"https:\/\/gaetaneglize.com\/wp-content\/uploads\/2021\/06\/melynda-fievel-photo-renouvellement-voeux-boheme-aquitaine-preview-1000-3_websize.jpg\" title=\"melynda-fievel-photo-renouvellement-voeux-boheme-aquitaine-preview-1000-3_websize\" crop=\"\" width=\"1600\" height=\"1067\" src=\"https:\/\/gaetaneglize.com\/wp-content\/uploads\/2021\/06\/melynda-fievel-photo-renouvellement-voeux-boheme-aquitaine-preview-1000-3_websize.jpg\" data-src=\"https:\/\/gaetaneglize.com\/wp-content\/uploads\/2021\/06\/melynda-fievel-photo-renouvellement-voeux-boheme-aquitaine-preview-1000-3_websize.jpg\" data-caption=\"\" srcset=\"https:\/\/gaetaneglize.com\/wp-content\/uploads\/2021\/06\/melynda-fievel-photo-renouvellement-voeux-boheme-aquitaine-preview-1000-3_websize.jpg 1600w, https:\/\/gaetaneglize.com\/wp-content\/uploads\/2021\/06\/melynda-fievel-photo-renouvellement-voeux-boheme-aquitaine-preview-1000-3_websize-300x200.jpg 300w, https:\/\/gaetaneglize.com\/wp-content\/uploads\/2021\/06\/melynda-fievel-photo-renouvellement-voeux-boheme-aquitaine-preview-1000-3_websize-1024x683.jpg 1024w, https:\/\/gaetaneglize.com\/wp-content\/uploads\/2021\/06\/melynda-fievel-photo-renouvellement-voeux-boheme-aquitaine-preview-1000-3_websize-768x512.jpg 768w, https:\/\/gaetaneglize.com\/wp-content\/uploads\/2021\/06\/melynda-fievel-photo-renouvellement-voeux-boheme-aquitaine-preview-1000-3_websize-1536x1024.jpg 1536w\" sizes=\"(max-width: 1600px) 100vw, 1600px\" \/>\n\t\t<div class=\"figc no-description\">\n\t\t\t<div class=\"figc-inner\">\n\t\t\t\t\t\t\t\t\t\t\t\t\t\t\t<\/div>\n\t\t<\/div>\n\n\t<\/div>\n\n<\/div><div class=\"modula-item effect-pufrobo\" >\n\t<div class=\"modula-item-overlay\"><\/div>\n\n\t<div class=\"modula-item-content\">\n\n\t\t<a data-image-id=\"15933\" role=\"button\" data-elementor-open-lightbox=\"no\" tabindex=\"0\" rel=\"jtg-15718\" data-caption=\"\" aria-label=\"Open image in lightbox\" class=\"tile-inner modula-item-link\"><\/a><img loading=\"lazy\" decoding=\"async\" class=\"pic wp-image-15933\"  data-valign=\"middle\" data-halign=\"center\" alt=\"\" data-full=\"https:\/\/gaetaneglize.com\/wp-content\/uploads\/2024\/12\/alexandra-arthur-mariage-intimiste-a-la-maison-1760-animation.gif\" title=\"alexandra-arthur-mariage-intimiste-a-la-maison-1760-animation\" crop=\"\" width=\"1200\" height=\"1800\" src=\"https:\/\/gaetaneglize.com\/wp-content\/uploads\/2024\/12\/alexandra-arthur-mariage-intimiste-a-la-maison-1760-animation.gif\" data-src=\"https:\/\/gaetaneglize.com\/wp-content\/uploads\/2024\/12\/alexandra-arthur-mariage-intimiste-a-la-maison-1760-animation.gif\" data-caption=\"\"\/>\n\t\t<div class=\"figc no-description\">\n\t\t\t<div class=\"figc-inner\">\n\t\t\t\t\t\t\t\t\t\t\t\t\t\t\t<\/div>\n\t\t<\/div>\n\n\t<\/div>\n\n<\/div><div class=\"modula-item effect-pufrobo\" >\n\t<div class=\"modula-item-overlay\"><\/div>\n\n\t<div class=\"modula-item-content\">\n\n\t\t<a data-image-id=\"15994\" role=\"button\" data-elementor-open-lightbox=\"no\" tabindex=\"0\" rel=\"jtg-15718\" data-caption=\"\" aria-label=\"Open image in lightbox\" class=\"tile-inner modula-item-link\"><\/a><img loading=\"lazy\" decoding=\"async\" class=\"pic wp-image-15994\"  data-valign=\"middle\" data-halign=\"center\" alt=\"\" data-full=\"https:\/\/gaetaneglize.com\/wp-content\/uploads\/2024\/12\/anna-maxime-photo-mariage-elopement-chapelle-landes-1267_2.jpg\" title=\"anna-maxime-photo-mariage-elopement-chapelle-landes-1267_2\" crop=\"\" width=\"1600\" height=\"1067\" src=\"https:\/\/gaetaneglize.com\/wp-content\/uploads\/2024\/12\/anna-maxime-photo-mariage-elopement-chapelle-landes-1267_2.jpg\" data-src=\"https:\/\/gaetaneglize.com\/wp-content\/uploads\/2024\/12\/anna-maxime-photo-mariage-elopement-chapelle-landes-1267_2.jpg\" data-caption=\"\" srcset=\"https:\/\/gaetaneglize.com\/wp-content\/uploads\/2024\/12\/anna-maxime-photo-mariage-elopement-chapelle-landes-1267_2.jpg 1600w, https:\/\/gaetaneglize.com\/wp-content\/uploads\/2024\/12\/anna-maxime-photo-mariage-elopement-chapelle-landes-1267_2-300x200.jpg 300w, https:\/\/gaetaneglize.com\/wp-content\/uploads\/2024\/12\/anna-maxime-photo-mariage-elopement-chapelle-landes-1267_2-1024x683.jpg 1024w, https:\/\/gaetaneglize.com\/wp-content\/uploads\/2024\/12\/anna-maxime-photo-mariage-elopement-chapelle-landes-1267_2-768x512.jpg 768w, https:\/\/gaetaneglize.com\/wp-content\/uploads\/2024\/12\/anna-maxime-photo-mariage-elopement-chapelle-landes-1267_2-1536x1024.jpg 1536w\" sizes=\"(max-width: 1600px) 100vw, 1600px\" \/>\n\t\t<div class=\"figc no-description\">\n\t\t\t<div class=\"figc-inner\">\n\t\t\t\t\t\t\t\t\t\t\t\t\t\t\t<\/div>\n\t\t<\/div>\n\n\t<\/div>\n\n<\/div><div class=\"modula-item effect-pufrobo\" >\n\t<div class=\"modula-item-overlay\"><\/div>\n\n\t<div class=\"modula-item-content\">\n\n\t\t<a data-image-id=\"7996\" role=\"button\" data-elementor-open-lightbox=\"no\" tabindex=\"0\" rel=\"jtg-15718\" data-caption=\"\" aria-label=\"Open image in lightbox\" class=\"tile-inner modula-item-link\"><\/a><img loading=\"lazy\" decoding=\"async\" class=\"pic wp-image-7996\"  data-valign=\"middle\" data-halign=\"center\" alt=\"\" data-full=\"https:\/\/gaetaneglize.com\/wp-content\/uploads\/2021\/07\/photographe-mariage-intimiste-landes-pays-basque-1043-2-animation.gif\" title=\"photographe-mariage-intimiste-landes-pays-basque-1043-2-animation\" crop=\"\" width=\"1521\" height=\"1014\" src=\"https:\/\/gaetaneglize.com\/wp-content\/uploads\/2021\/07\/photographe-mariage-intimiste-landes-pays-basque-1043-2-animation.gif\" data-src=\"https:\/\/gaetaneglize.com\/wp-content\/uploads\/2021\/07\/photographe-mariage-intimiste-landes-pays-basque-1043-2-animation.gif\" data-caption=\"\"\/>\n\t\t<div class=\"figc no-description\">\n\t\t\t<div class=\"figc-inner\">\n\t\t\t\t\t\t\t\t\t\t\t\t\t\t\t<\/div>\n\t\t<\/div>\n\n\t<\/div>\n\n<\/div><div class=\"modula-item effect-pufrobo\" >\n\t<div class=\"modula-item-overlay\"><\/div>\n\n\t<div class=\"modula-item-content\">\n\n\t\t<a data-image-id=\"11532\" role=\"button\" data-elementor-open-lightbox=\"no\" tabindex=\"0\" rel=\"jtg-15718\" data-caption=\"\" aria-label=\"Open image in lightbox\" class=\"tile-inner modula-item-link\"><\/a><img loading=\"lazy\" decoding=\"async\" class=\"pic wp-image-11532\"  data-valign=\"middle\" data-halign=\"center\" alt=\"Photo d&#039;une larme d&#039;\u00e9motion coulant sur la joue d&#039;une mari\u00e9e. Photo de mariage prise pendant la lecture de leurs voeux de mariage, par la photographe de mariage Ga\u00e9tane Glize bas\u00e9e dans les landes\" data-full=\"https:\/\/gaetaneglize.com\/wp-content\/uploads\/2022\/10\/gaetane-glize-photographe-mariage-landes-pays-basque-04.jpg\" title=\"gaetane-glize-photographe-mariage-landes-pays-basque-04\" crop=\"\" width=\"1500\" height=\"2249\" src=\"https:\/\/gaetaneglize.com\/wp-content\/uploads\/2022\/10\/gaetane-glize-photographe-mariage-landes-pays-basque-04.jpg\" data-src=\"https:\/\/gaetaneglize.com\/wp-content\/uploads\/2022\/10\/gaetane-glize-photographe-mariage-landes-pays-basque-04.jpg\" data-caption=\"\" srcset=\"https:\/\/gaetaneglize.com\/wp-content\/uploads\/2022\/10\/gaetane-glize-photographe-mariage-landes-pays-basque-04.jpg 1500w, https:\/\/gaetaneglize.com\/wp-content\/uploads\/2022\/10\/gaetane-glize-photographe-mariage-landes-pays-basque-04-200x300.jpg 200w, https:\/\/gaetaneglize.com\/wp-content\/uploads\/2022\/10\/gaetane-glize-photographe-mariage-landes-pays-basque-04-683x1024.jpg 683w, https:\/\/gaetaneglize.com\/wp-content\/uploads\/2022\/10\/gaetane-glize-photographe-mariage-landes-pays-basque-04-768x1151.jpg 768w, https:\/\/gaetaneglize.com\/wp-content\/uploads\/2022\/10\/gaetane-glize-photographe-mariage-landes-pays-basque-04-1024x1536.jpg 1024w, https:\/\/gaetaneglize.com\/wp-content\/uploads\/2022\/10\/gaetane-glize-photographe-mariage-landes-pays-basque-04-1366x2048.jpg 1366w\" sizes=\"(max-width: 1500px) 100vw, 1500px\" \/>\n\t\t<div class=\"figc no-description\">\n\t\t\t<div class=\"figc-inner\">\n\t\t\t\t\t\t\t\t\t\t\t\t\t\t\t<\/div>\n\t\t<\/div>\n\n\t<\/div>\n\n<\/div><div class=\"modula-item effect-pufrobo\" >\n\t<div class=\"modula-item-overlay\"><\/div>\n\n\t<div class=\"modula-item-content\">\n\n\t\t<a data-image-id=\"16066\" role=\"button\" data-elementor-open-lightbox=\"no\" tabindex=\"0\" rel=\"jtg-15718\" data-caption=\"\" aria-label=\"Open image in lightbox\" class=\"tile-inner modula-item-link\"><\/a><img loading=\"lazy\" decoding=\"async\" class=\"pic wp-image-16066\"  data-valign=\"middle\" data-halign=\"center\" alt=\"\" data-full=\"https:\/\/gaetaneglize.com\/wp-content\/uploads\/2024\/12\/emilie-romain-photographie-mariage-biscarosse-landes-1530-2.jpg\" title=\"emilie-romain-photographie-mariage-biscarosse-landes-1530-2\" crop=\"\" width=\"1600\" height=\"1067\" src=\"https:\/\/gaetaneglize.com\/wp-content\/uploads\/2024\/12\/emilie-romain-photographie-mariage-biscarosse-landes-1530-2.jpg\" data-src=\"https:\/\/gaetaneglize.com\/wp-content\/uploads\/2024\/12\/emilie-romain-photographie-mariage-biscarosse-landes-1530-2.jpg\" data-caption=\"\" srcset=\"https:\/\/gaetaneglize.com\/wp-content\/uploads\/2024\/12\/emilie-romain-photographie-mariage-biscarosse-landes-1530-2.jpg 1600w, https:\/\/gaetaneglize.com\/wp-content\/uploads\/2024\/12\/emilie-romain-photographie-mariage-biscarosse-landes-1530-2-300x200.jpg 300w, https:\/\/gaetaneglize.com\/wp-content\/uploads\/2024\/12\/emilie-romain-photographie-mariage-biscarosse-landes-1530-2-1024x683.jpg 1024w, https:\/\/gaetaneglize.com\/wp-content\/uploads\/2024\/12\/emilie-romain-photographie-mariage-biscarosse-landes-1530-2-768x512.jpg 768w, https:\/\/gaetaneglize.com\/wp-content\/uploads\/2024\/12\/emilie-romain-photographie-mariage-biscarosse-landes-1530-2-1536x1024.jpg 1536w\" sizes=\"(max-width: 1600px) 100vw, 1600px\" \/>\n\t\t<div class=\"figc no-description\">\n\t\t\t<div class=\"figc-inner\">\n\t\t\t\t\t\t\t\t\t\t\t\t\t\t\t<\/div>\n\t\t<\/div>\n\n\t<\/div>\n\n<\/div><div class=\"modula-item effect-pufrobo\" >\n\t<div class=\"modula-item-overlay\"><\/div>\n\n\t<div class=\"modula-item-content\">\n\n\t\t<a data-image-id=\"14208\" role=\"button\" data-elementor-open-lightbox=\"no\" tabindex=\"0\" rel=\"jtg-15718\" data-caption=\"\" aria-label=\"Open image in lightbox\" class=\"tile-inner modula-item-link\"><\/a><img loading=\"lazy\" decoding=\"async\" class=\"pic wp-image-14208\"  data-valign=\"middle\" data-halign=\"center\" alt=\"Un couple de mari\u00e9s se serre tr\u00e8s fort dans les bras. Un moment de tendresse captur\u00e9 pendant leur mariage dans un ch\u00e2teau dans les Landes par la photographe de mariage Ga\u00e9tane Glize.\" data-full=\"https:\/\/gaetaneglize.com\/wp-content\/uploads\/2023\/11\/photographe-mariage-chateau-loire-bourdaisiere-2250.jpg\" title=\"photographe-mariage-chateau-loire-bourdaisiere-2250\" crop=\"\" width=\"1067\" height=\"1600\" src=\"https:\/\/gaetaneglize.com\/wp-content\/uploads\/2023\/11\/photographe-mariage-chateau-loire-bourdaisiere-2250.jpg\" data-src=\"https:\/\/gaetaneglize.com\/wp-content\/uploads\/2023\/11\/photographe-mariage-chateau-loire-bourdaisiere-2250.jpg\" data-caption=\"\" srcset=\"https:\/\/gaetaneglize.com\/wp-content\/uploads\/2023\/11\/photographe-mariage-chateau-loire-bourdaisiere-2250.jpg 1067w, https:\/\/gaetaneglize.com\/wp-content\/uploads\/2023\/11\/photographe-mariage-chateau-loire-bourdaisiere-2250-200x300.jpg 200w, https:\/\/gaetaneglize.com\/wp-content\/uploads\/2023\/11\/photographe-mariage-chateau-loire-bourdaisiere-2250-683x1024.jpg 683w, https:\/\/gaetaneglize.com\/wp-content\/uploads\/2023\/11\/photographe-mariage-chateau-loire-bourdaisiere-2250-768x1152.jpg 768w, https:\/\/gaetaneglize.com\/wp-content\/uploads\/2023\/11\/photographe-mariage-chateau-loire-bourdaisiere-2250-1024x1536.jpg 1024w\" sizes=\"(max-width: 1067px) 100vw, 1067px\" \/>\n\t\t<div class=\"figc no-description\">\n\t\t\t<div class=\"figc-inner\">\n\t\t\t\t\t\t\t\t\t\t\t\t\t\t\t<\/div>\n\t\t<\/div>\n\n\t<\/div>\n\n<\/div><div class=\"modula-item effect-pufrobo\" >\n\t<div class=\"modula-item-overlay\"><\/div>\n\n\t<div class=\"modula-item-content\">\n\n\t\t<a data-image-id=\"6942\" role=\"button\" data-elementor-open-lightbox=\"no\" tabindex=\"0\" rel=\"jtg-15718\" data-caption=\"\" aria-label=\"Open image in lightbox\" class=\"tile-inner modula-item-link\"><\/a><img loading=\"lazy\" decoding=\"async\" class=\"pic wp-image-6942\"  data-valign=\"middle\" data-halign=\"center\" alt=\"\" data-full=\"https:\/\/gaetaneglize.com\/wp-content\/uploads\/2021\/04\/photographe-mariage-intimiste-landes-pays-basque-1015.jpg\" title=\"photographe-mariage-intimiste-landes-pays-basque-1015\" crop=\"\" width=\"1500\" height=\"1000\" src=\"https:\/\/gaetaneglize.com\/wp-content\/uploads\/2021\/04\/photographe-mariage-intimiste-landes-pays-basque-1015.jpg\" data-src=\"https:\/\/gaetaneglize.com\/wp-content\/uploads\/2021\/04\/photographe-mariage-intimiste-landes-pays-basque-1015.jpg\" data-caption=\"\" srcset=\"https:\/\/gaetaneglize.com\/wp-content\/uploads\/2021\/04\/photographe-mariage-intimiste-landes-pays-basque-1015.jpg 1500w, https:\/\/gaetaneglize.com\/wp-content\/uploads\/2021\/04\/photographe-mariage-intimiste-landes-pays-basque-1015-300x200.jpg 300w, https:\/\/gaetaneglize.com\/wp-content\/uploads\/2021\/04\/photographe-mariage-intimiste-landes-pays-basque-1015-1024x683.jpg 1024w, https:\/\/gaetaneglize.com\/wp-content\/uploads\/2021\/04\/photographe-mariage-intimiste-landes-pays-basque-1015-768x512.jpg 768w\" sizes=\"(max-width: 1500px) 100vw, 1500px\" \/>\n\t\t<div class=\"figc no-description\">\n\t\t\t<div class=\"figc-inner\">\n\t\t\t\t\t\t\t\t\t\t\t\t\t\t\t<\/div>\n\t\t<\/div>\n\n\t<\/div>\n\n<\/div><div class=\"modula-item effect-pufrobo\" >\n\t<div class=\"modula-item-overlay\"><\/div>\n\n\t<div class=\"modula-item-content\">\n\n\t\t<a data-image-id=\"11591\" role=\"button\" data-elementor-open-lightbox=\"no\" tabindex=\"0\" rel=\"jtg-15718\" data-caption=\"\" aria-label=\"Open image in lightbox\" class=\"tile-inner modula-item-link\"><\/a><img loading=\"lazy\" decoding=\"async\" class=\"pic wp-image-11591\"  data-valign=\"middle\" data-halign=\"center\" alt=\"\" data-full=\"https:\/\/gaetaneglize.com\/wp-content\/uploads\/2022\/10\/gaetane-glize-photographe-mariage-landes-pays-basque-10.jpg\" title=\"gaetane-glize-photographe-mariage-landes-pays-basque-10\" crop=\"\" width=\"1600\" height=\"1067\" src=\"https:\/\/gaetaneglize.com\/wp-content\/uploads\/2022\/10\/gaetane-glize-photographe-mariage-landes-pays-basque-10.jpg\" data-src=\"https:\/\/gaetaneglize.com\/wp-content\/uploads\/2022\/10\/gaetane-glize-photographe-mariage-landes-pays-basque-10.jpg\" data-caption=\"\" srcset=\"https:\/\/gaetaneglize.com\/wp-content\/uploads\/2022\/10\/gaetane-glize-photographe-mariage-landes-pays-basque-10.jpg 1600w, https:\/\/gaetaneglize.com\/wp-content\/uploads\/2022\/10\/gaetane-glize-photographe-mariage-landes-pays-basque-10-300x200.jpg 300w, https:\/\/gaetaneglize.com\/wp-content\/uploads\/2022\/10\/gaetane-glize-photographe-mariage-landes-pays-basque-10-1024x683.jpg 1024w, https:\/\/gaetaneglize.com\/wp-content\/uploads\/2022\/10\/gaetane-glize-photographe-mariage-landes-pays-basque-10-768x512.jpg 768w, https:\/\/gaetaneglize.com\/wp-content\/uploads\/2022\/10\/gaetane-glize-photographe-mariage-landes-pays-basque-10-1536x1024.jpg 1536w\" sizes=\"(max-width: 1600px) 100vw, 1600px\" \/>\n\t\t<div class=\"figc no-description\">\n\t\t\t<div class=\"figc-inner\">\n\t\t\t\t\t\t\t\t\t\t\t\t\t\t\t<\/div>\n\t\t<\/div>\n\n\t<\/div>\n\n<\/div><div class=\"modula-item effect-pufrobo\" >\n\t<div class=\"modula-item-overlay\"><\/div>\n\n\t<div class=\"modula-item-content\">\n\n\t\t<a data-image-id=\"16090\" role=\"button\" data-elementor-open-lightbox=\"no\" tabindex=\"0\" rel=\"jtg-15718\" data-caption=\"\" aria-label=\"Open image in lightbox\" class=\"tile-inner modula-item-link\"><\/a><img loading=\"lazy\" decoding=\"async\" class=\"pic wp-image-16090\"  data-valign=\"middle\" data-halign=\"center\" alt=\"\" data-full=\"https:\/\/gaetaneglize.com\/wp-content\/uploads\/2024\/12\/michelle-bertrand-photo-mariage-chateau-amou-landes-1719_websize.jpg\" title=\"michelle-bertrand-photo-mariage-chateau-amou-landes-1719_websize\" crop=\"\" width=\"1067\" height=\"1600\" src=\"https:\/\/gaetaneglize.com\/wp-content\/uploads\/2024\/12\/michelle-bertrand-photo-mariage-chateau-amou-landes-1719_websize.jpg\" data-src=\"https:\/\/gaetaneglize.com\/wp-content\/uploads\/2024\/12\/michelle-bertrand-photo-mariage-chateau-amou-landes-1719_websize.jpg\" data-caption=\"\" srcset=\"https:\/\/gaetaneglize.com\/wp-content\/uploads\/2024\/12\/michelle-bertrand-photo-mariage-chateau-amou-landes-1719_websize.jpg 1067w, https:\/\/gaetaneglize.com\/wp-content\/uploads\/2024\/12\/michelle-bertrand-photo-mariage-chateau-amou-landes-1719_websize-200x300.jpg 200w, https:\/\/gaetaneglize.com\/wp-content\/uploads\/2024\/12\/michelle-bertrand-photo-mariage-chateau-amou-landes-1719_websize-683x1024.jpg 683w, https:\/\/gaetaneglize.com\/wp-content\/uploads\/2024\/12\/michelle-bertrand-photo-mariage-chateau-amou-landes-1719_websize-768x1152.jpg 768w, https:\/\/gaetaneglize.com\/wp-content\/uploads\/2024\/12\/michelle-bertrand-photo-mariage-chateau-amou-landes-1719_websize-1024x1536.jpg 1024w\" sizes=\"(max-width: 1067px) 100vw, 1067px\" \/>\n\t\t<div class=\"figc no-description\">\n\t\t\t<div class=\"figc-inner\">\n\t\t\t\t\t\t\t\t\t\t\t\t\t\t\t<\/div>\n\t\t<\/div>\n\n\t<\/div>\n\n<\/div><div class=\"modula-item effect-pufrobo\" >\n\t<div class=\"modula-item-overlay\"><\/div>\n\n\t<div class=\"modula-item-content\">\n\n\t\t<a data-image-id=\"15923\" role=\"button\" data-elementor-open-lightbox=\"no\" tabindex=\"0\" rel=\"jtg-15718\" data-caption=\"\" aria-label=\"Open image in lightbox\" class=\"tile-inner modula-item-link\"><\/a><img loading=\"lazy\" decoding=\"async\" class=\"pic wp-image-15923\"  data-valign=\"middle\" data-halign=\"center\" alt=\"\" data-full=\"https:\/\/gaetaneglize.com\/wp-content\/uploads\/2024\/12\/anne-so-quentin-mariage-champetre-normandie-1658-animation.gif\" title=\"anne-so-quentin-mariage-champetre-normandie-1658-animation\" crop=\"\" width=\"1600\" height=\"1066\" src=\"https:\/\/gaetaneglize.com\/wp-content\/uploads\/2024\/12\/anne-so-quentin-mariage-champetre-normandie-1658-animation.gif\" data-src=\"https:\/\/gaetaneglize.com\/wp-content\/uploads\/2024\/12\/anne-so-quentin-mariage-champetre-normandie-1658-animation.gif\" data-caption=\"\"\/>\n\t\t<div class=\"figc no-description\">\n\t\t\t<div class=\"figc-inner\">\n\t\t\t\t\t\t\t\t\t\t\t\t\t\t\t<\/div>\n\t\t<\/div>\n\n\t<\/div>\n\n<\/div><div class=\"modula-item effect-pufrobo\" >\n\t<div class=\"modula-item-overlay\"><\/div>\n\n\t<div class=\"modula-item-content\">\n\n\t\t<a data-image-id=\"16048\" role=\"button\" data-elementor-open-lightbox=\"no\" tabindex=\"0\" rel=\"jtg-15718\" data-caption=\"\" aria-label=\"Open image in lightbox\" class=\"tile-inner modula-item-link\"><\/a><img loading=\"lazy\" decoding=\"async\" class=\"pic wp-image-16048\"  data-valign=\"middle\" data-halign=\"center\" alt=\"D\u00e9tail de la manche longue ballon de la robe de mari\u00e9e. Le tissu est vaporeux et serti de perles. On y voit aussi sa bague de fian\u00e7ailles.\" data-full=\"https:\/\/gaetaneglize.com\/wp-content\/uploads\/2024\/12\/seance-photo-couple-anniversaire-mariage-plage-landes-1125_websize.jpg\" title=\"seance-photo-couple-anniversaire-mariage-plage-landes-1125_websize\" crop=\"\" width=\"1067\" height=\"1600\" src=\"https:\/\/gaetaneglize.com\/wp-content\/uploads\/2024\/12\/seance-photo-couple-anniversaire-mariage-plage-landes-1125_websize.jpg\" data-src=\"https:\/\/gaetaneglize.com\/wp-content\/uploads\/2024\/12\/seance-photo-couple-anniversaire-mariage-plage-landes-1125_websize.jpg\" data-caption=\"\" srcset=\"https:\/\/gaetaneglize.com\/wp-content\/uploads\/2024\/12\/seance-photo-couple-anniversaire-mariage-plage-landes-1125_websize.jpg 1067w, https:\/\/gaetaneglize.com\/wp-content\/uploads\/2024\/12\/seance-photo-couple-anniversaire-mariage-plage-landes-1125_websize-200x300.jpg 200w, https:\/\/gaetaneglize.com\/wp-content\/uploads\/2024\/12\/seance-photo-couple-anniversaire-mariage-plage-landes-1125_websize-683x1024.jpg 683w, https:\/\/gaetaneglize.com\/wp-content\/uploads\/2024\/12\/seance-photo-couple-anniversaire-mariage-plage-landes-1125_websize-768x1152.jpg 768w, https:\/\/gaetaneglize.com\/wp-content\/uploads\/2024\/12\/seance-photo-couple-anniversaire-mariage-plage-landes-1125_websize-1024x1536.jpg 1024w\" sizes=\"(max-width: 1067px) 100vw, 1067px\" \/>\n\t\t<div class=\"figc no-description\">\n\t\t\t<div class=\"figc-inner\">\n\t\t\t\t\t\t\t\t\t\t\t\t\t\t\t<\/div>\n\t\t<\/div>\n\n\t<\/div>\n\n<\/div><div class=\"modula-item effect-pufrobo\" >\n\t<div class=\"modula-item-overlay\"><\/div>\n\n\t<div class=\"modula-item-content\">\n\n\t\t<a data-image-id=\"8542\" role=\"button\" data-elementor-open-lightbox=\"no\" tabindex=\"0\" rel=\"jtg-15718\" data-caption=\"\" aria-label=\"Open image in lightbox\" class=\"tile-inner modula-item-link\"><\/a><img loading=\"lazy\" decoding=\"async\" class=\"pic wp-image-8542\"  data-valign=\"middle\" data-halign=\"center\" alt=\"\" data-full=\"https:\/\/gaetaneglize.com\/wp-content\/uploads\/2022\/01\/camille-reha-mariage-intimiste-cocobarn-woodlodge-landes-1414-animation_websize.gif\" title=\"camille-reha-mariage-intimiste-cocobarn-woodlodge-landes-1414-animation_websize\" crop=\"\" width=\"1500\" height=\"1000\" src=\"https:\/\/gaetaneglize.com\/wp-content\/uploads\/2022\/01\/camille-reha-mariage-intimiste-cocobarn-woodlodge-landes-1414-animation_websize.gif\" data-src=\"https:\/\/gaetaneglize.com\/wp-content\/uploads\/2022\/01\/camille-reha-mariage-intimiste-cocobarn-woodlodge-landes-1414-animation_websize.gif\" data-caption=\"\"\/>\n\t\t<div class=\"figc no-description\">\n\t\t\t<div class=\"figc-inner\">\n\t\t\t\t\t\t\t\t\t\t\t\t\t\t\t<\/div>\n\t\t<\/div>\n\n\t<\/div>\n\n<\/div><div class=\"modula-item effect-pufrobo\" >\n\t<div class=\"modula-item-overlay\"><\/div>\n\n\t<div class=\"modula-item-content\">\n\n\t\t<a data-image-id=\"8588\" role=\"button\" data-elementor-open-lightbox=\"no\" tabindex=\"0\" rel=\"jtg-15718\" data-caption=\"\" aria-label=\"Open image in lightbox\" class=\"tile-inner modula-item-link\"><\/a><img loading=\"lazy\" decoding=\"async\" class=\"pic wp-image-8588\"  data-valign=\"middle\" data-halign=\"center\" alt=\"\" data-full=\"https:\/\/gaetaneglize.com\/wp-content\/uploads\/2022\/01\/camille-reha-mariage-intimiste-cocobarn-woodlodge-landes-1545_websize.jpg\" title=\"Camille + Reha\" crop=\"\" width=\"1600\" height=\"1067\" src=\"https:\/\/gaetaneglize.com\/wp-content\/uploads\/2022\/01\/camille-reha-mariage-intimiste-cocobarn-woodlodge-landes-1545_websize.jpg\" data-src=\"https:\/\/gaetaneglize.com\/wp-content\/uploads\/2022\/01\/camille-reha-mariage-intimiste-cocobarn-woodlodge-landes-1545_websize.jpg\" data-caption=\"\" srcset=\"https:\/\/gaetaneglize.com\/wp-content\/uploads\/2022\/01\/camille-reha-mariage-intimiste-cocobarn-woodlodge-landes-1545_websize.jpg 1600w, https:\/\/gaetaneglize.com\/wp-content\/uploads\/2022\/01\/camille-reha-mariage-intimiste-cocobarn-woodlodge-landes-1545_websize-300x200.jpg 300w, https:\/\/gaetaneglize.com\/wp-content\/uploads\/2022\/01\/camille-reha-mariage-intimiste-cocobarn-woodlodge-landes-1545_websize-1024x683.jpg 1024w, https:\/\/gaetaneglize.com\/wp-content\/uploads\/2022\/01\/camille-reha-mariage-intimiste-cocobarn-woodlodge-landes-1545_websize-768x512.jpg 768w, https:\/\/gaetaneglize.com\/wp-content\/uploads\/2022\/01\/camille-reha-mariage-intimiste-cocobarn-woodlodge-landes-1545_websize-1536x1024.jpg 1536w\" sizes=\"(max-width: 1600px) 100vw, 1600px\" \/>\n\t\t<div class=\"figc no-description\">\n\t\t\t<div class=\"figc-inner\">\n\t\t\t\t\t\t\t\t\t\t\t\t\t\t\t<\/div>\n\t\t<\/div>\n\n\t<\/div>\n\n<\/div><div class=\"modula-item effect-pufrobo\" >\n\t<div class=\"modula-item-overlay\"><\/div>\n\n\t<div class=\"modula-item-content\">\n\n\t\t<a data-image-id=\"8066\" role=\"button\" data-elementor-open-lightbox=\"no\" tabindex=\"0\" rel=\"jtg-15718\" data-caption=\"\" aria-label=\"Open image in lightbox\" class=\"tile-inner modula-item-link\"><\/a><img loading=\"lazy\" decoding=\"async\" class=\"pic wp-image-8066\"  data-valign=\"middle\" data-halign=\"center\" alt=\"\" data-full=\"https:\/\/gaetaneglize.com\/wp-content\/uploads\/2021\/07\/photographie-renouvellement-voeux-mariage-boheme-aquitaine2247_websize.jpg\" title=\"Melynda + Fievel\" crop=\"\" width=\"1067\" height=\"1600\" src=\"https:\/\/gaetaneglize.com\/wp-content\/uploads\/2021\/07\/photographie-renouvellement-voeux-mariage-boheme-aquitaine2247_websize.jpg\" data-src=\"https:\/\/gaetaneglize.com\/wp-content\/uploads\/2021\/07\/photographie-renouvellement-voeux-mariage-boheme-aquitaine2247_websize.jpg\" data-caption=\"\" srcset=\"https:\/\/gaetaneglize.com\/wp-content\/uploads\/2021\/07\/photographie-renouvellement-voeux-mariage-boheme-aquitaine2247_websize.jpg 1067w, https:\/\/gaetaneglize.com\/wp-content\/uploads\/2021\/07\/photographie-renouvellement-voeux-mariage-boheme-aquitaine2247_websize-200x300.jpg 200w, https:\/\/gaetaneglize.com\/wp-content\/uploads\/2021\/07\/photographie-renouvellement-voeux-mariage-boheme-aquitaine2247_websize-683x1024.jpg 683w, https:\/\/gaetaneglize.com\/wp-content\/uploads\/2021\/07\/photographie-renouvellement-voeux-mariage-boheme-aquitaine2247_websize-768x1152.jpg 768w, https:\/\/gaetaneglize.com\/wp-content\/uploads\/2021\/07\/photographie-renouvellement-voeux-mariage-boheme-aquitaine2247_websize-1024x1536.jpg 1024w\" sizes=\"(max-width: 1067px) 100vw, 1067px\" \/>\n\t\t<div class=\"figc no-description\">\n\t\t\t<div class=\"figc-inner\">\n\t\t\t\t\t\t\t\t\t\t\t\t\t\t\t<\/div>\n\t\t<\/div>\n\n\t<\/div>\n\n<\/div><div class=\"modula-item effect-pufrobo\" >\n\t<div class=\"modula-item-overlay\"><\/div>\n\n\t<div class=\"modula-item-content\">\n\n\t\t<a data-image-id=\"15998\" role=\"button\" data-elementor-open-lightbox=\"no\" tabindex=\"0\" rel=\"jtg-15718\" data-caption=\"\" aria-label=\"Open image in lightbox\" class=\"tile-inner modula-item-link\"><\/a><img loading=\"lazy\" decoding=\"async\" class=\"pic wp-image-15998\"  data-valign=\"middle\" data-halign=\"center\" alt=\"\" data-full=\"https:\/\/gaetaneglize.com\/wp-content\/uploads\/2024\/12\/michelle-bertrand-mariage-chateau-amou-landes-preview-1022_websize.jpg\" title=\"michelle-bertrand-mariage-chateau-amou-landes-preview-1022_websize\" crop=\"\" width=\"1600\" height=\"1067\" src=\"https:\/\/gaetaneglize.com\/wp-content\/uploads\/2024\/12\/michelle-bertrand-mariage-chateau-amou-landes-preview-1022_websize.jpg\" data-src=\"https:\/\/gaetaneglize.com\/wp-content\/uploads\/2024\/12\/michelle-bertrand-mariage-chateau-amou-landes-preview-1022_websize.jpg\" data-caption=\"\" srcset=\"https:\/\/gaetaneglize.com\/wp-content\/uploads\/2024\/12\/michelle-bertrand-mariage-chateau-amou-landes-preview-1022_websize.jpg 1600w, https:\/\/gaetaneglize.com\/wp-content\/uploads\/2024\/12\/michelle-bertrand-mariage-chateau-amou-landes-preview-1022_websize-300x200.jpg 300w, https:\/\/gaetaneglize.com\/wp-content\/uploads\/2024\/12\/michelle-bertrand-mariage-chateau-amou-landes-preview-1022_websize-1024x683.jpg 1024w, https:\/\/gaetaneglize.com\/wp-content\/uploads\/2024\/12\/michelle-bertrand-mariage-chateau-amou-landes-preview-1022_websize-768x512.jpg 768w, https:\/\/gaetaneglize.com\/wp-content\/uploads\/2024\/12\/michelle-bertrand-mariage-chateau-amou-landes-preview-1022_websize-1536x1024.jpg 1536w\" sizes=\"(max-width: 1600px) 100vw, 1600px\" \/>\n\t\t<div class=\"figc no-description\">\n\t\t\t<div class=\"figc-inner\">\n\t\t\t\t\t\t\t\t\t\t\t\t\t\t\t<\/div>\n\t\t<\/div>\n\n\t<\/div>\n\n<\/div><div class=\"modula-item effect-pufrobo\" >\n\t<div class=\"modula-item-overlay\"><\/div>\n\n\t<div class=\"modula-item-content\">\n\n\t\t<a data-image-id=\"15788\" role=\"button\" data-elementor-open-lightbox=\"no\" tabindex=\"0\" rel=\"jtg-15718\" data-caption=\"\" aria-label=\"Open image in lightbox\" class=\"tile-inner modula-item-link\"><\/a><img loading=\"lazy\" decoding=\"async\" class=\"pic wp-image-15788\"  data-valign=\"middle\" data-halign=\"center\" alt=\"Un couple de mari\u00e9s s&#039;embrassent pendant leur s\u00e9ance photo couple le jour de leur mariage au coucher de soleil dans les Landes.\" data-full=\"https:\/\/gaetaneglize.com\/wp-content\/uploads\/2024\/12\/photographe-mariage-landes-pays-basque-017-2.jpg\" title=\"photographe-mariage-landes-pays-basque-017-2\" crop=\"\" width=\"712\" height=\"1067\" src=\"https:\/\/gaetaneglize.com\/wp-content\/uploads\/2024\/12\/photographe-mariage-landes-pays-basque-017-2.jpg\" data-src=\"https:\/\/gaetaneglize.com\/wp-content\/uploads\/2024\/12\/photographe-mariage-landes-pays-basque-017-2.jpg\" data-caption=\"\" srcset=\"https:\/\/gaetaneglize.com\/wp-content\/uploads\/2024\/12\/photographe-mariage-landes-pays-basque-017-2.jpg 712w, https:\/\/gaetaneglize.com\/wp-content\/uploads\/2024\/12\/photographe-mariage-landes-pays-basque-017-2-200x300.jpg 200w, https:\/\/gaetaneglize.com\/wp-content\/uploads\/2024\/12\/photographe-mariage-landes-pays-basque-017-2-683x1024.jpg 683w\" sizes=\"(max-width: 712px) 100vw, 712px\" \/>\n\t\t<div class=\"figc no-description\">\n\t\t\t<div class=\"figc-inner\">\n\t\t\t\t\t\t\t\t\t\t\t\t\t\t\t<\/div>\n\t\t<\/div>\n\n\t<\/div>\n\n<\/div><div class=\"modula-item effect-pufrobo\" >\n\t<div class=\"modula-item-overlay\"><\/div>\n\n\t<div class=\"modula-item-content\">\n\n\t\t<a data-image-id=\"15390\" role=\"button\" data-elementor-open-lightbox=\"no\" tabindex=\"0\" rel=\"jtg-15718\" data-caption=\"\" aria-label=\"Open image in lightbox\" class=\"tile-inner modula-item-link\"><\/a><img loading=\"lazy\" decoding=\"async\" class=\"pic wp-image-15390\"  data-valign=\"middle\" data-halign=\"center\" alt=\"\" data-full=\"https:\/\/gaetaneglize.com\/wp-content\/uploads\/2024\/12\/seance-photo-couple-anniversaire-mariage-plage-landes-1277-animation_websize.gif\" title=\"seance-photo-couple-anniversaire-mariage-plage-landes-1277-animation_websize\" crop=\"\" width=\"2541\" height=\"1694\" src=\"https:\/\/gaetaneglize.com\/wp-content\/uploads\/2024\/12\/seance-photo-couple-anniversaire-mariage-plage-landes-1277-animation_websize.gif\" data-src=\"https:\/\/gaetaneglize.com\/wp-content\/uploads\/2024\/12\/seance-photo-couple-anniversaire-mariage-plage-landes-1277-animation_websize.gif\" data-caption=\"\"\/>\n\t\t<div class=\"figc no-description\">\n\t\t\t<div class=\"figc-inner\">\n\t\t\t\t\t\t\t\t\t\t\t\t\t\t\t<\/div>\n\t\t<\/div>\n\n\t<\/div>\n\n<\/div><div class=\"modula-item effect-pufrobo\" >\n\t<div class=\"modula-item-overlay\"><\/div>\n\n\t<div class=\"modula-item-content\">\n\n\t\t<a data-image-id=\"15935\" role=\"button\" data-elementor-open-lightbox=\"no\" tabindex=\"0\" rel=\"jtg-15718\" data-caption=\"\" aria-label=\"Open image in lightbox\" class=\"tile-inner modula-item-link\"><\/a><img loading=\"lazy\" decoding=\"async\" class=\"pic wp-image-15935\"  data-valign=\"middle\" data-halign=\"center\" alt=\"\" data-full=\"https:\/\/gaetaneglize.com\/wp-content\/uploads\/2024\/12\/anne-so-quentin-mariage-champetre-normandie-2313-animation.gif\" title=\"anne-so-quentin-mariage-champetre-normandie-2313-animation\" crop=\"\" width=\"1600\" height=\"1067\" src=\"https:\/\/gaetaneglize.com\/wp-content\/uploads\/2024\/12\/anne-so-quentin-mariage-champetre-normandie-2313-animation.gif\" data-src=\"https:\/\/gaetaneglize.com\/wp-content\/uploads\/2024\/12\/anne-so-quentin-mariage-champetre-normandie-2313-animation.gif\" data-caption=\"\"\/>\n\t\t<div class=\"figc no-description\">\n\t\t\t<div class=\"figc-inner\">\n\t\t\t\t\t\t\t\t\t\t\t\t\t\t\t<\/div>\n\t\t<\/div>\n\n\t<\/div>\n\n<\/div><div class=\"modula-item effect-pufrobo\" >\n\t<div class=\"modula-item-overlay\"><\/div>\n\n\t<div class=\"modula-item-content\">\n\n\t\t<a data-image-id=\"15376\" role=\"button\" data-elementor-open-lightbox=\"no\" tabindex=\"0\" rel=\"jtg-15718\" data-caption=\"\" aria-label=\"Open image in lightbox\" class=\"tile-inner modula-item-link\"><\/a><img loading=\"lazy\" decoding=\"async\" class=\"pic wp-image-15376\"  data-valign=\"middle\" data-halign=\"center\" alt=\"\" data-full=\"https:\/\/gaetaneglize.com\/wp-content\/uploads\/2024\/12\/anna-maxime-photo-mariage-elopement-chapelle-landes-1504_websize.jpg\" title=\"anna-maxime-photo-mariage-elopement-chapelle-landes-1504_websize\" crop=\"\" width=\"1067\" height=\"1600\" src=\"https:\/\/gaetaneglize.com\/wp-content\/uploads\/2024\/12\/anna-maxime-photo-mariage-elopement-chapelle-landes-1504_websize.jpg\" data-src=\"https:\/\/gaetaneglize.com\/wp-content\/uploads\/2024\/12\/anna-maxime-photo-mariage-elopement-chapelle-landes-1504_websize.jpg\" data-caption=\"\" srcset=\"https:\/\/gaetaneglize.com\/wp-content\/uploads\/2024\/12\/anna-maxime-photo-mariage-elopement-chapelle-landes-1504_websize.jpg 1067w, https:\/\/gaetaneglize.com\/wp-content\/uploads\/2024\/12\/anna-maxime-photo-mariage-elopement-chapelle-landes-1504_websize-200x300.jpg 200w, https:\/\/gaetaneglize.com\/wp-content\/uploads\/2024\/12\/anna-maxime-photo-mariage-elopement-chapelle-landes-1504_websize-683x1024.jpg 683w, https:\/\/gaetaneglize.com\/wp-content\/uploads\/2024\/12\/anna-maxime-photo-mariage-elopement-chapelle-landes-1504_websize-768x1152.jpg 768w, https:\/\/gaetaneglize.com\/wp-content\/uploads\/2024\/12\/anna-maxime-photo-mariage-elopement-chapelle-landes-1504_websize-1024x1536.jpg 1024w\" sizes=\"(max-width: 1067px) 100vw, 1067px\" \/>\n\t\t<div class=\"figc no-description\">\n\t\t\t<div class=\"figc-inner\">\n\t\t\t\t\t\t\t\t\t\t\t\t\t\t\t<\/div>\n\t\t<\/div>\n\n\t<\/div>\n\n<\/div><div class=\"modula-item effect-pufrobo\" >\n\t<div class=\"modula-item-overlay\"><\/div>\n\n\t<div class=\"modula-item-content\">\n\n\t\t<a data-image-id=\"8600\" role=\"button\" data-elementor-open-lightbox=\"no\" tabindex=\"0\" rel=\"jtg-15718\" data-caption=\"\" aria-label=\"Open image in lightbox\" class=\"tile-inner modula-item-link\"><\/a><img loading=\"lazy\" decoding=\"async\" class=\"pic wp-image-8600\"  data-valign=\"middle\" data-halign=\"center\" alt=\"\" data-full=\"https:\/\/gaetaneglize.com\/wp-content\/uploads\/2022\/01\/fanny-philippe-photographe-mariage-landes-aquitaine-1436-animation_websize.gif\" title=\"fanny-philippe-photographe-mariage-landes-aquitaine-1436-animation_websize\" crop=\"\" width=\"1500\" height=\"1000\" src=\"https:\/\/gaetaneglize.com\/wp-content\/uploads\/2022\/01\/fanny-philippe-photographe-mariage-landes-aquitaine-1436-animation_websize.gif\" data-src=\"https:\/\/gaetaneglize.com\/wp-content\/uploads\/2022\/01\/fanny-philippe-photographe-mariage-landes-aquitaine-1436-animation_websize.gif\" data-caption=\"\"\/>\n\t\t<div class=\"figc no-description\">\n\t\t\t<div class=\"figc-inner\">\n\t\t\t\t\t\t\t\t\t\t\t\t\t\t\t<\/div>\n\t\t<\/div>\n\n\t<\/div>\n\n<\/div><div class=\"modula-item effect-pufrobo\" >\n\t<div class=\"modula-item-overlay\"><\/div>\n\n\t<div class=\"modula-item-content\">\n\n\t\t<a data-image-id=\"15950\" role=\"button\" data-elementor-open-lightbox=\"no\" tabindex=\"0\" rel=\"jtg-15718\" data-caption=\"\" aria-label=\"Open image in lightbox\" class=\"tile-inner modula-item-link\"><\/a><img loading=\"lazy\" decoding=\"async\" class=\"pic wp-image-15950\"  data-valign=\"middle\" data-halign=\"center\" alt=\"\" data-full=\"https:\/\/gaetaneglize.com\/wp-content\/uploads\/2024\/12\/anna-maxime-photo-mariage-elopement-chapelle-landes-1188_websize.jpg\" title=\"anna-maxime-photo-mariage-elopement-chapelle-landes-1188_websize\" crop=\"\" width=\"1067\" height=\"1600\" src=\"https:\/\/gaetaneglize.com\/wp-content\/uploads\/2024\/12\/anna-maxime-photo-mariage-elopement-chapelle-landes-1188_websize.jpg\" data-src=\"https:\/\/gaetaneglize.com\/wp-content\/uploads\/2024\/12\/anna-maxime-photo-mariage-elopement-chapelle-landes-1188_websize.jpg\" data-caption=\"\" srcset=\"https:\/\/gaetaneglize.com\/wp-content\/uploads\/2024\/12\/anna-maxime-photo-mariage-elopement-chapelle-landes-1188_websize.jpg 1067w, https:\/\/gaetaneglize.com\/wp-content\/uploads\/2024\/12\/anna-maxime-photo-mariage-elopement-chapelle-landes-1188_websize-200x300.jpg 200w, https:\/\/gaetaneglize.com\/wp-content\/uploads\/2024\/12\/anna-maxime-photo-mariage-elopement-chapelle-landes-1188_websize-683x1024.jpg 683w, https:\/\/gaetaneglize.com\/wp-content\/uploads\/2024\/12\/anna-maxime-photo-mariage-elopement-chapelle-landes-1188_websize-768x1152.jpg 768w, https:\/\/gaetaneglize.com\/wp-content\/uploads\/2024\/12\/anna-maxime-photo-mariage-elopement-chapelle-landes-1188_websize-1024x1536.jpg 1024w\" sizes=\"(max-width: 1067px) 100vw, 1067px\" \/>\n\t\t<div class=\"figc no-description\">\n\t\t\t<div class=\"figc-inner\">\n\t\t\t\t\t\t\t\t\t\t\t\t\t\t\t<\/div>\n\t\t<\/div>\n\n\t<\/div>\n\n<\/div><div class=\"modula-item effect-pufrobo\" >\n\t<div class=\"modula-item-overlay\"><\/div>\n\n\t<div class=\"modula-item-content\">\n\n\t\t<a data-image-id=\"9400\" role=\"button\" data-elementor-open-lightbox=\"no\" tabindex=\"0\" rel=\"jtg-15718\" data-caption=\"\" aria-label=\"Open image in lightbox\" class=\"tile-inner modula-item-link\"><\/a><img loading=\"lazy\" decoding=\"async\" class=\"pic wp-image-9400\"  data-valign=\"middle\" data-halign=\"center\" alt=\"\" data-full=\"https:\/\/gaetaneglize.com\/wp-content\/uploads\/2022\/03\/naiti-maxime-photographe-mariage-bordeaux-gironde-aquitaine-1543_websize.jpg\" title=\"Na\u00efti + Maxime\" crop=\"\" width=\"1600\" height=\"1067\" src=\"https:\/\/gaetaneglize.com\/wp-content\/uploads\/2022\/03\/naiti-maxime-photographe-mariage-bordeaux-gironde-aquitaine-1543_websize.jpg\" data-src=\"https:\/\/gaetaneglize.com\/wp-content\/uploads\/2022\/03\/naiti-maxime-photographe-mariage-bordeaux-gironde-aquitaine-1543_websize.jpg\" data-caption=\"\" srcset=\"https:\/\/gaetaneglize.com\/wp-content\/uploads\/2022\/03\/naiti-maxime-photographe-mariage-bordeaux-gironde-aquitaine-1543_websize.jpg 1600w, https:\/\/gaetaneglize.com\/wp-content\/uploads\/2022\/03\/naiti-maxime-photographe-mariage-bordeaux-gironde-aquitaine-1543_websize-300x200.jpg 300w, https:\/\/gaetaneglize.com\/wp-content\/uploads\/2022\/03\/naiti-maxime-photographe-mariage-bordeaux-gironde-aquitaine-1543_websize-1024x683.jpg 1024w, https:\/\/gaetaneglize.com\/wp-content\/uploads\/2022\/03\/naiti-maxime-photographe-mariage-bordeaux-gironde-aquitaine-1543_websize-768x512.jpg 768w, https:\/\/gaetaneglize.com\/wp-content\/uploads\/2022\/03\/naiti-maxime-photographe-mariage-bordeaux-gironde-aquitaine-1543_websize-1536x1024.jpg 1536w\" sizes=\"(max-width: 1600px) 100vw, 1600px\" \/>\n\t\t<div class=\"figc no-description\">\n\t\t\t<div class=\"figc-inner\">\n\t\t\t\t\t\t\t\t\t\t\t\t\t\t\t<\/div>\n\t\t<\/div>\n\n\t<\/div>\n\n<\/div><div class=\"modula-item effect-pufrobo\" >\n\t<div class=\"modula-item-overlay\"><\/div>\n\n\t<div class=\"modula-item-content\">\n\n\t\t<a data-image-id=\"16009\" role=\"button\" data-elementor-open-lightbox=\"no\" tabindex=\"0\" rel=\"jtg-15718\" data-caption=\"\" aria-label=\"Open image in lightbox\" class=\"tile-inner modula-item-link\"><\/a><img loading=\"lazy\" decoding=\"async\" class=\"pic wp-image-16009\"  data-valign=\"middle\" data-halign=\"center\" alt=\"\" data-full=\"https:\/\/gaetaneglize.com\/wp-content\/uploads\/2024\/12\/anna-maxime-photo-mariage-elopement-chapelle-landes-1655_websize.jpg\" title=\"anna-maxime-photo-mariage-elopement-chapelle-landes-1655_websize\" crop=\"\" width=\"1600\" height=\"1067\" src=\"https:\/\/gaetaneglize.com\/wp-content\/uploads\/2024\/12\/anna-maxime-photo-mariage-elopement-chapelle-landes-1655_websize.jpg\" data-src=\"https:\/\/gaetaneglize.com\/wp-content\/uploads\/2024\/12\/anna-maxime-photo-mariage-elopement-chapelle-landes-1655_websize.jpg\" data-caption=\"\" srcset=\"https:\/\/gaetaneglize.com\/wp-content\/uploads\/2024\/12\/anna-maxime-photo-mariage-elopement-chapelle-landes-1655_websize.jpg 1600w, https:\/\/gaetaneglize.com\/wp-content\/uploads\/2024\/12\/anna-maxime-photo-mariage-elopement-chapelle-landes-1655_websize-300x200.jpg 300w, https:\/\/gaetaneglize.com\/wp-content\/uploads\/2024\/12\/anna-maxime-photo-mariage-elopement-chapelle-landes-1655_websize-1024x683.jpg 1024w, https:\/\/gaetaneglize.com\/wp-content\/uploads\/2024\/12\/anna-maxime-photo-mariage-elopement-chapelle-landes-1655_websize-768x512.jpg 768w, https:\/\/gaetaneglize.com\/wp-content\/uploads\/2024\/12\/anna-maxime-photo-mariage-elopement-chapelle-landes-1655_websize-1536x1024.jpg 1536w\" sizes=\"(max-width: 1600px) 100vw, 1600px\" \/>\n\t\t<div class=\"figc no-description\">\n\t\t\t<div class=\"figc-inner\">\n\t\t\t\t\t\t\t\t\t\t\t\t\t\t\t<\/div>\n\t\t<\/div>\n\n\t<\/div>\n\n<\/div><div class=\"modula-item effect-pufrobo\" >\n\t<div class=\"modula-item-overlay\"><\/div>\n\n\t<div class=\"modula-item-content\">\n\n\t\t<a data-image-id=\"9799\" role=\"button\" data-elementor-open-lightbox=\"no\" tabindex=\"0\" rel=\"jtg-15718\" data-caption=\"\" aria-label=\"Open image in lightbox\" class=\"tile-inner modula-item-link\"><\/a><img loading=\"lazy\" decoding=\"async\" class=\"pic wp-image-9799\"  data-valign=\"middle\" data-halign=\"center\" alt=\"La mari\u00e9e fait un c\u00e2lin \u00e0 son mari avec la belle lumi\u00e8re dor\u00e9e du coucher du soleil et les montagnes en fond. Un moment doux capt\u00e9 par Ga\u00e9tane Glize, photographe elopement Pyr\u00e9n\u00e9es.\" data-full=\"https:\/\/gaetaneglize.com\/wp-content\/uploads\/2022\/04\/gaetane-glize-elopement-photographer-adventure-mountains-1005.jpg\" title=\"gaetane-glize-elopement-photographer-adventure-mountains-1005\" crop=\"\" width=\"1000\" height=\"1500\" src=\"https:\/\/gaetaneglize.com\/wp-content\/uploads\/2022\/04\/gaetane-glize-elopement-photographer-adventure-mountains-1005.jpg\" data-src=\"https:\/\/gaetaneglize.com\/wp-content\/uploads\/2022\/04\/gaetane-glize-elopement-photographer-adventure-mountains-1005.jpg\" data-caption=\"\" srcset=\"https:\/\/gaetaneglize.com\/wp-content\/uploads\/2022\/04\/gaetane-glize-elopement-photographer-adventure-mountains-1005.jpg 1000w, https:\/\/gaetaneglize.com\/wp-content\/uploads\/2022\/04\/gaetane-glize-elopement-photographer-adventure-mountains-1005-200x300.jpg 200w, https:\/\/gaetaneglize.com\/wp-content\/uploads\/2022\/04\/gaetane-glize-elopement-photographer-adventure-mountains-1005-683x1024.jpg 683w, https:\/\/gaetaneglize.com\/wp-content\/uploads\/2022\/04\/gaetane-glize-elopement-photographer-adventure-mountains-1005-768x1152.jpg 768w\" sizes=\"(max-width: 1000px) 100vw, 1000px\" \/>\n\t\t<div class=\"figc no-description\">\n\t\t\t<div class=\"figc-inner\">\n\t\t\t\t\t\t\t\t\t\t\t\t\t\t\t<\/div>\n\t\t<\/div>\n\n\t<\/div>\n\n<\/div><div class=\"modula-item effect-pufrobo\" >\n\t<div class=\"modula-item-overlay\"><\/div>\n\n\t<div class=\"modula-item-content\">\n\n\t\t<a data-image-id=\"15917\" role=\"button\" data-elementor-open-lightbox=\"no\" tabindex=\"0\" rel=\"jtg-15718\" data-caption=\"\" aria-label=\"Open image in lightbox\" class=\"tile-inner modula-item-link\"><\/a><img loading=\"lazy\" decoding=\"async\" class=\"pic wp-image-15917\"  data-valign=\"middle\" data-halign=\"center\" alt=\"\" data-full=\"https:\/\/gaetaneglize.com\/wp-content\/uploads\/2024\/12\/margaux-baptiste-mariage-chateau-loire-2234-animation.gif\" title=\"margaux-baptiste-mariage-chateau-loire-2234-animation\" crop=\"\" width=\"2560\" height=\"1706\" src=\"https:\/\/gaetaneglize.com\/wp-content\/uploads\/2024\/12\/margaux-baptiste-mariage-chateau-loire-2234-animation.gif\" data-src=\"https:\/\/gaetaneglize.com\/wp-content\/uploads\/2024\/12\/margaux-baptiste-mariage-chateau-loire-2234-animation.gif\" data-caption=\"\"\/>\n\t\t<div class=\"figc no-description\">\n\t\t\t<div class=\"figc-inner\">\n\t\t\t\t\t\t\t\t\t\t\t\t\t\t\t<\/div>\n\t\t<\/div>\n\n\t<\/div>\n\n<\/div><div class=\"modula-item effect-pufrobo\" >\n\t<div class=\"modula-item-overlay\"><\/div>\n\n\t<div class=\"modula-item-content\">\n\n\t\t<a data-image-id=\"10996\" role=\"button\" data-elementor-open-lightbox=\"no\" tabindex=\"0\" rel=\"jtg-15718\" data-caption=\"\" aria-label=\"Open image in lightbox\" class=\"tile-inner modula-item-link\"><\/a><img loading=\"lazy\" decoding=\"async\" class=\"pic wp-image-10996\"  data-valign=\"middle\" data-halign=\"center\" alt=\"\" data-full=\"https:\/\/gaetaneglize.com\/wp-content\/uploads\/2022\/06\/alexandra-arthur-mariage-intimiste-a-la-maison-preview-1041_websize.jpg\" title=\"Alexandra + Arthur\" crop=\"\" width=\"1067\" height=\"1600\" src=\"https:\/\/gaetaneglize.com\/wp-content\/uploads\/2022\/06\/alexandra-arthur-mariage-intimiste-a-la-maison-preview-1041_websize.jpg\" data-src=\"https:\/\/gaetaneglize.com\/wp-content\/uploads\/2022\/06\/alexandra-arthur-mariage-intimiste-a-la-maison-preview-1041_websize.jpg\" data-caption=\"\" srcset=\"https:\/\/gaetaneglize.com\/wp-content\/uploads\/2022\/06\/alexandra-arthur-mariage-intimiste-a-la-maison-preview-1041_websize.jpg 1067w, https:\/\/gaetaneglize.com\/wp-content\/uploads\/2022\/06\/alexandra-arthur-mariage-intimiste-a-la-maison-preview-1041_websize-200x300.jpg 200w, https:\/\/gaetaneglize.com\/wp-content\/uploads\/2022\/06\/alexandra-arthur-mariage-intimiste-a-la-maison-preview-1041_websize-683x1024.jpg 683w, https:\/\/gaetaneglize.com\/wp-content\/uploads\/2022\/06\/alexandra-arthur-mariage-intimiste-a-la-maison-preview-1041_websize-768x1152.jpg 768w, https:\/\/gaetaneglize.com\/wp-content\/uploads\/2022\/06\/alexandra-arthur-mariage-intimiste-a-la-maison-preview-1041_websize-1024x1536.jpg 1024w\" sizes=\"(max-width: 1067px) 100vw, 1067px\" \/>\n\t\t<div class=\"figc no-description\">\n\t\t\t<div class=\"figc-inner\">\n\t\t\t\t\t\t\t\t\t\t\t\t\t\t\t<\/div>\n\t\t<\/div>\n\n\t<\/div>\n\n<\/div><div class=\"modula-item effect-pufrobo\" >\n\t<div class=\"modula-item-overlay\"><\/div>\n\n\t<div class=\"modula-item-content\">\n\n\t\t<a data-image-id=\"14537\" role=\"button\" data-elementor-open-lightbox=\"no\" tabindex=\"0\" rel=\"jtg-15718\" data-caption=\"\" aria-label=\"Open image in lightbox\" class=\"tile-inner modula-item-link\"><\/a><img loading=\"lazy\" decoding=\"async\" class=\"pic wp-image-14537\"  data-valign=\"middle\" data-halign=\"center\" alt=\"\" data-full=\"https:\/\/gaetaneglize.com\/wp-content\/uploads\/2024\/02\/marina-mathieu-mariage-intimiste-cocobarn-woodlodge-foret-landes-2314_websize.jpg\" title=\"Marina + Mathieu\" crop=\"\" width=\"1600\" height=\"1067\" src=\"https:\/\/gaetaneglize.com\/wp-content\/uploads\/2024\/02\/marina-mathieu-mariage-intimiste-cocobarn-woodlodge-foret-landes-2314_websize.jpg\" data-src=\"https:\/\/gaetaneglize.com\/wp-content\/uploads\/2024\/02\/marina-mathieu-mariage-intimiste-cocobarn-woodlodge-foret-landes-2314_websize.jpg\" data-caption=\"\" srcset=\"https:\/\/gaetaneglize.com\/wp-content\/uploads\/2024\/02\/marina-mathieu-mariage-intimiste-cocobarn-woodlodge-foret-landes-2314_websize.jpg 1600w, https:\/\/gaetaneglize.com\/wp-content\/uploads\/2024\/02\/marina-mathieu-mariage-intimiste-cocobarn-woodlodge-foret-landes-2314_websize-300x200.jpg 300w, https:\/\/gaetaneglize.com\/wp-content\/uploads\/2024\/02\/marina-mathieu-mariage-intimiste-cocobarn-woodlodge-foret-landes-2314_websize-1024x683.jpg 1024w, https:\/\/gaetaneglize.com\/wp-content\/uploads\/2024\/02\/marina-mathieu-mariage-intimiste-cocobarn-woodlodge-foret-landes-2314_websize-768x512.jpg 768w, https:\/\/gaetaneglize.com\/wp-content\/uploads\/2024\/02\/marina-mathieu-mariage-intimiste-cocobarn-woodlodge-foret-landes-2314_websize-1536x1024.jpg 1536w\" sizes=\"(max-width: 1600px) 100vw, 1600px\" \/>\n\t\t<div class=\"figc no-description\">\n\t\t\t<div class=\"figc-inner\">\n\t\t\t\t\t\t\t\t\t\t\t\t\t\t\t<\/div>\n\t\t<\/div>\n\n\t<\/div>\n\n<\/div><div class=\"modula-item effect-pufrobo\" >\n\t<div class=\"modula-item-overlay\"><\/div>\n\n\t<div class=\"modula-item-content\">\n\n\t\t<a data-image-id=\"15979\" role=\"button\" data-elementor-open-lightbox=\"no\" tabindex=\"0\" rel=\"jtg-15718\" data-caption=\"\" aria-label=\"Open image in lightbox\" class=\"tile-inner modula-item-link\"><\/a><img loading=\"lazy\" decoding=\"async\" class=\"pic wp-image-15979\"  data-valign=\"middle\" data-halign=\"center\" alt=\"\" data-full=\"https:\/\/gaetaneglize.com\/wp-content\/uploads\/2024\/12\/michelle-bertrand-photo-mariage-chateau-amou-landes-1056_websize.jpg\" title=\"michelle-bertrand-photo-mariage-chateau-amou-landes-1056_websize\" crop=\"\" width=\"1600\" height=\"1067\" src=\"https:\/\/gaetaneglize.com\/wp-content\/uploads\/2024\/12\/michelle-bertrand-photo-mariage-chateau-amou-landes-1056_websize.jpg\" data-src=\"https:\/\/gaetaneglize.com\/wp-content\/uploads\/2024\/12\/michelle-bertrand-photo-mariage-chateau-amou-landes-1056_websize.jpg\" data-caption=\"\" srcset=\"https:\/\/gaetaneglize.com\/wp-content\/uploads\/2024\/12\/michelle-bertrand-photo-mariage-chateau-amou-landes-1056_websize.jpg 1600w, https:\/\/gaetaneglize.com\/wp-content\/uploads\/2024\/12\/michelle-bertrand-photo-mariage-chateau-amou-landes-1056_websize-300x200.jpg 300w, https:\/\/gaetaneglize.com\/wp-content\/uploads\/2024\/12\/michelle-bertrand-photo-mariage-chateau-amou-landes-1056_websize-1024x683.jpg 1024w, https:\/\/gaetaneglize.com\/wp-content\/uploads\/2024\/12\/michelle-bertrand-photo-mariage-chateau-amou-landes-1056_websize-768x512.jpg 768w, https:\/\/gaetaneglize.com\/wp-content\/uploads\/2024\/12\/michelle-bertrand-photo-mariage-chateau-amou-landes-1056_websize-1536x1024.jpg 1536w\" sizes=\"(max-width: 1600px) 100vw, 1600px\" \/>\n\t\t<div class=\"figc no-description\">\n\t\t\t<div class=\"figc-inner\">\n\t\t\t\t\t\t\t\t\t\t\t\t\t\t\t<\/div>\n\t\t<\/div>\n\n\t<\/div>\n\n<\/div><div class=\"modula-item effect-pufrobo\" >\n\t<div class=\"modula-item-overlay\"><\/div>\n\n\t<div class=\"modula-item-content\">\n\n\t\t<a data-image-id=\"15996\" role=\"button\" data-elementor-open-lightbox=\"no\" tabindex=\"0\" rel=\"jtg-15718\" data-caption=\"\" aria-label=\"Open image in lightbox\" class=\"tile-inner modula-item-link\"><\/a><img loading=\"lazy\" decoding=\"async\" class=\"pic wp-image-15996\"  data-valign=\"middle\" data-halign=\"center\" alt=\"\" data-full=\"https:\/\/gaetaneglize.com\/wp-content\/uploads\/2024\/12\/michelle-bertrand-photo-mariage-chateau-amou-landes-1411_websize.jpg\" title=\"michelle-bertrand-photo-mariage-chateau-amou-landes-1411_websize\" crop=\"\" width=\"1067\" height=\"1600\" src=\"https:\/\/gaetaneglize.com\/wp-content\/uploads\/2024\/12\/michelle-bertrand-photo-mariage-chateau-amou-landes-1411_websize.jpg\" data-src=\"https:\/\/gaetaneglize.com\/wp-content\/uploads\/2024\/12\/michelle-bertrand-photo-mariage-chateau-amou-landes-1411_websize.jpg\" data-caption=\"\" srcset=\"https:\/\/gaetaneglize.com\/wp-content\/uploads\/2024\/12\/michelle-bertrand-photo-mariage-chateau-amou-landes-1411_websize.jpg 1067w, https:\/\/gaetaneglize.com\/wp-content\/uploads\/2024\/12\/michelle-bertrand-photo-mariage-chateau-amou-landes-1411_websize-200x300.jpg 200w, https:\/\/gaetaneglize.com\/wp-content\/uploads\/2024\/12\/michelle-bertrand-photo-mariage-chateau-amou-landes-1411_websize-683x1024.jpg 683w, https:\/\/gaetaneglize.com\/wp-content\/uploads\/2024\/12\/michelle-bertrand-photo-mariage-chateau-amou-landes-1411_websize-768x1152.jpg 768w, https:\/\/gaetaneglize.com\/wp-content\/uploads\/2024\/12\/michelle-bertrand-photo-mariage-chateau-amou-landes-1411_websize-1024x1536.jpg 1024w\" sizes=\"(max-width: 1067px) 100vw, 1067px\" \/>\n\t\t<div class=\"figc no-description\">\n\t\t\t<div class=\"figc-inner\">\n\t\t\t\t\t\t\t\t\t\t\t\t\t\t\t<\/div>\n\t\t<\/div>\n\n\t<\/div>\n\n<\/div><div class=\"modula-item effect-pufrobo\" >\n\t<div class=\"modula-item-overlay\"><\/div>\n\n\t<div class=\"modula-item-content\">\n\n\t\t<a data-image-id=\"12501\" role=\"button\" data-elementor-open-lightbox=\"no\" tabindex=\"0\" rel=\"jtg-15718\" data-caption=\"\" aria-label=\"Open image in lightbox\" class=\"tile-inner modula-item-link\"><\/a><img loading=\"lazy\" decoding=\"async\" class=\"pic wp-image-12501\"  data-valign=\"middle\" data-halign=\"center\" alt=\"La premi\u00e8re danse des mari\u00e9s captur\u00e9e par la photographe de mariage Ga\u00e9tane Glize dans les Landes.\" data-full=\"https:\/\/gaetaneglize.com\/wp-content\/uploads\/2023\/01\/photographe-mariage-landes-pays-basque-002.jpg\" title=\"photographe-mariage-landes-pays-basque-002\" crop=\"\" width=\"1600\" height=\"1067\" src=\"https:\/\/gaetaneglize.com\/wp-content\/uploads\/2023\/01\/photographe-mariage-landes-pays-basque-002.jpg\" data-src=\"https:\/\/gaetaneglize.com\/wp-content\/uploads\/2023\/01\/photographe-mariage-landes-pays-basque-002.jpg\" data-caption=\"\" srcset=\"https:\/\/gaetaneglize.com\/wp-content\/uploads\/2023\/01\/photographe-mariage-landes-pays-basque-002.jpg 1600w, https:\/\/gaetaneglize.com\/wp-content\/uploads\/2023\/01\/photographe-mariage-landes-pays-basque-002-300x200.jpg 300w, https:\/\/gaetaneglize.com\/wp-content\/uploads\/2023\/01\/photographe-mariage-landes-pays-basque-002-1024x683.jpg 1024w, https:\/\/gaetaneglize.com\/wp-content\/uploads\/2023\/01\/photographe-mariage-landes-pays-basque-002-768x512.jpg 768w, https:\/\/gaetaneglize.com\/wp-content\/uploads\/2023\/01\/photographe-mariage-landes-pays-basque-002-1536x1024.jpg 1536w\" sizes=\"(max-width: 1600px) 100vw, 1600px\" \/>\n\t\t<div class=\"figc no-description\">\n\t\t\t<div class=\"figc-inner\">\n\t\t\t\t\t\t\t\t\t\t\t\t\t\t\t<\/div>\n\t\t<\/div>\n\n\t<\/div>\n\n<\/div><div class=\"modula-item effect-pufrobo\" >\n\t<div class=\"modula-item-overlay\"><\/div>\n\n\t<div class=\"modula-item-content\">\n\n\t\t<a data-image-id=\"8538\" role=\"button\" data-elementor-open-lightbox=\"no\" tabindex=\"0\" rel=\"jtg-15718\" data-caption=\"\" aria-label=\"Open image in lightbox\" class=\"tile-inner modula-item-link\"><\/a><img loading=\"lazy\" decoding=\"async\" class=\"pic wp-image-8538\"  data-valign=\"middle\" data-halign=\"center\" alt=\"\" data-full=\"https:\/\/gaetaneglize.com\/wp-content\/uploads\/2022\/01\/camille-reha-mariage-intimiste-cocobarn-woodlodge-landes-1567_websize.jpg\" title=\"Camille + Reha\" crop=\"\" width=\"1067\" height=\"1600\" src=\"https:\/\/gaetaneglize.com\/wp-content\/uploads\/2022\/01\/camille-reha-mariage-intimiste-cocobarn-woodlodge-landes-1567_websize.jpg\" data-src=\"https:\/\/gaetaneglize.com\/wp-content\/uploads\/2022\/01\/camille-reha-mariage-intimiste-cocobarn-woodlodge-landes-1567_websize.jpg\" data-caption=\"\" srcset=\"https:\/\/gaetaneglize.com\/wp-content\/uploads\/2022\/01\/camille-reha-mariage-intimiste-cocobarn-woodlodge-landes-1567_websize.jpg 1067w, https:\/\/gaetaneglize.com\/wp-content\/uploads\/2022\/01\/camille-reha-mariage-intimiste-cocobarn-woodlodge-landes-1567_websize-200x300.jpg 200w, https:\/\/gaetaneglize.com\/wp-content\/uploads\/2022\/01\/camille-reha-mariage-intimiste-cocobarn-woodlodge-landes-1567_websize-683x1024.jpg 683w, https:\/\/gaetaneglize.com\/wp-content\/uploads\/2022\/01\/camille-reha-mariage-intimiste-cocobarn-woodlodge-landes-1567_websize-768x1152.jpg 768w, https:\/\/gaetaneglize.com\/wp-content\/uploads\/2022\/01\/camille-reha-mariage-intimiste-cocobarn-woodlodge-landes-1567_websize-1024x1536.jpg 1024w\" sizes=\"(max-width: 1067px) 100vw, 1067px\" \/>\n\t\t<div class=\"figc no-description\">\n\t\t\t<div class=\"figc-inner\">\n\t\t\t\t\t\t\t\t\t\t\t\t\t\t\t<\/div>\n\t\t<\/div>\n\n\t<\/div>\n\n<\/div><div class=\"modula-item effect-pufrobo\" >\n\t<div class=\"modula-item-overlay\"><\/div>\n\n\t<div class=\"modula-item-content\">\n\n\t\t<a data-image-id=\"8042\" role=\"button\" data-elementor-open-lightbox=\"no\" tabindex=\"0\" rel=\"jtg-15718\" data-caption=\"\" aria-label=\"Open image in lightbox\" class=\"tile-inner modula-item-link\"><\/a><img loading=\"lazy\" decoding=\"async\" class=\"pic wp-image-8042\"  data-valign=\"middle\" data-halign=\"center\" alt=\"\" data-full=\"https:\/\/gaetaneglize.com\/wp-content\/uploads\/2021\/07\/naiti-maxime-photographe-mariage-bordeaux-gironde-aquitaine-preview-1012_websize.jpg\" title=\"Na\u00efti + Maxime\" crop=\"\" width=\"1600\" height=\"1067\" src=\"https:\/\/gaetaneglize.com\/wp-content\/uploads\/2021\/07\/naiti-maxime-photographe-mariage-bordeaux-gironde-aquitaine-preview-1012_websize.jpg\" data-src=\"https:\/\/gaetaneglize.com\/wp-content\/uploads\/2021\/07\/naiti-maxime-photographe-mariage-bordeaux-gironde-aquitaine-preview-1012_websize.jpg\" data-caption=\"\" srcset=\"https:\/\/gaetaneglize.com\/wp-content\/uploads\/2021\/07\/naiti-maxime-photographe-mariage-bordeaux-gironde-aquitaine-preview-1012_websize.jpg 1600w, https:\/\/gaetaneglize.com\/wp-content\/uploads\/2021\/07\/naiti-maxime-photographe-mariage-bordeaux-gironde-aquitaine-preview-1012_websize-300x200.jpg 300w, https:\/\/gaetaneglize.com\/wp-content\/uploads\/2021\/07\/naiti-maxime-photographe-mariage-bordeaux-gironde-aquitaine-preview-1012_websize-1024x683.jpg 1024w, https:\/\/gaetaneglize.com\/wp-content\/uploads\/2021\/07\/naiti-maxime-photographe-mariage-bordeaux-gironde-aquitaine-preview-1012_websize-768x512.jpg 768w, https:\/\/gaetaneglize.com\/wp-content\/uploads\/2021\/07\/naiti-maxime-photographe-mariage-bordeaux-gironde-aquitaine-preview-1012_websize-1536x1024.jpg 1536w\" sizes=\"(max-width: 1600px) 100vw, 1600px\" \/>\n\t\t<div class=\"figc no-description\">\n\t\t\t<div class=\"figc-inner\">\n\t\t\t\t\t\t\t\t\t\t\t\t\t\t\t<\/div>\n\t\t<\/div>\n\n\t<\/div>\n\n<\/div><div class=\"modula-item effect-pufrobo\" >\n\t<div class=\"modula-item-overlay\"><\/div>\n\n\t<div class=\"modula-item-content\">\n\n\t\t<a data-image-id=\"15915\" role=\"button\" data-elementor-open-lightbox=\"no\" tabindex=\"0\" rel=\"jtg-15718\" data-caption=\"\" aria-label=\"Open image in lightbox\" class=\"tile-inner modula-item-link\"><\/a><img loading=\"lazy\" decoding=\"async\" class=\"pic wp-image-15915\"  data-valign=\"middle\" data-halign=\"center\" alt=\"\" data-full=\"https:\/\/gaetaneglize.com\/wp-content\/uploads\/2024\/12\/marina-mathieu-mariage-intimiste-cocobarn-woodlodge-foret-landes-1864-animation.gif\" title=\"marina-mathieu-mariage-intimiste-cocobarn-woodlodge-foret-landes-1864-animation\" crop=\"\" width=\"1700\" height=\"1134\" src=\"https:\/\/gaetaneglize.com\/wp-content\/uploads\/2024\/12\/marina-mathieu-mariage-intimiste-cocobarn-woodlodge-foret-landes-1864-animation.gif\" data-src=\"https:\/\/gaetaneglize.com\/wp-content\/uploads\/2024\/12\/marina-mathieu-mariage-intimiste-cocobarn-woodlodge-foret-landes-1864-animation.gif\" data-caption=\"\"\/>\n\t\t<div class=\"figc no-description\">\n\t\t\t<div class=\"figc-inner\">\n\t\t\t\t\t\t\t\t\t\t\t\t\t\t\t<\/div>\n\t\t<\/div>\n\n\t<\/div>\n\n<\/div><div class=\"modula-item effect-pufrobo\" >\n\t<div class=\"modula-item-overlay\"><\/div>\n\n\t<div class=\"modula-item-content\">\n\n\t\t<a data-image-id=\"16046\" role=\"button\" data-elementor-open-lightbox=\"no\" tabindex=\"0\" rel=\"jtg-15718\" data-caption=\"\" aria-label=\"Open image in lightbox\" class=\"tile-inner modula-item-link\"><\/a><img loading=\"lazy\" decoding=\"async\" class=\"pic wp-image-16046\"  data-valign=\"middle\" data-halign=\"center\" alt=\"Un mari\u00e9 rit aux \u00e9clats avec le ch\u00e2teau de mariage derri\u00e8re lui. Une belle photo de portrait d&#039;homme faite par Ga\u00e9tane Glize, photographe mariage Landes.\" data-full=\"https:\/\/gaetaneglize.com\/wp-content\/uploads\/2024\/12\/margaux-baptiste-mariage-chateau-loire-2334_websize.jpg\" title=\"margaux-baptiste-mariage-chateau-loire-2334_websize\" crop=\"\" width=\"1067\" height=\"1600\" src=\"https:\/\/gaetaneglize.com\/wp-content\/uploads\/2024\/12\/margaux-baptiste-mariage-chateau-loire-2334_websize.jpg\" data-src=\"https:\/\/gaetaneglize.com\/wp-content\/uploads\/2024\/12\/margaux-baptiste-mariage-chateau-loire-2334_websize.jpg\" data-caption=\"\" srcset=\"https:\/\/gaetaneglize.com\/wp-content\/uploads\/2024\/12\/margaux-baptiste-mariage-chateau-loire-2334_websize.jpg 1067w, https:\/\/gaetaneglize.com\/wp-content\/uploads\/2024\/12\/margaux-baptiste-mariage-chateau-loire-2334_websize-200x300.jpg 200w, https:\/\/gaetaneglize.com\/wp-content\/uploads\/2024\/12\/margaux-baptiste-mariage-chateau-loire-2334_websize-683x1024.jpg 683w, https:\/\/gaetaneglize.com\/wp-content\/uploads\/2024\/12\/margaux-baptiste-mariage-chateau-loire-2334_websize-768x1152.jpg 768w, https:\/\/gaetaneglize.com\/wp-content\/uploads\/2024\/12\/margaux-baptiste-mariage-chateau-loire-2334_websize-1024x1536.jpg 1024w\" sizes=\"(max-width: 1067px) 100vw, 1067px\" \/>\n\t\t<div class=\"figc no-description\">\n\t\t\t<div class=\"figc-inner\">\n\t\t\t\t\t\t\t\t\t\t\t\t\t\t\t<\/div>\n\t\t<\/div>\n\n\t<\/div>\n\n<\/div><div class=\"modula-item effect-pufrobo\" >\n\t<div class=\"modula-item-overlay\"><\/div>\n\n\t<div class=\"modula-item-content\">\n\n\t\t<a data-image-id=\"15919\" role=\"button\" data-elementor-open-lightbox=\"no\" tabindex=\"0\" rel=\"jtg-15718\" data-caption=\"\" aria-label=\"Open image in lightbox\" class=\"tile-inner modula-item-link\"><\/a><img loading=\"lazy\" decoding=\"async\" class=\"pic wp-image-15919\"  data-valign=\"middle\" data-halign=\"center\" alt=\"\" data-full=\"https:\/\/gaetaneglize.com\/wp-content\/uploads\/2024\/12\/celine-pascal-seance-photo-mariage-famille-enfants-plage-landes-1327-animation.gif\" title=\"celine-pascal-seance-photo-mariage-famille-enfants-plage-landes-1327-animation\" crop=\"\" width=\"2200\" height=\"1466\" src=\"https:\/\/gaetaneglize.com\/wp-content\/uploads\/2024\/12\/celine-pascal-seance-photo-mariage-famille-enfants-plage-landes-1327-animation.gif\" data-src=\"https:\/\/gaetaneglize.com\/wp-content\/uploads\/2024\/12\/celine-pascal-seance-photo-mariage-famille-enfants-plage-landes-1327-animation.gif\" data-caption=\"\"\/>\n\t\t<div class=\"figc no-description\">\n\t\t\t<div class=\"figc-inner\">\n\t\t\t\t\t\t\t\t\t\t\t\t\t\t\t<\/div>\n\t\t<\/div>\n\n\t<\/div>\n\n<\/div><div class=\"modula-item effect-pufrobo\" >\n\t<div class=\"modula-item-overlay\"><\/div>\n\n\t<div class=\"modula-item-content\">\n\n\t\t<a data-image-id=\"15937\" role=\"button\" data-elementor-open-lightbox=\"no\" tabindex=\"0\" rel=\"jtg-15718\" data-caption=\"\" aria-label=\"Open image in lightbox\" class=\"tile-inner modula-item-link\"><\/a><img loading=\"lazy\" decoding=\"async\" class=\"pic wp-image-15937\"  data-valign=\"middle\" data-halign=\"center\" alt=\"\" data-full=\"https:\/\/gaetaneglize.com\/wp-content\/uploads\/2024\/12\/anais-nicolas-mariage-intimiste-a-la-maison-1984-animation-3.gif\" title=\"anais-nicolas-mariage-intimiste-a-la-maison-1984-animation-3\" crop=\"\" width=\"1533\" height=\"2300\" src=\"https:\/\/gaetaneglize.com\/wp-content\/uploads\/2024\/12\/anais-nicolas-mariage-intimiste-a-la-maison-1984-animation-3.gif\" data-src=\"https:\/\/gaetaneglize.com\/wp-content\/uploads\/2024\/12\/anais-nicolas-mariage-intimiste-a-la-maison-1984-animation-3.gif\" data-caption=\"\"\/>\n\t\t<div class=\"figc no-description\">\n\t\t\t<div class=\"figc-inner\">\n\t\t\t\t\t\t\t\t\t\t\t\t\t\t\t<\/div>\n\t\t<\/div>\n\n\t<\/div>\n\n<\/div><div class=\"modula-item effect-pufrobo\" >\n\t<div class=\"modula-item-overlay\"><\/div>\n\n\t<div class=\"modula-item-content\">\n\n\t\t<a data-image-id=\"15687\" role=\"button\" data-elementor-open-lightbox=\"no\" tabindex=\"0\" rel=\"jtg-15718\" data-caption=\"\" aria-label=\"Open image in lightbox\" class=\"tile-inner modula-item-link\"><\/a><img loading=\"lazy\" decoding=\"async\" class=\"pic wp-image-15687\"  data-valign=\"middle\" data-halign=\"center\" alt=\"\" data-full=\"https:\/\/gaetaneglize.com\/wp-content\/uploads\/2024\/12\/michelle-bertrand-mariage-chateau-amou-landes-preview-1016_websize-1.jpg\" title=\"michelle-bertrand-mariage-chateau-amou-landes-preview-1016_websize (1)\" crop=\"\" width=\"1600\" height=\"1067\" src=\"https:\/\/gaetaneglize.com\/wp-content\/uploads\/2024\/12\/michelle-bertrand-mariage-chateau-amou-landes-preview-1016_websize-1.jpg\" data-src=\"https:\/\/gaetaneglize.com\/wp-content\/uploads\/2024\/12\/michelle-bertrand-mariage-chateau-amou-landes-preview-1016_websize-1.jpg\" data-caption=\"\" srcset=\"https:\/\/gaetaneglize.com\/wp-content\/uploads\/2024\/12\/michelle-bertrand-mariage-chateau-amou-landes-preview-1016_websize-1.jpg 1600w, https:\/\/gaetaneglize.com\/wp-content\/uploads\/2024\/12\/michelle-bertrand-mariage-chateau-amou-landes-preview-1016_websize-1-300x200.jpg 300w, https:\/\/gaetaneglize.com\/wp-content\/uploads\/2024\/12\/michelle-bertrand-mariage-chateau-amou-landes-preview-1016_websize-1-1024x683.jpg 1024w, https:\/\/gaetaneglize.com\/wp-content\/uploads\/2024\/12\/michelle-bertrand-mariage-chateau-amou-landes-preview-1016_websize-1-768x512.jpg 768w, https:\/\/gaetaneglize.com\/wp-content\/uploads\/2024\/12\/michelle-bertrand-mariage-chateau-amou-landes-preview-1016_websize-1-1536x1024.jpg 1536w\" sizes=\"(max-width: 1600px) 100vw, 1600px\" \/>\n\t\t<div class=\"figc no-description\">\n\t\t\t<div class=\"figc-inner\">\n\t\t\t\t\t\t\t\t\t\t\t\t\t\t\t<\/div>\n\t\t<\/div>\n\n\t<\/div>\n\n<\/div><div class=\"modula-item effect-pufrobo\" >\n\t<div class=\"modula-item-overlay\"><\/div>\n\n\t<div class=\"modula-item-content\">\n\n\t\t<a data-image-id=\"15697\" role=\"button\" data-elementor-open-lightbox=\"no\" tabindex=\"0\" rel=\"jtg-15718\" data-caption=\"\" aria-label=\"Open image in lightbox\" class=\"tile-inner modula-item-link\"><\/a><img loading=\"lazy\" decoding=\"async\" class=\"pic wp-image-15697\"  data-valign=\"middle\" data-halign=\"center\" alt=\"\" data-full=\"https:\/\/gaetaneglize.com\/wp-content\/uploads\/2024\/12\/michelle-bertrand-mariage-chateau-amou-landes-preview-1043_websize.jpg\" title=\"michelle-bertrand-mariage-chateau-amou-landes-preview-1043_websize\" crop=\"\" width=\"1600\" height=\"1067\" src=\"https:\/\/gaetaneglize.com\/wp-content\/uploads\/2024\/12\/michelle-bertrand-mariage-chateau-amou-landes-preview-1043_websize.jpg\" data-src=\"https:\/\/gaetaneglize.com\/wp-content\/uploads\/2024\/12\/michelle-bertrand-mariage-chateau-amou-landes-preview-1043_websize.jpg\" data-caption=\"\" srcset=\"https:\/\/gaetaneglize.com\/wp-content\/uploads\/2024\/12\/michelle-bertrand-mariage-chateau-amou-landes-preview-1043_websize.jpg 1600w, https:\/\/gaetaneglize.com\/wp-content\/uploads\/2024\/12\/michelle-bertrand-mariage-chateau-amou-landes-preview-1043_websize-300x200.jpg 300w, https:\/\/gaetaneglize.com\/wp-content\/uploads\/2024\/12\/michelle-bertrand-mariage-chateau-amou-landes-preview-1043_websize-1024x683.jpg 1024w, https:\/\/gaetaneglize.com\/wp-content\/uploads\/2024\/12\/michelle-bertrand-mariage-chateau-amou-landes-preview-1043_websize-768x512.jpg 768w, https:\/\/gaetaneglize.com\/wp-content\/uploads\/2024\/12\/michelle-bertrand-mariage-chateau-amou-landes-preview-1043_websize-1536x1024.jpg 1536w\" sizes=\"(max-width: 1600px) 100vw, 1600px\" \/>\n\t\t<div class=\"figc no-description\">\n\t\t\t<div class=\"figc-inner\">\n\t\t\t\t\t\t\t\t\t\t\t\t\t\t\t<\/div>\n\t\t<\/div>\n\n\t<\/div>\n\n<\/div><div class=\"modula-item effect-pufrobo\" >\n\t<div class=\"modula-item-overlay\"><\/div>\n\n\t<div class=\"modula-item-content\">\n\n\t\t<a data-image-id=\"15959\" role=\"button\" data-elementor-open-lightbox=\"no\" tabindex=\"0\" rel=\"jtg-15718\" data-caption=\"\" aria-label=\"Open image in lightbox\" class=\"tile-inner modula-item-link\"><\/a><img loading=\"lazy\" decoding=\"async\" class=\"pic wp-image-15959\"  data-valign=\"middle\" data-halign=\"center\" alt=\"\" data-full=\"https:\/\/gaetaneglize.com\/wp-content\/uploads\/2024\/12\/anna-maxime-photo-mariage-elopement-chapelle-landes-1013_websize.jpg\" title=\"anna-maxime-photo-mariage-elopement-chapelle-landes-1013_websize\" crop=\"\" width=\"1067\" height=\"1600\" src=\"https:\/\/gaetaneglize.com\/wp-content\/uploads\/2024\/12\/anna-maxime-photo-mariage-elopement-chapelle-landes-1013_websize.jpg\" data-src=\"https:\/\/gaetaneglize.com\/wp-content\/uploads\/2024\/12\/anna-maxime-photo-mariage-elopement-chapelle-landes-1013_websize.jpg\" data-caption=\"\" srcset=\"https:\/\/gaetaneglize.com\/wp-content\/uploads\/2024\/12\/anna-maxime-photo-mariage-elopement-chapelle-landes-1013_websize.jpg 1067w, https:\/\/gaetaneglize.com\/wp-content\/uploads\/2024\/12\/anna-maxime-photo-mariage-elopement-chapelle-landes-1013_websize-200x300.jpg 200w, https:\/\/gaetaneglize.com\/wp-content\/uploads\/2024\/12\/anna-maxime-photo-mariage-elopement-chapelle-landes-1013_websize-683x1024.jpg 683w, https:\/\/gaetaneglize.com\/wp-content\/uploads\/2024\/12\/anna-maxime-photo-mariage-elopement-chapelle-landes-1013_websize-768x1152.jpg 768w, https:\/\/gaetaneglize.com\/wp-content\/uploads\/2024\/12\/anna-maxime-photo-mariage-elopement-chapelle-landes-1013_websize-1024x1536.jpg 1024w\" sizes=\"(max-width: 1067px) 100vw, 1067px\" \/>\n\t\t<div class=\"figc no-description\">\n\t\t\t<div class=\"figc-inner\">\n\t\t\t\t\t\t\t\t\t\t\t\t\t\t\t<\/div>\n\t\t<\/div>\n\n\t<\/div>\n\n<\/div><div class=\"modula-item effect-pufrobo\" >\n\t<div class=\"modula-item-overlay\"><\/div>\n\n\t<div class=\"modula-item-content\">\n\n\t\t<a data-image-id=\"6924\" role=\"button\" data-elementor-open-lightbox=\"no\" tabindex=\"0\" rel=\"jtg-15718\" data-caption=\"\" aria-label=\"Open image in lightbox\" class=\"tile-inner modula-item-link\"><\/a><img loading=\"lazy\" decoding=\"async\" class=\"pic wp-image-6924\"  data-valign=\"middle\" data-halign=\"center\" alt=\"\" data-full=\"https:\/\/gaetaneglize.com\/wp-content\/uploads\/2021\/04\/photographe-mariage-intimiste-landes-pays-basque-1007.jpg\" title=\"photographe-mariage-intimiste-landes-pays-basque-1007\" crop=\"\" width=\"1500\" height=\"1000\" src=\"https:\/\/gaetaneglize.com\/wp-content\/uploads\/2021\/04\/photographe-mariage-intimiste-landes-pays-basque-1007.jpg\" data-src=\"https:\/\/gaetaneglize.com\/wp-content\/uploads\/2021\/04\/photographe-mariage-intimiste-landes-pays-basque-1007.jpg\" data-caption=\"\" srcset=\"https:\/\/gaetaneglize.com\/wp-content\/uploads\/2021\/04\/photographe-mariage-intimiste-landes-pays-basque-1007.jpg 1500w, https:\/\/gaetaneglize.com\/wp-content\/uploads\/2021\/04\/photographe-mariage-intimiste-landes-pays-basque-1007-300x200.jpg 300w, https:\/\/gaetaneglize.com\/wp-content\/uploads\/2021\/04\/photographe-mariage-intimiste-landes-pays-basque-1007-1024x683.jpg 1024w, https:\/\/gaetaneglize.com\/wp-content\/uploads\/2021\/04\/photographe-mariage-intimiste-landes-pays-basque-1007-768x512.jpg 768w\" sizes=\"(max-width: 1500px) 100vw, 1500px\" \/>\n\t\t<div class=\"figc no-description\">\n\t\t\t<div class=\"figc-inner\">\n\t\t\t\t\t\t\t\t\t\t\t\t\t\t\t<\/div>\n\t\t<\/div>\n\n\t<\/div>\n\n<\/div><div class=\"modula-item effect-pufrobo\" >\n\t<div class=\"modula-item-overlay\"><\/div>\n\n\t<div class=\"modula-item-content\">\n\n\t\t<a data-image-id=\"15967\" role=\"button\" data-elementor-open-lightbox=\"no\" tabindex=\"0\" rel=\"jtg-15718\" data-caption=\"\" aria-label=\"Open image in lightbox\" class=\"tile-inner modula-item-link\"><\/a><img loading=\"lazy\" decoding=\"async\" class=\"pic wp-image-15967\"  data-valign=\"middle\" data-halign=\"center\" alt=\"\" data-full=\"https:\/\/gaetaneglize.com\/wp-content\/uploads\/2024\/12\/anna-maxime-photo-mariage-elopement-chapelle-landes-1611_websize.jpg\" title=\"anna-maxime-photo-mariage-elopement-chapelle-landes-1611_websize\" crop=\"\" width=\"1067\" height=\"1600\" src=\"https:\/\/gaetaneglize.com\/wp-content\/uploads\/2024\/12\/anna-maxime-photo-mariage-elopement-chapelle-landes-1611_websize.jpg\" data-src=\"https:\/\/gaetaneglize.com\/wp-content\/uploads\/2024\/12\/anna-maxime-photo-mariage-elopement-chapelle-landes-1611_websize.jpg\" data-caption=\"\" srcset=\"https:\/\/gaetaneglize.com\/wp-content\/uploads\/2024\/12\/anna-maxime-photo-mariage-elopement-chapelle-landes-1611_websize.jpg 1067w, https:\/\/gaetaneglize.com\/wp-content\/uploads\/2024\/12\/anna-maxime-photo-mariage-elopement-chapelle-landes-1611_websize-200x300.jpg 200w, https:\/\/gaetaneglize.com\/wp-content\/uploads\/2024\/12\/anna-maxime-photo-mariage-elopement-chapelle-landes-1611_websize-683x1024.jpg 683w, https:\/\/gaetaneglize.com\/wp-content\/uploads\/2024\/12\/anna-maxime-photo-mariage-elopement-chapelle-landes-1611_websize-768x1152.jpg 768w, https:\/\/gaetaneglize.com\/wp-content\/uploads\/2024\/12\/anna-maxime-photo-mariage-elopement-chapelle-landes-1611_websize-1024x1536.jpg 1024w\" sizes=\"(max-width: 1067px) 100vw, 1067px\" \/>\n\t\t<div class=\"figc no-description\">\n\t\t\t<div class=\"figc-inner\">\n\t\t\t\t\t\t\t\t\t\t\t\t\t\t\t<\/div>\n\t\t<\/div>\n\n\t<\/div>\n\n<\/div><div class=\"modula-item effect-pufrobo\" >\n\t<div class=\"modula-item-overlay\"><\/div>\n\n\t<div class=\"modula-item-content\">\n\n\t\t<a data-image-id=\"9840\" role=\"button\" data-elementor-open-lightbox=\"no\" tabindex=\"0\" rel=\"jtg-15718\" data-caption=\"\" aria-label=\"Open image in lightbox\" class=\"tile-inner modula-item-link\"><\/a><img loading=\"lazy\" decoding=\"async\" class=\"pic wp-image-9840\"  data-valign=\"middle\" data-halign=\"center\" alt=\"\" data-full=\"https:\/\/gaetaneglize.com\/wp-content\/uploads\/2022\/04\/gaetane-glize-elopement-photographer-adventure-mountains-1003.jpg\" title=\"gaetane-glize-elopement-photographer-adventure-mountains-1003\" crop=\"\" width=\"1500\" height=\"1000\" src=\"https:\/\/gaetaneglize.com\/wp-content\/uploads\/2022\/04\/gaetane-glize-elopement-photographer-adventure-mountains-1003.jpg\" data-src=\"https:\/\/gaetaneglize.com\/wp-content\/uploads\/2022\/04\/gaetane-glize-elopement-photographer-adventure-mountains-1003.jpg\" data-caption=\"\" srcset=\"https:\/\/gaetaneglize.com\/wp-content\/uploads\/2022\/04\/gaetane-glize-elopement-photographer-adventure-mountains-1003.jpg 1500w, https:\/\/gaetaneglize.com\/wp-content\/uploads\/2022\/04\/gaetane-glize-elopement-photographer-adventure-mountains-1003-300x200.jpg 300w, https:\/\/gaetaneglize.com\/wp-content\/uploads\/2022\/04\/gaetane-glize-elopement-photographer-adventure-mountains-1003-1024x683.jpg 1024w, https:\/\/gaetaneglize.com\/wp-content\/uploads\/2022\/04\/gaetane-glize-elopement-photographer-adventure-mountains-1003-768x512.jpg 768w\" sizes=\"(max-width: 1500px) 100vw, 1500px\" \/>\n\t\t<div class=\"figc no-description\">\n\t\t\t<div class=\"figc-inner\">\n\t\t\t\t\t\t\t\t\t\t\t\t\t\t\t<\/div>\n\t\t<\/div>\n\n\t<\/div>\n\n<\/div><div class=\"modula-item effect-pufrobo\" >\n\t<div class=\"modula-item-overlay\"><\/div>\n\n\t<div class=\"modula-item-content\">\n\n\t\t<a data-image-id=\"15931\" role=\"button\" data-elementor-open-lightbox=\"no\" tabindex=\"0\" rel=\"jtg-15718\" data-caption=\"\" aria-label=\"Open image in lightbox\" class=\"tile-inner modula-item-link\"><\/a><img loading=\"lazy\" decoding=\"async\" class=\"pic wp-image-15931\"  data-valign=\"middle\" data-halign=\"center\" alt=\"\" data-full=\"https:\/\/gaetaneglize.com\/wp-content\/uploads\/2024\/12\/alexandra-arthur-mariage-intimiste-a-la-maison-preview-1020-animation.gif\" title=\"alexandra-arthur-mariage-intimiste-a-la-maison-preview-1020-animation\" crop=\"\" width=\"1600\" height=\"1067\" src=\"https:\/\/gaetaneglize.com\/wp-content\/uploads\/2024\/12\/alexandra-arthur-mariage-intimiste-a-la-maison-preview-1020-animation.gif\" data-src=\"https:\/\/gaetaneglize.com\/wp-content\/uploads\/2024\/12\/alexandra-arthur-mariage-intimiste-a-la-maison-preview-1020-animation.gif\" data-caption=\"\"\/>\n\t\t<div class=\"figc no-description\">\n\t\t\t<div class=\"figc-inner\">\n\t\t\t\t\t\t\t\t\t\t\t\t\t\t\t<\/div>\n\t\t<\/div>\n\n\t<\/div>\n\n<\/div><div class=\"modula-item effect-pufrobo\" >\n\t<div class=\"modula-item-overlay\"><\/div>\n\n\t<div class=\"modula-item-content\">\n\n\t\t<a data-image-id=\"16026\" role=\"button\" data-elementor-open-lightbox=\"no\" tabindex=\"0\" rel=\"jtg-15718\" data-caption=\"\" aria-label=\"Open image in lightbox\" class=\"tile-inner modula-item-link\"><\/a><img loading=\"lazy\" decoding=\"async\" class=\"pic wp-image-16026\"  data-valign=\"middle\" data-halign=\"center\" alt=\"\" data-full=\"https:\/\/gaetaneglize.com\/wp-content\/uploads\/2024\/12\/margaux-baptiste-mariage-chateau-loire-1383_websize.jpg\" title=\"margaux-baptiste-mariage-chateau-loire-1383_websize\" crop=\"\" width=\"1067\" height=\"1600\" src=\"https:\/\/gaetaneglize.com\/wp-content\/uploads\/2024\/12\/margaux-baptiste-mariage-chateau-loire-1383_websize.jpg\" data-src=\"https:\/\/gaetaneglize.com\/wp-content\/uploads\/2024\/12\/margaux-baptiste-mariage-chateau-loire-1383_websize.jpg\" data-caption=\"\" srcset=\"https:\/\/gaetaneglize.com\/wp-content\/uploads\/2024\/12\/margaux-baptiste-mariage-chateau-loire-1383_websize.jpg 1067w, https:\/\/gaetaneglize.com\/wp-content\/uploads\/2024\/12\/margaux-baptiste-mariage-chateau-loire-1383_websize-200x300.jpg 200w, https:\/\/gaetaneglize.com\/wp-content\/uploads\/2024\/12\/margaux-baptiste-mariage-chateau-loire-1383_websize-683x1024.jpg 683w, https:\/\/gaetaneglize.com\/wp-content\/uploads\/2024\/12\/margaux-baptiste-mariage-chateau-loire-1383_websize-768x1152.jpg 768w, https:\/\/gaetaneglize.com\/wp-content\/uploads\/2024\/12\/margaux-baptiste-mariage-chateau-loire-1383_websize-1024x1536.jpg 1024w\" sizes=\"(max-width: 1067px) 100vw, 1067px\" \/>\n\t\t<div class=\"figc no-description\">\n\t\t\t<div class=\"figc-inner\">\n\t\t\t\t\t\t\t\t\t\t\t\t\t\t\t<\/div>\n\t\t<\/div>\n\n\t<\/div>\n\n<\/div><div class=\"modula-item effect-pufrobo\" >\n\t<div class=\"modula-item-overlay\"><\/div>\n\n\t<div class=\"modula-item-content\">\n\n\t\t<a data-image-id=\"16188\" role=\"button\" data-elementor-open-lightbox=\"no\" tabindex=\"0\" rel=\"jtg-15718\" data-caption=\"\" aria-label=\"Open image in lightbox\" class=\"tile-inner modula-item-link\"><\/a><img loading=\"lazy\" decoding=\"async\" class=\"pic wp-image-16188\"  data-valign=\"middle\" data-halign=\"center\" alt=\"\" data-full=\"https:\/\/gaetaneglize.com\/wp-content\/uploads\/2024\/12\/marina-mathieu-mariage-intimiste-cocobarn-woodlodge-foret-landes-1291_websize.jpg\" title=\"marina-mathieu-mariage-intimiste-cocobarn-woodlodge-foret-landes-1291_websize\" crop=\"\" width=\"1600\" height=\"1067\" src=\"https:\/\/gaetaneglize.com\/wp-content\/uploads\/2024\/12\/marina-mathieu-mariage-intimiste-cocobarn-woodlodge-foret-landes-1291_websize.jpg\" data-src=\"https:\/\/gaetaneglize.com\/wp-content\/uploads\/2024\/12\/marina-mathieu-mariage-intimiste-cocobarn-woodlodge-foret-landes-1291_websize.jpg\" data-caption=\"\" srcset=\"https:\/\/gaetaneglize.com\/wp-content\/uploads\/2024\/12\/marina-mathieu-mariage-intimiste-cocobarn-woodlodge-foret-landes-1291_websize.jpg 1600w, https:\/\/gaetaneglize.com\/wp-content\/uploads\/2024\/12\/marina-mathieu-mariage-intimiste-cocobarn-woodlodge-foret-landes-1291_websize-300x200.jpg 300w, https:\/\/gaetaneglize.com\/wp-content\/uploads\/2024\/12\/marina-mathieu-mariage-intimiste-cocobarn-woodlodge-foret-landes-1291_websize-1024x683.jpg 1024w, https:\/\/gaetaneglize.com\/wp-content\/uploads\/2024\/12\/marina-mathieu-mariage-intimiste-cocobarn-woodlodge-foret-landes-1291_websize-768x512.jpg 768w, https:\/\/gaetaneglize.com\/wp-content\/uploads\/2024\/12\/marina-mathieu-mariage-intimiste-cocobarn-woodlodge-foret-landes-1291_websize-1536x1024.jpg 1536w\" sizes=\"(max-width: 1600px) 100vw, 1600px\" \/>\n\t\t<div class=\"figc no-description\">\n\t\t\t<div class=\"figc-inner\">\n\t\t\t\t\t\t\t\t\t\t\t\t\t\t\t<\/div>\n\t\t<\/div>\n\n\t<\/div>\n\n<\/div><div class=\"modula-item effect-pufrobo\" >\n\t<div class=\"modula-item-overlay\"><\/div>\n\n\t<div class=\"modula-item-content\">\n\n\t\t<a data-image-id=\"15921\" role=\"button\" data-elementor-open-lightbox=\"no\" tabindex=\"0\" rel=\"jtg-15718\" data-caption=\"\" aria-label=\"Open image in lightbox\" class=\"tile-inner modula-item-link\"><\/a><img loading=\"lazy\" decoding=\"async\" class=\"pic wp-image-15921\"  data-valign=\"middle\" data-halign=\"center\" alt=\"\" data-full=\"https:\/\/gaetaneglize.com\/wp-content\/uploads\/2024\/12\/anne-so-quentin-mariage-champetre-normandie-1839-animation.gif\" title=\"anne-so-quentin-mariage-champetre-normandie-1839-animation\" crop=\"\" width=\"1600\" height=\"1066\" src=\"https:\/\/gaetaneglize.com\/wp-content\/uploads\/2024\/12\/anne-so-quentin-mariage-champetre-normandie-1839-animation.gif\" data-src=\"https:\/\/gaetaneglize.com\/wp-content\/uploads\/2024\/12\/anne-so-quentin-mariage-champetre-normandie-1839-animation.gif\" data-caption=\"\"\/>\n\t\t<div class=\"figc no-description\">\n\t\t\t<div class=\"figc-inner\">\n\t\t\t\t\t\t\t\t\t\t\t\t\t\t\t<\/div>\n\t\t<\/div>\n\n\t<\/div>\n\n<\/div><div class=\"modula-item effect-pufrobo\" >\n\t<div class=\"modula-item-overlay\"><\/div>\n\n\t<div class=\"modula-item-content\">\n\n\t\t<a data-image-id=\"14518\" role=\"button\" data-elementor-open-lightbox=\"no\" tabindex=\"0\" rel=\"jtg-15718\" data-caption=\"\" aria-label=\"Open image in lightbox\" class=\"tile-inner modula-item-link\"><\/a><img loading=\"lazy\" decoding=\"async\" class=\"pic wp-image-14518\"  data-valign=\"middle\" data-halign=\"center\" alt=\"\" data-full=\"https:\/\/gaetaneglize.com\/wp-content\/uploads\/2024\/02\/laurene-grant-french-american-wedding-chateau-loire-valley-2324_websize.jpg\" title=\"Laur\u00e8ne + Grant\" crop=\"\" width=\"1600\" height=\"1067\" src=\"https:\/\/gaetaneglize.com\/wp-content\/uploads\/2024\/02\/laurene-grant-french-american-wedding-chateau-loire-valley-2324_websize.jpg\" data-src=\"https:\/\/gaetaneglize.com\/wp-content\/uploads\/2024\/02\/laurene-grant-french-american-wedding-chateau-loire-valley-2324_websize.jpg\" data-caption=\"\" srcset=\"https:\/\/gaetaneglize.com\/wp-content\/uploads\/2024\/02\/laurene-grant-french-american-wedding-chateau-loire-valley-2324_websize.jpg 1600w, https:\/\/gaetaneglize.com\/wp-content\/uploads\/2024\/02\/laurene-grant-french-american-wedding-chateau-loire-valley-2324_websize-300x200.jpg 300w, https:\/\/gaetaneglize.com\/wp-content\/uploads\/2024\/02\/laurene-grant-french-american-wedding-chateau-loire-valley-2324_websize-1024x683.jpg 1024w, https:\/\/gaetaneglize.com\/wp-content\/uploads\/2024\/02\/laurene-grant-french-american-wedding-chateau-loire-valley-2324_websize-768x512.jpg 768w, https:\/\/gaetaneglize.com\/wp-content\/uploads\/2024\/02\/laurene-grant-french-american-wedding-chateau-loire-valley-2324_websize-1536x1024.jpg 1536w\" sizes=\"(max-width: 1600px) 100vw, 1600px\" \/>\n\t\t<div class=\"figc no-description\">\n\t\t\t<div class=\"figc-inner\">\n\t\t\t\t\t\t\t\t\t\t\t\t\t\t\t<\/div>\n\t\t<\/div>\n\n\t<\/div>\n\n<\/div>\t\t\n\t<\/div>\n\n\t\n\t\n\t<script type=\"application\/ld+json\">\n\t{\n\t\t\"@context\": \"http:\/\/schema.org\",\n\t\t\"@type\"   : \"ImageGallery\",\n\t\t\"id\"      : \"https:\/\/gaetaneglize.com\/fr\/tarifs-photographe-mariage-landes\/\",\n\t\t\"url\"     : \"https:\/\/gaetaneglize.com\/fr\/tarifs-photographe-mariage-landes\/\"\n\t}\n\n\t<\/script>\n\n\t\n<\/div>\n<\/p>\t\t\t\t\t\t\t\t<\/div>\n\t\t\t\t<\/div>\n\t\t\t\t<div class=\"elementor-element elementor-element-b6b596c elementor-invisible elementor-widget elementor-widget-toggle\" data-id=\"b6b596c\" data-element_type=\"widget\" data-e-type=\"widget\" data-settings=\"{&quot;_animation&quot;:&quot;fadeInUp&quot;}\" data-widget_type=\"toggle.default\">\n\t\t\t\t<div class=\"elementor-widget-container\">\n\t\t\t\t\t\t\t<div class=\"elementor-toggle\">\n\t\t\t\t\t\t\t<div class=\"elementor-toggle-item\">\n\t\t\t\t\t<div id=\"elementor-tab-title-1911\" class=\"elementor-tab-title\" data-tab=\"1\" role=\"button\" aria-controls=\"elementor-tab-content-1911\" aria-expanded=\"false\">\n\t\t\t\t\t\t\t\t\t\t\t\t<span class=\"elementor-toggle-icon elementor-toggle-icon-right\" aria-hidden=\"true\">\n\t\t\t\t\t\t\t\t\t\t\t\t\t\t\t<span class=\"elementor-toggle-icon-closed\"><svg class=\"e-font-icon-svg e-fas-caret-down\" viewBox=\"0 0 320 512\" xmlns=\"http:\/\/www.w3.org\/2000\/svg\"><path d=\"M31.3 192h257.3c17.8 0 26.7 21.5 14.1 34.1L174.1 354.8c-7.8 7.8-20.5 7.8-28.3 0L17.2 226.1C4.6 213.5 13.5 192 31.3 192z\"><\/path><\/svg><\/span>\n\t\t\t\t\t\t\t\t<span class=\"elementor-toggle-icon-opened\"><svg class=\"elementor-toggle-icon-opened e-font-icon-svg e-fas-caret-up\" viewBox=\"0 0 320 512\" xmlns=\"http:\/\/www.w3.org\/2000\/svg\"><path d=\"M288.662 352H31.338c-17.818 0-26.741-21.543-14.142-34.142l128.662-128.662c7.81-7.81 20.474-7.81 28.284 0l128.662 128.662c12.6 12.599 3.676 34.142-14.142 34.142z\"><\/path><\/svg><\/span>\n\t\t\t\t\t\t\t\t\t\t\t\t\t<\/span>\n\t\t\t\t\t\t\t\t\t\t\t\t<a class=\"elementor-toggle-title\" tabindex=\"0\"><p align=\"center\">Voir plus de photos<\/p><\/a>\n\t\t\t\t\t<\/div>\n\n\t\t\t\t\t<div id=\"elementor-tab-content-1911\" class=\"elementor-tab-content elementor-clearfix\" data-tab=\"1\" role=\"region\" aria-labelledby=\"elementor-tab-title-1911\"><p align=\"justify\"><div  id=\"jtg-16225\" class=\"modula modula-gallery modula-columns\" data-config=\"{&quot;tabletHeight&quot;:800,&quot;mobileHeight&quot;:800,&quot;desktopHeight&quot;:800,&quot;enableTwitter&quot;:false,&quot;enableWhatsapp&quot;:false,&quot;enableFacebook&quot;:false,&quot;enablePinterest&quot;:false,&quot;enableLinkedin&quot;:false,&quot;enableEmail&quot;:false,&quot;randomFactor&quot;:0,&quot;type&quot;:&quot;grid&quot;,&quot;columns&quot;:12,&quot;gutter&quot;:80,&quot;mobileGutter&quot;:25,&quot;tabletGutter&quot;:40,&quot;desktopGutter&quot;:80,&quot;enableResponsive&quot;:true,&quot;tabletColumns&quot;:4,&quot;mobileColumns&quot;:4,&quot;lazyLoad&quot;:0,&quot;lightboxOpts&quot;:{&quot;animated&quot;:true,&quot;Thumbs&quot;:{&quot;type&quot;:&quot;modern&quot;,&quot;showOnStart&quot;:false},&quot;Toolbar&quot;:{&quot;display&quot;:{&quot;right&quot;:[&quot;close&quot;]},&quot;enabled&quot;:true},&quot;Carousel&quot;:{&quot;Panzoom&quot;:{&quot;touch&quot;:true},&quot;infinite&quot;:false},&quot;keyboard&quot;:{&quot;Escape&quot;:&quot;close&quot;,&quot;Delete&quot;:&quot;close&quot;,&quot;Backspace&quot;:&quot;close&quot;,&quot;PageUp&quot;:false,&quot;PageDown&quot;:false,&quot;ArrowUp&quot;:false,&quot;ArrowDown&quot;:false,&quot;ArrowRight&quot;:false,&quot;ArrowLeft&quot;:false},&quot;touch&quot;:false,&quot;backdropClick&quot;:false,&quot;l10n&quot;:{&quot;CLOSE&quot;:&quot;Close&quot;,&quot;NEXT&quot;:&quot;Next&quot;,&quot;PREV&quot;:&quot;Previous&quot;,&quot;Error&quot;:&quot;The requested content cannot be loaded. Please try again later.&quot;,&quot;PLAY_START&quot;:&quot;Start slideshow&quot;,&quot;PLAY_STOP&quot;:&quot;Pause slideshow&quot;,&quot;FULL_SCREEN&quot;:&quot;Full screen&quot;,&quot;THUMBS&quot;:&quot;Thumbnails&quot;,&quot;DOWNLOAD&quot;:&quot;Download&quot;,&quot;SHARE&quot;:&quot;Share&quot;,&quot;ZOOM&quot;:&quot;Zoom&quot;,&quot;EMAIL&quot;:&quot;Here is the link to the image : %%image_link%% and this is the link to the gallery : %%gallery_link%%&quot;,&quot;MODAL&quot;:&quot;You can close this modal content with the ESC key&quot;,&quot;ERROR&quot;:&quot;Something Went Wrong, Please Try Again Later&quot;,&quot;IMAGE_ERROR&quot;:&quot;Image Not Found&quot;,&quot;ELEMENT_NOT_FOUND&quot;:&quot;HTML Element Not Found&quot;,&quot;AJAX_NOT_FOUND&quot;:&quot;Error Loading AJAX : Not Found&quot;,&quot;AJAX_FORBIDDEN&quot;:&quot;Error Loading AJAX : Forbidden&quot;,&quot;IFRAME_ERROR&quot;:&quot;Error Loading Page&quot;,&quot;TOGGLE_ZOOM&quot;:&quot;Toggle zoom level&quot;,&quot;TOGGLE_THUMBS&quot;:&quot;Toggle thumbnails&quot;,&quot;TOGGLE_SLIDESHOW&quot;:&quot;Toggle slideshow&quot;,&quot;TOGGLE_FULLSCREEN&quot;:&quot;Toggle full-screen mode&quot;},&quot;Images&quot;:{&quot;Panzoom&quot;:{&quot;maxScale&quot;:2}},&quot;mainClass&quot;:&quot;modula-fancybox-container modula-lightbox-jtg-16225&quot;,&quot;Html&quot;:{&quot;videoAutoplay&quot;:0,&quot;videoTpl&quot;:&quot;&lt;video class=\\&quot;fancybox__html5video\\&quot; controls muted playsinline controlsList controlsList=\\&quot;nodownload\\&quot; poster=\\&quot;{{poster}}\\&quot; src=\\&quot;{{src}}\\&quot; type=\\&quot;{{format}}\\&quot; &gt;  Sorry, your browser doesn&#039;t support embedded videos, &lt;a href=\\&quot;{{src}}\\&quot;&gt; download &lt;\\\/a&gt; and watch with your favorite video player! &lt;\\\/video&gt;&quot;}},&quot;inView&quot;:true,&quot;email_subject&quot;:&quot;Check out this awesome image !!&quot;,&quot;email_message&quot;:&quot;Here is the link to the image : %%image_link%% and this is the link to the gallery : %%gallery_link%%&quot;,&quot;grid_type&quot;:&quot;5&quot;,&quot;rowHeight&quot;:250,&quot;lastRow&quot;:&quot;justify&quot;,&quot;lightbox&quot;:&quot;fancybox&quot;}\">\n\n\t<div class=\"modula-grid-sizer\"> <\/div>\n\t<div  class=\"modula-items grid-gallery\">\n\t\t<div class=\"modula-item effect-pufrobo\" >\n\t<div class=\"modula-item-overlay\"><\/div>\n\n\t<div class=\"modula-item-content\">\n\n\t\t<a data-image-id=\"8288\" role=\"button\" data-elementor-open-lightbox=\"no\" tabindex=\"0\" rel=\"jtg-16225\" data-caption=\"\" aria-label=\"Open image in lightbox\" class=\"tile-inner modula-item-link\"><\/a><img loading=\"lazy\" decoding=\"async\" class=\"pic wp-image-8288\"  data-valign=\"middle\" data-halign=\"center\" alt=\"\" data-full=\"https:\/\/gaetaneglize.com\/wp-content\/uploads\/2021\/07\/photographie-renouvellement-voeux-mariage-boheme-aquitaine-2178.jpg\" title=\"photographie-renouvellement-voeux-mariage-boheme-aquitaine-2178\" crop=\"\" width=\"1500\" height=\"2250\" src=\"https:\/\/gaetaneglize.com\/wp-content\/uploads\/2021\/07\/photographie-renouvellement-voeux-mariage-boheme-aquitaine-2178.jpg\" data-src=\"https:\/\/gaetaneglize.com\/wp-content\/uploads\/2021\/07\/photographie-renouvellement-voeux-mariage-boheme-aquitaine-2178.jpg\" data-caption=\"\" srcset=\"https:\/\/gaetaneglize.com\/wp-content\/uploads\/2021\/07\/photographie-renouvellement-voeux-mariage-boheme-aquitaine-2178.jpg 1500w, https:\/\/gaetaneglize.com\/wp-content\/uploads\/2021\/07\/photographie-renouvellement-voeux-mariage-boheme-aquitaine-2178-200x300.jpg 200w, https:\/\/gaetaneglize.com\/wp-content\/uploads\/2021\/07\/photographie-renouvellement-voeux-mariage-boheme-aquitaine-2178-683x1024.jpg 683w, https:\/\/gaetaneglize.com\/wp-content\/uploads\/2021\/07\/photographie-renouvellement-voeux-mariage-boheme-aquitaine-2178-768x1152.jpg 768w, https:\/\/gaetaneglize.com\/wp-content\/uploads\/2021\/07\/photographie-renouvellement-voeux-mariage-boheme-aquitaine-2178-1024x1536.jpg 1024w, https:\/\/gaetaneglize.com\/wp-content\/uploads\/2021\/07\/photographie-renouvellement-voeux-mariage-boheme-aquitaine-2178-1365x2048.jpg 1365w\" sizes=\"(max-width: 1500px) 100vw, 1500px\" \/>\n\t\t<div class=\"figc no-description\">\n\t\t\t<div class=\"figc-inner\">\n\t\t\t\t\t\t\t\t\t\t\t\t\t\t\t<\/div>\n\t\t<\/div>\n\n\t<\/div>\n\n<\/div><div class=\"modula-item effect-pufrobo\" >\n\t<div class=\"modula-item-overlay\"><\/div>\n\n\t<div class=\"modula-item-content\">\n\n\t\t<a data-image-id=\"16094\" role=\"button\" data-elementor-open-lightbox=\"no\" tabindex=\"0\" rel=\"jtg-16225\" data-caption=\"\" aria-label=\"Open image in lightbox\" class=\"tile-inner modula-item-link\"><\/a><img loading=\"lazy\" decoding=\"async\" class=\"pic wp-image-16094\"  data-valign=\"middle\" data-halign=\"center\" alt=\"\" data-full=\"https:\/\/gaetaneglize.com\/wp-content\/uploads\/2024\/12\/michelle-bertrand-photo-mariage-chateau-amou-landes-1091_websize.jpg\" title=\"michelle-bertrand-photo-mariage-chateau-amou-landes-1091_websize\" crop=\"\" width=\"1600\" height=\"1067\" src=\"https:\/\/gaetaneglize.com\/wp-content\/uploads\/2024\/12\/michelle-bertrand-photo-mariage-chateau-amou-landes-1091_websize.jpg\" data-src=\"https:\/\/gaetaneglize.com\/wp-content\/uploads\/2024\/12\/michelle-bertrand-photo-mariage-chateau-amou-landes-1091_websize.jpg\" data-caption=\"\" srcset=\"https:\/\/gaetaneglize.com\/wp-content\/uploads\/2024\/12\/michelle-bertrand-photo-mariage-chateau-amou-landes-1091_websize.jpg 1600w, https:\/\/gaetaneglize.com\/wp-content\/uploads\/2024\/12\/michelle-bertrand-photo-mariage-chateau-amou-landes-1091_websize-300x200.jpg 300w, https:\/\/gaetaneglize.com\/wp-content\/uploads\/2024\/12\/michelle-bertrand-photo-mariage-chateau-amou-landes-1091_websize-1024x683.jpg 1024w, https:\/\/gaetaneglize.com\/wp-content\/uploads\/2024\/12\/michelle-bertrand-photo-mariage-chateau-amou-landes-1091_websize-768x512.jpg 768w, https:\/\/gaetaneglize.com\/wp-content\/uploads\/2024\/12\/michelle-bertrand-photo-mariage-chateau-amou-landes-1091_websize-1536x1024.jpg 1536w\" sizes=\"(max-width: 1600px) 100vw, 1600px\" \/>\n\t\t<div class=\"figc no-description\">\n\t\t\t<div class=\"figc-inner\">\n\t\t\t\t\t\t\t\t\t\t\t\t\t\t\t<\/div>\n\t\t<\/div>\n\n\t<\/div>\n\n<\/div><div class=\"modula-item effect-pufrobo\" >\n\t<div class=\"modula-item-overlay\"><\/div>\n\n\t<div class=\"modula-item-content\">\n\n\t\t<a data-image-id=\"16038\" role=\"button\" data-elementor-open-lightbox=\"no\" tabindex=\"0\" rel=\"jtg-16225\" data-caption=\"\" aria-label=\"Open image in lightbox\" class=\"tile-inner modula-item-link\"><\/a><img loading=\"lazy\" decoding=\"async\" class=\"pic wp-image-16038\"  data-valign=\"middle\" data-halign=\"center\" alt=\"\" data-full=\"https:\/\/gaetaneglize.com\/wp-content\/uploads\/2024\/12\/mariage-renaissance-chateau-poudenas_gaetane-glize-photographie-1270_websize.jpg\" title=\"mariage-renaissance-chateau-poudenas_gaetane-glize-photographie-1270_websize\" crop=\"\" width=\"1600\" height=\"1067\" src=\"https:\/\/gaetaneglize.com\/wp-content\/uploads\/2024\/12\/mariage-renaissance-chateau-poudenas_gaetane-glize-photographie-1270_websize.jpg\" data-src=\"https:\/\/gaetaneglize.com\/wp-content\/uploads\/2024\/12\/mariage-renaissance-chateau-poudenas_gaetane-glize-photographie-1270_websize.jpg\" data-caption=\"\" srcset=\"https:\/\/gaetaneglize.com\/wp-content\/uploads\/2024\/12\/mariage-renaissance-chateau-poudenas_gaetane-glize-photographie-1270_websize.jpg 1600w, https:\/\/gaetaneglize.com\/wp-content\/uploads\/2024\/12\/mariage-renaissance-chateau-poudenas_gaetane-glize-photographie-1270_websize-300x200.jpg 300w, https:\/\/gaetaneglize.com\/wp-content\/uploads\/2024\/12\/mariage-renaissance-chateau-poudenas_gaetane-glize-photographie-1270_websize-1024x683.jpg 1024w, https:\/\/gaetaneglize.com\/wp-content\/uploads\/2024\/12\/mariage-renaissance-chateau-poudenas_gaetane-glize-photographie-1270_websize-768x512.jpg 768w, https:\/\/gaetaneglize.com\/wp-content\/uploads\/2024\/12\/mariage-renaissance-chateau-poudenas_gaetane-glize-photographie-1270_websize-1536x1024.jpg 1536w\" sizes=\"(max-width: 1600px) 100vw, 1600px\" \/>\n\t\t<div class=\"figc no-description\">\n\t\t\t<div class=\"figc-inner\">\n\t\t\t\t\t\t\t\t\t\t\t\t\t\t\t<\/div>\n\t\t<\/div>\n\n\t<\/div>\n\n<\/div><div class=\"modula-item effect-pufrobo\" >\n\t<div class=\"modula-item-overlay\"><\/div>\n\n\t<div class=\"modula-item-content\">\n\n\t\t<a data-image-id=\"15778\" role=\"button\" data-elementor-open-lightbox=\"no\" tabindex=\"0\" rel=\"jtg-16225\" data-caption=\"\" aria-label=\"Open image in lightbox\" class=\"tile-inner modula-item-link\"><\/a><img loading=\"lazy\" decoding=\"async\" class=\"pic wp-image-15778\"  data-valign=\"middle\" data-halign=\"center\" alt=\"\" data-full=\"https:\/\/gaetaneglize.com\/wp-content\/uploads\/2024\/12\/mariage-renaissance-chateau-poudenas_gaetane-glize-photographie_1046.jpg\" title=\"Mariage Renaissance\" crop=\"\" width=\"1067\" height=\"1600\" src=\"https:\/\/gaetaneglize.com\/wp-content\/uploads\/2024\/12\/mariage-renaissance-chateau-poudenas_gaetane-glize-photographie_1046.jpg\" data-src=\"https:\/\/gaetaneglize.com\/wp-content\/uploads\/2024\/12\/mariage-renaissance-chateau-poudenas_gaetane-glize-photographie_1046.jpg\" data-caption=\"\" srcset=\"https:\/\/gaetaneglize.com\/wp-content\/uploads\/2024\/12\/mariage-renaissance-chateau-poudenas_gaetane-glize-photographie_1046.jpg 1067w, https:\/\/gaetaneglize.com\/wp-content\/uploads\/2024\/12\/mariage-renaissance-chateau-poudenas_gaetane-glize-photographie_1046-200x300.jpg 200w, https:\/\/gaetaneglize.com\/wp-content\/uploads\/2024\/12\/mariage-renaissance-chateau-poudenas_gaetane-glize-photographie_1046-683x1024.jpg 683w, https:\/\/gaetaneglize.com\/wp-content\/uploads\/2024\/12\/mariage-renaissance-chateau-poudenas_gaetane-glize-photographie_1046-768x1152.jpg 768w, https:\/\/gaetaneglize.com\/wp-content\/uploads\/2024\/12\/mariage-renaissance-chateau-poudenas_gaetane-glize-photographie_1046-1024x1536.jpg 1024w\" sizes=\"(max-width: 1067px) 100vw, 1067px\" \/>\n\t\t<div class=\"figc no-description\">\n\t\t\t<div class=\"figc-inner\">\n\t\t\t\t\t\t\t\t\t\t\t\t\t\t\t<\/div>\n\t\t<\/div>\n\n\t<\/div>\n\n<\/div><div class=\"modula-item effect-pufrobo\" >\n\t<div class=\"modula-item-overlay\"><\/div>\n\n\t<div class=\"modula-item-content\">\n\n\t\t<a data-image-id=\"14478\" role=\"button\" data-elementor-open-lightbox=\"no\" tabindex=\"0\" rel=\"jtg-16225\" data-caption=\"\" aria-label=\"Open image in lightbox\" class=\"tile-inner modula-item-link\"><\/a><img loading=\"lazy\" decoding=\"async\" class=\"pic wp-image-14478\"  data-valign=\"middle\" data-halign=\"center\" alt=\"\" data-full=\"https:\/\/gaetaneglize.com\/wp-content\/uploads\/2024\/02\/margaux-baptiste-mariage-chateau-loire-2006_websize.jpg\" title=\"Margaux + Baptiste\" crop=\"\" width=\"1600\" height=\"1067\" src=\"https:\/\/gaetaneglize.com\/wp-content\/uploads\/2024\/02\/margaux-baptiste-mariage-chateau-loire-2006_websize.jpg\" data-src=\"https:\/\/gaetaneglize.com\/wp-content\/uploads\/2024\/02\/margaux-baptiste-mariage-chateau-loire-2006_websize.jpg\" data-caption=\"\" srcset=\"https:\/\/gaetaneglize.com\/wp-content\/uploads\/2024\/02\/margaux-baptiste-mariage-chateau-loire-2006_websize.jpg 1600w, https:\/\/gaetaneglize.com\/wp-content\/uploads\/2024\/02\/margaux-baptiste-mariage-chateau-loire-2006_websize-300x200.jpg 300w, https:\/\/gaetaneglize.com\/wp-content\/uploads\/2024\/02\/margaux-baptiste-mariage-chateau-loire-2006_websize-1024x683.jpg 1024w, https:\/\/gaetaneglize.com\/wp-content\/uploads\/2024\/02\/margaux-baptiste-mariage-chateau-loire-2006_websize-768x512.jpg 768w, https:\/\/gaetaneglize.com\/wp-content\/uploads\/2024\/02\/margaux-baptiste-mariage-chateau-loire-2006_websize-1536x1024.jpg 1536w\" sizes=\"(max-width: 1600px) 100vw, 1600px\" \/>\n\t\t<div class=\"figc no-description\">\n\t\t\t<div class=\"figc-inner\">\n\t\t\t\t\t\t\t\t\t\t\t\t\t\t\t<\/div>\n\t\t<\/div>\n\n\t<\/div>\n\n<\/div><div class=\"modula-item effect-pufrobo\" >\n\t<div class=\"modula-item-overlay\"><\/div>\n\n\t<div class=\"modula-item-content\">\n\n\t\t<a data-image-id=\"15370\" role=\"button\" data-elementor-open-lightbox=\"no\" tabindex=\"0\" rel=\"jtg-16225\" data-caption=\"\" aria-label=\"Open image in lightbox\" class=\"tile-inner modula-item-link\"><\/a><img loading=\"lazy\" decoding=\"async\" class=\"pic wp-image-15370\"  data-valign=\"middle\" data-halign=\"center\" alt=\"\" data-full=\"https:\/\/gaetaneglize.com\/wp-content\/uploads\/2024\/12\/anna-maxime-photo-mariage-elopement-chapelle-landes-1637_websize.jpg\" title=\"anna-maxime-photo-mariage-elopement-chapelle-landes-1637_websize\" crop=\"\" width=\"1600\" height=\"1067\" src=\"https:\/\/gaetaneglize.com\/wp-content\/uploads\/2024\/12\/anna-maxime-photo-mariage-elopement-chapelle-landes-1637_websize.jpg\" data-src=\"https:\/\/gaetaneglize.com\/wp-content\/uploads\/2024\/12\/anna-maxime-photo-mariage-elopement-chapelle-landes-1637_websize.jpg\" data-caption=\"\" srcset=\"https:\/\/gaetaneglize.com\/wp-content\/uploads\/2024\/12\/anna-maxime-photo-mariage-elopement-chapelle-landes-1637_websize.jpg 1600w, https:\/\/gaetaneglize.com\/wp-content\/uploads\/2024\/12\/anna-maxime-photo-mariage-elopement-chapelle-landes-1637_websize-300x200.jpg 300w, https:\/\/gaetaneglize.com\/wp-content\/uploads\/2024\/12\/anna-maxime-photo-mariage-elopement-chapelle-landes-1637_websize-1024x683.jpg 1024w, https:\/\/gaetaneglize.com\/wp-content\/uploads\/2024\/12\/anna-maxime-photo-mariage-elopement-chapelle-landes-1637_websize-768x512.jpg 768w, https:\/\/gaetaneglize.com\/wp-content\/uploads\/2024\/12\/anna-maxime-photo-mariage-elopement-chapelle-landes-1637_websize-1536x1024.jpg 1536w\" sizes=\"(max-width: 1600px) 100vw, 1600px\" \/>\n\t\t<div class=\"figc no-description\">\n\t\t\t<div class=\"figc-inner\">\n\t\t\t\t\t\t\t\t\t\t\t\t\t\t\t<\/div>\n\t\t<\/div>\n\n\t<\/div>\n\n<\/div><div class=\"modula-item effect-pufrobo\" >\n\t<div class=\"modula-item-overlay\"><\/div>\n\n\t<div class=\"modula-item-content\">\n\n\t\t<a data-image-id=\"16042\" role=\"button\" data-elementor-open-lightbox=\"no\" tabindex=\"0\" rel=\"jtg-16225\" data-caption=\"\" aria-label=\"Open image in lightbox\" class=\"tile-inner modula-item-link\"><\/a><img loading=\"lazy\" decoding=\"async\" class=\"pic wp-image-16042\"  data-valign=\"middle\" data-halign=\"center\" alt=\"\" data-full=\"https:\/\/gaetaneglize.com\/wp-content\/uploads\/2024\/12\/mariage-renaissance-chateau-poudenas_gaetane-glize-photographie-1281_websize.jpg\" title=\"mariage-renaissance-chateau-poudenas_gaetane-glize-photographie-1281_websize\" crop=\"\" width=\"1067\" height=\"1600\" src=\"https:\/\/gaetaneglize.com\/wp-content\/uploads\/2024\/12\/mariage-renaissance-chateau-poudenas_gaetane-glize-photographie-1281_websize.jpg\" data-src=\"https:\/\/gaetaneglize.com\/wp-content\/uploads\/2024\/12\/mariage-renaissance-chateau-poudenas_gaetane-glize-photographie-1281_websize.jpg\" data-caption=\"\" srcset=\"https:\/\/gaetaneglize.com\/wp-content\/uploads\/2024\/12\/mariage-renaissance-chateau-poudenas_gaetane-glize-photographie-1281_websize.jpg 1067w, https:\/\/gaetaneglize.com\/wp-content\/uploads\/2024\/12\/mariage-renaissance-chateau-poudenas_gaetane-glize-photographie-1281_websize-200x300.jpg 200w, https:\/\/gaetaneglize.com\/wp-content\/uploads\/2024\/12\/mariage-renaissance-chateau-poudenas_gaetane-glize-photographie-1281_websize-683x1024.jpg 683w, https:\/\/gaetaneglize.com\/wp-content\/uploads\/2024\/12\/mariage-renaissance-chateau-poudenas_gaetane-glize-photographie-1281_websize-768x1152.jpg 768w, https:\/\/gaetaneglize.com\/wp-content\/uploads\/2024\/12\/mariage-renaissance-chateau-poudenas_gaetane-glize-photographie-1281_websize-1024x1536.jpg 1024w\" sizes=\"(max-width: 1067px) 100vw, 1067px\" \/>\n\t\t<div class=\"figc no-description\">\n\t\t\t<div class=\"figc-inner\">\n\t\t\t\t\t\t\t\t\t\t\t\t\t\t\t<\/div>\n\t\t<\/div>\n\n\t<\/div>\n\n<\/div><div class=\"modula-item effect-pufrobo\" >\n\t<div class=\"modula-item-overlay\"><\/div>\n\n\t<div class=\"modula-item-content\">\n\n\t\t<a data-image-id=\"9834\" role=\"button\" data-elementor-open-lightbox=\"no\" tabindex=\"0\" rel=\"jtg-16225\" data-caption=\"\" aria-label=\"Open image in lightbox\" class=\"tile-inner modula-item-link\"><\/a><img loading=\"lazy\" decoding=\"async\" class=\"pic wp-image-9834\"  data-valign=\"middle\" data-halign=\"center\" alt=\"Un couple de mari\u00e9s est en montagne de nuit avec leur lampe frontale. On voit les \u00e9toiles. Une astrophotographie de mariage r\u00e9alis\u00e9e par Ga\u00e9tane Glize, photographe elopement Pyr\u00e9n\u00e9es.\" data-full=\"https:\/\/gaetaneglize.com\/wp-content\/uploads\/2022\/04\/gaetane-glize-elopement-photographer-adventure-mountains-1021.jpg\" title=\"gaetane-glize-elopement-photographer-adventure-mountains-1021\" crop=\"\" width=\"1500\" height=\"1000\" src=\"https:\/\/gaetaneglize.com\/wp-content\/uploads\/2022\/04\/gaetane-glize-elopement-photographer-adventure-mountains-1021.jpg\" data-src=\"https:\/\/gaetaneglize.com\/wp-content\/uploads\/2022\/04\/gaetane-glize-elopement-photographer-adventure-mountains-1021.jpg\" data-caption=\"\" srcset=\"https:\/\/gaetaneglize.com\/wp-content\/uploads\/2022\/04\/gaetane-glize-elopement-photographer-adventure-mountains-1021.jpg 1500w, https:\/\/gaetaneglize.com\/wp-content\/uploads\/2022\/04\/gaetane-glize-elopement-photographer-adventure-mountains-1021-300x200.jpg 300w, https:\/\/gaetaneglize.com\/wp-content\/uploads\/2022\/04\/gaetane-glize-elopement-photographer-adventure-mountains-1021-1024x683.jpg 1024w, https:\/\/gaetaneglize.com\/wp-content\/uploads\/2022\/04\/gaetane-glize-elopement-photographer-adventure-mountains-1021-768x512.jpg 768w\" sizes=\"(max-width: 1500px) 100vw, 1500px\" \/>\n\t\t<div class=\"figc no-description\">\n\t\t\t<div class=\"figc-inner\">\n\t\t\t\t\t\t\t\t\t\t\t\t\t\t\t<\/div>\n\t\t<\/div>\n\n\t<\/div>\n\n<\/div><div class=\"modula-item effect-pufrobo\" >\n\t<div class=\"modula-item-overlay\"><\/div>\n\n\t<div class=\"modula-item-content\">\n\n\t\t<a data-image-id=\"15939\" role=\"button\" data-elementor-open-lightbox=\"no\" tabindex=\"0\" rel=\"jtg-16225\" data-caption=\"\" aria-label=\"Open image in lightbox\" class=\"tile-inner modula-item-link\"><\/a><img loading=\"lazy\" decoding=\"async\" class=\"pic wp-image-15939\"  data-valign=\"middle\" data-halign=\"center\" alt=\"\" data-full=\"https:\/\/gaetaneglize.com\/wp-content\/uploads\/2024\/12\/noemie-alix-photographie-mariage-domaine-bassibe-gers-1197_websize.jpg\" title=\"No\u00e9mie + Alix\" crop=\"\" width=\"1067\" height=\"1600\" src=\"https:\/\/gaetaneglize.com\/wp-content\/uploads\/2024\/12\/noemie-alix-photographie-mariage-domaine-bassibe-gers-1197_websize.jpg\" data-src=\"https:\/\/gaetaneglize.com\/wp-content\/uploads\/2024\/12\/noemie-alix-photographie-mariage-domaine-bassibe-gers-1197_websize.jpg\" data-caption=\"\" srcset=\"https:\/\/gaetaneglize.com\/wp-content\/uploads\/2024\/12\/noemie-alix-photographie-mariage-domaine-bassibe-gers-1197_websize.jpg 1067w, https:\/\/gaetaneglize.com\/wp-content\/uploads\/2024\/12\/noemie-alix-photographie-mariage-domaine-bassibe-gers-1197_websize-200x300.jpg 200w, https:\/\/gaetaneglize.com\/wp-content\/uploads\/2024\/12\/noemie-alix-photographie-mariage-domaine-bassibe-gers-1197_websize-683x1024.jpg 683w, https:\/\/gaetaneglize.com\/wp-content\/uploads\/2024\/12\/noemie-alix-photographie-mariage-domaine-bassibe-gers-1197_websize-768x1152.jpg 768w, https:\/\/gaetaneglize.com\/wp-content\/uploads\/2024\/12\/noemie-alix-photographie-mariage-domaine-bassibe-gers-1197_websize-1024x1536.jpg 1024w\" sizes=\"(max-width: 1067px) 100vw, 1067px\" \/>\n\t\t<div class=\"figc no-description\">\n\t\t\t<div class=\"figc-inner\">\n\t\t\t\t\t\t\t\t\t\t\t\t\t\t\t<\/div>\n\t\t<\/div>\n\n\t<\/div>\n\n<\/div><div class=\"modula-item effect-pufrobo\" >\n\t<div class=\"modula-item-overlay\"><\/div>\n\n\t<div class=\"modula-item-content\">\n\n\t\t<a data-image-id=\"14510\" role=\"button\" data-elementor-open-lightbox=\"no\" tabindex=\"0\" rel=\"jtg-16225\" data-caption=\"\" aria-label=\"Open image in lightbox\" class=\"tile-inner modula-item-link\"><\/a><img loading=\"lazy\" decoding=\"async\" class=\"pic wp-image-14510\"  data-valign=\"middle\" data-halign=\"center\" alt=\"\" data-full=\"https:\/\/gaetaneglize.com\/wp-content\/uploads\/2024\/02\/anais-nicolas-mariage-intimiste-a-la-maison-1844_websize.jpg\" title=\"Ana\u00efs + Nicolas\" crop=\"\" width=\"1600\" height=\"1067\" src=\"https:\/\/gaetaneglize.com\/wp-content\/uploads\/2024\/02\/anais-nicolas-mariage-intimiste-a-la-maison-1844_websize.jpg\" data-src=\"https:\/\/gaetaneglize.com\/wp-content\/uploads\/2024\/02\/anais-nicolas-mariage-intimiste-a-la-maison-1844_websize.jpg\" data-caption=\"\" srcset=\"https:\/\/gaetaneglize.com\/wp-content\/uploads\/2024\/02\/anais-nicolas-mariage-intimiste-a-la-maison-1844_websize.jpg 1600w, https:\/\/gaetaneglize.com\/wp-content\/uploads\/2024\/02\/anais-nicolas-mariage-intimiste-a-la-maison-1844_websize-300x200.jpg 300w, https:\/\/gaetaneglize.com\/wp-content\/uploads\/2024\/02\/anais-nicolas-mariage-intimiste-a-la-maison-1844_websize-1024x683.jpg 1024w, https:\/\/gaetaneglize.com\/wp-content\/uploads\/2024\/02\/anais-nicolas-mariage-intimiste-a-la-maison-1844_websize-768x512.jpg 768w, https:\/\/gaetaneglize.com\/wp-content\/uploads\/2024\/02\/anais-nicolas-mariage-intimiste-a-la-maison-1844_websize-1536x1024.jpg 1536w\" sizes=\"(max-width: 1600px) 100vw, 1600px\" \/>\n\t\t<div class=\"figc no-description\">\n\t\t\t<div class=\"figc-inner\">\n\t\t\t\t\t\t\t\t\t\t\t\t\t\t\t<\/div>\n\t\t<\/div>\n\n\t<\/div>\n\n<\/div><div class=\"modula-item effect-pufrobo\" >\n\t<div class=\"modula-item-overlay\"><\/div>\n\n\t<div class=\"modula-item-content\">\n\n\t\t<a data-image-id=\"9417\" role=\"button\" data-elementor-open-lightbox=\"no\" tabindex=\"0\" rel=\"jtg-16225\" data-caption=\"\" aria-label=\"Open image in lightbox\" class=\"tile-inner modula-item-link\"><\/a><img loading=\"lazy\" decoding=\"async\" class=\"pic wp-image-9417\"  data-valign=\"middle\" data-halign=\"center\" alt=\"\" data-full=\"https:\/\/gaetaneglize.com\/wp-content\/uploads\/2022\/03\/naiti-maxime-photographe-mariage-bordeaux-gironde-aquitaine-1962_websize.jpg\" title=\"Na\u00efti + Maxime\" crop=\"\" width=\"1600\" height=\"1067\" src=\"https:\/\/gaetaneglize.com\/wp-content\/uploads\/2022\/03\/naiti-maxime-photographe-mariage-bordeaux-gironde-aquitaine-1962_websize.jpg\" data-src=\"https:\/\/gaetaneglize.com\/wp-content\/uploads\/2022\/03\/naiti-maxime-photographe-mariage-bordeaux-gironde-aquitaine-1962_websize.jpg\" data-caption=\"\" srcset=\"https:\/\/gaetaneglize.com\/wp-content\/uploads\/2022\/03\/naiti-maxime-photographe-mariage-bordeaux-gironde-aquitaine-1962_websize.jpg 1600w, https:\/\/gaetaneglize.com\/wp-content\/uploads\/2022\/03\/naiti-maxime-photographe-mariage-bordeaux-gironde-aquitaine-1962_websize-300x200.jpg 300w, https:\/\/gaetaneglize.com\/wp-content\/uploads\/2022\/03\/naiti-maxime-photographe-mariage-bordeaux-gironde-aquitaine-1962_websize-1024x683.jpg 1024w, https:\/\/gaetaneglize.com\/wp-content\/uploads\/2022\/03\/naiti-maxime-photographe-mariage-bordeaux-gironde-aquitaine-1962_websize-768x512.jpg 768w, https:\/\/gaetaneglize.com\/wp-content\/uploads\/2022\/03\/naiti-maxime-photographe-mariage-bordeaux-gironde-aquitaine-1962_websize-1536x1024.jpg 1536w\" sizes=\"(max-width: 1600px) 100vw, 1600px\" \/>\n\t\t<div class=\"figc no-description\">\n\t\t\t<div class=\"figc-inner\">\n\t\t\t\t\t\t\t\t\t\t\t\t\t\t\t<\/div>\n\t\t<\/div>\n\n\t<\/div>\n\n<\/div><div class=\"modula-item effect-pufrobo\" >\n\t<div class=\"modula-item-overlay\"><\/div>\n\n\t<div class=\"modula-item-content\">\n\n\t\t<a data-image-id=\"15683\" role=\"button\" data-elementor-open-lightbox=\"no\" tabindex=\"0\" rel=\"jtg-16225\" data-caption=\"\" aria-label=\"Open image in lightbox\" class=\"tile-inner modula-item-link\"><\/a><img loading=\"lazy\" decoding=\"async\" class=\"pic wp-image-15683\"  data-valign=\"middle\" data-halign=\"center\" alt=\"Le couple de mari\u00e9s marchent en riant. Leur complicit\u00e9 est saisie par Ga\u00e9tane Glize, photographe mariage Landes au ch\u00e2teau d&#039;amou.\" data-full=\"https:\/\/gaetaneglize.com\/wp-content\/uploads\/2024\/12\/michelle-bertrand-mariage-chateau-amou-landes-preview-1034_websize-1.jpg\" title=\"michelle-bertrand-mariage-chateau-amou-landes-preview-1034_websize (1)\" crop=\"\" width=\"1600\" height=\"1067\" src=\"https:\/\/gaetaneglize.com\/wp-content\/uploads\/2024\/12\/michelle-bertrand-mariage-chateau-amou-landes-preview-1034_websize-1.jpg\" data-src=\"https:\/\/gaetaneglize.com\/wp-content\/uploads\/2024\/12\/michelle-bertrand-mariage-chateau-amou-landes-preview-1034_websize-1.jpg\" data-caption=\"\" srcset=\"https:\/\/gaetaneglize.com\/wp-content\/uploads\/2024\/12\/michelle-bertrand-mariage-chateau-amou-landes-preview-1034_websize-1.jpg 1600w, https:\/\/gaetaneglize.com\/wp-content\/uploads\/2024\/12\/michelle-bertrand-mariage-chateau-amou-landes-preview-1034_websize-1-300x200.jpg 300w, https:\/\/gaetaneglize.com\/wp-content\/uploads\/2024\/12\/michelle-bertrand-mariage-chateau-amou-landes-preview-1034_websize-1-1024x683.jpg 1024w, https:\/\/gaetaneglize.com\/wp-content\/uploads\/2024\/12\/michelle-bertrand-mariage-chateau-amou-landes-preview-1034_websize-1-768x512.jpg 768w, https:\/\/gaetaneglize.com\/wp-content\/uploads\/2024\/12\/michelle-bertrand-mariage-chateau-amou-landes-preview-1034_websize-1-1536x1024.jpg 1536w\" sizes=\"(max-width: 1600px) 100vw, 1600px\" \/>\n\t\t<div class=\"figc no-description\">\n\t\t\t<div class=\"figc-inner\">\n\t\t\t\t\t\t\t\t\t\t\t\t\t\t\t<\/div>\n\t\t<\/div>\n\n\t<\/div>\n\n<\/div><div class=\"modula-item effect-pufrobo\" >\n\t<div class=\"modula-item-overlay\"><\/div>\n\n\t<div class=\"modula-item-content\">\n\n\t\t<a data-image-id=\"15963\" role=\"button\" data-elementor-open-lightbox=\"no\" tabindex=\"0\" rel=\"jtg-16225\" data-caption=\"\" aria-label=\"Open image in lightbox\" class=\"tile-inner modula-item-link\"><\/a><img loading=\"lazy\" decoding=\"async\" class=\"pic wp-image-15963\"  data-valign=\"middle\" data-halign=\"center\" alt=\"\" data-full=\"https:\/\/gaetaneglize.com\/wp-content\/uploads\/2024\/12\/anna-maxime-photo-mariage-elopement-chapelle-landes-1623_websize.jpg\" title=\"anna-maxime-photo-mariage-elopement-chapelle-landes-1623_websize\" crop=\"\" width=\"1067\" height=\"1600\" src=\"https:\/\/gaetaneglize.com\/wp-content\/uploads\/2024\/12\/anna-maxime-photo-mariage-elopement-chapelle-landes-1623_websize.jpg\" data-src=\"https:\/\/gaetaneglize.com\/wp-content\/uploads\/2024\/12\/anna-maxime-photo-mariage-elopement-chapelle-landes-1623_websize.jpg\" data-caption=\"\" srcset=\"https:\/\/gaetaneglize.com\/wp-content\/uploads\/2024\/12\/anna-maxime-photo-mariage-elopement-chapelle-landes-1623_websize.jpg 1067w, https:\/\/gaetaneglize.com\/wp-content\/uploads\/2024\/12\/anna-maxime-photo-mariage-elopement-chapelle-landes-1623_websize-200x300.jpg 200w, https:\/\/gaetaneglize.com\/wp-content\/uploads\/2024\/12\/anna-maxime-photo-mariage-elopement-chapelle-landes-1623_websize-683x1024.jpg 683w, https:\/\/gaetaneglize.com\/wp-content\/uploads\/2024\/12\/anna-maxime-photo-mariage-elopement-chapelle-landes-1623_websize-768x1152.jpg 768w, https:\/\/gaetaneglize.com\/wp-content\/uploads\/2024\/12\/anna-maxime-photo-mariage-elopement-chapelle-landes-1623_websize-1024x1536.jpg 1024w\" sizes=\"(max-width: 1067px) 100vw, 1067px\" \/>\n\t\t<div class=\"figc no-description\">\n\t\t\t<div class=\"figc-inner\">\n\t\t\t\t\t\t\t\t\t\t\t\t\t\t\t<\/div>\n\t\t<\/div>\n\n\t<\/div>\n\n<\/div><div class=\"modula-item effect-pufrobo\" >\n\t<div class=\"modula-item-overlay\"><\/div>\n\n\t<div class=\"modula-item-content\">\n\n\t\t<a data-image-id=\"15691\" role=\"button\" data-elementor-open-lightbox=\"no\" tabindex=\"0\" rel=\"jtg-16225\" data-caption=\"\" aria-label=\"Open image in lightbox\" class=\"tile-inner modula-item-link\"><\/a><img loading=\"lazy\" decoding=\"async\" class=\"pic wp-image-15691\"  data-valign=\"middle\" data-halign=\"center\" alt=\"Un couple de mari\u00e9 font la f\u00eate et dansent ensemble pendant le cocktail de leur mariage dans le jardin du domaine La Felicita \u00e0 Saint-Barth\u00e9l\u00e9my dans les Landes.\" data-full=\"https:\/\/gaetaneglize.com\/wp-content\/uploads\/2024\/12\/marine-meriadec-mariage-landes-preview-1026_websize.jpg\" title=\"marine-meriadec-mariage-landes-preview-1026_websize\" crop=\"\" width=\"1600\" height=\"1067\" src=\"https:\/\/gaetaneglize.com\/wp-content\/uploads\/2024\/12\/marine-meriadec-mariage-landes-preview-1026_websize.jpg\" data-src=\"https:\/\/gaetaneglize.com\/wp-content\/uploads\/2024\/12\/marine-meriadec-mariage-landes-preview-1026_websize.jpg\" data-caption=\"\" srcset=\"https:\/\/gaetaneglize.com\/wp-content\/uploads\/2024\/12\/marine-meriadec-mariage-landes-preview-1026_websize.jpg 1600w, https:\/\/gaetaneglize.com\/wp-content\/uploads\/2024\/12\/marine-meriadec-mariage-landes-preview-1026_websize-300x200.jpg 300w, https:\/\/gaetaneglize.com\/wp-content\/uploads\/2024\/12\/marine-meriadec-mariage-landes-preview-1026_websize-1024x683.jpg 1024w, https:\/\/gaetaneglize.com\/wp-content\/uploads\/2024\/12\/marine-meriadec-mariage-landes-preview-1026_websize-768x512.jpg 768w, https:\/\/gaetaneglize.com\/wp-content\/uploads\/2024\/12\/marine-meriadec-mariage-landes-preview-1026_websize-1536x1024.jpg 1536w\" sizes=\"(max-width: 1600px) 100vw, 1600px\" \/>\n\t\t<div class=\"figc no-description\">\n\t\t\t<div class=\"figc-inner\">\n\t\t\t\t\t\t\t\t\t\t\t\t\t\t\t<\/div>\n\t\t<\/div>\n\n\t<\/div>\n\n<\/div><div class=\"modula-item effect-pufrobo\" >\n\t<div class=\"modula-item-overlay\"><\/div>\n\n\t<div class=\"modula-item-content\">\n\n\t\t<a data-image-id=\"15336\" role=\"button\" data-elementor-open-lightbox=\"no\" tabindex=\"0\" rel=\"jtg-16225\" data-caption=\"\" aria-label=\"Open image in lightbox\" class=\"tile-inner modula-item-link\"><\/a><img loading=\"lazy\" decoding=\"async\" class=\"pic wp-image-15336\"  data-valign=\"middle\" data-halign=\"center\" alt=\"\" data-full=\"https:\/\/gaetaneglize.com\/wp-content\/uploads\/2024\/12\/seance-photo-couple-anniversaire-mariage-plage-landes-1164_websize.jpg\" title=\"seance-photo-couple-anniversaire-mariage-plage-landes-1164_websize\" crop=\"\" width=\"1600\" height=\"1067\" src=\"https:\/\/gaetaneglize.com\/wp-content\/uploads\/2024\/12\/seance-photo-couple-anniversaire-mariage-plage-landes-1164_websize.jpg\" data-src=\"https:\/\/gaetaneglize.com\/wp-content\/uploads\/2024\/12\/seance-photo-couple-anniversaire-mariage-plage-landes-1164_websize.jpg\" data-caption=\"\" srcset=\"https:\/\/gaetaneglize.com\/wp-content\/uploads\/2024\/12\/seance-photo-couple-anniversaire-mariage-plage-landes-1164_websize.jpg 1600w, https:\/\/gaetaneglize.com\/wp-content\/uploads\/2024\/12\/seance-photo-couple-anniversaire-mariage-plage-landes-1164_websize-300x200.jpg 300w, https:\/\/gaetaneglize.com\/wp-content\/uploads\/2024\/12\/seance-photo-couple-anniversaire-mariage-plage-landes-1164_websize-1024x683.jpg 1024w, https:\/\/gaetaneglize.com\/wp-content\/uploads\/2024\/12\/seance-photo-couple-anniversaire-mariage-plage-landes-1164_websize-768x512.jpg 768w, https:\/\/gaetaneglize.com\/wp-content\/uploads\/2024\/12\/seance-photo-couple-anniversaire-mariage-plage-landes-1164_websize-1536x1024.jpg 1536w\" sizes=\"(max-width: 1600px) 100vw, 1600px\" \/>\n\t\t<div class=\"figc no-description\">\n\t\t\t<div class=\"figc-inner\">\n\t\t\t\t\t\t\t\t\t\t\t\t\t\t\t<\/div>\n\t\t<\/div>\n\n\t<\/div>\n\n<\/div><div class=\"modula-item effect-pufrobo\" >\n\t<div class=\"modula-item-overlay\"><\/div>\n\n\t<div class=\"modula-item-content\">\n\n\t\t<a data-image-id=\"15792\" role=\"button\" data-elementor-open-lightbox=\"no\" tabindex=\"0\" rel=\"jtg-16225\" data-caption=\"\" aria-label=\"Open image in lightbox\" class=\"tile-inner modula-item-link\"><\/a><img loading=\"lazy\" decoding=\"async\" class=\"pic wp-image-15792\"  data-valign=\"middle\" data-halign=\"center\" alt=\"Une m\u00e8che de cheveux boucl\u00e9s pendant la coiffure de la mari\u00e9e. Une photo de d\u00e9tail po\u00e9tique prise par Ga\u00e9tane Glize, photographe mariage Landes.\" data-full=\"https:\/\/gaetaneglize.com\/wp-content\/uploads\/2024\/12\/photographe-mariage-intimiste-landes-a-la-maison-1004.jpg\" title=\"photographe-mariage-intimiste-landes-a-la-maison-1004\" crop=\"\" width=\"712\" height=\"1067\" src=\"https:\/\/gaetaneglize.com\/wp-content\/uploads\/2024\/12\/photographe-mariage-intimiste-landes-a-la-maison-1004.jpg\" data-src=\"https:\/\/gaetaneglize.com\/wp-content\/uploads\/2024\/12\/photographe-mariage-intimiste-landes-a-la-maison-1004.jpg\" data-caption=\"\" srcset=\"https:\/\/gaetaneglize.com\/wp-content\/uploads\/2024\/12\/photographe-mariage-intimiste-landes-a-la-maison-1004.jpg 712w, https:\/\/gaetaneglize.com\/wp-content\/uploads\/2024\/12\/photographe-mariage-intimiste-landes-a-la-maison-1004-200x300.jpg 200w, https:\/\/gaetaneglize.com\/wp-content\/uploads\/2024\/12\/photographe-mariage-intimiste-landes-a-la-maison-1004-683x1024.jpg 683w\" sizes=\"(max-width: 712px) 100vw, 712px\" \/>\n\t\t<div class=\"figc no-description\">\n\t\t\t<div class=\"figc-inner\">\n\t\t\t\t\t\t\t\t\t\t\t\t\t\t\t<\/div>\n\t\t<\/div>\n\n\t<\/div>\n\n<\/div><div class=\"modula-item effect-pufrobo\" >\n\t<div class=\"modula-item-overlay\"><\/div>\n\n\t<div class=\"modula-item-content\">\n\n\t\t<a data-image-id=\"16014\" role=\"button\" data-elementor-open-lightbox=\"no\" tabindex=\"0\" rel=\"jtg-16225\" data-caption=\"\" aria-label=\"Open image in lightbox\" class=\"tile-inner modula-item-link\"><\/a><img loading=\"lazy\" decoding=\"async\" class=\"pic wp-image-16014\"  data-valign=\"middle\" data-halign=\"center\" alt=\"\" data-full=\"https:\/\/gaetaneglize.com\/wp-content\/uploads\/2024\/12\/lydie-cedric-photographie-mariage-chateau-landes-preview-1028-animation_websize.gif\" title=\"lydie-cedric-photographie-mariage-chateau-landes-preview-1028-animation_websize\" crop=\"\" width=\"1800\" height=\"1201\" src=\"https:\/\/gaetaneglize.com\/wp-content\/uploads\/2024\/12\/lydie-cedric-photographie-mariage-chateau-landes-preview-1028-animation_websize.gif\" data-src=\"https:\/\/gaetaneglize.com\/wp-content\/uploads\/2024\/12\/lydie-cedric-photographie-mariage-chateau-landes-preview-1028-animation_websize.gif\" data-caption=\"\"\/>\n\t\t<div class=\"figc no-description\">\n\t\t\t<div class=\"figc-inner\">\n\t\t\t\t\t\t\t\t\t\t\t\t\t\t\t<\/div>\n\t\t<\/div>\n\n\t<\/div>\n\n<\/div><div class=\"modula-item effect-pufrobo\" >\n\t<div class=\"modula-item-overlay\"><\/div>\n\n\t<div class=\"modula-item-content\">\n\n\t\t<a data-image-id=\"14472\" role=\"button\" data-elementor-open-lightbox=\"no\" tabindex=\"0\" rel=\"jtg-16225\" data-caption=\"\" aria-label=\"Open image in lightbox\" class=\"tile-inner modula-item-link\"><\/a><img loading=\"lazy\" decoding=\"async\" class=\"pic wp-image-14472\"  data-valign=\"middle\" data-halign=\"center\" alt=\"La c\u00e9r\u00e9monie la\u00efque de mariage se passe en ext\u00e9rieur au niveau d&#039;un arbre centenaire.\" data-full=\"https:\/\/gaetaneglize.com\/wp-content\/uploads\/2024\/02\/anne-so-quentin-mariage-champetre-normandie-1491_websize.jpg\" title=\"Anne-Sophie + Quentin\" crop=\"\" width=\"1067\" height=\"1600\" src=\"https:\/\/gaetaneglize.com\/wp-content\/uploads\/2024\/02\/anne-so-quentin-mariage-champetre-normandie-1491_websize.jpg\" data-src=\"https:\/\/gaetaneglize.com\/wp-content\/uploads\/2024\/02\/anne-so-quentin-mariage-champetre-normandie-1491_websize.jpg\" data-caption=\"\" srcset=\"https:\/\/gaetaneglize.com\/wp-content\/uploads\/2024\/02\/anne-so-quentin-mariage-champetre-normandie-1491_websize.jpg 1067w, https:\/\/gaetaneglize.com\/wp-content\/uploads\/2024\/02\/anne-so-quentin-mariage-champetre-normandie-1491_websize-200x300.jpg 200w, https:\/\/gaetaneglize.com\/wp-content\/uploads\/2024\/02\/anne-so-quentin-mariage-champetre-normandie-1491_websize-683x1024.jpg 683w, https:\/\/gaetaneglize.com\/wp-content\/uploads\/2024\/02\/anne-so-quentin-mariage-champetre-normandie-1491_websize-768x1152.jpg 768w, https:\/\/gaetaneglize.com\/wp-content\/uploads\/2024\/02\/anne-so-quentin-mariage-champetre-normandie-1491_websize-1024x1536.jpg 1024w\" sizes=\"(max-width: 1067px) 100vw, 1067px\" \/>\n\t\t<div class=\"figc no-description\">\n\t\t\t<div class=\"figc-inner\">\n\t\t\t\t\t\t\t\t\t\t\t\t\t\t\t<\/div>\n\t\t<\/div>\n\n\t<\/div>\n\n<\/div><div class=\"modula-item effect-pufrobo\" >\n\t<div class=\"modula-item-overlay\"><\/div>\n\n\t<div class=\"modula-item-content\">\n\n\t\t<a data-image-id=\"13162\" role=\"button\" data-elementor-open-lightbox=\"no\" tabindex=\"0\" rel=\"jtg-16225\" data-caption=\"\" aria-label=\"Open image in lightbox\" class=\"tile-inner modula-item-link\"><\/a><img loading=\"lazy\" decoding=\"async\" class=\"pic wp-image-13162\"  data-valign=\"middle\" data-halign=\"center\" alt=\"S\u00e9ance photo couple day after \u00e0 Seignosse dans les Landes.\" data-full=\"https:\/\/gaetaneglize.com\/wp-content\/uploads\/2023\/01\/seance-photo-couple-day-after-apres-mariage-plage-landes-1065.gif\" title=\"seance-photo-couple-day-after - apres-mariage-plage-landes-1065\" crop=\"\" width=\"1700\" height=\"1133\" src=\"https:\/\/gaetaneglize.com\/wp-content\/uploads\/2023\/01\/seance-photo-couple-day-after-apres-mariage-plage-landes-1065.gif\" data-src=\"https:\/\/gaetaneglize.com\/wp-content\/uploads\/2023\/01\/seance-photo-couple-day-after-apres-mariage-plage-landes-1065.gif\" data-caption=\"\"\/>\n\t\t<div class=\"figc no-description\">\n\t\t\t<div class=\"figc-inner\">\n\t\t\t\t\t\t\t\t\t\t\t\t\t\t\t<\/div>\n\t\t<\/div>\n\n\t<\/div>\n\n<\/div><div class=\"modula-item effect-pufrobo\" >\n\t<div class=\"modula-item-overlay\"><\/div>\n\n\t<div class=\"modula-item-content\">\n\n\t\t<a data-image-id=\"15740\" role=\"button\" data-elementor-open-lightbox=\"no\" tabindex=\"0\" rel=\"jtg-16225\" data-caption=\"\" aria-label=\"Open image in lightbox\" class=\"tile-inner modula-item-link\"><\/a><img loading=\"lazy\" decoding=\"async\" class=\"pic wp-image-15740\"  data-valign=\"middle\" data-halign=\"center\" alt=\"\" data-full=\"https:\/\/gaetaneglize.com\/wp-content\/uploads\/2024\/12\/photographie-mariage-landes-pays-basque-1576_.jpg\" title=\"photographie-mariage-landes-pays-basque-1576_\" crop=\"\" width=\"1600\" height=\"1067\" src=\"https:\/\/gaetaneglize.com\/wp-content\/uploads\/2024\/12\/photographie-mariage-landes-pays-basque-1576_.jpg\" data-src=\"https:\/\/gaetaneglize.com\/wp-content\/uploads\/2024\/12\/photographie-mariage-landes-pays-basque-1576_.jpg\" data-caption=\"\" srcset=\"https:\/\/gaetaneglize.com\/wp-content\/uploads\/2024\/12\/photographie-mariage-landes-pays-basque-1576_.jpg 1600w, https:\/\/gaetaneglize.com\/wp-content\/uploads\/2024\/12\/photographie-mariage-landes-pays-basque-1576_-300x200.jpg 300w, https:\/\/gaetaneglize.com\/wp-content\/uploads\/2024\/12\/photographie-mariage-landes-pays-basque-1576_-1024x683.jpg 1024w, https:\/\/gaetaneglize.com\/wp-content\/uploads\/2024\/12\/photographie-mariage-landes-pays-basque-1576_-768x512.jpg 768w, https:\/\/gaetaneglize.com\/wp-content\/uploads\/2024\/12\/photographie-mariage-landes-pays-basque-1576_-1536x1024.jpg 1536w\" sizes=\"(max-width: 1600px) 100vw, 1600px\" \/>\n\t\t<div class=\"figc no-description\">\n\t\t\t<div class=\"figc-inner\">\n\t\t\t\t\t\t\t\t\t\t\t\t\t\t\t<\/div>\n\t\t<\/div>\n\n\t<\/div>\n\n<\/div><div class=\"modula-item effect-pufrobo\" >\n\t<div class=\"modula-item-overlay\"><\/div>\n\n\t<div class=\"modula-item-content\">\n\n\t\t<a data-image-id=\"16004\" role=\"button\" data-elementor-open-lightbox=\"no\" tabindex=\"0\" rel=\"jtg-16225\" data-caption=\"\" aria-label=\"Open image in lightbox\" class=\"tile-inner modula-item-link\"><\/a><img loading=\"lazy\" decoding=\"async\" class=\"pic wp-image-16004\"  data-valign=\"middle\" data-halign=\"center\" alt=\"\" data-full=\"https:\/\/gaetaneglize.com\/wp-content\/uploads\/2024\/12\/camille-reha-mariage-intimiste-cocobarn-woodlodge-landes-1220_websize-1.jpg\" title=\"camille-reha-mariage-intimiste-cocobarn-woodlodge-landes-1220_websize (1)\" crop=\"\" width=\"1067\" height=\"1600\" src=\"https:\/\/gaetaneglize.com\/wp-content\/uploads\/2024\/12\/camille-reha-mariage-intimiste-cocobarn-woodlodge-landes-1220_websize-1.jpg\" data-src=\"https:\/\/gaetaneglize.com\/wp-content\/uploads\/2024\/12\/camille-reha-mariage-intimiste-cocobarn-woodlodge-landes-1220_websize-1.jpg\" data-caption=\"\" srcset=\"https:\/\/gaetaneglize.com\/wp-content\/uploads\/2024\/12\/camille-reha-mariage-intimiste-cocobarn-woodlodge-landes-1220_websize-1.jpg 1067w, https:\/\/gaetaneglize.com\/wp-content\/uploads\/2024\/12\/camille-reha-mariage-intimiste-cocobarn-woodlodge-landes-1220_websize-1-200x300.jpg 200w, https:\/\/gaetaneglize.com\/wp-content\/uploads\/2024\/12\/camille-reha-mariage-intimiste-cocobarn-woodlodge-landes-1220_websize-1-683x1024.jpg 683w, https:\/\/gaetaneglize.com\/wp-content\/uploads\/2024\/12\/camille-reha-mariage-intimiste-cocobarn-woodlodge-landes-1220_websize-1-768x1152.jpg 768w, https:\/\/gaetaneglize.com\/wp-content\/uploads\/2024\/12\/camille-reha-mariage-intimiste-cocobarn-woodlodge-landes-1220_websize-1-1024x1536.jpg 1024w\" sizes=\"(max-width: 1067px) 100vw, 1067px\" \/>\n\t\t<div class=\"figc no-description\">\n\t\t\t<div class=\"figc-inner\">\n\t\t\t\t\t\t\t\t\t\t\t\t\t\t\t<\/div>\n\t\t<\/div>\n\n\t<\/div>\n\n<\/div><div class=\"modula-item effect-pufrobo\" >\n\t<div class=\"modula-item-overlay\"><\/div>\n\n\t<div class=\"modula-item-content\">\n\n\t\t<a data-image-id=\"9568\" role=\"button\" data-elementor-open-lightbox=\"no\" tabindex=\"0\" rel=\"jtg-16225\" data-caption=\"\" aria-label=\"Open image in lightbox\" class=\"tile-inner modula-item-link\"><\/a><img loading=\"lazy\" decoding=\"async\" class=\"pic wp-image-9568\"  data-valign=\"middle\" data-halign=\"center\" alt=\"\" data-full=\"https:\/\/gaetaneglize.com\/wp-content\/uploads\/2022\/03\/naiti-maxime-photographe-mariage-bordeaux-gironde-aquitaine-2179_websize.jpg\" title=\"Na\u00efti + Maxime\" crop=\"\" width=\"1600\" height=\"1067\" src=\"https:\/\/gaetaneglize.com\/wp-content\/uploads\/2022\/03\/naiti-maxime-photographe-mariage-bordeaux-gironde-aquitaine-2179_websize.jpg\" data-src=\"https:\/\/gaetaneglize.com\/wp-content\/uploads\/2022\/03\/naiti-maxime-photographe-mariage-bordeaux-gironde-aquitaine-2179_websize.jpg\" data-caption=\"\" srcset=\"https:\/\/gaetaneglize.com\/wp-content\/uploads\/2022\/03\/naiti-maxime-photographe-mariage-bordeaux-gironde-aquitaine-2179_websize.jpg 1600w, https:\/\/gaetaneglize.com\/wp-content\/uploads\/2022\/03\/naiti-maxime-photographe-mariage-bordeaux-gironde-aquitaine-2179_websize-300x200.jpg 300w, https:\/\/gaetaneglize.com\/wp-content\/uploads\/2022\/03\/naiti-maxime-photographe-mariage-bordeaux-gironde-aquitaine-2179_websize-1024x683.jpg 1024w, https:\/\/gaetaneglize.com\/wp-content\/uploads\/2022\/03\/naiti-maxime-photographe-mariage-bordeaux-gironde-aquitaine-2179_websize-768x512.jpg 768w, https:\/\/gaetaneglize.com\/wp-content\/uploads\/2022\/03\/naiti-maxime-photographe-mariage-bordeaux-gironde-aquitaine-2179_websize-1536x1024.jpg 1536w\" sizes=\"(max-width: 1600px) 100vw, 1600px\" \/>\n\t\t<div class=\"figc no-description\">\n\t\t\t<div class=\"figc-inner\">\n\t\t\t\t\t\t\t\t\t\t\t\t\t\t\t<\/div>\n\t\t<\/div>\n\n\t<\/div>\n\n<\/div><div class=\"modula-item effect-pufrobo\" >\n\t<div class=\"modula-item-overlay\"><\/div>\n\n\t<div class=\"modula-item-content\">\n\n\t\t<a data-image-id=\"15772\" role=\"button\" data-elementor-open-lightbox=\"no\" tabindex=\"0\" rel=\"jtg-16225\" data-caption=\"\" aria-label=\"Open image in lightbox\" class=\"tile-inner modula-item-link\"><\/a><img loading=\"lazy\" decoding=\"async\" class=\"pic wp-image-15772\"  data-valign=\"middle\" data-halign=\"center\" alt=\"La mari\u00e9e et son mari sont assis \u00e0 l&#039;int\u00e9rieur du ch\u00e2teau, le mari l&#039;embrasse sur la joue. Un moment de tendresse captur\u00e9 par Ga\u00e9tane Glize, photographe mariage Landes.\" data-full=\"https:\/\/gaetaneglize.com\/wp-content\/uploads\/2024\/12\/mariage-renaissance-chateau-poudenas_gaetane-glize-photographie_1146.jpg\" title=\"Mariage Renaissance\" crop=\"\" width=\"1067\" height=\"1600\" src=\"https:\/\/gaetaneglize.com\/wp-content\/uploads\/2024\/12\/mariage-renaissance-chateau-poudenas_gaetane-glize-photographie_1146.jpg\" data-src=\"https:\/\/gaetaneglize.com\/wp-content\/uploads\/2024\/12\/mariage-renaissance-chateau-poudenas_gaetane-glize-photographie_1146.jpg\" data-caption=\"\" srcset=\"https:\/\/gaetaneglize.com\/wp-content\/uploads\/2024\/12\/mariage-renaissance-chateau-poudenas_gaetane-glize-photographie_1146.jpg 1067w, https:\/\/gaetaneglize.com\/wp-content\/uploads\/2024\/12\/mariage-renaissance-chateau-poudenas_gaetane-glize-photographie_1146-200x300.jpg 200w, https:\/\/gaetaneglize.com\/wp-content\/uploads\/2024\/12\/mariage-renaissance-chateau-poudenas_gaetane-glize-photographie_1146-683x1024.jpg 683w, https:\/\/gaetaneglize.com\/wp-content\/uploads\/2024\/12\/mariage-renaissance-chateau-poudenas_gaetane-glize-photographie_1146-768x1152.jpg 768w, https:\/\/gaetaneglize.com\/wp-content\/uploads\/2024\/12\/mariage-renaissance-chateau-poudenas_gaetane-glize-photographie_1146-1024x1536.jpg 1024w\" sizes=\"(max-width: 1067px) 100vw, 1067px\" \/>\n\t\t<div class=\"figc no-description\">\n\t\t\t<div class=\"figc-inner\">\n\t\t\t\t\t\t\t\t\t\t\t\t\t\t\t<\/div>\n\t\t<\/div>\n\n\t<\/div>\n\n<\/div><div class=\"modula-item effect-pufrobo\" >\n\t<div class=\"modula-item-overlay\"><\/div>\n\n\t<div class=\"modula-item-content\">\n\n\t\t<a data-image-id=\"12516\" role=\"button\" data-elementor-open-lightbox=\"no\" tabindex=\"0\" rel=\"jtg-16225\" data-caption=\"\" aria-label=\"Open image in lightbox\" class=\"tile-inner modula-item-link\"><\/a><img loading=\"lazy\" decoding=\"async\" class=\"pic wp-image-12516\"  data-valign=\"middle\" data-halign=\"center\" alt=\"\" data-full=\"https:\/\/gaetaneglize.com\/wp-content\/uploads\/2023\/01\/photographe-mariage-landes-pays-basque-005.jpg\" title=\"photographe-mariage-landes-pays-basque-005\" crop=\"\" width=\"1600\" height=\"1067\" src=\"https:\/\/gaetaneglize.com\/wp-content\/uploads\/2023\/01\/photographe-mariage-landes-pays-basque-005.jpg\" data-src=\"https:\/\/gaetaneglize.com\/wp-content\/uploads\/2023\/01\/photographe-mariage-landes-pays-basque-005.jpg\" data-caption=\"\" srcset=\"https:\/\/gaetaneglize.com\/wp-content\/uploads\/2023\/01\/photographe-mariage-landes-pays-basque-005.jpg 1600w, https:\/\/gaetaneglize.com\/wp-content\/uploads\/2023\/01\/photographe-mariage-landes-pays-basque-005-300x200.jpg 300w, https:\/\/gaetaneglize.com\/wp-content\/uploads\/2023\/01\/photographe-mariage-landes-pays-basque-005-1024x683.jpg 1024w, https:\/\/gaetaneglize.com\/wp-content\/uploads\/2023\/01\/photographe-mariage-landes-pays-basque-005-768x512.jpg 768w, https:\/\/gaetaneglize.com\/wp-content\/uploads\/2023\/01\/photographe-mariage-landes-pays-basque-005-1536x1024.jpg 1536w\" sizes=\"(max-width: 1600px) 100vw, 1600px\" \/>\n\t\t<div class=\"figc no-description\">\n\t\t\t<div class=\"figc-inner\">\n\t\t\t\t\t\t\t\t\t\t\t\t\t\t\t<\/div>\n\t\t<\/div>\n\n\t<\/div>\n\n<\/div><div class=\"modula-item effect-pufrobo\" >\n\t<div class=\"modula-item-overlay\"><\/div>\n\n\t<div class=\"modula-item-content\">\n\n\t\t<a data-image-id=\"12697\" role=\"button\" data-elementor-open-lightbox=\"no\" tabindex=\"0\" rel=\"jtg-16225\" data-caption=\"\" aria-label=\"Open image in lightbox\" class=\"tile-inner modula-item-link\"><\/a><img loading=\"lazy\" decoding=\"async\" class=\"pic wp-image-12697\"  data-valign=\"middle\" data-halign=\"center\" alt=\"Les mari\u00e9s pleurent pendant leur c\u00e9r\u00e9monie de mariage la\u00efque remplie d&#039;\u00e9motions. Un mariage intimiste \u00e0 la maison dans les Landes.\" data-full=\"https:\/\/gaetaneglize.com\/wp-content\/uploads\/2023\/01\/photographe-mariage-landes-pays-basque-021.jpg\" title=\"photographe-mariage-landes-pays-basque-021\" crop=\"\" width=\"1600\" height=\"1067\" src=\"https:\/\/gaetaneglize.com\/wp-content\/uploads\/2023\/01\/photographe-mariage-landes-pays-basque-021.jpg\" data-src=\"https:\/\/gaetaneglize.com\/wp-content\/uploads\/2023\/01\/photographe-mariage-landes-pays-basque-021.jpg\" data-caption=\"\" srcset=\"https:\/\/gaetaneglize.com\/wp-content\/uploads\/2023\/01\/photographe-mariage-landes-pays-basque-021.jpg 1600w, https:\/\/gaetaneglize.com\/wp-content\/uploads\/2023\/01\/photographe-mariage-landes-pays-basque-021-300x200.jpg 300w, https:\/\/gaetaneglize.com\/wp-content\/uploads\/2023\/01\/photographe-mariage-landes-pays-basque-021-1024x683.jpg 1024w, https:\/\/gaetaneglize.com\/wp-content\/uploads\/2023\/01\/photographe-mariage-landes-pays-basque-021-768x512.jpg 768w, https:\/\/gaetaneglize.com\/wp-content\/uploads\/2023\/01\/photographe-mariage-landes-pays-basque-021-1536x1024.jpg 1536w\" sizes=\"(max-width: 1600px) 100vw, 1600px\" \/>\n\t\t<div class=\"figc no-description\">\n\t\t\t<div class=\"figc-inner\">\n\t\t\t\t\t\t\t\t\t\t\t\t\t\t\t<\/div>\n\t\t<\/div>\n\n\t<\/div>\n\n<\/div><div class=\"modula-item effect-pufrobo\" >\n\t<div class=\"modula-item-overlay\"><\/div>\n\n\t<div class=\"modula-item-content\">\n\n\t\t<a data-image-id=\"15354\" role=\"button\" data-elementor-open-lightbox=\"no\" tabindex=\"0\" rel=\"jtg-16225\" data-caption=\"\" aria-label=\"Open image in lightbox\" class=\"tile-inner modula-item-link\"><\/a><img loading=\"lazy\" decoding=\"async\" class=\"pic wp-image-15354\"  data-valign=\"middle\" data-halign=\"center\" alt=\"\" data-full=\"https:\/\/gaetaneglize.com\/wp-content\/uploads\/2024\/12\/seance-photo-couple-anniversaire-mariage-plage-landes-1207_websize.jpg\" title=\"seance-photo-couple-anniversaire-mariage-plage-landes-1207_websize\" crop=\"\" width=\"1067\" height=\"1600\" src=\"https:\/\/gaetaneglize.com\/wp-content\/uploads\/2024\/12\/seance-photo-couple-anniversaire-mariage-plage-landes-1207_websize.jpg\" data-src=\"https:\/\/gaetaneglize.com\/wp-content\/uploads\/2024\/12\/seance-photo-couple-anniversaire-mariage-plage-landes-1207_websize.jpg\" data-caption=\"\" srcset=\"https:\/\/gaetaneglize.com\/wp-content\/uploads\/2024\/12\/seance-photo-couple-anniversaire-mariage-plage-landes-1207_websize.jpg 1067w, https:\/\/gaetaneglize.com\/wp-content\/uploads\/2024\/12\/seance-photo-couple-anniversaire-mariage-plage-landes-1207_websize-200x300.jpg 200w, https:\/\/gaetaneglize.com\/wp-content\/uploads\/2024\/12\/seance-photo-couple-anniversaire-mariage-plage-landes-1207_websize-683x1024.jpg 683w, https:\/\/gaetaneglize.com\/wp-content\/uploads\/2024\/12\/seance-photo-couple-anniversaire-mariage-plage-landes-1207_websize-768x1152.jpg 768w, https:\/\/gaetaneglize.com\/wp-content\/uploads\/2024\/12\/seance-photo-couple-anniversaire-mariage-plage-landes-1207_websize-1024x1536.jpg 1024w\" sizes=\"(max-width: 1067px) 100vw, 1067px\" \/>\n\t\t<div class=\"figc no-description\">\n\t\t\t<div class=\"figc-inner\">\n\t\t\t\t\t\t\t\t\t\t\t\t\t\t\t<\/div>\n\t\t<\/div>\n\n\t<\/div>\n\n<\/div><div class=\"modula-item effect-pufrobo\" >\n\t<div class=\"modula-item-overlay\"><\/div>\n\n\t<div class=\"modula-item-content\">\n\n\t\t<a data-image-id=\"7712\" role=\"button\" data-elementor-open-lightbox=\"no\" tabindex=\"0\" rel=\"jtg-16225\" data-caption=\"\" aria-label=\"Open image in lightbox\" class=\"tile-inner modula-item-link\"><\/a><img loading=\"lazy\" decoding=\"async\" class=\"pic wp-image-7712\"  data-valign=\"middle\" data-halign=\"center\" alt=\"\" data-full=\"https:\/\/gaetaneglize.com\/wp-content\/uploads\/2021\/05\/photographe-mariage-intimiste-landes-pays-basque-2000.jpg\" title=\"photographe-mariage-intimiste-landes-pays-basque-2000\" crop=\"\" width=\"1500\" height=\"1000\" src=\"https:\/\/gaetaneglize.com\/wp-content\/uploads\/2021\/05\/photographe-mariage-intimiste-landes-pays-basque-2000.jpg\" data-src=\"https:\/\/gaetaneglize.com\/wp-content\/uploads\/2021\/05\/photographe-mariage-intimiste-landes-pays-basque-2000.jpg\" data-caption=\"\" srcset=\"https:\/\/gaetaneglize.com\/wp-content\/uploads\/2021\/05\/photographe-mariage-intimiste-landes-pays-basque-2000.jpg 1500w, https:\/\/gaetaneglize.com\/wp-content\/uploads\/2021\/05\/photographe-mariage-intimiste-landes-pays-basque-2000-300x200.jpg 300w, https:\/\/gaetaneglize.com\/wp-content\/uploads\/2021\/05\/photographe-mariage-intimiste-landes-pays-basque-2000-1024x683.jpg 1024w, https:\/\/gaetaneglize.com\/wp-content\/uploads\/2021\/05\/photographe-mariage-intimiste-landes-pays-basque-2000-768x512.jpg 768w\" sizes=\"(max-width: 1500px) 100vw, 1500px\" \/>\n\t\t<div class=\"figc no-description\">\n\t\t\t<div class=\"figc-inner\">\n\t\t\t\t\t\t\t\t\t\t\t\t\t\t\t<\/div>\n\t\t<\/div>\n\n\t<\/div>\n\n<\/div><div class=\"modula-item effect-pufrobo\" >\n\t<div class=\"modula-item-overlay\"><\/div>\n\n\t<div class=\"modula-item-content\">\n\n\t\t<a data-image-id=\"15981\" role=\"button\" data-elementor-open-lightbox=\"no\" tabindex=\"0\" rel=\"jtg-16225\" data-caption=\"\" aria-label=\"Open image in lightbox\" class=\"tile-inner modula-item-link\"><\/a><img loading=\"lazy\" decoding=\"async\" class=\"pic wp-image-15981\"  data-valign=\"middle\" data-halign=\"center\" alt=\"\" data-full=\"https:\/\/gaetaneglize.com\/wp-content\/uploads\/2024\/12\/michelle-bertrand-photo-mariage-chateau-amou-landes-1084_websize.jpg\" title=\"michelle-bertrand-photo-mariage-chateau-amou-landes-1084_websize\" crop=\"\" width=\"1067\" height=\"1600\" src=\"https:\/\/gaetaneglize.com\/wp-content\/uploads\/2024\/12\/michelle-bertrand-photo-mariage-chateau-amou-landes-1084_websize.jpg\" data-src=\"https:\/\/gaetaneglize.com\/wp-content\/uploads\/2024\/12\/michelle-bertrand-photo-mariage-chateau-amou-landes-1084_websize.jpg\" data-caption=\"\" srcset=\"https:\/\/gaetaneglize.com\/wp-content\/uploads\/2024\/12\/michelle-bertrand-photo-mariage-chateau-amou-landes-1084_websize.jpg 1067w, https:\/\/gaetaneglize.com\/wp-content\/uploads\/2024\/12\/michelle-bertrand-photo-mariage-chateau-amou-landes-1084_websize-200x300.jpg 200w, https:\/\/gaetaneglize.com\/wp-content\/uploads\/2024\/12\/michelle-bertrand-photo-mariage-chateau-amou-landes-1084_websize-683x1024.jpg 683w, https:\/\/gaetaneglize.com\/wp-content\/uploads\/2024\/12\/michelle-bertrand-photo-mariage-chateau-amou-landes-1084_websize-768x1152.jpg 768w, https:\/\/gaetaneglize.com\/wp-content\/uploads\/2024\/12\/michelle-bertrand-photo-mariage-chateau-amou-landes-1084_websize-1024x1536.jpg 1024w\" sizes=\"(max-width: 1067px) 100vw, 1067px\" \/>\n\t\t<div class=\"figc no-description\">\n\t\t\t<div class=\"figc-inner\">\n\t\t\t\t\t\t\t\t\t\t\t\t\t\t\t<\/div>\n\t\t<\/div>\n\n\t<\/div>\n\n<\/div><div class=\"modula-item effect-pufrobo\" >\n\t<div class=\"modula-item-overlay\"><\/div>\n\n\t<div class=\"modula-item-content\">\n\n\t\t<a data-image-id=\"15965\" role=\"button\" data-elementor-open-lightbox=\"no\" tabindex=\"0\" rel=\"jtg-16225\" data-caption=\"\" aria-label=\"Open image in lightbox\" class=\"tile-inner modula-item-link\"><\/a><img loading=\"lazy\" decoding=\"async\" class=\"pic wp-image-15965\"  data-valign=\"middle\" data-halign=\"center\" alt=\"\" data-full=\"https:\/\/gaetaneglize.com\/wp-content\/uploads\/2024\/12\/anna-maxime-photo-mariage-elopement-chapelle-landes-1661_websize.jpg\" title=\"anna-maxime-photo-mariage-elopement-chapelle-landes-1661_websize\" crop=\"\" width=\"1600\" height=\"1067\" src=\"https:\/\/gaetaneglize.com\/wp-content\/uploads\/2024\/12\/anna-maxime-photo-mariage-elopement-chapelle-landes-1661_websize.jpg\" data-src=\"https:\/\/gaetaneglize.com\/wp-content\/uploads\/2024\/12\/anna-maxime-photo-mariage-elopement-chapelle-landes-1661_websize.jpg\" data-caption=\"\" srcset=\"https:\/\/gaetaneglize.com\/wp-content\/uploads\/2024\/12\/anna-maxime-photo-mariage-elopement-chapelle-landes-1661_websize.jpg 1600w, https:\/\/gaetaneglize.com\/wp-content\/uploads\/2024\/12\/anna-maxime-photo-mariage-elopement-chapelle-landes-1661_websize-300x200.jpg 300w, https:\/\/gaetaneglize.com\/wp-content\/uploads\/2024\/12\/anna-maxime-photo-mariage-elopement-chapelle-landes-1661_websize-1024x683.jpg 1024w, https:\/\/gaetaneglize.com\/wp-content\/uploads\/2024\/12\/anna-maxime-photo-mariage-elopement-chapelle-landes-1661_websize-768x512.jpg 768w, https:\/\/gaetaneglize.com\/wp-content\/uploads\/2024\/12\/anna-maxime-photo-mariage-elopement-chapelle-landes-1661_websize-1536x1024.jpg 1536w\" sizes=\"(max-width: 1600px) 100vw, 1600px\" \/>\n\t\t<div class=\"figc no-description\">\n\t\t\t<div class=\"figc-inner\">\n\t\t\t\t\t\t\t\t\t\t\t\t\t\t\t<\/div>\n\t\t<\/div>\n\n\t<\/div>\n\n<\/div><div class=\"modula-item effect-pufrobo\" >\n\t<div class=\"modula-item-overlay\"><\/div>\n\n\t<div class=\"modula-item-content\">\n\n\t\t<a data-image-id=\"14526\" role=\"button\" data-elementor-open-lightbox=\"no\" tabindex=\"0\" rel=\"jtg-16225\" data-caption=\"\" aria-label=\"Open image in lightbox\" class=\"tile-inner modula-item-link\"><\/a><img loading=\"lazy\" decoding=\"async\" class=\"pic wp-image-14526\"  data-valign=\"middle\" data-halign=\"center\" alt=\"\" data-full=\"https:\/\/gaetaneglize.com\/wp-content\/uploads\/2024\/02\/anne-so-quentin-mariage-champetre-normandie-2357_websize.jpg\" title=\"Anne-Sophie + Quentin\" crop=\"\" width=\"1600\" height=\"1066\" src=\"https:\/\/gaetaneglize.com\/wp-content\/uploads\/2024\/02\/anne-so-quentin-mariage-champetre-normandie-2357_websize.jpg\" data-src=\"https:\/\/gaetaneglize.com\/wp-content\/uploads\/2024\/02\/anne-so-quentin-mariage-champetre-normandie-2357_websize.jpg\" data-caption=\"\" srcset=\"https:\/\/gaetaneglize.com\/wp-content\/uploads\/2024\/02\/anne-so-quentin-mariage-champetre-normandie-2357_websize.jpg 1600w, https:\/\/gaetaneglize.com\/wp-content\/uploads\/2024\/02\/anne-so-quentin-mariage-champetre-normandie-2357_websize-300x200.jpg 300w, https:\/\/gaetaneglize.com\/wp-content\/uploads\/2024\/02\/anne-so-quentin-mariage-champetre-normandie-2357_websize-1024x682.jpg 1024w, https:\/\/gaetaneglize.com\/wp-content\/uploads\/2024\/02\/anne-so-quentin-mariage-champetre-normandie-2357_websize-768x512.jpg 768w, https:\/\/gaetaneglize.com\/wp-content\/uploads\/2024\/02\/anne-so-quentin-mariage-champetre-normandie-2357_websize-1536x1023.jpg 1536w\" sizes=\"(max-width: 1600px) 100vw, 1600px\" \/>\n\t\t<div class=\"figc no-description\">\n\t\t\t<div class=\"figc-inner\">\n\t\t\t\t\t\t\t\t\t\t\t\t\t\t\t<\/div>\n\t\t<\/div>\n\n\t<\/div>\n\n<\/div><div class=\"modula-item effect-pufrobo\" >\n\t<div class=\"modula-item-overlay\"><\/div>\n\n\t<div class=\"modula-item-content\">\n\n\t\t<a data-image-id=\"15774\" role=\"button\" data-elementor-open-lightbox=\"no\" tabindex=\"0\" rel=\"jtg-16225\" data-caption=\"\" aria-label=\"Open image in lightbox\" class=\"tile-inner modula-item-link\"><\/a><img loading=\"lazy\" decoding=\"async\" class=\"pic wp-image-15774\"  data-valign=\"middle\" data-halign=\"center\" alt=\"\" data-full=\"https:\/\/gaetaneglize.com\/wp-content\/uploads\/2024\/12\/mariage-renaissance-chateau-poudenas_gaetane-glize-photographie_1054.jpg\" title=\"Mariage Renaissance\" crop=\"\" width=\"1067\" height=\"1600\" src=\"https:\/\/gaetaneglize.com\/wp-content\/uploads\/2024\/12\/mariage-renaissance-chateau-poudenas_gaetane-glize-photographie_1054.jpg\" data-src=\"https:\/\/gaetaneglize.com\/wp-content\/uploads\/2024\/12\/mariage-renaissance-chateau-poudenas_gaetane-glize-photographie_1054.jpg\" data-caption=\"\" srcset=\"https:\/\/gaetaneglize.com\/wp-content\/uploads\/2024\/12\/mariage-renaissance-chateau-poudenas_gaetane-glize-photographie_1054.jpg 1067w, https:\/\/gaetaneglize.com\/wp-content\/uploads\/2024\/12\/mariage-renaissance-chateau-poudenas_gaetane-glize-photographie_1054-200x300.jpg 200w, https:\/\/gaetaneglize.com\/wp-content\/uploads\/2024\/12\/mariage-renaissance-chateau-poudenas_gaetane-glize-photographie_1054-683x1024.jpg 683w, https:\/\/gaetaneglize.com\/wp-content\/uploads\/2024\/12\/mariage-renaissance-chateau-poudenas_gaetane-glize-photographie_1054-768x1152.jpg 768w, https:\/\/gaetaneglize.com\/wp-content\/uploads\/2024\/12\/mariage-renaissance-chateau-poudenas_gaetane-glize-photographie_1054-1024x1536.jpg 1024w\" sizes=\"(max-width: 1067px) 100vw, 1067px\" \/>\n\t\t<div class=\"figc no-description\">\n\t\t\t<div class=\"figc-inner\">\n\t\t\t\t\t\t\t\t\t\t\t\t\t\t\t<\/div>\n\t\t<\/div>\n\n\t<\/div>\n\n<\/div><div class=\"modula-item effect-pufrobo\" >\n\t<div class=\"modula-item-overlay\"><\/div>\n\n\t<div class=\"modula-item-content\">\n\n\t\t<a data-image-id=\"13094\" role=\"button\" data-elementor-open-lightbox=\"no\" tabindex=\"0\" rel=\"jtg-16225\" data-caption=\"\" aria-label=\"Open image in lightbox\" class=\"tile-inner modula-item-link\"><\/a><img loading=\"lazy\" decoding=\"async\" class=\"pic wp-image-13094\"  data-valign=\"middle\" data-halign=\"center\" alt=\"\" data-full=\"https:\/\/gaetaneglize.com\/wp-content\/uploads\/2023\/01\/seance-photo-couple-day-after-apres-mariage-plage-landes-1031.jpg\" title=\"seance-photo-couple-day-after - apres-mariage-plage-landes-1031\" crop=\"\" width=\"1600\" height=\"1067\" src=\"https:\/\/gaetaneglize.com\/wp-content\/uploads\/2023\/01\/seance-photo-couple-day-after-apres-mariage-plage-landes-1031.jpg\" data-src=\"https:\/\/gaetaneglize.com\/wp-content\/uploads\/2023\/01\/seance-photo-couple-day-after-apres-mariage-plage-landes-1031.jpg\" data-caption=\"\" srcset=\"https:\/\/gaetaneglize.com\/wp-content\/uploads\/2023\/01\/seance-photo-couple-day-after-apres-mariage-plage-landes-1031.jpg 1600w, https:\/\/gaetaneglize.com\/wp-content\/uploads\/2023\/01\/seance-photo-couple-day-after-apres-mariage-plage-landes-1031-300x200.jpg 300w, https:\/\/gaetaneglize.com\/wp-content\/uploads\/2023\/01\/seance-photo-couple-day-after-apres-mariage-plage-landes-1031-1024x683.jpg 1024w, https:\/\/gaetaneglize.com\/wp-content\/uploads\/2023\/01\/seance-photo-couple-day-after-apres-mariage-plage-landes-1031-768x512.jpg 768w, https:\/\/gaetaneglize.com\/wp-content\/uploads\/2023\/01\/seance-photo-couple-day-after-apres-mariage-plage-landes-1031-1536x1024.jpg 1536w\" sizes=\"(max-width: 1600px) 100vw, 1600px\" \/>\n\t\t<div class=\"figc no-description\">\n\t\t\t<div class=\"figc-inner\">\n\t\t\t\t\t\t\t\t\t\t\t\t\t\t\t<\/div>\n\t\t<\/div>\n\n\t<\/div>\n\n<\/div><div class=\"modula-item effect-pufrobo\" >\n\t<div class=\"modula-item-overlay\"><\/div>\n\n\t<div class=\"modula-item-content\">\n\n\t\t<a data-image-id=\"14474\" role=\"button\" data-elementor-open-lightbox=\"no\" tabindex=\"0\" rel=\"jtg-16225\" data-caption=\"\" aria-label=\"Open image in lightbox\" class=\"tile-inner modula-item-link\"><\/a><img loading=\"lazy\" decoding=\"async\" class=\"pic wp-image-14474\"  data-valign=\"middle\" data-halign=\"center\" alt=\"La c\u00e9r\u00e9monie la\u00efque de mariage se d\u00e9roule dans les jardins d&#039;un ch\u00e2teau sous des arbres centenaires.\" data-full=\"https:\/\/gaetaneglize.com\/wp-content\/uploads\/2024\/02\/margaux-baptiste-mariage-chateau-loire-1745_websize.jpg\" title=\"Margaux + Baptiste\" crop=\"\" width=\"1067\" height=\"1600\" src=\"https:\/\/gaetaneglize.com\/wp-content\/uploads\/2024\/02\/margaux-baptiste-mariage-chateau-loire-1745_websize.jpg\" data-src=\"https:\/\/gaetaneglize.com\/wp-content\/uploads\/2024\/02\/margaux-baptiste-mariage-chateau-loire-1745_websize.jpg\" data-caption=\"\" srcset=\"https:\/\/gaetaneglize.com\/wp-content\/uploads\/2024\/02\/margaux-baptiste-mariage-chateau-loire-1745_websize.jpg 1067w, https:\/\/gaetaneglize.com\/wp-content\/uploads\/2024\/02\/margaux-baptiste-mariage-chateau-loire-1745_websize-200x300.jpg 200w, https:\/\/gaetaneglize.com\/wp-content\/uploads\/2024\/02\/margaux-baptiste-mariage-chateau-loire-1745_websize-683x1024.jpg 683w, https:\/\/gaetaneglize.com\/wp-content\/uploads\/2024\/02\/margaux-baptiste-mariage-chateau-loire-1745_websize-768x1152.jpg 768w, https:\/\/gaetaneglize.com\/wp-content\/uploads\/2024\/02\/margaux-baptiste-mariage-chateau-loire-1745_websize-1024x1536.jpg 1024w\" sizes=\"(max-width: 1067px) 100vw, 1067px\" \/>\n\t\t<div class=\"figc no-description\">\n\t\t\t<div class=\"figc-inner\">\n\t\t\t\t\t\t\t\t\t\t\t\t\t\t\t<\/div>\n\t\t<\/div>\n\n\t<\/div>\n\n<\/div><div class=\"modula-item effect-pufrobo\" >\n\t<div class=\"modula-item-overlay\"><\/div>\n\n\t<div class=\"modula-item-content\">\n\n\t\t<a data-image-id=\"16040\" role=\"button\" data-elementor-open-lightbox=\"no\" tabindex=\"0\" rel=\"jtg-16225\" data-caption=\"\" aria-label=\"Open image in lightbox\" class=\"tile-inner modula-item-link\"><\/a><img loading=\"lazy\" decoding=\"async\" class=\"pic wp-image-16040\"  data-valign=\"middle\" data-halign=\"center\" alt=\"\" data-full=\"https:\/\/gaetaneglize.com\/wp-content\/uploads\/2024\/12\/mariage-renaissance-chateau-poudenas_gaetane-glize-photographie-1302_websize.jpg\" title=\"mariage-renaissance-chateau-poudenas_gaetane-glize-photographie-1302_websize\" crop=\"\" width=\"1600\" height=\"1067\" src=\"https:\/\/gaetaneglize.com\/wp-content\/uploads\/2024\/12\/mariage-renaissance-chateau-poudenas_gaetane-glize-photographie-1302_websize.jpg\" data-src=\"https:\/\/gaetaneglize.com\/wp-content\/uploads\/2024\/12\/mariage-renaissance-chateau-poudenas_gaetane-glize-photographie-1302_websize.jpg\" data-caption=\"\" srcset=\"https:\/\/gaetaneglize.com\/wp-content\/uploads\/2024\/12\/mariage-renaissance-chateau-poudenas_gaetane-glize-photographie-1302_websize.jpg 1600w, https:\/\/gaetaneglize.com\/wp-content\/uploads\/2024\/12\/mariage-renaissance-chateau-poudenas_gaetane-glize-photographie-1302_websize-300x200.jpg 300w, https:\/\/gaetaneglize.com\/wp-content\/uploads\/2024\/12\/mariage-renaissance-chateau-poudenas_gaetane-glize-photographie-1302_websize-1024x683.jpg 1024w, https:\/\/gaetaneglize.com\/wp-content\/uploads\/2024\/12\/mariage-renaissance-chateau-poudenas_gaetane-glize-photographie-1302_websize-768x512.jpg 768w, https:\/\/gaetaneglize.com\/wp-content\/uploads\/2024\/12\/mariage-renaissance-chateau-poudenas_gaetane-glize-photographie-1302_websize-1536x1024.jpg 1536w\" sizes=\"(max-width: 1600px) 100vw, 1600px\" \/>\n\t\t<div class=\"figc no-description\">\n\t\t\t<div class=\"figc-inner\">\n\t\t\t\t\t\t\t\t\t\t\t\t\t\t\t<\/div>\n\t\t<\/div>\n\n\t<\/div>\n\n<\/div><div class=\"modula-item effect-pufrobo\" >\n\t<div class=\"modula-item-overlay\"><\/div>\n\n\t<div class=\"modula-item-content\">\n\n\t\t<a data-image-id=\"15695\" role=\"button\" data-elementor-open-lightbox=\"no\" tabindex=\"0\" rel=\"jtg-16225\" data-caption=\"\" aria-label=\"Open image in lightbox\" class=\"tile-inner modula-item-link\"><\/a><img loading=\"lazy\" decoding=\"async\" class=\"pic wp-image-15695\"  data-valign=\"middle\" data-halign=\"center\" alt=\"\" data-full=\"https:\/\/gaetaneglize.com\/wp-content\/uploads\/2024\/12\/noemie-alix-mariage-bassibe-gers-preview-1027-2.jpg\" title=\"noemie-alix-mariage-bassibe-gers-preview-1027-2\" crop=\"\" width=\"1600\" height=\"1067\" src=\"https:\/\/gaetaneglize.com\/wp-content\/uploads\/2024\/12\/noemie-alix-mariage-bassibe-gers-preview-1027-2.jpg\" data-src=\"https:\/\/gaetaneglize.com\/wp-content\/uploads\/2024\/12\/noemie-alix-mariage-bassibe-gers-preview-1027-2.jpg\" data-caption=\"\" srcset=\"https:\/\/gaetaneglize.com\/wp-content\/uploads\/2024\/12\/noemie-alix-mariage-bassibe-gers-preview-1027-2.jpg 1600w, https:\/\/gaetaneglize.com\/wp-content\/uploads\/2024\/12\/noemie-alix-mariage-bassibe-gers-preview-1027-2-300x200.jpg 300w, https:\/\/gaetaneglize.com\/wp-content\/uploads\/2024\/12\/noemie-alix-mariage-bassibe-gers-preview-1027-2-1024x683.jpg 1024w, https:\/\/gaetaneglize.com\/wp-content\/uploads\/2024\/12\/noemie-alix-mariage-bassibe-gers-preview-1027-2-768x512.jpg 768w, https:\/\/gaetaneglize.com\/wp-content\/uploads\/2024\/12\/noemie-alix-mariage-bassibe-gers-preview-1027-2-1536x1024.jpg 1536w\" sizes=\"(max-width: 1600px) 100vw, 1600px\" \/>\n\t\t<div class=\"figc no-description\">\n\t\t\t<div class=\"figc-inner\">\n\t\t\t\t\t\t\t\t\t\t\t\t\t\t\t<\/div>\n\t\t<\/div>\n\n\t<\/div>\n\n<\/div><div class=\"modula-item effect-pufrobo\" >\n\t<div class=\"modula-item-overlay\"><\/div>\n\n\t<div class=\"modula-item-content\">\n\n\t\t<a data-image-id=\"15762\" role=\"button\" data-elementor-open-lightbox=\"no\" tabindex=\"0\" rel=\"jtg-16225\" data-caption=\"\" aria-label=\"Open image in lightbox\" class=\"tile-inner modula-item-link\"><\/a><img loading=\"lazy\" decoding=\"async\" class=\"pic wp-image-15762\"  data-valign=\"middle\" data-halign=\"center\" alt=\"\" data-full=\"https:\/\/gaetaneglize.com\/wp-content\/uploads\/2024\/12\/mariage-renaissance-chateau-poudenas_gaetane-glize-photographie_1170.jpg\" title=\"Mariage Renaissance\" crop=\"\" width=\"1067\" height=\"1600\" src=\"https:\/\/gaetaneglize.com\/wp-content\/uploads\/2024\/12\/mariage-renaissance-chateau-poudenas_gaetane-glize-photographie_1170.jpg\" data-src=\"https:\/\/gaetaneglize.com\/wp-content\/uploads\/2024\/12\/mariage-renaissance-chateau-poudenas_gaetane-glize-photographie_1170.jpg\" data-caption=\"\" srcset=\"https:\/\/gaetaneglize.com\/wp-content\/uploads\/2024\/12\/mariage-renaissance-chateau-poudenas_gaetane-glize-photographie_1170.jpg 1067w, https:\/\/gaetaneglize.com\/wp-content\/uploads\/2024\/12\/mariage-renaissance-chateau-poudenas_gaetane-glize-photographie_1170-200x300.jpg 200w, https:\/\/gaetaneglize.com\/wp-content\/uploads\/2024\/12\/mariage-renaissance-chateau-poudenas_gaetane-glize-photographie_1170-683x1024.jpg 683w, https:\/\/gaetaneglize.com\/wp-content\/uploads\/2024\/12\/mariage-renaissance-chateau-poudenas_gaetane-glize-photographie_1170-768x1152.jpg 768w, https:\/\/gaetaneglize.com\/wp-content\/uploads\/2024\/12\/mariage-renaissance-chateau-poudenas_gaetane-glize-photographie_1170-1024x1536.jpg 1024w\" sizes=\"(max-width: 1067px) 100vw, 1067px\" \/>\n\t\t<div class=\"figc no-description\">\n\t\t\t<div class=\"figc-inner\">\n\t\t\t\t\t\t\t\t\t\t\t\t\t\t\t<\/div>\n\t\t<\/div>\n\n\t<\/div>\n\n<\/div><div class=\"modula-item effect-pufrobo\" >\n\t<div class=\"modula-item-overlay\"><\/div>\n\n\t<div class=\"modula-item-content\">\n\n\t\t<a data-image-id=\"15929\" role=\"button\" data-elementor-open-lightbox=\"no\" tabindex=\"0\" rel=\"jtg-16225\" data-caption=\"\" aria-label=\"Open image in lightbox\" class=\"tile-inner modula-item-link\"><\/a><img loading=\"lazy\" decoding=\"async\" class=\"pic wp-image-15929\"  data-valign=\"middle\" data-halign=\"center\" alt=\"\" data-full=\"https:\/\/gaetaneglize.com\/wp-content\/uploads\/2024\/12\/anais-nicolas-mariage-intimiste-a-la-maison-1954-animation.gif\" title=\"anais-nicolas-mariage-intimiste-a-la-maison-1954-animation\" crop=\"\" width=\"1800\" height=\"1200\" src=\"https:\/\/gaetaneglize.com\/wp-content\/uploads\/2024\/12\/anais-nicolas-mariage-intimiste-a-la-maison-1954-animation.gif\" data-src=\"https:\/\/gaetaneglize.com\/wp-content\/uploads\/2024\/12\/anais-nicolas-mariage-intimiste-a-la-maison-1954-animation.gif\" data-caption=\"\"\/>\n\t\t<div class=\"figc no-description\">\n\t\t\t<div class=\"figc-inner\">\n\t\t\t\t\t\t\t\t\t\t\t\t\t\t\t<\/div>\n\t\t<\/div>\n\n\t<\/div>\n\n<\/div><div class=\"modula-item effect-pufrobo\" >\n\t<div class=\"modula-item-overlay\"><\/div>\n\n\t<div class=\"modula-item-content\">\n\n\t\t<a data-image-id=\"8528\" role=\"button\" data-elementor-open-lightbox=\"no\" tabindex=\"0\" rel=\"jtg-16225\" data-caption=\"\" aria-label=\"Open image in lightbox\" class=\"tile-inner modula-item-link\"><\/a><img loading=\"lazy\" decoding=\"async\" class=\"pic wp-image-8528\"  data-valign=\"middle\" data-halign=\"center\" alt=\"\" data-full=\"https:\/\/gaetaneglize.com\/wp-content\/uploads\/2022\/01\/camille-reha-mariage-intimiste-cocobarn-woodlodge-landes-1630_websize.jpg\" title=\"Camille + Reha\" crop=\"\" width=\"1067\" height=\"1600\" src=\"https:\/\/gaetaneglize.com\/wp-content\/uploads\/2022\/01\/camille-reha-mariage-intimiste-cocobarn-woodlodge-landes-1630_websize.jpg\" data-src=\"https:\/\/gaetaneglize.com\/wp-content\/uploads\/2022\/01\/camille-reha-mariage-intimiste-cocobarn-woodlodge-landes-1630_websize.jpg\" data-caption=\"\" srcset=\"https:\/\/gaetaneglize.com\/wp-content\/uploads\/2022\/01\/camille-reha-mariage-intimiste-cocobarn-woodlodge-landes-1630_websize.jpg 1067w, https:\/\/gaetaneglize.com\/wp-content\/uploads\/2022\/01\/camille-reha-mariage-intimiste-cocobarn-woodlodge-landes-1630_websize-200x300.jpg 200w, https:\/\/gaetaneglize.com\/wp-content\/uploads\/2022\/01\/camille-reha-mariage-intimiste-cocobarn-woodlodge-landes-1630_websize-683x1024.jpg 683w, https:\/\/gaetaneglize.com\/wp-content\/uploads\/2022\/01\/camille-reha-mariage-intimiste-cocobarn-woodlodge-landes-1630_websize-768x1152.jpg 768w, https:\/\/gaetaneglize.com\/wp-content\/uploads\/2022\/01\/camille-reha-mariage-intimiste-cocobarn-woodlodge-landes-1630_websize-1024x1536.jpg 1024w\" sizes=\"(max-width: 1067px) 100vw, 1067px\" \/>\n\t\t<div class=\"figc no-description\">\n\t\t\t<div class=\"figc-inner\">\n\t\t\t\t\t\t\t\t\t\t\t\t\t\t\t<\/div>\n\t\t<\/div>\n\n\t<\/div>\n\n<\/div><div class=\"modula-item effect-pufrobo\" >\n\t<div class=\"modula-item-overlay\"><\/div>\n\n\t<div class=\"modula-item-content\">\n\n\t\t<a data-image-id=\"12534\" role=\"button\" data-elementor-open-lightbox=\"no\" tabindex=\"0\" rel=\"jtg-16225\" data-caption=\"\" aria-label=\"Open image in lightbox\" class=\"tile-inner modula-item-link\"><\/a><img loading=\"lazy\" decoding=\"async\" class=\"pic wp-image-12534\"  data-valign=\"middle\" data-halign=\"center\" alt=\"Le mari\u00e9 pleure et essuie ses larmes d&#039;\u00e9motion. Un moment authentique pris pendant la s\u00e9ance photo de couple le jour de leur mariage dans les Landes.\" data-full=\"https:\/\/gaetaneglize.com\/wp-content\/uploads\/2023\/01\/photographe-mariage-landes-pays-basque-013.jpg\" title=\"photographe-mariage-landes-pays-basque-013\" crop=\"\" width=\"1500\" height=\"1000\" src=\"https:\/\/gaetaneglize.com\/wp-content\/uploads\/2023\/01\/photographe-mariage-landes-pays-basque-013.jpg\" data-src=\"https:\/\/gaetaneglize.com\/wp-content\/uploads\/2023\/01\/photographe-mariage-landes-pays-basque-013.jpg\" data-caption=\"\" srcset=\"https:\/\/gaetaneglize.com\/wp-content\/uploads\/2023\/01\/photographe-mariage-landes-pays-basque-013.jpg 1500w, https:\/\/gaetaneglize.com\/wp-content\/uploads\/2023\/01\/photographe-mariage-landes-pays-basque-013-300x200.jpg 300w, https:\/\/gaetaneglize.com\/wp-content\/uploads\/2023\/01\/photographe-mariage-landes-pays-basque-013-1024x683.jpg 1024w, https:\/\/gaetaneglize.com\/wp-content\/uploads\/2023\/01\/photographe-mariage-landes-pays-basque-013-768x512.jpg 768w\" sizes=\"(max-width: 1500px) 100vw, 1500px\" \/>\n\t\t<div class=\"figc no-description\">\n\t\t\t<div class=\"figc-inner\">\n\t\t\t\t\t\t\t\t\t\t\t\t\t\t\t<\/div>\n\t\t<\/div>\n\n\t<\/div>\n\n<\/div><div class=\"modula-item effect-pufrobo\" >\n\t<div class=\"modula-item-overlay\"><\/div>\n\n\t<div class=\"modula-item-content\">\n\n\t\t<a data-image-id=\"15947\" role=\"button\" data-elementor-open-lightbox=\"no\" tabindex=\"0\" rel=\"jtg-16225\" data-caption=\"\" aria-label=\"Open image in lightbox\" class=\"tile-inner modula-item-link\"><\/a><img loading=\"lazy\" decoding=\"async\" class=\"pic wp-image-15947\"  data-valign=\"middle\" data-halign=\"center\" alt=\"\" data-full=\"https:\/\/gaetaneglize.com\/wp-content\/uploads\/2024\/12\/anna-maxime-photo-mariage-elopement-chapelle-landes-1307_websize.jpg\" title=\"anna-maxime-photo-mariage-elopement-chapelle-landes-1307_websize\" crop=\"\" width=\"1600\" height=\"1067\" src=\"https:\/\/gaetaneglize.com\/wp-content\/uploads\/2024\/12\/anna-maxime-photo-mariage-elopement-chapelle-landes-1307_websize.jpg\" data-src=\"https:\/\/gaetaneglize.com\/wp-content\/uploads\/2024\/12\/anna-maxime-photo-mariage-elopement-chapelle-landes-1307_websize.jpg\" data-caption=\"\" srcset=\"https:\/\/gaetaneglize.com\/wp-content\/uploads\/2024\/12\/anna-maxime-photo-mariage-elopement-chapelle-landes-1307_websize.jpg 1600w, https:\/\/gaetaneglize.com\/wp-content\/uploads\/2024\/12\/anna-maxime-photo-mariage-elopement-chapelle-landes-1307_websize-300x200.jpg 300w, https:\/\/gaetaneglize.com\/wp-content\/uploads\/2024\/12\/anna-maxime-photo-mariage-elopement-chapelle-landes-1307_websize-1024x683.jpg 1024w, https:\/\/gaetaneglize.com\/wp-content\/uploads\/2024\/12\/anna-maxime-photo-mariage-elopement-chapelle-landes-1307_websize-768x512.jpg 768w, https:\/\/gaetaneglize.com\/wp-content\/uploads\/2024\/12\/anna-maxime-photo-mariage-elopement-chapelle-landes-1307_websize-1536x1024.jpg 1536w\" sizes=\"(max-width: 1600px) 100vw, 1600px\" \/>\n\t\t<div class=\"figc no-description\">\n\t\t\t<div class=\"figc-inner\">\n\t\t\t\t\t\t\t\t\t\t\t\t\t\t\t<\/div>\n\t\t<\/div>\n\n\t<\/div>\n\n<\/div><div class=\"modula-item effect-pufrobo\" >\n\t<div class=\"modula-item-overlay\"><\/div>\n\n\t<div class=\"modula-item-content\">\n\n\t\t<a data-image-id=\"8578\" role=\"button\" data-elementor-open-lightbox=\"no\" tabindex=\"0\" rel=\"jtg-16225\" data-caption=\"\" aria-label=\"Open image in lightbox\" class=\"tile-inner modula-item-link\"><\/a><img loading=\"lazy\" decoding=\"async\" class=\"pic wp-image-8578\"  data-valign=\"middle\" data-halign=\"center\" alt=\"\" data-full=\"https:\/\/gaetaneglize.com\/wp-content\/uploads\/2022\/01\/marine-paul-photographie-mariage-boheme-landes-2037_websize.jpg\" title=\"Marine + Paul\" crop=\"\" width=\"1067\" height=\"1600\" src=\"https:\/\/gaetaneglize.com\/wp-content\/uploads\/2022\/01\/marine-paul-photographie-mariage-boheme-landes-2037_websize.jpg\" data-src=\"https:\/\/gaetaneglize.com\/wp-content\/uploads\/2022\/01\/marine-paul-photographie-mariage-boheme-landes-2037_websize.jpg\" data-caption=\"\" srcset=\"https:\/\/gaetaneglize.com\/wp-content\/uploads\/2022\/01\/marine-paul-photographie-mariage-boheme-landes-2037_websize.jpg 1067w, https:\/\/gaetaneglize.com\/wp-content\/uploads\/2022\/01\/marine-paul-photographie-mariage-boheme-landes-2037_websize-200x300.jpg 200w, https:\/\/gaetaneglize.com\/wp-content\/uploads\/2022\/01\/marine-paul-photographie-mariage-boheme-landes-2037_websize-683x1024.jpg 683w, https:\/\/gaetaneglize.com\/wp-content\/uploads\/2022\/01\/marine-paul-photographie-mariage-boheme-landes-2037_websize-768x1152.jpg 768w, https:\/\/gaetaneglize.com\/wp-content\/uploads\/2022\/01\/marine-paul-photographie-mariage-boheme-landes-2037_websize-1024x1536.jpg 1024w\" sizes=\"(max-width: 1067px) 100vw, 1067px\" \/>\n\t\t<div class=\"figc no-description\">\n\t\t\t<div class=\"figc-inner\">\n\t\t\t\t\t\t\t\t\t\t\t\t\t\t\t<\/div>\n\t\t<\/div>\n\n\t<\/div>\n\n<\/div><div class=\"modula-item effect-pufrobo\" >\n\t<div class=\"modula-item-overlay\"><\/div>\n\n\t<div class=\"modula-item-content\">\n\n\t\t<a data-image-id=\"8016\" role=\"button\" data-elementor-open-lightbox=\"no\" tabindex=\"0\" rel=\"jtg-16225\" data-caption=\"\" aria-label=\"Open image in lightbox\" class=\"tile-inner modula-item-link\"><\/a><img loading=\"lazy\" decoding=\"async\" class=\"pic wp-image-8016\"  data-valign=\"middle\" data-halign=\"center\" alt=\"\" data-full=\"https:\/\/gaetaneglize.com\/wp-content\/uploads\/2021\/07\/fanny-philippe-photographe-mariage-landes-aquitaine-1297_websize.jpg\" title=\"Fanny + Philippe\" crop=\"\" width=\"1600\" height=\"1067\" src=\"https:\/\/gaetaneglize.com\/wp-content\/uploads\/2021\/07\/fanny-philippe-photographe-mariage-landes-aquitaine-1297_websize.jpg\" data-src=\"https:\/\/gaetaneglize.com\/wp-content\/uploads\/2021\/07\/fanny-philippe-photographe-mariage-landes-aquitaine-1297_websize.jpg\" data-caption=\"\" srcset=\"https:\/\/gaetaneglize.com\/wp-content\/uploads\/2021\/07\/fanny-philippe-photographe-mariage-landes-aquitaine-1297_websize.jpg 1600w, https:\/\/gaetaneglize.com\/wp-content\/uploads\/2021\/07\/fanny-philippe-photographe-mariage-landes-aquitaine-1297_websize-300x200.jpg 300w, https:\/\/gaetaneglize.com\/wp-content\/uploads\/2021\/07\/fanny-philippe-photographe-mariage-landes-aquitaine-1297_websize-1024x683.jpg 1024w, https:\/\/gaetaneglize.com\/wp-content\/uploads\/2021\/07\/fanny-philippe-photographe-mariage-landes-aquitaine-1297_websize-768x512.jpg 768w, https:\/\/gaetaneglize.com\/wp-content\/uploads\/2021\/07\/fanny-philippe-photographe-mariage-landes-aquitaine-1297_websize-1536x1024.jpg 1536w\" sizes=\"(max-width: 1600px) 100vw, 1600px\" \/>\n\t\t<div class=\"figc no-description\">\n\t\t\t<div class=\"figc-inner\">\n\t\t\t\t\t\t\t\t\t\t\t\t\t\t\t<\/div>\n\t\t<\/div>\n\n\t<\/div>\n\n<\/div><div class=\"modula-item effect-pufrobo\" >\n\t<div class=\"modula-item-overlay\"><\/div>\n\n\t<div class=\"modula-item-content\">\n\n\t\t<a data-image-id=\"15977\" role=\"button\" data-elementor-open-lightbox=\"no\" tabindex=\"0\" rel=\"jtg-16225\" data-caption=\"\" aria-label=\"Open image in lightbox\" class=\"tile-inner modula-item-link\"><\/a><img loading=\"lazy\" decoding=\"async\" class=\"pic wp-image-15977\"  data-valign=\"middle\" data-halign=\"center\" alt=\"\" data-full=\"https:\/\/gaetaneglize.com\/wp-content\/uploads\/2024\/12\/anna-maxime-photo-mariage-elopement-chapelle-landes-1523_websize.jpg\" title=\"anna-maxime-photo-mariage-elopement-chapelle-landes-1523_websize\" crop=\"\" width=\"1067\" height=\"1600\" src=\"https:\/\/gaetaneglize.com\/wp-content\/uploads\/2024\/12\/anna-maxime-photo-mariage-elopement-chapelle-landes-1523_websize.jpg\" data-src=\"https:\/\/gaetaneglize.com\/wp-content\/uploads\/2024\/12\/anna-maxime-photo-mariage-elopement-chapelle-landes-1523_websize.jpg\" data-caption=\"\" srcset=\"https:\/\/gaetaneglize.com\/wp-content\/uploads\/2024\/12\/anna-maxime-photo-mariage-elopement-chapelle-landes-1523_websize.jpg 1067w, https:\/\/gaetaneglize.com\/wp-content\/uploads\/2024\/12\/anna-maxime-photo-mariage-elopement-chapelle-landes-1523_websize-200x300.jpg 200w, https:\/\/gaetaneglize.com\/wp-content\/uploads\/2024\/12\/anna-maxime-photo-mariage-elopement-chapelle-landes-1523_websize-683x1024.jpg 683w, https:\/\/gaetaneglize.com\/wp-content\/uploads\/2024\/12\/anna-maxime-photo-mariage-elopement-chapelle-landes-1523_websize-768x1152.jpg 768w, https:\/\/gaetaneglize.com\/wp-content\/uploads\/2024\/12\/anna-maxime-photo-mariage-elopement-chapelle-landes-1523_websize-1024x1536.jpg 1024w\" sizes=\"(max-width: 1067px) 100vw, 1067px\" \/>\n\t\t<div class=\"figc no-description\">\n\t\t\t<div class=\"figc-inner\">\n\t\t\t\t\t\t\t\t\t\t\t\t\t\t\t<\/div>\n\t\t<\/div>\n\n\t<\/div>\n\n<\/div><div class=\"modula-item effect-pufrobo\" >\n\t<div class=\"modula-item-overlay\"><\/div>\n\n\t<div class=\"modula-item-content\">\n\n\t\t<a data-image-id=\"6443\" role=\"button\" data-elementor-open-lightbox=\"no\" tabindex=\"0\" rel=\"jtg-16225\" data-caption=\"\" aria-label=\"Open image in lightbox\" class=\"tile-inner modula-item-link\"><\/a><img loading=\"lazy\" decoding=\"async\" class=\"pic wp-image-6443\"  data-valign=\"middle\" data-halign=\"center\" alt=\"\" data-full=\"https:\/\/gaetaneglize.com\/wp-content\/uploads\/2021\/01\/gaetane-glize-photographe-mariage-aventure-elopement-france-montagne-pyrenees-2494.jpg\" title=\"gaetane-glize-photographe-mariage-aventure-elopement-france-montagne-pyrenees-2494\" crop=\"\" width=\"2560\" height=\"1707\" src=\"https:\/\/gaetaneglize.com\/wp-content\/uploads\/2021\/01\/gaetane-glize-photographe-mariage-aventure-elopement-france-montagne-pyrenees-2494.jpg\" data-src=\"https:\/\/gaetaneglize.com\/wp-content\/uploads\/2021\/01\/gaetane-glize-photographe-mariage-aventure-elopement-france-montagne-pyrenees-2494.jpg\" data-caption=\"\" srcset=\"https:\/\/gaetaneglize.com\/wp-content\/uploads\/2021\/01\/gaetane-glize-photographe-mariage-aventure-elopement-france-montagne-pyrenees-2494-scaled.jpg 2560w, https:\/\/gaetaneglize.com\/wp-content\/uploads\/2021\/01\/gaetane-glize-photographe-mariage-aventure-elopement-france-montagne-pyrenees-2494-300x200.jpg 300w, https:\/\/gaetaneglize.com\/wp-content\/uploads\/2021\/01\/gaetane-glize-photographe-mariage-aventure-elopement-france-montagne-pyrenees-2494-1024x683.jpg 1024w, https:\/\/gaetaneglize.com\/wp-content\/uploads\/2021\/01\/gaetane-glize-photographe-mariage-aventure-elopement-france-montagne-pyrenees-2494-768x512.jpg 768w, https:\/\/gaetaneglize.com\/wp-content\/uploads\/2021\/01\/gaetane-glize-photographe-mariage-aventure-elopement-france-montagne-pyrenees-2494-1536x1024.jpg 1536w, https:\/\/gaetaneglize.com\/wp-content\/uploads\/2021\/01\/gaetane-glize-photographe-mariage-aventure-elopement-france-montagne-pyrenees-2494-2048x1365.jpg 2048w\" sizes=\"(max-width: 2560px) 100vw, 2560px\" \/>\n\t\t<div class=\"figc no-description\">\n\t\t\t<div class=\"figc-inner\">\n\t\t\t\t\t\t\t\t\t\t\t\t\t\t\t<\/div>\n\t\t<\/div>\n\n\t<\/div>\n\n<\/div><div class=\"modula-item effect-pufrobo\" >\n\t<div class=\"modula-item-overlay\"><\/div>\n\n\t<div class=\"modula-item-content\">\n\n\t\t<a data-image-id=\"7875\" role=\"button\" data-elementor-open-lightbox=\"no\" tabindex=\"0\" rel=\"jtg-16225\" data-caption=\"\" aria-label=\"Open image in lightbox\" class=\"tile-inner modula-item-link\"><\/a><img loading=\"lazy\" decoding=\"async\" class=\"pic wp-image-7875\"  data-valign=\"middle\" data-halign=\"center\" alt=\"\" data-full=\"https:\/\/gaetaneglize.com\/wp-content\/uploads\/2021\/06\/melynda-fievel-photo-renouvellement-voeux-boheme-aquitaine-preview-1003_websize.jpg\" title=\"melynda-fievel-photo-renouvellement-voeux-boheme-aquitaine-preview-1003_websize\" crop=\"\" width=\"1600\" height=\"1067\" src=\"https:\/\/gaetaneglize.com\/wp-content\/uploads\/2021\/06\/melynda-fievel-photo-renouvellement-voeux-boheme-aquitaine-preview-1003_websize.jpg\" data-src=\"https:\/\/gaetaneglize.com\/wp-content\/uploads\/2021\/06\/melynda-fievel-photo-renouvellement-voeux-boheme-aquitaine-preview-1003_websize.jpg\" data-caption=\"\" srcset=\"https:\/\/gaetaneglize.com\/wp-content\/uploads\/2021\/06\/melynda-fievel-photo-renouvellement-voeux-boheme-aquitaine-preview-1003_websize.jpg 1600w, https:\/\/gaetaneglize.com\/wp-content\/uploads\/2021\/06\/melynda-fievel-photo-renouvellement-voeux-boheme-aquitaine-preview-1003_websize-300x200.jpg 300w, https:\/\/gaetaneglize.com\/wp-content\/uploads\/2021\/06\/melynda-fievel-photo-renouvellement-voeux-boheme-aquitaine-preview-1003_websize-1024x683.jpg 1024w, https:\/\/gaetaneglize.com\/wp-content\/uploads\/2021\/06\/melynda-fievel-photo-renouvellement-voeux-boheme-aquitaine-preview-1003_websize-768x512.jpg 768w, https:\/\/gaetaneglize.com\/wp-content\/uploads\/2021\/06\/melynda-fievel-photo-renouvellement-voeux-boheme-aquitaine-preview-1003_websize-1536x1024.jpg 1536w\" sizes=\"(max-width: 1600px) 100vw, 1600px\" \/>\n\t\t<div class=\"figc no-description\">\n\t\t\t<div class=\"figc-inner\">\n\t\t\t\t\t\t\t\t\t\t\t\t\t\t\t<\/div>\n\t\t<\/div>\n\n\t<\/div>\n\n<\/div><div class=\"modula-item effect-pufrobo\" >\n\t<div class=\"modula-item-overlay\"><\/div>\n\n\t<div class=\"modula-item-content\">\n\n\t\t<a data-image-id=\"15756\" role=\"button\" data-elementor-open-lightbox=\"no\" tabindex=\"0\" rel=\"jtg-16225\" data-caption=\"\" aria-label=\"Open image in lightbox\" class=\"tile-inner modula-item-link\"><\/a><img loading=\"lazy\" decoding=\"async\" class=\"pic wp-image-15756\"  data-valign=\"middle\" data-halign=\"center\" alt=\"\" data-full=\"https:\/\/gaetaneglize.com\/wp-content\/uploads\/2024\/12\/mariage-renaissance-chateau-poudenas_gaetane-glize-photographie_1086.jpg\" title=\"Mariage Renaissance\" crop=\"\" width=\"1067\" height=\"1600\" src=\"https:\/\/gaetaneglize.com\/wp-content\/uploads\/2024\/12\/mariage-renaissance-chateau-poudenas_gaetane-glize-photographie_1086.jpg\" data-src=\"https:\/\/gaetaneglize.com\/wp-content\/uploads\/2024\/12\/mariage-renaissance-chateau-poudenas_gaetane-glize-photographie_1086.jpg\" data-caption=\"\" srcset=\"https:\/\/gaetaneglize.com\/wp-content\/uploads\/2024\/12\/mariage-renaissance-chateau-poudenas_gaetane-glize-photographie_1086.jpg 1067w, https:\/\/gaetaneglize.com\/wp-content\/uploads\/2024\/12\/mariage-renaissance-chateau-poudenas_gaetane-glize-photographie_1086-200x300.jpg 200w, https:\/\/gaetaneglize.com\/wp-content\/uploads\/2024\/12\/mariage-renaissance-chateau-poudenas_gaetane-glize-photographie_1086-683x1024.jpg 683w, https:\/\/gaetaneglize.com\/wp-content\/uploads\/2024\/12\/mariage-renaissance-chateau-poudenas_gaetane-glize-photographie_1086-768x1152.jpg 768w, https:\/\/gaetaneglize.com\/wp-content\/uploads\/2024\/12\/mariage-renaissance-chateau-poudenas_gaetane-glize-photographie_1086-1024x1536.jpg 1024w\" sizes=\"(max-width: 1067px) 100vw, 1067px\" \/>\n\t\t<div class=\"figc no-description\">\n\t\t\t<div class=\"figc-inner\">\n\t\t\t\t\t\t\t\t\t\t\t\t\t\t\t<\/div>\n\t\t<\/div>\n\n\t<\/div>\n\n<\/div><div class=\"modula-item effect-pufrobo\" >\n\t<div class=\"modula-item-overlay\"><\/div>\n\n\t<div class=\"modula-item-content\">\n\n\t\t<a data-image-id=\"15372\" role=\"button\" data-elementor-open-lightbox=\"no\" tabindex=\"0\" rel=\"jtg-16225\" data-caption=\"\" aria-label=\"Open image in lightbox\" class=\"tile-inner modula-item-link\"><\/a><img loading=\"lazy\" decoding=\"async\" class=\"pic wp-image-15372\"  data-valign=\"middle\" data-halign=\"center\" alt=\"\" data-full=\"https:\/\/gaetaneglize.com\/wp-content\/uploads\/2024\/12\/anna-maxime-photo-mariage-elopement-chapelle-landes-1500_websize.jpg\" title=\"anna-maxime-photo-mariage-elopement-chapelle-landes-1500_websize\" crop=\"\" width=\"1600\" height=\"1067\" src=\"https:\/\/gaetaneglize.com\/wp-content\/uploads\/2024\/12\/anna-maxime-photo-mariage-elopement-chapelle-landes-1500_websize.jpg\" data-src=\"https:\/\/gaetaneglize.com\/wp-content\/uploads\/2024\/12\/anna-maxime-photo-mariage-elopement-chapelle-landes-1500_websize.jpg\" data-caption=\"\" srcset=\"https:\/\/gaetaneglize.com\/wp-content\/uploads\/2024\/12\/anna-maxime-photo-mariage-elopement-chapelle-landes-1500_websize.jpg 1600w, https:\/\/gaetaneglize.com\/wp-content\/uploads\/2024\/12\/anna-maxime-photo-mariage-elopement-chapelle-landes-1500_websize-300x200.jpg 300w, https:\/\/gaetaneglize.com\/wp-content\/uploads\/2024\/12\/anna-maxime-photo-mariage-elopement-chapelle-landes-1500_websize-1024x683.jpg 1024w, https:\/\/gaetaneglize.com\/wp-content\/uploads\/2024\/12\/anna-maxime-photo-mariage-elopement-chapelle-landes-1500_websize-768x512.jpg 768w, https:\/\/gaetaneglize.com\/wp-content\/uploads\/2024\/12\/anna-maxime-photo-mariage-elopement-chapelle-landes-1500_websize-1536x1024.jpg 1536w\" sizes=\"(max-width: 1600px) 100vw, 1600px\" \/>\n\t\t<div class=\"figc no-description\">\n\t\t\t<div class=\"figc-inner\">\n\t\t\t\t\t\t\t\t\t\t\t\t\t\t\t<\/div>\n\t\t<\/div>\n\n\t<\/div>\n\n<\/div><div class=\"modula-item effect-pufrobo\" >\n\t<div class=\"modula-item-overlay\"><\/div>\n\n\t<div class=\"modula-item-content\">\n\n\t\t<a data-image-id=\"16034\" role=\"button\" data-elementor-open-lightbox=\"no\" tabindex=\"0\" rel=\"jtg-16225\" data-caption=\"\" aria-label=\"Open image in lightbox\" class=\"tile-inner modula-item-link\"><\/a><img loading=\"lazy\" decoding=\"async\" class=\"pic wp-image-16034\"  data-valign=\"middle\" data-halign=\"center\" alt=\"\" data-full=\"https:\/\/gaetaneglize.com\/wp-content\/uploads\/2024\/12\/mariage-renaissance-chateau-poudenas_gaetane-glize-photographie-1492_websize.jpg\" title=\"mariage-renaissance-chateau-poudenas_gaetane-glize-photographie-1492_websize\" crop=\"\" width=\"1067\" height=\"1600\" src=\"https:\/\/gaetaneglize.com\/wp-content\/uploads\/2024\/12\/mariage-renaissance-chateau-poudenas_gaetane-glize-photographie-1492_websize.jpg\" data-src=\"https:\/\/gaetaneglize.com\/wp-content\/uploads\/2024\/12\/mariage-renaissance-chateau-poudenas_gaetane-glize-photographie-1492_websize.jpg\" data-caption=\"\" srcset=\"https:\/\/gaetaneglize.com\/wp-content\/uploads\/2024\/12\/mariage-renaissance-chateau-poudenas_gaetane-glize-photographie-1492_websize.jpg 1067w, https:\/\/gaetaneglize.com\/wp-content\/uploads\/2024\/12\/mariage-renaissance-chateau-poudenas_gaetane-glize-photographie-1492_websize-200x300.jpg 200w, https:\/\/gaetaneglize.com\/wp-content\/uploads\/2024\/12\/mariage-renaissance-chateau-poudenas_gaetane-glize-photographie-1492_websize-683x1024.jpg 683w, https:\/\/gaetaneglize.com\/wp-content\/uploads\/2024\/12\/mariage-renaissance-chateau-poudenas_gaetane-glize-photographie-1492_websize-768x1152.jpg 768w, https:\/\/gaetaneglize.com\/wp-content\/uploads\/2024\/12\/mariage-renaissance-chateau-poudenas_gaetane-glize-photographie-1492_websize-1024x1536.jpg 1024w\" sizes=\"(max-width: 1067px) 100vw, 1067px\" \/>\n\t\t<div class=\"figc no-description\">\n\t\t\t<div class=\"figc-inner\">\n\t\t\t\t\t\t\t\t\t\t\t\t\t\t\t<\/div>\n\t\t<\/div>\n\n\t<\/div>\n\n<\/div><div class=\"modula-item effect-pufrobo\" >\n\t<div class=\"modula-item-overlay\"><\/div>\n\n\t<div class=\"modula-item-content\">\n\n\t\t<a data-image-id=\"15742\" role=\"button\" data-elementor-open-lightbox=\"no\" tabindex=\"0\" rel=\"jtg-16225\" data-caption=\"\" aria-label=\"Open image in lightbox\" class=\"tile-inner modula-item-link\"><\/a><img loading=\"lazy\" decoding=\"async\" class=\"pic wp-image-15742\"  data-valign=\"middle\" data-halign=\"center\" alt=\"\" data-full=\"https:\/\/gaetaneglize.com\/wp-content\/uploads\/2024\/12\/noemie-alix-photographie-mariage-domaine-bassibe-gers-2020_websize.jpg\" title=\"noemie-alix-photographie-mariage-domaine-bassibe-gers-2020_websize\" crop=\"\" width=\"1600\" height=\"1067\" src=\"https:\/\/gaetaneglize.com\/wp-content\/uploads\/2024\/12\/noemie-alix-photographie-mariage-domaine-bassibe-gers-2020_websize.jpg\" data-src=\"https:\/\/gaetaneglize.com\/wp-content\/uploads\/2024\/12\/noemie-alix-photographie-mariage-domaine-bassibe-gers-2020_websize.jpg\" data-caption=\"\" srcset=\"https:\/\/gaetaneglize.com\/wp-content\/uploads\/2024\/12\/noemie-alix-photographie-mariage-domaine-bassibe-gers-2020_websize.jpg 1600w, https:\/\/gaetaneglize.com\/wp-content\/uploads\/2024\/12\/noemie-alix-photographie-mariage-domaine-bassibe-gers-2020_websize-300x200.jpg 300w, https:\/\/gaetaneglize.com\/wp-content\/uploads\/2024\/12\/noemie-alix-photographie-mariage-domaine-bassibe-gers-2020_websize-1024x683.jpg 1024w, https:\/\/gaetaneglize.com\/wp-content\/uploads\/2024\/12\/noemie-alix-photographie-mariage-domaine-bassibe-gers-2020_websize-768x512.jpg 768w, https:\/\/gaetaneglize.com\/wp-content\/uploads\/2024\/12\/noemie-alix-photographie-mariage-domaine-bassibe-gers-2020_websize-1536x1024.jpg 1536w\" sizes=\"(max-width: 1600px) 100vw, 1600px\" \/>\n\t\t<div class=\"figc no-description\">\n\t\t\t<div class=\"figc-inner\">\n\t\t\t\t\t\t\t\t\t\t\t\t\t\t\t<\/div>\n\t\t<\/div>\n\n\t<\/div>\n\n<\/div><div class=\"modula-item effect-pufrobo\" >\n\t<div class=\"modula-item-overlay\"><\/div>\n\n\t<div class=\"modula-item-content\">\n\n\t\t<a data-image-id=\"9293\" role=\"button\" data-elementor-open-lightbox=\"no\" tabindex=\"0\" rel=\"jtg-16225\" data-caption=\"\" aria-label=\"Open image in lightbox\" class=\"tile-inner modula-item-link\"><\/a><img loading=\"lazy\" decoding=\"async\" class=\"pic wp-image-9293\"  data-valign=\"middle\" data-halign=\"center\" alt=\"\" data-full=\"https:\/\/gaetaneglize.com\/wp-content\/uploads\/2022\/03\/camille-reha-mariage-intimiste-cocobarn-woodlodge-landes-1393_websize.jpg\" title=\"Camille + Reha\" crop=\"\" width=\"1600\" height=\"1067\" src=\"https:\/\/gaetaneglize.com\/wp-content\/uploads\/2022\/03\/camille-reha-mariage-intimiste-cocobarn-woodlodge-landes-1393_websize.jpg\" data-src=\"https:\/\/gaetaneglize.com\/wp-content\/uploads\/2022\/03\/camille-reha-mariage-intimiste-cocobarn-woodlodge-landes-1393_websize.jpg\" data-caption=\"\" srcset=\"https:\/\/gaetaneglize.com\/wp-content\/uploads\/2022\/03\/camille-reha-mariage-intimiste-cocobarn-woodlodge-landes-1393_websize.jpg 1600w, https:\/\/gaetaneglize.com\/wp-content\/uploads\/2022\/03\/camille-reha-mariage-intimiste-cocobarn-woodlodge-landes-1393_websize-300x200.jpg 300w, https:\/\/gaetaneglize.com\/wp-content\/uploads\/2022\/03\/camille-reha-mariage-intimiste-cocobarn-woodlodge-landes-1393_websize-1024x683.jpg 1024w, https:\/\/gaetaneglize.com\/wp-content\/uploads\/2022\/03\/camille-reha-mariage-intimiste-cocobarn-woodlodge-landes-1393_websize-768x512.jpg 768w, https:\/\/gaetaneglize.com\/wp-content\/uploads\/2022\/03\/camille-reha-mariage-intimiste-cocobarn-woodlodge-landes-1393_websize-1536x1024.jpg 1536w\" sizes=\"(max-width: 1600px) 100vw, 1600px\" \/>\n\t\t<div class=\"figc no-description\">\n\t\t\t<div class=\"figc-inner\">\n\t\t\t\t\t\t\t\t\t\t\t\t\t\t\t<\/div>\n\t\t<\/div>\n\n\t<\/div>\n\n<\/div><div class=\"modula-item effect-pufrobo\" >\n\t<div class=\"modula-item-overlay\"><\/div>\n\n\t<div class=\"modula-item-content\">\n\n\t\t<a data-image-id=\"16032\" role=\"button\" data-elementor-open-lightbox=\"no\" tabindex=\"0\" rel=\"jtg-16225\" data-caption=\"\" aria-label=\"Open image in lightbox\" class=\"tile-inner modula-item-link\"><\/a><img loading=\"lazy\" decoding=\"async\" class=\"pic wp-image-16032\"  data-valign=\"middle\" data-halign=\"center\" alt=\"\" data-full=\"https:\/\/gaetaneglize.com\/wp-content\/uploads\/2024\/12\/mariage-renaissance-chateau-poudenas_gaetane-glize-photographie-1400_websize.jpg\" title=\"mariage-renaissance-chateau-poudenas_gaetane-glize-photographie-1400_websize\" crop=\"\" width=\"1067\" height=\"1600\" src=\"https:\/\/gaetaneglize.com\/wp-content\/uploads\/2024\/12\/mariage-renaissance-chateau-poudenas_gaetane-glize-photographie-1400_websize.jpg\" data-src=\"https:\/\/gaetaneglize.com\/wp-content\/uploads\/2024\/12\/mariage-renaissance-chateau-poudenas_gaetane-glize-photographie-1400_websize.jpg\" data-caption=\"\" srcset=\"https:\/\/gaetaneglize.com\/wp-content\/uploads\/2024\/12\/mariage-renaissance-chateau-poudenas_gaetane-glize-photographie-1400_websize.jpg 1067w, https:\/\/gaetaneglize.com\/wp-content\/uploads\/2024\/12\/mariage-renaissance-chateau-poudenas_gaetane-glize-photographie-1400_websize-200x300.jpg 200w, https:\/\/gaetaneglize.com\/wp-content\/uploads\/2024\/12\/mariage-renaissance-chateau-poudenas_gaetane-glize-photographie-1400_websize-683x1024.jpg 683w, https:\/\/gaetaneglize.com\/wp-content\/uploads\/2024\/12\/mariage-renaissance-chateau-poudenas_gaetane-glize-photographie-1400_websize-768x1152.jpg 768w, https:\/\/gaetaneglize.com\/wp-content\/uploads\/2024\/12\/mariage-renaissance-chateau-poudenas_gaetane-glize-photographie-1400_websize-1024x1536.jpg 1024w\" sizes=\"(max-width: 1067px) 100vw, 1067px\" \/>\n\t\t<div class=\"figc no-description\">\n\t\t\t<div class=\"figc-inner\">\n\t\t\t\t\t\t\t\t\t\t\t\t\t\t\t<\/div>\n\t\t<\/div>\n\n\t<\/div>\n\n<\/div><div class=\"modula-item effect-pufrobo\" >\n\t<div class=\"modula-item-overlay\"><\/div>\n\n\t<div class=\"modula-item-content\">\n\n\t\t<a data-image-id=\"8775\" role=\"button\" data-elementor-open-lightbox=\"no\" tabindex=\"0\" rel=\"jtg-16225\" data-caption=\"\" aria-label=\"Open image in lightbox\" class=\"tile-inner modula-item-link\"><\/a><img loading=\"lazy\" decoding=\"async\" class=\"pic wp-image-8775\"  data-valign=\"middle\" data-halign=\"center\" alt=\"\" data-full=\"https:\/\/gaetaneglize.com\/wp-content\/uploads\/2022\/02\/marine-paul-photographie-mariage-boheme-landes-2437_websize.jpg\" title=\"Marine + Paul\" crop=\"\" width=\"1600\" height=\"1067\" src=\"https:\/\/gaetaneglize.com\/wp-content\/uploads\/2022\/02\/marine-paul-photographie-mariage-boheme-landes-2437_websize.jpg\" data-src=\"https:\/\/gaetaneglize.com\/wp-content\/uploads\/2022\/02\/marine-paul-photographie-mariage-boheme-landes-2437_websize.jpg\" data-caption=\"\" srcset=\"https:\/\/gaetaneglize.com\/wp-content\/uploads\/2022\/02\/marine-paul-photographie-mariage-boheme-landes-2437_websize.jpg 1600w, https:\/\/gaetaneglize.com\/wp-content\/uploads\/2022\/02\/marine-paul-photographie-mariage-boheme-landes-2437_websize-300x200.jpg 300w, https:\/\/gaetaneglize.com\/wp-content\/uploads\/2022\/02\/marine-paul-photographie-mariage-boheme-landes-2437_websize-1024x683.jpg 1024w, https:\/\/gaetaneglize.com\/wp-content\/uploads\/2022\/02\/marine-paul-photographie-mariage-boheme-landes-2437_websize-768x512.jpg 768w, https:\/\/gaetaneglize.com\/wp-content\/uploads\/2022\/02\/marine-paul-photographie-mariage-boheme-landes-2437_websize-1536x1024.jpg 1536w\" sizes=\"(max-width: 1600px) 100vw, 1600px\" \/>\n\t\t<div class=\"figc no-description\">\n\t\t\t<div class=\"figc-inner\">\n\t\t\t\t\t\t\t\t\t\t\t\t\t\t\t<\/div>\n\t\t<\/div>\n\n\t<\/div>\n\n<\/div><div class=\"modula-item effect-pufrobo\" >\n\t<div class=\"modula-item-overlay\"><\/div>\n\n\t<div class=\"modula-item-content\">\n\n\t\t<a data-image-id=\"8777\" role=\"button\" data-elementor-open-lightbox=\"no\" tabindex=\"0\" rel=\"jtg-16225\" data-caption=\"\" aria-label=\"Open image in lightbox\" class=\"tile-inner modula-item-link\"><\/a><img loading=\"lazy\" decoding=\"async\" class=\"pic wp-image-8777\"  data-valign=\"middle\" data-halign=\"center\" alt=\"\" data-full=\"https:\/\/gaetaneglize.com\/wp-content\/uploads\/2022\/02\/marine-paul-photographie-mariage-boheme-landes-2388_websize.jpg\" title=\"Marine + Paul\" crop=\"\" width=\"1600\" height=\"1067\" src=\"https:\/\/gaetaneglize.com\/wp-content\/uploads\/2022\/02\/marine-paul-photographie-mariage-boheme-landes-2388_websize.jpg\" data-src=\"https:\/\/gaetaneglize.com\/wp-content\/uploads\/2022\/02\/marine-paul-photographie-mariage-boheme-landes-2388_websize.jpg\" data-caption=\"\" srcset=\"https:\/\/gaetaneglize.com\/wp-content\/uploads\/2022\/02\/marine-paul-photographie-mariage-boheme-landes-2388_websize.jpg 1600w, https:\/\/gaetaneglize.com\/wp-content\/uploads\/2022\/02\/marine-paul-photographie-mariage-boheme-landes-2388_websize-300x200.jpg 300w, https:\/\/gaetaneglize.com\/wp-content\/uploads\/2022\/02\/marine-paul-photographie-mariage-boheme-landes-2388_websize-1024x683.jpg 1024w, https:\/\/gaetaneglize.com\/wp-content\/uploads\/2022\/02\/marine-paul-photographie-mariage-boheme-landes-2388_websize-768x512.jpg 768w, https:\/\/gaetaneglize.com\/wp-content\/uploads\/2022\/02\/marine-paul-photographie-mariage-boheme-landes-2388_websize-1536x1024.jpg 1536w\" sizes=\"(max-width: 1600px) 100vw, 1600px\" \/>\n\t\t<div class=\"figc no-description\">\n\t\t\t<div class=\"figc-inner\">\n\t\t\t\t\t\t\t\t\t\t\t\t\t\t\t<\/div>\n\t\t<\/div>\n\n\t<\/div>\n\n<\/div><div class=\"modula-item effect-pufrobo\" >\n\t<div class=\"modula-item-overlay\"><\/div>\n\n\t<div class=\"modula-item-content\">\n\n\t\t<a data-image-id=\"16052\" role=\"button\" data-elementor-open-lightbox=\"no\" tabindex=\"0\" rel=\"jtg-16225\" data-caption=\"\" aria-label=\"Open image in lightbox\" class=\"tile-inner modula-item-link\"><\/a><img loading=\"lazy\" decoding=\"async\" class=\"pic wp-image-16052\"  data-valign=\"middle\" data-halign=\"center\" alt=\"\" data-full=\"https:\/\/gaetaneglize.com\/wp-content\/uploads\/2024\/12\/margaux-baptiste-mariage-chateau-loire-1469_websize.jpg\" title=\"margaux-baptiste-mariage-chateau-loire-1469_websize\" crop=\"\" width=\"1067\" height=\"1600\" src=\"https:\/\/gaetaneglize.com\/wp-content\/uploads\/2024\/12\/margaux-baptiste-mariage-chateau-loire-1469_websize.jpg\" data-src=\"https:\/\/gaetaneglize.com\/wp-content\/uploads\/2024\/12\/margaux-baptiste-mariage-chateau-loire-1469_websize.jpg\" data-caption=\"\" srcset=\"https:\/\/gaetaneglize.com\/wp-content\/uploads\/2024\/12\/margaux-baptiste-mariage-chateau-loire-1469_websize.jpg 1067w, https:\/\/gaetaneglize.com\/wp-content\/uploads\/2024\/12\/margaux-baptiste-mariage-chateau-loire-1469_websize-200x300.jpg 200w, https:\/\/gaetaneglize.com\/wp-content\/uploads\/2024\/12\/margaux-baptiste-mariage-chateau-loire-1469_websize-683x1024.jpg 683w, https:\/\/gaetaneglize.com\/wp-content\/uploads\/2024\/12\/margaux-baptiste-mariage-chateau-loire-1469_websize-768x1152.jpg 768w, https:\/\/gaetaneglize.com\/wp-content\/uploads\/2024\/12\/margaux-baptiste-mariage-chateau-loire-1469_websize-1024x1536.jpg 1024w\" sizes=\"(max-width: 1067px) 100vw, 1067px\" \/>\n\t\t<div class=\"figc no-description\">\n\t\t\t<div class=\"figc-inner\">\n\t\t\t\t\t\t\t\t\t\t\t\t\t\t\t<\/div>\n\t\t<\/div>\n\n\t<\/div>\n\n<\/div><div class=\"modula-item effect-pufrobo\" >\n\t<div class=\"modula-item-overlay\"><\/div>\n\n\t<div class=\"modula-item-content\">\n\n\t\t<a data-image-id=\"16020\" role=\"button\" data-elementor-open-lightbox=\"no\" tabindex=\"0\" rel=\"jtg-16225\" data-caption=\"\" aria-label=\"Open image in lightbox\" class=\"tile-inner modula-item-link\"><\/a><img loading=\"lazy\" decoding=\"async\" class=\"pic wp-image-16020\"  data-valign=\"middle\" data-halign=\"center\" alt=\"\" data-full=\"https:\/\/gaetaneglize.com\/wp-content\/uploads\/2024\/12\/marine-meriadec-photographie-mariage-landes-1839_websize.jpg\" title=\"marine-meriadec-photographie-mariage-landes-1839_websize\" crop=\"\" width=\"1600\" height=\"1067\" src=\"https:\/\/gaetaneglize.com\/wp-content\/uploads\/2024\/12\/marine-meriadec-photographie-mariage-landes-1839_websize.jpg\" data-src=\"https:\/\/gaetaneglize.com\/wp-content\/uploads\/2024\/12\/marine-meriadec-photographie-mariage-landes-1839_websize.jpg\" data-caption=\"\" srcset=\"https:\/\/gaetaneglize.com\/wp-content\/uploads\/2024\/12\/marine-meriadec-photographie-mariage-landes-1839_websize.jpg 1600w, https:\/\/gaetaneglize.com\/wp-content\/uploads\/2024\/12\/marine-meriadec-photographie-mariage-landes-1839_websize-300x200.jpg 300w, https:\/\/gaetaneglize.com\/wp-content\/uploads\/2024\/12\/marine-meriadec-photographie-mariage-landes-1839_websize-1024x683.jpg 1024w, https:\/\/gaetaneglize.com\/wp-content\/uploads\/2024\/12\/marine-meriadec-photographie-mariage-landes-1839_websize-768x512.jpg 768w, https:\/\/gaetaneglize.com\/wp-content\/uploads\/2024\/12\/marine-meriadec-photographie-mariage-landes-1839_websize-1536x1024.jpg 1536w\" sizes=\"(max-width: 1600px) 100vw, 1600px\" \/>\n\t\t<div class=\"figc no-description\">\n\t\t\t<div class=\"figc-inner\">\n\t\t\t\t\t\t\t\t\t\t\t\t\t\t\t<\/div>\n\t\t<\/div>\n\n\t<\/div>\n\n<\/div><div class=\"modula-item effect-pufrobo\" >\n\t<div class=\"modula-item-overlay\"><\/div>\n\n\t<div class=\"modula-item-content\">\n\n\t\t<a data-image-id=\"9836\" role=\"button\" data-elementor-open-lightbox=\"no\" tabindex=\"0\" rel=\"jtg-16225\" data-caption=\"\" aria-label=\"Open image in lightbox\" class=\"tile-inner modula-item-link\"><\/a><img loading=\"lazy\" decoding=\"async\" class=\"pic wp-image-9836\"  data-valign=\"middle\" data-halign=\"center\" alt=\"\" data-full=\"https:\/\/gaetaneglize.com\/wp-content\/uploads\/2022\/04\/gaetane-glize-elopement-photographer-adventure-mountains-1001.jpg\" title=\"gaetane-glize-elopement-photographer-adventure-mountains-1001\" crop=\"\" width=\"1500\" height=\"1000\" src=\"https:\/\/gaetaneglize.com\/wp-content\/uploads\/2022\/04\/gaetane-glize-elopement-photographer-adventure-mountains-1001.jpg\" data-src=\"https:\/\/gaetaneglize.com\/wp-content\/uploads\/2022\/04\/gaetane-glize-elopement-photographer-adventure-mountains-1001.jpg\" data-caption=\"\" srcset=\"https:\/\/gaetaneglize.com\/wp-content\/uploads\/2022\/04\/gaetane-glize-elopement-photographer-adventure-mountains-1001.jpg 1500w, https:\/\/gaetaneglize.com\/wp-content\/uploads\/2022\/04\/gaetane-glize-elopement-photographer-adventure-mountains-1001-300x200.jpg 300w, https:\/\/gaetaneglize.com\/wp-content\/uploads\/2022\/04\/gaetane-glize-elopement-photographer-adventure-mountains-1001-1024x683.jpg 1024w, https:\/\/gaetaneglize.com\/wp-content\/uploads\/2022\/04\/gaetane-glize-elopement-photographer-adventure-mountains-1001-768x512.jpg 768w\" sizes=\"(max-width: 1500px) 100vw, 1500px\" \/>\n\t\t<div class=\"figc no-description\">\n\t\t\t<div class=\"figc-inner\">\n\t\t\t\t\t\t\t\t\t\t\t\t\t\t\t<\/div>\n\t\t<\/div>\n\n\t<\/div>\n\n<\/div><div class=\"modula-item effect-pufrobo\" >\n\t<div class=\"modula-item-overlay\"><\/div>\n\n\t<div class=\"modula-item-content\">\n\n\t\t<a data-image-id=\"6407\" role=\"button\" data-elementor-open-lightbox=\"no\" tabindex=\"0\" rel=\"jtg-16225\" data-caption=\"\" aria-label=\"Open image in lightbox\" class=\"tile-inner modula-item-link\"><\/a><img loading=\"lazy\" decoding=\"async\" class=\"pic wp-image-6407\"  data-valign=\"middle\" data-halign=\"center\" alt=\"\" data-full=\"https:\/\/gaetaneglize.com\/wp-content\/uploads\/2020\/10\/photographe-mariage-aventure-elopement-montagne-pyrenees-1011.jpg\" title=\"photographe-mariage-aventure-elopement-montagne-pyrenees-1011\" crop=\"\" width=\"1707\" height=\"2560\" src=\"https:\/\/gaetaneglize.com\/wp-content\/uploads\/2020\/10\/photographe-mariage-aventure-elopement-montagne-pyrenees-1011.jpg\" data-src=\"https:\/\/gaetaneglize.com\/wp-content\/uploads\/2020\/10\/photographe-mariage-aventure-elopement-montagne-pyrenees-1011.jpg\" data-caption=\"\" srcset=\"https:\/\/gaetaneglize.com\/wp-content\/uploads\/2020\/10\/photographe-mariage-aventure-elopement-montagne-pyrenees-1011-scaled.jpg 1707w, https:\/\/gaetaneglize.com\/wp-content\/uploads\/2020\/10\/photographe-mariage-aventure-elopement-montagne-pyrenees-1011-200x300.jpg 200w, https:\/\/gaetaneglize.com\/wp-content\/uploads\/2020\/10\/photographe-mariage-aventure-elopement-montagne-pyrenees-1011-683x1024.jpg 683w, https:\/\/gaetaneglize.com\/wp-content\/uploads\/2020\/10\/photographe-mariage-aventure-elopement-montagne-pyrenees-1011-768x1152.jpg 768w, https:\/\/gaetaneglize.com\/wp-content\/uploads\/2020\/10\/photographe-mariage-aventure-elopement-montagne-pyrenees-1011-1024x1536.jpg 1024w, https:\/\/gaetaneglize.com\/wp-content\/uploads\/2020\/10\/photographe-mariage-aventure-elopement-montagne-pyrenees-1011-1365x2048.jpg 1365w\" sizes=\"(max-width: 1707px) 100vw, 1707px\" \/>\n\t\t<div class=\"figc no-description\">\n\t\t\t<div class=\"figc-inner\">\n\t\t\t\t\t\t\t\t\t\t\t\t\t\t\t<\/div>\n\t\t<\/div>\n\n\t<\/div>\n\n<\/div><div class=\"modula-item effect-pufrobo\" >\n\t<div class=\"modula-item-overlay\"><\/div>\n\n\t<div class=\"modula-item-content\">\n\n\t\t<a data-image-id=\"12542\" role=\"button\" data-elementor-open-lightbox=\"no\" tabindex=\"0\" rel=\"jtg-16225\" data-caption=\"\" aria-label=\"Open image in lightbox\" class=\"tile-inner modula-item-link\"><\/a><img loading=\"lazy\" decoding=\"async\" class=\"pic wp-image-12542\"  data-valign=\"middle\" data-halign=\"center\" alt=\"La mari\u00e9e tient d\u00e9licatement son bouquet de mari\u00e9e devant elle pendant les pr\u00e9paratifs de mariage. Un moment captur\u00e9 par Ga\u00e9tane Glize, photographe mariage landes.\" data-full=\"https:\/\/gaetaneglize.com\/wp-content\/uploads\/2023\/01\/photographe-mariage-landes-pays-basque-015.jpg\" title=\"photographe-mariage-landes-pays-basque-015\" crop=\"\" width=\"1600\" height=\"1067\" src=\"https:\/\/gaetaneglize.com\/wp-content\/uploads\/2023\/01\/photographe-mariage-landes-pays-basque-015.jpg\" data-src=\"https:\/\/gaetaneglize.com\/wp-content\/uploads\/2023\/01\/photographe-mariage-landes-pays-basque-015.jpg\" data-caption=\"\" srcset=\"https:\/\/gaetaneglize.com\/wp-content\/uploads\/2023\/01\/photographe-mariage-landes-pays-basque-015.jpg 1600w, https:\/\/gaetaneglize.com\/wp-content\/uploads\/2023\/01\/photographe-mariage-landes-pays-basque-015-300x200.jpg 300w, https:\/\/gaetaneglize.com\/wp-content\/uploads\/2023\/01\/photographe-mariage-landes-pays-basque-015-1024x683.jpg 1024w, https:\/\/gaetaneglize.com\/wp-content\/uploads\/2023\/01\/photographe-mariage-landes-pays-basque-015-768x512.jpg 768w, https:\/\/gaetaneglize.com\/wp-content\/uploads\/2023\/01\/photographe-mariage-landes-pays-basque-015-1536x1024.jpg 1536w\" sizes=\"(max-width: 1600px) 100vw, 1600px\" \/>\n\t\t<div class=\"figc no-description\">\n\t\t\t<div class=\"figc-inner\">\n\t\t\t\t\t\t\t\t\t\t\t\t\t\t\t<\/div>\n\t\t<\/div>\n\n\t<\/div>\n\n<\/div><div class=\"modula-item effect-pufrobo\" >\n\t<div class=\"modula-item-overlay\"><\/div>\n\n\t<div class=\"modula-item-content\">\n\n\t\t<a data-image-id=\"15969\" role=\"button\" data-elementor-open-lightbox=\"no\" tabindex=\"0\" rel=\"jtg-16225\" data-caption=\"\" aria-label=\"Open image in lightbox\" class=\"tile-inner modula-item-link\"><\/a><img loading=\"lazy\" decoding=\"async\" class=\"pic wp-image-15969\"  data-valign=\"middle\" data-halign=\"center\" alt=\"\" data-full=\"https:\/\/gaetaneglize.com\/wp-content\/uploads\/2024\/12\/anna-maxime-photo-mariage-elopement-chapelle-landes-1593_websize.jpg\" title=\"anna-maxime-photo-mariage-elopement-chapelle-landes-1593_websize\" crop=\"\" width=\"1067\" height=\"1600\" src=\"https:\/\/gaetaneglize.com\/wp-content\/uploads\/2024\/12\/anna-maxime-photo-mariage-elopement-chapelle-landes-1593_websize.jpg\" data-src=\"https:\/\/gaetaneglize.com\/wp-content\/uploads\/2024\/12\/anna-maxime-photo-mariage-elopement-chapelle-landes-1593_websize.jpg\" data-caption=\"\" srcset=\"https:\/\/gaetaneglize.com\/wp-content\/uploads\/2024\/12\/anna-maxime-photo-mariage-elopement-chapelle-landes-1593_websize.jpg 1067w, https:\/\/gaetaneglize.com\/wp-content\/uploads\/2024\/12\/anna-maxime-photo-mariage-elopement-chapelle-landes-1593_websize-200x300.jpg 200w, https:\/\/gaetaneglize.com\/wp-content\/uploads\/2024\/12\/anna-maxime-photo-mariage-elopement-chapelle-landes-1593_websize-683x1024.jpg 683w, https:\/\/gaetaneglize.com\/wp-content\/uploads\/2024\/12\/anna-maxime-photo-mariage-elopement-chapelle-landes-1593_websize-768x1152.jpg 768w, https:\/\/gaetaneglize.com\/wp-content\/uploads\/2024\/12\/anna-maxime-photo-mariage-elopement-chapelle-landes-1593_websize-1024x1536.jpg 1024w\" sizes=\"(max-width: 1067px) 100vw, 1067px\" \/>\n\t\t<div class=\"figc no-description\">\n\t\t\t<div class=\"figc-inner\">\n\t\t\t\t\t\t\t\t\t\t\t\t\t\t\t<\/div>\n\t\t<\/div>\n\n\t<\/div>\n\n<\/div><div class=\"modula-item effect-pufrobo\" >\n\t<div class=\"modula-item-overlay\"><\/div>\n\n\t<div class=\"modula-item-content\">\n\n\t\t<a data-image-id=\"15760\" role=\"button\" data-elementor-open-lightbox=\"no\" tabindex=\"0\" rel=\"jtg-16225\" data-caption=\"\" aria-label=\"Open image in lightbox\" class=\"tile-inner modula-item-link\"><\/a><img loading=\"lazy\" decoding=\"async\" class=\"pic wp-image-15760\"  data-valign=\"middle\" data-halign=\"center\" alt=\"\" data-full=\"https:\/\/gaetaneglize.com\/wp-content\/uploads\/2024\/12\/mariage-renaissance-chateau-poudenas_gaetane-glize-photographie_1171.jpg\" title=\"Mariage Renaissance\" crop=\"\" width=\"1600\" height=\"1067\" src=\"https:\/\/gaetaneglize.com\/wp-content\/uploads\/2024\/12\/mariage-renaissance-chateau-poudenas_gaetane-glize-photographie_1171.jpg\" data-src=\"https:\/\/gaetaneglize.com\/wp-content\/uploads\/2024\/12\/mariage-renaissance-chateau-poudenas_gaetane-glize-photographie_1171.jpg\" data-caption=\"\" srcset=\"https:\/\/gaetaneglize.com\/wp-content\/uploads\/2024\/12\/mariage-renaissance-chateau-poudenas_gaetane-glize-photographie_1171.jpg 1600w, https:\/\/gaetaneglize.com\/wp-content\/uploads\/2024\/12\/mariage-renaissance-chateau-poudenas_gaetane-glize-photographie_1171-300x200.jpg 300w, https:\/\/gaetaneglize.com\/wp-content\/uploads\/2024\/12\/mariage-renaissance-chateau-poudenas_gaetane-glize-photographie_1171-1024x683.jpg 1024w, https:\/\/gaetaneglize.com\/wp-content\/uploads\/2024\/12\/mariage-renaissance-chateau-poudenas_gaetane-glize-photographie_1171-768x512.jpg 768w, https:\/\/gaetaneglize.com\/wp-content\/uploads\/2024\/12\/mariage-renaissance-chateau-poudenas_gaetane-glize-photographie_1171-1536x1024.jpg 1536w\" sizes=\"(max-width: 1600px) 100vw, 1600px\" \/>\n\t\t<div class=\"figc no-description\">\n\t\t\t<div class=\"figc-inner\">\n\t\t\t\t\t\t\t\t\t\t\t\t\t\t\t<\/div>\n\t\t<\/div>\n\n\t<\/div>\n\n<\/div><div class=\"modula-item effect-pufrobo\" >\n\t<div class=\"modula-item-overlay\"><\/div>\n\n\t<div class=\"modula-item-content\">\n\n\t\t<a data-image-id=\"16022\" role=\"button\" data-elementor-open-lightbox=\"no\" tabindex=\"0\" rel=\"jtg-16225\" data-caption=\"\" aria-label=\"Open image in lightbox\" class=\"tile-inner modula-item-link\"><\/a><img loading=\"lazy\" decoding=\"async\" class=\"pic wp-image-16022\"  data-valign=\"middle\" data-halign=\"center\" alt=\"\" data-full=\"https:\/\/gaetaneglize.com\/wp-content\/uploads\/2024\/12\/margaux-baptiste-mariage-chateau-loire-1252_websize.jpg\" title=\"margaux-baptiste-mariage-chateau-loire-1252_websize\" crop=\"\" width=\"1600\" height=\"1067\" src=\"https:\/\/gaetaneglize.com\/wp-content\/uploads\/2024\/12\/margaux-baptiste-mariage-chateau-loire-1252_websize.jpg\" data-src=\"https:\/\/gaetaneglize.com\/wp-content\/uploads\/2024\/12\/margaux-baptiste-mariage-chateau-loire-1252_websize.jpg\" data-caption=\"\" srcset=\"https:\/\/gaetaneglize.com\/wp-content\/uploads\/2024\/12\/margaux-baptiste-mariage-chateau-loire-1252_websize.jpg 1600w, https:\/\/gaetaneglize.com\/wp-content\/uploads\/2024\/12\/margaux-baptiste-mariage-chateau-loire-1252_websize-300x200.jpg 300w, https:\/\/gaetaneglize.com\/wp-content\/uploads\/2024\/12\/margaux-baptiste-mariage-chateau-loire-1252_websize-1024x683.jpg 1024w, https:\/\/gaetaneglize.com\/wp-content\/uploads\/2024\/12\/margaux-baptiste-mariage-chateau-loire-1252_websize-768x512.jpg 768w, https:\/\/gaetaneglize.com\/wp-content\/uploads\/2024\/12\/margaux-baptiste-mariage-chateau-loire-1252_websize-1536x1024.jpg 1536w\" sizes=\"(max-width: 1600px) 100vw, 1600px\" \/>\n\t\t<div class=\"figc no-description\">\n\t\t\t<div class=\"figc-inner\">\n\t\t\t\t\t\t\t\t\t\t\t\t\t\t\t<\/div>\n\t\t<\/div>\n\n\t<\/div>\n\n<\/div><div class=\"modula-item effect-pufrobo\" >\n\t<div class=\"modula-item-overlay\"><\/div>\n\n\t<div class=\"modula-item-content\">\n\n\t\t<a data-image-id=\"15780\" role=\"button\" data-elementor-open-lightbox=\"no\" tabindex=\"0\" rel=\"jtg-16225\" data-caption=\"\" aria-label=\"Open image in lightbox\" class=\"tile-inner modula-item-link\"><\/a><img loading=\"lazy\" decoding=\"async\" class=\"pic wp-image-15780\"  data-valign=\"middle\" data-halign=\"center\" alt=\"\" data-full=\"https:\/\/gaetaneglize.com\/wp-content\/uploads\/2024\/12\/mariage-renaissance-chateau-poudenas_gaetane-glize-photographie_1134.jpg\" title=\"Mariage Renaissance\" crop=\"\" width=\"1067\" height=\"1600\" src=\"https:\/\/gaetaneglize.com\/wp-content\/uploads\/2024\/12\/mariage-renaissance-chateau-poudenas_gaetane-glize-photographie_1134.jpg\" data-src=\"https:\/\/gaetaneglize.com\/wp-content\/uploads\/2024\/12\/mariage-renaissance-chateau-poudenas_gaetane-glize-photographie_1134.jpg\" data-caption=\"\" srcset=\"https:\/\/gaetaneglize.com\/wp-content\/uploads\/2024\/12\/mariage-renaissance-chateau-poudenas_gaetane-glize-photographie_1134.jpg 1067w, https:\/\/gaetaneglize.com\/wp-content\/uploads\/2024\/12\/mariage-renaissance-chateau-poudenas_gaetane-glize-photographie_1134-200x300.jpg 200w, https:\/\/gaetaneglize.com\/wp-content\/uploads\/2024\/12\/mariage-renaissance-chateau-poudenas_gaetane-glize-photographie_1134-683x1024.jpg 683w, https:\/\/gaetaneglize.com\/wp-content\/uploads\/2024\/12\/mariage-renaissance-chateau-poudenas_gaetane-glize-photographie_1134-768x1152.jpg 768w, https:\/\/gaetaneglize.com\/wp-content\/uploads\/2024\/12\/mariage-renaissance-chateau-poudenas_gaetane-glize-photographie_1134-1024x1536.jpg 1024w\" sizes=\"(max-width: 1067px) 100vw, 1067px\" \/>\n\t\t<div class=\"figc no-description\">\n\t\t\t<div class=\"figc-inner\">\n\t\t\t\t\t\t\t\t\t\t\t\t\t\t\t<\/div>\n\t\t<\/div>\n\n\t<\/div>\n\n<\/div><div class=\"modula-item effect-pufrobo\" >\n\t<div class=\"modula-item-overlay\"><\/div>\n\n\t<div class=\"modula-item-content\">\n\n\t\t<a data-image-id=\"8779\" role=\"button\" data-elementor-open-lightbox=\"no\" tabindex=\"0\" rel=\"jtg-16225\" data-caption=\"\" aria-label=\"Open image in lightbox\" class=\"tile-inner modula-item-link\"><\/a><img loading=\"lazy\" decoding=\"async\" class=\"pic wp-image-8779\"  data-valign=\"middle\" data-halign=\"center\" alt=\"\" data-full=\"https:\/\/gaetaneglize.com\/wp-content\/uploads\/2022\/02\/naiti-maxime-photographe-mariage-bordeaux-gironde-aquitaine-2235_websize-1.jpg\" title=\"Na\u00efti + Maxime\" crop=\"\" width=\"1600\" height=\"1067\" src=\"https:\/\/gaetaneglize.com\/wp-content\/uploads\/2022\/02\/naiti-maxime-photographe-mariage-bordeaux-gironde-aquitaine-2235_websize-1.jpg\" data-src=\"https:\/\/gaetaneglize.com\/wp-content\/uploads\/2022\/02\/naiti-maxime-photographe-mariage-bordeaux-gironde-aquitaine-2235_websize-1.jpg\" data-caption=\"\" srcset=\"https:\/\/gaetaneglize.com\/wp-content\/uploads\/2022\/02\/naiti-maxime-photographe-mariage-bordeaux-gironde-aquitaine-2235_websize-1.jpg 1600w, https:\/\/gaetaneglize.com\/wp-content\/uploads\/2022\/02\/naiti-maxime-photographe-mariage-bordeaux-gironde-aquitaine-2235_websize-1-300x200.jpg 300w, https:\/\/gaetaneglize.com\/wp-content\/uploads\/2022\/02\/naiti-maxime-photographe-mariage-bordeaux-gironde-aquitaine-2235_websize-1-1024x683.jpg 1024w, https:\/\/gaetaneglize.com\/wp-content\/uploads\/2022\/02\/naiti-maxime-photographe-mariage-bordeaux-gironde-aquitaine-2235_websize-1-768x512.jpg 768w, https:\/\/gaetaneglize.com\/wp-content\/uploads\/2022\/02\/naiti-maxime-photographe-mariage-bordeaux-gironde-aquitaine-2235_websize-1-1536x1024.jpg 1536w\" sizes=\"(max-width: 1600px) 100vw, 1600px\" \/>\n\t\t<div class=\"figc no-description\">\n\t\t\t<div class=\"figc-inner\">\n\t\t\t\t\t\t\t\t\t\t\t\t\t\t\t<\/div>\n\t\t<\/div>\n\n\t<\/div>\n\n<\/div><div class=\"modula-item effect-pufrobo\" >\n\t<div class=\"modula-item-overlay\"><\/div>\n\n\t<div class=\"modula-item-content\">\n\n\t\t<a data-image-id=\"8548\" role=\"button\" data-elementor-open-lightbox=\"no\" tabindex=\"0\" rel=\"jtg-16225\" data-caption=\"\" aria-label=\"Open image in lightbox\" class=\"tile-inner modula-item-link\"><\/a><img loading=\"lazy\" decoding=\"async\" class=\"pic wp-image-8548\"  data-valign=\"middle\" data-halign=\"center\" alt=\"\" data-full=\"https:\/\/gaetaneglize.com\/wp-content\/uploads\/2022\/01\/camille-reha-mariage-intimiste-cocobarn-woodlodge-landes-1348_websize.jpg\" title=\"Camille + Reha\" crop=\"\" width=\"1067\" height=\"1600\" src=\"https:\/\/gaetaneglize.com\/wp-content\/uploads\/2022\/01\/camille-reha-mariage-intimiste-cocobarn-woodlodge-landes-1348_websize.jpg\" data-src=\"https:\/\/gaetaneglize.com\/wp-content\/uploads\/2022\/01\/camille-reha-mariage-intimiste-cocobarn-woodlodge-landes-1348_websize.jpg\" data-caption=\"\" srcset=\"https:\/\/gaetaneglize.com\/wp-content\/uploads\/2022\/01\/camille-reha-mariage-intimiste-cocobarn-woodlodge-landes-1348_websize.jpg 1067w, https:\/\/gaetaneglize.com\/wp-content\/uploads\/2022\/01\/camille-reha-mariage-intimiste-cocobarn-woodlodge-landes-1348_websize-200x300.jpg 200w, https:\/\/gaetaneglize.com\/wp-content\/uploads\/2022\/01\/camille-reha-mariage-intimiste-cocobarn-woodlodge-landes-1348_websize-683x1024.jpg 683w, https:\/\/gaetaneglize.com\/wp-content\/uploads\/2022\/01\/camille-reha-mariage-intimiste-cocobarn-woodlodge-landes-1348_websize-768x1152.jpg 768w, https:\/\/gaetaneglize.com\/wp-content\/uploads\/2022\/01\/camille-reha-mariage-intimiste-cocobarn-woodlodge-landes-1348_websize-1024x1536.jpg 1024w\" sizes=\"(max-width: 1067px) 100vw, 1067px\" \/>\n\t\t<div class=\"figc no-description\">\n\t\t\t<div class=\"figc-inner\">\n\t\t\t\t\t\t\t\t\t\t\t\t\t\t\t<\/div>\n\t\t<\/div>\n\n\t<\/div>\n\n<\/div><div class=\"modula-item effect-pufrobo\" >\n\t<div class=\"modula-item-overlay\"><\/div>\n\n\t<div class=\"modula-item-content\">\n\n\t\t<a data-image-id=\"9455\" role=\"button\" data-elementor-open-lightbox=\"no\" tabindex=\"0\" rel=\"jtg-16225\" data-caption=\"\" aria-label=\"Open image in lightbox\" class=\"tile-inner modula-item-link\"><\/a><img loading=\"lazy\" decoding=\"async\" class=\"pic wp-image-9455\"  data-valign=\"middle\" data-halign=\"center\" alt=\"\" data-full=\"https:\/\/gaetaneglize.com\/wp-content\/uploads\/2022\/03\/camille-reha-mariage-intimiste-cocobarn-woodlodge-landes-1472_websize.jpg\" title=\"Camille + Reha\" crop=\"\" width=\"1600\" height=\"1067\" src=\"https:\/\/gaetaneglize.com\/wp-content\/uploads\/2022\/03\/camille-reha-mariage-intimiste-cocobarn-woodlodge-landes-1472_websize.jpg\" data-src=\"https:\/\/gaetaneglize.com\/wp-content\/uploads\/2022\/03\/camille-reha-mariage-intimiste-cocobarn-woodlodge-landes-1472_websize.jpg\" data-caption=\"\" srcset=\"https:\/\/gaetaneglize.com\/wp-content\/uploads\/2022\/03\/camille-reha-mariage-intimiste-cocobarn-woodlodge-landes-1472_websize.jpg 1600w, https:\/\/gaetaneglize.com\/wp-content\/uploads\/2022\/03\/camille-reha-mariage-intimiste-cocobarn-woodlodge-landes-1472_websize-300x200.jpg 300w, https:\/\/gaetaneglize.com\/wp-content\/uploads\/2022\/03\/camille-reha-mariage-intimiste-cocobarn-woodlodge-landes-1472_websize-1024x683.jpg 1024w, https:\/\/gaetaneglize.com\/wp-content\/uploads\/2022\/03\/camille-reha-mariage-intimiste-cocobarn-woodlodge-landes-1472_websize-768x512.jpg 768w, https:\/\/gaetaneglize.com\/wp-content\/uploads\/2022\/03\/camille-reha-mariage-intimiste-cocobarn-woodlodge-landes-1472_websize-1536x1024.jpg 1536w\" sizes=\"(max-width: 1600px) 100vw, 1600px\" \/>\n\t\t<div class=\"figc no-description\">\n\t\t\t<div class=\"figc-inner\">\n\t\t\t\t\t\t\t\t\t\t\t\t\t\t\t<\/div>\n\t\t<\/div>\n\n\t<\/div>\n\n<\/div><div class=\"modula-item effect-pufrobo\" >\n\t<div class=\"modula-item-overlay\"><\/div>\n\n\t<div class=\"modula-item-content\">\n\n\t\t<a data-image-id=\"8530\" role=\"button\" data-elementor-open-lightbox=\"no\" tabindex=\"0\" rel=\"jtg-16225\" data-caption=\"\" aria-label=\"Open image in lightbox\" class=\"tile-inner modula-item-link\"><\/a><img loading=\"lazy\" decoding=\"async\" class=\"pic wp-image-8530\"  data-valign=\"middle\" data-halign=\"center\" alt=\"\" data-full=\"https:\/\/gaetaneglize.com\/wp-content\/uploads\/2022\/01\/camille-reha-mariage-intimiste-cocobarn-woodlodge-landes-1614_websize.jpg\" title=\"Camille + Reha\" crop=\"\" width=\"1067\" height=\"1600\" src=\"https:\/\/gaetaneglize.com\/wp-content\/uploads\/2022\/01\/camille-reha-mariage-intimiste-cocobarn-woodlodge-landes-1614_websize.jpg\" data-src=\"https:\/\/gaetaneglize.com\/wp-content\/uploads\/2022\/01\/camille-reha-mariage-intimiste-cocobarn-woodlodge-landes-1614_websize.jpg\" data-caption=\"\" srcset=\"https:\/\/gaetaneglize.com\/wp-content\/uploads\/2022\/01\/camille-reha-mariage-intimiste-cocobarn-woodlodge-landes-1614_websize.jpg 1067w, https:\/\/gaetaneglize.com\/wp-content\/uploads\/2022\/01\/camille-reha-mariage-intimiste-cocobarn-woodlodge-landes-1614_websize-200x300.jpg 200w, https:\/\/gaetaneglize.com\/wp-content\/uploads\/2022\/01\/camille-reha-mariage-intimiste-cocobarn-woodlodge-landes-1614_websize-683x1024.jpg 683w, https:\/\/gaetaneglize.com\/wp-content\/uploads\/2022\/01\/camille-reha-mariage-intimiste-cocobarn-woodlodge-landes-1614_websize-768x1152.jpg 768w, https:\/\/gaetaneglize.com\/wp-content\/uploads\/2022\/01\/camille-reha-mariage-intimiste-cocobarn-woodlodge-landes-1614_websize-1024x1536.jpg 1024w\" sizes=\"(max-width: 1067px) 100vw, 1067px\" \/>\n\t\t<div class=\"figc no-description\">\n\t\t\t<div class=\"figc-inner\">\n\t\t\t\t\t\t\t\t\t\t\t\t\t\t\t<\/div>\n\t\t<\/div>\n\n\t<\/div>\n\n<\/div><div class=\"modula-item effect-pufrobo\" >\n\t<div class=\"modula-item-overlay\"><\/div>\n\n\t<div class=\"modula-item-content\">\n\n\t\t<a data-image-id=\"15925\" role=\"button\" data-elementor-open-lightbox=\"no\" tabindex=\"0\" rel=\"jtg-16225\" data-caption=\"\" aria-label=\"Open image in lightbox\" class=\"tile-inner modula-item-link\"><\/a><img loading=\"lazy\" decoding=\"async\" class=\"pic wp-image-15925\"  data-valign=\"middle\" data-halign=\"center\" alt=\"\" data-full=\"https:\/\/gaetaneglize.com\/wp-content\/uploads\/2024\/12\/anais-nicolas-mariage-intimiste-a-la-maison-1991-animation.gif\" title=\"anais-nicolas-mariage-intimiste-a-la-maison-1991-animation\" crop=\"\" width=\"1800\" height=\"1200\" src=\"https:\/\/gaetaneglize.com\/wp-content\/uploads\/2024\/12\/anais-nicolas-mariage-intimiste-a-la-maison-1991-animation.gif\" data-src=\"https:\/\/gaetaneglize.com\/wp-content\/uploads\/2024\/12\/anais-nicolas-mariage-intimiste-a-la-maison-1991-animation.gif\" data-caption=\"\"\/>\n\t\t<div class=\"figc no-description\">\n\t\t\t<div class=\"figc-inner\">\n\t\t\t\t\t\t\t\t\t\t\t\t\t\t\t<\/div>\n\t\t<\/div>\n\n\t<\/div>\n\n<\/div><div class=\"modula-item effect-pufrobo\" >\n\t<div class=\"modula-item-overlay\"><\/div>\n\n\t<div class=\"modula-item-content\">\n\n\t\t<a data-image-id=\"6372\" role=\"button\" data-elementor-open-lightbox=\"no\" tabindex=\"0\" rel=\"jtg-16225\" data-caption=\"\" aria-label=\"Open image in lightbox\" class=\"tile-inner modula-item-link\"><\/a><img loading=\"lazy\" decoding=\"async\" class=\"pic wp-image-6372\"  data-valign=\"middle\" data-halign=\"center\" alt=\"\" data-full=\"https:\/\/gaetaneglize.com\/wp-content\/uploads\/2020\/09\/elopement-photographer-france-pyrenees-mountains-1000.jpg\" title=\"elopement-photographer-france-pyrenees-mountains-1000\" crop=\"\" width=\"1200\" height=\"1800\" src=\"https:\/\/gaetaneglize.com\/wp-content\/uploads\/2020\/09\/elopement-photographer-france-pyrenees-mountains-1000.jpg\" data-src=\"https:\/\/gaetaneglize.com\/wp-content\/uploads\/2020\/09\/elopement-photographer-france-pyrenees-mountains-1000.jpg\" data-caption=\"\" srcset=\"https:\/\/gaetaneglize.com\/wp-content\/uploads\/2020\/09\/elopement-photographer-france-pyrenees-mountains-1000.jpg 1200w, https:\/\/gaetaneglize.com\/wp-content\/uploads\/2020\/09\/elopement-photographer-france-pyrenees-mountains-1000-200x300.jpg 200w, https:\/\/gaetaneglize.com\/wp-content\/uploads\/2020\/09\/elopement-photographer-france-pyrenees-mountains-1000-683x1024.jpg 683w, https:\/\/gaetaneglize.com\/wp-content\/uploads\/2020\/09\/elopement-photographer-france-pyrenees-mountains-1000-768x1152.jpg 768w, https:\/\/gaetaneglize.com\/wp-content\/uploads\/2020\/09\/elopement-photographer-france-pyrenees-mountains-1000-1024x1536.jpg 1024w\" sizes=\"(max-width: 1200px) 100vw, 1200px\" \/>\n\t\t<div class=\"figc no-description\">\n\t\t\t<div class=\"figc-inner\">\n\t\t\t\t\t\t\t\t\t\t\t\t\t\t\t<\/div>\n\t\t<\/div>\n\n\t<\/div>\n\n<\/div><div class=\"modula-item effect-pufrobo\" >\n\t<div class=\"modula-item-overlay\"><\/div>\n\n\t<div class=\"modula-item-content\">\n\n\t\t<a data-image-id=\"12510\" role=\"button\" data-elementor-open-lightbox=\"no\" tabindex=\"0\" rel=\"jtg-16225\" data-caption=\"\" aria-label=\"Open image in lightbox\" class=\"tile-inner modula-item-link\"><\/a><img loading=\"lazy\" decoding=\"async\" class=\"pic wp-image-12510\"  data-valign=\"middle\" data-halign=\"center\" alt=\"Un couple de mari\u00e9s est assis dans l&#039;herbe et se font un c\u00e2lin, la lumi\u00e8re dor\u00e9e du coucher de soleil les \u00e9claire. Un moment tendre captur\u00e9 par Ga\u00e9tane Glize, photographe mariage Landes.\" data-full=\"https:\/\/gaetaneglize.com\/wp-content\/uploads\/2023\/01\/photographe-mariage-landes-pays-basque-001-1.jpg\" title=\"photographe-mariage-landes-pays-basque-001\" crop=\"\" width=\"1600\" height=\"1067\" src=\"https:\/\/gaetaneglize.com\/wp-content\/uploads\/2023\/01\/photographe-mariage-landes-pays-basque-001-1.jpg\" data-src=\"https:\/\/gaetaneglize.com\/wp-content\/uploads\/2023\/01\/photographe-mariage-landes-pays-basque-001-1.jpg\" data-caption=\"\" srcset=\"https:\/\/gaetaneglize.com\/wp-content\/uploads\/2023\/01\/photographe-mariage-landes-pays-basque-001-1.jpg 1600w, https:\/\/gaetaneglize.com\/wp-content\/uploads\/2023\/01\/photographe-mariage-landes-pays-basque-001-1-300x200.jpg 300w, https:\/\/gaetaneglize.com\/wp-content\/uploads\/2023\/01\/photographe-mariage-landes-pays-basque-001-1-1024x683.jpg 1024w, https:\/\/gaetaneglize.com\/wp-content\/uploads\/2023\/01\/photographe-mariage-landes-pays-basque-001-1-768x512.jpg 768w, https:\/\/gaetaneglize.com\/wp-content\/uploads\/2023\/01\/photographe-mariage-landes-pays-basque-001-1-1536x1024.jpg 1536w\" sizes=\"(max-width: 1600px) 100vw, 1600px\" \/>\n\t\t<div class=\"figc no-description\">\n\t\t\t<div class=\"figc-inner\">\n\t\t\t\t\t\t\t\t\t\t\t\t\t\t\t<\/div>\n\t\t<\/div>\n\n\t<\/div>\n\n<\/div><div class=\"modula-item effect-pufrobo\" >\n\t<div class=\"modula-item-overlay\"><\/div>\n\n\t<div class=\"modula-item-content\">\n\n\t\t<a data-image-id=\"14476\" role=\"button\" data-elementor-open-lightbox=\"no\" tabindex=\"0\" rel=\"jtg-16225\" data-caption=\"\" aria-label=\"Open image in lightbox\" class=\"tile-inner modula-item-link\"><\/a><img loading=\"lazy\" decoding=\"async\" class=\"pic wp-image-14476\"  data-valign=\"middle\" data-halign=\"center\" alt=\"\" data-full=\"https:\/\/gaetaneglize.com\/wp-content\/uploads\/2024\/02\/lydie-cedric-photographie-mariage-chateau-landes-1575_websize.jpg\" title=\"Lydie + C\u00e9dric\" crop=\"\" width=\"1067\" height=\"1600\" src=\"https:\/\/gaetaneglize.com\/wp-content\/uploads\/2024\/02\/lydie-cedric-photographie-mariage-chateau-landes-1575_websize.jpg\" data-src=\"https:\/\/gaetaneglize.com\/wp-content\/uploads\/2024\/02\/lydie-cedric-photographie-mariage-chateau-landes-1575_websize.jpg\" data-caption=\"\" srcset=\"https:\/\/gaetaneglize.com\/wp-content\/uploads\/2024\/02\/lydie-cedric-photographie-mariage-chateau-landes-1575_websize.jpg 1067w, https:\/\/gaetaneglize.com\/wp-content\/uploads\/2024\/02\/lydie-cedric-photographie-mariage-chateau-landes-1575_websize-200x300.jpg 200w, https:\/\/gaetaneglize.com\/wp-content\/uploads\/2024\/02\/lydie-cedric-photographie-mariage-chateau-landes-1575_websize-683x1024.jpg 683w, https:\/\/gaetaneglize.com\/wp-content\/uploads\/2024\/02\/lydie-cedric-photographie-mariage-chateau-landes-1575_websize-768x1152.jpg 768w, https:\/\/gaetaneglize.com\/wp-content\/uploads\/2024\/02\/lydie-cedric-photographie-mariage-chateau-landes-1575_websize-1024x1536.jpg 1024w\" sizes=\"(max-width: 1067px) 100vw, 1067px\" \/>\n\t\t<div class=\"figc no-description\">\n\t\t\t<div class=\"figc-inner\">\n\t\t\t\t\t\t\t\t\t\t\t\t\t\t\t<\/div>\n\t\t<\/div>\n\n\t<\/div>\n\n<\/div><div class=\"modula-item effect-pufrobo\" >\n\t<div class=\"modula-item-overlay\"><\/div>\n\n\t<div class=\"modula-item-content\">\n\n\t\t<a data-image-id=\"11534\" role=\"button\" data-elementor-open-lightbox=\"no\" tabindex=\"0\" rel=\"jtg-16225\" data-caption=\"\" aria-label=\"Open image in lightbox\" class=\"tile-inner modula-item-link\"><\/a><img loading=\"lazy\" decoding=\"async\" class=\"pic wp-image-11534\"  data-valign=\"middle\" data-halign=\"center\" alt=\"Photographie de mariage prise en plong\u00e9e au-dessus du couple de mari\u00e9 entour\u00e9 de leurs invit\u00e9s. Photo en noir et blanc de la foule prise le jour du mariage par la photographe de mariage Ga\u00e9tane Glize dans les landes et pays basque.\" data-full=\"https:\/\/gaetaneglize.com\/wp-content\/uploads\/2022\/10\/gaetane-glize-photographe-mariage-landes-pays-basque-02.jpg\" title=\"gaetane-glize-photographe-mariage-landes-pays-basque-02\" crop=\"\" width=\"1500\" height=\"1000\" src=\"https:\/\/gaetaneglize.com\/wp-content\/uploads\/2022\/10\/gaetane-glize-photographe-mariage-landes-pays-basque-02.jpg\" data-src=\"https:\/\/gaetaneglize.com\/wp-content\/uploads\/2022\/10\/gaetane-glize-photographe-mariage-landes-pays-basque-02.jpg\" data-caption=\"\" srcset=\"https:\/\/gaetaneglize.com\/wp-content\/uploads\/2022\/10\/gaetane-glize-photographe-mariage-landes-pays-basque-02.jpg 1500w, https:\/\/gaetaneglize.com\/wp-content\/uploads\/2022\/10\/gaetane-glize-photographe-mariage-landes-pays-basque-02-300x200.jpg 300w, https:\/\/gaetaneglize.com\/wp-content\/uploads\/2022\/10\/gaetane-glize-photographe-mariage-landes-pays-basque-02-1024x683.jpg 1024w, https:\/\/gaetaneglize.com\/wp-content\/uploads\/2022\/10\/gaetane-glize-photographe-mariage-landes-pays-basque-02-768x512.jpg 768w\" sizes=\"(max-width: 1500px) 100vw, 1500px\" \/>\n\t\t<div class=\"figc no-description\">\n\t\t\t<div class=\"figc-inner\">\n\t\t\t\t\t\t\t\t\t\t\t\t\t\t\t<\/div>\n\t\t<\/div>\n\n\t<\/div>\n\n<\/div><div class=\"modula-item effect-pufrobo\" >\n\t<div class=\"modula-item-overlay\"><\/div>\n\n\t<div class=\"modula-item-content\">\n\n\t\t<a data-image-id=\"8550\" role=\"button\" data-elementor-open-lightbox=\"no\" tabindex=\"0\" rel=\"jtg-16225\" data-caption=\"\" aria-label=\"Open image in lightbox\" class=\"tile-inner modula-item-link\"><\/a><img loading=\"lazy\" decoding=\"async\" class=\"pic wp-image-8550\"  data-valign=\"middle\" data-halign=\"center\" alt=\"\" data-full=\"https:\/\/gaetaneglize.com\/wp-content\/uploads\/2022\/01\/camille-reha-mariage-intimiste-cocobarn-woodlodge-landes-1216_websize.jpg\" title=\"Camille + Reha\" crop=\"\" width=\"1067\" height=\"1600\" src=\"https:\/\/gaetaneglize.com\/wp-content\/uploads\/2022\/01\/camille-reha-mariage-intimiste-cocobarn-woodlodge-landes-1216_websize.jpg\" data-src=\"https:\/\/gaetaneglize.com\/wp-content\/uploads\/2022\/01\/camille-reha-mariage-intimiste-cocobarn-woodlodge-landes-1216_websize.jpg\" data-caption=\"\" srcset=\"https:\/\/gaetaneglize.com\/wp-content\/uploads\/2022\/01\/camille-reha-mariage-intimiste-cocobarn-woodlodge-landes-1216_websize.jpg 1067w, https:\/\/gaetaneglize.com\/wp-content\/uploads\/2022\/01\/camille-reha-mariage-intimiste-cocobarn-woodlodge-landes-1216_websize-200x300.jpg 200w, https:\/\/gaetaneglize.com\/wp-content\/uploads\/2022\/01\/camille-reha-mariage-intimiste-cocobarn-woodlodge-landes-1216_websize-683x1024.jpg 683w, https:\/\/gaetaneglize.com\/wp-content\/uploads\/2022\/01\/camille-reha-mariage-intimiste-cocobarn-woodlodge-landes-1216_websize-768x1152.jpg 768w, https:\/\/gaetaneglize.com\/wp-content\/uploads\/2022\/01\/camille-reha-mariage-intimiste-cocobarn-woodlodge-landes-1216_websize-1024x1536.jpg 1024w\" sizes=\"(max-width: 1067px) 100vw, 1067px\" \/>\n\t\t<div class=\"figc no-description\">\n\t\t\t<div class=\"figc-inner\">\n\t\t\t\t\t\t\t\t\t\t\t\t\t\t\t<\/div>\n\t\t<\/div>\n\n\t<\/div>\n\n<\/div><div class=\"modula-item effect-pufrobo\" >\n\t<div class=\"modula-item-overlay\"><\/div>\n\n\t<div class=\"modula-item-content\">\n\n\t\t<a data-image-id=\"15758\" role=\"button\" data-elementor-open-lightbox=\"no\" tabindex=\"0\" rel=\"jtg-16225\" data-caption=\"\" aria-label=\"Open image in lightbox\" class=\"tile-inner modula-item-link\"><\/a><img loading=\"lazy\" decoding=\"async\" class=\"pic wp-image-15758\"  data-valign=\"middle\" data-halign=\"center\" alt=\"\" data-full=\"https:\/\/gaetaneglize.com\/wp-content\/uploads\/2024\/12\/mariage-renaissance-chateau-poudenas_gaetane-glize-photographie_1082.jpg\" title=\"Mariage Renaissance\" crop=\"\" width=\"1600\" height=\"1067\" src=\"https:\/\/gaetaneglize.com\/wp-content\/uploads\/2024\/12\/mariage-renaissance-chateau-poudenas_gaetane-glize-photographie_1082.jpg\" data-src=\"https:\/\/gaetaneglize.com\/wp-content\/uploads\/2024\/12\/mariage-renaissance-chateau-poudenas_gaetane-glize-photographie_1082.jpg\" data-caption=\"\" srcset=\"https:\/\/gaetaneglize.com\/wp-content\/uploads\/2024\/12\/mariage-renaissance-chateau-poudenas_gaetane-glize-photographie_1082.jpg 1600w, https:\/\/gaetaneglize.com\/wp-content\/uploads\/2024\/12\/mariage-renaissance-chateau-poudenas_gaetane-glize-photographie_1082-300x200.jpg 300w, https:\/\/gaetaneglize.com\/wp-content\/uploads\/2024\/12\/mariage-renaissance-chateau-poudenas_gaetane-glize-photographie_1082-1024x683.jpg 1024w, https:\/\/gaetaneglize.com\/wp-content\/uploads\/2024\/12\/mariage-renaissance-chateau-poudenas_gaetane-glize-photographie_1082-768x512.jpg 768w, https:\/\/gaetaneglize.com\/wp-content\/uploads\/2024\/12\/mariage-renaissance-chateau-poudenas_gaetane-glize-photographie_1082-1536x1024.jpg 1536w\" sizes=\"(max-width: 1600px) 100vw, 1600px\" \/>\n\t\t<div class=\"figc no-description\">\n\t\t\t<div class=\"figc-inner\">\n\t\t\t\t\t\t\t\t\t\t\t\t\t\t\t<\/div>\n\t\t<\/div>\n\n\t<\/div>\n\n<\/div><div class=\"modula-item effect-pufrobo\" >\n\t<div class=\"modula-item-overlay\"><\/div>\n\n\t<div class=\"modula-item-content\">\n\n\t\t<a data-image-id=\"16062\" role=\"button\" data-elementor-open-lightbox=\"no\" tabindex=\"0\" rel=\"jtg-16225\" data-caption=\"\" aria-label=\"Open image in lightbox\" class=\"tile-inner modula-item-link\"><\/a><img loading=\"lazy\" decoding=\"async\" class=\"pic wp-image-16062\"  data-valign=\"middle\" data-halign=\"center\" alt=\"\" data-full=\"https:\/\/gaetaneglize.com\/wp-content\/uploads\/2024\/12\/marine-meriadec-photographie-mariage-landes-1820_websize.jpg\" title=\"marine-meriadec-photographie-mariage-landes-1820_websize\" crop=\"\" width=\"1067\" height=\"1600\" src=\"https:\/\/gaetaneglize.com\/wp-content\/uploads\/2024\/12\/marine-meriadec-photographie-mariage-landes-1820_websize.jpg\" data-src=\"https:\/\/gaetaneglize.com\/wp-content\/uploads\/2024\/12\/marine-meriadec-photographie-mariage-landes-1820_websize.jpg\" data-caption=\"\" srcset=\"https:\/\/gaetaneglize.com\/wp-content\/uploads\/2024\/12\/marine-meriadec-photographie-mariage-landes-1820_websize.jpg 1067w, https:\/\/gaetaneglize.com\/wp-content\/uploads\/2024\/12\/marine-meriadec-photographie-mariage-landes-1820_websize-200x300.jpg 200w, https:\/\/gaetaneglize.com\/wp-content\/uploads\/2024\/12\/marine-meriadec-photographie-mariage-landes-1820_websize-683x1024.jpg 683w, https:\/\/gaetaneglize.com\/wp-content\/uploads\/2024\/12\/marine-meriadec-photographie-mariage-landes-1820_websize-768x1152.jpg 768w, https:\/\/gaetaneglize.com\/wp-content\/uploads\/2024\/12\/marine-meriadec-photographie-mariage-landes-1820_websize-1024x1536.jpg 1024w\" sizes=\"(max-width: 1067px) 100vw, 1067px\" \/>\n\t\t<div class=\"figc no-description\">\n\t\t\t<div class=\"figc-inner\">\n\t\t\t\t\t\t\t\t\t\t\t\t\t\t\t<\/div>\n\t\t<\/div>\n\n\t<\/div>\n\n<\/div><div class=\"modula-item effect-pufrobo\" >\n\t<div class=\"modula-item-overlay\"><\/div>\n\n\t<div class=\"modula-item-content\">\n\n\t\t<a data-image-id=\"16050\" role=\"button\" data-elementor-open-lightbox=\"no\" tabindex=\"0\" rel=\"jtg-16225\" data-caption=\"\" aria-label=\"Open image in lightbox\" class=\"tile-inner modula-item-link\"><\/a><img loading=\"lazy\" decoding=\"async\" class=\"pic wp-image-16050\"  data-valign=\"middle\" data-halign=\"center\" alt=\"\" data-full=\"https:\/\/gaetaneglize.com\/wp-content\/uploads\/2024\/12\/margaux-baptiste-mariage-chateau-loire-2375_websize.jpg\" title=\"margaux-baptiste-mariage-chateau-loire-2375_websize\" crop=\"\" width=\"1600\" height=\"1067\" src=\"https:\/\/gaetaneglize.com\/wp-content\/uploads\/2024\/12\/margaux-baptiste-mariage-chateau-loire-2375_websize.jpg\" data-src=\"https:\/\/gaetaneglize.com\/wp-content\/uploads\/2024\/12\/margaux-baptiste-mariage-chateau-loire-2375_websize.jpg\" data-caption=\"\" srcset=\"https:\/\/gaetaneglize.com\/wp-content\/uploads\/2024\/12\/margaux-baptiste-mariage-chateau-loire-2375_websize.jpg 1600w, https:\/\/gaetaneglize.com\/wp-content\/uploads\/2024\/12\/margaux-baptiste-mariage-chateau-loire-2375_websize-300x200.jpg 300w, https:\/\/gaetaneglize.com\/wp-content\/uploads\/2024\/12\/margaux-baptiste-mariage-chateau-loire-2375_websize-1024x683.jpg 1024w, https:\/\/gaetaneglize.com\/wp-content\/uploads\/2024\/12\/margaux-baptiste-mariage-chateau-loire-2375_websize-768x512.jpg 768w, https:\/\/gaetaneglize.com\/wp-content\/uploads\/2024\/12\/margaux-baptiste-mariage-chateau-loire-2375_websize-1536x1024.jpg 1536w\" sizes=\"(max-width: 1600px) 100vw, 1600px\" \/>\n\t\t<div class=\"figc no-description\">\n\t\t\t<div class=\"figc-inner\">\n\t\t\t\t\t\t\t\t\t\t\t\t\t\t\t<\/div>\n\t\t<\/div>\n\n\t<\/div>\n\n<\/div><div class=\"modula-item effect-pufrobo\" >\n\t<div class=\"modula-item-overlay\"><\/div>\n\n\t<div class=\"modula-item-content\">\n\n\t\t<a data-image-id=\"15971\" role=\"button\" data-elementor-open-lightbox=\"no\" tabindex=\"0\" rel=\"jtg-16225\" data-caption=\"\" aria-label=\"Open image in lightbox\" class=\"tile-inner modula-item-link\"><\/a><img loading=\"lazy\" decoding=\"async\" class=\"pic wp-image-15971\"  data-valign=\"middle\" data-halign=\"center\" alt=\"\" data-full=\"https:\/\/gaetaneglize.com\/wp-content\/uploads\/2024\/12\/anna-maxime-photo-mariage-elopement-chapelle-landes-1579_websize.jpg\" title=\"anna-maxime-photo-mariage-elopement-chapelle-landes-1579_websize\" crop=\"\" width=\"1600\" height=\"1067\" src=\"https:\/\/gaetaneglize.com\/wp-content\/uploads\/2024\/12\/anna-maxime-photo-mariage-elopement-chapelle-landes-1579_websize.jpg\" data-src=\"https:\/\/gaetaneglize.com\/wp-content\/uploads\/2024\/12\/anna-maxime-photo-mariage-elopement-chapelle-landes-1579_websize.jpg\" data-caption=\"\" srcset=\"https:\/\/gaetaneglize.com\/wp-content\/uploads\/2024\/12\/anna-maxime-photo-mariage-elopement-chapelle-landes-1579_websize.jpg 1600w, https:\/\/gaetaneglize.com\/wp-content\/uploads\/2024\/12\/anna-maxime-photo-mariage-elopement-chapelle-landes-1579_websize-300x200.jpg 300w, https:\/\/gaetaneglize.com\/wp-content\/uploads\/2024\/12\/anna-maxime-photo-mariage-elopement-chapelle-landes-1579_websize-1024x683.jpg 1024w, https:\/\/gaetaneglize.com\/wp-content\/uploads\/2024\/12\/anna-maxime-photo-mariage-elopement-chapelle-landes-1579_websize-768x512.jpg 768w, https:\/\/gaetaneglize.com\/wp-content\/uploads\/2024\/12\/anna-maxime-photo-mariage-elopement-chapelle-landes-1579_websize-1536x1024.jpg 1536w\" sizes=\"(max-width: 1600px) 100vw, 1600px\" \/>\n\t\t<div class=\"figc no-description\">\n\t\t\t<div class=\"figc-inner\">\n\t\t\t\t\t\t\t\t\t\t\t\t\t\t\t<\/div>\n\t\t<\/div>\n\n\t<\/div>\n\n<\/div><div class=\"modula-item effect-pufrobo\" >\n\t<div class=\"modula-item-overlay\"><\/div>\n\n\t<div class=\"modula-item-content\">\n\n\t\t<a data-image-id=\"16086\" role=\"button\" data-elementor-open-lightbox=\"no\" tabindex=\"0\" rel=\"jtg-16225\" data-caption=\"\" aria-label=\"Open image in lightbox\" class=\"tile-inner modula-item-link\"><\/a><img loading=\"lazy\" decoding=\"async\" class=\"pic wp-image-16086\"  data-valign=\"middle\" data-halign=\"center\" alt=\"\" data-full=\"https:\/\/gaetaneglize.com\/wp-content\/uploads\/2024\/12\/photo-couple-mariage-chateau-bordeaux-1000-3.jpg\" title=\"photo-couple-mariage-chateau-bordeaux-1000-3\" crop=\"\" width=\"1455\" height=\"2183\" src=\"https:\/\/gaetaneglize.com\/wp-content\/uploads\/2024\/12\/photo-couple-mariage-chateau-bordeaux-1000-3.jpg\" data-src=\"https:\/\/gaetaneglize.com\/wp-content\/uploads\/2024\/12\/photo-couple-mariage-chateau-bordeaux-1000-3.jpg\" data-caption=\"\" srcset=\"https:\/\/gaetaneglize.com\/wp-content\/uploads\/2024\/12\/photo-couple-mariage-chateau-bordeaux-1000-3.jpg 1455w, https:\/\/gaetaneglize.com\/wp-content\/uploads\/2024\/12\/photo-couple-mariage-chateau-bordeaux-1000-3-200x300.jpg 200w, https:\/\/gaetaneglize.com\/wp-content\/uploads\/2024\/12\/photo-couple-mariage-chateau-bordeaux-1000-3-683x1024.jpg 683w, https:\/\/gaetaneglize.com\/wp-content\/uploads\/2024\/12\/photo-couple-mariage-chateau-bordeaux-1000-3-768x1152.jpg 768w, https:\/\/gaetaneglize.com\/wp-content\/uploads\/2024\/12\/photo-couple-mariage-chateau-bordeaux-1000-3-1024x1536.jpg 1024w, https:\/\/gaetaneglize.com\/wp-content\/uploads\/2024\/12\/photo-couple-mariage-chateau-bordeaux-1000-3-1365x2048.jpg 1365w\" sizes=\"(max-width: 1455px) 100vw, 1455px\" \/>\n\t\t<div class=\"figc no-description\">\n\t\t\t<div class=\"figc-inner\">\n\t\t\t\t\t\t\t\t\t\t\t\t\t\t\t<\/div>\n\t\t<\/div>\n\n\t<\/div>\n\n<\/div><div class=\"modula-item effect-pufrobo\" >\n\t<div class=\"modula-item-overlay\"><\/div>\n\n\t<div class=\"modula-item-content\">\n\n\t\t<a data-image-id=\"8767\" role=\"button\" data-elementor-open-lightbox=\"no\" tabindex=\"0\" rel=\"jtg-16225\" data-caption=\"\" aria-label=\"Open image in lightbox\" class=\"tile-inner modula-item-link\"><\/a><img loading=\"lazy\" decoding=\"async\" class=\"pic wp-image-8767\"  data-valign=\"middle\" data-halign=\"center\" alt=\"\" data-full=\"https:\/\/gaetaneglize.com\/wp-content\/uploads\/2022\/02\/camille-reha-mariage-intimiste-cocobarn-woodlodge-landes-1865_websize.jpg\" title=\"Camille + Reha\" crop=\"\" width=\"1600\" height=\"1067\" src=\"https:\/\/gaetaneglize.com\/wp-content\/uploads\/2022\/02\/camille-reha-mariage-intimiste-cocobarn-woodlodge-landes-1865_websize.jpg\" data-src=\"https:\/\/gaetaneglize.com\/wp-content\/uploads\/2022\/02\/camille-reha-mariage-intimiste-cocobarn-woodlodge-landes-1865_websize.jpg\" data-caption=\"\" srcset=\"https:\/\/gaetaneglize.com\/wp-content\/uploads\/2022\/02\/camille-reha-mariage-intimiste-cocobarn-woodlodge-landes-1865_websize.jpg 1600w, https:\/\/gaetaneglize.com\/wp-content\/uploads\/2022\/02\/camille-reha-mariage-intimiste-cocobarn-woodlodge-landes-1865_websize-300x200.jpg 300w, https:\/\/gaetaneglize.com\/wp-content\/uploads\/2022\/02\/camille-reha-mariage-intimiste-cocobarn-woodlodge-landes-1865_websize-1024x683.jpg 1024w, https:\/\/gaetaneglize.com\/wp-content\/uploads\/2022\/02\/camille-reha-mariage-intimiste-cocobarn-woodlodge-landes-1865_websize-768x512.jpg 768w, https:\/\/gaetaneglize.com\/wp-content\/uploads\/2022\/02\/camille-reha-mariage-intimiste-cocobarn-woodlodge-landes-1865_websize-1536x1024.jpg 1536w\" sizes=\"(max-width: 1600px) 100vw, 1600px\" \/>\n\t\t<div class=\"figc no-description\">\n\t\t\t<div class=\"figc-inner\">\n\t\t\t\t\t\t\t\t\t\t\t\t\t\t\t<\/div>\n\t\t<\/div>\n\n\t<\/div>\n\n<\/div><div class=\"modula-item effect-pufrobo\" >\n\t<div class=\"modula-item-overlay\"><\/div>\n\n\t<div class=\"modula-item-content\">\n\n\t\t<a data-image-id=\"12503\" role=\"button\" data-elementor-open-lightbox=\"no\" tabindex=\"0\" rel=\"jtg-16225\" data-caption=\"\" aria-label=\"Open image in lightbox\" class=\"tile-inner modula-item-link\"><\/a><img loading=\"lazy\" decoding=\"async\" class=\"pic wp-image-12503\"  data-valign=\"middle\" data-halign=\"center\" alt=\"Un moment intimiste et tendre entre les mari\u00e9s captur\u00e9 par la photographe de mariage Ga\u00e9tane Glize dans les Landes.\" data-full=\"https:\/\/gaetaneglize.com\/wp-content\/uploads\/2023\/01\/photographe-mariage-landes-pays-basque-003.jpg\" title=\"photographe-mariage-landes-pays-basque-003\" crop=\"\" width=\"1600\" height=\"1067\" src=\"https:\/\/gaetaneglize.com\/wp-content\/uploads\/2023\/01\/photographe-mariage-landes-pays-basque-003.jpg\" data-src=\"https:\/\/gaetaneglize.com\/wp-content\/uploads\/2023\/01\/photographe-mariage-landes-pays-basque-003.jpg\" data-caption=\"\" srcset=\"https:\/\/gaetaneglize.com\/wp-content\/uploads\/2023\/01\/photographe-mariage-landes-pays-basque-003.jpg 1600w, https:\/\/gaetaneglize.com\/wp-content\/uploads\/2023\/01\/photographe-mariage-landes-pays-basque-003-300x200.jpg 300w, https:\/\/gaetaneglize.com\/wp-content\/uploads\/2023\/01\/photographe-mariage-landes-pays-basque-003-1024x683.jpg 1024w, https:\/\/gaetaneglize.com\/wp-content\/uploads\/2023\/01\/photographe-mariage-landes-pays-basque-003-768x512.jpg 768w, https:\/\/gaetaneglize.com\/wp-content\/uploads\/2023\/01\/photographe-mariage-landes-pays-basque-003-1536x1024.jpg 1536w\" sizes=\"(max-width: 1600px) 100vw, 1600px\" \/>\n\t\t<div class=\"figc no-description\">\n\t\t\t<div class=\"figc-inner\">\n\t\t\t\t\t\t\t\t\t\t\t\t\t\t\t<\/div>\n\t\t<\/div>\n\n\t<\/div>\n\n<\/div><div class=\"modula-item effect-pufrobo\" >\n\t<div class=\"modula-item-overlay\"><\/div>\n\n\t<div class=\"modula-item-content\">\n\n\t\t<a data-image-id=\"16056\" role=\"button\" data-elementor-open-lightbox=\"no\" tabindex=\"0\" rel=\"jtg-16225\" data-caption=\"\" aria-label=\"Open image in lightbox\" class=\"tile-inner modula-item-link\"><\/a><img loading=\"lazy\" decoding=\"async\" class=\"pic wp-image-16056\"  data-valign=\"middle\" data-halign=\"center\" alt=\"\" data-full=\"https:\/\/gaetaneglize.com\/wp-content\/uploads\/2024\/12\/noemie-alix-photographie-mariage-domaine-bassibe-gers-1340_websize.jpg\" title=\"noemie-alix-photographie-mariage-domaine-bassibe-gers-1340_websize\" crop=\"\" width=\"1067\" height=\"1600\" src=\"https:\/\/gaetaneglize.com\/wp-content\/uploads\/2024\/12\/noemie-alix-photographie-mariage-domaine-bassibe-gers-1340_websize.jpg\" data-src=\"https:\/\/gaetaneglize.com\/wp-content\/uploads\/2024\/12\/noemie-alix-photographie-mariage-domaine-bassibe-gers-1340_websize.jpg\" data-caption=\"\" srcset=\"https:\/\/gaetaneglize.com\/wp-content\/uploads\/2024\/12\/noemie-alix-photographie-mariage-domaine-bassibe-gers-1340_websize.jpg 1067w, https:\/\/gaetaneglize.com\/wp-content\/uploads\/2024\/12\/noemie-alix-photographie-mariage-domaine-bassibe-gers-1340_websize-200x300.jpg 200w, https:\/\/gaetaneglize.com\/wp-content\/uploads\/2024\/12\/noemie-alix-photographie-mariage-domaine-bassibe-gers-1340_websize-683x1024.jpg 683w, https:\/\/gaetaneglize.com\/wp-content\/uploads\/2024\/12\/noemie-alix-photographie-mariage-domaine-bassibe-gers-1340_websize-768x1152.jpg 768w, https:\/\/gaetaneglize.com\/wp-content\/uploads\/2024\/12\/noemie-alix-photographie-mariage-domaine-bassibe-gers-1340_websize-1024x1536.jpg 1024w\" sizes=\"(max-width: 1067px) 100vw, 1067px\" \/>\n\t\t<div class=\"figc no-description\">\n\t\t\t<div class=\"figc-inner\">\n\t\t\t\t\t\t\t\t\t\t\t\t\t\t\t<\/div>\n\t\t<\/div>\n\n\t<\/div>\n\n<\/div><div class=\"modula-item effect-pufrobo\" >\n\t<div class=\"modula-item-overlay\"><\/div>\n\n\t<div class=\"modula-item-content\">\n\n\t\t<a data-image-id=\"8008\" role=\"button\" data-elementor-open-lightbox=\"no\" tabindex=\"0\" rel=\"jtg-16225\" data-caption=\"\" aria-label=\"Open image in lightbox\" class=\"tile-inner modula-item-link\"><\/a><img loading=\"lazy\" decoding=\"async\" class=\"pic wp-image-8008\"  data-valign=\"middle\" data-halign=\"center\" alt=\"\" data-full=\"https:\/\/gaetaneglize.com\/wp-content\/uploads\/2021\/07\/photographie-renouvellement-voeux-mariage-boheme-aquitaine1129_websize-1.jpg\" title=\"Melynda + Fievel\" crop=\"\" width=\"1600\" height=\"1067\" src=\"https:\/\/gaetaneglize.com\/wp-content\/uploads\/2021\/07\/photographie-renouvellement-voeux-mariage-boheme-aquitaine1129_websize-1.jpg\" data-src=\"https:\/\/gaetaneglize.com\/wp-content\/uploads\/2021\/07\/photographie-renouvellement-voeux-mariage-boheme-aquitaine1129_websize-1.jpg\" data-caption=\"\" srcset=\"https:\/\/gaetaneglize.com\/wp-content\/uploads\/2021\/07\/photographie-renouvellement-voeux-mariage-boheme-aquitaine1129_websize-1.jpg 1600w, https:\/\/gaetaneglize.com\/wp-content\/uploads\/2021\/07\/photographie-renouvellement-voeux-mariage-boheme-aquitaine1129_websize-1-300x200.jpg 300w, https:\/\/gaetaneglize.com\/wp-content\/uploads\/2021\/07\/photographie-renouvellement-voeux-mariage-boheme-aquitaine1129_websize-1-1024x683.jpg 1024w, https:\/\/gaetaneglize.com\/wp-content\/uploads\/2021\/07\/photographie-renouvellement-voeux-mariage-boheme-aquitaine1129_websize-1-768x512.jpg 768w, https:\/\/gaetaneglize.com\/wp-content\/uploads\/2021\/07\/photographie-renouvellement-voeux-mariage-boheme-aquitaine1129_websize-1-1536x1024.jpg 1536w\" sizes=\"(max-width: 1600px) 100vw, 1600px\" \/>\n\t\t<div class=\"figc no-description\">\n\t\t\t<div class=\"figc-inner\">\n\t\t\t\t\t\t\t\t\t\t\t\t\t\t\t<\/div>\n\t\t<\/div>\n\n\t<\/div>\n\n<\/div><div class=\"modula-item effect-pufrobo\" >\n\t<div class=\"modula-item-overlay\"><\/div>\n\n\t<div class=\"modula-item-content\">\n\n\t\t<a data-image-id=\"15941\" role=\"button\" data-elementor-open-lightbox=\"no\" tabindex=\"0\" rel=\"jtg-16225\" data-caption=\"\" aria-label=\"Open image in lightbox\" class=\"tile-inner modula-item-link\"><\/a><img loading=\"lazy\" decoding=\"async\" class=\"pic wp-image-15941\"  data-valign=\"middle\" data-halign=\"center\" alt=\"\" data-full=\"https:\/\/gaetaneglize.com\/wp-content\/uploads\/2024\/12\/laurene-grant-french-american-wedding-chateau-loire-valley-2088_websize-1.jpg\" title=\"Laur\u00e8ne + Grant\" crop=\"\" width=\"1600\" height=\"1067\" src=\"https:\/\/gaetaneglize.com\/wp-content\/uploads\/2024\/12\/laurene-grant-french-american-wedding-chateau-loire-valley-2088_websize-1.jpg\" data-src=\"https:\/\/gaetaneglize.com\/wp-content\/uploads\/2024\/12\/laurene-grant-french-american-wedding-chateau-loire-valley-2088_websize-1.jpg\" data-caption=\"\" srcset=\"https:\/\/gaetaneglize.com\/wp-content\/uploads\/2024\/12\/laurene-grant-french-american-wedding-chateau-loire-valley-2088_websize-1.jpg 1600w, https:\/\/gaetaneglize.com\/wp-content\/uploads\/2024\/12\/laurene-grant-french-american-wedding-chateau-loire-valley-2088_websize-1-300x200.jpg 300w, https:\/\/gaetaneglize.com\/wp-content\/uploads\/2024\/12\/laurene-grant-french-american-wedding-chateau-loire-valley-2088_websize-1-1024x683.jpg 1024w, https:\/\/gaetaneglize.com\/wp-content\/uploads\/2024\/12\/laurene-grant-french-american-wedding-chateau-loire-valley-2088_websize-1-768x512.jpg 768w, https:\/\/gaetaneglize.com\/wp-content\/uploads\/2024\/12\/laurene-grant-french-american-wedding-chateau-loire-valley-2088_websize-1-1536x1024.jpg 1536w\" sizes=\"(max-width: 1600px) 100vw, 1600px\" \/>\n\t\t<div class=\"figc no-description\">\n\t\t\t<div class=\"figc-inner\">\n\t\t\t\t\t\t\t\t\t\t\t\t\t\t\t<\/div>\n\t\t<\/div>\n\n\t<\/div>\n\n<\/div><div class=\"modula-item effect-pufrobo\" >\n\t<div class=\"modula-item-overlay\"><\/div>\n\n\t<div class=\"modula-item-content\">\n\n\t\t<a data-image-id=\"16054\" role=\"button\" data-elementor-open-lightbox=\"no\" tabindex=\"0\" rel=\"jtg-16225\" data-caption=\"\" aria-label=\"Open image in lightbox\" class=\"tile-inner modula-item-link\"><\/a><img loading=\"lazy\" decoding=\"async\" class=\"pic wp-image-16054\"  data-valign=\"middle\" data-halign=\"center\" alt=\"\" data-full=\"https:\/\/gaetaneglize.com\/wp-content\/uploads\/2024\/12\/marine-meriadec-photographie-mariage-landes-1150_websize.jpg\" title=\"marine-meriadec-photographie-mariage-landes-1150_websize\" crop=\"\" width=\"1067\" height=\"1600\" src=\"https:\/\/gaetaneglize.com\/wp-content\/uploads\/2024\/12\/marine-meriadec-photographie-mariage-landes-1150_websize.jpg\" data-src=\"https:\/\/gaetaneglize.com\/wp-content\/uploads\/2024\/12\/marine-meriadec-photographie-mariage-landes-1150_websize.jpg\" data-caption=\"\" srcset=\"https:\/\/gaetaneglize.com\/wp-content\/uploads\/2024\/12\/marine-meriadec-photographie-mariage-landes-1150_websize.jpg 1067w, https:\/\/gaetaneglize.com\/wp-content\/uploads\/2024\/12\/marine-meriadec-photographie-mariage-landes-1150_websize-200x300.jpg 200w, https:\/\/gaetaneglize.com\/wp-content\/uploads\/2024\/12\/marine-meriadec-photographie-mariage-landes-1150_websize-683x1024.jpg 683w, https:\/\/gaetaneglize.com\/wp-content\/uploads\/2024\/12\/marine-meriadec-photographie-mariage-landes-1150_websize-768x1152.jpg 768w, https:\/\/gaetaneglize.com\/wp-content\/uploads\/2024\/12\/marine-meriadec-photographie-mariage-landes-1150_websize-1024x1536.jpg 1024w\" sizes=\"(max-width: 1067px) 100vw, 1067px\" \/>\n\t\t<div class=\"figc no-description\">\n\t\t\t<div class=\"figc-inner\">\n\t\t\t\t\t\t\t\t\t\t\t\t\t\t\t<\/div>\n\t\t<\/div>\n\n\t<\/div>\n\n<\/div><div class=\"modula-item effect-pufrobo\" >\n\t<div class=\"modula-item-overlay\"><\/div>\n\n\t<div class=\"modula-item-content\">\n\n\t\t<a data-image-id=\"15689\" role=\"button\" data-elementor-open-lightbox=\"no\" tabindex=\"0\" rel=\"jtg-16225\" data-caption=\"\" aria-label=\"Open image in lightbox\" class=\"tile-inner modula-item-link\"><\/a><img loading=\"lazy\" decoding=\"async\" class=\"pic wp-image-15689\"  data-valign=\"middle\" data-halign=\"center\" alt=\"\" data-full=\"https:\/\/gaetaneglize.com\/wp-content\/uploads\/2024\/12\/marine-meriadec-mariage-landes-preview-1030_websize.jpg\" title=\"marine-meriadec-mariage-landes-preview-1030_websize\" crop=\"\" width=\"1600\" height=\"1067\" src=\"https:\/\/gaetaneglize.com\/wp-content\/uploads\/2024\/12\/marine-meriadec-mariage-landes-preview-1030_websize.jpg\" data-src=\"https:\/\/gaetaneglize.com\/wp-content\/uploads\/2024\/12\/marine-meriadec-mariage-landes-preview-1030_websize.jpg\" data-caption=\"\" srcset=\"https:\/\/gaetaneglize.com\/wp-content\/uploads\/2024\/12\/marine-meriadec-mariage-landes-preview-1030_websize.jpg 1600w, https:\/\/gaetaneglize.com\/wp-content\/uploads\/2024\/12\/marine-meriadec-mariage-landes-preview-1030_websize-300x200.jpg 300w, https:\/\/gaetaneglize.com\/wp-content\/uploads\/2024\/12\/marine-meriadec-mariage-landes-preview-1030_websize-1024x683.jpg 1024w, https:\/\/gaetaneglize.com\/wp-content\/uploads\/2024\/12\/marine-meriadec-mariage-landes-preview-1030_websize-768x512.jpg 768w, https:\/\/gaetaneglize.com\/wp-content\/uploads\/2024\/12\/marine-meriadec-mariage-landes-preview-1030_websize-1536x1024.jpg 1536w\" sizes=\"(max-width: 1600px) 100vw, 1600px\" \/>\n\t\t<div class=\"figc no-description\">\n\t\t\t<div class=\"figc-inner\">\n\t\t\t\t\t\t\t\t\t\t\t\t\t\t\t<\/div>\n\t\t<\/div>\n\n\t<\/div>\n\n<\/div><div class=\"modula-item effect-pufrobo\" >\n\t<div class=\"modula-item-overlay\"><\/div>\n\n\t<div class=\"modula-item-content\">\n\n\t\t<a data-image-id=\"7937\" role=\"button\" data-elementor-open-lightbox=\"no\" tabindex=\"0\" rel=\"jtg-16225\" data-caption=\"\" aria-label=\"Open image in lightbox\" class=\"tile-inner modula-item-link\"><\/a><img loading=\"lazy\" decoding=\"async\" class=\"pic wp-image-7937\"  data-valign=\"middle\" data-halign=\"center\" alt=\"\" data-full=\"https:\/\/gaetaneglize.com\/wp-content\/uploads\/2021\/06\/gaetane-glize-photographe-mariage-aventure-elopement-france-montagne-pyrenees-2555_websize.jpg\" title=\"Eug\u00e9nie + J\u00e9r\u00e9mie\" crop=\"\" width=\"1067\" height=\"1600\" src=\"https:\/\/gaetaneglize.com\/wp-content\/uploads\/2021\/06\/gaetane-glize-photographe-mariage-aventure-elopement-france-montagne-pyrenees-2555_websize.jpg\" data-src=\"https:\/\/gaetaneglize.com\/wp-content\/uploads\/2021\/06\/gaetane-glize-photographe-mariage-aventure-elopement-france-montagne-pyrenees-2555_websize.jpg\" data-caption=\"\" srcset=\"https:\/\/gaetaneglize.com\/wp-content\/uploads\/2021\/06\/gaetane-glize-photographe-mariage-aventure-elopement-france-montagne-pyrenees-2555_websize.jpg 1067w, https:\/\/gaetaneglize.com\/wp-content\/uploads\/2021\/06\/gaetane-glize-photographe-mariage-aventure-elopement-france-montagne-pyrenees-2555_websize-200x300.jpg 200w, https:\/\/gaetaneglize.com\/wp-content\/uploads\/2021\/06\/gaetane-glize-photographe-mariage-aventure-elopement-france-montagne-pyrenees-2555_websize-683x1024.jpg 683w, https:\/\/gaetaneglize.com\/wp-content\/uploads\/2021\/06\/gaetane-glize-photographe-mariage-aventure-elopement-france-montagne-pyrenees-2555_websize-768x1152.jpg 768w, https:\/\/gaetaneglize.com\/wp-content\/uploads\/2021\/06\/gaetane-glize-photographe-mariage-aventure-elopement-france-montagne-pyrenees-2555_websize-1024x1536.jpg 1024w\" sizes=\"(max-width: 1067px) 100vw, 1067px\" \/>\n\t\t<div class=\"figc no-description\">\n\t\t\t<div class=\"figc-inner\">\n\t\t\t\t\t\t\t\t\t\t\t\t\t\t\t<\/div>\n\t\t<\/div>\n\n\t<\/div>\n\n<\/div><div class=\"modula-item effect-pufrobo\" >\n\t<div class=\"modula-item-overlay\"><\/div>\n\n\t<div class=\"modula-item-content\">\n\n\t\t<a data-image-id=\"9547\" role=\"button\" data-elementor-open-lightbox=\"no\" tabindex=\"0\" rel=\"jtg-16225\" data-caption=\"\" aria-label=\"Open image in lightbox\" class=\"tile-inner modula-item-link\"><\/a><img loading=\"lazy\" decoding=\"async\" class=\"pic wp-image-9547\"  data-valign=\"middle\" data-halign=\"center\" alt=\"\" data-full=\"https:\/\/gaetaneglize.com\/wp-content\/uploads\/2022\/03\/marine-paul-photographie-mariage-boheme-landes-2397_websize.jpg\" title=\"Marine + Paul\" crop=\"\" width=\"1600\" height=\"1067\" src=\"https:\/\/gaetaneglize.com\/wp-content\/uploads\/2022\/03\/marine-paul-photographie-mariage-boheme-landes-2397_websize.jpg\" data-src=\"https:\/\/gaetaneglize.com\/wp-content\/uploads\/2022\/03\/marine-paul-photographie-mariage-boheme-landes-2397_websize.jpg\" data-caption=\"\" srcset=\"https:\/\/gaetaneglize.com\/wp-content\/uploads\/2022\/03\/marine-paul-photographie-mariage-boheme-landes-2397_websize.jpg 1600w, https:\/\/gaetaneglize.com\/wp-content\/uploads\/2022\/03\/marine-paul-photographie-mariage-boheme-landes-2397_websize-300x200.jpg 300w, https:\/\/gaetaneglize.com\/wp-content\/uploads\/2022\/03\/marine-paul-photographie-mariage-boheme-landes-2397_websize-1024x683.jpg 1024w, https:\/\/gaetaneglize.com\/wp-content\/uploads\/2022\/03\/marine-paul-photographie-mariage-boheme-landes-2397_websize-768x512.jpg 768w, https:\/\/gaetaneglize.com\/wp-content\/uploads\/2022\/03\/marine-paul-photographie-mariage-boheme-landes-2397_websize-1536x1024.jpg 1536w\" sizes=\"(max-width: 1600px) 100vw, 1600px\" \/>\n\t\t<div class=\"figc no-description\">\n\t\t\t<div class=\"figc-inner\">\n\t\t\t\t\t\t\t\t\t\t\t\t\t\t\t<\/div>\n\t\t<\/div>\n\n\t<\/div>\n\n<\/div><div class=\"modula-item effect-pufrobo\" >\n\t<div class=\"modula-item-overlay\"><\/div>\n\n\t<div class=\"modula-item-content\">\n\n\t\t<a data-image-id=\"16018\" role=\"button\" data-elementor-open-lightbox=\"no\" tabindex=\"0\" rel=\"jtg-16225\" data-caption=\"\" aria-label=\"Open image in lightbox\" class=\"tile-inner modula-item-link\"><\/a><img loading=\"lazy\" decoding=\"async\" class=\"pic wp-image-16018\"  data-valign=\"middle\" data-halign=\"center\" alt=\"\" data-full=\"https:\/\/gaetaneglize.com\/wp-content\/uploads\/2024\/12\/lydie-cedric-photographie-mariage-chateau-landes-preview-1007_websize.jpg\" title=\"lydie-cedric-photographie-mariage-chateau-landes-preview-1007_websize\" crop=\"\" width=\"1600\" height=\"1067\" src=\"https:\/\/gaetaneglize.com\/wp-content\/uploads\/2024\/12\/lydie-cedric-photographie-mariage-chateau-landes-preview-1007_websize.jpg\" data-src=\"https:\/\/gaetaneglize.com\/wp-content\/uploads\/2024\/12\/lydie-cedric-photographie-mariage-chateau-landes-preview-1007_websize.jpg\" data-caption=\"\" srcset=\"https:\/\/gaetaneglize.com\/wp-content\/uploads\/2024\/12\/lydie-cedric-photographie-mariage-chateau-landes-preview-1007_websize.jpg 1600w, https:\/\/gaetaneglize.com\/wp-content\/uploads\/2024\/12\/lydie-cedric-photographie-mariage-chateau-landes-preview-1007_websize-300x200.jpg 300w, https:\/\/gaetaneglize.com\/wp-content\/uploads\/2024\/12\/lydie-cedric-photographie-mariage-chateau-landes-preview-1007_websize-1024x683.jpg 1024w, https:\/\/gaetaneglize.com\/wp-content\/uploads\/2024\/12\/lydie-cedric-photographie-mariage-chateau-landes-preview-1007_websize-768x512.jpg 768w, https:\/\/gaetaneglize.com\/wp-content\/uploads\/2024\/12\/lydie-cedric-photographie-mariage-chateau-landes-preview-1007_websize-1536x1024.jpg 1536w\" sizes=\"(max-width: 1600px) 100vw, 1600px\" \/>\n\t\t<div class=\"figc no-description\">\n\t\t\t<div class=\"figc-inner\">\n\t\t\t\t\t\t\t\t\t\t\t\t\t\t\t<\/div>\n\t\t<\/div>\n\n\t<\/div>\n\n<\/div><div class=\"modula-item effect-pufrobo\" >\n\t<div class=\"modula-item-overlay\"><\/div>\n\n\t<div class=\"modula-item-content\">\n\n\t\t<a data-image-id=\"15784\" role=\"button\" data-elementor-open-lightbox=\"no\" tabindex=\"0\" rel=\"jtg-16225\" data-caption=\"\" aria-label=\"Open image in lightbox\" class=\"tile-inner modula-item-link\"><\/a><img loading=\"lazy\" decoding=\"async\" class=\"pic wp-image-15784\"  data-valign=\"middle\" data-halign=\"center\" alt=\"\" data-full=\"https:\/\/gaetaneglize.com\/wp-content\/uploads\/2024\/12\/mariage-renaissance-chateau-poudenas_gaetane-glize-photographie_1125.jpg\" title=\"Mariage Renaissance\" crop=\"\" width=\"1600\" height=\"1067\" src=\"https:\/\/gaetaneglize.com\/wp-content\/uploads\/2024\/12\/mariage-renaissance-chateau-poudenas_gaetane-glize-photographie_1125.jpg\" data-src=\"https:\/\/gaetaneglize.com\/wp-content\/uploads\/2024\/12\/mariage-renaissance-chateau-poudenas_gaetane-glize-photographie_1125.jpg\" data-caption=\"\" srcset=\"https:\/\/gaetaneglize.com\/wp-content\/uploads\/2024\/12\/mariage-renaissance-chateau-poudenas_gaetane-glize-photographie_1125.jpg 1600w, https:\/\/gaetaneglize.com\/wp-content\/uploads\/2024\/12\/mariage-renaissance-chateau-poudenas_gaetane-glize-photographie_1125-300x200.jpg 300w, https:\/\/gaetaneglize.com\/wp-content\/uploads\/2024\/12\/mariage-renaissance-chateau-poudenas_gaetane-glize-photographie_1125-1024x683.jpg 1024w, https:\/\/gaetaneglize.com\/wp-content\/uploads\/2024\/12\/mariage-renaissance-chateau-poudenas_gaetane-glize-photographie_1125-768x512.jpg 768w, https:\/\/gaetaneglize.com\/wp-content\/uploads\/2024\/12\/mariage-renaissance-chateau-poudenas_gaetane-glize-photographie_1125-1536x1024.jpg 1536w\" sizes=\"(max-width: 1600px) 100vw, 1600px\" \/>\n\t\t<div class=\"figc no-description\">\n\t\t\t<div class=\"figc-inner\">\n\t\t\t\t\t\t\t\t\t\t\t\t\t\t\t<\/div>\n\t\t<\/div>\n\n\t<\/div>\n\n<\/div><div class=\"modula-item effect-pufrobo\" >\n\t<div class=\"modula-item-overlay\"><\/div>\n\n\t<div class=\"modula-item-content\">\n\n\t\t<a data-image-id=\"14897\" role=\"button\" data-elementor-open-lightbox=\"no\" tabindex=\"0\" rel=\"jtg-16225\" data-caption=\"\" aria-label=\"Open image in lightbox\" class=\"tile-inner modula-item-link\"><\/a><img loading=\"lazy\" decoding=\"async\" class=\"pic wp-image-14897\"  data-valign=\"middle\" data-halign=\"center\" alt=\"\" data-full=\"https:\/\/gaetaneglize.com\/wp-content\/uploads\/2024\/09\/laurene-grant-french-american-wedding-chateau-loire-valley-2160_websize.jpg\" title=\"Laur\u00e8ne + Grant\" crop=\"\" width=\"1600\" height=\"1067\" src=\"https:\/\/gaetaneglize.com\/wp-content\/uploads\/2024\/09\/laurene-grant-french-american-wedding-chateau-loire-valley-2160_websize.jpg\" data-src=\"https:\/\/gaetaneglize.com\/wp-content\/uploads\/2024\/09\/laurene-grant-french-american-wedding-chateau-loire-valley-2160_websize.jpg\" data-caption=\"\" srcset=\"https:\/\/gaetaneglize.com\/wp-content\/uploads\/2024\/09\/laurene-grant-french-american-wedding-chateau-loire-valley-2160_websize.jpg 1600w, https:\/\/gaetaneglize.com\/wp-content\/uploads\/2024\/09\/laurene-grant-french-american-wedding-chateau-loire-valley-2160_websize-300x200.jpg 300w, https:\/\/gaetaneglize.com\/wp-content\/uploads\/2024\/09\/laurene-grant-french-american-wedding-chateau-loire-valley-2160_websize-1024x683.jpg 1024w, https:\/\/gaetaneglize.com\/wp-content\/uploads\/2024\/09\/laurene-grant-french-american-wedding-chateau-loire-valley-2160_websize-768x512.jpg 768w, https:\/\/gaetaneglize.com\/wp-content\/uploads\/2024\/09\/laurene-grant-french-american-wedding-chateau-loire-valley-2160_websize-1536x1024.jpg 1536w\" sizes=\"(max-width: 1600px) 100vw, 1600px\" \/>\n\t\t<div class=\"figc no-description\">\n\t\t\t<div class=\"figc-inner\">\n\t\t\t\t\t\t\t\t\t\t\t\t\t\t\t<\/div>\n\t\t<\/div>\n\n\t<\/div>\n\n<\/div><div class=\"modula-item effect-pufrobo\" >\n\t<div class=\"modula-item-overlay\"><\/div>\n\n\t<div class=\"modula-item-content\">\n\n\t\t<a data-image-id=\"16030\" role=\"button\" data-elementor-open-lightbox=\"no\" tabindex=\"0\" rel=\"jtg-16225\" data-caption=\"\" aria-label=\"Open image in lightbox\" class=\"tile-inner modula-item-link\"><\/a><img loading=\"lazy\" decoding=\"async\" class=\"pic wp-image-16030\"  data-valign=\"middle\" data-halign=\"center\" alt=\"\" data-full=\"https:\/\/gaetaneglize.com\/wp-content\/uploads\/2024\/12\/mariage-renaissance-chateau-poudenas_gaetane-glize-photographie-1227_websize.jpg\" title=\"mariage-renaissance-chateau-poudenas_gaetane-glize-photographie-1227_websize\" crop=\"\" width=\"1067\" height=\"1600\" src=\"https:\/\/gaetaneglize.com\/wp-content\/uploads\/2024\/12\/mariage-renaissance-chateau-poudenas_gaetane-glize-photographie-1227_websize.jpg\" data-src=\"https:\/\/gaetaneglize.com\/wp-content\/uploads\/2024\/12\/mariage-renaissance-chateau-poudenas_gaetane-glize-photographie-1227_websize.jpg\" data-caption=\"\" srcset=\"https:\/\/gaetaneglize.com\/wp-content\/uploads\/2024\/12\/mariage-renaissance-chateau-poudenas_gaetane-glize-photographie-1227_websize.jpg 1067w, https:\/\/gaetaneglize.com\/wp-content\/uploads\/2024\/12\/mariage-renaissance-chateau-poudenas_gaetane-glize-photographie-1227_websize-200x300.jpg 200w, https:\/\/gaetaneglize.com\/wp-content\/uploads\/2024\/12\/mariage-renaissance-chateau-poudenas_gaetane-glize-photographie-1227_websize-683x1024.jpg 683w, https:\/\/gaetaneglize.com\/wp-content\/uploads\/2024\/12\/mariage-renaissance-chateau-poudenas_gaetane-glize-photographie-1227_websize-768x1152.jpg 768w, https:\/\/gaetaneglize.com\/wp-content\/uploads\/2024\/12\/mariage-renaissance-chateau-poudenas_gaetane-glize-photographie-1227_websize-1024x1536.jpg 1024w\" sizes=\"(max-width: 1067px) 100vw, 1067px\" \/>\n\t\t<div class=\"figc no-description\">\n\t\t\t<div class=\"figc-inner\">\n\t\t\t\t\t\t\t\t\t\t\t\t\t\t\t<\/div>\n\t\t<\/div>\n\n\t<\/div>\n\n<\/div><div class=\"modula-item effect-pufrobo\" >\n\t<div class=\"modula-item-overlay\"><\/div>\n\n\t<div class=\"modula-item-content\">\n\n\t\t<a data-image-id=\"8909\" role=\"button\" data-elementor-open-lightbox=\"no\" tabindex=\"0\" rel=\"jtg-16225\" data-caption=\"\" aria-label=\"Open image in lightbox\" class=\"tile-inner modula-item-link\"><\/a><img loading=\"lazy\" decoding=\"async\" class=\"pic wp-image-8909\"  data-valign=\"middle\" data-halign=\"center\" alt=\"\" data-full=\"https:\/\/gaetaneglize.com\/wp-content\/uploads\/2022\/03\/naiti-maxime-photographe-mariage-bordeaux-gironde-aquitaine-1195_websize.jpg\" title=\"Na\u00efti + Maxime\" crop=\"\" width=\"1600\" height=\"1067\" src=\"https:\/\/gaetaneglize.com\/wp-content\/uploads\/2022\/03\/naiti-maxime-photographe-mariage-bordeaux-gironde-aquitaine-1195_websize.jpg\" data-src=\"https:\/\/gaetaneglize.com\/wp-content\/uploads\/2022\/03\/naiti-maxime-photographe-mariage-bordeaux-gironde-aquitaine-1195_websize.jpg\" data-caption=\"\" srcset=\"https:\/\/gaetaneglize.com\/wp-content\/uploads\/2022\/03\/naiti-maxime-photographe-mariage-bordeaux-gironde-aquitaine-1195_websize.jpg 1600w, https:\/\/gaetaneglize.com\/wp-content\/uploads\/2022\/03\/naiti-maxime-photographe-mariage-bordeaux-gironde-aquitaine-1195_websize-300x200.jpg 300w, https:\/\/gaetaneglize.com\/wp-content\/uploads\/2022\/03\/naiti-maxime-photographe-mariage-bordeaux-gironde-aquitaine-1195_websize-1024x683.jpg 1024w, https:\/\/gaetaneglize.com\/wp-content\/uploads\/2022\/03\/naiti-maxime-photographe-mariage-bordeaux-gironde-aquitaine-1195_websize-768x512.jpg 768w, https:\/\/gaetaneglize.com\/wp-content\/uploads\/2022\/03\/naiti-maxime-photographe-mariage-bordeaux-gironde-aquitaine-1195_websize-1536x1024.jpg 1536w\" sizes=\"(max-width: 1600px) 100vw, 1600px\" \/>\n\t\t<div class=\"figc no-description\">\n\t\t\t<div class=\"figc-inner\">\n\t\t\t\t\t\t\t\t\t\t\t\t\t\t\t<\/div>\n\t\t<\/div>\n\n\t<\/div>\n\n<\/div><div class=\"modula-item effect-pufrobo\" >\n\t<div class=\"modula-item-overlay\"><\/div>\n\n\t<div class=\"modula-item-content\">\n\n\t\t<a data-image-id=\"15766\" role=\"button\" data-elementor-open-lightbox=\"no\" tabindex=\"0\" rel=\"jtg-16225\" data-caption=\"\" aria-label=\"Open image in lightbox\" class=\"tile-inner modula-item-link\"><\/a><img loading=\"lazy\" decoding=\"async\" class=\"pic wp-image-15766\"  data-valign=\"middle\" data-halign=\"center\" alt=\"\" data-full=\"https:\/\/gaetaneglize.com\/wp-content\/uploads\/2024\/12\/mariage-renaissance-chateau-poudenas_gaetane-glize-photographie_1154.jpg\" title=\"Mariage Renaissance\" crop=\"\" width=\"1600\" height=\"1067\" src=\"https:\/\/gaetaneglize.com\/wp-content\/uploads\/2024\/12\/mariage-renaissance-chateau-poudenas_gaetane-glize-photographie_1154.jpg\" data-src=\"https:\/\/gaetaneglize.com\/wp-content\/uploads\/2024\/12\/mariage-renaissance-chateau-poudenas_gaetane-glize-photographie_1154.jpg\" data-caption=\"\" srcset=\"https:\/\/gaetaneglize.com\/wp-content\/uploads\/2024\/12\/mariage-renaissance-chateau-poudenas_gaetane-glize-photographie_1154.jpg 1600w, https:\/\/gaetaneglize.com\/wp-content\/uploads\/2024\/12\/mariage-renaissance-chateau-poudenas_gaetane-glize-photographie_1154-300x200.jpg 300w, https:\/\/gaetaneglize.com\/wp-content\/uploads\/2024\/12\/mariage-renaissance-chateau-poudenas_gaetane-glize-photographie_1154-1024x683.jpg 1024w, https:\/\/gaetaneglize.com\/wp-content\/uploads\/2024\/12\/mariage-renaissance-chateau-poudenas_gaetane-glize-photographie_1154-768x512.jpg 768w, https:\/\/gaetaneglize.com\/wp-content\/uploads\/2024\/12\/mariage-renaissance-chateau-poudenas_gaetane-glize-photographie_1154-1536x1024.jpg 1536w\" sizes=\"(max-width: 1600px) 100vw, 1600px\" \/>\n\t\t<div class=\"figc no-description\">\n\t\t\t<div class=\"figc-inner\">\n\t\t\t\t\t\t\t\t\t\t\t\t\t\t\t<\/div>\n\t\t<\/div>\n\n\t<\/div>\n\n<\/div><div class=\"modula-item effect-pufrobo\" >\n\t<div class=\"modula-item-overlay\"><\/div>\n\n\t<div class=\"modula-item-content\">\n\n\t\t<a data-image-id=\"11832\" role=\"button\" data-elementor-open-lightbox=\"no\" tabindex=\"0\" rel=\"jtg-16225\" data-caption=\"\" aria-label=\"Open image in lightbox\" class=\"tile-inner modula-item-link\"><\/a><img loading=\"lazy\" decoding=\"async\" class=\"pic wp-image-11832\"  data-valign=\"middle\" data-halign=\"center\" alt=\"Un moment d\u00e9licat entre les mari\u00e9s captur\u00e9 par la photographe de mariage Ga\u00e9tane Glize dans les Landes.\" data-full=\"https:\/\/gaetaneglize.com\/wp-content\/uploads\/2022\/12\/photo-couple-mariage-chateau-bordeaux-1005.jpg\" title=\"photo-couple-mariage-chateau-bordeaux-1005\" crop=\"\" width=\"2250\" height=\"1500\" src=\"https:\/\/gaetaneglize.com\/wp-content\/uploads\/2022\/12\/photo-couple-mariage-chateau-bordeaux-1005.jpg\" data-src=\"https:\/\/gaetaneglize.com\/wp-content\/uploads\/2022\/12\/photo-couple-mariage-chateau-bordeaux-1005.jpg\" data-caption=\"\" srcset=\"https:\/\/gaetaneglize.com\/wp-content\/uploads\/2022\/12\/photo-couple-mariage-chateau-bordeaux-1005.jpg 2250w, https:\/\/gaetaneglize.com\/wp-content\/uploads\/2022\/12\/photo-couple-mariage-chateau-bordeaux-1005-300x200.jpg 300w, https:\/\/gaetaneglize.com\/wp-content\/uploads\/2022\/12\/photo-couple-mariage-chateau-bordeaux-1005-1024x683.jpg 1024w, https:\/\/gaetaneglize.com\/wp-content\/uploads\/2022\/12\/photo-couple-mariage-chateau-bordeaux-1005-768x512.jpg 768w, https:\/\/gaetaneglize.com\/wp-content\/uploads\/2022\/12\/photo-couple-mariage-chateau-bordeaux-1005-1536x1024.jpg 1536w, https:\/\/gaetaneglize.com\/wp-content\/uploads\/2022\/12\/photo-couple-mariage-chateau-bordeaux-1005-2048x1365.jpg 2048w\" sizes=\"(max-width: 2250px) 100vw, 2250px\" \/>\n\t\t<div class=\"figc no-description\">\n\t\t\t<div class=\"figc-inner\">\n\t\t\t\t\t\t\t\t\t\t\t\t\t\t\t<\/div>\n\t\t<\/div>\n\n\t<\/div>\n\n<\/div><div class=\"modula-item effect-pufrobo\" >\n\t<div class=\"modula-item-overlay\"><\/div>\n\n\t<div class=\"modula-item-content\">\n\n\t\t<a data-image-id=\"16092\" role=\"button\" data-elementor-open-lightbox=\"no\" tabindex=\"0\" rel=\"jtg-16225\" data-caption=\"\" aria-label=\"Open image in lightbox\" class=\"tile-inner modula-item-link\"><\/a><img loading=\"lazy\" decoding=\"async\" class=\"pic wp-image-16092\"  data-valign=\"middle\" data-halign=\"center\" alt=\"Les mari\u00e9s sortent de leur c\u00e9r\u00e9monie religieuse de mariage \u00e0 l&#039;\u00e9glise d&#039;Amou. Les invit\u00e9s les acclament et c\u00e9l\u00e8brent leur union.\" data-full=\"https:\/\/gaetaneglize.com\/wp-content\/uploads\/2024\/12\/michelle-bertrand-photo-mariage-chateau-amou-landes-1492_websize.jpg\" title=\"michelle-bertrand-photo-mariage-chateau-amou-landes-1492_websize\" crop=\"\" width=\"1600\" height=\"1067\" src=\"https:\/\/gaetaneglize.com\/wp-content\/uploads\/2024\/12\/michelle-bertrand-photo-mariage-chateau-amou-landes-1492_websize.jpg\" data-src=\"https:\/\/gaetaneglize.com\/wp-content\/uploads\/2024\/12\/michelle-bertrand-photo-mariage-chateau-amou-landes-1492_websize.jpg\" data-caption=\"\" srcset=\"https:\/\/gaetaneglize.com\/wp-content\/uploads\/2024\/12\/michelle-bertrand-photo-mariage-chateau-amou-landes-1492_websize.jpg 1600w, https:\/\/gaetaneglize.com\/wp-content\/uploads\/2024\/12\/michelle-bertrand-photo-mariage-chateau-amou-landes-1492_websize-300x200.jpg 300w, https:\/\/gaetaneglize.com\/wp-content\/uploads\/2024\/12\/michelle-bertrand-photo-mariage-chateau-amou-landes-1492_websize-1024x683.jpg 1024w, https:\/\/gaetaneglize.com\/wp-content\/uploads\/2024\/12\/michelle-bertrand-photo-mariage-chateau-amou-landes-1492_websize-768x512.jpg 768w, https:\/\/gaetaneglize.com\/wp-content\/uploads\/2024\/12\/michelle-bertrand-photo-mariage-chateau-amou-landes-1492_websize-1536x1024.jpg 1536w\" sizes=\"(max-width: 1600px) 100vw, 1600px\" \/>\n\t\t<div class=\"figc no-description\">\n\t\t\t<div class=\"figc-inner\">\n\t\t\t\t\t\t\t\t\t\t\t\t\t\t\t<\/div>\n\t\t<\/div>\n\n\t<\/div>\n\n<\/div><div class=\"modula-item effect-pufrobo\" >\n\t<div class=\"modula-item-overlay\"><\/div>\n\n\t<div class=\"modula-item-content\">\n\n\t\t<a data-image-id=\"15983\" role=\"button\" data-elementor-open-lightbox=\"no\" tabindex=\"0\" rel=\"jtg-16225\" data-caption=\"\" aria-label=\"Open image in lightbox\" class=\"tile-inner modula-item-link\"><\/a><img loading=\"lazy\" decoding=\"async\" class=\"pic wp-image-15983\"  data-valign=\"middle\" data-halign=\"center\" alt=\"\" data-full=\"https:\/\/gaetaneglize.com\/wp-content\/uploads\/2024\/12\/laurene-grant-french-american-wedding-chateau-loire-valley-2022_websize.jpg\" title=\"laurene-grant-french-american-wedding-chateau-loire-valley-2022_websize\" crop=\"\" width=\"1067\" height=\"1600\" src=\"https:\/\/gaetaneglize.com\/wp-content\/uploads\/2024\/12\/laurene-grant-french-american-wedding-chateau-loire-valley-2022_websize.jpg\" data-src=\"https:\/\/gaetaneglize.com\/wp-content\/uploads\/2024\/12\/laurene-grant-french-american-wedding-chateau-loire-valley-2022_websize.jpg\" data-caption=\"\" srcset=\"https:\/\/gaetaneglize.com\/wp-content\/uploads\/2024\/12\/laurene-grant-french-american-wedding-chateau-loire-valley-2022_websize.jpg 1067w, https:\/\/gaetaneglize.com\/wp-content\/uploads\/2024\/12\/laurene-grant-french-american-wedding-chateau-loire-valley-2022_websize-200x300.jpg 200w, https:\/\/gaetaneglize.com\/wp-content\/uploads\/2024\/12\/laurene-grant-french-american-wedding-chateau-loire-valley-2022_websize-683x1024.jpg 683w, https:\/\/gaetaneglize.com\/wp-content\/uploads\/2024\/12\/laurene-grant-french-american-wedding-chateau-loire-valley-2022_websize-768x1152.jpg 768w, https:\/\/gaetaneglize.com\/wp-content\/uploads\/2024\/12\/laurene-grant-french-american-wedding-chateau-loire-valley-2022_websize-1024x1536.jpg 1024w\" sizes=\"(max-width: 1067px) 100vw, 1067px\" \/>\n\t\t<div class=\"figc no-description\">\n\t\t\t<div class=\"figc-inner\">\n\t\t\t\t\t\t\t\t\t\t\t\t\t\t\t<\/div>\n\t\t<\/div>\n\n\t<\/div>\n\n<\/div><div class=\"modula-item effect-pufrobo\" >\n\t<div class=\"modula-item-overlay\"><\/div>\n\n\t<div class=\"modula-item-content\">\n\n\t\t<a data-image-id=\"16036\" role=\"button\" data-elementor-open-lightbox=\"no\" tabindex=\"0\" rel=\"jtg-16225\" data-caption=\"\" aria-label=\"Open image in lightbox\" class=\"tile-inner modula-item-link\"><\/a><img loading=\"lazy\" decoding=\"async\" class=\"pic wp-image-16036\"  data-valign=\"middle\" data-halign=\"center\" alt=\"\" data-full=\"https:\/\/gaetaneglize.com\/wp-content\/uploads\/2024\/12\/mariage-renaissance-chateau-poudenas_gaetane-glize-photographie-1471_websize.jpg\" title=\"mariage-renaissance-chateau-poudenas_gaetane-glize-photographie-1471_websize\" crop=\"\" width=\"1600\" height=\"1067\" src=\"https:\/\/gaetaneglize.com\/wp-content\/uploads\/2024\/12\/mariage-renaissance-chateau-poudenas_gaetane-glize-photographie-1471_websize.jpg\" data-src=\"https:\/\/gaetaneglize.com\/wp-content\/uploads\/2024\/12\/mariage-renaissance-chateau-poudenas_gaetane-glize-photographie-1471_websize.jpg\" data-caption=\"\" srcset=\"https:\/\/gaetaneglize.com\/wp-content\/uploads\/2024\/12\/mariage-renaissance-chateau-poudenas_gaetane-glize-photographie-1471_websize.jpg 1600w, https:\/\/gaetaneglize.com\/wp-content\/uploads\/2024\/12\/mariage-renaissance-chateau-poudenas_gaetane-glize-photographie-1471_websize-300x200.jpg 300w, https:\/\/gaetaneglize.com\/wp-content\/uploads\/2024\/12\/mariage-renaissance-chateau-poudenas_gaetane-glize-photographie-1471_websize-1024x683.jpg 1024w, https:\/\/gaetaneglize.com\/wp-content\/uploads\/2024\/12\/mariage-renaissance-chateau-poudenas_gaetane-glize-photographie-1471_websize-768x512.jpg 768w, https:\/\/gaetaneglize.com\/wp-content\/uploads\/2024\/12\/mariage-renaissance-chateau-poudenas_gaetane-glize-photographie-1471_websize-1536x1024.jpg 1536w\" sizes=\"(max-width: 1600px) 100vw, 1600px\" \/>\n\t\t<div class=\"figc no-description\">\n\t\t\t<div class=\"figc-inner\">\n\t\t\t\t\t\t\t\t\t\t\t\t\t\t\t<\/div>\n\t\t<\/div>\n\n\t<\/div>\n\n<\/div><div class=\"modula-item effect-pufrobo\" >\n\t<div class=\"modula-item-overlay\"><\/div>\n\n\t<div class=\"modula-item-content\">\n\n\t\t<a data-image-id=\"9421\" role=\"button\" data-elementor-open-lightbox=\"no\" tabindex=\"0\" rel=\"jtg-16225\" data-caption=\"\" aria-label=\"Open image in lightbox\" class=\"tile-inner modula-item-link\"><\/a><img loading=\"lazy\" decoding=\"async\" class=\"pic wp-image-9421\"  data-valign=\"middle\" data-halign=\"center\" alt=\"\" data-full=\"https:\/\/gaetaneglize.com\/wp-content\/uploads\/2022\/03\/camille-reha-mariage-intimiste-cocobarn-woodlodge-landes-1533_websize.jpg\" title=\"Camille + Reha\" crop=\"\" width=\"1600\" height=\"1067\" src=\"https:\/\/gaetaneglize.com\/wp-content\/uploads\/2022\/03\/camille-reha-mariage-intimiste-cocobarn-woodlodge-landes-1533_websize.jpg\" data-src=\"https:\/\/gaetaneglize.com\/wp-content\/uploads\/2022\/03\/camille-reha-mariage-intimiste-cocobarn-woodlodge-landes-1533_websize.jpg\" data-caption=\"\" srcset=\"https:\/\/gaetaneglize.com\/wp-content\/uploads\/2022\/03\/camille-reha-mariage-intimiste-cocobarn-woodlodge-landes-1533_websize.jpg 1600w, https:\/\/gaetaneglize.com\/wp-content\/uploads\/2022\/03\/camille-reha-mariage-intimiste-cocobarn-woodlodge-landes-1533_websize-300x200.jpg 300w, https:\/\/gaetaneglize.com\/wp-content\/uploads\/2022\/03\/camille-reha-mariage-intimiste-cocobarn-woodlodge-landes-1533_websize-1024x683.jpg 1024w, https:\/\/gaetaneglize.com\/wp-content\/uploads\/2022\/03\/camille-reha-mariage-intimiste-cocobarn-woodlodge-landes-1533_websize-768x512.jpg 768w, https:\/\/gaetaneglize.com\/wp-content\/uploads\/2022\/03\/camille-reha-mariage-intimiste-cocobarn-woodlodge-landes-1533_websize-1536x1024.jpg 1536w\" sizes=\"(max-width: 1600px) 100vw, 1600px\" \/>\n\t\t<div class=\"figc no-description\">\n\t\t\t<div class=\"figc-inner\">\n\t\t\t\t\t\t\t\t\t\t\t\t\t\t\t<\/div>\n\t\t<\/div>\n\n\t<\/div>\n\n<\/div><div class=\"modula-item effect-pufrobo\" >\n\t<div class=\"modula-item-overlay\"><\/div>\n\n\t<div class=\"modula-item-content\">\n\n\t\t<a data-image-id=\"16044\" role=\"button\" data-elementor-open-lightbox=\"no\" tabindex=\"0\" rel=\"jtg-16225\" data-caption=\"\" aria-label=\"Open image in lightbox\" class=\"tile-inner modula-item-link\"><\/a><img loading=\"lazy\" decoding=\"async\" class=\"pic wp-image-16044\"  data-valign=\"middle\" data-halign=\"center\" alt=\"\" data-full=\"https:\/\/gaetaneglize.com\/wp-content\/uploads\/2024\/12\/margaux-baptiste-mariage-chateau-loire-1463_websize.jpg\" title=\"margaux-baptiste-mariage-chateau-loire-1463_websize\" crop=\"\" width=\"1067\" height=\"1600\" src=\"https:\/\/gaetaneglize.com\/wp-content\/uploads\/2024\/12\/margaux-baptiste-mariage-chateau-loire-1463_websize.jpg\" data-src=\"https:\/\/gaetaneglize.com\/wp-content\/uploads\/2024\/12\/margaux-baptiste-mariage-chateau-loire-1463_websize.jpg\" data-caption=\"\" srcset=\"https:\/\/gaetaneglize.com\/wp-content\/uploads\/2024\/12\/margaux-baptiste-mariage-chateau-loire-1463_websize.jpg 1067w, https:\/\/gaetaneglize.com\/wp-content\/uploads\/2024\/12\/margaux-baptiste-mariage-chateau-loire-1463_websize-200x300.jpg 200w, https:\/\/gaetaneglize.com\/wp-content\/uploads\/2024\/12\/margaux-baptiste-mariage-chateau-loire-1463_websize-683x1024.jpg 683w, https:\/\/gaetaneglize.com\/wp-content\/uploads\/2024\/12\/margaux-baptiste-mariage-chateau-loire-1463_websize-768x1152.jpg 768w, https:\/\/gaetaneglize.com\/wp-content\/uploads\/2024\/12\/margaux-baptiste-mariage-chateau-loire-1463_websize-1024x1536.jpg 1024w\" sizes=\"(max-width: 1067px) 100vw, 1067px\" \/>\n\t\t<div class=\"figc no-description\">\n\t\t\t<div class=\"figc-inner\">\n\t\t\t\t\t\t\t\t\t\t\t\t\t\t\t<\/div>\n\t\t<\/div>\n\n\t<\/div>\n\n<\/div><div class=\"modula-item effect-pufrobo\" >\n\t<div class=\"modula-item-overlay\"><\/div>\n\n\t<div class=\"modula-item-content\">\n\n\t\t<a data-image-id=\"8594\" role=\"button\" data-elementor-open-lightbox=\"no\" tabindex=\"0\" rel=\"jtg-16225\" data-caption=\"\" aria-label=\"Open image in lightbox\" class=\"tile-inner modula-item-link\"><\/a><img loading=\"lazy\" decoding=\"async\" class=\"pic wp-image-8594\"  data-valign=\"middle\" data-halign=\"center\" alt=\"\" data-full=\"https:\/\/gaetaneglize.com\/wp-content\/uploads\/2022\/01\/fanny-philippe-photographe-mariage-landes-aquitaine-1684_websize.jpg\" title=\"Fanny + Philippe\" crop=\"\" width=\"1600\" height=\"1067\" src=\"https:\/\/gaetaneglize.com\/wp-content\/uploads\/2022\/01\/fanny-philippe-photographe-mariage-landes-aquitaine-1684_websize.jpg\" data-src=\"https:\/\/gaetaneglize.com\/wp-content\/uploads\/2022\/01\/fanny-philippe-photographe-mariage-landes-aquitaine-1684_websize.jpg\" data-caption=\"\" srcset=\"https:\/\/gaetaneglize.com\/wp-content\/uploads\/2022\/01\/fanny-philippe-photographe-mariage-landes-aquitaine-1684_websize.jpg 1600w, https:\/\/gaetaneglize.com\/wp-content\/uploads\/2022\/01\/fanny-philippe-photographe-mariage-landes-aquitaine-1684_websize-300x200.jpg 300w, https:\/\/gaetaneglize.com\/wp-content\/uploads\/2022\/01\/fanny-philippe-photographe-mariage-landes-aquitaine-1684_websize-1024x683.jpg 1024w, https:\/\/gaetaneglize.com\/wp-content\/uploads\/2022\/01\/fanny-philippe-photographe-mariage-landes-aquitaine-1684_websize-768x512.jpg 768w, https:\/\/gaetaneglize.com\/wp-content\/uploads\/2022\/01\/fanny-philippe-photographe-mariage-landes-aquitaine-1684_websize-1536x1024.jpg 1536w\" sizes=\"(max-width: 1600px) 100vw, 1600px\" \/>\n\t\t<div class=\"figc no-description\">\n\t\t\t<div class=\"figc-inner\">\n\t\t\t\t\t\t\t\t\t\t\t\t\t\t\t<\/div>\n\t\t<\/div>\n\n\t<\/div>\n\n<\/div><div class=\"modula-item effect-pufrobo\" >\n\t<div class=\"modula-item-overlay\"><\/div>\n\n\t<div class=\"modula-item-content\">\n\n\t\t<a data-image-id=\"9499\" role=\"button\" data-elementor-open-lightbox=\"no\" tabindex=\"0\" rel=\"jtg-16225\" data-caption=\"\" aria-label=\"Open image in lightbox\" class=\"tile-inner modula-item-link\"><\/a><img loading=\"lazy\" decoding=\"async\" class=\"pic wp-image-9499\"  data-valign=\"middle\" data-halign=\"center\" alt=\"\" data-full=\"https:\/\/gaetaneglize.com\/wp-content\/uploads\/2022\/03\/marine-paul-photographie-mariage-boheme-landes-2158_websize.jpg\" title=\"Marine + Paul\" crop=\"\" width=\"1600\" height=\"1067\" src=\"https:\/\/gaetaneglize.com\/wp-content\/uploads\/2022\/03\/marine-paul-photographie-mariage-boheme-landes-2158_websize.jpg\" data-src=\"https:\/\/gaetaneglize.com\/wp-content\/uploads\/2022\/03\/marine-paul-photographie-mariage-boheme-landes-2158_websize.jpg\" data-caption=\"\" srcset=\"https:\/\/gaetaneglize.com\/wp-content\/uploads\/2022\/03\/marine-paul-photographie-mariage-boheme-landes-2158_websize.jpg 1600w, https:\/\/gaetaneglize.com\/wp-content\/uploads\/2022\/03\/marine-paul-photographie-mariage-boheme-landes-2158_websize-300x200.jpg 300w, https:\/\/gaetaneglize.com\/wp-content\/uploads\/2022\/03\/marine-paul-photographie-mariage-boheme-landes-2158_websize-1024x683.jpg 1024w, https:\/\/gaetaneglize.com\/wp-content\/uploads\/2022\/03\/marine-paul-photographie-mariage-boheme-landes-2158_websize-768x512.jpg 768w, https:\/\/gaetaneglize.com\/wp-content\/uploads\/2022\/03\/marine-paul-photographie-mariage-boheme-landes-2158_websize-1536x1024.jpg 1536w\" sizes=\"(max-width: 1600px) 100vw, 1600px\" \/>\n\t\t<div class=\"figc no-description\">\n\t\t\t<div class=\"figc-inner\">\n\t\t\t\t\t\t\t\t\t\t\t\t\t\t\t<\/div>\n\t\t<\/div>\n\n\t<\/div>\n\n<\/div><div class=\"modula-item effect-pufrobo\" >\n\t<div class=\"modula-item-overlay\"><\/div>\n\n\t<div class=\"modula-item-content\">\n\n\t\t<a data-image-id=\"16058\" role=\"button\" data-elementor-open-lightbox=\"no\" tabindex=\"0\" rel=\"jtg-16225\" data-caption=\"\" aria-label=\"Open image in lightbox\" class=\"tile-inner modula-item-link\"><\/a><img loading=\"lazy\" decoding=\"async\" class=\"pic wp-image-16058\"  data-valign=\"middle\" data-halign=\"center\" alt=\"\" data-full=\"https:\/\/gaetaneglize.com\/wp-content\/uploads\/2024\/12\/marine-meriadec-photographie-mariage-landes-1826_websize.jpg\" title=\"marine-meriadec-photographie-mariage-landes-1826_websize\" crop=\"\" width=\"1067\" height=\"1600\" src=\"https:\/\/gaetaneglize.com\/wp-content\/uploads\/2024\/12\/marine-meriadec-photographie-mariage-landes-1826_websize.jpg\" data-src=\"https:\/\/gaetaneglize.com\/wp-content\/uploads\/2024\/12\/marine-meriadec-photographie-mariage-landes-1826_websize.jpg\" data-caption=\"\" srcset=\"https:\/\/gaetaneglize.com\/wp-content\/uploads\/2024\/12\/marine-meriadec-photographie-mariage-landes-1826_websize.jpg 1067w, https:\/\/gaetaneglize.com\/wp-content\/uploads\/2024\/12\/marine-meriadec-photographie-mariage-landes-1826_websize-200x300.jpg 200w, https:\/\/gaetaneglize.com\/wp-content\/uploads\/2024\/12\/marine-meriadec-photographie-mariage-landes-1826_websize-683x1024.jpg 683w, https:\/\/gaetaneglize.com\/wp-content\/uploads\/2024\/12\/marine-meriadec-photographie-mariage-landes-1826_websize-768x1152.jpg 768w, https:\/\/gaetaneglize.com\/wp-content\/uploads\/2024\/12\/marine-meriadec-photographie-mariage-landes-1826_websize-1024x1536.jpg 1024w\" sizes=\"(max-width: 1067px) 100vw, 1067px\" \/>\n\t\t<div class=\"figc no-description\">\n\t\t\t<div class=\"figc-inner\">\n\t\t\t\t\t\t\t\t\t\t\t\t\t\t\t<\/div>\n\t\t<\/div>\n\n\t<\/div>\n\n<\/div><div class=\"modula-item effect-pufrobo\" >\n\t<div class=\"modula-item-overlay\"><\/div>\n\n\t<div class=\"modula-item-content\">\n\n\t\t<a data-image-id=\"9572\" role=\"button\" data-elementor-open-lightbox=\"no\" tabindex=\"0\" rel=\"jtg-16225\" data-caption=\"\" aria-label=\"Open image in lightbox\" class=\"tile-inner modula-item-link\"><\/a><img loading=\"lazy\" decoding=\"async\" class=\"pic wp-image-9572\"  data-valign=\"middle\" data-halign=\"center\" alt=\"\" data-full=\"https:\/\/gaetaneglize.com\/wp-content\/uploads\/2022\/03\/camille-reha-mariage-intimiste-cocobarn-woodlodge-landes-1860_websize.jpg\" title=\"Camille + Reha\" crop=\"\" width=\"1600\" height=\"1067\" src=\"https:\/\/gaetaneglize.com\/wp-content\/uploads\/2022\/03\/camille-reha-mariage-intimiste-cocobarn-woodlodge-landes-1860_websize.jpg\" data-src=\"https:\/\/gaetaneglize.com\/wp-content\/uploads\/2022\/03\/camille-reha-mariage-intimiste-cocobarn-woodlodge-landes-1860_websize.jpg\" data-caption=\"\" srcset=\"https:\/\/gaetaneglize.com\/wp-content\/uploads\/2022\/03\/camille-reha-mariage-intimiste-cocobarn-woodlodge-landes-1860_websize.jpg 1600w, https:\/\/gaetaneglize.com\/wp-content\/uploads\/2022\/03\/camille-reha-mariage-intimiste-cocobarn-woodlodge-landes-1860_websize-300x200.jpg 300w, https:\/\/gaetaneglize.com\/wp-content\/uploads\/2022\/03\/camille-reha-mariage-intimiste-cocobarn-woodlodge-landes-1860_websize-1024x683.jpg 1024w, https:\/\/gaetaneglize.com\/wp-content\/uploads\/2022\/03\/camille-reha-mariage-intimiste-cocobarn-woodlodge-landes-1860_websize-768x512.jpg 768w, https:\/\/gaetaneglize.com\/wp-content\/uploads\/2022\/03\/camille-reha-mariage-intimiste-cocobarn-woodlodge-landes-1860_websize-1536x1024.jpg 1536w\" sizes=\"(max-width: 1600px) 100vw, 1600px\" \/>\n\t\t<div class=\"figc no-description\">\n\t\t\t<div class=\"figc-inner\">\n\t\t\t\t\t\t\t\t\t\t\t\t\t\t\t<\/div>\n\t\t<\/div>\n\n\t<\/div>\n\n<\/div><div class=\"modula-item effect-pufrobo\" >\n\t<div class=\"modula-item-overlay\"><\/div>\n\n\t<div class=\"modula-item-content\">\n\n\t\t<a data-image-id=\"8721\" role=\"button\" data-elementor-open-lightbox=\"no\" tabindex=\"0\" rel=\"jtg-16225\" data-caption=\"\" aria-label=\"Open image in lightbox\" class=\"tile-inner modula-item-link\"><\/a><img loading=\"lazy\" decoding=\"async\" class=\"pic wp-image-8721\"  data-valign=\"middle\" data-halign=\"center\" alt=\"Un couple de mari\u00e9s sous les aurores bor\u00e9ales dans un fjord en Norv\u00e8ge sur Senja. Mariage elopement sous les aurores bor\u00e9ales avec leur photographe Ga\u00e9tane Glize.\" data-full=\"https:\/\/gaetaneglize.com\/wp-content\/uploads\/2022\/02\/northern-roads-norway-senja-northern-lights-1014_websize.jpg\" title=\"Elopement northern light norways\" crop=\"\" width=\"1600\" height=\"1067\" src=\"https:\/\/gaetaneglize.com\/wp-content\/uploads\/2022\/02\/northern-roads-norway-senja-northern-lights-1014_websize.jpg\" data-src=\"https:\/\/gaetaneglize.com\/wp-content\/uploads\/2022\/02\/northern-roads-norway-senja-northern-lights-1014_websize.jpg\" data-caption=\"\" srcset=\"https:\/\/gaetaneglize.com\/wp-content\/uploads\/2022\/02\/northern-roads-norway-senja-northern-lights-1014_websize.jpg 1600w, https:\/\/gaetaneglize.com\/wp-content\/uploads\/2022\/02\/northern-roads-norway-senja-northern-lights-1014_websize-300x200.jpg 300w, https:\/\/gaetaneglize.com\/wp-content\/uploads\/2022\/02\/northern-roads-norway-senja-northern-lights-1014_websize-1024x683.jpg 1024w, https:\/\/gaetaneglize.com\/wp-content\/uploads\/2022\/02\/northern-roads-norway-senja-northern-lights-1014_websize-768x512.jpg 768w, https:\/\/gaetaneglize.com\/wp-content\/uploads\/2022\/02\/northern-roads-norway-senja-northern-lights-1014_websize-1536x1024.jpg 1536w\" sizes=\"(max-width: 1600px) 100vw, 1600px\" \/>\n\t\t<div class=\"figc no-description\">\n\t\t\t<div class=\"figc-inner\">\n\t\t\t\t\t\t\t\t\t\t\t\t\t\t\t<\/div>\n\t\t<\/div>\n\n\t<\/div>\n\n<\/div><div class=\"modula-item effect-pufrobo\" >\n\t<div class=\"modula-item-overlay\"><\/div>\n\n\t<div class=\"modula-item-content\">\n\n\t\t<a data-image-id=\"16060\" role=\"button\" data-elementor-open-lightbox=\"no\" tabindex=\"0\" rel=\"jtg-16225\" data-caption=\"\" aria-label=\"Open image in lightbox\" class=\"tile-inner modula-item-link\"><\/a><img loading=\"lazy\" decoding=\"async\" class=\"pic wp-image-16060\"  data-valign=\"middle\" data-halign=\"center\" alt=\"\" data-full=\"https:\/\/gaetaneglize.com\/wp-content\/uploads\/2024\/12\/marine-meriadec-photographie-mariage-landes-1817_websize.jpg\" title=\"marine-meriadec-photographie-mariage-landes-1817_websize\" crop=\"\" width=\"1067\" height=\"1600\" src=\"https:\/\/gaetaneglize.com\/wp-content\/uploads\/2024\/12\/marine-meriadec-photographie-mariage-landes-1817_websize.jpg\" data-src=\"https:\/\/gaetaneglize.com\/wp-content\/uploads\/2024\/12\/marine-meriadec-photographie-mariage-landes-1817_websize.jpg\" data-caption=\"\" srcset=\"https:\/\/gaetaneglize.com\/wp-content\/uploads\/2024\/12\/marine-meriadec-photographie-mariage-landes-1817_websize.jpg 1067w, https:\/\/gaetaneglize.com\/wp-content\/uploads\/2024\/12\/marine-meriadec-photographie-mariage-landes-1817_websize-200x300.jpg 200w, https:\/\/gaetaneglize.com\/wp-content\/uploads\/2024\/12\/marine-meriadec-photographie-mariage-landes-1817_websize-683x1024.jpg 683w, https:\/\/gaetaneglize.com\/wp-content\/uploads\/2024\/12\/marine-meriadec-photographie-mariage-landes-1817_websize-768x1152.jpg 768w, https:\/\/gaetaneglize.com\/wp-content\/uploads\/2024\/12\/marine-meriadec-photographie-mariage-landes-1817_websize-1024x1536.jpg 1024w\" sizes=\"(max-width: 1067px) 100vw, 1067px\" \/>\n\t\t<div class=\"figc no-description\">\n\t\t\t<div class=\"figc-inner\">\n\t\t\t\t\t\t\t\t\t\t\t\t\t\t\t<\/div>\n\t\t<\/div>\n\n\t<\/div>\n\n<\/div><div class=\"modula-item effect-pufrobo\" >\n\t<div class=\"modula-item-overlay\"><\/div>\n\n\t<div class=\"modula-item-content\">\n\n\t\t<a data-image-id=\"8590\" role=\"button\" data-elementor-open-lightbox=\"no\" tabindex=\"0\" rel=\"jtg-16225\" data-caption=\"\" aria-label=\"Open image in lightbox\" class=\"tile-inner modula-item-link\"><\/a><img loading=\"lazy\" decoding=\"async\" class=\"pic wp-image-8590\"  data-valign=\"middle\" data-halign=\"center\" alt=\"\" data-full=\"https:\/\/gaetaneglize.com\/wp-content\/uploads\/2022\/01\/fanny-philippe-photographe-mariage-landes-aquitaine-1847_websize.jpg\" title=\"Fanny + Philippe\" crop=\"\" width=\"1600\" height=\"1067\" src=\"https:\/\/gaetaneglize.com\/wp-content\/uploads\/2022\/01\/fanny-philippe-photographe-mariage-landes-aquitaine-1847_websize.jpg\" data-src=\"https:\/\/gaetaneglize.com\/wp-content\/uploads\/2022\/01\/fanny-philippe-photographe-mariage-landes-aquitaine-1847_websize.jpg\" data-caption=\"\" srcset=\"https:\/\/gaetaneglize.com\/wp-content\/uploads\/2022\/01\/fanny-philippe-photographe-mariage-landes-aquitaine-1847_websize.jpg 1600w, https:\/\/gaetaneglize.com\/wp-content\/uploads\/2022\/01\/fanny-philippe-photographe-mariage-landes-aquitaine-1847_websize-300x200.jpg 300w, https:\/\/gaetaneglize.com\/wp-content\/uploads\/2022\/01\/fanny-philippe-photographe-mariage-landes-aquitaine-1847_websize-1024x683.jpg 1024w, https:\/\/gaetaneglize.com\/wp-content\/uploads\/2022\/01\/fanny-philippe-photographe-mariage-landes-aquitaine-1847_websize-768x512.jpg 768w, https:\/\/gaetaneglize.com\/wp-content\/uploads\/2022\/01\/fanny-philippe-photographe-mariage-landes-aquitaine-1847_websize-1536x1024.jpg 1536w\" sizes=\"(max-width: 1600px) 100vw, 1600px\" \/>\n\t\t<div class=\"figc no-description\">\n\t\t\t<div class=\"figc-inner\">\n\t\t\t\t\t\t\t\t\t\t\t\t\t\t\t<\/div>\n\t\t<\/div>\n\n\t<\/div>\n\n<\/div><div class=\"modula-item effect-pufrobo\" >\n\t<div class=\"modula-item-overlay\"><\/div>\n\n\t<div class=\"modula-item-content\">\n\n\t\t<a data-image-id=\"8570\" role=\"button\" data-elementor-open-lightbox=\"no\" tabindex=\"0\" rel=\"jtg-16225\" data-caption=\"\" aria-label=\"Open image in lightbox\" class=\"tile-inner modula-item-link\"><\/a><img loading=\"lazy\" decoding=\"async\" class=\"pic wp-image-8570\"  data-valign=\"middle\" data-halign=\"center\" alt=\"\" data-full=\"https:\/\/gaetaneglize.com\/wp-content\/uploads\/2022\/01\/marine-paul-photographie-mariage-boheme-landes-2091_websize.jpg\" title=\"Marine + Paul\" crop=\"\" width=\"1600\" height=\"1067\" src=\"https:\/\/gaetaneglize.com\/wp-content\/uploads\/2022\/01\/marine-paul-photographie-mariage-boheme-landes-2091_websize.jpg\" data-src=\"https:\/\/gaetaneglize.com\/wp-content\/uploads\/2022\/01\/marine-paul-photographie-mariage-boheme-landes-2091_websize.jpg\" data-caption=\"\" srcset=\"https:\/\/gaetaneglize.com\/wp-content\/uploads\/2022\/01\/marine-paul-photographie-mariage-boheme-landes-2091_websize.jpg 1600w, https:\/\/gaetaneglize.com\/wp-content\/uploads\/2022\/01\/marine-paul-photographie-mariage-boheme-landes-2091_websize-300x200.jpg 300w, https:\/\/gaetaneglize.com\/wp-content\/uploads\/2022\/01\/marine-paul-photographie-mariage-boheme-landes-2091_websize-1024x683.jpg 1024w, https:\/\/gaetaneglize.com\/wp-content\/uploads\/2022\/01\/marine-paul-photographie-mariage-boheme-landes-2091_websize-768x512.jpg 768w, https:\/\/gaetaneglize.com\/wp-content\/uploads\/2022\/01\/marine-paul-photographie-mariage-boheme-landes-2091_websize-1536x1024.jpg 1536w\" sizes=\"(max-width: 1600px) 100vw, 1600px\" \/>\n\t\t<div class=\"figc no-description\">\n\t\t\t<div class=\"figc-inner\">\n\t\t\t\t\t\t\t\t\t\t\t\t\t\t\t<\/div>\n\t\t<\/div>\n\n\t<\/div>\n\n<\/div><div class=\"modula-item effect-pufrobo\" >\n\t<div class=\"modula-item-overlay\"><\/div>\n\n\t<div class=\"modula-item-content\">\n\n\t\t<a data-image-id=\"6994\" role=\"button\" data-elementor-open-lightbox=\"no\" tabindex=\"0\" rel=\"jtg-16225\" data-caption=\"\" aria-label=\"Open image in lightbox\" class=\"tile-inner modula-item-link\"><\/a><img loading=\"lazy\" decoding=\"async\" class=\"pic wp-image-6994\"  data-valign=\"middle\" data-halign=\"center\" alt=\"\" data-full=\"https:\/\/gaetaneglize.com\/wp-content\/uploads\/2021\/04\/elopement-1432.jpg\" title=\"Marie-France + Guillaume Elopement\" crop=\"\" width=\"1500\" height=\"2250\" src=\"https:\/\/gaetaneglize.com\/wp-content\/uploads\/2021\/04\/elopement-1432.jpg\" data-src=\"https:\/\/gaetaneglize.com\/wp-content\/uploads\/2021\/04\/elopement-1432.jpg\" data-caption=\"\" srcset=\"https:\/\/gaetaneglize.com\/wp-content\/uploads\/2021\/04\/elopement-1432.jpg 1500w, https:\/\/gaetaneglize.com\/wp-content\/uploads\/2021\/04\/elopement-1432-200x300.jpg 200w, https:\/\/gaetaneglize.com\/wp-content\/uploads\/2021\/04\/elopement-1432-683x1024.jpg 683w, https:\/\/gaetaneglize.com\/wp-content\/uploads\/2021\/04\/elopement-1432-768x1152.jpg 768w, https:\/\/gaetaneglize.com\/wp-content\/uploads\/2021\/04\/elopement-1432-1024x1536.jpg 1024w, https:\/\/gaetaneglize.com\/wp-content\/uploads\/2021\/04\/elopement-1432-1365x2048.jpg 1365w\" sizes=\"(max-width: 1500px) 100vw, 1500px\" \/>\n\t\t<div class=\"figc no-description\">\n\t\t\t<div class=\"figc-inner\">\n\t\t\t\t\t\t\t\t\t\t\t\t\t\t\t<\/div>\n\t\t<\/div>\n\n\t<\/div>\n\n<\/div><div class=\"modula-item effect-pufrobo\" >\n\t<div class=\"modula-item-overlay\"><\/div>\n\n\t<div class=\"modula-item-content\">\n\n\t\t<a data-image-id=\"16016\" role=\"button\" data-elementor-open-lightbox=\"no\" tabindex=\"0\" rel=\"jtg-16225\" data-caption=\"\" aria-label=\"Open image in lightbox\" class=\"tile-inner modula-item-link\"><\/a><img loading=\"lazy\" decoding=\"async\" class=\"pic wp-image-16016\"  data-valign=\"middle\" data-halign=\"center\" alt=\"\" data-full=\"https:\/\/gaetaneglize.com\/wp-content\/uploads\/2024\/12\/mariage-renaissance-chateau-poudenas_gaetane-glize-photographie-1311-animation_websize.gif\" title=\"mariage-renaissance-chateau-poudenas_gaetane-glize-photographie-1311-animation_websize\" crop=\"\" width=\"2440\" height=\"1627\" src=\"https:\/\/gaetaneglize.com\/wp-content\/uploads\/2024\/12\/mariage-renaissance-chateau-poudenas_gaetane-glize-photographie-1311-animation_websize.gif\" data-src=\"https:\/\/gaetaneglize.com\/wp-content\/uploads\/2024\/12\/mariage-renaissance-chateau-poudenas_gaetane-glize-photographie-1311-animation_websize.gif\" data-caption=\"\"\/>\n\t\t<div class=\"figc no-description\">\n\t\t\t<div class=\"figc-inner\">\n\t\t\t\t\t\t\t\t\t\t\t\t\t\t\t<\/div>\n\t\t<\/div>\n\n\t<\/div>\n\n<\/div><div class=\"modula-item effect-pufrobo\" >\n\t<div class=\"modula-item-overlay\"><\/div>\n\n\t<div class=\"modula-item-content\">\n\n\t\t<a data-image-id=\"16088\" role=\"button\" data-elementor-open-lightbox=\"no\" tabindex=\"0\" rel=\"jtg-16225\" data-caption=\"\" aria-label=\"Open image in lightbox\" class=\"tile-inner modula-item-link\"><\/a><img loading=\"lazy\" decoding=\"async\" class=\"pic wp-image-16088\"  data-valign=\"middle\" data-halign=\"center\" alt=\"\" data-full=\"https:\/\/gaetaneglize.com\/wp-content\/uploads\/2024\/12\/camille-reha-mariage-intimiste-cocobarn-woodlodge-landes-1036_3.jpg\" title=\"camille-reha-mariage-intimiste-cocobarn-woodlodge-landes-1036_3\" crop=\"\" width=\"1029\" height=\"1543\" src=\"https:\/\/gaetaneglize.com\/wp-content\/uploads\/2024\/12\/camille-reha-mariage-intimiste-cocobarn-woodlodge-landes-1036_3.jpg\" data-src=\"https:\/\/gaetaneglize.com\/wp-content\/uploads\/2024\/12\/camille-reha-mariage-intimiste-cocobarn-woodlodge-landes-1036_3.jpg\" data-caption=\"\" srcset=\"https:\/\/gaetaneglize.com\/wp-content\/uploads\/2024\/12\/camille-reha-mariage-intimiste-cocobarn-woodlodge-landes-1036_3.jpg 1029w, https:\/\/gaetaneglize.com\/wp-content\/uploads\/2024\/12\/camille-reha-mariage-intimiste-cocobarn-woodlodge-landes-1036_3-200x300.jpg 200w, https:\/\/gaetaneglize.com\/wp-content\/uploads\/2024\/12\/camille-reha-mariage-intimiste-cocobarn-woodlodge-landes-1036_3-683x1024.jpg 683w, https:\/\/gaetaneglize.com\/wp-content\/uploads\/2024\/12\/camille-reha-mariage-intimiste-cocobarn-woodlodge-landes-1036_3-768x1152.jpg 768w, https:\/\/gaetaneglize.com\/wp-content\/uploads\/2024\/12\/camille-reha-mariage-intimiste-cocobarn-woodlodge-landes-1036_3-1024x1536.jpg 1024w\" sizes=\"(max-width: 1029px) 100vw, 1029px\" \/>\n\t\t<div class=\"figc no-description\">\n\t\t\t<div class=\"figc-inner\">\n\t\t\t\t\t\t\t\t\t\t\t\t\t\t\t<\/div>\n\t\t<\/div>\n\n\t<\/div>\n\n<\/div><div class=\"modula-item effect-pufrobo\" >\n\t<div class=\"modula-item-overlay\"><\/div>\n\n\t<div class=\"modula-item-content\">\n\n\t\t<a data-image-id=\"9554\" role=\"button\" data-elementor-open-lightbox=\"no\" tabindex=\"0\" rel=\"jtg-16225\" data-caption=\"\" aria-label=\"Open image in lightbox\" class=\"tile-inner modula-item-link\"><\/a><img loading=\"lazy\" decoding=\"async\" class=\"pic wp-image-9554\"  data-valign=\"middle\" data-halign=\"center\" alt=\"\" data-full=\"https:\/\/gaetaneglize.com\/wp-content\/uploads\/2022\/03\/naiti-maxime-photographe-mariage-bordeaux-gironde-aquitaine-2137_websize.jpg\" title=\"Na\u00efti + Maxime\" crop=\"\" width=\"1600\" height=\"1067\" src=\"https:\/\/gaetaneglize.com\/wp-content\/uploads\/2022\/03\/naiti-maxime-photographe-mariage-bordeaux-gironde-aquitaine-2137_websize.jpg\" data-src=\"https:\/\/gaetaneglize.com\/wp-content\/uploads\/2022\/03\/naiti-maxime-photographe-mariage-bordeaux-gironde-aquitaine-2137_websize.jpg\" data-caption=\"\" srcset=\"https:\/\/gaetaneglize.com\/wp-content\/uploads\/2022\/03\/naiti-maxime-photographe-mariage-bordeaux-gironde-aquitaine-2137_websize.jpg 1600w, https:\/\/gaetaneglize.com\/wp-content\/uploads\/2022\/03\/naiti-maxime-photographe-mariage-bordeaux-gironde-aquitaine-2137_websize-300x200.jpg 300w, https:\/\/gaetaneglize.com\/wp-content\/uploads\/2022\/03\/naiti-maxime-photographe-mariage-bordeaux-gironde-aquitaine-2137_websize-1024x683.jpg 1024w, https:\/\/gaetaneglize.com\/wp-content\/uploads\/2022\/03\/naiti-maxime-photographe-mariage-bordeaux-gironde-aquitaine-2137_websize-768x512.jpg 768w, https:\/\/gaetaneglize.com\/wp-content\/uploads\/2022\/03\/naiti-maxime-photographe-mariage-bordeaux-gironde-aquitaine-2137_websize-1536x1024.jpg 1536w\" sizes=\"(max-width: 1600px) 100vw, 1600px\" \/>\n\t\t<div class=\"figc no-description\">\n\t\t\t<div class=\"figc-inner\">\n\t\t\t\t\t\t\t\t\t\t\t\t\t\t\t<\/div>\n\t\t<\/div>\n\n\t<\/div>\n\n<\/div><div class=\"modula-item effect-pufrobo\" >\n\t<div class=\"modula-item-overlay\"><\/div>\n\n\t<div class=\"modula-item-content\">\n\n\t\t<a data-image-id=\"8893\" role=\"button\" data-elementor-open-lightbox=\"no\" tabindex=\"0\" rel=\"jtg-16225\" data-caption=\"\" aria-label=\"Open image in lightbox\" class=\"tile-inner modula-item-link\"><\/a><img loading=\"lazy\" decoding=\"async\" class=\"pic wp-image-8893\"  data-valign=\"middle\" data-halign=\"center\" alt=\"\" data-full=\"https:\/\/gaetaneglize.com\/wp-content\/uploads\/2022\/03\/camille-reha-mariage-intimiste-cocobarn-woodlodge-landes-1098_websize.jpg\" title=\"Camille + Reha\" crop=\"\" width=\"1600\" height=\"1067\" src=\"https:\/\/gaetaneglize.com\/wp-content\/uploads\/2022\/03\/camille-reha-mariage-intimiste-cocobarn-woodlodge-landes-1098_websize.jpg\" data-src=\"https:\/\/gaetaneglize.com\/wp-content\/uploads\/2022\/03\/camille-reha-mariage-intimiste-cocobarn-woodlodge-landes-1098_websize.jpg\" data-caption=\"\" srcset=\"https:\/\/gaetaneglize.com\/wp-content\/uploads\/2022\/03\/camille-reha-mariage-intimiste-cocobarn-woodlodge-landes-1098_websize.jpg 1600w, https:\/\/gaetaneglize.com\/wp-content\/uploads\/2022\/03\/camille-reha-mariage-intimiste-cocobarn-woodlodge-landes-1098_websize-300x200.jpg 300w, https:\/\/gaetaneglize.com\/wp-content\/uploads\/2022\/03\/camille-reha-mariage-intimiste-cocobarn-woodlodge-landes-1098_websize-1024x683.jpg 1024w, https:\/\/gaetaneglize.com\/wp-content\/uploads\/2022\/03\/camille-reha-mariage-intimiste-cocobarn-woodlodge-landes-1098_websize-768x512.jpg 768w, https:\/\/gaetaneglize.com\/wp-content\/uploads\/2022\/03\/camille-reha-mariage-intimiste-cocobarn-woodlodge-landes-1098_websize-1536x1024.jpg 1536w\" sizes=\"(max-width: 1600px) 100vw, 1600px\" \/>\n\t\t<div class=\"figc no-description\">\n\t\t\t<div class=\"figc-inner\">\n\t\t\t\t\t\t\t\t\t\t\t\t\t\t\t<\/div>\n\t\t<\/div>\n\n\t<\/div>\n\n<\/div>\t\t\n\t<\/div>\n\n\t\n\t\n\t<script type=\"application\/ld+json\">\n\t{\n\t\t\"@context\": \"http:\/\/schema.org\",\n\t\t\"@type\"   : \"ImageGallery\",\n\t\t\"id\"      : \"https:\/\/gaetaneglize.com\/fr\/tarifs-photographe-mariage-landes\/\",\n\t\t\"url\"     : \"https:\/\/gaetaneglize.com\/fr\/tarifs-photographe-mariage-landes\/\"\n\t}\n\n\t<\/script>\n\n\t\n<\/div>\n<\/p><\/div>\n\t\t\t\t<\/div>\n\t\t\t\t\t\t\t\t\t\t<script type=\"application\/ld+json\">{\"@context\":\"https:\\\/\\\/schema.org\",\"@type\":\"FAQPage\",\"mainEntity\":[{\"@type\":\"Question\",\"name\":\"Voir plus de photos\",\"acceptedAnswer\":{\"@type\":\"Answer\",\"text\":\"<p align=\\\"justify\\\"><div  id=\\\"jtg-16225\\\" class=\\\"modula modula-gallery modula-columns\\\" data-config=\\\"{&quot;tabletHeight&quot;:800,&quot;mobileHeight&quot;:800,&quot;desktopHeight&quot;:800,&quot;enableTwitter&quot;:false,&quot;enableWhatsapp&quot;:false,&quot;enableFacebook&quot;:false,&quot;enablePinterest&quot;:false,&quot;enableLinkedin&quot;:false,&quot;enableEmail&quot;:false,&quot;randomFactor&quot;:0,&quot;type&quot;:&quot;grid&quot;,&quot;columns&quot;:12,&quot;gutter&quot;:80,&quot;mobileGutter&quot;:25,&quot;tabletGutter&quot;:40,&quot;desktopGutter&quot;:80,&quot;enableResponsive&quot;:true,&quot;tabletColumns&quot;:4,&quot;mobileColumns&quot;:4,&quot;lazyLoad&quot;:0,&quot;lightboxOpts&quot;:{&quot;animated&quot;:true,&quot;Thumbs&quot;:{&quot;type&quot;:&quot;modern&quot;,&quot;showOnStart&quot;:false},&quot;Toolbar&quot;:{&quot;display&quot;:{&quot;right&quot;:[&quot;close&quot;]},&quot;enabled&quot;:true},&quot;Carousel&quot;:{&quot;Panzoom&quot;:{&quot;touch&quot;:true},&quot;infinite&quot;:false},&quot;keyboard&quot;:{&quot;Escape&quot;:&quot;close&quot;,&quot;Delete&quot;:&quot;close&quot;,&quot;Backspace&quot;:&quot;close&quot;,&quot;PageUp&quot;:false,&quot;PageDown&quot;:false,&quot;ArrowUp&quot;:false,&quot;ArrowDown&quot;:false,&quot;ArrowRight&quot;:false,&quot;ArrowLeft&quot;:false},&quot;touch&quot;:false,&quot;backdropClick&quot;:false,&quot;l10n&quot;:{&quot;CLOSE&quot;:&quot;Close&quot;,&quot;NEXT&quot;:&quot;Next&quot;,&quot;PREV&quot;:&quot;Previous&quot;,&quot;Error&quot;:&quot;The requested content cannot be loaded. Please try again later.&quot;,&quot;PLAY_START&quot;:&quot;Start slideshow&quot;,&quot;PLAY_STOP&quot;:&quot;Pause slideshow&quot;,&quot;FULL_SCREEN&quot;:&quot;Full screen&quot;,&quot;THUMBS&quot;:&quot;Thumbnails&quot;,&quot;DOWNLOAD&quot;:&quot;Download&quot;,&quot;SHARE&quot;:&quot;Share&quot;,&quot;ZOOM&quot;:&quot;Zoom&quot;,&quot;EMAIL&quot;:&quot;Here is the link to the image : %%image_link%% and this is the link to the gallery : %%gallery_link%%&quot;,&quot;MODAL&quot;:&quot;You can close this modal content with the ESC key&quot;,&quot;ERROR&quot;:&quot;Something Went Wrong, Please Try Again Later&quot;,&quot;IMAGE_ERROR&quot;:&quot;Image Not Found&quot;,&quot;ELEMENT_NOT_FOUND&quot;:&quot;HTML Element Not Found&quot;,&quot;AJAX_NOT_FOUND&quot;:&quot;Error Loading AJAX : Not Found&quot;,&quot;AJAX_FORBIDDEN&quot;:&quot;Error Loading AJAX : Forbidden&quot;,&quot;IFRAME_ERROR&quot;:&quot;Error Loading Page&quot;,&quot;TOGGLE_ZOOM&quot;:&quot;Toggle zoom level&quot;,&quot;TOGGLE_THUMBS&quot;:&quot;Toggle thumbnails&quot;,&quot;TOGGLE_SLIDESHOW&quot;:&quot;Toggle slideshow&quot;,&quot;TOGGLE_FULLSCREEN&quot;:&quot;Toggle full-screen mode&quot;},&quot;Images&quot;:{&quot;Panzoom&quot;:{&quot;maxScale&quot;:2}},&quot;mainClass&quot;:&quot;modula-fancybox-container modula-lightbox-jtg-16225&quot;,&quot;Html&quot;:{&quot;videoAutoplay&quot;:0,&quot;videoTpl&quot;:&quot;&lt;video class=\\\\&quot;fancybox__html5video\\\\&quot; controls muted playsinline controlsList controlsList=\\\\&quot;nodownload\\\\&quot; poster=\\\\&quot;{{poster}}\\\\&quot; src=\\\\&quot;{{src}}\\\\&quot; type=\\\\&quot;{{format}}\\\\&quot; &gt;  Sorry, your browser doesn&#039;t support embedded videos, &lt;a href=\\\\&quot;{{src}}\\\\&quot;&gt; download &lt;\\\\\\\/a&gt; and watch with your favorite video player! &lt;\\\\\\\/video&gt;&quot;}},&quot;inView&quot;:true,&quot;email_subject&quot;:&quot;Check out this awesome image !!&quot;,&quot;email_message&quot;:&quot;Here is the link to the image : %%image_link%% and this is the link to the gallery : %%gallery_link%%&quot;,&quot;grid_type&quot;:&quot;5&quot;,&quot;rowHeight&quot;:250,&quot;lastRow&quot;:&quot;justify&quot;,&quot;lightbox&quot;:&quot;fancybox&quot;}\\\">\\n\\n\\t<div class=\\\"modula-grid-sizer\\\"> <\\\/div>\\n\\t<div  class=\\\"modula-items grid-gallery\\\">\\n\\t\\t<div class=\\\"modula-item effect-pufrobo\\\" >\\n\\t<div class=\\\"modula-item-overlay\\\"><\\\/div>\\n\\n\\t<div class=\\\"modula-item-content\\\">\\n\\n\\t\\t<a data-image-id=\\\"8288\\\" role=\\\"button\\\" data-elementor-open-lightbox=\\\"no\\\" tabindex=\\\"0\\\" rel=\\\"jtg-16225\\\" data-caption=\\\"\\\" aria-label=\\\"Open image in lightbox\\\" class=\\\"tile-inner modula-item-link\\\"><\\\/a><img class=\\\"pic wp-image-8288\\\"  data-valign=\\\"middle\\\" data-halign=\\\"center\\\" alt=\\\"\\\" data-full=\\\"https:\\\/\\\/gaetaneglize.com\\\/wp-content\\\/uploads\\\/2021\\\/07\\\/photographie-renouvellement-voeux-mariage-boheme-aquitaine-2178.jpg\\\" title=\\\"photographie-renouvellement-voeux-mariage-boheme-aquitaine-2178\\\" crop=\\\"\\\" width=\\\"1500\\\" height=\\\"2250\\\" src=\\\"https:\\\/\\\/gaetaneglize.com\\\/wp-content\\\/uploads\\\/2021\\\/07\\\/photographie-renouvellement-voeux-mariage-boheme-aquitaine-2178.jpg\\\" data-src=\\\"https:\\\/\\\/gaetaneglize.com\\\/wp-content\\\/uploads\\\/2021\\\/07\\\/photographie-renouvellement-voeux-mariage-boheme-aquitaine-2178.jpg\\\" data-caption=\\\"\\\" srcset=\\\"https:\\\/\\\/gaetaneglize.com\\\/wp-content\\\/uploads\\\/2021\\\/07\\\/photographie-renouvellement-voeux-mariage-boheme-aquitaine-2178.jpg 1500w, https:\\\/\\\/gaetaneglize.com\\\/wp-content\\\/uploads\\\/2021\\\/07\\\/photographie-renouvellement-voeux-mariage-boheme-aquitaine-2178-200x300.jpg 200w, https:\\\/\\\/gaetaneglize.com\\\/wp-content\\\/uploads\\\/2021\\\/07\\\/photographie-renouvellement-voeux-mariage-boheme-aquitaine-2178-683x1024.jpg 683w, https:\\\/\\\/gaetaneglize.com\\\/wp-content\\\/uploads\\\/2021\\\/07\\\/photographie-renouvellement-voeux-mariage-boheme-aquitaine-2178-768x1152.jpg 768w, https:\\\/\\\/gaetaneglize.com\\\/wp-content\\\/uploads\\\/2021\\\/07\\\/photographie-renouvellement-voeux-mariage-boheme-aquitaine-2178-1024x1536.jpg 1024w, https:\\\/\\\/gaetaneglize.com\\\/wp-content\\\/uploads\\\/2021\\\/07\\\/photographie-renouvellement-voeux-mariage-boheme-aquitaine-2178-1365x2048.jpg 1365w\\\" sizes=\\\"(max-width: 1500px) 100vw, 1500px\\\" \\\/>\\n\\t\\t<div class=\\\"figc no-description\\\">\\n\\t\\t\\t<div class=\\\"figc-inner\\\">\\n\\t\\t\\t\\t\\t\\t\\t\\t\\t\\t\\t\\t\\t\\t\\t<\\\/div>\\n\\t\\t<\\\/div>\\n\\n\\t<\\\/div>\\n\\n<\\\/div><div class=\\\"modula-item effect-pufrobo\\\" >\\n\\t<div class=\\\"modula-item-overlay\\\"><\\\/div>\\n\\n\\t<div class=\\\"modula-item-content\\\">\\n\\n\\t\\t<a data-image-id=\\\"16094\\\" role=\\\"button\\\" data-elementor-open-lightbox=\\\"no\\\" tabindex=\\\"0\\\" rel=\\\"jtg-16225\\\" data-caption=\\\"\\\" aria-label=\\\"Open image in lightbox\\\" class=\\\"tile-inner modula-item-link\\\"><\\\/a><img class=\\\"pic wp-image-16094\\\"  data-valign=\\\"middle\\\" data-halign=\\\"center\\\" alt=\\\"\\\" data-full=\\\"https:\\\/\\\/gaetaneglize.com\\\/wp-content\\\/uploads\\\/2024\\\/12\\\/michelle-bertrand-photo-mariage-chateau-amou-landes-1091_websize.jpg\\\" title=\\\"michelle-bertrand-photo-mariage-chateau-amou-landes-1091_websize\\\" crop=\\\"\\\" width=\\\"1600\\\" height=\\\"1067\\\" src=\\\"https:\\\/\\\/gaetaneglize.com\\\/wp-content\\\/uploads\\\/2024\\\/12\\\/michelle-bertrand-photo-mariage-chateau-amou-landes-1091_websize.jpg\\\" data-src=\\\"https:\\\/\\\/gaetaneglize.com\\\/wp-content\\\/uploads\\\/2024\\\/12\\\/michelle-bertrand-photo-mariage-chateau-amou-landes-1091_websize.jpg\\\" data-caption=\\\"\\\" srcset=\\\"https:\\\/\\\/gaetaneglize.com\\\/wp-content\\\/uploads\\\/2024\\\/12\\\/michelle-bertrand-photo-mariage-chateau-amou-landes-1091_websize.jpg 1600w, https:\\\/\\\/gaetaneglize.com\\\/wp-content\\\/uploads\\\/2024\\\/12\\\/michelle-bertrand-photo-mariage-chateau-amou-landes-1091_websize-300x200.jpg 300w, https:\\\/\\\/gaetaneglize.com\\\/wp-content\\\/uploads\\\/2024\\\/12\\\/michelle-bertrand-photo-mariage-chateau-amou-landes-1091_websize-1024x683.jpg 1024w, https:\\\/\\\/gaetaneglize.com\\\/wp-content\\\/uploads\\\/2024\\\/12\\\/michelle-bertrand-photo-mariage-chateau-amou-landes-1091_websize-768x512.jpg 768w, https:\\\/\\\/gaetaneglize.com\\\/wp-content\\\/uploads\\\/2024\\\/12\\\/michelle-bertrand-photo-mariage-chateau-amou-landes-1091_websize-1536x1024.jpg 1536w\\\" sizes=\\\"(max-width: 1600px) 100vw, 1600px\\\" \\\/>\\n\\t\\t<div class=\\\"figc no-description\\\">\\n\\t\\t\\t<div class=\\\"figc-inner\\\">\\n\\t\\t\\t\\t\\t\\t\\t\\t\\t\\t\\t\\t\\t\\t\\t<\\\/div>\\n\\t\\t<\\\/div>\\n\\n\\t<\\\/div>\\n\\n<\\\/div><div class=\\\"modula-item effect-pufrobo\\\" >\\n\\t<div class=\\\"modula-item-overlay\\\"><\\\/div>\\n\\n\\t<div class=\\\"modula-item-content\\\">\\n\\n\\t\\t<a data-image-id=\\\"16038\\\" role=\\\"button\\\" data-elementor-open-lightbox=\\\"no\\\" tabindex=\\\"0\\\" rel=\\\"jtg-16225\\\" data-caption=\\\"\\\" aria-label=\\\"Open image in lightbox\\\" class=\\\"tile-inner modula-item-link\\\"><\\\/a><img class=\\\"pic wp-image-16038\\\"  data-valign=\\\"middle\\\" data-halign=\\\"center\\\" alt=\\\"\\\" data-full=\\\"https:\\\/\\\/gaetaneglize.com\\\/wp-content\\\/uploads\\\/2024\\\/12\\\/mariage-renaissance-chateau-poudenas_gaetane-glize-photographie-1270_websize.jpg\\\" title=\\\"mariage-renaissance-chateau-poudenas_gaetane-glize-photographie-1270_websize\\\" crop=\\\"\\\" width=\\\"1600\\\" height=\\\"1067\\\" src=\\\"https:\\\/\\\/gaetaneglize.com\\\/wp-content\\\/uploads\\\/2024\\\/12\\\/mariage-renaissance-chateau-poudenas_gaetane-glize-photographie-1270_websize.jpg\\\" data-src=\\\"https:\\\/\\\/gaetaneglize.com\\\/wp-content\\\/uploads\\\/2024\\\/12\\\/mariage-renaissance-chateau-poudenas_gaetane-glize-photographie-1270_websize.jpg\\\" data-caption=\\\"\\\" srcset=\\\"https:\\\/\\\/gaetaneglize.com\\\/wp-content\\\/uploads\\\/2024\\\/12\\\/mariage-renaissance-chateau-poudenas_gaetane-glize-photographie-1270_websize.jpg 1600w, https:\\\/\\\/gaetaneglize.com\\\/wp-content\\\/uploads\\\/2024\\\/12\\\/mariage-renaissance-chateau-poudenas_gaetane-glize-photographie-1270_websize-300x200.jpg 300w, https:\\\/\\\/gaetaneglize.com\\\/wp-content\\\/uploads\\\/2024\\\/12\\\/mariage-renaissance-chateau-poudenas_gaetane-glize-photographie-1270_websize-1024x683.jpg 1024w, https:\\\/\\\/gaetaneglize.com\\\/wp-content\\\/uploads\\\/2024\\\/12\\\/mariage-renaissance-chateau-poudenas_gaetane-glize-photographie-1270_websize-768x512.jpg 768w, https:\\\/\\\/gaetaneglize.com\\\/wp-content\\\/uploads\\\/2024\\\/12\\\/mariage-renaissance-chateau-poudenas_gaetane-glize-photographie-1270_websize-1536x1024.jpg 1536w\\\" sizes=\\\"(max-width: 1600px) 100vw, 1600px\\\" \\\/>\\n\\t\\t<div class=\\\"figc no-description\\\">\\n\\t\\t\\t<div class=\\\"figc-inner\\\">\\n\\t\\t\\t\\t\\t\\t\\t\\t\\t\\t\\t\\t\\t\\t\\t<\\\/div>\\n\\t\\t<\\\/div>\\n\\n\\t<\\\/div>\\n\\n<\\\/div><div class=\\\"modula-item effect-pufrobo\\\" >\\n\\t<div class=\\\"modula-item-overlay\\\"><\\\/div>\\n\\n\\t<div class=\\\"modula-item-content\\\">\\n\\n\\t\\t<a data-image-id=\\\"15778\\\" role=\\\"button\\\" data-elementor-open-lightbox=\\\"no\\\" tabindex=\\\"0\\\" rel=\\\"jtg-16225\\\" data-caption=\\\"\\\" aria-label=\\\"Open image in lightbox\\\" class=\\\"tile-inner modula-item-link\\\"><\\\/a><img class=\\\"pic wp-image-15778\\\"  data-valign=\\\"middle\\\" data-halign=\\\"center\\\" alt=\\\"\\\" data-full=\\\"https:\\\/\\\/gaetaneglize.com\\\/wp-content\\\/uploads\\\/2024\\\/12\\\/mariage-renaissance-chateau-poudenas_gaetane-glize-photographie_1046.jpg\\\" title=\\\"Mariage Renaissance\\\" crop=\\\"\\\" width=\\\"1067\\\" height=\\\"1600\\\" src=\\\"https:\\\/\\\/gaetaneglize.com\\\/wp-content\\\/uploads\\\/2024\\\/12\\\/mariage-renaissance-chateau-poudenas_gaetane-glize-photographie_1046.jpg\\\" data-src=\\\"https:\\\/\\\/gaetaneglize.com\\\/wp-content\\\/uploads\\\/2024\\\/12\\\/mariage-renaissance-chateau-poudenas_gaetane-glize-photographie_1046.jpg\\\" data-caption=\\\"\\\" srcset=\\\"https:\\\/\\\/gaetaneglize.com\\\/wp-content\\\/uploads\\\/2024\\\/12\\\/mariage-renaissance-chateau-poudenas_gaetane-glize-photographie_1046.jpg 1067w, https:\\\/\\\/gaetaneglize.com\\\/wp-content\\\/uploads\\\/2024\\\/12\\\/mariage-renaissance-chateau-poudenas_gaetane-glize-photographie_1046-200x300.jpg 200w, https:\\\/\\\/gaetaneglize.com\\\/wp-content\\\/uploads\\\/2024\\\/12\\\/mariage-renaissance-chateau-poudenas_gaetane-glize-photographie_1046-683x1024.jpg 683w, https:\\\/\\\/gaetaneglize.com\\\/wp-content\\\/uploads\\\/2024\\\/12\\\/mariage-renaissance-chateau-poudenas_gaetane-glize-photographie_1046-768x1152.jpg 768w, https:\\\/\\\/gaetaneglize.com\\\/wp-content\\\/uploads\\\/2024\\\/12\\\/mariage-renaissance-chateau-poudenas_gaetane-glize-photographie_1046-1024x1536.jpg 1024w\\\" sizes=\\\"(max-width: 1067px) 100vw, 1067px\\\" \\\/>\\n\\t\\t<div class=\\\"figc no-description\\\">\\n\\t\\t\\t<div class=\\\"figc-inner\\\">\\n\\t\\t\\t\\t\\t\\t\\t\\t\\t\\t\\t\\t\\t\\t\\t<\\\/div>\\n\\t\\t<\\\/div>\\n\\n\\t<\\\/div>\\n\\n<\\\/div><div class=\\\"modula-item effect-pufrobo\\\" >\\n\\t<div class=\\\"modula-item-overlay\\\"><\\\/div>\\n\\n\\t<div class=\\\"modula-item-content\\\">\\n\\n\\t\\t<a data-image-id=\\\"14478\\\" role=\\\"button\\\" data-elementor-open-lightbox=\\\"no\\\" tabindex=\\\"0\\\" rel=\\\"jtg-16225\\\" data-caption=\\\"\\\" aria-label=\\\"Open image in lightbox\\\" class=\\\"tile-inner modula-item-link\\\"><\\\/a><img class=\\\"pic wp-image-14478\\\"  data-valign=\\\"middle\\\" data-halign=\\\"center\\\" alt=\\\"\\\" data-full=\\\"https:\\\/\\\/gaetaneglize.com\\\/wp-content\\\/uploads\\\/2024\\\/02\\\/margaux-baptiste-mariage-chateau-loire-2006_websize.jpg\\\" title=\\\"Margaux + Baptiste\\\" crop=\\\"\\\" width=\\\"1600\\\" height=\\\"1067\\\" src=\\\"https:\\\/\\\/gaetaneglize.com\\\/wp-content\\\/uploads\\\/2024\\\/02\\\/margaux-baptiste-mariage-chateau-loire-2006_websize.jpg\\\" data-src=\\\"https:\\\/\\\/gaetaneglize.com\\\/wp-content\\\/uploads\\\/2024\\\/02\\\/margaux-baptiste-mariage-chateau-loire-2006_websize.jpg\\\" data-caption=\\\"\\\" srcset=\\\"https:\\\/\\\/gaetaneglize.com\\\/wp-content\\\/uploads\\\/2024\\\/02\\\/margaux-baptiste-mariage-chateau-loire-2006_websize.jpg 1600w, https:\\\/\\\/gaetaneglize.com\\\/wp-content\\\/uploads\\\/2024\\\/02\\\/margaux-baptiste-mariage-chateau-loire-2006_websize-300x200.jpg 300w, https:\\\/\\\/gaetaneglize.com\\\/wp-content\\\/uploads\\\/2024\\\/02\\\/margaux-baptiste-mariage-chateau-loire-2006_websize-1024x683.jpg 1024w, https:\\\/\\\/gaetaneglize.com\\\/wp-content\\\/uploads\\\/2024\\\/02\\\/margaux-baptiste-mariage-chateau-loire-2006_websize-768x512.jpg 768w, https:\\\/\\\/gaetaneglize.com\\\/wp-content\\\/uploads\\\/2024\\\/02\\\/margaux-baptiste-mariage-chateau-loire-2006_websize-1536x1024.jpg 1536w\\\" sizes=\\\"(max-width: 1600px) 100vw, 1600px\\\" \\\/>\\n\\t\\t<div class=\\\"figc no-description\\\">\\n\\t\\t\\t<div class=\\\"figc-inner\\\">\\n\\t\\t\\t\\t\\t\\t\\t\\t\\t\\t\\t\\t\\t\\t\\t<\\\/div>\\n\\t\\t<\\\/div>\\n\\n\\t<\\\/div>\\n\\n<\\\/div><div class=\\\"modula-item effect-pufrobo\\\" >\\n\\t<div class=\\\"modula-item-overlay\\\"><\\\/div>\\n\\n\\t<div class=\\\"modula-item-content\\\">\\n\\n\\t\\t<a data-image-id=\\\"15370\\\" role=\\\"button\\\" data-elementor-open-lightbox=\\\"no\\\" tabindex=\\\"0\\\" rel=\\\"jtg-16225\\\" data-caption=\\\"\\\" aria-label=\\\"Open image in lightbox\\\" class=\\\"tile-inner modula-item-link\\\"><\\\/a><img class=\\\"pic wp-image-15370\\\"  data-valign=\\\"middle\\\" data-halign=\\\"center\\\" alt=\\\"\\\" data-full=\\\"https:\\\/\\\/gaetaneglize.com\\\/wp-content\\\/uploads\\\/2024\\\/12\\\/anna-maxime-photo-mariage-elopement-chapelle-landes-1637_websize.jpg\\\" title=\\\"anna-maxime-photo-mariage-elopement-chapelle-landes-1637_websize\\\" crop=\\\"\\\" width=\\\"1600\\\" height=\\\"1067\\\" src=\\\"https:\\\/\\\/gaetaneglize.com\\\/wp-content\\\/uploads\\\/2024\\\/12\\\/anna-maxime-photo-mariage-elopement-chapelle-landes-1637_websize.jpg\\\" data-src=\\\"https:\\\/\\\/gaetaneglize.com\\\/wp-content\\\/uploads\\\/2024\\\/12\\\/anna-maxime-photo-mariage-elopement-chapelle-landes-1637_websize.jpg\\\" data-caption=\\\"\\\" srcset=\\\"https:\\\/\\\/gaetaneglize.com\\\/wp-content\\\/uploads\\\/2024\\\/12\\\/anna-maxime-photo-mariage-elopement-chapelle-landes-1637_websize.jpg 1600w, https:\\\/\\\/gaetaneglize.com\\\/wp-content\\\/uploads\\\/2024\\\/12\\\/anna-maxime-photo-mariage-elopement-chapelle-landes-1637_websize-300x200.jpg 300w, https:\\\/\\\/gaetaneglize.com\\\/wp-content\\\/uploads\\\/2024\\\/12\\\/anna-maxime-photo-mariage-elopement-chapelle-landes-1637_websize-1024x683.jpg 1024w, https:\\\/\\\/gaetaneglize.com\\\/wp-content\\\/uploads\\\/2024\\\/12\\\/anna-maxime-photo-mariage-elopement-chapelle-landes-1637_websize-768x512.jpg 768w, https:\\\/\\\/gaetaneglize.com\\\/wp-content\\\/uploads\\\/2024\\\/12\\\/anna-maxime-photo-mariage-elopement-chapelle-landes-1637_websize-1536x1024.jpg 1536w\\\" sizes=\\\"(max-width: 1600px) 100vw, 1600px\\\" \\\/>\\n\\t\\t<div class=\\\"figc no-description\\\">\\n\\t\\t\\t<div class=\\\"figc-inner\\\">\\n\\t\\t\\t\\t\\t\\t\\t\\t\\t\\t\\t\\t\\t\\t\\t<\\\/div>\\n\\t\\t<\\\/div>\\n\\n\\t<\\\/div>\\n\\n<\\\/div><div class=\\\"modula-item effect-pufrobo\\\" >\\n\\t<div class=\\\"modula-item-overlay\\\"><\\\/div>\\n\\n\\t<div class=\\\"modula-item-content\\\">\\n\\n\\t\\t<a data-image-id=\\\"16042\\\" role=\\\"button\\\" data-elementor-open-lightbox=\\\"no\\\" tabindex=\\\"0\\\" rel=\\\"jtg-16225\\\" data-caption=\\\"\\\" aria-label=\\\"Open image in lightbox\\\" class=\\\"tile-inner modula-item-link\\\"><\\\/a><img class=\\\"pic wp-image-16042\\\"  data-valign=\\\"middle\\\" data-halign=\\\"center\\\" alt=\\\"\\\" data-full=\\\"https:\\\/\\\/gaetaneglize.com\\\/wp-content\\\/uploads\\\/2024\\\/12\\\/mariage-renaissance-chateau-poudenas_gaetane-glize-photographie-1281_websize.jpg\\\" title=\\\"mariage-renaissance-chateau-poudenas_gaetane-glize-photographie-1281_websize\\\" crop=\\\"\\\" width=\\\"1067\\\" height=\\\"1600\\\" src=\\\"https:\\\/\\\/gaetaneglize.com\\\/wp-content\\\/uploads\\\/2024\\\/12\\\/mariage-renaissance-chateau-poudenas_gaetane-glize-photographie-1281_websize.jpg\\\" data-src=\\\"https:\\\/\\\/gaetaneglize.com\\\/wp-content\\\/uploads\\\/2024\\\/12\\\/mariage-renaissance-chateau-poudenas_gaetane-glize-photographie-1281_websize.jpg\\\" data-caption=\\\"\\\" srcset=\\\"https:\\\/\\\/gaetaneglize.com\\\/wp-content\\\/uploads\\\/2024\\\/12\\\/mariage-renaissance-chateau-poudenas_gaetane-glize-photographie-1281_websize.jpg 1067w, https:\\\/\\\/gaetaneglize.com\\\/wp-content\\\/uploads\\\/2024\\\/12\\\/mariage-renaissance-chateau-poudenas_gaetane-glize-photographie-1281_websize-200x300.jpg 200w, https:\\\/\\\/gaetaneglize.com\\\/wp-content\\\/uploads\\\/2024\\\/12\\\/mariage-renaissance-chateau-poudenas_gaetane-glize-photographie-1281_websize-683x1024.jpg 683w, https:\\\/\\\/gaetaneglize.com\\\/wp-content\\\/uploads\\\/2024\\\/12\\\/mariage-renaissance-chateau-poudenas_gaetane-glize-photographie-1281_websize-768x1152.jpg 768w, https:\\\/\\\/gaetaneglize.com\\\/wp-content\\\/uploads\\\/2024\\\/12\\\/mariage-renaissance-chateau-poudenas_gaetane-glize-photographie-1281_websize-1024x1536.jpg 1024w\\\" sizes=\\\"(max-width: 1067px) 100vw, 1067px\\\" \\\/>\\n\\t\\t<div class=\\\"figc no-description\\\">\\n\\t\\t\\t<div class=\\\"figc-inner\\\">\\n\\t\\t\\t\\t\\t\\t\\t\\t\\t\\t\\t\\t\\t\\t\\t<\\\/div>\\n\\t\\t<\\\/div>\\n\\n\\t<\\\/div>\\n\\n<\\\/div><div class=\\\"modula-item effect-pufrobo\\\" >\\n\\t<div class=\\\"modula-item-overlay\\\"><\\\/div>\\n\\n\\t<div class=\\\"modula-item-content\\\">\\n\\n\\t\\t<a data-image-id=\\\"9834\\\" role=\\\"button\\\" data-elementor-open-lightbox=\\\"no\\\" tabindex=\\\"0\\\" rel=\\\"jtg-16225\\\" data-caption=\\\"\\\" aria-label=\\\"Open image in lightbox\\\" class=\\\"tile-inner modula-item-link\\\"><\\\/a><img class=\\\"pic wp-image-9834\\\"  data-valign=\\\"middle\\\" data-halign=\\\"center\\\" alt=\\\"Un couple de mari\\u00e9s est en montagne de nuit avec leur lampe frontale. On voit les \\u00e9toiles. Une astrophotographie de mariage r\\u00e9alis\\u00e9e par Ga\\u00e9tane Glize, photographe elopement Pyr\\u00e9n\\u00e9es.\\\" data-full=\\\"https:\\\/\\\/gaetaneglize.com\\\/wp-content\\\/uploads\\\/2022\\\/04\\\/gaetane-glize-elopement-photographer-adventure-mountains-1021.jpg\\\" title=\\\"gaetane-glize-elopement-photographer-adventure-mountains-1021\\\" crop=\\\"\\\" width=\\\"1500\\\" height=\\\"1000\\\" src=\\\"https:\\\/\\\/gaetaneglize.com\\\/wp-content\\\/uploads\\\/2022\\\/04\\\/gaetane-glize-elopement-photographer-adventure-mountains-1021.jpg\\\" data-src=\\\"https:\\\/\\\/gaetaneglize.com\\\/wp-content\\\/uploads\\\/2022\\\/04\\\/gaetane-glize-elopement-photographer-adventure-mountains-1021.jpg\\\" data-caption=\\\"\\\" srcset=\\\"https:\\\/\\\/gaetaneglize.com\\\/wp-content\\\/uploads\\\/2022\\\/04\\\/gaetane-glize-elopement-photographer-adventure-mountains-1021.jpg 1500w, https:\\\/\\\/gaetaneglize.com\\\/wp-content\\\/uploads\\\/2022\\\/04\\\/gaetane-glize-elopement-photographer-adventure-mountains-1021-300x200.jpg 300w, https:\\\/\\\/gaetaneglize.com\\\/wp-content\\\/uploads\\\/2022\\\/04\\\/gaetane-glize-elopement-photographer-adventure-mountains-1021-1024x683.jpg 1024w, https:\\\/\\\/gaetaneglize.com\\\/wp-content\\\/uploads\\\/2022\\\/04\\\/gaetane-glize-elopement-photographer-adventure-mountains-1021-768x512.jpg 768w\\\" sizes=\\\"(max-width: 1500px) 100vw, 1500px\\\" \\\/>\\n\\t\\t<div class=\\\"figc no-description\\\">\\n\\t\\t\\t<div class=\\\"figc-inner\\\">\\n\\t\\t\\t\\t\\t\\t\\t\\t\\t\\t\\t\\t\\t\\t\\t<\\\/div>\\n\\t\\t<\\\/div>\\n\\n\\t<\\\/div>\\n\\n<\\\/div><div class=\\\"modula-item effect-pufrobo\\\" >\\n\\t<div class=\\\"modula-item-overlay\\\"><\\\/div>\\n\\n\\t<div class=\\\"modula-item-content\\\">\\n\\n\\t\\t<a data-image-id=\\\"15939\\\" role=\\\"button\\\" data-elementor-open-lightbox=\\\"no\\\" tabindex=\\\"0\\\" rel=\\\"jtg-16225\\\" data-caption=\\\"\\\" aria-label=\\\"Open image in lightbox\\\" class=\\\"tile-inner modula-item-link\\\"><\\\/a><img class=\\\"pic wp-image-15939\\\"  data-valign=\\\"middle\\\" data-halign=\\\"center\\\" alt=\\\"\\\" data-full=\\\"https:\\\/\\\/gaetaneglize.com\\\/wp-content\\\/uploads\\\/2024\\\/12\\\/noemie-alix-photographie-mariage-domaine-bassibe-gers-1197_websize.jpg\\\" title=\\\"No\\u00e9mie + Alix\\\" crop=\\\"\\\" width=\\\"1067\\\" height=\\\"1600\\\" src=\\\"https:\\\/\\\/gaetaneglize.com\\\/wp-content\\\/uploads\\\/2024\\\/12\\\/noemie-alix-photographie-mariage-domaine-bassibe-gers-1197_websize.jpg\\\" data-src=\\\"https:\\\/\\\/gaetaneglize.com\\\/wp-content\\\/uploads\\\/2024\\\/12\\\/noemie-alix-photographie-mariage-domaine-bassibe-gers-1197_websize.jpg\\\" data-caption=\\\"\\\" srcset=\\\"https:\\\/\\\/gaetaneglize.com\\\/wp-content\\\/uploads\\\/2024\\\/12\\\/noemie-alix-photographie-mariage-domaine-bassibe-gers-1197_websize.jpg 1067w, https:\\\/\\\/gaetaneglize.com\\\/wp-content\\\/uploads\\\/2024\\\/12\\\/noemie-alix-photographie-mariage-domaine-bassibe-gers-1197_websize-200x300.jpg 200w, https:\\\/\\\/gaetaneglize.com\\\/wp-content\\\/uploads\\\/2024\\\/12\\\/noemie-alix-photographie-mariage-domaine-bassibe-gers-1197_websize-683x1024.jpg 683w, https:\\\/\\\/gaetaneglize.com\\\/wp-content\\\/uploads\\\/2024\\\/12\\\/noemie-alix-photographie-mariage-domaine-bassibe-gers-1197_websize-768x1152.jpg 768w, https:\\\/\\\/gaetaneglize.com\\\/wp-content\\\/uploads\\\/2024\\\/12\\\/noemie-alix-photographie-mariage-domaine-bassibe-gers-1197_websize-1024x1536.jpg 1024w\\\" sizes=\\\"(max-width: 1067px) 100vw, 1067px\\\" \\\/>\\n\\t\\t<div class=\\\"figc no-description\\\">\\n\\t\\t\\t<div class=\\\"figc-inner\\\">\\n\\t\\t\\t\\t\\t\\t\\t\\t\\t\\t\\t\\t\\t\\t\\t<\\\/div>\\n\\t\\t<\\\/div>\\n\\n\\t<\\\/div>\\n\\n<\\\/div><div class=\\\"modula-item effect-pufrobo\\\" >\\n\\t<div class=\\\"modula-item-overlay\\\"><\\\/div>\\n\\n\\t<div class=\\\"modula-item-content\\\">\\n\\n\\t\\t<a data-image-id=\\\"14510\\\" role=\\\"button\\\" data-elementor-open-lightbox=\\\"no\\\" tabindex=\\\"0\\\" rel=\\\"jtg-16225\\\" data-caption=\\\"\\\" aria-label=\\\"Open image in lightbox\\\" class=\\\"tile-inner modula-item-link\\\"><\\\/a><img class=\\\"pic wp-image-14510\\\"  data-valign=\\\"middle\\\" data-halign=\\\"center\\\" alt=\\\"\\\" data-full=\\\"https:\\\/\\\/gaetaneglize.com\\\/wp-content\\\/uploads\\\/2024\\\/02\\\/anais-nicolas-mariage-intimiste-a-la-maison-1844_websize.jpg\\\" title=\\\"Ana\\u00efs + Nicolas\\\" crop=\\\"\\\" width=\\\"1600\\\" height=\\\"1067\\\" src=\\\"https:\\\/\\\/gaetaneglize.com\\\/wp-content\\\/uploads\\\/2024\\\/02\\\/anais-nicolas-mariage-intimiste-a-la-maison-1844_websize.jpg\\\" data-src=\\\"https:\\\/\\\/gaetaneglize.com\\\/wp-content\\\/uploads\\\/2024\\\/02\\\/anais-nicolas-mariage-intimiste-a-la-maison-1844_websize.jpg\\\" data-caption=\\\"\\\" srcset=\\\"https:\\\/\\\/gaetaneglize.com\\\/wp-content\\\/uploads\\\/2024\\\/02\\\/anais-nicolas-mariage-intimiste-a-la-maison-1844_websize.jpg 1600w, https:\\\/\\\/gaetaneglize.com\\\/wp-content\\\/uploads\\\/2024\\\/02\\\/anais-nicolas-mariage-intimiste-a-la-maison-1844_websize-300x200.jpg 300w, https:\\\/\\\/gaetaneglize.com\\\/wp-content\\\/uploads\\\/2024\\\/02\\\/anais-nicolas-mariage-intimiste-a-la-maison-1844_websize-1024x683.jpg 1024w, https:\\\/\\\/gaetaneglize.com\\\/wp-content\\\/uploads\\\/2024\\\/02\\\/anais-nicolas-mariage-intimiste-a-la-maison-1844_websize-768x512.jpg 768w, https:\\\/\\\/gaetaneglize.com\\\/wp-content\\\/uploads\\\/2024\\\/02\\\/anais-nicolas-mariage-intimiste-a-la-maison-1844_websize-1536x1024.jpg 1536w\\\" sizes=\\\"(max-width: 1600px) 100vw, 1600px\\\" \\\/>\\n\\t\\t<div class=\\\"figc no-description\\\">\\n\\t\\t\\t<div class=\\\"figc-inner\\\">\\n\\t\\t\\t\\t\\t\\t\\t\\t\\t\\t\\t\\t\\t\\t\\t<\\\/div>\\n\\t\\t<\\\/div>\\n\\n\\t<\\\/div>\\n\\n<\\\/div><div class=\\\"modula-item effect-pufrobo\\\" >\\n\\t<div class=\\\"modula-item-overlay\\\"><\\\/div>\\n\\n\\t<div class=\\\"modula-item-content\\\">\\n\\n\\t\\t<a data-image-id=\\\"9417\\\" role=\\\"button\\\" data-elementor-open-lightbox=\\\"no\\\" tabindex=\\\"0\\\" rel=\\\"jtg-16225\\\" data-caption=\\\"\\\" aria-label=\\\"Open image in lightbox\\\" class=\\\"tile-inner modula-item-link\\\"><\\\/a><img class=\\\"pic wp-image-9417\\\"  data-valign=\\\"middle\\\" data-halign=\\\"center\\\" alt=\\\"\\\" data-full=\\\"https:\\\/\\\/gaetaneglize.com\\\/wp-content\\\/uploads\\\/2022\\\/03\\\/naiti-maxime-photographe-mariage-bordeaux-gironde-aquitaine-1962_websize.jpg\\\" title=\\\"Na\\u00efti + Maxime\\\" crop=\\\"\\\" width=\\\"1600\\\" height=\\\"1067\\\" src=\\\"https:\\\/\\\/gaetaneglize.com\\\/wp-content\\\/uploads\\\/2022\\\/03\\\/naiti-maxime-photographe-mariage-bordeaux-gironde-aquitaine-1962_websize.jpg\\\" data-src=\\\"https:\\\/\\\/gaetaneglize.com\\\/wp-content\\\/uploads\\\/2022\\\/03\\\/naiti-maxime-photographe-mariage-bordeaux-gironde-aquitaine-1962_websize.jpg\\\" data-caption=\\\"\\\" srcset=\\\"https:\\\/\\\/gaetaneglize.com\\\/wp-content\\\/uploads\\\/2022\\\/03\\\/naiti-maxime-photographe-mariage-bordeaux-gironde-aquitaine-1962_websize.jpg 1600w, https:\\\/\\\/gaetaneglize.com\\\/wp-content\\\/uploads\\\/2022\\\/03\\\/naiti-maxime-photographe-mariage-bordeaux-gironde-aquitaine-1962_websize-300x200.jpg 300w, https:\\\/\\\/gaetaneglize.com\\\/wp-content\\\/uploads\\\/2022\\\/03\\\/naiti-maxime-photographe-mariage-bordeaux-gironde-aquitaine-1962_websize-1024x683.jpg 1024w, https:\\\/\\\/gaetaneglize.com\\\/wp-content\\\/uploads\\\/2022\\\/03\\\/naiti-maxime-photographe-mariage-bordeaux-gironde-aquitaine-1962_websize-768x512.jpg 768w, https:\\\/\\\/gaetaneglize.com\\\/wp-content\\\/uploads\\\/2022\\\/03\\\/naiti-maxime-photographe-mariage-bordeaux-gironde-aquitaine-1962_websize-1536x1024.jpg 1536w\\\" sizes=\\\"(max-width: 1600px) 100vw, 1600px\\\" \\\/>\\n\\t\\t<div class=\\\"figc no-description\\\">\\n\\t\\t\\t<div class=\\\"figc-inner\\\">\\n\\t\\t\\t\\t\\t\\t\\t\\t\\t\\t\\t\\t\\t\\t\\t<\\\/div>\\n\\t\\t<\\\/div>\\n\\n\\t<\\\/div>\\n\\n<\\\/div><div class=\\\"modula-item effect-pufrobo\\\" >\\n\\t<div class=\\\"modula-item-overlay\\\"><\\\/div>\\n\\n\\t<div class=\\\"modula-item-content\\\">\\n\\n\\t\\t<a data-image-id=\\\"15683\\\" role=\\\"button\\\" data-elementor-open-lightbox=\\\"no\\\" tabindex=\\\"0\\\" rel=\\\"jtg-16225\\\" data-caption=\\\"\\\" aria-label=\\\"Open image in lightbox\\\" class=\\\"tile-inner modula-item-link\\\"><\\\/a><img class=\\\"pic wp-image-15683\\\"  data-valign=\\\"middle\\\" data-halign=\\\"center\\\" alt=\\\"Le couple de mari\\u00e9s marchent en riant. Leur complicit\\u00e9 est saisie par Ga\\u00e9tane Glize, photographe mariage Landes au ch\\u00e2teau d&#039;amou.\\\" data-full=\\\"https:\\\/\\\/gaetaneglize.com\\\/wp-content\\\/uploads\\\/2024\\\/12\\\/michelle-bertrand-mariage-chateau-amou-landes-preview-1034_websize-1.jpg\\\" title=\\\"michelle-bertrand-mariage-chateau-amou-landes-preview-1034_websize (1)\\\" crop=\\\"\\\" width=\\\"1600\\\" height=\\\"1067\\\" src=\\\"https:\\\/\\\/gaetaneglize.com\\\/wp-content\\\/uploads\\\/2024\\\/12\\\/michelle-bertrand-mariage-chateau-amou-landes-preview-1034_websize-1.jpg\\\" data-src=\\\"https:\\\/\\\/gaetaneglize.com\\\/wp-content\\\/uploads\\\/2024\\\/12\\\/michelle-bertrand-mariage-chateau-amou-landes-preview-1034_websize-1.jpg\\\" data-caption=\\\"\\\" srcset=\\\"https:\\\/\\\/gaetaneglize.com\\\/wp-content\\\/uploads\\\/2024\\\/12\\\/michelle-bertrand-mariage-chateau-amou-landes-preview-1034_websize-1.jpg 1600w, https:\\\/\\\/gaetaneglize.com\\\/wp-content\\\/uploads\\\/2024\\\/12\\\/michelle-bertrand-mariage-chateau-amou-landes-preview-1034_websize-1-300x200.jpg 300w, https:\\\/\\\/gaetaneglize.com\\\/wp-content\\\/uploads\\\/2024\\\/12\\\/michelle-bertrand-mariage-chateau-amou-landes-preview-1034_websize-1-1024x683.jpg 1024w, https:\\\/\\\/gaetaneglize.com\\\/wp-content\\\/uploads\\\/2024\\\/12\\\/michelle-bertrand-mariage-chateau-amou-landes-preview-1034_websize-1-768x512.jpg 768w, https:\\\/\\\/gaetaneglize.com\\\/wp-content\\\/uploads\\\/2024\\\/12\\\/michelle-bertrand-mariage-chateau-amou-landes-preview-1034_websize-1-1536x1024.jpg 1536w\\\" sizes=\\\"(max-width: 1600px) 100vw, 1600px\\\" \\\/>\\n\\t\\t<div class=\\\"figc no-description\\\">\\n\\t\\t\\t<div class=\\\"figc-inner\\\">\\n\\t\\t\\t\\t\\t\\t\\t\\t\\t\\t\\t\\t\\t\\t\\t<\\\/div>\\n\\t\\t<\\\/div>\\n\\n\\t<\\\/div>\\n\\n<\\\/div><div class=\\\"modula-item effect-pufrobo\\\" >\\n\\t<div class=\\\"modula-item-overlay\\\"><\\\/div>\\n\\n\\t<div class=\\\"modula-item-content\\\">\\n\\n\\t\\t<a data-image-id=\\\"15963\\\" role=\\\"button\\\" data-elementor-open-lightbox=\\\"no\\\" tabindex=\\\"0\\\" rel=\\\"jtg-16225\\\" data-caption=\\\"\\\" aria-label=\\\"Open image in lightbox\\\" class=\\\"tile-inner modula-item-link\\\"><\\\/a><img class=\\\"pic wp-image-15963\\\"  data-valign=\\\"middle\\\" data-halign=\\\"center\\\" alt=\\\"\\\" data-full=\\\"https:\\\/\\\/gaetaneglize.com\\\/wp-content\\\/uploads\\\/2024\\\/12\\\/anna-maxime-photo-mariage-elopement-chapelle-landes-1623_websize.jpg\\\" title=\\\"anna-maxime-photo-mariage-elopement-chapelle-landes-1623_websize\\\" crop=\\\"\\\" width=\\\"1067\\\" height=\\\"1600\\\" src=\\\"https:\\\/\\\/gaetaneglize.com\\\/wp-content\\\/uploads\\\/2024\\\/12\\\/anna-maxime-photo-mariage-elopement-chapelle-landes-1623_websize.jpg\\\" data-src=\\\"https:\\\/\\\/gaetaneglize.com\\\/wp-content\\\/uploads\\\/2024\\\/12\\\/anna-maxime-photo-mariage-elopement-chapelle-landes-1623_websize.jpg\\\" data-caption=\\\"\\\" srcset=\\\"https:\\\/\\\/gaetaneglize.com\\\/wp-content\\\/uploads\\\/2024\\\/12\\\/anna-maxime-photo-mariage-elopement-chapelle-landes-1623_websize.jpg 1067w, https:\\\/\\\/gaetaneglize.com\\\/wp-content\\\/uploads\\\/2024\\\/12\\\/anna-maxime-photo-mariage-elopement-chapelle-landes-1623_websize-200x300.jpg 200w, https:\\\/\\\/gaetaneglize.com\\\/wp-content\\\/uploads\\\/2024\\\/12\\\/anna-maxime-photo-mariage-elopement-chapelle-landes-1623_websize-683x1024.jpg 683w, https:\\\/\\\/gaetaneglize.com\\\/wp-content\\\/uploads\\\/2024\\\/12\\\/anna-maxime-photo-mariage-elopement-chapelle-landes-1623_websize-768x1152.jpg 768w, https:\\\/\\\/gaetaneglize.com\\\/wp-content\\\/uploads\\\/2024\\\/12\\\/anna-maxime-photo-mariage-elopement-chapelle-landes-1623_websize-1024x1536.jpg 1024w\\\" sizes=\\\"(max-width: 1067px) 100vw, 1067px\\\" \\\/>\\n\\t\\t<div class=\\\"figc no-description\\\">\\n\\t\\t\\t<div class=\\\"figc-inner\\\">\\n\\t\\t\\t\\t\\t\\t\\t\\t\\t\\t\\t\\t\\t\\t\\t<\\\/div>\\n\\t\\t<\\\/div>\\n\\n\\t<\\\/div>\\n\\n<\\\/div><div class=\\\"modula-item effect-pufrobo\\\" >\\n\\t<div class=\\\"modula-item-overlay\\\"><\\\/div>\\n\\n\\t<div class=\\\"modula-item-content\\\">\\n\\n\\t\\t<a data-image-id=\\\"15691\\\" role=\\\"button\\\" data-elementor-open-lightbox=\\\"no\\\" tabindex=\\\"0\\\" rel=\\\"jtg-16225\\\" data-caption=\\\"\\\" aria-label=\\\"Open image in lightbox\\\" class=\\\"tile-inner modula-item-link\\\"><\\\/a><img class=\\\"pic wp-image-15691\\\"  data-valign=\\\"middle\\\" data-halign=\\\"center\\\" alt=\\\"Un couple de mari\\u00e9 font la f\\u00eate et dansent ensemble pendant le cocktail de leur mariage dans le jardin du domaine La Felicita \\u00e0 Saint-Barth\\u00e9l\\u00e9my dans les Landes.\\\" data-full=\\\"https:\\\/\\\/gaetaneglize.com\\\/wp-content\\\/uploads\\\/2024\\\/12\\\/marine-meriadec-mariage-landes-preview-1026_websize.jpg\\\" title=\\\"marine-meriadec-mariage-landes-preview-1026_websize\\\" crop=\\\"\\\" width=\\\"1600\\\" height=\\\"1067\\\" src=\\\"https:\\\/\\\/gaetaneglize.com\\\/wp-content\\\/uploads\\\/2024\\\/12\\\/marine-meriadec-mariage-landes-preview-1026_websize.jpg\\\" data-src=\\\"https:\\\/\\\/gaetaneglize.com\\\/wp-content\\\/uploads\\\/2024\\\/12\\\/marine-meriadec-mariage-landes-preview-1026_websize.jpg\\\" data-caption=\\\"\\\" srcset=\\\"https:\\\/\\\/gaetaneglize.com\\\/wp-content\\\/uploads\\\/2024\\\/12\\\/marine-meriadec-mariage-landes-preview-1026_websize.jpg 1600w, https:\\\/\\\/gaetaneglize.com\\\/wp-content\\\/uploads\\\/2024\\\/12\\\/marine-meriadec-mariage-landes-preview-1026_websize-300x200.jpg 300w, https:\\\/\\\/gaetaneglize.com\\\/wp-content\\\/uploads\\\/2024\\\/12\\\/marine-meriadec-mariage-landes-preview-1026_websize-1024x683.jpg 1024w, https:\\\/\\\/gaetaneglize.com\\\/wp-content\\\/uploads\\\/2024\\\/12\\\/marine-meriadec-mariage-landes-preview-1026_websize-768x512.jpg 768w, https:\\\/\\\/gaetaneglize.com\\\/wp-content\\\/uploads\\\/2024\\\/12\\\/marine-meriadec-mariage-landes-preview-1026_websize-1536x1024.jpg 1536w\\\" sizes=\\\"(max-width: 1600px) 100vw, 1600px\\\" \\\/>\\n\\t\\t<div class=\\\"figc no-description\\\">\\n\\t\\t\\t<div class=\\\"figc-inner\\\">\\n\\t\\t\\t\\t\\t\\t\\t\\t\\t\\t\\t\\t\\t\\t\\t<\\\/div>\\n\\t\\t<\\\/div>\\n\\n\\t<\\\/div>\\n\\n<\\\/div><div class=\\\"modula-item effect-pufrobo\\\" >\\n\\t<div class=\\\"modula-item-overlay\\\"><\\\/div>\\n\\n\\t<div class=\\\"modula-item-content\\\">\\n\\n\\t\\t<a data-image-id=\\\"15336\\\" role=\\\"button\\\" data-elementor-open-lightbox=\\\"no\\\" tabindex=\\\"0\\\" rel=\\\"jtg-16225\\\" data-caption=\\\"\\\" aria-label=\\\"Open image in lightbox\\\" class=\\\"tile-inner modula-item-link\\\"><\\\/a><img class=\\\"pic wp-image-15336\\\"  data-valign=\\\"middle\\\" data-halign=\\\"center\\\" alt=\\\"\\\" data-full=\\\"https:\\\/\\\/gaetaneglize.com\\\/wp-content\\\/uploads\\\/2024\\\/12\\\/seance-photo-couple-anniversaire-mariage-plage-landes-1164_websize.jpg\\\" title=\\\"seance-photo-couple-anniversaire-mariage-plage-landes-1164_websize\\\" crop=\\\"\\\" width=\\\"1600\\\" height=\\\"1067\\\" src=\\\"https:\\\/\\\/gaetaneglize.com\\\/wp-content\\\/uploads\\\/2024\\\/12\\\/seance-photo-couple-anniversaire-mariage-plage-landes-1164_websize.jpg\\\" data-src=\\\"https:\\\/\\\/gaetaneglize.com\\\/wp-content\\\/uploads\\\/2024\\\/12\\\/seance-photo-couple-anniversaire-mariage-plage-landes-1164_websize.jpg\\\" data-caption=\\\"\\\" srcset=\\\"https:\\\/\\\/gaetaneglize.com\\\/wp-content\\\/uploads\\\/2024\\\/12\\\/seance-photo-couple-anniversaire-mariage-plage-landes-1164_websize.jpg 1600w, https:\\\/\\\/gaetaneglize.com\\\/wp-content\\\/uploads\\\/2024\\\/12\\\/seance-photo-couple-anniversaire-mariage-plage-landes-1164_websize-300x200.jpg 300w, https:\\\/\\\/gaetaneglize.com\\\/wp-content\\\/uploads\\\/2024\\\/12\\\/seance-photo-couple-anniversaire-mariage-plage-landes-1164_websize-1024x683.jpg 1024w, https:\\\/\\\/gaetaneglize.com\\\/wp-content\\\/uploads\\\/2024\\\/12\\\/seance-photo-couple-anniversaire-mariage-plage-landes-1164_websize-768x512.jpg 768w, https:\\\/\\\/gaetaneglize.com\\\/wp-content\\\/uploads\\\/2024\\\/12\\\/seance-photo-couple-anniversaire-mariage-plage-landes-1164_websize-1536x1024.jpg 1536w\\\" sizes=\\\"(max-width: 1600px) 100vw, 1600px\\\" \\\/>\\n\\t\\t<div class=\\\"figc no-description\\\">\\n\\t\\t\\t<div class=\\\"figc-inner\\\">\\n\\t\\t\\t\\t\\t\\t\\t\\t\\t\\t\\t\\t\\t\\t\\t<\\\/div>\\n\\t\\t<\\\/div>\\n\\n\\t<\\\/div>\\n\\n<\\\/div><div class=\\\"modula-item effect-pufrobo\\\" >\\n\\t<div class=\\\"modula-item-overlay\\\"><\\\/div>\\n\\n\\t<div class=\\\"modula-item-content\\\">\\n\\n\\t\\t<a data-image-id=\\\"15792\\\" role=\\\"button\\\" data-elementor-open-lightbox=\\\"no\\\" tabindex=\\\"0\\\" rel=\\\"jtg-16225\\\" data-caption=\\\"\\\" aria-label=\\\"Open image in lightbox\\\" class=\\\"tile-inner modula-item-link\\\"><\\\/a><img class=\\\"pic wp-image-15792\\\"  data-valign=\\\"middle\\\" data-halign=\\\"center\\\" alt=\\\"Une m\\u00e8che de cheveux boucl\\u00e9s pendant la coiffure de la mari\\u00e9e. Une photo de d\\u00e9tail po\\u00e9tique prise par Ga\\u00e9tane Glize, photographe mariage Landes.\\\" data-full=\\\"https:\\\/\\\/gaetaneglize.com\\\/wp-content\\\/uploads\\\/2024\\\/12\\\/photographe-mariage-intimiste-landes-a-la-maison-1004.jpg\\\" title=\\\"photographe-mariage-intimiste-landes-a-la-maison-1004\\\" crop=\\\"\\\" width=\\\"712\\\" height=\\\"1067\\\" src=\\\"https:\\\/\\\/gaetaneglize.com\\\/wp-content\\\/uploads\\\/2024\\\/12\\\/photographe-mariage-intimiste-landes-a-la-maison-1004.jpg\\\" data-src=\\\"https:\\\/\\\/gaetaneglize.com\\\/wp-content\\\/uploads\\\/2024\\\/12\\\/photographe-mariage-intimiste-landes-a-la-maison-1004.jpg\\\" data-caption=\\\"\\\" srcset=\\\"https:\\\/\\\/gaetaneglize.com\\\/wp-content\\\/uploads\\\/2024\\\/12\\\/photographe-mariage-intimiste-landes-a-la-maison-1004.jpg 712w, https:\\\/\\\/gaetaneglize.com\\\/wp-content\\\/uploads\\\/2024\\\/12\\\/photographe-mariage-intimiste-landes-a-la-maison-1004-200x300.jpg 200w, https:\\\/\\\/gaetaneglize.com\\\/wp-content\\\/uploads\\\/2024\\\/12\\\/photographe-mariage-intimiste-landes-a-la-maison-1004-683x1024.jpg 683w\\\" sizes=\\\"(max-width: 712px) 100vw, 712px\\\" \\\/>\\n\\t\\t<div class=\\\"figc no-description\\\">\\n\\t\\t\\t<div class=\\\"figc-inner\\\">\\n\\t\\t\\t\\t\\t\\t\\t\\t\\t\\t\\t\\t\\t\\t\\t<\\\/div>\\n\\t\\t<\\\/div>\\n\\n\\t<\\\/div>\\n\\n<\\\/div><div class=\\\"modula-item effect-pufrobo\\\" >\\n\\t<div class=\\\"modula-item-overlay\\\"><\\\/div>\\n\\n\\t<div class=\\\"modula-item-content\\\">\\n\\n\\t\\t<a data-image-id=\\\"16014\\\" role=\\\"button\\\" data-elementor-open-lightbox=\\\"no\\\" tabindex=\\\"0\\\" rel=\\\"jtg-16225\\\" data-caption=\\\"\\\" aria-label=\\\"Open image in lightbox\\\" class=\\\"tile-inner modula-item-link\\\"><\\\/a><img class=\\\"pic wp-image-16014\\\"  data-valign=\\\"middle\\\" data-halign=\\\"center\\\" alt=\\\"\\\" data-full=\\\"https:\\\/\\\/gaetaneglize.com\\\/wp-content\\\/uploads\\\/2024\\\/12\\\/lydie-cedric-photographie-mariage-chateau-landes-preview-1028-animation_websize.gif\\\" title=\\\"lydie-cedric-photographie-mariage-chateau-landes-preview-1028-animation_websize\\\" crop=\\\"\\\" width=\\\"1800\\\" height=\\\"1201\\\" src=\\\"https:\\\/\\\/gaetaneglize.com\\\/wp-content\\\/uploads\\\/2024\\\/12\\\/lydie-cedric-photographie-mariage-chateau-landes-preview-1028-animation_websize.gif\\\" data-src=\\\"https:\\\/\\\/gaetaneglize.com\\\/wp-content\\\/uploads\\\/2024\\\/12\\\/lydie-cedric-photographie-mariage-chateau-landes-preview-1028-animation_websize.gif\\\" data-caption=\\\"\\\"\\\/>\\n\\t\\t<div class=\\\"figc no-description\\\">\\n\\t\\t\\t<div class=\\\"figc-inner\\\">\\n\\t\\t\\t\\t\\t\\t\\t\\t\\t\\t\\t\\t\\t\\t\\t<\\\/div>\\n\\t\\t<\\\/div>\\n\\n\\t<\\\/div>\\n\\n<\\\/div><div class=\\\"modula-item effect-pufrobo\\\" >\\n\\t<div class=\\\"modula-item-overlay\\\"><\\\/div>\\n\\n\\t<div class=\\\"modula-item-content\\\">\\n\\n\\t\\t<a data-image-id=\\\"14472\\\" role=\\\"button\\\" data-elementor-open-lightbox=\\\"no\\\" tabindex=\\\"0\\\" rel=\\\"jtg-16225\\\" data-caption=\\\"\\\" aria-label=\\\"Open image in lightbox\\\" class=\\\"tile-inner modula-item-link\\\"><\\\/a><img class=\\\"pic wp-image-14472\\\"  data-valign=\\\"middle\\\" data-halign=\\\"center\\\" alt=\\\"La c\\u00e9r\\u00e9monie la\\u00efque de mariage se passe en ext\\u00e9rieur au niveau d&#039;un arbre centenaire.\\\" data-full=\\\"https:\\\/\\\/gaetaneglize.com\\\/wp-content\\\/uploads\\\/2024\\\/02\\\/anne-so-quentin-mariage-champetre-normandie-1491_websize.jpg\\\" title=\\\"Anne-Sophie + Quentin\\\" crop=\\\"\\\" width=\\\"1067\\\" height=\\\"1600\\\" src=\\\"https:\\\/\\\/gaetaneglize.com\\\/wp-content\\\/uploads\\\/2024\\\/02\\\/anne-so-quentin-mariage-champetre-normandie-1491_websize.jpg\\\" data-src=\\\"https:\\\/\\\/gaetaneglize.com\\\/wp-content\\\/uploads\\\/2024\\\/02\\\/anne-so-quentin-mariage-champetre-normandie-1491_websize.jpg\\\" data-caption=\\\"\\\" srcset=\\\"https:\\\/\\\/gaetaneglize.com\\\/wp-content\\\/uploads\\\/2024\\\/02\\\/anne-so-quentin-mariage-champetre-normandie-1491_websize.jpg 1067w, https:\\\/\\\/gaetaneglize.com\\\/wp-content\\\/uploads\\\/2024\\\/02\\\/anne-so-quentin-mariage-champetre-normandie-1491_websize-200x300.jpg 200w, https:\\\/\\\/gaetaneglize.com\\\/wp-content\\\/uploads\\\/2024\\\/02\\\/anne-so-quentin-mariage-champetre-normandie-1491_websize-683x1024.jpg 683w, https:\\\/\\\/gaetaneglize.com\\\/wp-content\\\/uploads\\\/2024\\\/02\\\/anne-so-quentin-mariage-champetre-normandie-1491_websize-768x1152.jpg 768w, https:\\\/\\\/gaetaneglize.com\\\/wp-content\\\/uploads\\\/2024\\\/02\\\/anne-so-quentin-mariage-champetre-normandie-1491_websize-1024x1536.jpg 1024w\\\" sizes=\\\"(max-width: 1067px) 100vw, 1067px\\\" \\\/>\\n\\t\\t<div class=\\\"figc no-description\\\">\\n\\t\\t\\t<div class=\\\"figc-inner\\\">\\n\\t\\t\\t\\t\\t\\t\\t\\t\\t\\t\\t\\t\\t\\t\\t<\\\/div>\\n\\t\\t<\\\/div>\\n\\n\\t<\\\/div>\\n\\n<\\\/div><div class=\\\"modula-item effect-pufrobo\\\" >\\n\\t<div class=\\\"modula-item-overlay\\\"><\\\/div>\\n\\n\\t<div class=\\\"modula-item-content\\\">\\n\\n\\t\\t<a data-image-id=\\\"13162\\\" role=\\\"button\\\" data-elementor-open-lightbox=\\\"no\\\" tabindex=\\\"0\\\" rel=\\\"jtg-16225\\\" data-caption=\\\"\\\" aria-label=\\\"Open image in lightbox\\\" class=\\\"tile-inner modula-item-link\\\"><\\\/a><img class=\\\"pic wp-image-13162\\\"  data-valign=\\\"middle\\\" data-halign=\\\"center\\\" alt=\\\"S\\u00e9ance photo couple day after \\u00e0 Seignosse dans les Landes.\\\" data-full=\\\"https:\\\/\\\/gaetaneglize.com\\\/wp-content\\\/uploads\\\/2023\\\/01\\\/seance-photo-couple-day-after-apres-mariage-plage-landes-1065.gif\\\" title=\\\"seance-photo-couple-day-after - apres-mariage-plage-landes-1065\\\" crop=\\\"\\\" width=\\\"1700\\\" height=\\\"1133\\\" src=\\\"https:\\\/\\\/gaetaneglize.com\\\/wp-content\\\/uploads\\\/2023\\\/01\\\/seance-photo-couple-day-after-apres-mariage-plage-landes-1065.gif\\\" data-src=\\\"https:\\\/\\\/gaetaneglize.com\\\/wp-content\\\/uploads\\\/2023\\\/01\\\/seance-photo-couple-day-after-apres-mariage-plage-landes-1065.gif\\\" data-caption=\\\"\\\"\\\/>\\n\\t\\t<div class=\\\"figc no-description\\\">\\n\\t\\t\\t<div class=\\\"figc-inner\\\">\\n\\t\\t\\t\\t\\t\\t\\t\\t\\t\\t\\t\\t\\t\\t\\t<\\\/div>\\n\\t\\t<\\\/div>\\n\\n\\t<\\\/div>\\n\\n<\\\/div><div class=\\\"modula-item effect-pufrobo\\\" >\\n\\t<div class=\\\"modula-item-overlay\\\"><\\\/div>\\n\\n\\t<div class=\\\"modula-item-content\\\">\\n\\n\\t\\t<a data-image-id=\\\"15740\\\" role=\\\"button\\\" data-elementor-open-lightbox=\\\"no\\\" tabindex=\\\"0\\\" rel=\\\"jtg-16225\\\" data-caption=\\\"\\\" aria-label=\\\"Open image in lightbox\\\" class=\\\"tile-inner modula-item-link\\\"><\\\/a><img class=\\\"pic wp-image-15740\\\"  data-valign=\\\"middle\\\" data-halign=\\\"center\\\" alt=\\\"\\\" data-full=\\\"https:\\\/\\\/gaetaneglize.com\\\/wp-content\\\/uploads\\\/2024\\\/12\\\/photographie-mariage-landes-pays-basque-1576_.jpg\\\" title=\\\"photographie-mariage-landes-pays-basque-1576_\\\" crop=\\\"\\\" width=\\\"1600\\\" height=\\\"1067\\\" src=\\\"https:\\\/\\\/gaetaneglize.com\\\/wp-content\\\/uploads\\\/2024\\\/12\\\/photographie-mariage-landes-pays-basque-1576_.jpg\\\" data-src=\\\"https:\\\/\\\/gaetaneglize.com\\\/wp-content\\\/uploads\\\/2024\\\/12\\\/photographie-mariage-landes-pays-basque-1576_.jpg\\\" data-caption=\\\"\\\" srcset=\\\"https:\\\/\\\/gaetaneglize.com\\\/wp-content\\\/uploads\\\/2024\\\/12\\\/photographie-mariage-landes-pays-basque-1576_.jpg 1600w, https:\\\/\\\/gaetaneglize.com\\\/wp-content\\\/uploads\\\/2024\\\/12\\\/photographie-mariage-landes-pays-basque-1576_-300x200.jpg 300w, https:\\\/\\\/gaetaneglize.com\\\/wp-content\\\/uploads\\\/2024\\\/12\\\/photographie-mariage-landes-pays-basque-1576_-1024x683.jpg 1024w, https:\\\/\\\/gaetaneglize.com\\\/wp-content\\\/uploads\\\/2024\\\/12\\\/photographie-mariage-landes-pays-basque-1576_-768x512.jpg 768w, https:\\\/\\\/gaetaneglize.com\\\/wp-content\\\/uploads\\\/2024\\\/12\\\/photographie-mariage-landes-pays-basque-1576_-1536x1024.jpg 1536w\\\" sizes=\\\"(max-width: 1600px) 100vw, 1600px\\\" \\\/>\\n\\t\\t<div class=\\\"figc no-description\\\">\\n\\t\\t\\t<div class=\\\"figc-inner\\\">\\n\\t\\t\\t\\t\\t\\t\\t\\t\\t\\t\\t\\t\\t\\t\\t<\\\/div>\\n\\t\\t<\\\/div>\\n\\n\\t<\\\/div>\\n\\n<\\\/div><div class=\\\"modula-item effect-pufrobo\\\" >\\n\\t<div class=\\\"modula-item-overlay\\\"><\\\/div>\\n\\n\\t<div class=\\\"modula-item-content\\\">\\n\\n\\t\\t<a data-image-id=\\\"16004\\\" role=\\\"button\\\" data-elementor-open-lightbox=\\\"no\\\" tabindex=\\\"0\\\" rel=\\\"jtg-16225\\\" data-caption=\\\"\\\" aria-label=\\\"Open image in lightbox\\\" class=\\\"tile-inner modula-item-link\\\"><\\\/a><img class=\\\"pic wp-image-16004\\\"  data-valign=\\\"middle\\\" data-halign=\\\"center\\\" alt=\\\"\\\" data-full=\\\"https:\\\/\\\/gaetaneglize.com\\\/wp-content\\\/uploads\\\/2024\\\/12\\\/camille-reha-mariage-intimiste-cocobarn-woodlodge-landes-1220_websize-1.jpg\\\" title=\\\"camille-reha-mariage-intimiste-cocobarn-woodlodge-landes-1220_websize (1)\\\" crop=\\\"\\\" width=\\\"1067\\\" height=\\\"1600\\\" src=\\\"https:\\\/\\\/gaetaneglize.com\\\/wp-content\\\/uploads\\\/2024\\\/12\\\/camille-reha-mariage-intimiste-cocobarn-woodlodge-landes-1220_websize-1.jpg\\\" data-src=\\\"https:\\\/\\\/gaetaneglize.com\\\/wp-content\\\/uploads\\\/2024\\\/12\\\/camille-reha-mariage-intimiste-cocobarn-woodlodge-landes-1220_websize-1.jpg\\\" data-caption=\\\"\\\" srcset=\\\"https:\\\/\\\/gaetaneglize.com\\\/wp-content\\\/uploads\\\/2024\\\/12\\\/camille-reha-mariage-intimiste-cocobarn-woodlodge-landes-1220_websize-1.jpg 1067w, https:\\\/\\\/gaetaneglize.com\\\/wp-content\\\/uploads\\\/2024\\\/12\\\/camille-reha-mariage-intimiste-cocobarn-woodlodge-landes-1220_websize-1-200x300.jpg 200w, https:\\\/\\\/gaetaneglize.com\\\/wp-content\\\/uploads\\\/2024\\\/12\\\/camille-reha-mariage-intimiste-cocobarn-woodlodge-landes-1220_websize-1-683x1024.jpg 683w, https:\\\/\\\/gaetaneglize.com\\\/wp-content\\\/uploads\\\/2024\\\/12\\\/camille-reha-mariage-intimiste-cocobarn-woodlodge-landes-1220_websize-1-768x1152.jpg 768w, https:\\\/\\\/gaetaneglize.com\\\/wp-content\\\/uploads\\\/2024\\\/12\\\/camille-reha-mariage-intimiste-cocobarn-woodlodge-landes-1220_websize-1-1024x1536.jpg 1024w\\\" sizes=\\\"(max-width: 1067px) 100vw, 1067px\\\" \\\/>\\n\\t\\t<div class=\\\"figc no-description\\\">\\n\\t\\t\\t<div class=\\\"figc-inner\\\">\\n\\t\\t\\t\\t\\t\\t\\t\\t\\t\\t\\t\\t\\t\\t\\t<\\\/div>\\n\\t\\t<\\\/div>\\n\\n\\t<\\\/div>\\n\\n<\\\/div><div class=\\\"modula-item effect-pufrobo\\\" >\\n\\t<div class=\\\"modula-item-overlay\\\"><\\\/div>\\n\\n\\t<div class=\\\"modula-item-content\\\">\\n\\n\\t\\t<a data-image-id=\\\"9568\\\" role=\\\"button\\\" data-elementor-open-lightbox=\\\"no\\\" tabindex=\\\"0\\\" rel=\\\"jtg-16225\\\" data-caption=\\\"\\\" aria-label=\\\"Open image in lightbox\\\" class=\\\"tile-inner modula-item-link\\\"><\\\/a><img class=\\\"pic wp-image-9568\\\"  data-valign=\\\"middle\\\" data-halign=\\\"center\\\" alt=\\\"\\\" data-full=\\\"https:\\\/\\\/gaetaneglize.com\\\/wp-content\\\/uploads\\\/2022\\\/03\\\/naiti-maxime-photographe-mariage-bordeaux-gironde-aquitaine-2179_websize.jpg\\\" title=\\\"Na\\u00efti + Maxime\\\" crop=\\\"\\\" width=\\\"1600\\\" height=\\\"1067\\\" src=\\\"https:\\\/\\\/gaetaneglize.com\\\/wp-content\\\/uploads\\\/2022\\\/03\\\/naiti-maxime-photographe-mariage-bordeaux-gironde-aquitaine-2179_websize.jpg\\\" data-src=\\\"https:\\\/\\\/gaetaneglize.com\\\/wp-content\\\/uploads\\\/2022\\\/03\\\/naiti-maxime-photographe-mariage-bordeaux-gironde-aquitaine-2179_websize.jpg\\\" data-caption=\\\"\\\" srcset=\\\"https:\\\/\\\/gaetaneglize.com\\\/wp-content\\\/uploads\\\/2022\\\/03\\\/naiti-maxime-photographe-mariage-bordeaux-gironde-aquitaine-2179_websize.jpg 1600w, https:\\\/\\\/gaetaneglize.com\\\/wp-content\\\/uploads\\\/2022\\\/03\\\/naiti-maxime-photographe-mariage-bordeaux-gironde-aquitaine-2179_websize-300x200.jpg 300w, https:\\\/\\\/gaetaneglize.com\\\/wp-content\\\/uploads\\\/2022\\\/03\\\/naiti-maxime-photographe-mariage-bordeaux-gironde-aquitaine-2179_websize-1024x683.jpg 1024w, https:\\\/\\\/gaetaneglize.com\\\/wp-content\\\/uploads\\\/2022\\\/03\\\/naiti-maxime-photographe-mariage-bordeaux-gironde-aquitaine-2179_websize-768x512.jpg 768w, https:\\\/\\\/gaetaneglize.com\\\/wp-content\\\/uploads\\\/2022\\\/03\\\/naiti-maxime-photographe-mariage-bordeaux-gironde-aquitaine-2179_websize-1536x1024.jpg 1536w\\\" sizes=\\\"(max-width: 1600px) 100vw, 1600px\\\" \\\/>\\n\\t\\t<div class=\\\"figc no-description\\\">\\n\\t\\t\\t<div class=\\\"figc-inner\\\">\\n\\t\\t\\t\\t\\t\\t\\t\\t\\t\\t\\t\\t\\t\\t\\t<\\\/div>\\n\\t\\t<\\\/div>\\n\\n\\t<\\\/div>\\n\\n<\\\/div><div class=\\\"modula-item effect-pufrobo\\\" >\\n\\t<div class=\\\"modula-item-overlay\\\"><\\\/div>\\n\\n\\t<div class=\\\"modula-item-content\\\">\\n\\n\\t\\t<a data-image-id=\\\"15772\\\" role=\\\"button\\\" data-elementor-open-lightbox=\\\"no\\\" tabindex=\\\"0\\\" rel=\\\"jtg-16225\\\" data-caption=\\\"\\\" aria-label=\\\"Open image in lightbox\\\" class=\\\"tile-inner modula-item-link\\\"><\\\/a><img class=\\\"pic wp-image-15772\\\"  data-valign=\\\"middle\\\" data-halign=\\\"center\\\" alt=\\\"La mari\\u00e9e et son mari sont assis \\u00e0 l&#039;int\\u00e9rieur du ch\\u00e2teau, le mari l&#039;embrasse sur la joue. Un moment de tendresse captur\\u00e9 par Ga\\u00e9tane Glize, photographe mariage Landes.\\\" data-full=\\\"https:\\\/\\\/gaetaneglize.com\\\/wp-content\\\/uploads\\\/2024\\\/12\\\/mariage-renaissance-chateau-poudenas_gaetane-glize-photographie_1146.jpg\\\" title=\\\"Mariage Renaissance\\\" crop=\\\"\\\" width=\\\"1067\\\" height=\\\"1600\\\" src=\\\"https:\\\/\\\/gaetaneglize.com\\\/wp-content\\\/uploads\\\/2024\\\/12\\\/mariage-renaissance-chateau-poudenas_gaetane-glize-photographie_1146.jpg\\\" data-src=\\\"https:\\\/\\\/gaetaneglize.com\\\/wp-content\\\/uploads\\\/2024\\\/12\\\/mariage-renaissance-chateau-poudenas_gaetane-glize-photographie_1146.jpg\\\" data-caption=\\\"\\\" srcset=\\\"https:\\\/\\\/gaetaneglize.com\\\/wp-content\\\/uploads\\\/2024\\\/12\\\/mariage-renaissance-chateau-poudenas_gaetane-glize-photographie_1146.jpg 1067w, https:\\\/\\\/gaetaneglize.com\\\/wp-content\\\/uploads\\\/2024\\\/12\\\/mariage-renaissance-chateau-poudenas_gaetane-glize-photographie_1146-200x300.jpg 200w, https:\\\/\\\/gaetaneglize.com\\\/wp-content\\\/uploads\\\/2024\\\/12\\\/mariage-renaissance-chateau-poudenas_gaetane-glize-photographie_1146-683x1024.jpg 683w, https:\\\/\\\/gaetaneglize.com\\\/wp-content\\\/uploads\\\/2024\\\/12\\\/mariage-renaissance-chateau-poudenas_gaetane-glize-photographie_1146-768x1152.jpg 768w, https:\\\/\\\/gaetaneglize.com\\\/wp-content\\\/uploads\\\/2024\\\/12\\\/mariage-renaissance-chateau-poudenas_gaetane-glize-photographie_1146-1024x1536.jpg 1024w\\\" sizes=\\\"(max-width: 1067px) 100vw, 1067px\\\" \\\/>\\n\\t\\t<div class=\\\"figc no-description\\\">\\n\\t\\t\\t<div class=\\\"figc-inner\\\">\\n\\t\\t\\t\\t\\t\\t\\t\\t\\t\\t\\t\\t\\t\\t\\t<\\\/div>\\n\\t\\t<\\\/div>\\n\\n\\t<\\\/div>\\n\\n<\\\/div><div class=\\\"modula-item effect-pufrobo\\\" >\\n\\t<div class=\\\"modula-item-overlay\\\"><\\\/div>\\n\\n\\t<div class=\\\"modula-item-content\\\">\\n\\n\\t\\t<a data-image-id=\\\"12516\\\" role=\\\"button\\\" data-elementor-open-lightbox=\\\"no\\\" tabindex=\\\"0\\\" rel=\\\"jtg-16225\\\" data-caption=\\\"\\\" aria-label=\\\"Open image in lightbox\\\" class=\\\"tile-inner modula-item-link\\\"><\\\/a><img class=\\\"pic wp-image-12516\\\"  data-valign=\\\"middle\\\" data-halign=\\\"center\\\" alt=\\\"\\\" data-full=\\\"https:\\\/\\\/gaetaneglize.com\\\/wp-content\\\/uploads\\\/2023\\\/01\\\/photographe-mariage-landes-pays-basque-005.jpg\\\" title=\\\"photographe-mariage-landes-pays-basque-005\\\" crop=\\\"\\\" width=\\\"1600\\\" height=\\\"1067\\\" src=\\\"https:\\\/\\\/gaetaneglize.com\\\/wp-content\\\/uploads\\\/2023\\\/01\\\/photographe-mariage-landes-pays-basque-005.jpg\\\" data-src=\\\"https:\\\/\\\/gaetaneglize.com\\\/wp-content\\\/uploads\\\/2023\\\/01\\\/photographe-mariage-landes-pays-basque-005.jpg\\\" data-caption=\\\"\\\" srcset=\\\"https:\\\/\\\/gaetaneglize.com\\\/wp-content\\\/uploads\\\/2023\\\/01\\\/photographe-mariage-landes-pays-basque-005.jpg 1600w, https:\\\/\\\/gaetaneglize.com\\\/wp-content\\\/uploads\\\/2023\\\/01\\\/photographe-mariage-landes-pays-basque-005-300x200.jpg 300w, https:\\\/\\\/gaetaneglize.com\\\/wp-content\\\/uploads\\\/2023\\\/01\\\/photographe-mariage-landes-pays-basque-005-1024x683.jpg 1024w, https:\\\/\\\/gaetaneglize.com\\\/wp-content\\\/uploads\\\/2023\\\/01\\\/photographe-mariage-landes-pays-basque-005-768x512.jpg 768w, https:\\\/\\\/gaetaneglize.com\\\/wp-content\\\/uploads\\\/2023\\\/01\\\/photographe-mariage-landes-pays-basque-005-1536x1024.jpg 1536w\\\" sizes=\\\"(max-width: 1600px) 100vw, 1600px\\\" \\\/>\\n\\t\\t<div class=\\\"figc no-description\\\">\\n\\t\\t\\t<div class=\\\"figc-inner\\\">\\n\\t\\t\\t\\t\\t\\t\\t\\t\\t\\t\\t\\t\\t\\t\\t<\\\/div>\\n\\t\\t<\\\/div>\\n\\n\\t<\\\/div>\\n\\n<\\\/div><div class=\\\"modula-item effect-pufrobo\\\" >\\n\\t<div class=\\\"modula-item-overlay\\\"><\\\/div>\\n\\n\\t<div class=\\\"modula-item-content\\\">\\n\\n\\t\\t<a data-image-id=\\\"12697\\\" role=\\\"button\\\" data-elementor-open-lightbox=\\\"no\\\" tabindex=\\\"0\\\" rel=\\\"jtg-16225\\\" data-caption=\\\"\\\" aria-label=\\\"Open image in lightbox\\\" class=\\\"tile-inner modula-item-link\\\"><\\\/a><img class=\\\"pic wp-image-12697\\\"  data-valign=\\\"middle\\\" data-halign=\\\"center\\\" alt=\\\"Les mari\\u00e9s pleurent pendant leur c\\u00e9r\\u00e9monie de mariage la\\u00efque remplie d&#039;\\u00e9motions. Un mariage intimiste \\u00e0 la maison dans les Landes.\\\" data-full=\\\"https:\\\/\\\/gaetaneglize.com\\\/wp-content\\\/uploads\\\/2023\\\/01\\\/photographe-mariage-landes-pays-basque-021.jpg\\\" title=\\\"photographe-mariage-landes-pays-basque-021\\\" crop=\\\"\\\" width=\\\"1600\\\" height=\\\"1067\\\" src=\\\"https:\\\/\\\/gaetaneglize.com\\\/wp-content\\\/uploads\\\/2023\\\/01\\\/photographe-mariage-landes-pays-basque-021.jpg\\\" data-src=\\\"https:\\\/\\\/gaetaneglize.com\\\/wp-content\\\/uploads\\\/2023\\\/01\\\/photographe-mariage-landes-pays-basque-021.jpg\\\" data-caption=\\\"\\\" srcset=\\\"https:\\\/\\\/gaetaneglize.com\\\/wp-content\\\/uploads\\\/2023\\\/01\\\/photographe-mariage-landes-pays-basque-021.jpg 1600w, https:\\\/\\\/gaetaneglize.com\\\/wp-content\\\/uploads\\\/2023\\\/01\\\/photographe-mariage-landes-pays-basque-021-300x200.jpg 300w, https:\\\/\\\/gaetaneglize.com\\\/wp-content\\\/uploads\\\/2023\\\/01\\\/photographe-mariage-landes-pays-basque-021-1024x683.jpg 1024w, https:\\\/\\\/gaetaneglize.com\\\/wp-content\\\/uploads\\\/2023\\\/01\\\/photographe-mariage-landes-pays-basque-021-768x512.jpg 768w, https:\\\/\\\/gaetaneglize.com\\\/wp-content\\\/uploads\\\/2023\\\/01\\\/photographe-mariage-landes-pays-basque-021-1536x1024.jpg 1536w\\\" sizes=\\\"(max-width: 1600px) 100vw, 1600px\\\" \\\/>\\n\\t\\t<div class=\\\"figc no-description\\\">\\n\\t\\t\\t<div class=\\\"figc-inner\\\">\\n\\t\\t\\t\\t\\t\\t\\t\\t\\t\\t\\t\\t\\t\\t\\t<\\\/div>\\n\\t\\t<\\\/div>\\n\\n\\t<\\\/div>\\n\\n<\\\/div><div class=\\\"modula-item effect-pufrobo\\\" >\\n\\t<div class=\\\"modula-item-overlay\\\"><\\\/div>\\n\\n\\t<div class=\\\"modula-item-content\\\">\\n\\n\\t\\t<a data-image-id=\\\"15354\\\" role=\\\"button\\\" data-elementor-open-lightbox=\\\"no\\\" tabindex=\\\"0\\\" rel=\\\"jtg-16225\\\" data-caption=\\\"\\\" aria-label=\\\"Open image in lightbox\\\" class=\\\"tile-inner modula-item-link\\\"><\\\/a><img class=\\\"pic wp-image-15354\\\"  data-valign=\\\"middle\\\" data-halign=\\\"center\\\" alt=\\\"\\\" data-full=\\\"https:\\\/\\\/gaetaneglize.com\\\/wp-content\\\/uploads\\\/2024\\\/12\\\/seance-photo-couple-anniversaire-mariage-plage-landes-1207_websize.jpg\\\" title=\\\"seance-photo-couple-anniversaire-mariage-plage-landes-1207_websize\\\" crop=\\\"\\\" width=\\\"1067\\\" height=\\\"1600\\\" src=\\\"https:\\\/\\\/gaetaneglize.com\\\/wp-content\\\/uploads\\\/2024\\\/12\\\/seance-photo-couple-anniversaire-mariage-plage-landes-1207_websize.jpg\\\" data-src=\\\"https:\\\/\\\/gaetaneglize.com\\\/wp-content\\\/uploads\\\/2024\\\/12\\\/seance-photo-couple-anniversaire-mariage-plage-landes-1207_websize.jpg\\\" data-caption=\\\"\\\" srcset=\\\"https:\\\/\\\/gaetaneglize.com\\\/wp-content\\\/uploads\\\/2024\\\/12\\\/seance-photo-couple-anniversaire-mariage-plage-landes-1207_websize.jpg 1067w, https:\\\/\\\/gaetaneglize.com\\\/wp-content\\\/uploads\\\/2024\\\/12\\\/seance-photo-couple-anniversaire-mariage-plage-landes-1207_websize-200x300.jpg 200w, https:\\\/\\\/gaetaneglize.com\\\/wp-content\\\/uploads\\\/2024\\\/12\\\/seance-photo-couple-anniversaire-mariage-plage-landes-1207_websize-683x1024.jpg 683w, https:\\\/\\\/gaetaneglize.com\\\/wp-content\\\/uploads\\\/2024\\\/12\\\/seance-photo-couple-anniversaire-mariage-plage-landes-1207_websize-768x1152.jpg 768w, https:\\\/\\\/gaetaneglize.com\\\/wp-content\\\/uploads\\\/2024\\\/12\\\/seance-photo-couple-anniversaire-mariage-plage-landes-1207_websize-1024x1536.jpg 1024w\\\" sizes=\\\"(max-width: 1067px) 100vw, 1067px\\\" \\\/>\\n\\t\\t<div class=\\\"figc no-description\\\">\\n\\t\\t\\t<div class=\\\"figc-inner\\\">\\n\\t\\t\\t\\t\\t\\t\\t\\t\\t\\t\\t\\t\\t\\t\\t<\\\/div>\\n\\t\\t<\\\/div>\\n\\n\\t<\\\/div>\\n\\n<\\\/div><div class=\\\"modula-item effect-pufrobo\\\" >\\n\\t<div class=\\\"modula-item-overlay\\\"><\\\/div>\\n\\n\\t<div class=\\\"modula-item-content\\\">\\n\\n\\t\\t<a data-image-id=\\\"7712\\\" role=\\\"button\\\" data-elementor-open-lightbox=\\\"no\\\" tabindex=\\\"0\\\" rel=\\\"jtg-16225\\\" data-caption=\\\"\\\" aria-label=\\\"Open image in lightbox\\\" class=\\\"tile-inner modula-item-link\\\"><\\\/a><img class=\\\"pic wp-image-7712\\\"  data-valign=\\\"middle\\\" data-halign=\\\"center\\\" alt=\\\"\\\" data-full=\\\"https:\\\/\\\/gaetaneglize.com\\\/wp-content\\\/uploads\\\/2021\\\/05\\\/photographe-mariage-intimiste-landes-pays-basque-2000.jpg\\\" title=\\\"photographe-mariage-intimiste-landes-pays-basque-2000\\\" crop=\\\"\\\" width=\\\"1500\\\" height=\\\"1000\\\" src=\\\"https:\\\/\\\/gaetaneglize.com\\\/wp-content\\\/uploads\\\/2021\\\/05\\\/photographe-mariage-intimiste-landes-pays-basque-2000.jpg\\\" data-src=\\\"https:\\\/\\\/gaetaneglize.com\\\/wp-content\\\/uploads\\\/2021\\\/05\\\/photographe-mariage-intimiste-landes-pays-basque-2000.jpg\\\" data-caption=\\\"\\\" srcset=\\\"https:\\\/\\\/gaetaneglize.com\\\/wp-content\\\/uploads\\\/2021\\\/05\\\/photographe-mariage-intimiste-landes-pays-basque-2000.jpg 1500w, https:\\\/\\\/gaetaneglize.com\\\/wp-content\\\/uploads\\\/2021\\\/05\\\/photographe-mariage-intimiste-landes-pays-basque-2000-300x200.jpg 300w, https:\\\/\\\/gaetaneglize.com\\\/wp-content\\\/uploads\\\/2021\\\/05\\\/photographe-mariage-intimiste-landes-pays-basque-2000-1024x683.jpg 1024w, https:\\\/\\\/gaetaneglize.com\\\/wp-content\\\/uploads\\\/2021\\\/05\\\/photographe-mariage-intimiste-landes-pays-basque-2000-768x512.jpg 768w\\\" sizes=\\\"(max-width: 1500px) 100vw, 1500px\\\" \\\/>\\n\\t\\t<div class=\\\"figc no-description\\\">\\n\\t\\t\\t<div class=\\\"figc-inner\\\">\\n\\t\\t\\t\\t\\t\\t\\t\\t\\t\\t\\t\\t\\t\\t\\t<\\\/div>\\n\\t\\t<\\\/div>\\n\\n\\t<\\\/div>\\n\\n<\\\/div><div class=\\\"modula-item effect-pufrobo\\\" >\\n\\t<div class=\\\"modula-item-overlay\\\"><\\\/div>\\n\\n\\t<div class=\\\"modula-item-content\\\">\\n\\n\\t\\t<a data-image-id=\\\"15981\\\" role=\\\"button\\\" data-elementor-open-lightbox=\\\"no\\\" tabindex=\\\"0\\\" rel=\\\"jtg-16225\\\" data-caption=\\\"\\\" aria-label=\\\"Open image in lightbox\\\" class=\\\"tile-inner modula-item-link\\\"><\\\/a><img class=\\\"pic wp-image-15981\\\"  data-valign=\\\"middle\\\" data-halign=\\\"center\\\" alt=\\\"\\\" data-full=\\\"https:\\\/\\\/gaetaneglize.com\\\/wp-content\\\/uploads\\\/2024\\\/12\\\/michelle-bertrand-photo-mariage-chateau-amou-landes-1084_websize.jpg\\\" title=\\\"michelle-bertrand-photo-mariage-chateau-amou-landes-1084_websize\\\" crop=\\\"\\\" width=\\\"1067\\\" height=\\\"1600\\\" src=\\\"https:\\\/\\\/gaetaneglize.com\\\/wp-content\\\/uploads\\\/2024\\\/12\\\/michelle-bertrand-photo-mariage-chateau-amou-landes-1084_websize.jpg\\\" data-src=\\\"https:\\\/\\\/gaetaneglize.com\\\/wp-content\\\/uploads\\\/2024\\\/12\\\/michelle-bertrand-photo-mariage-chateau-amou-landes-1084_websize.jpg\\\" data-caption=\\\"\\\" srcset=\\\"https:\\\/\\\/gaetaneglize.com\\\/wp-content\\\/uploads\\\/2024\\\/12\\\/michelle-bertrand-photo-mariage-chateau-amou-landes-1084_websize.jpg 1067w, https:\\\/\\\/gaetaneglize.com\\\/wp-content\\\/uploads\\\/2024\\\/12\\\/michelle-bertrand-photo-mariage-chateau-amou-landes-1084_websize-200x300.jpg 200w, https:\\\/\\\/gaetaneglize.com\\\/wp-content\\\/uploads\\\/2024\\\/12\\\/michelle-bertrand-photo-mariage-chateau-amou-landes-1084_websize-683x1024.jpg 683w, https:\\\/\\\/gaetaneglize.com\\\/wp-content\\\/uploads\\\/2024\\\/12\\\/michelle-bertrand-photo-mariage-chateau-amou-landes-1084_websize-768x1152.jpg 768w, https:\\\/\\\/gaetaneglize.com\\\/wp-content\\\/uploads\\\/2024\\\/12\\\/michelle-bertrand-photo-mariage-chateau-amou-landes-1084_websize-1024x1536.jpg 1024w\\\" sizes=\\\"(max-width: 1067px) 100vw, 1067px\\\" \\\/>\\n\\t\\t<div class=\\\"figc no-description\\\">\\n\\t\\t\\t<div class=\\\"figc-inner\\\">\\n\\t\\t\\t\\t\\t\\t\\t\\t\\t\\t\\t\\t\\t\\t\\t<\\\/div>\\n\\t\\t<\\\/div>\\n\\n\\t<\\\/div>\\n\\n<\\\/div><div class=\\\"modula-item effect-pufrobo\\\" >\\n\\t<div class=\\\"modula-item-overlay\\\"><\\\/div>\\n\\n\\t<div class=\\\"modula-item-content\\\">\\n\\n\\t\\t<a data-image-id=\\\"15965\\\" role=\\\"button\\\" data-elementor-open-lightbox=\\\"no\\\" tabindex=\\\"0\\\" rel=\\\"jtg-16225\\\" data-caption=\\\"\\\" aria-label=\\\"Open image in lightbox\\\" class=\\\"tile-inner modula-item-link\\\"><\\\/a><img class=\\\"pic wp-image-15965\\\"  data-valign=\\\"middle\\\" data-halign=\\\"center\\\" alt=\\\"\\\" data-full=\\\"https:\\\/\\\/gaetaneglize.com\\\/wp-content\\\/uploads\\\/2024\\\/12\\\/anna-maxime-photo-mariage-elopement-chapelle-landes-1661_websize.jpg\\\" title=\\\"anna-maxime-photo-mariage-elopement-chapelle-landes-1661_websize\\\" crop=\\\"\\\" width=\\\"1600\\\" height=\\\"1067\\\" src=\\\"https:\\\/\\\/gaetaneglize.com\\\/wp-content\\\/uploads\\\/2024\\\/12\\\/anna-maxime-photo-mariage-elopement-chapelle-landes-1661_websize.jpg\\\" data-src=\\\"https:\\\/\\\/gaetaneglize.com\\\/wp-content\\\/uploads\\\/2024\\\/12\\\/anna-maxime-photo-mariage-elopement-chapelle-landes-1661_websize.jpg\\\" data-caption=\\\"\\\" srcset=\\\"https:\\\/\\\/gaetaneglize.com\\\/wp-content\\\/uploads\\\/2024\\\/12\\\/anna-maxime-photo-mariage-elopement-chapelle-landes-1661_websize.jpg 1600w, https:\\\/\\\/gaetaneglize.com\\\/wp-content\\\/uploads\\\/2024\\\/12\\\/anna-maxime-photo-mariage-elopement-chapelle-landes-1661_websize-300x200.jpg 300w, https:\\\/\\\/gaetaneglize.com\\\/wp-content\\\/uploads\\\/2024\\\/12\\\/anna-maxime-photo-mariage-elopement-chapelle-landes-1661_websize-1024x683.jpg 1024w, https:\\\/\\\/gaetaneglize.com\\\/wp-content\\\/uploads\\\/2024\\\/12\\\/anna-maxime-photo-mariage-elopement-chapelle-landes-1661_websize-768x512.jpg 768w, https:\\\/\\\/gaetaneglize.com\\\/wp-content\\\/uploads\\\/2024\\\/12\\\/anna-maxime-photo-mariage-elopement-chapelle-landes-1661_websize-1536x1024.jpg 1536w\\\" sizes=\\\"(max-width: 1600px) 100vw, 1600px\\\" \\\/>\\n\\t\\t<div class=\\\"figc no-description\\\">\\n\\t\\t\\t<div class=\\\"figc-inner\\\">\\n\\t\\t\\t\\t\\t\\t\\t\\t\\t\\t\\t\\t\\t\\t\\t<\\\/div>\\n\\t\\t<\\\/div>\\n\\n\\t<\\\/div>\\n\\n<\\\/div><div class=\\\"modula-item effect-pufrobo\\\" >\\n\\t<div class=\\\"modula-item-overlay\\\"><\\\/div>\\n\\n\\t<div class=\\\"modula-item-content\\\">\\n\\n\\t\\t<a data-image-id=\\\"14526\\\" role=\\\"button\\\" data-elementor-open-lightbox=\\\"no\\\" tabindex=\\\"0\\\" rel=\\\"jtg-16225\\\" data-caption=\\\"\\\" aria-label=\\\"Open image in lightbox\\\" class=\\\"tile-inner modula-item-link\\\"><\\\/a><img class=\\\"pic wp-image-14526\\\"  data-valign=\\\"middle\\\" data-halign=\\\"center\\\" alt=\\\"\\\" data-full=\\\"https:\\\/\\\/gaetaneglize.com\\\/wp-content\\\/uploads\\\/2024\\\/02\\\/anne-so-quentin-mariage-champetre-normandie-2357_websize.jpg\\\" title=\\\"Anne-Sophie + Quentin\\\" crop=\\\"\\\" width=\\\"1600\\\" height=\\\"1066\\\" src=\\\"https:\\\/\\\/gaetaneglize.com\\\/wp-content\\\/uploads\\\/2024\\\/02\\\/anne-so-quentin-mariage-champetre-normandie-2357_websize.jpg\\\" data-src=\\\"https:\\\/\\\/gaetaneglize.com\\\/wp-content\\\/uploads\\\/2024\\\/02\\\/anne-so-quentin-mariage-champetre-normandie-2357_websize.jpg\\\" data-caption=\\\"\\\" srcset=\\\"https:\\\/\\\/gaetaneglize.com\\\/wp-content\\\/uploads\\\/2024\\\/02\\\/anne-so-quentin-mariage-champetre-normandie-2357_websize.jpg 1600w, https:\\\/\\\/gaetaneglize.com\\\/wp-content\\\/uploads\\\/2024\\\/02\\\/anne-so-quentin-mariage-champetre-normandie-2357_websize-300x200.jpg 300w, https:\\\/\\\/gaetaneglize.com\\\/wp-content\\\/uploads\\\/2024\\\/02\\\/anne-so-quentin-mariage-champetre-normandie-2357_websize-1024x682.jpg 1024w, https:\\\/\\\/gaetaneglize.com\\\/wp-content\\\/uploads\\\/2024\\\/02\\\/anne-so-quentin-mariage-champetre-normandie-2357_websize-768x512.jpg 768w, https:\\\/\\\/gaetaneglize.com\\\/wp-content\\\/uploads\\\/2024\\\/02\\\/anne-so-quentin-mariage-champetre-normandie-2357_websize-1536x1023.jpg 1536w\\\" sizes=\\\"(max-width: 1600px) 100vw, 1600px\\\" \\\/>\\n\\t\\t<div class=\\\"figc no-description\\\">\\n\\t\\t\\t<div class=\\\"figc-inner\\\">\\n\\t\\t\\t\\t\\t\\t\\t\\t\\t\\t\\t\\t\\t\\t\\t<\\\/div>\\n\\t\\t<\\\/div>\\n\\n\\t<\\\/div>\\n\\n<\\\/div><div class=\\\"modula-item effect-pufrobo\\\" >\\n\\t<div class=\\\"modula-item-overlay\\\"><\\\/div>\\n\\n\\t<div class=\\\"modula-item-content\\\">\\n\\n\\t\\t<a data-image-id=\\\"15774\\\" role=\\\"button\\\" data-elementor-open-lightbox=\\\"no\\\" tabindex=\\\"0\\\" rel=\\\"jtg-16225\\\" data-caption=\\\"\\\" aria-label=\\\"Open image in lightbox\\\" class=\\\"tile-inner modula-item-link\\\"><\\\/a><img class=\\\"pic wp-image-15774\\\"  data-valign=\\\"middle\\\" data-halign=\\\"center\\\" alt=\\\"\\\" data-full=\\\"https:\\\/\\\/gaetaneglize.com\\\/wp-content\\\/uploads\\\/2024\\\/12\\\/mariage-renaissance-chateau-poudenas_gaetane-glize-photographie_1054.jpg\\\" title=\\\"Mariage Renaissance\\\" crop=\\\"\\\" width=\\\"1067\\\" height=\\\"1600\\\" src=\\\"https:\\\/\\\/gaetaneglize.com\\\/wp-content\\\/uploads\\\/2024\\\/12\\\/mariage-renaissance-chateau-poudenas_gaetane-glize-photographie_1054.jpg\\\" data-src=\\\"https:\\\/\\\/gaetaneglize.com\\\/wp-content\\\/uploads\\\/2024\\\/12\\\/mariage-renaissance-chateau-poudenas_gaetane-glize-photographie_1054.jpg\\\" data-caption=\\\"\\\" srcset=\\\"https:\\\/\\\/gaetaneglize.com\\\/wp-content\\\/uploads\\\/2024\\\/12\\\/mariage-renaissance-chateau-poudenas_gaetane-glize-photographie_1054.jpg 1067w, https:\\\/\\\/gaetaneglize.com\\\/wp-content\\\/uploads\\\/2024\\\/12\\\/mariage-renaissance-chateau-poudenas_gaetane-glize-photographie_1054-200x300.jpg 200w, https:\\\/\\\/gaetaneglize.com\\\/wp-content\\\/uploads\\\/2024\\\/12\\\/mariage-renaissance-chateau-poudenas_gaetane-glize-photographie_1054-683x1024.jpg 683w, https:\\\/\\\/gaetaneglize.com\\\/wp-content\\\/uploads\\\/2024\\\/12\\\/mariage-renaissance-chateau-poudenas_gaetane-glize-photographie_1054-768x1152.jpg 768w, https:\\\/\\\/gaetaneglize.com\\\/wp-content\\\/uploads\\\/2024\\\/12\\\/mariage-renaissance-chateau-poudenas_gaetane-glize-photographie_1054-1024x1536.jpg 1024w\\\" sizes=\\\"(max-width: 1067px) 100vw, 1067px\\\" \\\/>\\n\\t\\t<div class=\\\"figc no-description\\\">\\n\\t\\t\\t<div class=\\\"figc-inner\\\">\\n\\t\\t\\t\\t\\t\\t\\t\\t\\t\\t\\t\\t\\t\\t\\t<\\\/div>\\n\\t\\t<\\\/div>\\n\\n\\t<\\\/div>\\n\\n<\\\/div><div class=\\\"modula-item effect-pufrobo\\\" >\\n\\t<div class=\\\"modula-item-overlay\\\"><\\\/div>\\n\\n\\t<div class=\\\"modula-item-content\\\">\\n\\n\\t\\t<a data-image-id=\\\"13094\\\" role=\\\"button\\\" data-elementor-open-lightbox=\\\"no\\\" tabindex=\\\"0\\\" rel=\\\"jtg-16225\\\" data-caption=\\\"\\\" aria-label=\\\"Open image in lightbox\\\" class=\\\"tile-inner modula-item-link\\\"><\\\/a><img class=\\\"pic wp-image-13094\\\"  data-valign=\\\"middle\\\" data-halign=\\\"center\\\" alt=\\\"\\\" data-full=\\\"https:\\\/\\\/gaetaneglize.com\\\/wp-content\\\/uploads\\\/2023\\\/01\\\/seance-photo-couple-day-after-apres-mariage-plage-landes-1031.jpg\\\" title=\\\"seance-photo-couple-day-after - apres-mariage-plage-landes-1031\\\" crop=\\\"\\\" width=\\\"1600\\\" height=\\\"1067\\\" src=\\\"https:\\\/\\\/gaetaneglize.com\\\/wp-content\\\/uploads\\\/2023\\\/01\\\/seance-photo-couple-day-after-apres-mariage-plage-landes-1031.jpg\\\" data-src=\\\"https:\\\/\\\/gaetaneglize.com\\\/wp-content\\\/uploads\\\/2023\\\/01\\\/seance-photo-couple-day-after-apres-mariage-plage-landes-1031.jpg\\\" data-caption=\\\"\\\" srcset=\\\"https:\\\/\\\/gaetaneglize.com\\\/wp-content\\\/uploads\\\/2023\\\/01\\\/seance-photo-couple-day-after-apres-mariage-plage-landes-1031.jpg 1600w, https:\\\/\\\/gaetaneglize.com\\\/wp-content\\\/uploads\\\/2023\\\/01\\\/seance-photo-couple-day-after-apres-mariage-plage-landes-1031-300x200.jpg 300w, https:\\\/\\\/gaetaneglize.com\\\/wp-content\\\/uploads\\\/2023\\\/01\\\/seance-photo-couple-day-after-apres-mariage-plage-landes-1031-1024x683.jpg 1024w, https:\\\/\\\/gaetaneglize.com\\\/wp-content\\\/uploads\\\/2023\\\/01\\\/seance-photo-couple-day-after-apres-mariage-plage-landes-1031-768x512.jpg 768w, https:\\\/\\\/gaetaneglize.com\\\/wp-content\\\/uploads\\\/2023\\\/01\\\/seance-photo-couple-day-after-apres-mariage-plage-landes-1031-1536x1024.jpg 1536w\\\" sizes=\\\"(max-width: 1600px) 100vw, 1600px\\\" \\\/>\\n\\t\\t<div class=\\\"figc no-description\\\">\\n\\t\\t\\t<div class=\\\"figc-inner\\\">\\n\\t\\t\\t\\t\\t\\t\\t\\t\\t\\t\\t\\t\\t\\t\\t<\\\/div>\\n\\t\\t<\\\/div>\\n\\n\\t<\\\/div>\\n\\n<\\\/div><div class=\\\"modula-item effect-pufrobo\\\" >\\n\\t<div class=\\\"modula-item-overlay\\\"><\\\/div>\\n\\n\\t<div class=\\\"modula-item-content\\\">\\n\\n\\t\\t<a data-image-id=\\\"14474\\\" role=\\\"button\\\" data-elementor-open-lightbox=\\\"no\\\" tabindex=\\\"0\\\" rel=\\\"jtg-16225\\\" data-caption=\\\"\\\" aria-label=\\\"Open image in lightbox\\\" class=\\\"tile-inner modula-item-link\\\"><\\\/a><img class=\\\"pic wp-image-14474\\\"  data-valign=\\\"middle\\\" data-halign=\\\"center\\\" alt=\\\"La c\\u00e9r\\u00e9monie la\\u00efque de mariage se d\\u00e9roule dans les jardins d&#039;un ch\\u00e2teau sous des arbres centenaires.\\\" data-full=\\\"https:\\\/\\\/gaetaneglize.com\\\/wp-content\\\/uploads\\\/2024\\\/02\\\/margaux-baptiste-mariage-chateau-loire-1745_websize.jpg\\\" title=\\\"Margaux + Baptiste\\\" crop=\\\"\\\" width=\\\"1067\\\" height=\\\"1600\\\" src=\\\"https:\\\/\\\/gaetaneglize.com\\\/wp-content\\\/uploads\\\/2024\\\/02\\\/margaux-baptiste-mariage-chateau-loire-1745_websize.jpg\\\" data-src=\\\"https:\\\/\\\/gaetaneglize.com\\\/wp-content\\\/uploads\\\/2024\\\/02\\\/margaux-baptiste-mariage-chateau-loire-1745_websize.jpg\\\" data-caption=\\\"\\\" srcset=\\\"https:\\\/\\\/gaetaneglize.com\\\/wp-content\\\/uploads\\\/2024\\\/02\\\/margaux-baptiste-mariage-chateau-loire-1745_websize.jpg 1067w, https:\\\/\\\/gaetaneglize.com\\\/wp-content\\\/uploads\\\/2024\\\/02\\\/margaux-baptiste-mariage-chateau-loire-1745_websize-200x300.jpg 200w, https:\\\/\\\/gaetaneglize.com\\\/wp-content\\\/uploads\\\/2024\\\/02\\\/margaux-baptiste-mariage-chateau-loire-1745_websize-683x1024.jpg 683w, https:\\\/\\\/gaetaneglize.com\\\/wp-content\\\/uploads\\\/2024\\\/02\\\/margaux-baptiste-mariage-chateau-loire-1745_websize-768x1152.jpg 768w, https:\\\/\\\/gaetaneglize.com\\\/wp-content\\\/uploads\\\/2024\\\/02\\\/margaux-baptiste-mariage-chateau-loire-1745_websize-1024x1536.jpg 1024w\\\" sizes=\\\"(max-width: 1067px) 100vw, 1067px\\\" \\\/>\\n\\t\\t<div class=\\\"figc no-description\\\">\\n\\t\\t\\t<div class=\\\"figc-inner\\\">\\n\\t\\t\\t\\t\\t\\t\\t\\t\\t\\t\\t\\t\\t\\t\\t<\\\/div>\\n\\t\\t<\\\/div>\\n\\n\\t<\\\/div>\\n\\n<\\\/div><div class=\\\"modula-item effect-pufrobo\\\" >\\n\\t<div class=\\\"modula-item-overlay\\\"><\\\/div>\\n\\n\\t<div class=\\\"modula-item-content\\\">\\n\\n\\t\\t<a data-image-id=\\\"16040\\\" role=\\\"button\\\" data-elementor-open-lightbox=\\\"no\\\" tabindex=\\\"0\\\" rel=\\\"jtg-16225\\\" data-caption=\\\"\\\" aria-label=\\\"Open image in lightbox\\\" class=\\\"tile-inner modula-item-link\\\"><\\\/a><img class=\\\"pic wp-image-16040\\\"  data-valign=\\\"middle\\\" data-halign=\\\"center\\\" alt=\\\"\\\" data-full=\\\"https:\\\/\\\/gaetaneglize.com\\\/wp-content\\\/uploads\\\/2024\\\/12\\\/mariage-renaissance-chateau-poudenas_gaetane-glize-photographie-1302_websize.jpg\\\" title=\\\"mariage-renaissance-chateau-poudenas_gaetane-glize-photographie-1302_websize\\\" crop=\\\"\\\" width=\\\"1600\\\" height=\\\"1067\\\" src=\\\"https:\\\/\\\/gaetaneglize.com\\\/wp-content\\\/uploads\\\/2024\\\/12\\\/mariage-renaissance-chateau-poudenas_gaetane-glize-photographie-1302_websize.jpg\\\" data-src=\\\"https:\\\/\\\/gaetaneglize.com\\\/wp-content\\\/uploads\\\/2024\\\/12\\\/mariage-renaissance-chateau-poudenas_gaetane-glize-photographie-1302_websize.jpg\\\" data-caption=\\\"\\\" srcset=\\\"https:\\\/\\\/gaetaneglize.com\\\/wp-content\\\/uploads\\\/2024\\\/12\\\/mariage-renaissance-chateau-poudenas_gaetane-glize-photographie-1302_websize.jpg 1600w, https:\\\/\\\/gaetaneglize.com\\\/wp-content\\\/uploads\\\/2024\\\/12\\\/mariage-renaissance-chateau-poudenas_gaetane-glize-photographie-1302_websize-300x200.jpg 300w, https:\\\/\\\/gaetaneglize.com\\\/wp-content\\\/uploads\\\/2024\\\/12\\\/mariage-renaissance-chateau-poudenas_gaetane-glize-photographie-1302_websize-1024x683.jpg 1024w, https:\\\/\\\/gaetaneglize.com\\\/wp-content\\\/uploads\\\/2024\\\/12\\\/mariage-renaissance-chateau-poudenas_gaetane-glize-photographie-1302_websize-768x512.jpg 768w, https:\\\/\\\/gaetaneglize.com\\\/wp-content\\\/uploads\\\/2024\\\/12\\\/mariage-renaissance-chateau-poudenas_gaetane-glize-photographie-1302_websize-1536x1024.jpg 1536w\\\" sizes=\\\"(max-width: 1600px) 100vw, 1600px\\\" \\\/>\\n\\t\\t<div class=\\\"figc no-description\\\">\\n\\t\\t\\t<div class=\\\"figc-inner\\\">\\n\\t\\t\\t\\t\\t\\t\\t\\t\\t\\t\\t\\t\\t\\t\\t<\\\/div>\\n\\t\\t<\\\/div>\\n\\n\\t<\\\/div>\\n\\n<\\\/div><div class=\\\"modula-item effect-pufrobo\\\" >\\n\\t<div class=\\\"modula-item-overlay\\\"><\\\/div>\\n\\n\\t<div class=\\\"modula-item-content\\\">\\n\\n\\t\\t<a data-image-id=\\\"15695\\\" role=\\\"button\\\" data-elementor-open-lightbox=\\\"no\\\" tabindex=\\\"0\\\" rel=\\\"jtg-16225\\\" data-caption=\\\"\\\" aria-label=\\\"Open image in lightbox\\\" class=\\\"tile-inner modula-item-link\\\"><\\\/a><img class=\\\"pic wp-image-15695\\\"  data-valign=\\\"middle\\\" data-halign=\\\"center\\\" alt=\\\"\\\" data-full=\\\"https:\\\/\\\/gaetaneglize.com\\\/wp-content\\\/uploads\\\/2024\\\/12\\\/noemie-alix-mariage-bassibe-gers-preview-1027-2.jpg\\\" title=\\\"noemie-alix-mariage-bassibe-gers-preview-1027-2\\\" crop=\\\"\\\" width=\\\"1600\\\" height=\\\"1067\\\" src=\\\"https:\\\/\\\/gaetaneglize.com\\\/wp-content\\\/uploads\\\/2024\\\/12\\\/noemie-alix-mariage-bassibe-gers-preview-1027-2.jpg\\\" data-src=\\\"https:\\\/\\\/gaetaneglize.com\\\/wp-content\\\/uploads\\\/2024\\\/12\\\/noemie-alix-mariage-bassibe-gers-preview-1027-2.jpg\\\" data-caption=\\\"\\\" srcset=\\\"https:\\\/\\\/gaetaneglize.com\\\/wp-content\\\/uploads\\\/2024\\\/12\\\/noemie-alix-mariage-bassibe-gers-preview-1027-2.jpg 1600w, https:\\\/\\\/gaetaneglize.com\\\/wp-content\\\/uploads\\\/2024\\\/12\\\/noemie-alix-mariage-bassibe-gers-preview-1027-2-300x200.jpg 300w, https:\\\/\\\/gaetaneglize.com\\\/wp-content\\\/uploads\\\/2024\\\/12\\\/noemie-alix-mariage-bassibe-gers-preview-1027-2-1024x683.jpg 1024w, https:\\\/\\\/gaetaneglize.com\\\/wp-content\\\/uploads\\\/2024\\\/12\\\/noemie-alix-mariage-bassibe-gers-preview-1027-2-768x512.jpg 768w, https:\\\/\\\/gaetaneglize.com\\\/wp-content\\\/uploads\\\/2024\\\/12\\\/noemie-alix-mariage-bassibe-gers-preview-1027-2-1536x1024.jpg 1536w\\\" sizes=\\\"(max-width: 1600px) 100vw, 1600px\\\" \\\/>\\n\\t\\t<div class=\\\"figc no-description\\\">\\n\\t\\t\\t<div class=\\\"figc-inner\\\">\\n\\t\\t\\t\\t\\t\\t\\t\\t\\t\\t\\t\\t\\t\\t\\t<\\\/div>\\n\\t\\t<\\\/div>\\n\\n\\t<\\\/div>\\n\\n<\\\/div><div class=\\\"modula-item effect-pufrobo\\\" >\\n\\t<div class=\\\"modula-item-overlay\\\"><\\\/div>\\n\\n\\t<div class=\\\"modula-item-content\\\">\\n\\n\\t\\t<a data-image-id=\\\"15762\\\" role=\\\"button\\\" data-elementor-open-lightbox=\\\"no\\\" tabindex=\\\"0\\\" rel=\\\"jtg-16225\\\" data-caption=\\\"\\\" aria-label=\\\"Open image in lightbox\\\" class=\\\"tile-inner modula-item-link\\\"><\\\/a><img class=\\\"pic wp-image-15762\\\"  data-valign=\\\"middle\\\" data-halign=\\\"center\\\" alt=\\\"\\\" data-full=\\\"https:\\\/\\\/gaetaneglize.com\\\/wp-content\\\/uploads\\\/2024\\\/12\\\/mariage-renaissance-chateau-poudenas_gaetane-glize-photographie_1170.jpg\\\" title=\\\"Mariage Renaissance\\\" crop=\\\"\\\" width=\\\"1067\\\" height=\\\"1600\\\" src=\\\"https:\\\/\\\/gaetaneglize.com\\\/wp-content\\\/uploads\\\/2024\\\/12\\\/mariage-renaissance-chateau-poudenas_gaetane-glize-photographie_1170.jpg\\\" data-src=\\\"https:\\\/\\\/gaetaneglize.com\\\/wp-content\\\/uploads\\\/2024\\\/12\\\/mariage-renaissance-chateau-poudenas_gaetane-glize-photographie_1170.jpg\\\" data-caption=\\\"\\\" srcset=\\\"https:\\\/\\\/gaetaneglize.com\\\/wp-content\\\/uploads\\\/2024\\\/12\\\/mariage-renaissance-chateau-poudenas_gaetane-glize-photographie_1170.jpg 1067w, https:\\\/\\\/gaetaneglize.com\\\/wp-content\\\/uploads\\\/2024\\\/12\\\/mariage-renaissance-chateau-poudenas_gaetane-glize-photographie_1170-200x300.jpg 200w, https:\\\/\\\/gaetaneglize.com\\\/wp-content\\\/uploads\\\/2024\\\/12\\\/mariage-renaissance-chateau-poudenas_gaetane-glize-photographie_1170-683x1024.jpg 683w, https:\\\/\\\/gaetaneglize.com\\\/wp-content\\\/uploads\\\/2024\\\/12\\\/mariage-renaissance-chateau-poudenas_gaetane-glize-photographie_1170-768x1152.jpg 768w, https:\\\/\\\/gaetaneglize.com\\\/wp-content\\\/uploads\\\/2024\\\/12\\\/mariage-renaissance-chateau-poudenas_gaetane-glize-photographie_1170-1024x1536.jpg 1024w\\\" sizes=\\\"(max-width: 1067px) 100vw, 1067px\\\" \\\/>\\n\\t\\t<div class=\\\"figc no-description\\\">\\n\\t\\t\\t<div class=\\\"figc-inner\\\">\\n\\t\\t\\t\\t\\t\\t\\t\\t\\t\\t\\t\\t\\t\\t\\t<\\\/div>\\n\\t\\t<\\\/div>\\n\\n\\t<\\\/div>\\n\\n<\\\/div><div class=\\\"modula-item effect-pufrobo\\\" >\\n\\t<div class=\\\"modula-item-overlay\\\"><\\\/div>\\n\\n\\t<div class=\\\"modula-item-content\\\">\\n\\n\\t\\t<a data-image-id=\\\"15929\\\" role=\\\"button\\\" data-elementor-open-lightbox=\\\"no\\\" tabindex=\\\"0\\\" rel=\\\"jtg-16225\\\" data-caption=\\\"\\\" aria-label=\\\"Open image in lightbox\\\" class=\\\"tile-inner modula-item-link\\\"><\\\/a><img class=\\\"pic wp-image-15929\\\"  data-valign=\\\"middle\\\" data-halign=\\\"center\\\" alt=\\\"\\\" data-full=\\\"https:\\\/\\\/gaetaneglize.com\\\/wp-content\\\/uploads\\\/2024\\\/12\\\/anais-nicolas-mariage-intimiste-a-la-maison-1954-animation.gif\\\" title=\\\"anais-nicolas-mariage-intimiste-a-la-maison-1954-animation\\\" crop=\\\"\\\" width=\\\"1800\\\" height=\\\"1200\\\" src=\\\"https:\\\/\\\/gaetaneglize.com\\\/wp-content\\\/uploads\\\/2024\\\/12\\\/anais-nicolas-mariage-intimiste-a-la-maison-1954-animation.gif\\\" data-src=\\\"https:\\\/\\\/gaetaneglize.com\\\/wp-content\\\/uploads\\\/2024\\\/12\\\/anais-nicolas-mariage-intimiste-a-la-maison-1954-animation.gif\\\" data-caption=\\\"\\\"\\\/>\\n\\t\\t<div class=\\\"figc no-description\\\">\\n\\t\\t\\t<div class=\\\"figc-inner\\\">\\n\\t\\t\\t\\t\\t\\t\\t\\t\\t\\t\\t\\t\\t\\t\\t<\\\/div>\\n\\t\\t<\\\/div>\\n\\n\\t<\\\/div>\\n\\n<\\\/div><div class=\\\"modula-item effect-pufrobo\\\" >\\n\\t<div class=\\\"modula-item-overlay\\\"><\\\/div>\\n\\n\\t<div class=\\\"modula-item-content\\\">\\n\\n\\t\\t<a data-image-id=\\\"8528\\\" role=\\\"button\\\" data-elementor-open-lightbox=\\\"no\\\" tabindex=\\\"0\\\" rel=\\\"jtg-16225\\\" data-caption=\\\"\\\" aria-label=\\\"Open image in lightbox\\\" class=\\\"tile-inner modula-item-link\\\"><\\\/a><img class=\\\"pic wp-image-8528\\\"  data-valign=\\\"middle\\\" data-halign=\\\"center\\\" alt=\\\"\\\" data-full=\\\"https:\\\/\\\/gaetaneglize.com\\\/wp-content\\\/uploads\\\/2022\\\/01\\\/camille-reha-mariage-intimiste-cocobarn-woodlodge-landes-1630_websize.jpg\\\" title=\\\"Camille + Reha\\\" crop=\\\"\\\" width=\\\"1067\\\" height=\\\"1600\\\" src=\\\"https:\\\/\\\/gaetaneglize.com\\\/wp-content\\\/uploads\\\/2022\\\/01\\\/camille-reha-mariage-intimiste-cocobarn-woodlodge-landes-1630_websize.jpg\\\" data-src=\\\"https:\\\/\\\/gaetaneglize.com\\\/wp-content\\\/uploads\\\/2022\\\/01\\\/camille-reha-mariage-intimiste-cocobarn-woodlodge-landes-1630_websize.jpg\\\" data-caption=\\\"\\\" srcset=\\\"https:\\\/\\\/gaetaneglize.com\\\/wp-content\\\/uploads\\\/2022\\\/01\\\/camille-reha-mariage-intimiste-cocobarn-woodlodge-landes-1630_websize.jpg 1067w, https:\\\/\\\/gaetaneglize.com\\\/wp-content\\\/uploads\\\/2022\\\/01\\\/camille-reha-mariage-intimiste-cocobarn-woodlodge-landes-1630_websize-200x300.jpg 200w, https:\\\/\\\/gaetaneglize.com\\\/wp-content\\\/uploads\\\/2022\\\/01\\\/camille-reha-mariage-intimiste-cocobarn-woodlodge-landes-1630_websize-683x1024.jpg 683w, https:\\\/\\\/gaetaneglize.com\\\/wp-content\\\/uploads\\\/2022\\\/01\\\/camille-reha-mariage-intimiste-cocobarn-woodlodge-landes-1630_websize-768x1152.jpg 768w, https:\\\/\\\/gaetaneglize.com\\\/wp-content\\\/uploads\\\/2022\\\/01\\\/camille-reha-mariage-intimiste-cocobarn-woodlodge-landes-1630_websize-1024x1536.jpg 1024w\\\" sizes=\\\"(max-width: 1067px) 100vw, 1067px\\\" \\\/>\\n\\t\\t<div class=\\\"figc no-description\\\">\\n\\t\\t\\t<div class=\\\"figc-inner\\\">\\n\\t\\t\\t\\t\\t\\t\\t\\t\\t\\t\\t\\t\\t\\t\\t<\\\/div>\\n\\t\\t<\\\/div>\\n\\n\\t<\\\/div>\\n\\n<\\\/div><div class=\\\"modula-item effect-pufrobo\\\" >\\n\\t<div class=\\\"modula-item-overlay\\\"><\\\/div>\\n\\n\\t<div class=\\\"modula-item-content\\\">\\n\\n\\t\\t<a data-image-id=\\\"12534\\\" role=\\\"button\\\" data-elementor-open-lightbox=\\\"no\\\" tabindex=\\\"0\\\" rel=\\\"jtg-16225\\\" data-caption=\\\"\\\" aria-label=\\\"Open image in lightbox\\\" class=\\\"tile-inner modula-item-link\\\"><\\\/a><img class=\\\"pic wp-image-12534\\\"  data-valign=\\\"middle\\\" data-halign=\\\"center\\\" alt=\\\"Le mari\\u00e9 pleure et essuie ses larmes d&#039;\\u00e9motion. Un moment authentique pris pendant la s\\u00e9ance photo de couple le jour de leur mariage dans les Landes.\\\" data-full=\\\"https:\\\/\\\/gaetaneglize.com\\\/wp-content\\\/uploads\\\/2023\\\/01\\\/photographe-mariage-landes-pays-basque-013.jpg\\\" title=\\\"photographe-mariage-landes-pays-basque-013\\\" crop=\\\"\\\" width=\\\"1500\\\" height=\\\"1000\\\" src=\\\"https:\\\/\\\/gaetaneglize.com\\\/wp-content\\\/uploads\\\/2023\\\/01\\\/photographe-mariage-landes-pays-basque-013.jpg\\\" data-src=\\\"https:\\\/\\\/gaetaneglize.com\\\/wp-content\\\/uploads\\\/2023\\\/01\\\/photographe-mariage-landes-pays-basque-013.jpg\\\" data-caption=\\\"\\\" srcset=\\\"https:\\\/\\\/gaetaneglize.com\\\/wp-content\\\/uploads\\\/2023\\\/01\\\/photographe-mariage-landes-pays-basque-013.jpg 1500w, https:\\\/\\\/gaetaneglize.com\\\/wp-content\\\/uploads\\\/2023\\\/01\\\/photographe-mariage-landes-pays-basque-013-300x200.jpg 300w, https:\\\/\\\/gaetaneglize.com\\\/wp-content\\\/uploads\\\/2023\\\/01\\\/photographe-mariage-landes-pays-basque-013-1024x683.jpg 1024w, https:\\\/\\\/gaetaneglize.com\\\/wp-content\\\/uploads\\\/2023\\\/01\\\/photographe-mariage-landes-pays-basque-013-768x512.jpg 768w\\\" sizes=\\\"(max-width: 1500px) 100vw, 1500px\\\" \\\/>\\n\\t\\t<div class=\\\"figc no-description\\\">\\n\\t\\t\\t<div class=\\\"figc-inner\\\">\\n\\t\\t\\t\\t\\t\\t\\t\\t\\t\\t\\t\\t\\t\\t\\t<\\\/div>\\n\\t\\t<\\\/div>\\n\\n\\t<\\\/div>\\n\\n<\\\/div><div class=\\\"modula-item effect-pufrobo\\\" >\\n\\t<div class=\\\"modula-item-overlay\\\"><\\\/div>\\n\\n\\t<div class=\\\"modula-item-content\\\">\\n\\n\\t\\t<a data-image-id=\\\"15947\\\" role=\\\"button\\\" data-elementor-open-lightbox=\\\"no\\\" tabindex=\\\"0\\\" rel=\\\"jtg-16225\\\" data-caption=\\\"\\\" aria-label=\\\"Open image in lightbox\\\" class=\\\"tile-inner modula-item-link\\\"><\\\/a><img class=\\\"pic wp-image-15947\\\"  data-valign=\\\"middle\\\" data-halign=\\\"center\\\" alt=\\\"\\\" data-full=\\\"https:\\\/\\\/gaetaneglize.com\\\/wp-content\\\/uploads\\\/2024\\\/12\\\/anna-maxime-photo-mariage-elopement-chapelle-landes-1307_websize.jpg\\\" title=\\\"anna-maxime-photo-mariage-elopement-chapelle-landes-1307_websize\\\" crop=\\\"\\\" width=\\\"1600\\\" height=\\\"1067\\\" src=\\\"https:\\\/\\\/gaetaneglize.com\\\/wp-content\\\/uploads\\\/2024\\\/12\\\/anna-maxime-photo-mariage-elopement-chapelle-landes-1307_websize.jpg\\\" data-src=\\\"https:\\\/\\\/gaetaneglize.com\\\/wp-content\\\/uploads\\\/2024\\\/12\\\/anna-maxime-photo-mariage-elopement-chapelle-landes-1307_websize.jpg\\\" data-caption=\\\"\\\" srcset=\\\"https:\\\/\\\/gaetaneglize.com\\\/wp-content\\\/uploads\\\/2024\\\/12\\\/anna-maxime-photo-mariage-elopement-chapelle-landes-1307_websize.jpg 1600w, https:\\\/\\\/gaetaneglize.com\\\/wp-content\\\/uploads\\\/2024\\\/12\\\/anna-maxime-photo-mariage-elopement-chapelle-landes-1307_websize-300x200.jpg 300w, https:\\\/\\\/gaetaneglize.com\\\/wp-content\\\/uploads\\\/2024\\\/12\\\/anna-maxime-photo-mariage-elopement-chapelle-landes-1307_websize-1024x683.jpg 1024w, https:\\\/\\\/gaetaneglize.com\\\/wp-content\\\/uploads\\\/2024\\\/12\\\/anna-maxime-photo-mariage-elopement-chapelle-landes-1307_websize-768x512.jpg 768w, https:\\\/\\\/gaetaneglize.com\\\/wp-content\\\/uploads\\\/2024\\\/12\\\/anna-maxime-photo-mariage-elopement-chapelle-landes-1307_websize-1536x1024.jpg 1536w\\\" sizes=\\\"(max-width: 1600px) 100vw, 1600px\\\" \\\/>\\n\\t\\t<div class=\\\"figc no-description\\\">\\n\\t\\t\\t<div class=\\\"figc-inner\\\">\\n\\t\\t\\t\\t\\t\\t\\t\\t\\t\\t\\t\\t\\t\\t\\t<\\\/div>\\n\\t\\t<\\\/div>\\n\\n\\t<\\\/div>\\n\\n<\\\/div><div class=\\\"modula-item effect-pufrobo\\\" >\\n\\t<div class=\\\"modula-item-overlay\\\"><\\\/div>\\n\\n\\t<div class=\\\"modula-item-content\\\">\\n\\n\\t\\t<a data-image-id=\\\"8578\\\" role=\\\"button\\\" data-elementor-open-lightbox=\\\"no\\\" tabindex=\\\"0\\\" rel=\\\"jtg-16225\\\" data-caption=\\\"\\\" aria-label=\\\"Open image in lightbox\\\" class=\\\"tile-inner modula-item-link\\\"><\\\/a><img class=\\\"pic wp-image-8578\\\"  data-valign=\\\"middle\\\" data-halign=\\\"center\\\" alt=\\\"\\\" data-full=\\\"https:\\\/\\\/gaetaneglize.com\\\/wp-content\\\/uploads\\\/2022\\\/01\\\/marine-paul-photographie-mariage-boheme-landes-2037_websize.jpg\\\" title=\\\"Marine + Paul\\\" crop=\\\"\\\" width=\\\"1067\\\" height=\\\"1600\\\" src=\\\"https:\\\/\\\/gaetaneglize.com\\\/wp-content\\\/uploads\\\/2022\\\/01\\\/marine-paul-photographie-mariage-boheme-landes-2037_websize.jpg\\\" data-src=\\\"https:\\\/\\\/gaetaneglize.com\\\/wp-content\\\/uploads\\\/2022\\\/01\\\/marine-paul-photographie-mariage-boheme-landes-2037_websize.jpg\\\" data-caption=\\\"\\\" srcset=\\\"https:\\\/\\\/gaetaneglize.com\\\/wp-content\\\/uploads\\\/2022\\\/01\\\/marine-paul-photographie-mariage-boheme-landes-2037_websize.jpg 1067w, https:\\\/\\\/gaetaneglize.com\\\/wp-content\\\/uploads\\\/2022\\\/01\\\/marine-paul-photographie-mariage-boheme-landes-2037_websize-200x300.jpg 200w, https:\\\/\\\/gaetaneglize.com\\\/wp-content\\\/uploads\\\/2022\\\/01\\\/marine-paul-photographie-mariage-boheme-landes-2037_websize-683x1024.jpg 683w, https:\\\/\\\/gaetaneglize.com\\\/wp-content\\\/uploads\\\/2022\\\/01\\\/marine-paul-photographie-mariage-boheme-landes-2037_websize-768x1152.jpg 768w, https:\\\/\\\/gaetaneglize.com\\\/wp-content\\\/uploads\\\/2022\\\/01\\\/marine-paul-photographie-mariage-boheme-landes-2037_websize-1024x1536.jpg 1024w\\\" sizes=\\\"(max-width: 1067px) 100vw, 1067px\\\" \\\/>\\n\\t\\t<div class=\\\"figc no-description\\\">\\n\\t\\t\\t<div class=\\\"figc-inner\\\">\\n\\t\\t\\t\\t\\t\\t\\t\\t\\t\\t\\t\\t\\t\\t\\t<\\\/div>\\n\\t\\t<\\\/div>\\n\\n\\t<\\\/div>\\n\\n<\\\/div><div class=\\\"modula-item effect-pufrobo\\\" >\\n\\t<div class=\\\"modula-item-overlay\\\"><\\\/div>\\n\\n\\t<div class=\\\"modula-item-content\\\">\\n\\n\\t\\t<a data-image-id=\\\"8016\\\" role=\\\"button\\\" data-elementor-open-lightbox=\\\"no\\\" tabindex=\\\"0\\\" rel=\\\"jtg-16225\\\" data-caption=\\\"\\\" aria-label=\\\"Open image in lightbox\\\" class=\\\"tile-inner modula-item-link\\\"><\\\/a><img class=\\\"pic wp-image-8016\\\"  data-valign=\\\"middle\\\" data-halign=\\\"center\\\" alt=\\\"\\\" data-full=\\\"https:\\\/\\\/gaetaneglize.com\\\/wp-content\\\/uploads\\\/2021\\\/07\\\/fanny-philippe-photographe-mariage-landes-aquitaine-1297_websize.jpg\\\" title=\\\"Fanny + Philippe\\\" crop=\\\"\\\" width=\\\"1600\\\" height=\\\"1067\\\" src=\\\"https:\\\/\\\/gaetaneglize.com\\\/wp-content\\\/uploads\\\/2021\\\/07\\\/fanny-philippe-photographe-mariage-landes-aquitaine-1297_websize.jpg\\\" data-src=\\\"https:\\\/\\\/gaetaneglize.com\\\/wp-content\\\/uploads\\\/2021\\\/07\\\/fanny-philippe-photographe-mariage-landes-aquitaine-1297_websize.jpg\\\" data-caption=\\\"\\\" srcset=\\\"https:\\\/\\\/gaetaneglize.com\\\/wp-content\\\/uploads\\\/2021\\\/07\\\/fanny-philippe-photographe-mariage-landes-aquitaine-1297_websize.jpg 1600w, https:\\\/\\\/gaetaneglize.com\\\/wp-content\\\/uploads\\\/2021\\\/07\\\/fanny-philippe-photographe-mariage-landes-aquitaine-1297_websize-300x200.jpg 300w, https:\\\/\\\/gaetaneglize.com\\\/wp-content\\\/uploads\\\/2021\\\/07\\\/fanny-philippe-photographe-mariage-landes-aquitaine-1297_websize-1024x683.jpg 1024w, https:\\\/\\\/gaetaneglize.com\\\/wp-content\\\/uploads\\\/2021\\\/07\\\/fanny-philippe-photographe-mariage-landes-aquitaine-1297_websize-768x512.jpg 768w, https:\\\/\\\/gaetaneglize.com\\\/wp-content\\\/uploads\\\/2021\\\/07\\\/fanny-philippe-photographe-mariage-landes-aquitaine-1297_websize-1536x1024.jpg 1536w\\\" sizes=\\\"(max-width: 1600px) 100vw, 1600px\\\" \\\/>\\n\\t\\t<div class=\\\"figc no-description\\\">\\n\\t\\t\\t<div class=\\\"figc-inner\\\">\\n\\t\\t\\t\\t\\t\\t\\t\\t\\t\\t\\t\\t\\t\\t\\t<\\\/div>\\n\\t\\t<\\\/div>\\n\\n\\t<\\\/div>\\n\\n<\\\/div><div class=\\\"modula-item effect-pufrobo\\\" >\\n\\t<div class=\\\"modula-item-overlay\\\"><\\\/div>\\n\\n\\t<div class=\\\"modula-item-content\\\">\\n\\n\\t\\t<a data-image-id=\\\"15977\\\" role=\\\"button\\\" data-elementor-open-lightbox=\\\"no\\\" tabindex=\\\"0\\\" rel=\\\"jtg-16225\\\" data-caption=\\\"\\\" aria-label=\\\"Open image in lightbox\\\" class=\\\"tile-inner modula-item-link\\\"><\\\/a><img class=\\\"pic wp-image-15977\\\"  data-valign=\\\"middle\\\" data-halign=\\\"center\\\" alt=\\\"\\\" data-full=\\\"https:\\\/\\\/gaetaneglize.com\\\/wp-content\\\/uploads\\\/2024\\\/12\\\/anna-maxime-photo-mariage-elopement-chapelle-landes-1523_websize.jpg\\\" title=\\\"anna-maxime-photo-mariage-elopement-chapelle-landes-1523_websize\\\" crop=\\\"\\\" width=\\\"1067\\\" height=\\\"1600\\\" src=\\\"https:\\\/\\\/gaetaneglize.com\\\/wp-content\\\/uploads\\\/2024\\\/12\\\/anna-maxime-photo-mariage-elopement-chapelle-landes-1523_websize.jpg\\\" data-src=\\\"https:\\\/\\\/gaetaneglize.com\\\/wp-content\\\/uploads\\\/2024\\\/12\\\/anna-maxime-photo-mariage-elopement-chapelle-landes-1523_websize.jpg\\\" data-caption=\\\"\\\" srcset=\\\"https:\\\/\\\/gaetaneglize.com\\\/wp-content\\\/uploads\\\/2024\\\/12\\\/anna-maxime-photo-mariage-elopement-chapelle-landes-1523_websize.jpg 1067w, https:\\\/\\\/gaetaneglize.com\\\/wp-content\\\/uploads\\\/2024\\\/12\\\/anna-maxime-photo-mariage-elopement-chapelle-landes-1523_websize-200x300.jpg 200w, https:\\\/\\\/gaetaneglize.com\\\/wp-content\\\/uploads\\\/2024\\\/12\\\/anna-maxime-photo-mariage-elopement-chapelle-landes-1523_websize-683x1024.jpg 683w, https:\\\/\\\/gaetaneglize.com\\\/wp-content\\\/uploads\\\/2024\\\/12\\\/anna-maxime-photo-mariage-elopement-chapelle-landes-1523_websize-768x1152.jpg 768w, https:\\\/\\\/gaetaneglize.com\\\/wp-content\\\/uploads\\\/2024\\\/12\\\/anna-maxime-photo-mariage-elopement-chapelle-landes-1523_websize-1024x1536.jpg 1024w\\\" sizes=\\\"(max-width: 1067px) 100vw, 1067px\\\" \\\/>\\n\\t\\t<div class=\\\"figc no-description\\\">\\n\\t\\t\\t<div class=\\\"figc-inner\\\">\\n\\t\\t\\t\\t\\t\\t\\t\\t\\t\\t\\t\\t\\t\\t\\t<\\\/div>\\n\\t\\t<\\\/div>\\n\\n\\t<\\\/div>\\n\\n<\\\/div><div class=\\\"modula-item effect-pufrobo\\\" >\\n\\t<div class=\\\"modula-item-overlay\\\"><\\\/div>\\n\\n\\t<div class=\\\"modula-item-content\\\">\\n\\n\\t\\t<a data-image-id=\\\"6443\\\" role=\\\"button\\\" data-elementor-open-lightbox=\\\"no\\\" tabindex=\\\"0\\\" rel=\\\"jtg-16225\\\" data-caption=\\\"\\\" aria-label=\\\"Open image in lightbox\\\" class=\\\"tile-inner modula-item-link\\\"><\\\/a><img class=\\\"pic wp-image-6443\\\"  data-valign=\\\"middle\\\" data-halign=\\\"center\\\" alt=\\\"\\\" data-full=\\\"https:\\\/\\\/gaetaneglize.com\\\/wp-content\\\/uploads\\\/2021\\\/01\\\/gaetane-glize-photographe-mariage-aventure-elopement-france-montagne-pyrenees-2494.jpg\\\" title=\\\"gaetane-glize-photographe-mariage-aventure-elopement-france-montagne-pyrenees-2494\\\" crop=\\\"\\\" width=\\\"2560\\\" height=\\\"1707\\\" src=\\\"https:\\\/\\\/gaetaneglize.com\\\/wp-content\\\/uploads\\\/2021\\\/01\\\/gaetane-glize-photographe-mariage-aventure-elopement-france-montagne-pyrenees-2494.jpg\\\" data-src=\\\"https:\\\/\\\/gaetaneglize.com\\\/wp-content\\\/uploads\\\/2021\\\/01\\\/gaetane-glize-photographe-mariage-aventure-elopement-france-montagne-pyrenees-2494.jpg\\\" data-caption=\\\"\\\" srcset=\\\"https:\\\/\\\/gaetaneglize.com\\\/wp-content\\\/uploads\\\/2021\\\/01\\\/gaetane-glize-photographe-mariage-aventure-elopement-france-montagne-pyrenees-2494-scaled.jpg 2560w, https:\\\/\\\/gaetaneglize.com\\\/wp-content\\\/uploads\\\/2021\\\/01\\\/gaetane-glize-photographe-mariage-aventure-elopement-france-montagne-pyrenees-2494-300x200.jpg 300w, https:\\\/\\\/gaetaneglize.com\\\/wp-content\\\/uploads\\\/2021\\\/01\\\/gaetane-glize-photographe-mariage-aventure-elopement-france-montagne-pyrenees-2494-1024x683.jpg 1024w, https:\\\/\\\/gaetaneglize.com\\\/wp-content\\\/uploads\\\/2021\\\/01\\\/gaetane-glize-photographe-mariage-aventure-elopement-france-montagne-pyrenees-2494-768x512.jpg 768w, https:\\\/\\\/gaetaneglize.com\\\/wp-content\\\/uploads\\\/2021\\\/01\\\/gaetane-glize-photographe-mariage-aventure-elopement-france-montagne-pyrenees-2494-1536x1024.jpg 1536w, https:\\\/\\\/gaetaneglize.com\\\/wp-content\\\/uploads\\\/2021\\\/01\\\/gaetane-glize-photographe-mariage-aventure-elopement-france-montagne-pyrenees-2494-2048x1365.jpg 2048w\\\" sizes=\\\"(max-width: 2560px) 100vw, 2560px\\\" \\\/>\\n\\t\\t<div class=\\\"figc no-description\\\">\\n\\t\\t\\t<div class=\\\"figc-inner\\\">\\n\\t\\t\\t\\t\\t\\t\\t\\t\\t\\t\\t\\t\\t\\t\\t<\\\/div>\\n\\t\\t<\\\/div>\\n\\n\\t<\\\/div>\\n\\n<\\\/div><div class=\\\"modula-item effect-pufrobo\\\" >\\n\\t<div class=\\\"modula-item-overlay\\\"><\\\/div>\\n\\n\\t<div class=\\\"modula-item-content\\\">\\n\\n\\t\\t<a data-image-id=\\\"7875\\\" role=\\\"button\\\" data-elementor-open-lightbox=\\\"no\\\" tabindex=\\\"0\\\" rel=\\\"jtg-16225\\\" data-caption=\\\"\\\" aria-label=\\\"Open image in lightbox\\\" class=\\\"tile-inner modula-item-link\\\"><\\\/a><img class=\\\"pic wp-image-7875\\\"  data-valign=\\\"middle\\\" data-halign=\\\"center\\\" alt=\\\"\\\" data-full=\\\"https:\\\/\\\/gaetaneglize.com\\\/wp-content\\\/uploads\\\/2021\\\/06\\\/melynda-fievel-photo-renouvellement-voeux-boheme-aquitaine-preview-1003_websize.jpg\\\" title=\\\"melynda-fievel-photo-renouvellement-voeux-boheme-aquitaine-preview-1003_websize\\\" crop=\\\"\\\" width=\\\"1600\\\" height=\\\"1067\\\" src=\\\"https:\\\/\\\/gaetaneglize.com\\\/wp-content\\\/uploads\\\/2021\\\/06\\\/melynda-fievel-photo-renouvellement-voeux-boheme-aquitaine-preview-1003_websize.jpg\\\" data-src=\\\"https:\\\/\\\/gaetaneglize.com\\\/wp-content\\\/uploads\\\/2021\\\/06\\\/melynda-fievel-photo-renouvellement-voeux-boheme-aquitaine-preview-1003_websize.jpg\\\" data-caption=\\\"\\\" srcset=\\\"https:\\\/\\\/gaetaneglize.com\\\/wp-content\\\/uploads\\\/2021\\\/06\\\/melynda-fievel-photo-renouvellement-voeux-boheme-aquitaine-preview-1003_websize.jpg 1600w, https:\\\/\\\/gaetaneglize.com\\\/wp-content\\\/uploads\\\/2021\\\/06\\\/melynda-fievel-photo-renouvellement-voeux-boheme-aquitaine-preview-1003_websize-300x200.jpg 300w, https:\\\/\\\/gaetaneglize.com\\\/wp-content\\\/uploads\\\/2021\\\/06\\\/melynda-fievel-photo-renouvellement-voeux-boheme-aquitaine-preview-1003_websize-1024x683.jpg 1024w, https:\\\/\\\/gaetaneglize.com\\\/wp-content\\\/uploads\\\/2021\\\/06\\\/melynda-fievel-photo-renouvellement-voeux-boheme-aquitaine-preview-1003_websize-768x512.jpg 768w, https:\\\/\\\/gaetaneglize.com\\\/wp-content\\\/uploads\\\/2021\\\/06\\\/melynda-fievel-photo-renouvellement-voeux-boheme-aquitaine-preview-1003_websize-1536x1024.jpg 1536w\\\" sizes=\\\"(max-width: 1600px) 100vw, 1600px\\\" \\\/>\\n\\t\\t<div class=\\\"figc no-description\\\">\\n\\t\\t\\t<div class=\\\"figc-inner\\\">\\n\\t\\t\\t\\t\\t\\t\\t\\t\\t\\t\\t\\t\\t\\t\\t<\\\/div>\\n\\t\\t<\\\/div>\\n\\n\\t<\\\/div>\\n\\n<\\\/div><div class=\\\"modula-item effect-pufrobo\\\" >\\n\\t<div class=\\\"modula-item-overlay\\\"><\\\/div>\\n\\n\\t<div class=\\\"modula-item-content\\\">\\n\\n\\t\\t<a data-image-id=\\\"15756\\\" role=\\\"button\\\" data-elementor-open-lightbox=\\\"no\\\" tabindex=\\\"0\\\" rel=\\\"jtg-16225\\\" data-caption=\\\"\\\" aria-label=\\\"Open image in lightbox\\\" class=\\\"tile-inner modula-item-link\\\"><\\\/a><img class=\\\"pic wp-image-15756\\\"  data-valign=\\\"middle\\\" data-halign=\\\"center\\\" alt=\\\"\\\" data-full=\\\"https:\\\/\\\/gaetaneglize.com\\\/wp-content\\\/uploads\\\/2024\\\/12\\\/mariage-renaissance-chateau-poudenas_gaetane-glize-photographie_1086.jpg\\\" title=\\\"Mariage Renaissance\\\" crop=\\\"\\\" width=\\\"1067\\\" height=\\\"1600\\\" src=\\\"https:\\\/\\\/gaetaneglize.com\\\/wp-content\\\/uploads\\\/2024\\\/12\\\/mariage-renaissance-chateau-poudenas_gaetane-glize-photographie_1086.jpg\\\" data-src=\\\"https:\\\/\\\/gaetaneglize.com\\\/wp-content\\\/uploads\\\/2024\\\/12\\\/mariage-renaissance-chateau-poudenas_gaetane-glize-photographie_1086.jpg\\\" data-caption=\\\"\\\" srcset=\\\"https:\\\/\\\/gaetaneglize.com\\\/wp-content\\\/uploads\\\/2024\\\/12\\\/mariage-renaissance-chateau-poudenas_gaetane-glize-photographie_1086.jpg 1067w, https:\\\/\\\/gaetaneglize.com\\\/wp-content\\\/uploads\\\/2024\\\/12\\\/mariage-renaissance-chateau-poudenas_gaetane-glize-photographie_1086-200x300.jpg 200w, https:\\\/\\\/gaetaneglize.com\\\/wp-content\\\/uploads\\\/2024\\\/12\\\/mariage-renaissance-chateau-poudenas_gaetane-glize-photographie_1086-683x1024.jpg 683w, https:\\\/\\\/gaetaneglize.com\\\/wp-content\\\/uploads\\\/2024\\\/12\\\/mariage-renaissance-chateau-poudenas_gaetane-glize-photographie_1086-768x1152.jpg 768w, https:\\\/\\\/gaetaneglize.com\\\/wp-content\\\/uploads\\\/2024\\\/12\\\/mariage-renaissance-chateau-poudenas_gaetane-glize-photographie_1086-1024x1536.jpg 1024w\\\" sizes=\\\"(max-width: 1067px) 100vw, 1067px\\\" \\\/>\\n\\t\\t<div class=\\\"figc no-description\\\">\\n\\t\\t\\t<div class=\\\"figc-inner\\\">\\n\\t\\t\\t\\t\\t\\t\\t\\t\\t\\t\\t\\t\\t\\t\\t<\\\/div>\\n\\t\\t<\\\/div>\\n\\n\\t<\\\/div>\\n\\n<\\\/div><div class=\\\"modula-item effect-pufrobo\\\" >\\n\\t<div class=\\\"modula-item-overlay\\\"><\\\/div>\\n\\n\\t<div class=\\\"modula-item-content\\\">\\n\\n\\t\\t<a data-image-id=\\\"15372\\\" role=\\\"button\\\" data-elementor-open-lightbox=\\\"no\\\" tabindex=\\\"0\\\" rel=\\\"jtg-16225\\\" data-caption=\\\"\\\" aria-label=\\\"Open image in lightbox\\\" class=\\\"tile-inner modula-item-link\\\"><\\\/a><img class=\\\"pic wp-image-15372\\\"  data-valign=\\\"middle\\\" data-halign=\\\"center\\\" alt=\\\"\\\" data-full=\\\"https:\\\/\\\/gaetaneglize.com\\\/wp-content\\\/uploads\\\/2024\\\/12\\\/anna-maxime-photo-mariage-elopement-chapelle-landes-1500_websize.jpg\\\" title=\\\"anna-maxime-photo-mariage-elopement-chapelle-landes-1500_websize\\\" crop=\\\"\\\" width=\\\"1600\\\" height=\\\"1067\\\" src=\\\"https:\\\/\\\/gaetaneglize.com\\\/wp-content\\\/uploads\\\/2024\\\/12\\\/anna-maxime-photo-mariage-elopement-chapelle-landes-1500_websize.jpg\\\" data-src=\\\"https:\\\/\\\/gaetaneglize.com\\\/wp-content\\\/uploads\\\/2024\\\/12\\\/anna-maxime-photo-mariage-elopement-chapelle-landes-1500_websize.jpg\\\" data-caption=\\\"\\\" srcset=\\\"https:\\\/\\\/gaetaneglize.com\\\/wp-content\\\/uploads\\\/2024\\\/12\\\/anna-maxime-photo-mariage-elopement-chapelle-landes-1500_websize.jpg 1600w, https:\\\/\\\/gaetaneglize.com\\\/wp-content\\\/uploads\\\/2024\\\/12\\\/anna-maxime-photo-mariage-elopement-chapelle-landes-1500_websize-300x200.jpg 300w, https:\\\/\\\/gaetaneglize.com\\\/wp-content\\\/uploads\\\/2024\\\/12\\\/anna-maxime-photo-mariage-elopement-chapelle-landes-1500_websize-1024x683.jpg 1024w, https:\\\/\\\/gaetaneglize.com\\\/wp-content\\\/uploads\\\/2024\\\/12\\\/anna-maxime-photo-mariage-elopement-chapelle-landes-1500_websize-768x512.jpg 768w, https:\\\/\\\/gaetaneglize.com\\\/wp-content\\\/uploads\\\/2024\\\/12\\\/anna-maxime-photo-mariage-elopement-chapelle-landes-1500_websize-1536x1024.jpg 1536w\\\" sizes=\\\"(max-width: 1600px) 100vw, 1600px\\\" \\\/>\\n\\t\\t<div class=\\\"figc no-description\\\">\\n\\t\\t\\t<div class=\\\"figc-inner\\\">\\n\\t\\t\\t\\t\\t\\t\\t\\t\\t\\t\\t\\t\\t\\t\\t<\\\/div>\\n\\t\\t<\\\/div>\\n\\n\\t<\\\/div>\\n\\n<\\\/div><div class=\\\"modula-item effect-pufrobo\\\" >\\n\\t<div class=\\\"modula-item-overlay\\\"><\\\/div>\\n\\n\\t<div class=\\\"modula-item-content\\\">\\n\\n\\t\\t<a data-image-id=\\\"16034\\\" role=\\\"button\\\" data-elementor-open-lightbox=\\\"no\\\" tabindex=\\\"0\\\" rel=\\\"jtg-16225\\\" data-caption=\\\"\\\" aria-label=\\\"Open image in lightbox\\\" class=\\\"tile-inner modula-item-link\\\"><\\\/a><img class=\\\"pic wp-image-16034\\\"  data-valign=\\\"middle\\\" data-halign=\\\"center\\\" alt=\\\"\\\" data-full=\\\"https:\\\/\\\/gaetaneglize.com\\\/wp-content\\\/uploads\\\/2024\\\/12\\\/mariage-renaissance-chateau-poudenas_gaetane-glize-photographie-1492_websize.jpg\\\" title=\\\"mariage-renaissance-chateau-poudenas_gaetane-glize-photographie-1492_websize\\\" crop=\\\"\\\" width=\\\"1067\\\" height=\\\"1600\\\" src=\\\"https:\\\/\\\/gaetaneglize.com\\\/wp-content\\\/uploads\\\/2024\\\/12\\\/mariage-renaissance-chateau-poudenas_gaetane-glize-photographie-1492_websize.jpg\\\" data-src=\\\"https:\\\/\\\/gaetaneglize.com\\\/wp-content\\\/uploads\\\/2024\\\/12\\\/mariage-renaissance-chateau-poudenas_gaetane-glize-photographie-1492_websize.jpg\\\" data-caption=\\\"\\\" srcset=\\\"https:\\\/\\\/gaetaneglize.com\\\/wp-content\\\/uploads\\\/2024\\\/12\\\/mariage-renaissance-chateau-poudenas_gaetane-glize-photographie-1492_websize.jpg 1067w, https:\\\/\\\/gaetaneglize.com\\\/wp-content\\\/uploads\\\/2024\\\/12\\\/mariage-renaissance-chateau-poudenas_gaetane-glize-photographie-1492_websize-200x300.jpg 200w, https:\\\/\\\/gaetaneglize.com\\\/wp-content\\\/uploads\\\/2024\\\/12\\\/mariage-renaissance-chateau-poudenas_gaetane-glize-photographie-1492_websize-683x1024.jpg 683w, https:\\\/\\\/gaetaneglize.com\\\/wp-content\\\/uploads\\\/2024\\\/12\\\/mariage-renaissance-chateau-poudenas_gaetane-glize-photographie-1492_websize-768x1152.jpg 768w, https:\\\/\\\/gaetaneglize.com\\\/wp-content\\\/uploads\\\/2024\\\/12\\\/mariage-renaissance-chateau-poudenas_gaetane-glize-photographie-1492_websize-1024x1536.jpg 1024w\\\" sizes=\\\"(max-width: 1067px) 100vw, 1067px\\\" \\\/>\\n\\t\\t<div class=\\\"figc no-description\\\">\\n\\t\\t\\t<div class=\\\"figc-inner\\\">\\n\\t\\t\\t\\t\\t\\t\\t\\t\\t\\t\\t\\t\\t\\t\\t<\\\/div>\\n\\t\\t<\\\/div>\\n\\n\\t<\\\/div>\\n\\n<\\\/div><div class=\\\"modula-item effect-pufrobo\\\" >\\n\\t<div class=\\\"modula-item-overlay\\\"><\\\/div>\\n\\n\\t<div class=\\\"modula-item-content\\\">\\n\\n\\t\\t<a data-image-id=\\\"15742\\\" role=\\\"button\\\" data-elementor-open-lightbox=\\\"no\\\" tabindex=\\\"0\\\" rel=\\\"jtg-16225\\\" data-caption=\\\"\\\" aria-label=\\\"Open image in lightbox\\\" class=\\\"tile-inner modula-item-link\\\"><\\\/a><img class=\\\"pic wp-image-15742\\\"  data-valign=\\\"middle\\\" data-halign=\\\"center\\\" alt=\\\"\\\" data-full=\\\"https:\\\/\\\/gaetaneglize.com\\\/wp-content\\\/uploads\\\/2024\\\/12\\\/noemie-alix-photographie-mariage-domaine-bassibe-gers-2020_websize.jpg\\\" title=\\\"noemie-alix-photographie-mariage-domaine-bassibe-gers-2020_websize\\\" crop=\\\"\\\" width=\\\"1600\\\" height=\\\"1067\\\" src=\\\"https:\\\/\\\/gaetaneglize.com\\\/wp-content\\\/uploads\\\/2024\\\/12\\\/noemie-alix-photographie-mariage-domaine-bassibe-gers-2020_websize.jpg\\\" data-src=\\\"https:\\\/\\\/gaetaneglize.com\\\/wp-content\\\/uploads\\\/2024\\\/12\\\/noemie-alix-photographie-mariage-domaine-bassibe-gers-2020_websize.jpg\\\" data-caption=\\\"\\\" srcset=\\\"https:\\\/\\\/gaetaneglize.com\\\/wp-content\\\/uploads\\\/2024\\\/12\\\/noemie-alix-photographie-mariage-domaine-bassibe-gers-2020_websize.jpg 1600w, https:\\\/\\\/gaetaneglize.com\\\/wp-content\\\/uploads\\\/2024\\\/12\\\/noemie-alix-photographie-mariage-domaine-bassibe-gers-2020_websize-300x200.jpg 300w, https:\\\/\\\/gaetaneglize.com\\\/wp-content\\\/uploads\\\/2024\\\/12\\\/noemie-alix-photographie-mariage-domaine-bassibe-gers-2020_websize-1024x683.jpg 1024w, https:\\\/\\\/gaetaneglize.com\\\/wp-content\\\/uploads\\\/2024\\\/12\\\/noemie-alix-photographie-mariage-domaine-bassibe-gers-2020_websize-768x512.jpg 768w, https:\\\/\\\/gaetaneglize.com\\\/wp-content\\\/uploads\\\/2024\\\/12\\\/noemie-alix-photographie-mariage-domaine-bassibe-gers-2020_websize-1536x1024.jpg 1536w\\\" sizes=\\\"(max-width: 1600px) 100vw, 1600px\\\" \\\/>\\n\\t\\t<div class=\\\"figc no-description\\\">\\n\\t\\t\\t<div class=\\\"figc-inner\\\">\\n\\t\\t\\t\\t\\t\\t\\t\\t\\t\\t\\t\\t\\t\\t\\t<\\\/div>\\n\\t\\t<\\\/div>\\n\\n\\t<\\\/div>\\n\\n<\\\/div><div class=\\\"modula-item effect-pufrobo\\\" >\\n\\t<div class=\\\"modula-item-overlay\\\"><\\\/div>\\n\\n\\t<div class=\\\"modula-item-content\\\">\\n\\n\\t\\t<a data-image-id=\\\"9293\\\" role=\\\"button\\\" data-elementor-open-lightbox=\\\"no\\\" tabindex=\\\"0\\\" rel=\\\"jtg-16225\\\" data-caption=\\\"\\\" aria-label=\\\"Open image in lightbox\\\" class=\\\"tile-inner modula-item-link\\\"><\\\/a><img class=\\\"pic wp-image-9293\\\"  data-valign=\\\"middle\\\" data-halign=\\\"center\\\" alt=\\\"\\\" data-full=\\\"https:\\\/\\\/gaetaneglize.com\\\/wp-content\\\/uploads\\\/2022\\\/03\\\/camille-reha-mariage-intimiste-cocobarn-woodlodge-landes-1393_websize.jpg\\\" title=\\\"Camille + Reha\\\" crop=\\\"\\\" width=\\\"1600\\\" height=\\\"1067\\\" src=\\\"https:\\\/\\\/gaetaneglize.com\\\/wp-content\\\/uploads\\\/2022\\\/03\\\/camille-reha-mariage-intimiste-cocobarn-woodlodge-landes-1393_websize.jpg\\\" data-src=\\\"https:\\\/\\\/gaetaneglize.com\\\/wp-content\\\/uploads\\\/2022\\\/03\\\/camille-reha-mariage-intimiste-cocobarn-woodlodge-landes-1393_websize.jpg\\\" data-caption=\\\"\\\" srcset=\\\"https:\\\/\\\/gaetaneglize.com\\\/wp-content\\\/uploads\\\/2022\\\/03\\\/camille-reha-mariage-intimiste-cocobarn-woodlodge-landes-1393_websize.jpg 1600w, https:\\\/\\\/gaetaneglize.com\\\/wp-content\\\/uploads\\\/2022\\\/03\\\/camille-reha-mariage-intimiste-cocobarn-woodlodge-landes-1393_websize-300x200.jpg 300w, https:\\\/\\\/gaetaneglize.com\\\/wp-content\\\/uploads\\\/2022\\\/03\\\/camille-reha-mariage-intimiste-cocobarn-woodlodge-landes-1393_websize-1024x683.jpg 1024w, https:\\\/\\\/gaetaneglize.com\\\/wp-content\\\/uploads\\\/2022\\\/03\\\/camille-reha-mariage-intimiste-cocobarn-woodlodge-landes-1393_websize-768x512.jpg 768w, https:\\\/\\\/gaetaneglize.com\\\/wp-content\\\/uploads\\\/2022\\\/03\\\/camille-reha-mariage-intimiste-cocobarn-woodlodge-landes-1393_websize-1536x1024.jpg 1536w\\\" sizes=\\\"(max-width: 1600px) 100vw, 1600px\\\" \\\/>\\n\\t\\t<div class=\\\"figc no-description\\\">\\n\\t\\t\\t<div class=\\\"figc-inner\\\">\\n\\t\\t\\t\\t\\t\\t\\t\\t\\t\\t\\t\\t\\t\\t\\t<\\\/div>\\n\\t\\t<\\\/div>\\n\\n\\t<\\\/div>\\n\\n<\\\/div><div class=\\\"modula-item effect-pufrobo\\\" >\\n\\t<div class=\\\"modula-item-overlay\\\"><\\\/div>\\n\\n\\t<div class=\\\"modula-item-content\\\">\\n\\n\\t\\t<a data-image-id=\\\"16032\\\" role=\\\"button\\\" data-elementor-open-lightbox=\\\"no\\\" tabindex=\\\"0\\\" rel=\\\"jtg-16225\\\" data-caption=\\\"\\\" aria-label=\\\"Open image in lightbox\\\" class=\\\"tile-inner modula-item-link\\\"><\\\/a><img class=\\\"pic wp-image-16032\\\"  data-valign=\\\"middle\\\" data-halign=\\\"center\\\" alt=\\\"\\\" data-full=\\\"https:\\\/\\\/gaetaneglize.com\\\/wp-content\\\/uploads\\\/2024\\\/12\\\/mariage-renaissance-chateau-poudenas_gaetane-glize-photographie-1400_websize.jpg\\\" title=\\\"mariage-renaissance-chateau-poudenas_gaetane-glize-photographie-1400_websize\\\" crop=\\\"\\\" width=\\\"1067\\\" height=\\\"1600\\\" src=\\\"https:\\\/\\\/gaetaneglize.com\\\/wp-content\\\/uploads\\\/2024\\\/12\\\/mariage-renaissance-chateau-poudenas_gaetane-glize-photographie-1400_websize.jpg\\\" data-src=\\\"https:\\\/\\\/gaetaneglize.com\\\/wp-content\\\/uploads\\\/2024\\\/12\\\/mariage-renaissance-chateau-poudenas_gaetane-glize-photographie-1400_websize.jpg\\\" data-caption=\\\"\\\" srcset=\\\"https:\\\/\\\/gaetaneglize.com\\\/wp-content\\\/uploads\\\/2024\\\/12\\\/mariage-renaissance-chateau-poudenas_gaetane-glize-photographie-1400_websize.jpg 1067w, https:\\\/\\\/gaetaneglize.com\\\/wp-content\\\/uploads\\\/2024\\\/12\\\/mariage-renaissance-chateau-poudenas_gaetane-glize-photographie-1400_websize-200x300.jpg 200w, https:\\\/\\\/gaetaneglize.com\\\/wp-content\\\/uploads\\\/2024\\\/12\\\/mariage-renaissance-chateau-poudenas_gaetane-glize-photographie-1400_websize-683x1024.jpg 683w, https:\\\/\\\/gaetaneglize.com\\\/wp-content\\\/uploads\\\/2024\\\/12\\\/mariage-renaissance-chateau-poudenas_gaetane-glize-photographie-1400_websize-768x1152.jpg 768w, https:\\\/\\\/gaetaneglize.com\\\/wp-content\\\/uploads\\\/2024\\\/12\\\/mariage-renaissance-chateau-poudenas_gaetane-glize-photographie-1400_websize-1024x1536.jpg 1024w\\\" sizes=\\\"(max-width: 1067px) 100vw, 1067px\\\" \\\/>\\n\\t\\t<div class=\\\"figc no-description\\\">\\n\\t\\t\\t<div class=\\\"figc-inner\\\">\\n\\t\\t\\t\\t\\t\\t\\t\\t\\t\\t\\t\\t\\t\\t\\t<\\\/div>\\n\\t\\t<\\\/div>\\n\\n\\t<\\\/div>\\n\\n<\\\/div><div class=\\\"modula-item effect-pufrobo\\\" >\\n\\t<div class=\\\"modula-item-overlay\\\"><\\\/div>\\n\\n\\t<div class=\\\"modula-item-content\\\">\\n\\n\\t\\t<a data-image-id=\\\"8775\\\" role=\\\"button\\\" data-elementor-open-lightbox=\\\"no\\\" tabindex=\\\"0\\\" rel=\\\"jtg-16225\\\" data-caption=\\\"\\\" aria-label=\\\"Open image in lightbox\\\" class=\\\"tile-inner modula-item-link\\\"><\\\/a><img class=\\\"pic wp-image-8775\\\"  data-valign=\\\"middle\\\" data-halign=\\\"center\\\" alt=\\\"\\\" data-full=\\\"https:\\\/\\\/gaetaneglize.com\\\/wp-content\\\/uploads\\\/2022\\\/02\\\/marine-paul-photographie-mariage-boheme-landes-2437_websize.jpg\\\" title=\\\"Marine + Paul\\\" crop=\\\"\\\" width=\\\"1600\\\" height=\\\"1067\\\" src=\\\"https:\\\/\\\/gaetaneglize.com\\\/wp-content\\\/uploads\\\/2022\\\/02\\\/marine-paul-photographie-mariage-boheme-landes-2437_websize.jpg\\\" data-src=\\\"https:\\\/\\\/gaetaneglize.com\\\/wp-content\\\/uploads\\\/2022\\\/02\\\/marine-paul-photographie-mariage-boheme-landes-2437_websize.jpg\\\" data-caption=\\\"\\\" srcset=\\\"https:\\\/\\\/gaetaneglize.com\\\/wp-content\\\/uploads\\\/2022\\\/02\\\/marine-paul-photographie-mariage-boheme-landes-2437_websize.jpg 1600w, https:\\\/\\\/gaetaneglize.com\\\/wp-content\\\/uploads\\\/2022\\\/02\\\/marine-paul-photographie-mariage-boheme-landes-2437_websize-300x200.jpg 300w, https:\\\/\\\/gaetaneglize.com\\\/wp-content\\\/uploads\\\/2022\\\/02\\\/marine-paul-photographie-mariage-boheme-landes-2437_websize-1024x683.jpg 1024w, https:\\\/\\\/gaetaneglize.com\\\/wp-content\\\/uploads\\\/2022\\\/02\\\/marine-paul-photographie-mariage-boheme-landes-2437_websize-768x512.jpg 768w, https:\\\/\\\/gaetaneglize.com\\\/wp-content\\\/uploads\\\/2022\\\/02\\\/marine-paul-photographie-mariage-boheme-landes-2437_websize-1536x1024.jpg 1536w\\\" sizes=\\\"(max-width: 1600px) 100vw, 1600px\\\" \\\/>\\n\\t\\t<div class=\\\"figc no-description\\\">\\n\\t\\t\\t<div class=\\\"figc-inner\\\">\\n\\t\\t\\t\\t\\t\\t\\t\\t\\t\\t\\t\\t\\t\\t\\t<\\\/div>\\n\\t\\t<\\\/div>\\n\\n\\t<\\\/div>\\n\\n<\\\/div><div class=\\\"modula-item effect-pufrobo\\\" >\\n\\t<div class=\\\"modula-item-overlay\\\"><\\\/div>\\n\\n\\t<div class=\\\"modula-item-content\\\">\\n\\n\\t\\t<a data-image-id=\\\"8777\\\" role=\\\"button\\\" data-elementor-open-lightbox=\\\"no\\\" tabindex=\\\"0\\\" rel=\\\"jtg-16225\\\" data-caption=\\\"\\\" aria-label=\\\"Open image in lightbox\\\" class=\\\"tile-inner modula-item-link\\\"><\\\/a><img class=\\\"pic wp-image-8777\\\"  data-valign=\\\"middle\\\" data-halign=\\\"center\\\" alt=\\\"\\\" data-full=\\\"https:\\\/\\\/gaetaneglize.com\\\/wp-content\\\/uploads\\\/2022\\\/02\\\/marine-paul-photographie-mariage-boheme-landes-2388_websize.jpg\\\" title=\\\"Marine + Paul\\\" crop=\\\"\\\" width=\\\"1600\\\" height=\\\"1067\\\" src=\\\"https:\\\/\\\/gaetaneglize.com\\\/wp-content\\\/uploads\\\/2022\\\/02\\\/marine-paul-photographie-mariage-boheme-landes-2388_websize.jpg\\\" data-src=\\\"https:\\\/\\\/gaetaneglize.com\\\/wp-content\\\/uploads\\\/2022\\\/02\\\/marine-paul-photographie-mariage-boheme-landes-2388_websize.jpg\\\" data-caption=\\\"\\\" srcset=\\\"https:\\\/\\\/gaetaneglize.com\\\/wp-content\\\/uploads\\\/2022\\\/02\\\/marine-paul-photographie-mariage-boheme-landes-2388_websize.jpg 1600w, https:\\\/\\\/gaetaneglize.com\\\/wp-content\\\/uploads\\\/2022\\\/02\\\/marine-paul-photographie-mariage-boheme-landes-2388_websize-300x200.jpg 300w, https:\\\/\\\/gaetaneglize.com\\\/wp-content\\\/uploads\\\/2022\\\/02\\\/marine-paul-photographie-mariage-boheme-landes-2388_websize-1024x683.jpg 1024w, https:\\\/\\\/gaetaneglize.com\\\/wp-content\\\/uploads\\\/2022\\\/02\\\/marine-paul-photographie-mariage-boheme-landes-2388_websize-768x512.jpg 768w, https:\\\/\\\/gaetaneglize.com\\\/wp-content\\\/uploads\\\/2022\\\/02\\\/marine-paul-photographie-mariage-boheme-landes-2388_websize-1536x1024.jpg 1536w\\\" sizes=\\\"(max-width: 1600px) 100vw, 1600px\\\" \\\/>\\n\\t\\t<div class=\\\"figc no-description\\\">\\n\\t\\t\\t<div class=\\\"figc-inner\\\">\\n\\t\\t\\t\\t\\t\\t\\t\\t\\t\\t\\t\\t\\t\\t\\t<\\\/div>\\n\\t\\t<\\\/div>\\n\\n\\t<\\\/div>\\n\\n<\\\/div><div class=\\\"modula-item effect-pufrobo\\\" >\\n\\t<div class=\\\"modula-item-overlay\\\"><\\\/div>\\n\\n\\t<div class=\\\"modula-item-content\\\">\\n\\n\\t\\t<a data-image-id=\\\"16052\\\" role=\\\"button\\\" data-elementor-open-lightbox=\\\"no\\\" tabindex=\\\"0\\\" rel=\\\"jtg-16225\\\" data-caption=\\\"\\\" aria-label=\\\"Open image in lightbox\\\" class=\\\"tile-inner modula-item-link\\\"><\\\/a><img class=\\\"pic wp-image-16052\\\"  data-valign=\\\"middle\\\" data-halign=\\\"center\\\" alt=\\\"\\\" data-full=\\\"https:\\\/\\\/gaetaneglize.com\\\/wp-content\\\/uploads\\\/2024\\\/12\\\/margaux-baptiste-mariage-chateau-loire-1469_websize.jpg\\\" title=\\\"margaux-baptiste-mariage-chateau-loire-1469_websize\\\" crop=\\\"\\\" width=\\\"1067\\\" height=\\\"1600\\\" src=\\\"https:\\\/\\\/gaetaneglize.com\\\/wp-content\\\/uploads\\\/2024\\\/12\\\/margaux-baptiste-mariage-chateau-loire-1469_websize.jpg\\\" data-src=\\\"https:\\\/\\\/gaetaneglize.com\\\/wp-content\\\/uploads\\\/2024\\\/12\\\/margaux-baptiste-mariage-chateau-loire-1469_websize.jpg\\\" data-caption=\\\"\\\" srcset=\\\"https:\\\/\\\/gaetaneglize.com\\\/wp-content\\\/uploads\\\/2024\\\/12\\\/margaux-baptiste-mariage-chateau-loire-1469_websize.jpg 1067w, https:\\\/\\\/gaetaneglize.com\\\/wp-content\\\/uploads\\\/2024\\\/12\\\/margaux-baptiste-mariage-chateau-loire-1469_websize-200x300.jpg 200w, https:\\\/\\\/gaetaneglize.com\\\/wp-content\\\/uploads\\\/2024\\\/12\\\/margaux-baptiste-mariage-chateau-loire-1469_websize-683x1024.jpg 683w, https:\\\/\\\/gaetaneglize.com\\\/wp-content\\\/uploads\\\/2024\\\/12\\\/margaux-baptiste-mariage-chateau-loire-1469_websize-768x1152.jpg 768w, https:\\\/\\\/gaetaneglize.com\\\/wp-content\\\/uploads\\\/2024\\\/12\\\/margaux-baptiste-mariage-chateau-loire-1469_websize-1024x1536.jpg 1024w\\\" sizes=\\\"(max-width: 1067px) 100vw, 1067px\\\" \\\/>\\n\\t\\t<div class=\\\"figc no-description\\\">\\n\\t\\t\\t<div class=\\\"figc-inner\\\">\\n\\t\\t\\t\\t\\t\\t\\t\\t\\t\\t\\t\\t\\t\\t\\t<\\\/div>\\n\\t\\t<\\\/div>\\n\\n\\t<\\\/div>\\n\\n<\\\/div><div class=\\\"modula-item effect-pufrobo\\\" >\\n\\t<div class=\\\"modula-item-overlay\\\"><\\\/div>\\n\\n\\t<div class=\\\"modula-item-content\\\">\\n\\n\\t\\t<a data-image-id=\\\"16020\\\" role=\\\"button\\\" data-elementor-open-lightbox=\\\"no\\\" tabindex=\\\"0\\\" rel=\\\"jtg-16225\\\" data-caption=\\\"\\\" aria-label=\\\"Open image in lightbox\\\" class=\\\"tile-inner modula-item-link\\\"><\\\/a><img class=\\\"pic wp-image-16020\\\"  data-valign=\\\"middle\\\" data-halign=\\\"center\\\" alt=\\\"\\\" data-full=\\\"https:\\\/\\\/gaetaneglize.com\\\/wp-content\\\/uploads\\\/2024\\\/12\\\/marine-meriadec-photographie-mariage-landes-1839_websize.jpg\\\" title=\\\"marine-meriadec-photographie-mariage-landes-1839_websize\\\" crop=\\\"\\\" width=\\\"1600\\\" height=\\\"1067\\\" src=\\\"https:\\\/\\\/gaetaneglize.com\\\/wp-content\\\/uploads\\\/2024\\\/12\\\/marine-meriadec-photographie-mariage-landes-1839_websize.jpg\\\" data-src=\\\"https:\\\/\\\/gaetaneglize.com\\\/wp-content\\\/uploads\\\/2024\\\/12\\\/marine-meriadec-photographie-mariage-landes-1839_websize.jpg\\\" data-caption=\\\"\\\" srcset=\\\"https:\\\/\\\/gaetaneglize.com\\\/wp-content\\\/uploads\\\/2024\\\/12\\\/marine-meriadec-photographie-mariage-landes-1839_websize.jpg 1600w, https:\\\/\\\/gaetaneglize.com\\\/wp-content\\\/uploads\\\/2024\\\/12\\\/marine-meriadec-photographie-mariage-landes-1839_websize-300x200.jpg 300w, https:\\\/\\\/gaetaneglize.com\\\/wp-content\\\/uploads\\\/2024\\\/12\\\/marine-meriadec-photographie-mariage-landes-1839_websize-1024x683.jpg 1024w, https:\\\/\\\/gaetaneglize.com\\\/wp-content\\\/uploads\\\/2024\\\/12\\\/marine-meriadec-photographie-mariage-landes-1839_websize-768x512.jpg 768w, https:\\\/\\\/gaetaneglize.com\\\/wp-content\\\/uploads\\\/2024\\\/12\\\/marine-meriadec-photographie-mariage-landes-1839_websize-1536x1024.jpg 1536w\\\" sizes=\\\"(max-width: 1600px) 100vw, 1600px\\\" \\\/>\\n\\t\\t<div class=\\\"figc no-description\\\">\\n\\t\\t\\t<div class=\\\"figc-inner\\\">\\n\\t\\t\\t\\t\\t\\t\\t\\t\\t\\t\\t\\t\\t\\t\\t<\\\/div>\\n\\t\\t<\\\/div>\\n\\n\\t<\\\/div>\\n\\n<\\\/div><div class=\\\"modula-item effect-pufrobo\\\" >\\n\\t<div class=\\\"modula-item-overlay\\\"><\\\/div>\\n\\n\\t<div class=\\\"modula-item-content\\\">\\n\\n\\t\\t<a data-image-id=\\\"9836\\\" role=\\\"button\\\" data-elementor-open-lightbox=\\\"no\\\" tabindex=\\\"0\\\" rel=\\\"jtg-16225\\\" data-caption=\\\"\\\" aria-label=\\\"Open image in lightbox\\\" class=\\\"tile-inner modula-item-link\\\"><\\\/a><img class=\\\"pic wp-image-9836\\\"  data-valign=\\\"middle\\\" data-halign=\\\"center\\\" alt=\\\"\\\" data-full=\\\"https:\\\/\\\/gaetaneglize.com\\\/wp-content\\\/uploads\\\/2022\\\/04\\\/gaetane-glize-elopement-photographer-adventure-mountains-1001.jpg\\\" title=\\\"gaetane-glize-elopement-photographer-adventure-mountains-1001\\\" crop=\\\"\\\" width=\\\"1500\\\" height=\\\"1000\\\" src=\\\"https:\\\/\\\/gaetaneglize.com\\\/wp-content\\\/uploads\\\/2022\\\/04\\\/gaetane-glize-elopement-photographer-adventure-mountains-1001.jpg\\\" data-src=\\\"https:\\\/\\\/gaetaneglize.com\\\/wp-content\\\/uploads\\\/2022\\\/04\\\/gaetane-glize-elopement-photographer-adventure-mountains-1001.jpg\\\" data-caption=\\\"\\\" srcset=\\\"https:\\\/\\\/gaetaneglize.com\\\/wp-content\\\/uploads\\\/2022\\\/04\\\/gaetane-glize-elopement-photographer-adventure-mountains-1001.jpg 1500w, https:\\\/\\\/gaetaneglize.com\\\/wp-content\\\/uploads\\\/2022\\\/04\\\/gaetane-glize-elopement-photographer-adventure-mountains-1001-300x200.jpg 300w, https:\\\/\\\/gaetaneglize.com\\\/wp-content\\\/uploads\\\/2022\\\/04\\\/gaetane-glize-elopement-photographer-adventure-mountains-1001-1024x683.jpg 1024w, https:\\\/\\\/gaetaneglize.com\\\/wp-content\\\/uploads\\\/2022\\\/04\\\/gaetane-glize-elopement-photographer-adventure-mountains-1001-768x512.jpg 768w\\\" sizes=\\\"(max-width: 1500px) 100vw, 1500px\\\" \\\/>\\n\\t\\t<div class=\\\"figc no-description\\\">\\n\\t\\t\\t<div class=\\\"figc-inner\\\">\\n\\t\\t\\t\\t\\t\\t\\t\\t\\t\\t\\t\\t\\t\\t\\t<\\\/div>\\n\\t\\t<\\\/div>\\n\\n\\t<\\\/div>\\n\\n<\\\/div><div class=\\\"modula-item effect-pufrobo\\\" >\\n\\t<div class=\\\"modula-item-overlay\\\"><\\\/div>\\n\\n\\t<div class=\\\"modula-item-content\\\">\\n\\n\\t\\t<a data-image-id=\\\"6407\\\" role=\\\"button\\\" data-elementor-open-lightbox=\\\"no\\\" tabindex=\\\"0\\\" rel=\\\"jtg-16225\\\" data-caption=\\\"\\\" aria-label=\\\"Open image in lightbox\\\" class=\\\"tile-inner modula-item-link\\\"><\\\/a><img class=\\\"pic wp-image-6407\\\"  data-valign=\\\"middle\\\" data-halign=\\\"center\\\" alt=\\\"\\\" data-full=\\\"https:\\\/\\\/gaetaneglize.com\\\/wp-content\\\/uploads\\\/2020\\\/10\\\/photographe-mariage-aventure-elopement-montagne-pyrenees-1011.jpg\\\" title=\\\"photographe-mariage-aventure-elopement-montagne-pyrenees-1011\\\" crop=\\\"\\\" width=\\\"1707\\\" height=\\\"2560\\\" src=\\\"https:\\\/\\\/gaetaneglize.com\\\/wp-content\\\/uploads\\\/2020\\\/10\\\/photographe-mariage-aventure-elopement-montagne-pyrenees-1011.jpg\\\" data-src=\\\"https:\\\/\\\/gaetaneglize.com\\\/wp-content\\\/uploads\\\/2020\\\/10\\\/photographe-mariage-aventure-elopement-montagne-pyrenees-1011.jpg\\\" data-caption=\\\"\\\" srcset=\\\"https:\\\/\\\/gaetaneglize.com\\\/wp-content\\\/uploads\\\/2020\\\/10\\\/photographe-mariage-aventure-elopement-montagne-pyrenees-1011-scaled.jpg 1707w, https:\\\/\\\/gaetaneglize.com\\\/wp-content\\\/uploads\\\/2020\\\/10\\\/photographe-mariage-aventure-elopement-montagne-pyrenees-1011-200x300.jpg 200w, https:\\\/\\\/gaetaneglize.com\\\/wp-content\\\/uploads\\\/2020\\\/10\\\/photographe-mariage-aventure-elopement-montagne-pyrenees-1011-683x1024.jpg 683w, https:\\\/\\\/gaetaneglize.com\\\/wp-content\\\/uploads\\\/2020\\\/10\\\/photographe-mariage-aventure-elopement-montagne-pyrenees-1011-768x1152.jpg 768w, https:\\\/\\\/gaetaneglize.com\\\/wp-content\\\/uploads\\\/2020\\\/10\\\/photographe-mariage-aventure-elopement-montagne-pyrenees-1011-1024x1536.jpg 1024w, https:\\\/\\\/gaetaneglize.com\\\/wp-content\\\/uploads\\\/2020\\\/10\\\/photographe-mariage-aventure-elopement-montagne-pyrenees-1011-1365x2048.jpg 1365w\\\" sizes=\\\"(max-width: 1707px) 100vw, 1707px\\\" \\\/>\\n\\t\\t<div class=\\\"figc no-description\\\">\\n\\t\\t\\t<div class=\\\"figc-inner\\\">\\n\\t\\t\\t\\t\\t\\t\\t\\t\\t\\t\\t\\t\\t\\t\\t<\\\/div>\\n\\t\\t<\\\/div>\\n\\n\\t<\\\/div>\\n\\n<\\\/div><div class=\\\"modula-item effect-pufrobo\\\" >\\n\\t<div class=\\\"modula-item-overlay\\\"><\\\/div>\\n\\n\\t<div class=\\\"modula-item-content\\\">\\n\\n\\t\\t<a data-image-id=\\\"12542\\\" role=\\\"button\\\" data-elementor-open-lightbox=\\\"no\\\" tabindex=\\\"0\\\" rel=\\\"jtg-16225\\\" data-caption=\\\"\\\" aria-label=\\\"Open image in lightbox\\\" class=\\\"tile-inner modula-item-link\\\"><\\\/a><img class=\\\"pic wp-image-12542\\\"  data-valign=\\\"middle\\\" data-halign=\\\"center\\\" alt=\\\"La mari\\u00e9e tient d\\u00e9licatement son bouquet de mari\\u00e9e devant elle pendant les pr\\u00e9paratifs de mariage. Un moment captur\\u00e9 par Ga\\u00e9tane Glize, photographe mariage landes.\\\" data-full=\\\"https:\\\/\\\/gaetaneglize.com\\\/wp-content\\\/uploads\\\/2023\\\/01\\\/photographe-mariage-landes-pays-basque-015.jpg\\\" title=\\\"photographe-mariage-landes-pays-basque-015\\\" crop=\\\"\\\" width=\\\"1600\\\" height=\\\"1067\\\" src=\\\"https:\\\/\\\/gaetaneglize.com\\\/wp-content\\\/uploads\\\/2023\\\/01\\\/photographe-mariage-landes-pays-basque-015.jpg\\\" data-src=\\\"https:\\\/\\\/gaetaneglize.com\\\/wp-content\\\/uploads\\\/2023\\\/01\\\/photographe-mariage-landes-pays-basque-015.jpg\\\" data-caption=\\\"\\\" srcset=\\\"https:\\\/\\\/gaetaneglize.com\\\/wp-content\\\/uploads\\\/2023\\\/01\\\/photographe-mariage-landes-pays-basque-015.jpg 1600w, https:\\\/\\\/gaetaneglize.com\\\/wp-content\\\/uploads\\\/2023\\\/01\\\/photographe-mariage-landes-pays-basque-015-300x200.jpg 300w, https:\\\/\\\/gaetaneglize.com\\\/wp-content\\\/uploads\\\/2023\\\/01\\\/photographe-mariage-landes-pays-basque-015-1024x683.jpg 1024w, https:\\\/\\\/gaetaneglize.com\\\/wp-content\\\/uploads\\\/2023\\\/01\\\/photographe-mariage-landes-pays-basque-015-768x512.jpg 768w, https:\\\/\\\/gaetaneglize.com\\\/wp-content\\\/uploads\\\/2023\\\/01\\\/photographe-mariage-landes-pays-basque-015-1536x1024.jpg 1536w\\\" sizes=\\\"(max-width: 1600px) 100vw, 1600px\\\" \\\/>\\n\\t\\t<div class=\\\"figc no-description\\\">\\n\\t\\t\\t<div class=\\\"figc-inner\\\">\\n\\t\\t\\t\\t\\t\\t\\t\\t\\t\\t\\t\\t\\t\\t\\t<\\\/div>\\n\\t\\t<\\\/div>\\n\\n\\t<\\\/div>\\n\\n<\\\/div><div class=\\\"modula-item effect-pufrobo\\\" >\\n\\t<div class=\\\"modula-item-overlay\\\"><\\\/div>\\n\\n\\t<div class=\\\"modula-item-content\\\">\\n\\n\\t\\t<a data-image-id=\\\"15969\\\" role=\\\"button\\\" data-elementor-open-lightbox=\\\"no\\\" tabindex=\\\"0\\\" rel=\\\"jtg-16225\\\" data-caption=\\\"\\\" aria-label=\\\"Open image in lightbox\\\" class=\\\"tile-inner modula-item-link\\\"><\\\/a><img class=\\\"pic wp-image-15969\\\"  data-valign=\\\"middle\\\" data-halign=\\\"center\\\" alt=\\\"\\\" data-full=\\\"https:\\\/\\\/gaetaneglize.com\\\/wp-content\\\/uploads\\\/2024\\\/12\\\/anna-maxime-photo-mariage-elopement-chapelle-landes-1593_websize.jpg\\\" title=\\\"anna-maxime-photo-mariage-elopement-chapelle-landes-1593_websize\\\" crop=\\\"\\\" width=\\\"1067\\\" height=\\\"1600\\\" src=\\\"https:\\\/\\\/gaetaneglize.com\\\/wp-content\\\/uploads\\\/2024\\\/12\\\/anna-maxime-photo-mariage-elopement-chapelle-landes-1593_websize.jpg\\\" data-src=\\\"https:\\\/\\\/gaetaneglize.com\\\/wp-content\\\/uploads\\\/2024\\\/12\\\/anna-maxime-photo-mariage-elopement-chapelle-landes-1593_websize.jpg\\\" data-caption=\\\"\\\" srcset=\\\"https:\\\/\\\/gaetaneglize.com\\\/wp-content\\\/uploads\\\/2024\\\/12\\\/anna-maxime-photo-mariage-elopement-chapelle-landes-1593_websize.jpg 1067w, https:\\\/\\\/gaetaneglize.com\\\/wp-content\\\/uploads\\\/2024\\\/12\\\/anna-maxime-photo-mariage-elopement-chapelle-landes-1593_websize-200x300.jpg 200w, https:\\\/\\\/gaetaneglize.com\\\/wp-content\\\/uploads\\\/2024\\\/12\\\/anna-maxime-photo-mariage-elopement-chapelle-landes-1593_websize-683x1024.jpg 683w, https:\\\/\\\/gaetaneglize.com\\\/wp-content\\\/uploads\\\/2024\\\/12\\\/anna-maxime-photo-mariage-elopement-chapelle-landes-1593_websize-768x1152.jpg 768w, https:\\\/\\\/gaetaneglize.com\\\/wp-content\\\/uploads\\\/2024\\\/12\\\/anna-maxime-photo-mariage-elopement-chapelle-landes-1593_websize-1024x1536.jpg 1024w\\\" sizes=\\\"(max-width: 1067px) 100vw, 1067px\\\" \\\/>\\n\\t\\t<div class=\\\"figc no-description\\\">\\n\\t\\t\\t<div class=\\\"figc-inner\\\">\\n\\t\\t\\t\\t\\t\\t\\t\\t\\t\\t\\t\\t\\t\\t\\t<\\\/div>\\n\\t\\t<\\\/div>\\n\\n\\t<\\\/div>\\n\\n<\\\/div><div class=\\\"modula-item effect-pufrobo\\\" >\\n\\t<div class=\\\"modula-item-overlay\\\"><\\\/div>\\n\\n\\t<div class=\\\"modula-item-content\\\">\\n\\n\\t\\t<a data-image-id=\\\"15760\\\" role=\\\"button\\\" data-elementor-open-lightbox=\\\"no\\\" tabindex=\\\"0\\\" rel=\\\"jtg-16225\\\" data-caption=\\\"\\\" aria-label=\\\"Open image in lightbox\\\" class=\\\"tile-inner modula-item-link\\\"><\\\/a><img class=\\\"pic wp-image-15760\\\"  data-valign=\\\"middle\\\" data-halign=\\\"center\\\" alt=\\\"\\\" data-full=\\\"https:\\\/\\\/gaetaneglize.com\\\/wp-content\\\/uploads\\\/2024\\\/12\\\/mariage-renaissance-chateau-poudenas_gaetane-glize-photographie_1171.jpg\\\" title=\\\"Mariage Renaissance\\\" crop=\\\"\\\" width=\\\"1600\\\" height=\\\"1067\\\" src=\\\"https:\\\/\\\/gaetaneglize.com\\\/wp-content\\\/uploads\\\/2024\\\/12\\\/mariage-renaissance-chateau-poudenas_gaetane-glize-photographie_1171.jpg\\\" data-src=\\\"https:\\\/\\\/gaetaneglize.com\\\/wp-content\\\/uploads\\\/2024\\\/12\\\/mariage-renaissance-chateau-poudenas_gaetane-glize-photographie_1171.jpg\\\" data-caption=\\\"\\\" srcset=\\\"https:\\\/\\\/gaetaneglize.com\\\/wp-content\\\/uploads\\\/2024\\\/12\\\/mariage-renaissance-chateau-poudenas_gaetane-glize-photographie_1171.jpg 1600w, https:\\\/\\\/gaetaneglize.com\\\/wp-content\\\/uploads\\\/2024\\\/12\\\/mariage-renaissance-chateau-poudenas_gaetane-glize-photographie_1171-300x200.jpg 300w, https:\\\/\\\/gaetaneglize.com\\\/wp-content\\\/uploads\\\/2024\\\/12\\\/mariage-renaissance-chateau-poudenas_gaetane-glize-photographie_1171-1024x683.jpg 1024w, https:\\\/\\\/gaetaneglize.com\\\/wp-content\\\/uploads\\\/2024\\\/12\\\/mariage-renaissance-chateau-poudenas_gaetane-glize-photographie_1171-768x512.jpg 768w, https:\\\/\\\/gaetaneglize.com\\\/wp-content\\\/uploads\\\/2024\\\/12\\\/mariage-renaissance-chateau-poudenas_gaetane-glize-photographie_1171-1536x1024.jpg 1536w\\\" sizes=\\\"(max-width: 1600px) 100vw, 1600px\\\" \\\/>\\n\\t\\t<div class=\\\"figc no-description\\\">\\n\\t\\t\\t<div class=\\\"figc-inner\\\">\\n\\t\\t\\t\\t\\t\\t\\t\\t\\t\\t\\t\\t\\t\\t\\t<\\\/div>\\n\\t\\t<\\\/div>\\n\\n\\t<\\\/div>\\n\\n<\\\/div><div class=\\\"modula-item effect-pufrobo\\\" >\\n\\t<div class=\\\"modula-item-overlay\\\"><\\\/div>\\n\\n\\t<div class=\\\"modula-item-content\\\">\\n\\n\\t\\t<a data-image-id=\\\"16022\\\" role=\\\"button\\\" data-elementor-open-lightbox=\\\"no\\\" tabindex=\\\"0\\\" rel=\\\"jtg-16225\\\" data-caption=\\\"\\\" aria-label=\\\"Open image in lightbox\\\" class=\\\"tile-inner modula-item-link\\\"><\\\/a><img class=\\\"pic wp-image-16022\\\"  data-valign=\\\"middle\\\" data-halign=\\\"center\\\" alt=\\\"\\\" data-full=\\\"https:\\\/\\\/gaetaneglize.com\\\/wp-content\\\/uploads\\\/2024\\\/12\\\/margaux-baptiste-mariage-chateau-loire-1252_websize.jpg\\\" title=\\\"margaux-baptiste-mariage-chateau-loire-1252_websize\\\" crop=\\\"\\\" width=\\\"1600\\\" height=\\\"1067\\\" src=\\\"https:\\\/\\\/gaetaneglize.com\\\/wp-content\\\/uploads\\\/2024\\\/12\\\/margaux-baptiste-mariage-chateau-loire-1252_websize.jpg\\\" data-src=\\\"https:\\\/\\\/gaetaneglize.com\\\/wp-content\\\/uploads\\\/2024\\\/12\\\/margaux-baptiste-mariage-chateau-loire-1252_websize.jpg\\\" data-caption=\\\"\\\" srcset=\\\"https:\\\/\\\/gaetaneglize.com\\\/wp-content\\\/uploads\\\/2024\\\/12\\\/margaux-baptiste-mariage-chateau-loire-1252_websize.jpg 1600w, https:\\\/\\\/gaetaneglize.com\\\/wp-content\\\/uploads\\\/2024\\\/12\\\/margaux-baptiste-mariage-chateau-loire-1252_websize-300x200.jpg 300w, https:\\\/\\\/gaetaneglize.com\\\/wp-content\\\/uploads\\\/2024\\\/12\\\/margaux-baptiste-mariage-chateau-loire-1252_websize-1024x683.jpg 1024w, https:\\\/\\\/gaetaneglize.com\\\/wp-content\\\/uploads\\\/2024\\\/12\\\/margaux-baptiste-mariage-chateau-loire-1252_websize-768x512.jpg 768w, https:\\\/\\\/gaetaneglize.com\\\/wp-content\\\/uploads\\\/2024\\\/12\\\/margaux-baptiste-mariage-chateau-loire-1252_websize-1536x1024.jpg 1536w\\\" sizes=\\\"(max-width: 1600px) 100vw, 1600px\\\" \\\/>\\n\\t\\t<div class=\\\"figc no-description\\\">\\n\\t\\t\\t<div class=\\\"figc-inner\\\">\\n\\t\\t\\t\\t\\t\\t\\t\\t\\t\\t\\t\\t\\t\\t\\t<\\\/div>\\n\\t\\t<\\\/div>\\n\\n\\t<\\\/div>\\n\\n<\\\/div><div class=\\\"modula-item effect-pufrobo\\\" >\\n\\t<div class=\\\"modula-item-overlay\\\"><\\\/div>\\n\\n\\t<div class=\\\"modula-item-content\\\">\\n\\n\\t\\t<a data-image-id=\\\"15780\\\" role=\\\"button\\\" data-elementor-open-lightbox=\\\"no\\\" tabindex=\\\"0\\\" rel=\\\"jtg-16225\\\" data-caption=\\\"\\\" aria-label=\\\"Open image in lightbox\\\" class=\\\"tile-inner modula-item-link\\\"><\\\/a><img class=\\\"pic wp-image-15780\\\"  data-valign=\\\"middle\\\" data-halign=\\\"center\\\" alt=\\\"\\\" data-full=\\\"https:\\\/\\\/gaetaneglize.com\\\/wp-content\\\/uploads\\\/2024\\\/12\\\/mariage-renaissance-chateau-poudenas_gaetane-glize-photographie_1134.jpg\\\" title=\\\"Mariage Renaissance\\\" crop=\\\"\\\" width=\\\"1067\\\" height=\\\"1600\\\" src=\\\"https:\\\/\\\/gaetaneglize.com\\\/wp-content\\\/uploads\\\/2024\\\/12\\\/mariage-renaissance-chateau-poudenas_gaetane-glize-photographie_1134.jpg\\\" data-src=\\\"https:\\\/\\\/gaetaneglize.com\\\/wp-content\\\/uploads\\\/2024\\\/12\\\/mariage-renaissance-chateau-poudenas_gaetane-glize-photographie_1134.jpg\\\" data-caption=\\\"\\\" srcset=\\\"https:\\\/\\\/gaetaneglize.com\\\/wp-content\\\/uploads\\\/2024\\\/12\\\/mariage-renaissance-chateau-poudenas_gaetane-glize-photographie_1134.jpg 1067w, https:\\\/\\\/gaetaneglize.com\\\/wp-content\\\/uploads\\\/2024\\\/12\\\/mariage-renaissance-chateau-poudenas_gaetane-glize-photographie_1134-200x300.jpg 200w, https:\\\/\\\/gaetaneglize.com\\\/wp-content\\\/uploads\\\/2024\\\/12\\\/mariage-renaissance-chateau-poudenas_gaetane-glize-photographie_1134-683x1024.jpg 683w, https:\\\/\\\/gaetaneglize.com\\\/wp-content\\\/uploads\\\/2024\\\/12\\\/mariage-renaissance-chateau-poudenas_gaetane-glize-photographie_1134-768x1152.jpg 768w, https:\\\/\\\/gaetaneglize.com\\\/wp-content\\\/uploads\\\/2024\\\/12\\\/mariage-renaissance-chateau-poudenas_gaetane-glize-photographie_1134-1024x1536.jpg 1024w\\\" sizes=\\\"(max-width: 1067px) 100vw, 1067px\\\" \\\/>\\n\\t\\t<div class=\\\"figc no-description\\\">\\n\\t\\t\\t<div class=\\\"figc-inner\\\">\\n\\t\\t\\t\\t\\t\\t\\t\\t\\t\\t\\t\\t\\t\\t\\t<\\\/div>\\n\\t\\t<\\\/div>\\n\\n\\t<\\\/div>\\n\\n<\\\/div><div class=\\\"modula-item effect-pufrobo\\\" >\\n\\t<div class=\\\"modula-item-overlay\\\"><\\\/div>\\n\\n\\t<div class=\\\"modula-item-content\\\">\\n\\n\\t\\t<a data-image-id=\\\"8779\\\" role=\\\"button\\\" data-elementor-open-lightbox=\\\"no\\\" tabindex=\\\"0\\\" rel=\\\"jtg-16225\\\" data-caption=\\\"\\\" aria-label=\\\"Open image in lightbox\\\" class=\\\"tile-inner modula-item-link\\\"><\\\/a><img class=\\\"pic wp-image-8779\\\"  data-valign=\\\"middle\\\" data-halign=\\\"center\\\" alt=\\\"\\\" data-full=\\\"https:\\\/\\\/gaetaneglize.com\\\/wp-content\\\/uploads\\\/2022\\\/02\\\/naiti-maxime-photographe-mariage-bordeaux-gironde-aquitaine-2235_websize-1.jpg\\\" title=\\\"Na\\u00efti + Maxime\\\" crop=\\\"\\\" width=\\\"1600\\\" height=\\\"1067\\\" src=\\\"https:\\\/\\\/gaetaneglize.com\\\/wp-content\\\/uploads\\\/2022\\\/02\\\/naiti-maxime-photographe-mariage-bordeaux-gironde-aquitaine-2235_websize-1.jpg\\\" data-src=\\\"https:\\\/\\\/gaetaneglize.com\\\/wp-content\\\/uploads\\\/2022\\\/02\\\/naiti-maxime-photographe-mariage-bordeaux-gironde-aquitaine-2235_websize-1.jpg\\\" data-caption=\\\"\\\" srcset=\\\"https:\\\/\\\/gaetaneglize.com\\\/wp-content\\\/uploads\\\/2022\\\/02\\\/naiti-maxime-photographe-mariage-bordeaux-gironde-aquitaine-2235_websize-1.jpg 1600w, https:\\\/\\\/gaetaneglize.com\\\/wp-content\\\/uploads\\\/2022\\\/02\\\/naiti-maxime-photographe-mariage-bordeaux-gironde-aquitaine-2235_websize-1-300x200.jpg 300w, https:\\\/\\\/gaetaneglize.com\\\/wp-content\\\/uploads\\\/2022\\\/02\\\/naiti-maxime-photographe-mariage-bordeaux-gironde-aquitaine-2235_websize-1-1024x683.jpg 1024w, https:\\\/\\\/gaetaneglize.com\\\/wp-content\\\/uploads\\\/2022\\\/02\\\/naiti-maxime-photographe-mariage-bordeaux-gironde-aquitaine-2235_websize-1-768x512.jpg 768w, https:\\\/\\\/gaetaneglize.com\\\/wp-content\\\/uploads\\\/2022\\\/02\\\/naiti-maxime-photographe-mariage-bordeaux-gironde-aquitaine-2235_websize-1-1536x1024.jpg 1536w\\\" sizes=\\\"(max-width: 1600px) 100vw, 1600px\\\" \\\/>\\n\\t\\t<div class=\\\"figc no-description\\\">\\n\\t\\t\\t<div class=\\\"figc-inner\\\">\\n\\t\\t\\t\\t\\t\\t\\t\\t\\t\\t\\t\\t\\t\\t\\t<\\\/div>\\n\\t\\t<\\\/div>\\n\\n\\t<\\\/div>\\n\\n<\\\/div><div class=\\\"modula-item effect-pufrobo\\\" >\\n\\t<div class=\\\"modula-item-overlay\\\"><\\\/div>\\n\\n\\t<div class=\\\"modula-item-content\\\">\\n\\n\\t\\t<a data-image-id=\\\"8548\\\" role=\\\"button\\\" data-elementor-open-lightbox=\\\"no\\\" tabindex=\\\"0\\\" rel=\\\"jtg-16225\\\" data-caption=\\\"\\\" aria-label=\\\"Open image in lightbox\\\" class=\\\"tile-inner modula-item-link\\\"><\\\/a><img class=\\\"pic wp-image-8548\\\"  data-valign=\\\"middle\\\" data-halign=\\\"center\\\" alt=\\\"\\\" data-full=\\\"https:\\\/\\\/gaetaneglize.com\\\/wp-content\\\/uploads\\\/2022\\\/01\\\/camille-reha-mariage-intimiste-cocobarn-woodlodge-landes-1348_websize.jpg\\\" title=\\\"Camille + Reha\\\" crop=\\\"\\\" width=\\\"1067\\\" height=\\\"1600\\\" src=\\\"https:\\\/\\\/gaetaneglize.com\\\/wp-content\\\/uploads\\\/2022\\\/01\\\/camille-reha-mariage-intimiste-cocobarn-woodlodge-landes-1348_websize.jpg\\\" data-src=\\\"https:\\\/\\\/gaetaneglize.com\\\/wp-content\\\/uploads\\\/2022\\\/01\\\/camille-reha-mariage-intimiste-cocobarn-woodlodge-landes-1348_websize.jpg\\\" data-caption=\\\"\\\" srcset=\\\"https:\\\/\\\/gaetaneglize.com\\\/wp-content\\\/uploads\\\/2022\\\/01\\\/camille-reha-mariage-intimiste-cocobarn-woodlodge-landes-1348_websize.jpg 1067w, https:\\\/\\\/gaetaneglize.com\\\/wp-content\\\/uploads\\\/2022\\\/01\\\/camille-reha-mariage-intimiste-cocobarn-woodlodge-landes-1348_websize-200x300.jpg 200w, https:\\\/\\\/gaetaneglize.com\\\/wp-content\\\/uploads\\\/2022\\\/01\\\/camille-reha-mariage-intimiste-cocobarn-woodlodge-landes-1348_websize-683x1024.jpg 683w, https:\\\/\\\/gaetaneglize.com\\\/wp-content\\\/uploads\\\/2022\\\/01\\\/camille-reha-mariage-intimiste-cocobarn-woodlodge-landes-1348_websize-768x1152.jpg 768w, https:\\\/\\\/gaetaneglize.com\\\/wp-content\\\/uploads\\\/2022\\\/01\\\/camille-reha-mariage-intimiste-cocobarn-woodlodge-landes-1348_websize-1024x1536.jpg 1024w\\\" sizes=\\\"(max-width: 1067px) 100vw, 1067px\\\" \\\/>\\n\\t\\t<div class=\\\"figc no-description\\\">\\n\\t\\t\\t<div class=\\\"figc-inner\\\">\\n\\t\\t\\t\\t\\t\\t\\t\\t\\t\\t\\t\\t\\t\\t\\t<\\\/div>\\n\\t\\t<\\\/div>\\n\\n\\t<\\\/div>\\n\\n<\\\/div><div class=\\\"modula-item effect-pufrobo\\\" >\\n\\t<div class=\\\"modula-item-overlay\\\"><\\\/div>\\n\\n\\t<div class=\\\"modula-item-content\\\">\\n\\n\\t\\t<a data-image-id=\\\"9455\\\" role=\\\"button\\\" data-elementor-open-lightbox=\\\"no\\\" tabindex=\\\"0\\\" rel=\\\"jtg-16225\\\" data-caption=\\\"\\\" aria-label=\\\"Open image in lightbox\\\" class=\\\"tile-inner modula-item-link\\\"><\\\/a><img class=\\\"pic wp-image-9455\\\"  data-valign=\\\"middle\\\" data-halign=\\\"center\\\" alt=\\\"\\\" data-full=\\\"https:\\\/\\\/gaetaneglize.com\\\/wp-content\\\/uploads\\\/2022\\\/03\\\/camille-reha-mariage-intimiste-cocobarn-woodlodge-landes-1472_websize.jpg\\\" title=\\\"Camille + Reha\\\" crop=\\\"\\\" width=\\\"1600\\\" height=\\\"1067\\\" src=\\\"https:\\\/\\\/gaetaneglize.com\\\/wp-content\\\/uploads\\\/2022\\\/03\\\/camille-reha-mariage-intimiste-cocobarn-woodlodge-landes-1472_websize.jpg\\\" data-src=\\\"https:\\\/\\\/gaetaneglize.com\\\/wp-content\\\/uploads\\\/2022\\\/03\\\/camille-reha-mariage-intimiste-cocobarn-woodlodge-landes-1472_websize.jpg\\\" data-caption=\\\"\\\" srcset=\\\"https:\\\/\\\/gaetaneglize.com\\\/wp-content\\\/uploads\\\/2022\\\/03\\\/camille-reha-mariage-intimiste-cocobarn-woodlodge-landes-1472_websize.jpg 1600w, https:\\\/\\\/gaetaneglize.com\\\/wp-content\\\/uploads\\\/2022\\\/03\\\/camille-reha-mariage-intimiste-cocobarn-woodlodge-landes-1472_websize-300x200.jpg 300w, https:\\\/\\\/gaetaneglize.com\\\/wp-content\\\/uploads\\\/2022\\\/03\\\/camille-reha-mariage-intimiste-cocobarn-woodlodge-landes-1472_websize-1024x683.jpg 1024w, https:\\\/\\\/gaetaneglize.com\\\/wp-content\\\/uploads\\\/2022\\\/03\\\/camille-reha-mariage-intimiste-cocobarn-woodlodge-landes-1472_websize-768x512.jpg 768w, https:\\\/\\\/gaetaneglize.com\\\/wp-content\\\/uploads\\\/2022\\\/03\\\/camille-reha-mariage-intimiste-cocobarn-woodlodge-landes-1472_websize-1536x1024.jpg 1536w\\\" sizes=\\\"(max-width: 1600px) 100vw, 1600px\\\" \\\/>\\n\\t\\t<div class=\\\"figc no-description\\\">\\n\\t\\t\\t<div class=\\\"figc-inner\\\">\\n\\t\\t\\t\\t\\t\\t\\t\\t\\t\\t\\t\\t\\t\\t\\t<\\\/div>\\n\\t\\t<\\\/div>\\n\\n\\t<\\\/div>\\n\\n<\\\/div><div class=\\\"modula-item effect-pufrobo\\\" >\\n\\t<div class=\\\"modula-item-overlay\\\"><\\\/div>\\n\\n\\t<div class=\\\"modula-item-content\\\">\\n\\n\\t\\t<a data-image-id=\\\"8530\\\" role=\\\"button\\\" data-elementor-open-lightbox=\\\"no\\\" tabindex=\\\"0\\\" rel=\\\"jtg-16225\\\" data-caption=\\\"\\\" aria-label=\\\"Open image in lightbox\\\" class=\\\"tile-inner modula-item-link\\\"><\\\/a><img class=\\\"pic wp-image-8530\\\"  data-valign=\\\"middle\\\" data-halign=\\\"center\\\" alt=\\\"\\\" data-full=\\\"https:\\\/\\\/gaetaneglize.com\\\/wp-content\\\/uploads\\\/2022\\\/01\\\/camille-reha-mariage-intimiste-cocobarn-woodlodge-landes-1614_websize.jpg\\\" title=\\\"Camille + Reha\\\" crop=\\\"\\\" width=\\\"1067\\\" height=\\\"1600\\\" src=\\\"https:\\\/\\\/gaetaneglize.com\\\/wp-content\\\/uploads\\\/2022\\\/01\\\/camille-reha-mariage-intimiste-cocobarn-woodlodge-landes-1614_websize.jpg\\\" data-src=\\\"https:\\\/\\\/gaetaneglize.com\\\/wp-content\\\/uploads\\\/2022\\\/01\\\/camille-reha-mariage-intimiste-cocobarn-woodlodge-landes-1614_websize.jpg\\\" data-caption=\\\"\\\" srcset=\\\"https:\\\/\\\/gaetaneglize.com\\\/wp-content\\\/uploads\\\/2022\\\/01\\\/camille-reha-mariage-intimiste-cocobarn-woodlodge-landes-1614_websize.jpg 1067w, https:\\\/\\\/gaetaneglize.com\\\/wp-content\\\/uploads\\\/2022\\\/01\\\/camille-reha-mariage-intimiste-cocobarn-woodlodge-landes-1614_websize-200x300.jpg 200w, https:\\\/\\\/gaetaneglize.com\\\/wp-content\\\/uploads\\\/2022\\\/01\\\/camille-reha-mariage-intimiste-cocobarn-woodlodge-landes-1614_websize-683x1024.jpg 683w, https:\\\/\\\/gaetaneglize.com\\\/wp-content\\\/uploads\\\/2022\\\/01\\\/camille-reha-mariage-intimiste-cocobarn-woodlodge-landes-1614_websize-768x1152.jpg 768w, https:\\\/\\\/gaetaneglize.com\\\/wp-content\\\/uploads\\\/2022\\\/01\\\/camille-reha-mariage-intimiste-cocobarn-woodlodge-landes-1614_websize-1024x1536.jpg 1024w\\\" sizes=\\\"(max-width: 1067px) 100vw, 1067px\\\" \\\/>\\n\\t\\t<div class=\\\"figc no-description\\\">\\n\\t\\t\\t<div class=\\\"figc-inner\\\">\\n\\t\\t\\t\\t\\t\\t\\t\\t\\t\\t\\t\\t\\t\\t\\t<\\\/div>\\n\\t\\t<\\\/div>\\n\\n\\t<\\\/div>\\n\\n<\\\/div><div class=\\\"modula-item effect-pufrobo\\\" >\\n\\t<div class=\\\"modula-item-overlay\\\"><\\\/div>\\n\\n\\t<div class=\\\"modula-item-content\\\">\\n\\n\\t\\t<a data-image-id=\\\"15925\\\" role=\\\"button\\\" data-elementor-open-lightbox=\\\"no\\\" tabindex=\\\"0\\\" rel=\\\"jtg-16225\\\" data-caption=\\\"\\\" aria-label=\\\"Open image in lightbox\\\" class=\\\"tile-inner modula-item-link\\\"><\\\/a><img class=\\\"pic wp-image-15925\\\"  data-valign=\\\"middle\\\" data-halign=\\\"center\\\" alt=\\\"\\\" data-full=\\\"https:\\\/\\\/gaetaneglize.com\\\/wp-content\\\/uploads\\\/2024\\\/12\\\/anais-nicolas-mariage-intimiste-a-la-maison-1991-animation.gif\\\" title=\\\"anais-nicolas-mariage-intimiste-a-la-maison-1991-animation\\\" crop=\\\"\\\" width=\\\"1800\\\" height=\\\"1200\\\" src=\\\"https:\\\/\\\/gaetaneglize.com\\\/wp-content\\\/uploads\\\/2024\\\/12\\\/anais-nicolas-mariage-intimiste-a-la-maison-1991-animation.gif\\\" data-src=\\\"https:\\\/\\\/gaetaneglize.com\\\/wp-content\\\/uploads\\\/2024\\\/12\\\/anais-nicolas-mariage-intimiste-a-la-maison-1991-animation.gif\\\" data-caption=\\\"\\\"\\\/>\\n\\t\\t<div class=\\\"figc no-description\\\">\\n\\t\\t\\t<div class=\\\"figc-inner\\\">\\n\\t\\t\\t\\t\\t\\t\\t\\t\\t\\t\\t\\t\\t\\t\\t<\\\/div>\\n\\t\\t<\\\/div>\\n\\n\\t<\\\/div>\\n\\n<\\\/div><div class=\\\"modula-item effect-pufrobo\\\" >\\n\\t<div class=\\\"modula-item-overlay\\\"><\\\/div>\\n\\n\\t<div class=\\\"modula-item-content\\\">\\n\\n\\t\\t<a data-image-id=\\\"6372\\\" role=\\\"button\\\" data-elementor-open-lightbox=\\\"no\\\" tabindex=\\\"0\\\" rel=\\\"jtg-16225\\\" data-caption=\\\"\\\" aria-label=\\\"Open image in lightbox\\\" class=\\\"tile-inner modula-item-link\\\"><\\\/a><img class=\\\"pic wp-image-6372\\\"  data-valign=\\\"middle\\\" data-halign=\\\"center\\\" alt=\\\"\\\" data-full=\\\"https:\\\/\\\/gaetaneglize.com\\\/wp-content\\\/uploads\\\/2020\\\/09\\\/elopement-photographer-france-pyrenees-mountains-1000.jpg\\\" title=\\\"elopement-photographer-france-pyrenees-mountains-1000\\\" crop=\\\"\\\" width=\\\"1200\\\" height=\\\"1800\\\" src=\\\"https:\\\/\\\/gaetaneglize.com\\\/wp-content\\\/uploads\\\/2020\\\/09\\\/elopement-photographer-france-pyrenees-mountains-1000.jpg\\\" data-src=\\\"https:\\\/\\\/gaetaneglize.com\\\/wp-content\\\/uploads\\\/2020\\\/09\\\/elopement-photographer-france-pyrenees-mountains-1000.jpg\\\" data-caption=\\\"\\\" srcset=\\\"https:\\\/\\\/gaetaneglize.com\\\/wp-content\\\/uploads\\\/2020\\\/09\\\/elopement-photographer-france-pyrenees-mountains-1000.jpg 1200w, https:\\\/\\\/gaetaneglize.com\\\/wp-content\\\/uploads\\\/2020\\\/09\\\/elopement-photographer-france-pyrenees-mountains-1000-200x300.jpg 200w, https:\\\/\\\/gaetaneglize.com\\\/wp-content\\\/uploads\\\/2020\\\/09\\\/elopement-photographer-france-pyrenees-mountains-1000-683x1024.jpg 683w, https:\\\/\\\/gaetaneglize.com\\\/wp-content\\\/uploads\\\/2020\\\/09\\\/elopement-photographer-france-pyrenees-mountains-1000-768x1152.jpg 768w, https:\\\/\\\/gaetaneglize.com\\\/wp-content\\\/uploads\\\/2020\\\/09\\\/elopement-photographer-france-pyrenees-mountains-1000-1024x1536.jpg 1024w\\\" sizes=\\\"(max-width: 1200px) 100vw, 1200px\\\" \\\/>\\n\\t\\t<div class=\\\"figc no-description\\\">\\n\\t\\t\\t<div class=\\\"figc-inner\\\">\\n\\t\\t\\t\\t\\t\\t\\t\\t\\t\\t\\t\\t\\t\\t\\t<\\\/div>\\n\\t\\t<\\\/div>\\n\\n\\t<\\\/div>\\n\\n<\\\/div><div class=\\\"modula-item effect-pufrobo\\\" >\\n\\t<div class=\\\"modula-item-overlay\\\"><\\\/div>\\n\\n\\t<div class=\\\"modula-item-content\\\">\\n\\n\\t\\t<a data-image-id=\\\"12510\\\" role=\\\"button\\\" data-elementor-open-lightbox=\\\"no\\\" tabindex=\\\"0\\\" rel=\\\"jtg-16225\\\" data-caption=\\\"\\\" aria-label=\\\"Open image in lightbox\\\" class=\\\"tile-inner modula-item-link\\\"><\\\/a><img class=\\\"pic wp-image-12510\\\"  data-valign=\\\"middle\\\" data-halign=\\\"center\\\" alt=\\\"Un couple de mari\\u00e9s est assis dans l&#039;herbe et se font un c\\u00e2lin, la lumi\\u00e8re dor\\u00e9e du coucher de soleil les \\u00e9claire. Un moment tendre captur\\u00e9 par Ga\\u00e9tane Glize, photographe mariage Landes.\\\" data-full=\\\"https:\\\/\\\/gaetaneglize.com\\\/wp-content\\\/uploads\\\/2023\\\/01\\\/photographe-mariage-landes-pays-basque-001-1.jpg\\\" title=\\\"photographe-mariage-landes-pays-basque-001\\\" crop=\\\"\\\" width=\\\"1600\\\" height=\\\"1067\\\" src=\\\"https:\\\/\\\/gaetaneglize.com\\\/wp-content\\\/uploads\\\/2023\\\/01\\\/photographe-mariage-landes-pays-basque-001-1.jpg\\\" data-src=\\\"https:\\\/\\\/gaetaneglize.com\\\/wp-content\\\/uploads\\\/2023\\\/01\\\/photographe-mariage-landes-pays-basque-001-1.jpg\\\" data-caption=\\\"\\\" srcset=\\\"https:\\\/\\\/gaetaneglize.com\\\/wp-content\\\/uploads\\\/2023\\\/01\\\/photographe-mariage-landes-pays-basque-001-1.jpg 1600w, https:\\\/\\\/gaetaneglize.com\\\/wp-content\\\/uploads\\\/2023\\\/01\\\/photographe-mariage-landes-pays-basque-001-1-300x200.jpg 300w, https:\\\/\\\/gaetaneglize.com\\\/wp-content\\\/uploads\\\/2023\\\/01\\\/photographe-mariage-landes-pays-basque-001-1-1024x683.jpg 1024w, https:\\\/\\\/gaetaneglize.com\\\/wp-content\\\/uploads\\\/2023\\\/01\\\/photographe-mariage-landes-pays-basque-001-1-768x512.jpg 768w, https:\\\/\\\/gaetaneglize.com\\\/wp-content\\\/uploads\\\/2023\\\/01\\\/photographe-mariage-landes-pays-basque-001-1-1536x1024.jpg 1536w\\\" sizes=\\\"(max-width: 1600px) 100vw, 1600px\\\" \\\/>\\n\\t\\t<div class=\\\"figc no-description\\\">\\n\\t\\t\\t<div class=\\\"figc-inner\\\">\\n\\t\\t\\t\\t\\t\\t\\t\\t\\t\\t\\t\\t\\t\\t\\t<\\\/div>\\n\\t\\t<\\\/div>\\n\\n\\t<\\\/div>\\n\\n<\\\/div><div class=\\\"modula-item effect-pufrobo\\\" >\\n\\t<div class=\\\"modula-item-overlay\\\"><\\\/div>\\n\\n\\t<div class=\\\"modula-item-content\\\">\\n\\n\\t\\t<a data-image-id=\\\"14476\\\" role=\\\"button\\\" data-elementor-open-lightbox=\\\"no\\\" tabindex=\\\"0\\\" rel=\\\"jtg-16225\\\" data-caption=\\\"\\\" aria-label=\\\"Open image in lightbox\\\" class=\\\"tile-inner modula-item-link\\\"><\\\/a><img class=\\\"pic wp-image-14476\\\"  data-valign=\\\"middle\\\" data-halign=\\\"center\\\" alt=\\\"\\\" data-full=\\\"https:\\\/\\\/gaetaneglize.com\\\/wp-content\\\/uploads\\\/2024\\\/02\\\/lydie-cedric-photographie-mariage-chateau-landes-1575_websize.jpg\\\" title=\\\"Lydie + C\\u00e9dric\\\" crop=\\\"\\\" width=\\\"1067\\\" height=\\\"1600\\\" src=\\\"https:\\\/\\\/gaetaneglize.com\\\/wp-content\\\/uploads\\\/2024\\\/02\\\/lydie-cedric-photographie-mariage-chateau-landes-1575_websize.jpg\\\" data-src=\\\"https:\\\/\\\/gaetaneglize.com\\\/wp-content\\\/uploads\\\/2024\\\/02\\\/lydie-cedric-photographie-mariage-chateau-landes-1575_websize.jpg\\\" data-caption=\\\"\\\" srcset=\\\"https:\\\/\\\/gaetaneglize.com\\\/wp-content\\\/uploads\\\/2024\\\/02\\\/lydie-cedric-photographie-mariage-chateau-landes-1575_websize.jpg 1067w, https:\\\/\\\/gaetaneglize.com\\\/wp-content\\\/uploads\\\/2024\\\/02\\\/lydie-cedric-photographie-mariage-chateau-landes-1575_websize-200x300.jpg 200w, https:\\\/\\\/gaetaneglize.com\\\/wp-content\\\/uploads\\\/2024\\\/02\\\/lydie-cedric-photographie-mariage-chateau-landes-1575_websize-683x1024.jpg 683w, https:\\\/\\\/gaetaneglize.com\\\/wp-content\\\/uploads\\\/2024\\\/02\\\/lydie-cedric-photographie-mariage-chateau-landes-1575_websize-768x1152.jpg 768w, https:\\\/\\\/gaetaneglize.com\\\/wp-content\\\/uploads\\\/2024\\\/02\\\/lydie-cedric-photographie-mariage-chateau-landes-1575_websize-1024x1536.jpg 1024w\\\" sizes=\\\"(max-width: 1067px) 100vw, 1067px\\\" \\\/>\\n\\t\\t<div class=\\\"figc no-description\\\">\\n\\t\\t\\t<div class=\\\"figc-inner\\\">\\n\\t\\t\\t\\t\\t\\t\\t\\t\\t\\t\\t\\t\\t\\t\\t<\\\/div>\\n\\t\\t<\\\/div>\\n\\n\\t<\\\/div>\\n\\n<\\\/div><div class=\\\"modula-item effect-pufrobo\\\" >\\n\\t<div class=\\\"modula-item-overlay\\\"><\\\/div>\\n\\n\\t<div class=\\\"modula-item-content\\\">\\n\\n\\t\\t<a data-image-id=\\\"11534\\\" role=\\\"button\\\" data-elementor-open-lightbox=\\\"no\\\" tabindex=\\\"0\\\" rel=\\\"jtg-16225\\\" data-caption=\\\"\\\" aria-label=\\\"Open image in lightbox\\\" class=\\\"tile-inner modula-item-link\\\"><\\\/a><img class=\\\"pic wp-image-11534\\\"  data-valign=\\\"middle\\\" data-halign=\\\"center\\\" alt=\\\"Photographie de mariage prise en plong\\u00e9e au-dessus du couple de mari\\u00e9 entour\\u00e9 de leurs invit\\u00e9s. Photo en noir et blanc de la foule prise le jour du mariage par la photographe de mariage Ga\\u00e9tane Glize dans les landes et pays basque.\\\" data-full=\\\"https:\\\/\\\/gaetaneglize.com\\\/wp-content\\\/uploads\\\/2022\\\/10\\\/gaetane-glize-photographe-mariage-landes-pays-basque-02.jpg\\\" title=\\\"gaetane-glize-photographe-mariage-landes-pays-basque-02\\\" crop=\\\"\\\" width=\\\"1500\\\" height=\\\"1000\\\" src=\\\"https:\\\/\\\/gaetaneglize.com\\\/wp-content\\\/uploads\\\/2022\\\/10\\\/gaetane-glize-photographe-mariage-landes-pays-basque-02.jpg\\\" data-src=\\\"https:\\\/\\\/gaetaneglize.com\\\/wp-content\\\/uploads\\\/2022\\\/10\\\/gaetane-glize-photographe-mariage-landes-pays-basque-02.jpg\\\" data-caption=\\\"\\\" srcset=\\\"https:\\\/\\\/gaetaneglize.com\\\/wp-content\\\/uploads\\\/2022\\\/10\\\/gaetane-glize-photographe-mariage-landes-pays-basque-02.jpg 1500w, https:\\\/\\\/gaetaneglize.com\\\/wp-content\\\/uploads\\\/2022\\\/10\\\/gaetane-glize-photographe-mariage-landes-pays-basque-02-300x200.jpg 300w, https:\\\/\\\/gaetaneglize.com\\\/wp-content\\\/uploads\\\/2022\\\/10\\\/gaetane-glize-photographe-mariage-landes-pays-basque-02-1024x683.jpg 1024w, https:\\\/\\\/gaetaneglize.com\\\/wp-content\\\/uploads\\\/2022\\\/10\\\/gaetane-glize-photographe-mariage-landes-pays-basque-02-768x512.jpg 768w\\\" sizes=\\\"(max-width: 1500px) 100vw, 1500px\\\" \\\/>\\n\\t\\t<div class=\\\"figc no-description\\\">\\n\\t\\t\\t<div class=\\\"figc-inner\\\">\\n\\t\\t\\t\\t\\t\\t\\t\\t\\t\\t\\t\\t\\t\\t\\t<\\\/div>\\n\\t\\t<\\\/div>\\n\\n\\t<\\\/div>\\n\\n<\\\/div><div class=\\\"modula-item effect-pufrobo\\\" >\\n\\t<div class=\\\"modula-item-overlay\\\"><\\\/div>\\n\\n\\t<div class=\\\"modula-item-content\\\">\\n\\n\\t\\t<a data-image-id=\\\"8550\\\" role=\\\"button\\\" data-elementor-open-lightbox=\\\"no\\\" tabindex=\\\"0\\\" rel=\\\"jtg-16225\\\" data-caption=\\\"\\\" aria-label=\\\"Open image in lightbox\\\" class=\\\"tile-inner modula-item-link\\\"><\\\/a><img class=\\\"pic wp-image-8550\\\"  data-valign=\\\"middle\\\" data-halign=\\\"center\\\" alt=\\\"\\\" data-full=\\\"https:\\\/\\\/gaetaneglize.com\\\/wp-content\\\/uploads\\\/2022\\\/01\\\/camille-reha-mariage-intimiste-cocobarn-woodlodge-landes-1216_websize.jpg\\\" title=\\\"Camille + Reha\\\" crop=\\\"\\\" width=\\\"1067\\\" height=\\\"1600\\\" src=\\\"https:\\\/\\\/gaetaneglize.com\\\/wp-content\\\/uploads\\\/2022\\\/01\\\/camille-reha-mariage-intimiste-cocobarn-woodlodge-landes-1216_websize.jpg\\\" data-src=\\\"https:\\\/\\\/gaetaneglize.com\\\/wp-content\\\/uploads\\\/2022\\\/01\\\/camille-reha-mariage-intimiste-cocobarn-woodlodge-landes-1216_websize.jpg\\\" data-caption=\\\"\\\" srcset=\\\"https:\\\/\\\/gaetaneglize.com\\\/wp-content\\\/uploads\\\/2022\\\/01\\\/camille-reha-mariage-intimiste-cocobarn-woodlodge-landes-1216_websize.jpg 1067w, https:\\\/\\\/gaetaneglize.com\\\/wp-content\\\/uploads\\\/2022\\\/01\\\/camille-reha-mariage-intimiste-cocobarn-woodlodge-landes-1216_websize-200x300.jpg 200w, https:\\\/\\\/gaetaneglize.com\\\/wp-content\\\/uploads\\\/2022\\\/01\\\/camille-reha-mariage-intimiste-cocobarn-woodlodge-landes-1216_websize-683x1024.jpg 683w, https:\\\/\\\/gaetaneglize.com\\\/wp-content\\\/uploads\\\/2022\\\/01\\\/camille-reha-mariage-intimiste-cocobarn-woodlodge-landes-1216_websize-768x1152.jpg 768w, https:\\\/\\\/gaetaneglize.com\\\/wp-content\\\/uploads\\\/2022\\\/01\\\/camille-reha-mariage-intimiste-cocobarn-woodlodge-landes-1216_websize-1024x1536.jpg 1024w\\\" sizes=\\\"(max-width: 1067px) 100vw, 1067px\\\" \\\/>\\n\\t\\t<div class=\\\"figc no-description\\\">\\n\\t\\t\\t<div class=\\\"figc-inner\\\">\\n\\t\\t\\t\\t\\t\\t\\t\\t\\t\\t\\t\\t\\t\\t\\t<\\\/div>\\n\\t\\t<\\\/div>\\n\\n\\t<\\\/div>\\n\\n<\\\/div><div class=\\\"modula-item effect-pufrobo\\\" >\\n\\t<div class=\\\"modula-item-overlay\\\"><\\\/div>\\n\\n\\t<div class=\\\"modula-item-content\\\">\\n\\n\\t\\t<a data-image-id=\\\"15758\\\" role=\\\"button\\\" data-elementor-open-lightbox=\\\"no\\\" tabindex=\\\"0\\\" rel=\\\"jtg-16225\\\" data-caption=\\\"\\\" aria-label=\\\"Open image in lightbox\\\" class=\\\"tile-inner modula-item-link\\\"><\\\/a><img class=\\\"pic wp-image-15758\\\"  data-valign=\\\"middle\\\" data-halign=\\\"center\\\" alt=\\\"\\\" data-full=\\\"https:\\\/\\\/gaetaneglize.com\\\/wp-content\\\/uploads\\\/2024\\\/12\\\/mariage-renaissance-chateau-poudenas_gaetane-glize-photographie_1082.jpg\\\" title=\\\"Mariage Renaissance\\\" crop=\\\"\\\" width=\\\"1600\\\" height=\\\"1067\\\" src=\\\"https:\\\/\\\/gaetaneglize.com\\\/wp-content\\\/uploads\\\/2024\\\/12\\\/mariage-renaissance-chateau-poudenas_gaetane-glize-photographie_1082.jpg\\\" data-src=\\\"https:\\\/\\\/gaetaneglize.com\\\/wp-content\\\/uploads\\\/2024\\\/12\\\/mariage-renaissance-chateau-poudenas_gaetane-glize-photographie_1082.jpg\\\" data-caption=\\\"\\\" srcset=\\\"https:\\\/\\\/gaetaneglize.com\\\/wp-content\\\/uploads\\\/2024\\\/12\\\/mariage-renaissance-chateau-poudenas_gaetane-glize-photographie_1082.jpg 1600w, https:\\\/\\\/gaetaneglize.com\\\/wp-content\\\/uploads\\\/2024\\\/12\\\/mariage-renaissance-chateau-poudenas_gaetane-glize-photographie_1082-300x200.jpg 300w, https:\\\/\\\/gaetaneglize.com\\\/wp-content\\\/uploads\\\/2024\\\/12\\\/mariage-renaissance-chateau-poudenas_gaetane-glize-photographie_1082-1024x683.jpg 1024w, https:\\\/\\\/gaetaneglize.com\\\/wp-content\\\/uploads\\\/2024\\\/12\\\/mariage-renaissance-chateau-poudenas_gaetane-glize-photographie_1082-768x512.jpg 768w, https:\\\/\\\/gaetaneglize.com\\\/wp-content\\\/uploads\\\/2024\\\/12\\\/mariage-renaissance-chateau-poudenas_gaetane-glize-photographie_1082-1536x1024.jpg 1536w\\\" sizes=\\\"(max-width: 1600px) 100vw, 1600px\\\" \\\/>\\n\\t\\t<div class=\\\"figc no-description\\\">\\n\\t\\t\\t<div class=\\\"figc-inner\\\">\\n\\t\\t\\t\\t\\t\\t\\t\\t\\t\\t\\t\\t\\t\\t\\t<\\\/div>\\n\\t\\t<\\\/div>\\n\\n\\t<\\\/div>\\n\\n<\\\/div><div class=\\\"modula-item effect-pufrobo\\\" >\\n\\t<div class=\\\"modula-item-overlay\\\"><\\\/div>\\n\\n\\t<div class=\\\"modula-item-content\\\">\\n\\n\\t\\t<a data-image-id=\\\"16062\\\" role=\\\"button\\\" data-elementor-open-lightbox=\\\"no\\\" tabindex=\\\"0\\\" rel=\\\"jtg-16225\\\" data-caption=\\\"\\\" aria-label=\\\"Open image in lightbox\\\" class=\\\"tile-inner modula-item-link\\\"><\\\/a><img class=\\\"pic wp-image-16062\\\"  data-valign=\\\"middle\\\" data-halign=\\\"center\\\" alt=\\\"\\\" data-full=\\\"https:\\\/\\\/gaetaneglize.com\\\/wp-content\\\/uploads\\\/2024\\\/12\\\/marine-meriadec-photographie-mariage-landes-1820_websize.jpg\\\" title=\\\"marine-meriadec-photographie-mariage-landes-1820_websize\\\" crop=\\\"\\\" width=\\\"1067\\\" height=\\\"1600\\\" src=\\\"https:\\\/\\\/gaetaneglize.com\\\/wp-content\\\/uploads\\\/2024\\\/12\\\/marine-meriadec-photographie-mariage-landes-1820_websize.jpg\\\" data-src=\\\"https:\\\/\\\/gaetaneglize.com\\\/wp-content\\\/uploads\\\/2024\\\/12\\\/marine-meriadec-photographie-mariage-landes-1820_websize.jpg\\\" data-caption=\\\"\\\" srcset=\\\"https:\\\/\\\/gaetaneglize.com\\\/wp-content\\\/uploads\\\/2024\\\/12\\\/marine-meriadec-photographie-mariage-landes-1820_websize.jpg 1067w, https:\\\/\\\/gaetaneglize.com\\\/wp-content\\\/uploads\\\/2024\\\/12\\\/marine-meriadec-photographie-mariage-landes-1820_websize-200x300.jpg 200w, https:\\\/\\\/gaetaneglize.com\\\/wp-content\\\/uploads\\\/2024\\\/12\\\/marine-meriadec-photographie-mariage-landes-1820_websize-683x1024.jpg 683w, https:\\\/\\\/gaetaneglize.com\\\/wp-content\\\/uploads\\\/2024\\\/12\\\/marine-meriadec-photographie-mariage-landes-1820_websize-768x1152.jpg 768w, https:\\\/\\\/gaetaneglize.com\\\/wp-content\\\/uploads\\\/2024\\\/12\\\/marine-meriadec-photographie-mariage-landes-1820_websize-1024x1536.jpg 1024w\\\" sizes=\\\"(max-width: 1067px) 100vw, 1067px\\\" \\\/>\\n\\t\\t<div class=\\\"figc no-description\\\">\\n\\t\\t\\t<div class=\\\"figc-inner\\\">\\n\\t\\t\\t\\t\\t\\t\\t\\t\\t\\t\\t\\t\\t\\t\\t<\\\/div>\\n\\t\\t<\\\/div>\\n\\n\\t<\\\/div>\\n\\n<\\\/div><div class=\\\"modula-item effect-pufrobo\\\" >\\n\\t<div class=\\\"modula-item-overlay\\\"><\\\/div>\\n\\n\\t<div class=\\\"modula-item-content\\\">\\n\\n\\t\\t<a data-image-id=\\\"16050\\\" role=\\\"button\\\" data-elementor-open-lightbox=\\\"no\\\" tabindex=\\\"0\\\" rel=\\\"jtg-16225\\\" data-caption=\\\"\\\" aria-label=\\\"Open image in lightbox\\\" class=\\\"tile-inner modula-item-link\\\"><\\\/a><img class=\\\"pic wp-image-16050\\\"  data-valign=\\\"middle\\\" data-halign=\\\"center\\\" alt=\\\"\\\" data-full=\\\"https:\\\/\\\/gaetaneglize.com\\\/wp-content\\\/uploads\\\/2024\\\/12\\\/margaux-baptiste-mariage-chateau-loire-2375_websize.jpg\\\" title=\\\"margaux-baptiste-mariage-chateau-loire-2375_websize\\\" crop=\\\"\\\" width=\\\"1600\\\" height=\\\"1067\\\" src=\\\"https:\\\/\\\/gaetaneglize.com\\\/wp-content\\\/uploads\\\/2024\\\/12\\\/margaux-baptiste-mariage-chateau-loire-2375_websize.jpg\\\" data-src=\\\"https:\\\/\\\/gaetaneglize.com\\\/wp-content\\\/uploads\\\/2024\\\/12\\\/margaux-baptiste-mariage-chateau-loire-2375_websize.jpg\\\" data-caption=\\\"\\\" srcset=\\\"https:\\\/\\\/gaetaneglize.com\\\/wp-content\\\/uploads\\\/2024\\\/12\\\/margaux-baptiste-mariage-chateau-loire-2375_websize.jpg 1600w, https:\\\/\\\/gaetaneglize.com\\\/wp-content\\\/uploads\\\/2024\\\/12\\\/margaux-baptiste-mariage-chateau-loire-2375_websize-300x200.jpg 300w, https:\\\/\\\/gaetaneglize.com\\\/wp-content\\\/uploads\\\/2024\\\/12\\\/margaux-baptiste-mariage-chateau-loire-2375_websize-1024x683.jpg 1024w, https:\\\/\\\/gaetaneglize.com\\\/wp-content\\\/uploads\\\/2024\\\/12\\\/margaux-baptiste-mariage-chateau-loire-2375_websize-768x512.jpg 768w, https:\\\/\\\/gaetaneglize.com\\\/wp-content\\\/uploads\\\/2024\\\/12\\\/margaux-baptiste-mariage-chateau-loire-2375_websize-1536x1024.jpg 1536w\\\" sizes=\\\"(max-width: 1600px) 100vw, 1600px\\\" \\\/>\\n\\t\\t<div class=\\\"figc no-description\\\">\\n\\t\\t\\t<div class=\\\"figc-inner\\\">\\n\\t\\t\\t\\t\\t\\t\\t\\t\\t\\t\\t\\t\\t\\t\\t<\\\/div>\\n\\t\\t<\\\/div>\\n\\n\\t<\\\/div>\\n\\n<\\\/div><div class=\\\"modula-item effect-pufrobo\\\" >\\n\\t<div class=\\\"modula-item-overlay\\\"><\\\/div>\\n\\n\\t<div class=\\\"modula-item-content\\\">\\n\\n\\t\\t<a data-image-id=\\\"15971\\\" role=\\\"button\\\" data-elementor-open-lightbox=\\\"no\\\" tabindex=\\\"0\\\" rel=\\\"jtg-16225\\\" data-caption=\\\"\\\" aria-label=\\\"Open image in lightbox\\\" class=\\\"tile-inner modula-item-link\\\"><\\\/a><img class=\\\"pic wp-image-15971\\\"  data-valign=\\\"middle\\\" data-halign=\\\"center\\\" alt=\\\"\\\" data-full=\\\"https:\\\/\\\/gaetaneglize.com\\\/wp-content\\\/uploads\\\/2024\\\/12\\\/anna-maxime-photo-mariage-elopement-chapelle-landes-1579_websize.jpg\\\" title=\\\"anna-maxime-photo-mariage-elopement-chapelle-landes-1579_websize\\\" crop=\\\"\\\" width=\\\"1600\\\" height=\\\"1067\\\" src=\\\"https:\\\/\\\/gaetaneglize.com\\\/wp-content\\\/uploads\\\/2024\\\/12\\\/anna-maxime-photo-mariage-elopement-chapelle-landes-1579_websize.jpg\\\" data-src=\\\"https:\\\/\\\/gaetaneglize.com\\\/wp-content\\\/uploads\\\/2024\\\/12\\\/anna-maxime-photo-mariage-elopement-chapelle-landes-1579_websize.jpg\\\" data-caption=\\\"\\\" srcset=\\\"https:\\\/\\\/gaetaneglize.com\\\/wp-content\\\/uploads\\\/2024\\\/12\\\/anna-maxime-photo-mariage-elopement-chapelle-landes-1579_websize.jpg 1600w, https:\\\/\\\/gaetaneglize.com\\\/wp-content\\\/uploads\\\/2024\\\/12\\\/anna-maxime-photo-mariage-elopement-chapelle-landes-1579_websize-300x200.jpg 300w, https:\\\/\\\/gaetaneglize.com\\\/wp-content\\\/uploads\\\/2024\\\/12\\\/anna-maxime-photo-mariage-elopement-chapelle-landes-1579_websize-1024x683.jpg 1024w, https:\\\/\\\/gaetaneglize.com\\\/wp-content\\\/uploads\\\/2024\\\/12\\\/anna-maxime-photo-mariage-elopement-chapelle-landes-1579_websize-768x512.jpg 768w, https:\\\/\\\/gaetaneglize.com\\\/wp-content\\\/uploads\\\/2024\\\/12\\\/anna-maxime-photo-mariage-elopement-chapelle-landes-1579_websize-1536x1024.jpg 1536w\\\" sizes=\\\"(max-width: 1600px) 100vw, 1600px\\\" \\\/>\\n\\t\\t<div class=\\\"figc no-description\\\">\\n\\t\\t\\t<div class=\\\"figc-inner\\\">\\n\\t\\t\\t\\t\\t\\t\\t\\t\\t\\t\\t\\t\\t\\t\\t<\\\/div>\\n\\t\\t<\\\/div>\\n\\n\\t<\\\/div>\\n\\n<\\\/div><div class=\\\"modula-item effect-pufrobo\\\" >\\n\\t<div class=\\\"modula-item-overlay\\\"><\\\/div>\\n\\n\\t<div class=\\\"modula-item-content\\\">\\n\\n\\t\\t<a data-image-id=\\\"16086\\\" role=\\\"button\\\" data-elementor-open-lightbox=\\\"no\\\" tabindex=\\\"0\\\" rel=\\\"jtg-16225\\\" data-caption=\\\"\\\" aria-label=\\\"Open image in lightbox\\\" class=\\\"tile-inner modula-item-link\\\"><\\\/a><img class=\\\"pic wp-image-16086\\\"  data-valign=\\\"middle\\\" data-halign=\\\"center\\\" alt=\\\"\\\" data-full=\\\"https:\\\/\\\/gaetaneglize.com\\\/wp-content\\\/uploads\\\/2024\\\/12\\\/photo-couple-mariage-chateau-bordeaux-1000-3.jpg\\\" title=\\\"photo-couple-mariage-chateau-bordeaux-1000-3\\\" crop=\\\"\\\" width=\\\"1455\\\" height=\\\"2183\\\" src=\\\"https:\\\/\\\/gaetaneglize.com\\\/wp-content\\\/uploads\\\/2024\\\/12\\\/photo-couple-mariage-chateau-bordeaux-1000-3.jpg\\\" data-src=\\\"https:\\\/\\\/gaetaneglize.com\\\/wp-content\\\/uploads\\\/2024\\\/12\\\/photo-couple-mariage-chateau-bordeaux-1000-3.jpg\\\" data-caption=\\\"\\\" srcset=\\\"https:\\\/\\\/gaetaneglize.com\\\/wp-content\\\/uploads\\\/2024\\\/12\\\/photo-couple-mariage-chateau-bordeaux-1000-3.jpg 1455w, https:\\\/\\\/gaetaneglize.com\\\/wp-content\\\/uploads\\\/2024\\\/12\\\/photo-couple-mariage-chateau-bordeaux-1000-3-200x300.jpg 200w, https:\\\/\\\/gaetaneglize.com\\\/wp-content\\\/uploads\\\/2024\\\/12\\\/photo-couple-mariage-chateau-bordeaux-1000-3-683x1024.jpg 683w, https:\\\/\\\/gaetaneglize.com\\\/wp-content\\\/uploads\\\/2024\\\/12\\\/photo-couple-mariage-chateau-bordeaux-1000-3-768x1152.jpg 768w, https:\\\/\\\/gaetaneglize.com\\\/wp-content\\\/uploads\\\/2024\\\/12\\\/photo-couple-mariage-chateau-bordeaux-1000-3-1024x1536.jpg 1024w, https:\\\/\\\/gaetaneglize.com\\\/wp-content\\\/uploads\\\/2024\\\/12\\\/photo-couple-mariage-chateau-bordeaux-1000-3-1365x2048.jpg 1365w\\\" sizes=\\\"(max-width: 1455px) 100vw, 1455px\\\" \\\/>\\n\\t\\t<div class=\\\"figc no-description\\\">\\n\\t\\t\\t<div class=\\\"figc-inner\\\">\\n\\t\\t\\t\\t\\t\\t\\t\\t\\t\\t\\t\\t\\t\\t\\t<\\\/div>\\n\\t\\t<\\\/div>\\n\\n\\t<\\\/div>\\n\\n<\\\/div><div class=\\\"modula-item effect-pufrobo\\\" >\\n\\t<div class=\\\"modula-item-overlay\\\"><\\\/div>\\n\\n\\t<div class=\\\"modula-item-content\\\">\\n\\n\\t\\t<a data-image-id=\\\"8767\\\" role=\\\"button\\\" data-elementor-open-lightbox=\\\"no\\\" tabindex=\\\"0\\\" rel=\\\"jtg-16225\\\" data-caption=\\\"\\\" aria-label=\\\"Open image in lightbox\\\" class=\\\"tile-inner modula-item-link\\\"><\\\/a><img class=\\\"pic wp-image-8767\\\"  data-valign=\\\"middle\\\" data-halign=\\\"center\\\" alt=\\\"\\\" data-full=\\\"https:\\\/\\\/gaetaneglize.com\\\/wp-content\\\/uploads\\\/2022\\\/02\\\/camille-reha-mariage-intimiste-cocobarn-woodlodge-landes-1865_websize.jpg\\\" title=\\\"Camille + Reha\\\" crop=\\\"\\\" width=\\\"1600\\\" height=\\\"1067\\\" src=\\\"https:\\\/\\\/gaetaneglize.com\\\/wp-content\\\/uploads\\\/2022\\\/02\\\/camille-reha-mariage-intimiste-cocobarn-woodlodge-landes-1865_websize.jpg\\\" data-src=\\\"https:\\\/\\\/gaetaneglize.com\\\/wp-content\\\/uploads\\\/2022\\\/02\\\/camille-reha-mariage-intimiste-cocobarn-woodlodge-landes-1865_websize.jpg\\\" data-caption=\\\"\\\" srcset=\\\"https:\\\/\\\/gaetaneglize.com\\\/wp-content\\\/uploads\\\/2022\\\/02\\\/camille-reha-mariage-intimiste-cocobarn-woodlodge-landes-1865_websize.jpg 1600w, https:\\\/\\\/gaetaneglize.com\\\/wp-content\\\/uploads\\\/2022\\\/02\\\/camille-reha-mariage-intimiste-cocobarn-woodlodge-landes-1865_websize-300x200.jpg 300w, https:\\\/\\\/gaetaneglize.com\\\/wp-content\\\/uploads\\\/2022\\\/02\\\/camille-reha-mariage-intimiste-cocobarn-woodlodge-landes-1865_websize-1024x683.jpg 1024w, https:\\\/\\\/gaetaneglize.com\\\/wp-content\\\/uploads\\\/2022\\\/02\\\/camille-reha-mariage-intimiste-cocobarn-woodlodge-landes-1865_websize-768x512.jpg 768w, https:\\\/\\\/gaetaneglize.com\\\/wp-content\\\/uploads\\\/2022\\\/02\\\/camille-reha-mariage-intimiste-cocobarn-woodlodge-landes-1865_websize-1536x1024.jpg 1536w\\\" sizes=\\\"(max-width: 1600px) 100vw, 1600px\\\" \\\/>\\n\\t\\t<div class=\\\"figc no-description\\\">\\n\\t\\t\\t<div class=\\\"figc-inner\\\">\\n\\t\\t\\t\\t\\t\\t\\t\\t\\t\\t\\t\\t\\t\\t\\t<\\\/div>\\n\\t\\t<\\\/div>\\n\\n\\t<\\\/div>\\n\\n<\\\/div><div class=\\\"modula-item effect-pufrobo\\\" >\\n\\t<div class=\\\"modula-item-overlay\\\"><\\\/div>\\n\\n\\t<div class=\\\"modula-item-content\\\">\\n\\n\\t\\t<a data-image-id=\\\"12503\\\" role=\\\"button\\\" data-elementor-open-lightbox=\\\"no\\\" tabindex=\\\"0\\\" rel=\\\"jtg-16225\\\" data-caption=\\\"\\\" aria-label=\\\"Open image in lightbox\\\" class=\\\"tile-inner modula-item-link\\\"><\\\/a><img class=\\\"pic wp-image-12503\\\"  data-valign=\\\"middle\\\" data-halign=\\\"center\\\" alt=\\\"Un moment intimiste et tendre entre les mari\\u00e9s captur\\u00e9 par la photographe de mariage Ga\\u00e9tane Glize dans les Landes.\\\" data-full=\\\"https:\\\/\\\/gaetaneglize.com\\\/wp-content\\\/uploads\\\/2023\\\/01\\\/photographe-mariage-landes-pays-basque-003.jpg\\\" title=\\\"photographe-mariage-landes-pays-basque-003\\\" crop=\\\"\\\" width=\\\"1600\\\" height=\\\"1067\\\" src=\\\"https:\\\/\\\/gaetaneglize.com\\\/wp-content\\\/uploads\\\/2023\\\/01\\\/photographe-mariage-landes-pays-basque-003.jpg\\\" data-src=\\\"https:\\\/\\\/gaetaneglize.com\\\/wp-content\\\/uploads\\\/2023\\\/01\\\/photographe-mariage-landes-pays-basque-003.jpg\\\" data-caption=\\\"\\\" srcset=\\\"https:\\\/\\\/gaetaneglize.com\\\/wp-content\\\/uploads\\\/2023\\\/01\\\/photographe-mariage-landes-pays-basque-003.jpg 1600w, https:\\\/\\\/gaetaneglize.com\\\/wp-content\\\/uploads\\\/2023\\\/01\\\/photographe-mariage-landes-pays-basque-003-300x200.jpg 300w, https:\\\/\\\/gaetaneglize.com\\\/wp-content\\\/uploads\\\/2023\\\/01\\\/photographe-mariage-landes-pays-basque-003-1024x683.jpg 1024w, https:\\\/\\\/gaetaneglize.com\\\/wp-content\\\/uploads\\\/2023\\\/01\\\/photographe-mariage-landes-pays-basque-003-768x512.jpg 768w, https:\\\/\\\/gaetaneglize.com\\\/wp-content\\\/uploads\\\/2023\\\/01\\\/photographe-mariage-landes-pays-basque-003-1536x1024.jpg 1536w\\\" sizes=\\\"(max-width: 1600px) 100vw, 1600px\\\" \\\/>\\n\\t\\t<div class=\\\"figc no-description\\\">\\n\\t\\t\\t<div class=\\\"figc-inner\\\">\\n\\t\\t\\t\\t\\t\\t\\t\\t\\t\\t\\t\\t\\t\\t\\t<\\\/div>\\n\\t\\t<\\\/div>\\n\\n\\t<\\\/div>\\n\\n<\\\/div><div class=\\\"modula-item effect-pufrobo\\\" >\\n\\t<div class=\\\"modula-item-overlay\\\"><\\\/div>\\n\\n\\t<div class=\\\"modula-item-content\\\">\\n\\n\\t\\t<a data-image-id=\\\"16056\\\" role=\\\"button\\\" data-elementor-open-lightbox=\\\"no\\\" tabindex=\\\"0\\\" rel=\\\"jtg-16225\\\" data-caption=\\\"\\\" aria-label=\\\"Open image in lightbox\\\" class=\\\"tile-inner modula-item-link\\\"><\\\/a><img class=\\\"pic wp-image-16056\\\"  data-valign=\\\"middle\\\" data-halign=\\\"center\\\" alt=\\\"\\\" data-full=\\\"https:\\\/\\\/gaetaneglize.com\\\/wp-content\\\/uploads\\\/2024\\\/12\\\/noemie-alix-photographie-mariage-domaine-bassibe-gers-1340_websize.jpg\\\" title=\\\"noemie-alix-photographie-mariage-domaine-bassibe-gers-1340_websize\\\" crop=\\\"\\\" width=\\\"1067\\\" height=\\\"1600\\\" src=\\\"https:\\\/\\\/gaetaneglize.com\\\/wp-content\\\/uploads\\\/2024\\\/12\\\/noemie-alix-photographie-mariage-domaine-bassibe-gers-1340_websize.jpg\\\" data-src=\\\"https:\\\/\\\/gaetaneglize.com\\\/wp-content\\\/uploads\\\/2024\\\/12\\\/noemie-alix-photographie-mariage-domaine-bassibe-gers-1340_websize.jpg\\\" data-caption=\\\"\\\" srcset=\\\"https:\\\/\\\/gaetaneglize.com\\\/wp-content\\\/uploads\\\/2024\\\/12\\\/noemie-alix-photographie-mariage-domaine-bassibe-gers-1340_websize.jpg 1067w, https:\\\/\\\/gaetaneglize.com\\\/wp-content\\\/uploads\\\/2024\\\/12\\\/noemie-alix-photographie-mariage-domaine-bassibe-gers-1340_websize-200x300.jpg 200w, https:\\\/\\\/gaetaneglize.com\\\/wp-content\\\/uploads\\\/2024\\\/12\\\/noemie-alix-photographie-mariage-domaine-bassibe-gers-1340_websize-683x1024.jpg 683w, https:\\\/\\\/gaetaneglize.com\\\/wp-content\\\/uploads\\\/2024\\\/12\\\/noemie-alix-photographie-mariage-domaine-bassibe-gers-1340_websize-768x1152.jpg 768w, https:\\\/\\\/gaetaneglize.com\\\/wp-content\\\/uploads\\\/2024\\\/12\\\/noemie-alix-photographie-mariage-domaine-bassibe-gers-1340_websize-1024x1536.jpg 1024w\\\" sizes=\\\"(max-width: 1067px) 100vw, 1067px\\\" \\\/>\\n\\t\\t<div class=\\\"figc no-description\\\">\\n\\t\\t\\t<div class=\\\"figc-inner\\\">\\n\\t\\t\\t\\t\\t\\t\\t\\t\\t\\t\\t\\t\\t\\t\\t<\\\/div>\\n\\t\\t<\\\/div>\\n\\n\\t<\\\/div>\\n\\n<\\\/div><div class=\\\"modula-item effect-pufrobo\\\" >\\n\\t<div class=\\\"modula-item-overlay\\\"><\\\/div>\\n\\n\\t<div class=\\\"modula-item-content\\\">\\n\\n\\t\\t<a data-image-id=\\\"8008\\\" role=\\\"button\\\" data-elementor-open-lightbox=\\\"no\\\" tabindex=\\\"0\\\" rel=\\\"jtg-16225\\\" data-caption=\\\"\\\" aria-label=\\\"Open image in lightbox\\\" class=\\\"tile-inner modula-item-link\\\"><\\\/a><img class=\\\"pic wp-image-8008\\\"  data-valign=\\\"middle\\\" data-halign=\\\"center\\\" alt=\\\"\\\" data-full=\\\"https:\\\/\\\/gaetaneglize.com\\\/wp-content\\\/uploads\\\/2021\\\/07\\\/photographie-renouvellement-voeux-mariage-boheme-aquitaine1129_websize-1.jpg\\\" title=\\\"Melynda + Fievel\\\" crop=\\\"\\\" width=\\\"1600\\\" height=\\\"1067\\\" src=\\\"https:\\\/\\\/gaetaneglize.com\\\/wp-content\\\/uploads\\\/2021\\\/07\\\/photographie-renouvellement-voeux-mariage-boheme-aquitaine1129_websize-1.jpg\\\" data-src=\\\"https:\\\/\\\/gaetaneglize.com\\\/wp-content\\\/uploads\\\/2021\\\/07\\\/photographie-renouvellement-voeux-mariage-boheme-aquitaine1129_websize-1.jpg\\\" data-caption=\\\"\\\" srcset=\\\"https:\\\/\\\/gaetaneglize.com\\\/wp-content\\\/uploads\\\/2021\\\/07\\\/photographie-renouvellement-voeux-mariage-boheme-aquitaine1129_websize-1.jpg 1600w, https:\\\/\\\/gaetaneglize.com\\\/wp-content\\\/uploads\\\/2021\\\/07\\\/photographie-renouvellement-voeux-mariage-boheme-aquitaine1129_websize-1-300x200.jpg 300w, https:\\\/\\\/gaetaneglize.com\\\/wp-content\\\/uploads\\\/2021\\\/07\\\/photographie-renouvellement-voeux-mariage-boheme-aquitaine1129_websize-1-1024x683.jpg 1024w, https:\\\/\\\/gaetaneglize.com\\\/wp-content\\\/uploads\\\/2021\\\/07\\\/photographie-renouvellement-voeux-mariage-boheme-aquitaine1129_websize-1-768x512.jpg 768w, https:\\\/\\\/gaetaneglize.com\\\/wp-content\\\/uploads\\\/2021\\\/07\\\/photographie-renouvellement-voeux-mariage-boheme-aquitaine1129_websize-1-1536x1024.jpg 1536w\\\" sizes=\\\"(max-width: 1600px) 100vw, 1600px\\\" \\\/>\\n\\t\\t<div class=\\\"figc no-description\\\">\\n\\t\\t\\t<div class=\\\"figc-inner\\\">\\n\\t\\t\\t\\t\\t\\t\\t\\t\\t\\t\\t\\t\\t\\t\\t<\\\/div>\\n\\t\\t<\\\/div>\\n\\n\\t<\\\/div>\\n\\n<\\\/div><div class=\\\"modula-item effect-pufrobo\\\" >\\n\\t<div class=\\\"modula-item-overlay\\\"><\\\/div>\\n\\n\\t<div class=\\\"modula-item-content\\\">\\n\\n\\t\\t<a data-image-id=\\\"15941\\\" role=\\\"button\\\" data-elementor-open-lightbox=\\\"no\\\" tabindex=\\\"0\\\" rel=\\\"jtg-16225\\\" data-caption=\\\"\\\" aria-label=\\\"Open image in lightbox\\\" class=\\\"tile-inner modula-item-link\\\"><\\\/a><img class=\\\"pic wp-image-15941\\\"  data-valign=\\\"middle\\\" data-halign=\\\"center\\\" alt=\\\"\\\" data-full=\\\"https:\\\/\\\/gaetaneglize.com\\\/wp-content\\\/uploads\\\/2024\\\/12\\\/laurene-grant-french-american-wedding-chateau-loire-valley-2088_websize-1.jpg\\\" title=\\\"Laur\\u00e8ne + Grant\\\" crop=\\\"\\\" width=\\\"1600\\\" height=\\\"1067\\\" src=\\\"https:\\\/\\\/gaetaneglize.com\\\/wp-content\\\/uploads\\\/2024\\\/12\\\/laurene-grant-french-american-wedding-chateau-loire-valley-2088_websize-1.jpg\\\" data-src=\\\"https:\\\/\\\/gaetaneglize.com\\\/wp-content\\\/uploads\\\/2024\\\/12\\\/laurene-grant-french-american-wedding-chateau-loire-valley-2088_websize-1.jpg\\\" data-caption=\\\"\\\" srcset=\\\"https:\\\/\\\/gaetaneglize.com\\\/wp-content\\\/uploads\\\/2024\\\/12\\\/laurene-grant-french-american-wedding-chateau-loire-valley-2088_websize-1.jpg 1600w, https:\\\/\\\/gaetaneglize.com\\\/wp-content\\\/uploads\\\/2024\\\/12\\\/laurene-grant-french-american-wedding-chateau-loire-valley-2088_websize-1-300x200.jpg 300w, https:\\\/\\\/gaetaneglize.com\\\/wp-content\\\/uploads\\\/2024\\\/12\\\/laurene-grant-french-american-wedding-chateau-loire-valley-2088_websize-1-1024x683.jpg 1024w, https:\\\/\\\/gaetaneglize.com\\\/wp-content\\\/uploads\\\/2024\\\/12\\\/laurene-grant-french-american-wedding-chateau-loire-valley-2088_websize-1-768x512.jpg 768w, https:\\\/\\\/gaetaneglize.com\\\/wp-content\\\/uploads\\\/2024\\\/12\\\/laurene-grant-french-american-wedding-chateau-loire-valley-2088_websize-1-1536x1024.jpg 1536w\\\" sizes=\\\"(max-width: 1600px) 100vw, 1600px\\\" \\\/>\\n\\t\\t<div class=\\\"figc no-description\\\">\\n\\t\\t\\t<div class=\\\"figc-inner\\\">\\n\\t\\t\\t\\t\\t\\t\\t\\t\\t\\t\\t\\t\\t\\t\\t<\\\/div>\\n\\t\\t<\\\/div>\\n\\n\\t<\\\/div>\\n\\n<\\\/div><div class=\\\"modula-item effect-pufrobo\\\" >\\n\\t<div class=\\\"modula-item-overlay\\\"><\\\/div>\\n\\n\\t<div class=\\\"modula-item-content\\\">\\n\\n\\t\\t<a data-image-id=\\\"16054\\\" role=\\\"button\\\" data-elementor-open-lightbox=\\\"no\\\" tabindex=\\\"0\\\" rel=\\\"jtg-16225\\\" data-caption=\\\"\\\" aria-label=\\\"Open image in lightbox\\\" class=\\\"tile-inner modula-item-link\\\"><\\\/a><img class=\\\"pic wp-image-16054\\\"  data-valign=\\\"middle\\\" data-halign=\\\"center\\\" alt=\\\"\\\" data-full=\\\"https:\\\/\\\/gaetaneglize.com\\\/wp-content\\\/uploads\\\/2024\\\/12\\\/marine-meriadec-photographie-mariage-landes-1150_websize.jpg\\\" title=\\\"marine-meriadec-photographie-mariage-landes-1150_websize\\\" crop=\\\"\\\" width=\\\"1067\\\" height=\\\"1600\\\" src=\\\"https:\\\/\\\/gaetaneglize.com\\\/wp-content\\\/uploads\\\/2024\\\/12\\\/marine-meriadec-photographie-mariage-landes-1150_websize.jpg\\\" data-src=\\\"https:\\\/\\\/gaetaneglize.com\\\/wp-content\\\/uploads\\\/2024\\\/12\\\/marine-meriadec-photographie-mariage-landes-1150_websize.jpg\\\" data-caption=\\\"\\\" srcset=\\\"https:\\\/\\\/gaetaneglize.com\\\/wp-content\\\/uploads\\\/2024\\\/12\\\/marine-meriadec-photographie-mariage-landes-1150_websize.jpg 1067w, https:\\\/\\\/gaetaneglize.com\\\/wp-content\\\/uploads\\\/2024\\\/12\\\/marine-meriadec-photographie-mariage-landes-1150_websize-200x300.jpg 200w, https:\\\/\\\/gaetaneglize.com\\\/wp-content\\\/uploads\\\/2024\\\/12\\\/marine-meriadec-photographie-mariage-landes-1150_websize-683x1024.jpg 683w, https:\\\/\\\/gaetaneglize.com\\\/wp-content\\\/uploads\\\/2024\\\/12\\\/marine-meriadec-photographie-mariage-landes-1150_websize-768x1152.jpg 768w, https:\\\/\\\/gaetaneglize.com\\\/wp-content\\\/uploads\\\/2024\\\/12\\\/marine-meriadec-photographie-mariage-landes-1150_websize-1024x1536.jpg 1024w\\\" sizes=\\\"(max-width: 1067px) 100vw, 1067px\\\" \\\/>\\n\\t\\t<div class=\\\"figc no-description\\\">\\n\\t\\t\\t<div class=\\\"figc-inner\\\">\\n\\t\\t\\t\\t\\t\\t\\t\\t\\t\\t\\t\\t\\t\\t\\t<\\\/div>\\n\\t\\t<\\\/div>\\n\\n\\t<\\\/div>\\n\\n<\\\/div><div class=\\\"modula-item effect-pufrobo\\\" >\\n\\t<div class=\\\"modula-item-overlay\\\"><\\\/div>\\n\\n\\t<div class=\\\"modula-item-content\\\">\\n\\n\\t\\t<a data-image-id=\\\"15689\\\" role=\\\"button\\\" data-elementor-open-lightbox=\\\"no\\\" tabindex=\\\"0\\\" rel=\\\"jtg-16225\\\" data-caption=\\\"\\\" aria-label=\\\"Open image in lightbox\\\" class=\\\"tile-inner modula-item-link\\\"><\\\/a><img class=\\\"pic wp-image-15689\\\"  data-valign=\\\"middle\\\" data-halign=\\\"center\\\" alt=\\\"\\\" data-full=\\\"https:\\\/\\\/gaetaneglize.com\\\/wp-content\\\/uploads\\\/2024\\\/12\\\/marine-meriadec-mariage-landes-preview-1030_websize.jpg\\\" title=\\\"marine-meriadec-mariage-landes-preview-1030_websize\\\" crop=\\\"\\\" width=\\\"1600\\\" height=\\\"1067\\\" src=\\\"https:\\\/\\\/gaetaneglize.com\\\/wp-content\\\/uploads\\\/2024\\\/12\\\/marine-meriadec-mariage-landes-preview-1030_websize.jpg\\\" data-src=\\\"https:\\\/\\\/gaetaneglize.com\\\/wp-content\\\/uploads\\\/2024\\\/12\\\/marine-meriadec-mariage-landes-preview-1030_websize.jpg\\\" data-caption=\\\"\\\" srcset=\\\"https:\\\/\\\/gaetaneglize.com\\\/wp-content\\\/uploads\\\/2024\\\/12\\\/marine-meriadec-mariage-landes-preview-1030_websize.jpg 1600w, https:\\\/\\\/gaetaneglize.com\\\/wp-content\\\/uploads\\\/2024\\\/12\\\/marine-meriadec-mariage-landes-preview-1030_websize-300x200.jpg 300w, https:\\\/\\\/gaetaneglize.com\\\/wp-content\\\/uploads\\\/2024\\\/12\\\/marine-meriadec-mariage-landes-preview-1030_websize-1024x683.jpg 1024w, https:\\\/\\\/gaetaneglize.com\\\/wp-content\\\/uploads\\\/2024\\\/12\\\/marine-meriadec-mariage-landes-preview-1030_websize-768x512.jpg 768w, https:\\\/\\\/gaetaneglize.com\\\/wp-content\\\/uploads\\\/2024\\\/12\\\/marine-meriadec-mariage-landes-preview-1030_websize-1536x1024.jpg 1536w\\\" sizes=\\\"(max-width: 1600px) 100vw, 1600px\\\" \\\/>\\n\\t\\t<div class=\\\"figc no-description\\\">\\n\\t\\t\\t<div class=\\\"figc-inner\\\">\\n\\t\\t\\t\\t\\t\\t\\t\\t\\t\\t\\t\\t\\t\\t\\t<\\\/div>\\n\\t\\t<\\\/div>\\n\\n\\t<\\\/div>\\n\\n<\\\/div><div class=\\\"modula-item effect-pufrobo\\\" >\\n\\t<div class=\\\"modula-item-overlay\\\"><\\\/div>\\n\\n\\t<div class=\\\"modula-item-content\\\">\\n\\n\\t\\t<a data-image-id=\\\"7937\\\" role=\\\"button\\\" data-elementor-open-lightbox=\\\"no\\\" tabindex=\\\"0\\\" rel=\\\"jtg-16225\\\" data-caption=\\\"\\\" aria-label=\\\"Open image in lightbox\\\" class=\\\"tile-inner modula-item-link\\\"><\\\/a><img class=\\\"pic wp-image-7937\\\"  data-valign=\\\"middle\\\" data-halign=\\\"center\\\" alt=\\\"\\\" data-full=\\\"https:\\\/\\\/gaetaneglize.com\\\/wp-content\\\/uploads\\\/2021\\\/06\\\/gaetane-glize-photographe-mariage-aventure-elopement-france-montagne-pyrenees-2555_websize.jpg\\\" title=\\\"Eug\\u00e9nie + J\\u00e9r\\u00e9mie\\\" crop=\\\"\\\" width=\\\"1067\\\" height=\\\"1600\\\" src=\\\"https:\\\/\\\/gaetaneglize.com\\\/wp-content\\\/uploads\\\/2021\\\/06\\\/gaetane-glize-photographe-mariage-aventure-elopement-france-montagne-pyrenees-2555_websize.jpg\\\" data-src=\\\"https:\\\/\\\/gaetaneglize.com\\\/wp-content\\\/uploads\\\/2021\\\/06\\\/gaetane-glize-photographe-mariage-aventure-elopement-france-montagne-pyrenees-2555_websize.jpg\\\" data-caption=\\\"\\\" srcset=\\\"https:\\\/\\\/gaetaneglize.com\\\/wp-content\\\/uploads\\\/2021\\\/06\\\/gaetane-glize-photographe-mariage-aventure-elopement-france-montagne-pyrenees-2555_websize.jpg 1067w, https:\\\/\\\/gaetaneglize.com\\\/wp-content\\\/uploads\\\/2021\\\/06\\\/gaetane-glize-photographe-mariage-aventure-elopement-france-montagne-pyrenees-2555_websize-200x300.jpg 200w, https:\\\/\\\/gaetaneglize.com\\\/wp-content\\\/uploads\\\/2021\\\/06\\\/gaetane-glize-photographe-mariage-aventure-elopement-france-montagne-pyrenees-2555_websize-683x1024.jpg 683w, https:\\\/\\\/gaetaneglize.com\\\/wp-content\\\/uploads\\\/2021\\\/06\\\/gaetane-glize-photographe-mariage-aventure-elopement-france-montagne-pyrenees-2555_websize-768x1152.jpg 768w, https:\\\/\\\/gaetaneglize.com\\\/wp-content\\\/uploads\\\/2021\\\/06\\\/gaetane-glize-photographe-mariage-aventure-elopement-france-montagne-pyrenees-2555_websize-1024x1536.jpg 1024w\\\" sizes=\\\"(max-width: 1067px) 100vw, 1067px\\\" \\\/>\\n\\t\\t<div class=\\\"figc no-description\\\">\\n\\t\\t\\t<div class=\\\"figc-inner\\\">\\n\\t\\t\\t\\t\\t\\t\\t\\t\\t\\t\\t\\t\\t\\t\\t<\\\/div>\\n\\t\\t<\\\/div>\\n\\n\\t<\\\/div>\\n\\n<\\\/div><div class=\\\"modula-item effect-pufrobo\\\" >\\n\\t<div class=\\\"modula-item-overlay\\\"><\\\/div>\\n\\n\\t<div class=\\\"modula-item-content\\\">\\n\\n\\t\\t<a data-image-id=\\\"9547\\\" role=\\\"button\\\" data-elementor-open-lightbox=\\\"no\\\" tabindex=\\\"0\\\" rel=\\\"jtg-16225\\\" data-caption=\\\"\\\" aria-label=\\\"Open image in lightbox\\\" class=\\\"tile-inner modula-item-link\\\"><\\\/a><img class=\\\"pic wp-image-9547\\\"  data-valign=\\\"middle\\\" data-halign=\\\"center\\\" alt=\\\"\\\" data-full=\\\"https:\\\/\\\/gaetaneglize.com\\\/wp-content\\\/uploads\\\/2022\\\/03\\\/marine-paul-photographie-mariage-boheme-landes-2397_websize.jpg\\\" title=\\\"Marine + Paul\\\" crop=\\\"\\\" width=\\\"1600\\\" height=\\\"1067\\\" src=\\\"https:\\\/\\\/gaetaneglize.com\\\/wp-content\\\/uploads\\\/2022\\\/03\\\/marine-paul-photographie-mariage-boheme-landes-2397_websize.jpg\\\" data-src=\\\"https:\\\/\\\/gaetaneglize.com\\\/wp-content\\\/uploads\\\/2022\\\/03\\\/marine-paul-photographie-mariage-boheme-landes-2397_websize.jpg\\\" data-caption=\\\"\\\" srcset=\\\"https:\\\/\\\/gaetaneglize.com\\\/wp-content\\\/uploads\\\/2022\\\/03\\\/marine-paul-photographie-mariage-boheme-landes-2397_websize.jpg 1600w, https:\\\/\\\/gaetaneglize.com\\\/wp-content\\\/uploads\\\/2022\\\/03\\\/marine-paul-photographie-mariage-boheme-landes-2397_websize-300x200.jpg 300w, https:\\\/\\\/gaetaneglize.com\\\/wp-content\\\/uploads\\\/2022\\\/03\\\/marine-paul-photographie-mariage-boheme-landes-2397_websize-1024x683.jpg 1024w, https:\\\/\\\/gaetaneglize.com\\\/wp-content\\\/uploads\\\/2022\\\/03\\\/marine-paul-photographie-mariage-boheme-landes-2397_websize-768x512.jpg 768w, https:\\\/\\\/gaetaneglize.com\\\/wp-content\\\/uploads\\\/2022\\\/03\\\/marine-paul-photographie-mariage-boheme-landes-2397_websize-1536x1024.jpg 1536w\\\" sizes=\\\"(max-width: 1600px) 100vw, 1600px\\\" \\\/>\\n\\t\\t<div class=\\\"figc no-description\\\">\\n\\t\\t\\t<div class=\\\"figc-inner\\\">\\n\\t\\t\\t\\t\\t\\t\\t\\t\\t\\t\\t\\t\\t\\t\\t<\\\/div>\\n\\t\\t<\\\/div>\\n\\n\\t<\\\/div>\\n\\n<\\\/div><div class=\\\"modula-item effect-pufrobo\\\" >\\n\\t<div class=\\\"modula-item-overlay\\\"><\\\/div>\\n\\n\\t<div class=\\\"modula-item-content\\\">\\n\\n\\t\\t<a data-image-id=\\\"16018\\\" role=\\\"button\\\" data-elementor-open-lightbox=\\\"no\\\" tabindex=\\\"0\\\" rel=\\\"jtg-16225\\\" data-caption=\\\"\\\" aria-label=\\\"Open image in lightbox\\\" class=\\\"tile-inner modula-item-link\\\"><\\\/a><img class=\\\"pic wp-image-16018\\\"  data-valign=\\\"middle\\\" data-halign=\\\"center\\\" alt=\\\"\\\" data-full=\\\"https:\\\/\\\/gaetaneglize.com\\\/wp-content\\\/uploads\\\/2024\\\/12\\\/lydie-cedric-photographie-mariage-chateau-landes-preview-1007_websize.jpg\\\" title=\\\"lydie-cedric-photographie-mariage-chateau-landes-preview-1007_websize\\\" crop=\\\"\\\" width=\\\"1600\\\" height=\\\"1067\\\" src=\\\"https:\\\/\\\/gaetaneglize.com\\\/wp-content\\\/uploads\\\/2024\\\/12\\\/lydie-cedric-photographie-mariage-chateau-landes-preview-1007_websize.jpg\\\" data-src=\\\"https:\\\/\\\/gaetaneglize.com\\\/wp-content\\\/uploads\\\/2024\\\/12\\\/lydie-cedric-photographie-mariage-chateau-landes-preview-1007_websize.jpg\\\" data-caption=\\\"\\\" srcset=\\\"https:\\\/\\\/gaetaneglize.com\\\/wp-content\\\/uploads\\\/2024\\\/12\\\/lydie-cedric-photographie-mariage-chateau-landes-preview-1007_websize.jpg 1600w, https:\\\/\\\/gaetaneglize.com\\\/wp-content\\\/uploads\\\/2024\\\/12\\\/lydie-cedric-photographie-mariage-chateau-landes-preview-1007_websize-300x200.jpg 300w, https:\\\/\\\/gaetaneglize.com\\\/wp-content\\\/uploads\\\/2024\\\/12\\\/lydie-cedric-photographie-mariage-chateau-landes-preview-1007_websize-1024x683.jpg 1024w, https:\\\/\\\/gaetaneglize.com\\\/wp-content\\\/uploads\\\/2024\\\/12\\\/lydie-cedric-photographie-mariage-chateau-landes-preview-1007_websize-768x512.jpg 768w, https:\\\/\\\/gaetaneglize.com\\\/wp-content\\\/uploads\\\/2024\\\/12\\\/lydie-cedric-photographie-mariage-chateau-landes-preview-1007_websize-1536x1024.jpg 1536w\\\" sizes=\\\"(max-width: 1600px) 100vw, 1600px\\\" \\\/>\\n\\t\\t<div class=\\\"figc no-description\\\">\\n\\t\\t\\t<div class=\\\"figc-inner\\\">\\n\\t\\t\\t\\t\\t\\t\\t\\t\\t\\t\\t\\t\\t\\t\\t<\\\/div>\\n\\t\\t<\\\/div>\\n\\n\\t<\\\/div>\\n\\n<\\\/div><div class=\\\"modula-item effect-pufrobo\\\" >\\n\\t<div class=\\\"modula-item-overlay\\\"><\\\/div>\\n\\n\\t<div class=\\\"modula-item-content\\\">\\n\\n\\t\\t<a data-image-id=\\\"15784\\\" role=\\\"button\\\" data-elementor-open-lightbox=\\\"no\\\" tabindex=\\\"0\\\" rel=\\\"jtg-16225\\\" data-caption=\\\"\\\" aria-label=\\\"Open image in lightbox\\\" class=\\\"tile-inner modula-item-link\\\"><\\\/a><img class=\\\"pic wp-image-15784\\\"  data-valign=\\\"middle\\\" data-halign=\\\"center\\\" alt=\\\"\\\" data-full=\\\"https:\\\/\\\/gaetaneglize.com\\\/wp-content\\\/uploads\\\/2024\\\/12\\\/mariage-renaissance-chateau-poudenas_gaetane-glize-photographie_1125.jpg\\\" title=\\\"Mariage Renaissance\\\" crop=\\\"\\\" width=\\\"1600\\\" height=\\\"1067\\\" src=\\\"https:\\\/\\\/gaetaneglize.com\\\/wp-content\\\/uploads\\\/2024\\\/12\\\/mariage-renaissance-chateau-poudenas_gaetane-glize-photographie_1125.jpg\\\" data-src=\\\"https:\\\/\\\/gaetaneglize.com\\\/wp-content\\\/uploads\\\/2024\\\/12\\\/mariage-renaissance-chateau-poudenas_gaetane-glize-photographie_1125.jpg\\\" data-caption=\\\"\\\" srcset=\\\"https:\\\/\\\/gaetaneglize.com\\\/wp-content\\\/uploads\\\/2024\\\/12\\\/mariage-renaissance-chateau-poudenas_gaetane-glize-photographie_1125.jpg 1600w, https:\\\/\\\/gaetaneglize.com\\\/wp-content\\\/uploads\\\/2024\\\/12\\\/mariage-renaissance-chateau-poudenas_gaetane-glize-photographie_1125-300x200.jpg 300w, https:\\\/\\\/gaetaneglize.com\\\/wp-content\\\/uploads\\\/2024\\\/12\\\/mariage-renaissance-chateau-poudenas_gaetane-glize-photographie_1125-1024x683.jpg 1024w, https:\\\/\\\/gaetaneglize.com\\\/wp-content\\\/uploads\\\/2024\\\/12\\\/mariage-renaissance-chateau-poudenas_gaetane-glize-photographie_1125-768x512.jpg 768w, https:\\\/\\\/gaetaneglize.com\\\/wp-content\\\/uploads\\\/2024\\\/12\\\/mariage-renaissance-chateau-poudenas_gaetane-glize-photographie_1125-1536x1024.jpg 1536w\\\" sizes=\\\"(max-width: 1600px) 100vw, 1600px\\\" \\\/>\\n\\t\\t<div class=\\\"figc no-description\\\">\\n\\t\\t\\t<div class=\\\"figc-inner\\\">\\n\\t\\t\\t\\t\\t\\t\\t\\t\\t\\t\\t\\t\\t\\t\\t<\\\/div>\\n\\t\\t<\\\/div>\\n\\n\\t<\\\/div>\\n\\n<\\\/div><div class=\\\"modula-item effect-pufrobo\\\" >\\n\\t<div class=\\\"modula-item-overlay\\\"><\\\/div>\\n\\n\\t<div class=\\\"modula-item-content\\\">\\n\\n\\t\\t<a data-image-id=\\\"14897\\\" role=\\\"button\\\" data-elementor-open-lightbox=\\\"no\\\" tabindex=\\\"0\\\" rel=\\\"jtg-16225\\\" data-caption=\\\"\\\" aria-label=\\\"Open image in lightbox\\\" class=\\\"tile-inner modula-item-link\\\"><\\\/a><img class=\\\"pic wp-image-14897\\\"  data-valign=\\\"middle\\\" data-halign=\\\"center\\\" alt=\\\"\\\" data-full=\\\"https:\\\/\\\/gaetaneglize.com\\\/wp-content\\\/uploads\\\/2024\\\/09\\\/laurene-grant-french-american-wedding-chateau-loire-valley-2160_websize.jpg\\\" title=\\\"Laur\\u00e8ne + Grant\\\" crop=\\\"\\\" width=\\\"1600\\\" height=\\\"1067\\\" src=\\\"https:\\\/\\\/gaetaneglize.com\\\/wp-content\\\/uploads\\\/2024\\\/09\\\/laurene-grant-french-american-wedding-chateau-loire-valley-2160_websize.jpg\\\" data-src=\\\"https:\\\/\\\/gaetaneglize.com\\\/wp-content\\\/uploads\\\/2024\\\/09\\\/laurene-grant-french-american-wedding-chateau-loire-valley-2160_websize.jpg\\\" data-caption=\\\"\\\" srcset=\\\"https:\\\/\\\/gaetaneglize.com\\\/wp-content\\\/uploads\\\/2024\\\/09\\\/laurene-grant-french-american-wedding-chateau-loire-valley-2160_websize.jpg 1600w, https:\\\/\\\/gaetaneglize.com\\\/wp-content\\\/uploads\\\/2024\\\/09\\\/laurene-grant-french-american-wedding-chateau-loire-valley-2160_websize-300x200.jpg 300w, https:\\\/\\\/gaetaneglize.com\\\/wp-content\\\/uploads\\\/2024\\\/09\\\/laurene-grant-french-american-wedding-chateau-loire-valley-2160_websize-1024x683.jpg 1024w, https:\\\/\\\/gaetaneglize.com\\\/wp-content\\\/uploads\\\/2024\\\/09\\\/laurene-grant-french-american-wedding-chateau-loire-valley-2160_websize-768x512.jpg 768w, https:\\\/\\\/gaetaneglize.com\\\/wp-content\\\/uploads\\\/2024\\\/09\\\/laurene-grant-french-american-wedding-chateau-loire-valley-2160_websize-1536x1024.jpg 1536w\\\" sizes=\\\"(max-width: 1600px) 100vw, 1600px\\\" \\\/>\\n\\t\\t<div class=\\\"figc no-description\\\">\\n\\t\\t\\t<div class=\\\"figc-inner\\\">\\n\\t\\t\\t\\t\\t\\t\\t\\t\\t\\t\\t\\t\\t\\t\\t<\\\/div>\\n\\t\\t<\\\/div>\\n\\n\\t<\\\/div>\\n\\n<\\\/div><div class=\\\"modula-item effect-pufrobo\\\" >\\n\\t<div class=\\\"modula-item-overlay\\\"><\\\/div>\\n\\n\\t<div class=\\\"modula-item-content\\\">\\n\\n\\t\\t<a data-image-id=\\\"16030\\\" role=\\\"button\\\" data-elementor-open-lightbox=\\\"no\\\" tabindex=\\\"0\\\" rel=\\\"jtg-16225\\\" data-caption=\\\"\\\" aria-label=\\\"Open image in lightbox\\\" class=\\\"tile-inner modula-item-link\\\"><\\\/a><img class=\\\"pic wp-image-16030\\\"  data-valign=\\\"middle\\\" data-halign=\\\"center\\\" alt=\\\"\\\" data-full=\\\"https:\\\/\\\/gaetaneglize.com\\\/wp-content\\\/uploads\\\/2024\\\/12\\\/mariage-renaissance-chateau-poudenas_gaetane-glize-photographie-1227_websize.jpg\\\" title=\\\"mariage-renaissance-chateau-poudenas_gaetane-glize-photographie-1227_websize\\\" crop=\\\"\\\" width=\\\"1067\\\" height=\\\"1600\\\" src=\\\"https:\\\/\\\/gaetaneglize.com\\\/wp-content\\\/uploads\\\/2024\\\/12\\\/mariage-renaissance-chateau-poudenas_gaetane-glize-photographie-1227_websize.jpg\\\" data-src=\\\"https:\\\/\\\/gaetaneglize.com\\\/wp-content\\\/uploads\\\/2024\\\/12\\\/mariage-renaissance-chateau-poudenas_gaetane-glize-photographie-1227_websize.jpg\\\" data-caption=\\\"\\\" srcset=\\\"https:\\\/\\\/gaetaneglize.com\\\/wp-content\\\/uploads\\\/2024\\\/12\\\/mariage-renaissance-chateau-poudenas_gaetane-glize-photographie-1227_websize.jpg 1067w, https:\\\/\\\/gaetaneglize.com\\\/wp-content\\\/uploads\\\/2024\\\/12\\\/mariage-renaissance-chateau-poudenas_gaetane-glize-photographie-1227_websize-200x300.jpg 200w, https:\\\/\\\/gaetaneglize.com\\\/wp-content\\\/uploads\\\/2024\\\/12\\\/mariage-renaissance-chateau-poudenas_gaetane-glize-photographie-1227_websize-683x1024.jpg 683w, https:\\\/\\\/gaetaneglize.com\\\/wp-content\\\/uploads\\\/2024\\\/12\\\/mariage-renaissance-chateau-poudenas_gaetane-glize-photographie-1227_websize-768x1152.jpg 768w, https:\\\/\\\/gaetaneglize.com\\\/wp-content\\\/uploads\\\/2024\\\/12\\\/mariage-renaissance-chateau-poudenas_gaetane-glize-photographie-1227_websize-1024x1536.jpg 1024w\\\" sizes=\\\"(max-width: 1067px) 100vw, 1067px\\\" \\\/>\\n\\t\\t<div class=\\\"figc no-description\\\">\\n\\t\\t\\t<div class=\\\"figc-inner\\\">\\n\\t\\t\\t\\t\\t\\t\\t\\t\\t\\t\\t\\t\\t\\t\\t<\\\/div>\\n\\t\\t<\\\/div>\\n\\n\\t<\\\/div>\\n\\n<\\\/div><div class=\\\"modula-item effect-pufrobo\\\" >\\n\\t<div class=\\\"modula-item-overlay\\\"><\\\/div>\\n\\n\\t<div class=\\\"modula-item-content\\\">\\n\\n\\t\\t<a data-image-id=\\\"8909\\\" role=\\\"button\\\" data-elementor-open-lightbox=\\\"no\\\" tabindex=\\\"0\\\" rel=\\\"jtg-16225\\\" data-caption=\\\"\\\" aria-label=\\\"Open image in lightbox\\\" class=\\\"tile-inner modula-item-link\\\"><\\\/a><img class=\\\"pic wp-image-8909\\\"  data-valign=\\\"middle\\\" data-halign=\\\"center\\\" alt=\\\"\\\" data-full=\\\"https:\\\/\\\/gaetaneglize.com\\\/wp-content\\\/uploads\\\/2022\\\/03\\\/naiti-maxime-photographe-mariage-bordeaux-gironde-aquitaine-1195_websize.jpg\\\" title=\\\"Na\\u00efti + Maxime\\\" crop=\\\"\\\" width=\\\"1600\\\" height=\\\"1067\\\" src=\\\"https:\\\/\\\/gaetaneglize.com\\\/wp-content\\\/uploads\\\/2022\\\/03\\\/naiti-maxime-photographe-mariage-bordeaux-gironde-aquitaine-1195_websize.jpg\\\" data-src=\\\"https:\\\/\\\/gaetaneglize.com\\\/wp-content\\\/uploads\\\/2022\\\/03\\\/naiti-maxime-photographe-mariage-bordeaux-gironde-aquitaine-1195_websize.jpg\\\" data-caption=\\\"\\\" srcset=\\\"https:\\\/\\\/gaetaneglize.com\\\/wp-content\\\/uploads\\\/2022\\\/03\\\/naiti-maxime-photographe-mariage-bordeaux-gironde-aquitaine-1195_websize.jpg 1600w, https:\\\/\\\/gaetaneglize.com\\\/wp-content\\\/uploads\\\/2022\\\/03\\\/naiti-maxime-photographe-mariage-bordeaux-gironde-aquitaine-1195_websize-300x200.jpg 300w, https:\\\/\\\/gaetaneglize.com\\\/wp-content\\\/uploads\\\/2022\\\/03\\\/naiti-maxime-photographe-mariage-bordeaux-gironde-aquitaine-1195_websize-1024x683.jpg 1024w, https:\\\/\\\/gaetaneglize.com\\\/wp-content\\\/uploads\\\/2022\\\/03\\\/naiti-maxime-photographe-mariage-bordeaux-gironde-aquitaine-1195_websize-768x512.jpg 768w, https:\\\/\\\/gaetaneglize.com\\\/wp-content\\\/uploads\\\/2022\\\/03\\\/naiti-maxime-photographe-mariage-bordeaux-gironde-aquitaine-1195_websize-1536x1024.jpg 1536w\\\" sizes=\\\"(max-width: 1600px) 100vw, 1600px\\\" \\\/>\\n\\t\\t<div class=\\\"figc no-description\\\">\\n\\t\\t\\t<div class=\\\"figc-inner\\\">\\n\\t\\t\\t\\t\\t\\t\\t\\t\\t\\t\\t\\t\\t\\t\\t<\\\/div>\\n\\t\\t<\\\/div>\\n\\n\\t<\\\/div>\\n\\n<\\\/div><div class=\\\"modula-item effect-pufrobo\\\" >\\n\\t<div class=\\\"modula-item-overlay\\\"><\\\/div>\\n\\n\\t<div class=\\\"modula-item-content\\\">\\n\\n\\t\\t<a data-image-id=\\\"15766\\\" role=\\\"button\\\" data-elementor-open-lightbox=\\\"no\\\" tabindex=\\\"0\\\" rel=\\\"jtg-16225\\\" data-caption=\\\"\\\" aria-label=\\\"Open image in lightbox\\\" class=\\\"tile-inner modula-item-link\\\"><\\\/a><img class=\\\"pic wp-image-15766\\\"  data-valign=\\\"middle\\\" data-halign=\\\"center\\\" alt=\\\"\\\" data-full=\\\"https:\\\/\\\/gaetaneglize.com\\\/wp-content\\\/uploads\\\/2024\\\/12\\\/mariage-renaissance-chateau-poudenas_gaetane-glize-photographie_1154.jpg\\\" title=\\\"Mariage Renaissance\\\" crop=\\\"\\\" width=\\\"1600\\\" height=\\\"1067\\\" src=\\\"https:\\\/\\\/gaetaneglize.com\\\/wp-content\\\/uploads\\\/2024\\\/12\\\/mariage-renaissance-chateau-poudenas_gaetane-glize-photographie_1154.jpg\\\" data-src=\\\"https:\\\/\\\/gaetaneglize.com\\\/wp-content\\\/uploads\\\/2024\\\/12\\\/mariage-renaissance-chateau-poudenas_gaetane-glize-photographie_1154.jpg\\\" data-caption=\\\"\\\" srcset=\\\"https:\\\/\\\/gaetaneglize.com\\\/wp-content\\\/uploads\\\/2024\\\/12\\\/mariage-renaissance-chateau-poudenas_gaetane-glize-photographie_1154.jpg 1600w, https:\\\/\\\/gaetaneglize.com\\\/wp-content\\\/uploads\\\/2024\\\/12\\\/mariage-renaissance-chateau-poudenas_gaetane-glize-photographie_1154-300x200.jpg 300w, https:\\\/\\\/gaetaneglize.com\\\/wp-content\\\/uploads\\\/2024\\\/12\\\/mariage-renaissance-chateau-poudenas_gaetane-glize-photographie_1154-1024x683.jpg 1024w, https:\\\/\\\/gaetaneglize.com\\\/wp-content\\\/uploads\\\/2024\\\/12\\\/mariage-renaissance-chateau-poudenas_gaetane-glize-photographie_1154-768x512.jpg 768w, https:\\\/\\\/gaetaneglize.com\\\/wp-content\\\/uploads\\\/2024\\\/12\\\/mariage-renaissance-chateau-poudenas_gaetane-glize-photographie_1154-1536x1024.jpg 1536w\\\" sizes=\\\"(max-width: 1600px) 100vw, 1600px\\\" \\\/>\\n\\t\\t<div class=\\\"figc no-description\\\">\\n\\t\\t\\t<div class=\\\"figc-inner\\\">\\n\\t\\t\\t\\t\\t\\t\\t\\t\\t\\t\\t\\t\\t\\t\\t<\\\/div>\\n\\t\\t<\\\/div>\\n\\n\\t<\\\/div>\\n\\n<\\\/div><div class=\\\"modula-item effect-pufrobo\\\" >\\n\\t<div class=\\\"modula-item-overlay\\\"><\\\/div>\\n\\n\\t<div class=\\\"modula-item-content\\\">\\n\\n\\t\\t<a data-image-id=\\\"11832\\\" role=\\\"button\\\" data-elementor-open-lightbox=\\\"no\\\" tabindex=\\\"0\\\" rel=\\\"jtg-16225\\\" data-caption=\\\"\\\" aria-label=\\\"Open image in lightbox\\\" class=\\\"tile-inner modula-item-link\\\"><\\\/a><img class=\\\"pic wp-image-11832\\\"  data-valign=\\\"middle\\\" data-halign=\\\"center\\\" alt=\\\"Un moment d\\u00e9licat entre les mari\\u00e9s captur\\u00e9 par la photographe de mariage Ga\\u00e9tane Glize dans les Landes.\\\" data-full=\\\"https:\\\/\\\/gaetaneglize.com\\\/wp-content\\\/uploads\\\/2022\\\/12\\\/photo-couple-mariage-chateau-bordeaux-1005.jpg\\\" title=\\\"photo-couple-mariage-chateau-bordeaux-1005\\\" crop=\\\"\\\" width=\\\"2250\\\" height=\\\"1500\\\" src=\\\"https:\\\/\\\/gaetaneglize.com\\\/wp-content\\\/uploads\\\/2022\\\/12\\\/photo-couple-mariage-chateau-bordeaux-1005.jpg\\\" data-src=\\\"https:\\\/\\\/gaetaneglize.com\\\/wp-content\\\/uploads\\\/2022\\\/12\\\/photo-couple-mariage-chateau-bordeaux-1005.jpg\\\" data-caption=\\\"\\\" srcset=\\\"https:\\\/\\\/gaetaneglize.com\\\/wp-content\\\/uploads\\\/2022\\\/12\\\/photo-couple-mariage-chateau-bordeaux-1005.jpg 2250w, https:\\\/\\\/gaetaneglize.com\\\/wp-content\\\/uploads\\\/2022\\\/12\\\/photo-couple-mariage-chateau-bordeaux-1005-300x200.jpg 300w, https:\\\/\\\/gaetaneglize.com\\\/wp-content\\\/uploads\\\/2022\\\/12\\\/photo-couple-mariage-chateau-bordeaux-1005-1024x683.jpg 1024w, https:\\\/\\\/gaetaneglize.com\\\/wp-content\\\/uploads\\\/2022\\\/12\\\/photo-couple-mariage-chateau-bordeaux-1005-768x512.jpg 768w, https:\\\/\\\/gaetaneglize.com\\\/wp-content\\\/uploads\\\/2022\\\/12\\\/photo-couple-mariage-chateau-bordeaux-1005-1536x1024.jpg 1536w, https:\\\/\\\/gaetaneglize.com\\\/wp-content\\\/uploads\\\/2022\\\/12\\\/photo-couple-mariage-chateau-bordeaux-1005-2048x1365.jpg 2048w\\\" sizes=\\\"(max-width: 2250px) 100vw, 2250px\\\" \\\/>\\n\\t\\t<div class=\\\"figc no-description\\\">\\n\\t\\t\\t<div class=\\\"figc-inner\\\">\\n\\t\\t\\t\\t\\t\\t\\t\\t\\t\\t\\t\\t\\t\\t\\t<\\\/div>\\n\\t\\t<\\\/div>\\n\\n\\t<\\\/div>\\n\\n<\\\/div><div class=\\\"modula-item effect-pufrobo\\\" >\\n\\t<div class=\\\"modula-item-overlay\\\"><\\\/div>\\n\\n\\t<div class=\\\"modula-item-content\\\">\\n\\n\\t\\t<a data-image-id=\\\"16092\\\" role=\\\"button\\\" data-elementor-open-lightbox=\\\"no\\\" tabindex=\\\"0\\\" rel=\\\"jtg-16225\\\" data-caption=\\\"\\\" aria-label=\\\"Open image in lightbox\\\" class=\\\"tile-inner modula-item-link\\\"><\\\/a><img class=\\\"pic wp-image-16092\\\"  data-valign=\\\"middle\\\" data-halign=\\\"center\\\" alt=\\\"Les mari\\u00e9s sortent de leur c\\u00e9r\\u00e9monie religieuse de mariage \\u00e0 l&#039;\\u00e9glise d&#039;Amou. Les invit\\u00e9s les acclament et c\\u00e9l\\u00e8brent leur union.\\\" data-full=\\\"https:\\\/\\\/gaetaneglize.com\\\/wp-content\\\/uploads\\\/2024\\\/12\\\/michelle-bertrand-photo-mariage-chateau-amou-landes-1492_websize.jpg\\\" title=\\\"michelle-bertrand-photo-mariage-chateau-amou-landes-1492_websize\\\" crop=\\\"\\\" width=\\\"1600\\\" height=\\\"1067\\\" src=\\\"https:\\\/\\\/gaetaneglize.com\\\/wp-content\\\/uploads\\\/2024\\\/12\\\/michelle-bertrand-photo-mariage-chateau-amou-landes-1492_websize.jpg\\\" data-src=\\\"https:\\\/\\\/gaetaneglize.com\\\/wp-content\\\/uploads\\\/2024\\\/12\\\/michelle-bertrand-photo-mariage-chateau-amou-landes-1492_websize.jpg\\\" data-caption=\\\"\\\" srcset=\\\"https:\\\/\\\/gaetaneglize.com\\\/wp-content\\\/uploads\\\/2024\\\/12\\\/michelle-bertrand-photo-mariage-chateau-amou-landes-1492_websize.jpg 1600w, https:\\\/\\\/gaetaneglize.com\\\/wp-content\\\/uploads\\\/2024\\\/12\\\/michelle-bertrand-photo-mariage-chateau-amou-landes-1492_websize-300x200.jpg 300w, https:\\\/\\\/gaetaneglize.com\\\/wp-content\\\/uploads\\\/2024\\\/12\\\/michelle-bertrand-photo-mariage-chateau-amou-landes-1492_websize-1024x683.jpg 1024w, https:\\\/\\\/gaetaneglize.com\\\/wp-content\\\/uploads\\\/2024\\\/12\\\/michelle-bertrand-photo-mariage-chateau-amou-landes-1492_websize-768x512.jpg 768w, https:\\\/\\\/gaetaneglize.com\\\/wp-content\\\/uploads\\\/2024\\\/12\\\/michelle-bertrand-photo-mariage-chateau-amou-landes-1492_websize-1536x1024.jpg 1536w\\\" sizes=\\\"(max-width: 1600px) 100vw, 1600px\\\" \\\/>\\n\\t\\t<div class=\\\"figc no-description\\\">\\n\\t\\t\\t<div class=\\\"figc-inner\\\">\\n\\t\\t\\t\\t\\t\\t\\t\\t\\t\\t\\t\\t\\t\\t\\t<\\\/div>\\n\\t\\t<\\\/div>\\n\\n\\t<\\\/div>\\n\\n<\\\/div><div class=\\\"modula-item effect-pufrobo\\\" >\\n\\t<div class=\\\"modula-item-overlay\\\"><\\\/div>\\n\\n\\t<div class=\\\"modula-item-content\\\">\\n\\n\\t\\t<a data-image-id=\\\"15983\\\" role=\\\"button\\\" data-elementor-open-lightbox=\\\"no\\\" tabindex=\\\"0\\\" rel=\\\"jtg-16225\\\" data-caption=\\\"\\\" aria-label=\\\"Open image in lightbox\\\" class=\\\"tile-inner modula-item-link\\\"><\\\/a><img class=\\\"pic wp-image-15983\\\"  data-valign=\\\"middle\\\" data-halign=\\\"center\\\" alt=\\\"\\\" data-full=\\\"https:\\\/\\\/gaetaneglize.com\\\/wp-content\\\/uploads\\\/2024\\\/12\\\/laurene-grant-french-american-wedding-chateau-loire-valley-2022_websize.jpg\\\" title=\\\"laurene-grant-french-american-wedding-chateau-loire-valley-2022_websize\\\" crop=\\\"\\\" width=\\\"1067\\\" height=\\\"1600\\\" src=\\\"https:\\\/\\\/gaetaneglize.com\\\/wp-content\\\/uploads\\\/2024\\\/12\\\/laurene-grant-french-american-wedding-chateau-loire-valley-2022_websize.jpg\\\" data-src=\\\"https:\\\/\\\/gaetaneglize.com\\\/wp-content\\\/uploads\\\/2024\\\/12\\\/laurene-grant-french-american-wedding-chateau-loire-valley-2022_websize.jpg\\\" data-caption=\\\"\\\" srcset=\\\"https:\\\/\\\/gaetaneglize.com\\\/wp-content\\\/uploads\\\/2024\\\/12\\\/laurene-grant-french-american-wedding-chateau-loire-valley-2022_websize.jpg 1067w, https:\\\/\\\/gaetaneglize.com\\\/wp-content\\\/uploads\\\/2024\\\/12\\\/laurene-grant-french-american-wedding-chateau-loire-valley-2022_websize-200x300.jpg 200w, https:\\\/\\\/gaetaneglize.com\\\/wp-content\\\/uploads\\\/2024\\\/12\\\/laurene-grant-french-american-wedding-chateau-loire-valley-2022_websize-683x1024.jpg 683w, https:\\\/\\\/gaetaneglize.com\\\/wp-content\\\/uploads\\\/2024\\\/12\\\/laurene-grant-french-american-wedding-chateau-loire-valley-2022_websize-768x1152.jpg 768w, https:\\\/\\\/gaetaneglize.com\\\/wp-content\\\/uploads\\\/2024\\\/12\\\/laurene-grant-french-american-wedding-chateau-loire-valley-2022_websize-1024x1536.jpg 1024w\\\" sizes=\\\"(max-width: 1067px) 100vw, 1067px\\\" \\\/>\\n\\t\\t<div class=\\\"figc no-description\\\">\\n\\t\\t\\t<div class=\\\"figc-inner\\\">\\n\\t\\t\\t\\t\\t\\t\\t\\t\\t\\t\\t\\t\\t\\t\\t<\\\/div>\\n\\t\\t<\\\/div>\\n\\n\\t<\\\/div>\\n\\n<\\\/div><div class=\\\"modula-item effect-pufrobo\\\" >\\n\\t<div class=\\\"modula-item-overlay\\\"><\\\/div>\\n\\n\\t<div class=\\\"modula-item-content\\\">\\n\\n\\t\\t<a data-image-id=\\\"16036\\\" role=\\\"button\\\" data-elementor-open-lightbox=\\\"no\\\" tabindex=\\\"0\\\" rel=\\\"jtg-16225\\\" data-caption=\\\"\\\" aria-label=\\\"Open image in lightbox\\\" class=\\\"tile-inner modula-item-link\\\"><\\\/a><img class=\\\"pic wp-image-16036\\\"  data-valign=\\\"middle\\\" data-halign=\\\"center\\\" alt=\\\"\\\" data-full=\\\"https:\\\/\\\/gaetaneglize.com\\\/wp-content\\\/uploads\\\/2024\\\/12\\\/mariage-renaissance-chateau-poudenas_gaetane-glize-photographie-1471_websize.jpg\\\" title=\\\"mariage-renaissance-chateau-poudenas_gaetane-glize-photographie-1471_websize\\\" crop=\\\"\\\" width=\\\"1600\\\" height=\\\"1067\\\" src=\\\"https:\\\/\\\/gaetaneglize.com\\\/wp-content\\\/uploads\\\/2024\\\/12\\\/mariage-renaissance-chateau-poudenas_gaetane-glize-photographie-1471_websize.jpg\\\" data-src=\\\"https:\\\/\\\/gaetaneglize.com\\\/wp-content\\\/uploads\\\/2024\\\/12\\\/mariage-renaissance-chateau-poudenas_gaetane-glize-photographie-1471_websize.jpg\\\" data-caption=\\\"\\\" srcset=\\\"https:\\\/\\\/gaetaneglize.com\\\/wp-content\\\/uploads\\\/2024\\\/12\\\/mariage-renaissance-chateau-poudenas_gaetane-glize-photographie-1471_websize.jpg 1600w, https:\\\/\\\/gaetaneglize.com\\\/wp-content\\\/uploads\\\/2024\\\/12\\\/mariage-renaissance-chateau-poudenas_gaetane-glize-photographie-1471_websize-300x200.jpg 300w, https:\\\/\\\/gaetaneglize.com\\\/wp-content\\\/uploads\\\/2024\\\/12\\\/mariage-renaissance-chateau-poudenas_gaetane-glize-photographie-1471_websize-1024x683.jpg 1024w, https:\\\/\\\/gaetaneglize.com\\\/wp-content\\\/uploads\\\/2024\\\/12\\\/mariage-renaissance-chateau-poudenas_gaetane-glize-photographie-1471_websize-768x512.jpg 768w, https:\\\/\\\/gaetaneglize.com\\\/wp-content\\\/uploads\\\/2024\\\/12\\\/mariage-renaissance-chateau-poudenas_gaetane-glize-photographie-1471_websize-1536x1024.jpg 1536w\\\" sizes=\\\"(max-width: 1600px) 100vw, 1600px\\\" \\\/>\\n\\t\\t<div class=\\\"figc no-description\\\">\\n\\t\\t\\t<div class=\\\"figc-inner\\\">\\n\\t\\t\\t\\t\\t\\t\\t\\t\\t\\t\\t\\t\\t\\t\\t<\\\/div>\\n\\t\\t<\\\/div>\\n\\n\\t<\\\/div>\\n\\n<\\\/div><div class=\\\"modula-item effect-pufrobo\\\" >\\n\\t<div class=\\\"modula-item-overlay\\\"><\\\/div>\\n\\n\\t<div class=\\\"modula-item-content\\\">\\n\\n\\t\\t<a data-image-id=\\\"9421\\\" role=\\\"button\\\" data-elementor-open-lightbox=\\\"no\\\" tabindex=\\\"0\\\" rel=\\\"jtg-16225\\\" data-caption=\\\"\\\" aria-label=\\\"Open image in lightbox\\\" class=\\\"tile-inner modula-item-link\\\"><\\\/a><img class=\\\"pic wp-image-9421\\\"  data-valign=\\\"middle\\\" data-halign=\\\"center\\\" alt=\\\"\\\" data-full=\\\"https:\\\/\\\/gaetaneglize.com\\\/wp-content\\\/uploads\\\/2022\\\/03\\\/camille-reha-mariage-intimiste-cocobarn-woodlodge-landes-1533_websize.jpg\\\" title=\\\"Camille + Reha\\\" crop=\\\"\\\" width=\\\"1600\\\" height=\\\"1067\\\" src=\\\"https:\\\/\\\/gaetaneglize.com\\\/wp-content\\\/uploads\\\/2022\\\/03\\\/camille-reha-mariage-intimiste-cocobarn-woodlodge-landes-1533_websize.jpg\\\" data-src=\\\"https:\\\/\\\/gaetaneglize.com\\\/wp-content\\\/uploads\\\/2022\\\/03\\\/camille-reha-mariage-intimiste-cocobarn-woodlodge-landes-1533_websize.jpg\\\" data-caption=\\\"\\\" srcset=\\\"https:\\\/\\\/gaetaneglize.com\\\/wp-content\\\/uploads\\\/2022\\\/03\\\/camille-reha-mariage-intimiste-cocobarn-woodlodge-landes-1533_websize.jpg 1600w, https:\\\/\\\/gaetaneglize.com\\\/wp-content\\\/uploads\\\/2022\\\/03\\\/camille-reha-mariage-intimiste-cocobarn-woodlodge-landes-1533_websize-300x200.jpg 300w, https:\\\/\\\/gaetaneglize.com\\\/wp-content\\\/uploads\\\/2022\\\/03\\\/camille-reha-mariage-intimiste-cocobarn-woodlodge-landes-1533_websize-1024x683.jpg 1024w, https:\\\/\\\/gaetaneglize.com\\\/wp-content\\\/uploads\\\/2022\\\/03\\\/camille-reha-mariage-intimiste-cocobarn-woodlodge-landes-1533_websize-768x512.jpg 768w, https:\\\/\\\/gaetaneglize.com\\\/wp-content\\\/uploads\\\/2022\\\/03\\\/camille-reha-mariage-intimiste-cocobarn-woodlodge-landes-1533_websize-1536x1024.jpg 1536w\\\" sizes=\\\"(max-width: 1600px) 100vw, 1600px\\\" \\\/>\\n\\t\\t<div class=\\\"figc no-description\\\">\\n\\t\\t\\t<div class=\\\"figc-inner\\\">\\n\\t\\t\\t\\t\\t\\t\\t\\t\\t\\t\\t\\t\\t\\t\\t<\\\/div>\\n\\t\\t<\\\/div>\\n\\n\\t<\\\/div>\\n\\n<\\\/div><div class=\\\"modula-item effect-pufrobo\\\" >\\n\\t<div class=\\\"modula-item-overlay\\\"><\\\/div>\\n\\n\\t<div class=\\\"modula-item-content\\\">\\n\\n\\t\\t<a data-image-id=\\\"16044\\\" role=\\\"button\\\" data-elementor-open-lightbox=\\\"no\\\" tabindex=\\\"0\\\" rel=\\\"jtg-16225\\\" data-caption=\\\"\\\" aria-label=\\\"Open image in lightbox\\\" class=\\\"tile-inner modula-item-link\\\"><\\\/a><img class=\\\"pic wp-image-16044\\\"  data-valign=\\\"middle\\\" data-halign=\\\"center\\\" alt=\\\"\\\" data-full=\\\"https:\\\/\\\/gaetaneglize.com\\\/wp-content\\\/uploads\\\/2024\\\/12\\\/margaux-baptiste-mariage-chateau-loire-1463_websize.jpg\\\" title=\\\"margaux-baptiste-mariage-chateau-loire-1463_websize\\\" crop=\\\"\\\" width=\\\"1067\\\" height=\\\"1600\\\" src=\\\"https:\\\/\\\/gaetaneglize.com\\\/wp-content\\\/uploads\\\/2024\\\/12\\\/margaux-baptiste-mariage-chateau-loire-1463_websize.jpg\\\" data-src=\\\"https:\\\/\\\/gaetaneglize.com\\\/wp-content\\\/uploads\\\/2024\\\/12\\\/margaux-baptiste-mariage-chateau-loire-1463_websize.jpg\\\" data-caption=\\\"\\\" srcset=\\\"https:\\\/\\\/gaetaneglize.com\\\/wp-content\\\/uploads\\\/2024\\\/12\\\/margaux-baptiste-mariage-chateau-loire-1463_websize.jpg 1067w, https:\\\/\\\/gaetaneglize.com\\\/wp-content\\\/uploads\\\/2024\\\/12\\\/margaux-baptiste-mariage-chateau-loire-1463_websize-200x300.jpg 200w, https:\\\/\\\/gaetaneglize.com\\\/wp-content\\\/uploads\\\/2024\\\/12\\\/margaux-baptiste-mariage-chateau-loire-1463_websize-683x1024.jpg 683w, https:\\\/\\\/gaetaneglize.com\\\/wp-content\\\/uploads\\\/2024\\\/12\\\/margaux-baptiste-mariage-chateau-loire-1463_websize-768x1152.jpg 768w, https:\\\/\\\/gaetaneglize.com\\\/wp-content\\\/uploads\\\/2024\\\/12\\\/margaux-baptiste-mariage-chateau-loire-1463_websize-1024x1536.jpg 1024w\\\" sizes=\\\"(max-width: 1067px) 100vw, 1067px\\\" \\\/>\\n\\t\\t<div class=\\\"figc no-description\\\">\\n\\t\\t\\t<div class=\\\"figc-inner\\\">\\n\\t\\t\\t\\t\\t\\t\\t\\t\\t\\t\\t\\t\\t\\t\\t<\\\/div>\\n\\t\\t<\\\/div>\\n\\n\\t<\\\/div>\\n\\n<\\\/div><div class=\\\"modula-item effect-pufrobo\\\" >\\n\\t<div class=\\\"modula-item-overlay\\\"><\\\/div>\\n\\n\\t<div class=\\\"modula-item-content\\\">\\n\\n\\t\\t<a data-image-id=\\\"8594\\\" role=\\\"button\\\" data-elementor-open-lightbox=\\\"no\\\" tabindex=\\\"0\\\" rel=\\\"jtg-16225\\\" data-caption=\\\"\\\" aria-label=\\\"Open image in lightbox\\\" class=\\\"tile-inner modula-item-link\\\"><\\\/a><img class=\\\"pic wp-image-8594\\\"  data-valign=\\\"middle\\\" data-halign=\\\"center\\\" alt=\\\"\\\" data-full=\\\"https:\\\/\\\/gaetaneglize.com\\\/wp-content\\\/uploads\\\/2022\\\/01\\\/fanny-philippe-photographe-mariage-landes-aquitaine-1684_websize.jpg\\\" title=\\\"Fanny + Philippe\\\" crop=\\\"\\\" width=\\\"1600\\\" height=\\\"1067\\\" src=\\\"https:\\\/\\\/gaetaneglize.com\\\/wp-content\\\/uploads\\\/2022\\\/01\\\/fanny-philippe-photographe-mariage-landes-aquitaine-1684_websize.jpg\\\" data-src=\\\"https:\\\/\\\/gaetaneglize.com\\\/wp-content\\\/uploads\\\/2022\\\/01\\\/fanny-philippe-photographe-mariage-landes-aquitaine-1684_websize.jpg\\\" data-caption=\\\"\\\" srcset=\\\"https:\\\/\\\/gaetaneglize.com\\\/wp-content\\\/uploads\\\/2022\\\/01\\\/fanny-philippe-photographe-mariage-landes-aquitaine-1684_websize.jpg 1600w, https:\\\/\\\/gaetaneglize.com\\\/wp-content\\\/uploads\\\/2022\\\/01\\\/fanny-philippe-photographe-mariage-landes-aquitaine-1684_websize-300x200.jpg 300w, https:\\\/\\\/gaetaneglize.com\\\/wp-content\\\/uploads\\\/2022\\\/01\\\/fanny-philippe-photographe-mariage-landes-aquitaine-1684_websize-1024x683.jpg 1024w, https:\\\/\\\/gaetaneglize.com\\\/wp-content\\\/uploads\\\/2022\\\/01\\\/fanny-philippe-photographe-mariage-landes-aquitaine-1684_websize-768x512.jpg 768w, https:\\\/\\\/gaetaneglize.com\\\/wp-content\\\/uploads\\\/2022\\\/01\\\/fanny-philippe-photographe-mariage-landes-aquitaine-1684_websize-1536x1024.jpg 1536w\\\" sizes=\\\"(max-width: 1600px) 100vw, 1600px\\\" \\\/>\\n\\t\\t<div class=\\\"figc no-description\\\">\\n\\t\\t\\t<div class=\\\"figc-inner\\\">\\n\\t\\t\\t\\t\\t\\t\\t\\t\\t\\t\\t\\t\\t\\t\\t<\\\/div>\\n\\t\\t<\\\/div>\\n\\n\\t<\\\/div>\\n\\n<\\\/div><div class=\\\"modula-item effect-pufrobo\\\" >\\n\\t<div class=\\\"modula-item-overlay\\\"><\\\/div>\\n\\n\\t<div class=\\\"modula-item-content\\\">\\n\\n\\t\\t<a data-image-id=\\\"9499\\\" role=\\\"button\\\" data-elementor-open-lightbox=\\\"no\\\" tabindex=\\\"0\\\" rel=\\\"jtg-16225\\\" data-caption=\\\"\\\" aria-label=\\\"Open image in lightbox\\\" class=\\\"tile-inner modula-item-link\\\"><\\\/a><img class=\\\"pic wp-image-9499\\\"  data-valign=\\\"middle\\\" data-halign=\\\"center\\\" alt=\\\"\\\" data-full=\\\"https:\\\/\\\/gaetaneglize.com\\\/wp-content\\\/uploads\\\/2022\\\/03\\\/marine-paul-photographie-mariage-boheme-landes-2158_websize.jpg\\\" title=\\\"Marine + Paul\\\" crop=\\\"\\\" width=\\\"1600\\\" height=\\\"1067\\\" src=\\\"https:\\\/\\\/gaetaneglize.com\\\/wp-content\\\/uploads\\\/2022\\\/03\\\/marine-paul-photographie-mariage-boheme-landes-2158_websize.jpg\\\" data-src=\\\"https:\\\/\\\/gaetaneglize.com\\\/wp-content\\\/uploads\\\/2022\\\/03\\\/marine-paul-photographie-mariage-boheme-landes-2158_websize.jpg\\\" data-caption=\\\"\\\" srcset=\\\"https:\\\/\\\/gaetaneglize.com\\\/wp-content\\\/uploads\\\/2022\\\/03\\\/marine-paul-photographie-mariage-boheme-landes-2158_websize.jpg 1600w, https:\\\/\\\/gaetaneglize.com\\\/wp-content\\\/uploads\\\/2022\\\/03\\\/marine-paul-photographie-mariage-boheme-landes-2158_websize-300x200.jpg 300w, https:\\\/\\\/gaetaneglize.com\\\/wp-content\\\/uploads\\\/2022\\\/03\\\/marine-paul-photographie-mariage-boheme-landes-2158_websize-1024x683.jpg 1024w, https:\\\/\\\/gaetaneglize.com\\\/wp-content\\\/uploads\\\/2022\\\/03\\\/marine-paul-photographie-mariage-boheme-landes-2158_websize-768x512.jpg 768w, https:\\\/\\\/gaetaneglize.com\\\/wp-content\\\/uploads\\\/2022\\\/03\\\/marine-paul-photographie-mariage-boheme-landes-2158_websize-1536x1024.jpg 1536w\\\" sizes=\\\"(max-width: 1600px) 100vw, 1600px\\\" \\\/>\\n\\t\\t<div class=\\\"figc no-description\\\">\\n\\t\\t\\t<div class=\\\"figc-inner\\\">\\n\\t\\t\\t\\t\\t\\t\\t\\t\\t\\t\\t\\t\\t\\t\\t<\\\/div>\\n\\t\\t<\\\/div>\\n\\n\\t<\\\/div>\\n\\n<\\\/div><div class=\\\"modula-item effect-pufrobo\\\" >\\n\\t<div class=\\\"modula-item-overlay\\\"><\\\/div>\\n\\n\\t<div class=\\\"modula-item-content\\\">\\n\\n\\t\\t<a data-image-id=\\\"16058\\\" role=\\\"button\\\" data-elementor-open-lightbox=\\\"no\\\" tabindex=\\\"0\\\" rel=\\\"jtg-16225\\\" data-caption=\\\"\\\" aria-label=\\\"Open image in lightbox\\\" class=\\\"tile-inner modula-item-link\\\"><\\\/a><img class=\\\"pic wp-image-16058\\\"  data-valign=\\\"middle\\\" data-halign=\\\"center\\\" alt=\\\"\\\" data-full=\\\"https:\\\/\\\/gaetaneglize.com\\\/wp-content\\\/uploads\\\/2024\\\/12\\\/marine-meriadec-photographie-mariage-landes-1826_websize.jpg\\\" title=\\\"marine-meriadec-photographie-mariage-landes-1826_websize\\\" crop=\\\"\\\" width=\\\"1067\\\" height=\\\"1600\\\" src=\\\"https:\\\/\\\/gaetaneglize.com\\\/wp-content\\\/uploads\\\/2024\\\/12\\\/marine-meriadec-photographie-mariage-landes-1826_websize.jpg\\\" data-src=\\\"https:\\\/\\\/gaetaneglize.com\\\/wp-content\\\/uploads\\\/2024\\\/12\\\/marine-meriadec-photographie-mariage-landes-1826_websize.jpg\\\" data-caption=\\\"\\\" srcset=\\\"https:\\\/\\\/gaetaneglize.com\\\/wp-content\\\/uploads\\\/2024\\\/12\\\/marine-meriadec-photographie-mariage-landes-1826_websize.jpg 1067w, https:\\\/\\\/gaetaneglize.com\\\/wp-content\\\/uploads\\\/2024\\\/12\\\/marine-meriadec-photographie-mariage-landes-1826_websize-200x300.jpg 200w, https:\\\/\\\/gaetaneglize.com\\\/wp-content\\\/uploads\\\/2024\\\/12\\\/marine-meriadec-photographie-mariage-landes-1826_websize-683x1024.jpg 683w, https:\\\/\\\/gaetaneglize.com\\\/wp-content\\\/uploads\\\/2024\\\/12\\\/marine-meriadec-photographie-mariage-landes-1826_websize-768x1152.jpg 768w, https:\\\/\\\/gaetaneglize.com\\\/wp-content\\\/uploads\\\/2024\\\/12\\\/marine-meriadec-photographie-mariage-landes-1826_websize-1024x1536.jpg 1024w\\\" sizes=\\\"(max-width: 1067px) 100vw, 1067px\\\" \\\/>\\n\\t\\t<div class=\\\"figc no-description\\\">\\n\\t\\t\\t<div class=\\\"figc-inner\\\">\\n\\t\\t\\t\\t\\t\\t\\t\\t\\t\\t\\t\\t\\t\\t\\t<\\\/div>\\n\\t\\t<\\\/div>\\n\\n\\t<\\\/div>\\n\\n<\\\/div><div class=\\\"modula-item effect-pufrobo\\\" >\\n\\t<div class=\\\"modula-item-overlay\\\"><\\\/div>\\n\\n\\t<div class=\\\"modula-item-content\\\">\\n\\n\\t\\t<a data-image-id=\\\"9572\\\" role=\\\"button\\\" data-elementor-open-lightbox=\\\"no\\\" tabindex=\\\"0\\\" rel=\\\"jtg-16225\\\" data-caption=\\\"\\\" aria-label=\\\"Open image in lightbox\\\" class=\\\"tile-inner modula-item-link\\\"><\\\/a><img class=\\\"pic wp-image-9572\\\"  data-valign=\\\"middle\\\" data-halign=\\\"center\\\" alt=\\\"\\\" data-full=\\\"https:\\\/\\\/gaetaneglize.com\\\/wp-content\\\/uploads\\\/2022\\\/03\\\/camille-reha-mariage-intimiste-cocobarn-woodlodge-landes-1860_websize.jpg\\\" title=\\\"Camille + Reha\\\" crop=\\\"\\\" width=\\\"1600\\\" height=\\\"1067\\\" src=\\\"https:\\\/\\\/gaetaneglize.com\\\/wp-content\\\/uploads\\\/2022\\\/03\\\/camille-reha-mariage-intimiste-cocobarn-woodlodge-landes-1860_websize.jpg\\\" data-src=\\\"https:\\\/\\\/gaetaneglize.com\\\/wp-content\\\/uploads\\\/2022\\\/03\\\/camille-reha-mariage-intimiste-cocobarn-woodlodge-landes-1860_websize.jpg\\\" data-caption=\\\"\\\" srcset=\\\"https:\\\/\\\/gaetaneglize.com\\\/wp-content\\\/uploads\\\/2022\\\/03\\\/camille-reha-mariage-intimiste-cocobarn-woodlodge-landes-1860_websize.jpg 1600w, https:\\\/\\\/gaetaneglize.com\\\/wp-content\\\/uploads\\\/2022\\\/03\\\/camille-reha-mariage-intimiste-cocobarn-woodlodge-landes-1860_websize-300x200.jpg 300w, https:\\\/\\\/gaetaneglize.com\\\/wp-content\\\/uploads\\\/2022\\\/03\\\/camille-reha-mariage-intimiste-cocobarn-woodlodge-landes-1860_websize-1024x683.jpg 1024w, https:\\\/\\\/gaetaneglize.com\\\/wp-content\\\/uploads\\\/2022\\\/03\\\/camille-reha-mariage-intimiste-cocobarn-woodlodge-landes-1860_websize-768x512.jpg 768w, https:\\\/\\\/gaetaneglize.com\\\/wp-content\\\/uploads\\\/2022\\\/03\\\/camille-reha-mariage-intimiste-cocobarn-woodlodge-landes-1860_websize-1536x1024.jpg 1536w\\\" sizes=\\\"(max-width: 1600px) 100vw, 1600px\\\" \\\/>\\n\\t\\t<div class=\\\"figc no-description\\\">\\n\\t\\t\\t<div class=\\\"figc-inner\\\">\\n\\t\\t\\t\\t\\t\\t\\t\\t\\t\\t\\t\\t\\t\\t\\t<\\\/div>\\n\\t\\t<\\\/div>\\n\\n\\t<\\\/div>\\n\\n<\\\/div><div class=\\\"modula-item effect-pufrobo\\\" >\\n\\t<div class=\\\"modula-item-overlay\\\"><\\\/div>\\n\\n\\t<div class=\\\"modula-item-content\\\">\\n\\n\\t\\t<a data-image-id=\\\"8721\\\" role=\\\"button\\\" data-elementor-open-lightbox=\\\"no\\\" tabindex=\\\"0\\\" rel=\\\"jtg-16225\\\" data-caption=\\\"\\\" aria-label=\\\"Open image in lightbox\\\" class=\\\"tile-inner modula-item-link\\\"><\\\/a><img class=\\\"pic wp-image-8721\\\"  data-valign=\\\"middle\\\" data-halign=\\\"center\\\" alt=\\\"Un couple de mari\\u00e9s sous les aurores bor\\u00e9ales dans un fjord en Norv\\u00e8ge sur Senja. Mariage elopement sous les aurores bor\\u00e9ales avec leur photographe Ga\\u00e9tane Glize.\\\" data-full=\\\"https:\\\/\\\/gaetaneglize.com\\\/wp-content\\\/uploads\\\/2022\\\/02\\\/northern-roads-norway-senja-northern-lights-1014_websize.jpg\\\" title=\\\"Elopement northern light norways\\\" crop=\\\"\\\" width=\\\"1600\\\" height=\\\"1067\\\" src=\\\"https:\\\/\\\/gaetaneglize.com\\\/wp-content\\\/uploads\\\/2022\\\/02\\\/northern-roads-norway-senja-northern-lights-1014_websize.jpg\\\" data-src=\\\"https:\\\/\\\/gaetaneglize.com\\\/wp-content\\\/uploads\\\/2022\\\/02\\\/northern-roads-norway-senja-northern-lights-1014_websize.jpg\\\" data-caption=\\\"\\\" srcset=\\\"https:\\\/\\\/gaetaneglize.com\\\/wp-content\\\/uploads\\\/2022\\\/02\\\/northern-roads-norway-senja-northern-lights-1014_websize.jpg 1600w, https:\\\/\\\/gaetaneglize.com\\\/wp-content\\\/uploads\\\/2022\\\/02\\\/northern-roads-norway-senja-northern-lights-1014_websize-300x200.jpg 300w, https:\\\/\\\/gaetaneglize.com\\\/wp-content\\\/uploads\\\/2022\\\/02\\\/northern-roads-norway-senja-northern-lights-1014_websize-1024x683.jpg 1024w, https:\\\/\\\/gaetaneglize.com\\\/wp-content\\\/uploads\\\/2022\\\/02\\\/northern-roads-norway-senja-northern-lights-1014_websize-768x512.jpg 768w, https:\\\/\\\/gaetaneglize.com\\\/wp-content\\\/uploads\\\/2022\\\/02\\\/northern-roads-norway-senja-northern-lights-1014_websize-1536x1024.jpg 1536w\\\" sizes=\\\"(max-width: 1600px) 100vw, 1600px\\\" \\\/>\\n\\t\\t<div class=\\\"figc no-description\\\">\\n\\t\\t\\t<div class=\\\"figc-inner\\\">\\n\\t\\t\\t\\t\\t\\t\\t\\t\\t\\t\\t\\t\\t\\t\\t<\\\/div>\\n\\t\\t<\\\/div>\\n\\n\\t<\\\/div>\\n\\n<\\\/div><div class=\\\"modula-item effect-pufrobo\\\" >\\n\\t<div class=\\\"modula-item-overlay\\\"><\\\/div>\\n\\n\\t<div class=\\\"modula-item-content\\\">\\n\\n\\t\\t<a data-image-id=\\\"16060\\\" role=\\\"button\\\" data-elementor-open-lightbox=\\\"no\\\" tabindex=\\\"0\\\" rel=\\\"jtg-16225\\\" data-caption=\\\"\\\" aria-label=\\\"Open image in lightbox\\\" class=\\\"tile-inner modula-item-link\\\"><\\\/a><img class=\\\"pic wp-image-16060\\\"  data-valign=\\\"middle\\\" data-halign=\\\"center\\\" alt=\\\"\\\" data-full=\\\"https:\\\/\\\/gaetaneglize.com\\\/wp-content\\\/uploads\\\/2024\\\/12\\\/marine-meriadec-photographie-mariage-landes-1817_websize.jpg\\\" title=\\\"marine-meriadec-photographie-mariage-landes-1817_websize\\\" crop=\\\"\\\" width=\\\"1067\\\" height=\\\"1600\\\" src=\\\"https:\\\/\\\/gaetaneglize.com\\\/wp-content\\\/uploads\\\/2024\\\/12\\\/marine-meriadec-photographie-mariage-landes-1817_websize.jpg\\\" data-src=\\\"https:\\\/\\\/gaetaneglize.com\\\/wp-content\\\/uploads\\\/2024\\\/12\\\/marine-meriadec-photographie-mariage-landes-1817_websize.jpg\\\" data-caption=\\\"\\\" srcset=\\\"https:\\\/\\\/gaetaneglize.com\\\/wp-content\\\/uploads\\\/2024\\\/12\\\/marine-meriadec-photographie-mariage-landes-1817_websize.jpg 1067w, https:\\\/\\\/gaetaneglize.com\\\/wp-content\\\/uploads\\\/2024\\\/12\\\/marine-meriadec-photographie-mariage-landes-1817_websize-200x300.jpg 200w, https:\\\/\\\/gaetaneglize.com\\\/wp-content\\\/uploads\\\/2024\\\/12\\\/marine-meriadec-photographie-mariage-landes-1817_websize-683x1024.jpg 683w, https:\\\/\\\/gaetaneglize.com\\\/wp-content\\\/uploads\\\/2024\\\/12\\\/marine-meriadec-photographie-mariage-landes-1817_websize-768x1152.jpg 768w, https:\\\/\\\/gaetaneglize.com\\\/wp-content\\\/uploads\\\/2024\\\/12\\\/marine-meriadec-photographie-mariage-landes-1817_websize-1024x1536.jpg 1024w\\\" sizes=\\\"(max-width: 1067px) 100vw, 1067px\\\" \\\/>\\n\\t\\t<div class=\\\"figc no-description\\\">\\n\\t\\t\\t<div class=\\\"figc-inner\\\">\\n\\t\\t\\t\\t\\t\\t\\t\\t\\t\\t\\t\\t\\t\\t\\t<\\\/div>\\n\\t\\t<\\\/div>\\n\\n\\t<\\\/div>\\n\\n<\\\/div><div class=\\\"modula-item effect-pufrobo\\\" >\\n\\t<div class=\\\"modula-item-overlay\\\"><\\\/div>\\n\\n\\t<div class=\\\"modula-item-content\\\">\\n\\n\\t\\t<a data-image-id=\\\"8590\\\" role=\\\"button\\\" data-elementor-open-lightbox=\\\"no\\\" tabindex=\\\"0\\\" rel=\\\"jtg-16225\\\" data-caption=\\\"\\\" aria-label=\\\"Open image in lightbox\\\" class=\\\"tile-inner modula-item-link\\\"><\\\/a><img class=\\\"pic wp-image-8590\\\"  data-valign=\\\"middle\\\" data-halign=\\\"center\\\" alt=\\\"\\\" data-full=\\\"https:\\\/\\\/gaetaneglize.com\\\/wp-content\\\/uploads\\\/2022\\\/01\\\/fanny-philippe-photographe-mariage-landes-aquitaine-1847_websize.jpg\\\" title=\\\"Fanny + Philippe\\\" crop=\\\"\\\" width=\\\"1600\\\" height=\\\"1067\\\" src=\\\"https:\\\/\\\/gaetaneglize.com\\\/wp-content\\\/uploads\\\/2022\\\/01\\\/fanny-philippe-photographe-mariage-landes-aquitaine-1847_websize.jpg\\\" data-src=\\\"https:\\\/\\\/gaetaneglize.com\\\/wp-content\\\/uploads\\\/2022\\\/01\\\/fanny-philippe-photographe-mariage-landes-aquitaine-1847_websize.jpg\\\" data-caption=\\\"\\\" srcset=\\\"https:\\\/\\\/gaetaneglize.com\\\/wp-content\\\/uploads\\\/2022\\\/01\\\/fanny-philippe-photographe-mariage-landes-aquitaine-1847_websize.jpg 1600w, https:\\\/\\\/gaetaneglize.com\\\/wp-content\\\/uploads\\\/2022\\\/01\\\/fanny-philippe-photographe-mariage-landes-aquitaine-1847_websize-300x200.jpg 300w, https:\\\/\\\/gaetaneglize.com\\\/wp-content\\\/uploads\\\/2022\\\/01\\\/fanny-philippe-photographe-mariage-landes-aquitaine-1847_websize-1024x683.jpg 1024w, https:\\\/\\\/gaetaneglize.com\\\/wp-content\\\/uploads\\\/2022\\\/01\\\/fanny-philippe-photographe-mariage-landes-aquitaine-1847_websize-768x512.jpg 768w, https:\\\/\\\/gaetaneglize.com\\\/wp-content\\\/uploads\\\/2022\\\/01\\\/fanny-philippe-photographe-mariage-landes-aquitaine-1847_websize-1536x1024.jpg 1536w\\\" sizes=\\\"(max-width: 1600px) 100vw, 1600px\\\" \\\/>\\n\\t\\t<div class=\\\"figc no-description\\\">\\n\\t\\t\\t<div class=\\\"figc-inner\\\">\\n\\t\\t\\t\\t\\t\\t\\t\\t\\t\\t\\t\\t\\t\\t\\t<\\\/div>\\n\\t\\t<\\\/div>\\n\\n\\t<\\\/div>\\n\\n<\\\/div><div class=\\\"modula-item effect-pufrobo\\\" >\\n\\t<div class=\\\"modula-item-overlay\\\"><\\\/div>\\n\\n\\t<div class=\\\"modula-item-content\\\">\\n\\n\\t\\t<a data-image-id=\\\"8570\\\" role=\\\"button\\\" data-elementor-open-lightbox=\\\"no\\\" tabindex=\\\"0\\\" rel=\\\"jtg-16225\\\" data-caption=\\\"\\\" aria-label=\\\"Open image in lightbox\\\" class=\\\"tile-inner modula-item-link\\\"><\\\/a><img class=\\\"pic wp-image-8570\\\"  data-valign=\\\"middle\\\" data-halign=\\\"center\\\" alt=\\\"\\\" data-full=\\\"https:\\\/\\\/gaetaneglize.com\\\/wp-content\\\/uploads\\\/2022\\\/01\\\/marine-paul-photographie-mariage-boheme-landes-2091_websize.jpg\\\" title=\\\"Marine + Paul\\\" crop=\\\"\\\" width=\\\"1600\\\" height=\\\"1067\\\" src=\\\"https:\\\/\\\/gaetaneglize.com\\\/wp-content\\\/uploads\\\/2022\\\/01\\\/marine-paul-photographie-mariage-boheme-landes-2091_websize.jpg\\\" data-src=\\\"https:\\\/\\\/gaetaneglize.com\\\/wp-content\\\/uploads\\\/2022\\\/01\\\/marine-paul-photographie-mariage-boheme-landes-2091_websize.jpg\\\" data-caption=\\\"\\\" srcset=\\\"https:\\\/\\\/gaetaneglize.com\\\/wp-content\\\/uploads\\\/2022\\\/01\\\/marine-paul-photographie-mariage-boheme-landes-2091_websize.jpg 1600w, https:\\\/\\\/gaetaneglize.com\\\/wp-content\\\/uploads\\\/2022\\\/01\\\/marine-paul-photographie-mariage-boheme-landes-2091_websize-300x200.jpg 300w, https:\\\/\\\/gaetaneglize.com\\\/wp-content\\\/uploads\\\/2022\\\/01\\\/marine-paul-photographie-mariage-boheme-landes-2091_websize-1024x683.jpg 1024w, https:\\\/\\\/gaetaneglize.com\\\/wp-content\\\/uploads\\\/2022\\\/01\\\/marine-paul-photographie-mariage-boheme-landes-2091_websize-768x512.jpg 768w, https:\\\/\\\/gaetaneglize.com\\\/wp-content\\\/uploads\\\/2022\\\/01\\\/marine-paul-photographie-mariage-boheme-landes-2091_websize-1536x1024.jpg 1536w\\\" sizes=\\\"(max-width: 1600px) 100vw, 1600px\\\" \\\/>\\n\\t\\t<div class=\\\"figc no-description\\\">\\n\\t\\t\\t<div class=\\\"figc-inner\\\">\\n\\t\\t\\t\\t\\t\\t\\t\\t\\t\\t\\t\\t\\t\\t\\t<\\\/div>\\n\\t\\t<\\\/div>\\n\\n\\t<\\\/div>\\n\\n<\\\/div><div class=\\\"modula-item effect-pufrobo\\\" >\\n\\t<div class=\\\"modula-item-overlay\\\"><\\\/div>\\n\\n\\t<div class=\\\"modula-item-content\\\">\\n\\n\\t\\t<a data-image-id=\\\"6994\\\" role=\\\"button\\\" data-elementor-open-lightbox=\\\"no\\\" tabindex=\\\"0\\\" rel=\\\"jtg-16225\\\" data-caption=\\\"\\\" aria-label=\\\"Open image in lightbox\\\" class=\\\"tile-inner modula-item-link\\\"><\\\/a><img class=\\\"pic wp-image-6994\\\"  data-valign=\\\"middle\\\" data-halign=\\\"center\\\" alt=\\\"\\\" data-full=\\\"https:\\\/\\\/gaetaneglize.com\\\/wp-content\\\/uploads\\\/2021\\\/04\\\/elopement-1432.jpg\\\" title=\\\"Marie-France + Guillaume Elopement\\\" crop=\\\"\\\" width=\\\"1500\\\" height=\\\"2250\\\" src=\\\"https:\\\/\\\/gaetaneglize.com\\\/wp-content\\\/uploads\\\/2021\\\/04\\\/elopement-1432.jpg\\\" data-src=\\\"https:\\\/\\\/gaetaneglize.com\\\/wp-content\\\/uploads\\\/2021\\\/04\\\/elopement-1432.jpg\\\" data-caption=\\\"\\\" srcset=\\\"https:\\\/\\\/gaetaneglize.com\\\/wp-content\\\/uploads\\\/2021\\\/04\\\/elopement-1432.jpg 1500w, https:\\\/\\\/gaetaneglize.com\\\/wp-content\\\/uploads\\\/2021\\\/04\\\/elopement-1432-200x300.jpg 200w, https:\\\/\\\/gaetaneglize.com\\\/wp-content\\\/uploads\\\/2021\\\/04\\\/elopement-1432-683x1024.jpg 683w, https:\\\/\\\/gaetaneglize.com\\\/wp-content\\\/uploads\\\/2021\\\/04\\\/elopement-1432-768x1152.jpg 768w, https:\\\/\\\/gaetaneglize.com\\\/wp-content\\\/uploads\\\/2021\\\/04\\\/elopement-1432-1024x1536.jpg 1024w, https:\\\/\\\/gaetaneglize.com\\\/wp-content\\\/uploads\\\/2021\\\/04\\\/elopement-1432-1365x2048.jpg 1365w\\\" sizes=\\\"(max-width: 1500px) 100vw, 1500px\\\" \\\/>\\n\\t\\t<div class=\\\"figc no-description\\\">\\n\\t\\t\\t<div class=\\\"figc-inner\\\">\\n\\t\\t\\t\\t\\t\\t\\t\\t\\t\\t\\t\\t\\t\\t\\t<\\\/div>\\n\\t\\t<\\\/div>\\n\\n\\t<\\\/div>\\n\\n<\\\/div><div class=\\\"modula-item effect-pufrobo\\\" >\\n\\t<div class=\\\"modula-item-overlay\\\"><\\\/div>\\n\\n\\t<div class=\\\"modula-item-content\\\">\\n\\n\\t\\t<a data-image-id=\\\"16016\\\" role=\\\"button\\\" data-elementor-open-lightbox=\\\"no\\\" tabindex=\\\"0\\\" rel=\\\"jtg-16225\\\" data-caption=\\\"\\\" aria-label=\\\"Open image in lightbox\\\" class=\\\"tile-inner modula-item-link\\\"><\\\/a><img class=\\\"pic wp-image-16016\\\"  data-valign=\\\"middle\\\" data-halign=\\\"center\\\" alt=\\\"\\\" data-full=\\\"https:\\\/\\\/gaetaneglize.com\\\/wp-content\\\/uploads\\\/2024\\\/12\\\/mariage-renaissance-chateau-poudenas_gaetane-glize-photographie-1311-animation_websize.gif\\\" title=\\\"mariage-renaissance-chateau-poudenas_gaetane-glize-photographie-1311-animation_websize\\\" crop=\\\"\\\" width=\\\"2440\\\" height=\\\"1627\\\" src=\\\"https:\\\/\\\/gaetaneglize.com\\\/wp-content\\\/uploads\\\/2024\\\/12\\\/mariage-renaissance-chateau-poudenas_gaetane-glize-photographie-1311-animation_websize.gif\\\" data-src=\\\"https:\\\/\\\/gaetaneglize.com\\\/wp-content\\\/uploads\\\/2024\\\/12\\\/mariage-renaissance-chateau-poudenas_gaetane-glize-photographie-1311-animation_websize.gif\\\" data-caption=\\\"\\\"\\\/>\\n\\t\\t<div class=\\\"figc no-description\\\">\\n\\t\\t\\t<div class=\\\"figc-inner\\\">\\n\\t\\t\\t\\t\\t\\t\\t\\t\\t\\t\\t\\t\\t\\t\\t<\\\/div>\\n\\t\\t<\\\/div>\\n\\n\\t<\\\/div>\\n\\n<\\\/div><div class=\\\"modula-item effect-pufrobo\\\" >\\n\\t<div class=\\\"modula-item-overlay\\\"><\\\/div>\\n\\n\\t<div class=\\\"modula-item-content\\\">\\n\\n\\t\\t<a data-image-id=\\\"16088\\\" role=\\\"button\\\" data-elementor-open-lightbox=\\\"no\\\" tabindex=\\\"0\\\" rel=\\\"jtg-16225\\\" data-caption=\\\"\\\" aria-label=\\\"Open image in lightbox\\\" class=\\\"tile-inner modula-item-link\\\"><\\\/a><img class=\\\"pic wp-image-16088\\\"  data-valign=\\\"middle\\\" data-halign=\\\"center\\\" alt=\\\"\\\" data-full=\\\"https:\\\/\\\/gaetaneglize.com\\\/wp-content\\\/uploads\\\/2024\\\/12\\\/camille-reha-mariage-intimiste-cocobarn-woodlodge-landes-1036_3.jpg\\\" title=\\\"camille-reha-mariage-intimiste-cocobarn-woodlodge-landes-1036_3\\\" crop=\\\"\\\" width=\\\"1029\\\" height=\\\"1543\\\" src=\\\"https:\\\/\\\/gaetaneglize.com\\\/wp-content\\\/uploads\\\/2024\\\/12\\\/camille-reha-mariage-intimiste-cocobarn-woodlodge-landes-1036_3.jpg\\\" data-src=\\\"https:\\\/\\\/gaetaneglize.com\\\/wp-content\\\/uploads\\\/2024\\\/12\\\/camille-reha-mariage-intimiste-cocobarn-woodlodge-landes-1036_3.jpg\\\" data-caption=\\\"\\\" srcset=\\\"https:\\\/\\\/gaetaneglize.com\\\/wp-content\\\/uploads\\\/2024\\\/12\\\/camille-reha-mariage-intimiste-cocobarn-woodlodge-landes-1036_3.jpg 1029w, https:\\\/\\\/gaetaneglize.com\\\/wp-content\\\/uploads\\\/2024\\\/12\\\/camille-reha-mariage-intimiste-cocobarn-woodlodge-landes-1036_3-200x300.jpg 200w, https:\\\/\\\/gaetaneglize.com\\\/wp-content\\\/uploads\\\/2024\\\/12\\\/camille-reha-mariage-intimiste-cocobarn-woodlodge-landes-1036_3-683x1024.jpg 683w, https:\\\/\\\/gaetaneglize.com\\\/wp-content\\\/uploads\\\/2024\\\/12\\\/camille-reha-mariage-intimiste-cocobarn-woodlodge-landes-1036_3-768x1152.jpg 768w, https:\\\/\\\/gaetaneglize.com\\\/wp-content\\\/uploads\\\/2024\\\/12\\\/camille-reha-mariage-intimiste-cocobarn-woodlodge-landes-1036_3-1024x1536.jpg 1024w\\\" sizes=\\\"(max-width: 1029px) 100vw, 1029px\\\" \\\/>\\n\\t\\t<div class=\\\"figc no-description\\\">\\n\\t\\t\\t<div class=\\\"figc-inner\\\">\\n\\t\\t\\t\\t\\t\\t\\t\\t\\t\\t\\t\\t\\t\\t\\t<\\\/div>\\n\\t\\t<\\\/div>\\n\\n\\t<\\\/div>\\n\\n<\\\/div><div class=\\\"modula-item effect-pufrobo\\\" >\\n\\t<div class=\\\"modula-item-overlay\\\"><\\\/div>\\n\\n\\t<div class=\\\"modula-item-content\\\">\\n\\n\\t\\t<a data-image-id=\\\"9554\\\" role=\\\"button\\\" data-elementor-open-lightbox=\\\"no\\\" tabindex=\\\"0\\\" rel=\\\"jtg-16225\\\" data-caption=\\\"\\\" aria-label=\\\"Open image in lightbox\\\" class=\\\"tile-inner modula-item-link\\\"><\\\/a><img class=\\\"pic wp-image-9554\\\"  data-valign=\\\"middle\\\" data-halign=\\\"center\\\" alt=\\\"\\\" data-full=\\\"https:\\\/\\\/gaetaneglize.com\\\/wp-content\\\/uploads\\\/2022\\\/03\\\/naiti-maxime-photographe-mariage-bordeaux-gironde-aquitaine-2137_websize.jpg\\\" title=\\\"Na\\u00efti + Maxime\\\" crop=\\\"\\\" width=\\\"1600\\\" height=\\\"1067\\\" src=\\\"https:\\\/\\\/gaetaneglize.com\\\/wp-content\\\/uploads\\\/2022\\\/03\\\/naiti-maxime-photographe-mariage-bordeaux-gironde-aquitaine-2137_websize.jpg\\\" data-src=\\\"https:\\\/\\\/gaetaneglize.com\\\/wp-content\\\/uploads\\\/2022\\\/03\\\/naiti-maxime-photographe-mariage-bordeaux-gironde-aquitaine-2137_websize.jpg\\\" data-caption=\\\"\\\" srcset=\\\"https:\\\/\\\/gaetaneglize.com\\\/wp-content\\\/uploads\\\/2022\\\/03\\\/naiti-maxime-photographe-mariage-bordeaux-gironde-aquitaine-2137_websize.jpg 1600w, https:\\\/\\\/gaetaneglize.com\\\/wp-content\\\/uploads\\\/2022\\\/03\\\/naiti-maxime-photographe-mariage-bordeaux-gironde-aquitaine-2137_websize-300x200.jpg 300w, https:\\\/\\\/gaetaneglize.com\\\/wp-content\\\/uploads\\\/2022\\\/03\\\/naiti-maxime-photographe-mariage-bordeaux-gironde-aquitaine-2137_websize-1024x683.jpg 1024w, https:\\\/\\\/gaetaneglize.com\\\/wp-content\\\/uploads\\\/2022\\\/03\\\/naiti-maxime-photographe-mariage-bordeaux-gironde-aquitaine-2137_websize-768x512.jpg 768w, https:\\\/\\\/gaetaneglize.com\\\/wp-content\\\/uploads\\\/2022\\\/03\\\/naiti-maxime-photographe-mariage-bordeaux-gironde-aquitaine-2137_websize-1536x1024.jpg 1536w\\\" sizes=\\\"(max-width: 1600px) 100vw, 1600px\\\" \\\/>\\n\\t\\t<div class=\\\"figc no-description\\\">\\n\\t\\t\\t<div class=\\\"figc-inner\\\">\\n\\t\\t\\t\\t\\t\\t\\t\\t\\t\\t\\t\\t\\t\\t\\t<\\\/div>\\n\\t\\t<\\\/div>\\n\\n\\t<\\\/div>\\n\\n<\\\/div><div class=\\\"modula-item effect-pufrobo\\\" >\\n\\t<div class=\\\"modula-item-overlay\\\"><\\\/div>\\n\\n\\t<div class=\\\"modula-item-content\\\">\\n\\n\\t\\t<a data-image-id=\\\"8893\\\" role=\\\"button\\\" data-elementor-open-lightbox=\\\"no\\\" tabindex=\\\"0\\\" rel=\\\"jtg-16225\\\" data-caption=\\\"\\\" aria-label=\\\"Open image in lightbox\\\" class=\\\"tile-inner modula-item-link\\\"><\\\/a><img class=\\\"pic wp-image-8893\\\"  data-valign=\\\"middle\\\" data-halign=\\\"center\\\" alt=\\\"\\\" data-full=\\\"https:\\\/\\\/gaetaneglize.com\\\/wp-content\\\/uploads\\\/2022\\\/03\\\/camille-reha-mariage-intimiste-cocobarn-woodlodge-landes-1098_websize.jpg\\\" title=\\\"Camille + Reha\\\" crop=\\\"\\\" width=\\\"1600\\\" height=\\\"1067\\\" src=\\\"https:\\\/\\\/gaetaneglize.com\\\/wp-content\\\/uploads\\\/2022\\\/03\\\/camille-reha-mariage-intimiste-cocobarn-woodlodge-landes-1098_websize.jpg\\\" data-src=\\\"https:\\\/\\\/gaetaneglize.com\\\/wp-content\\\/uploads\\\/2022\\\/03\\\/camille-reha-mariage-intimiste-cocobarn-woodlodge-landes-1098_websize.jpg\\\" data-caption=\\\"\\\" srcset=\\\"https:\\\/\\\/gaetaneglize.com\\\/wp-content\\\/uploads\\\/2022\\\/03\\\/camille-reha-mariage-intimiste-cocobarn-woodlodge-landes-1098_websize.jpg 1600w, https:\\\/\\\/gaetaneglize.com\\\/wp-content\\\/uploads\\\/2022\\\/03\\\/camille-reha-mariage-intimiste-cocobarn-woodlodge-landes-1098_websize-300x200.jpg 300w, https:\\\/\\\/gaetaneglize.com\\\/wp-content\\\/uploads\\\/2022\\\/03\\\/camille-reha-mariage-intimiste-cocobarn-woodlodge-landes-1098_websize-1024x683.jpg 1024w, https:\\\/\\\/gaetaneglize.com\\\/wp-content\\\/uploads\\\/2022\\\/03\\\/camille-reha-mariage-intimiste-cocobarn-woodlodge-landes-1098_websize-768x512.jpg 768w, https:\\\/\\\/gaetaneglize.com\\\/wp-content\\\/uploads\\\/2022\\\/03\\\/camille-reha-mariage-intimiste-cocobarn-woodlodge-landes-1098_websize-1536x1024.jpg 1536w\\\" sizes=\\\"(max-width: 1600px) 100vw, 1600px\\\" \\\/>\\n\\t\\t<div class=\\\"figc no-description\\\">\\n\\t\\t\\t<div class=\\\"figc-inner\\\">\\n\\t\\t\\t\\t\\t\\t\\t\\t\\t\\t\\t\\t\\t\\t\\t<\\\/div>\\n\\t\\t<\\\/div>\\n\\n\\t<\\\/div>\\n\\n<\\\/div>\\t\\t\\n\\t<\\\/div>\\n\\n\\t\\n\\t\\n\\t<script type=\\\"application\\\/ld+json\\\">\\n\\t{\\n\\t\\t\\\"@context\\\": \\\"http:\\\/\\\/schema.org\\\",\\n\\t\\t\\\"@type\\\"   : \\\"ImageGallery\\\",\\n\\t\\t\\\"id\\\"      : \\\"https:\\\/\\\/gaetaneglize.com\\\/fr\\\/tarifs-photographe-mariage-landes\\\/\\\",\\n\\t\\t\\\"url\\\"     : \\\"https:\\\/\\\/gaetaneglize.com\\\/fr\\\/tarifs-photographe-mariage-landes\\\/\\\"\\n\\t}\\n\\n\\t<\\\/script>\\n\\n\\t\\n<\\\/div>\\n<\\\/p>\"}}]}<\/script>\n\t\t\t\t\t<\/div>\n\t\t\t\t\t\t<\/div>\n\t\t\t\t<\/div>\n\t\t\t\t\t<\/div>\n\t\t<\/div>\n\t\t\t\t\t<\/div>\n\t\t<\/section>\n\t\t\t\t<section class=\"elementor-section elementor-top-section elementor-element elementor-element-4019b4f elementor-section-boxed elementor-section-height-default elementor-section-height-default\" data-id=\"4019b4f\" data-element_type=\"section\" data-e-type=\"section\" data-settings=\"{&quot;background_background&quot;:&quot;classic&quot;}\">\n\t\t\t\t\t\t<div class=\"elementor-container elementor-column-gap-default\">\n\t\t\t\t\t<div class=\"elementor-column elementor-col-100 elementor-top-column elementor-element elementor-element-87a567f\" data-id=\"87a567f\" data-element_type=\"column\" data-e-type=\"column\">\n\t\t\t<div class=\"elementor-widget-wrap elementor-element-populated\">\n\t\t\t\t\t\t<div class=\"elementor-element elementor-element-51940c8 elementor-widget elementor-widget-menu-anchor\" data-id=\"51940c8\" data-element_type=\"widget\" data-e-type=\"widget\" data-widget_type=\"menu-anchor.default\">\n\t\t\t\t<div class=\"elementor-widget-container\">\n\t\t\t\t\t\t\t<div class=\"elementor-menu-anchor\" id=\"questions-frequentes\"><\/div>\n\t\t\t\t\t\t<\/div>\n\t\t\t\t<\/div>\n\t\t\t\t<div class=\"elementor-element elementor-element-48179cc elementor-invisible elementor-widget elementor-widget-heading\" data-id=\"48179cc\" data-element_type=\"widget\" data-e-type=\"widget\" data-settings=\"{&quot;_animation&quot;:&quot;fadeInRight&quot;}\" data-widget_type=\"heading.default\">\n\t\t\t\t<div class=\"elementor-widget-container\">\n\t\t\t\t\t<h3 class=\"elementor-heading-title elementor-size-default\">On veut tout savoir !<\/h3>\t\t\t\t<\/div>\n\t\t\t\t<\/div>\n\t\t\t\t<div class=\"elementor-element elementor-element-9e89610 elementor-invisible elementor-widget elementor-widget-heading\" data-id=\"9e89610\" data-element_type=\"widget\" data-e-type=\"widget\" data-settings=\"{&quot;_animation&quot;:&quot;fadeInRight&quot;}\" data-widget_type=\"heading.default\">\n\t\t\t\t<div class=\"elementor-widget-container\">\n\t\t\t\t\t<h2 class=\"elementor-heading-title elementor-size-default\">Questions fr\u00e9quentes photographie de mariage<\/h2>\t\t\t\t<\/div>\n\t\t\t\t<\/div>\n\t\t\t\t<section class=\"elementor-section elementor-inner-section elementor-element elementor-element-91808c8 elementor-section-content-top elementor-section-boxed elementor-section-height-default elementor-section-height-default\" data-id=\"91808c8\" data-element_type=\"section\" data-e-type=\"section\">\n\t\t\t\t\t\t<div class=\"elementor-container elementor-column-gap-default\">\n\t\t\t\t\t<div class=\"elementor-column elementor-col-50 elementor-inner-column elementor-element elementor-element-1f15d42 elementor-invisible\" data-id=\"1f15d42\" data-element_type=\"column\" data-e-type=\"column\" data-settings=\"{&quot;animation&quot;:&quot;fadeInUp&quot;}\">\n\t\t\t<div class=\"elementor-widget-wrap elementor-element-populated\">\n\t\t\t\t\t\t<section class=\"elementor-section elementor-inner-section elementor-element elementor-element-447cb99 elementor-section-boxed elementor-section-height-default elementor-section-height-default\" data-id=\"447cb99\" data-element_type=\"section\" data-e-type=\"section\">\n\t\t\t\t\t\t<div class=\"elementor-container elementor-column-gap-default\">\n\t\t\t\t\t<div class=\"elementor-column elementor-col-100 elementor-inner-column elementor-element elementor-element-e68c7a3\" data-id=\"e68c7a3\" data-element_type=\"column\" data-e-type=\"column\">\n\t\t\t<div class=\"elementor-widget-wrap elementor-element-populated\">\n\t\t\t\t\t\t<div class=\"elementor-element elementor-element-045cc05 elementor-widget elementor-widget-toggle\" data-id=\"045cc05\" data-element_type=\"widget\" data-e-type=\"widget\" data-widget_type=\"toggle.default\">\n\t\t\t\t<div class=\"elementor-widget-container\">\n\t\t\t\t\t\t\t<div class=\"elementor-toggle\">\n\t\t\t\t\t\t\t<div class=\"elementor-toggle-item\">\n\t\t\t\t\t<div id=\"elementor-tab-title-4571\" class=\"elementor-tab-title\" data-tab=\"1\" role=\"button\" aria-controls=\"elementor-tab-content-4571\" aria-expanded=\"false\">\n\t\t\t\t\t\t\t\t\t\t\t\t<span class=\"elementor-toggle-icon elementor-toggle-icon-right\" aria-hidden=\"true\">\n\t\t\t\t\t\t\t\t\t\t\t\t\t\t\t<span class=\"elementor-toggle-icon-closed\"><svg class=\"e-font-icon-svg e-fas-caret-down\" viewBox=\"0 0 320 512\" xmlns=\"http:\/\/www.w3.org\/2000\/svg\"><path d=\"M31.3 192h257.3c17.8 0 26.7 21.5 14.1 34.1L174.1 354.8c-7.8 7.8-20.5 7.8-28.3 0L17.2 226.1C4.6 213.5 13.5 192 31.3 192z\"><\/path><\/svg><\/span>\n\t\t\t\t\t\t\t\t<span class=\"elementor-toggle-icon-opened\"><svg class=\"elementor-toggle-icon-opened e-font-icon-svg e-fas-caret-up\" viewBox=\"0 0 320 512\" xmlns=\"http:\/\/www.w3.org\/2000\/svg\"><path d=\"M288.662 352H31.338c-17.818 0-26.741-21.543-14.142-34.142l128.662-128.662c7.81-7.81 20.474-7.81 28.284 0l128.662 128.662c12.6 12.599 3.676 34.142-14.142 34.142z\"><\/path><\/svg><\/span>\n\t\t\t\t\t\t\t\t\t\t\t\t\t<\/span>\n\t\t\t\t\t\t\t\t\t\t\t\t<a class=\"elementor-toggle-title\" tabindex=\"0\">O\u00f9 habites-tu ? Te d\u00e9places-tu ?<\/a>\n\t\t\t\t\t<\/div>\n\n\t\t\t\t\t<div id=\"elementor-tab-content-4571\" class=\"elementor-tab-content elementor-clearfix\" data-tab=\"1\" role=\"region\" aria-labelledby=\"elementor-tab-title-4571\"><p align=\"justify\">Je suis bas\u00e9e dans le sud des Landes, tout proche du Pays Basque. Je me d\u00e9place partout en Aquitaine avec ma petite maison sur roues Barnab\u00e9, de Bordeaux \u00e0 Toulouse, de la c\u00f4te atlantique aux montagnes des Pyr\u00e9n\u00e9es. Des frais de d\u00e9placement kilom\u00e9triques seront alors calcul\u00e9s. J\u2019adore aussi me d\u00e9placer partout en France et \u00e0 l\u2019\u00e9tranger pour raconter votre histoire de mariage ! Selon l\u2019endroit que vous avez choisi pour vous marier, nous choisirons alors ensemble le mode de d\u00e9placement le plus ad\u00e9quat (train, avion, ou mon fid\u00e8le camping-car).<\/p><\/div>\n\t\t\t\t<\/div>\n\t\t\t\t\t\t\t<div class=\"elementor-toggle-item\">\n\t\t\t\t\t<div id=\"elementor-tab-title-4572\" class=\"elementor-tab-title\" data-tab=\"2\" role=\"button\" aria-controls=\"elementor-tab-content-4572\" aria-expanded=\"false\">\n\t\t\t\t\t\t\t\t\t\t\t\t<span class=\"elementor-toggle-icon elementor-toggle-icon-right\" aria-hidden=\"true\">\n\t\t\t\t\t\t\t\t\t\t\t\t\t\t\t<span class=\"elementor-toggle-icon-closed\"><svg class=\"e-font-icon-svg e-fas-caret-down\" viewBox=\"0 0 320 512\" xmlns=\"http:\/\/www.w3.org\/2000\/svg\"><path d=\"M31.3 192h257.3c17.8 0 26.7 21.5 14.1 34.1L174.1 354.8c-7.8 7.8-20.5 7.8-28.3 0L17.2 226.1C4.6 213.5 13.5 192 31.3 192z\"><\/path><\/svg><\/span>\n\t\t\t\t\t\t\t\t<span class=\"elementor-toggle-icon-opened\"><svg class=\"elementor-toggle-icon-opened e-font-icon-svg e-fas-caret-up\" viewBox=\"0 0 320 512\" xmlns=\"http:\/\/www.w3.org\/2000\/svg\"><path d=\"M288.662 352H31.338c-17.818 0-26.741-21.543-14.142-34.142l128.662-128.662c7.81-7.81 20.474-7.81 28.284 0l128.662 128.662c12.6 12.599 3.676 34.142-14.142 34.142z\"><\/path><\/svg><\/span>\n\t\t\t\t\t\t\t\t\t\t\t\t\t<\/span>\n\t\t\t\t\t\t\t\t\t\t\t\t<a class=\"elementor-toggle-title\" tabindex=\"0\">Quel est ton style ?<\/a>\n\t\t\t\t\t<\/div>\n\n\t\t\t\t\t<div id=\"elementor-tab-content-4572\" class=\"elementor-tab-content elementor-clearfix\" data-tab=\"2\" role=\"region\" aria-labelledby=\"elementor-tab-title-4572\"><p align=\"justify\">On pourrait r\u00e9sumer mon univers en ces mots : des photos naturelles, douces et intenses; une capture sinc\u00e8re et authentique du d\u00e9roul\u00e9 et des \u00e9motions; une ambiance po\u00e9tique, intemporelle et nostalgique. Je cr\u00e9e ainsi des photos de mariages non traditionnelles \u00e0 l\u2019atmosph\u00e8re vaporeuse. Je travaille l\u2019ombre pour envelopper les sujets dans une lumi\u00e8re naturelle diffuse. Les contours sont doux, les teintes sont profondes et se fondent les unes dans les autres en de subtils d\u00e9grad\u00e9s, comme si leurs fronti\u00e8res \u00e9taient l\u00e9g\u00e8rement estomp\u00e9es. L\u2019atmosph\u00e8re est douce et onirique. Je m\u2019inspire beaucoup de la peinture et du cin\u00e9ma pour cr\u00e9er des reportages de mariage cin\u00e9matiques et artistiques \u00e0 l\u2019ambiance intimiste et d\u00e9licate. Je d\u00e9veloppe aussi mes images en m\u2019inspirant du rendu argentique avec un grain textur\u00e9 qui apporte de la profondeur, une intensit\u00e9 et une touche vintage.<\/p><\/div>\n\t\t\t\t<\/div>\n\t\t\t\t\t\t\t<div class=\"elementor-toggle-item\">\n\t\t\t\t\t<div id=\"elementor-tab-title-4573\" class=\"elementor-tab-title\" data-tab=\"3\" role=\"button\" aria-controls=\"elementor-tab-content-4573\" aria-expanded=\"false\">\n\t\t\t\t\t\t\t\t\t\t\t\t<span class=\"elementor-toggle-icon elementor-toggle-icon-right\" aria-hidden=\"true\">\n\t\t\t\t\t\t\t\t\t\t\t\t\t\t\t<span class=\"elementor-toggle-icon-closed\"><svg class=\"e-font-icon-svg e-fas-caret-down\" viewBox=\"0 0 320 512\" xmlns=\"http:\/\/www.w3.org\/2000\/svg\"><path d=\"M31.3 192h257.3c17.8 0 26.7 21.5 14.1 34.1L174.1 354.8c-7.8 7.8-20.5 7.8-28.3 0L17.2 226.1C4.6 213.5 13.5 192 31.3 192z\"><\/path><\/svg><\/span>\n\t\t\t\t\t\t\t\t<span class=\"elementor-toggle-icon-opened\"><svg class=\"elementor-toggle-icon-opened e-font-icon-svg e-fas-caret-up\" viewBox=\"0 0 320 512\" xmlns=\"http:\/\/www.w3.org\/2000\/svg\"><path d=\"M288.662 352H31.338c-17.818 0-26.741-21.543-14.142-34.142l128.662-128.662c7.81-7.81 20.474-7.81 28.284 0l128.662 128.662c12.6 12.599 3.676 34.142-14.142 34.142z\"><\/path><\/svg><\/span>\n\t\t\t\t\t\t\t\t\t\t\t\t\t<\/span>\n\t\t\t\t\t\t\t\t\t\t\t\t<a class=\"elementor-toggle-title\" tabindex=\"0\">Quel type de mariage fais-tu ?<\/a>\n\t\t\t\t\t<\/div>\n\n\t\t\t\t\t<div id=\"elementor-tab-content-4573\" class=\"elementor-tab-content elementor-clearfix\" data-tab=\"3\" role=\"region\" aria-labelledby=\"elementor-tab-title-4573\"><p align=\"justify\">Tous ! Tous les couples sont les bienvenus. La seule limitation est le nombre d\u2019invit\u00e9s. Je photographie les mariages jusqu\u2019\u00e0 environ 100 invit\u00e9s et ce pour mieux vous servir et me focaliser sur l\u2019essentiel : vous deux, votre connexion, et votre famille\/amis les plus proches. Si votre liste d\u2019invit\u00e9s est un peu au-dessus, pas de panique ! Chaque saison je photographie \u00e9galement des mariages accueillant jusqu\u2019\u00e0 150 invit\u00e9s. L\u2019essentiel est avant tout notre connexion et notre vision commune de la journ\u00e9e.<\/p><\/div>\n\t\t\t\t<\/div>\n\t\t\t\t\t\t\t<div class=\"elementor-toggle-item\">\n\t\t\t\t\t<div id=\"elementor-tab-title-4574\" class=\"elementor-tab-title\" data-tab=\"4\" role=\"button\" aria-controls=\"elementor-tab-content-4574\" aria-expanded=\"false\">\n\t\t\t\t\t\t\t\t\t\t\t\t<span class=\"elementor-toggle-icon elementor-toggle-icon-right\" aria-hidden=\"true\">\n\t\t\t\t\t\t\t\t\t\t\t\t\t\t\t<span class=\"elementor-toggle-icon-closed\"><svg class=\"e-font-icon-svg e-fas-caret-down\" viewBox=\"0 0 320 512\" xmlns=\"http:\/\/www.w3.org\/2000\/svg\"><path d=\"M31.3 192h257.3c17.8 0 26.7 21.5 14.1 34.1L174.1 354.8c-7.8 7.8-20.5 7.8-28.3 0L17.2 226.1C4.6 213.5 13.5 192 31.3 192z\"><\/path><\/svg><\/span>\n\t\t\t\t\t\t\t\t<span class=\"elementor-toggle-icon-opened\"><svg class=\"elementor-toggle-icon-opened e-font-icon-svg e-fas-caret-up\" viewBox=\"0 0 320 512\" xmlns=\"http:\/\/www.w3.org\/2000\/svg\"><path d=\"M288.662 352H31.338c-17.818 0-26.741-21.543-14.142-34.142l128.662-128.662c7.81-7.81 20.474-7.81 28.284 0l128.662 128.662c12.6 12.599 3.676 34.142-14.142 34.142z\"><\/path><\/svg><\/span>\n\t\t\t\t\t\t\t\t\t\t\t\t\t<\/span>\n\t\t\t\t\t\t\t\t\t\t\t\t<a class=\"elementor-toggle-title\" tabindex=\"0\">Quelle est ta mani\u00e8re de travailler pendant notre mariage ?<\/a>\n\t\t\t\t\t<\/div>\n\n\t\t\t\t\t<div id=\"elementor-tab-content-4574\" class=\"elementor-tab-content elementor-clearfix\" data-tab=\"4\" role=\"region\" aria-labelledby=\"elementor-tab-title-4574\"><p align=\"justify\">J\u2019aime les photos naturelles, non pos\u00e9es et prises sur le vif. J\u2019utilise alors majoritairement le photo-reportage. Mon approche est discr\u00e8te et spontan\u00e9e : je me faufile parmi vos proches pour \u00eatre au plus pr\u00e8s de vous tous et je capture la journ\u00e9e telle qu\u2019elle se d\u00e9roule devant moi, sans intervention. J\u2019adore aussi \u00e9changer et rire avec vos proches pour les mettre \u00e0 l\u2019aise en ma pr\u00e9sence et ainsi capturer leur personnalit\u00e9. J\u2019apporte \u00e0 cela une sensibilit\u00e9 sur le travail de la composition et de la lumi\u00e8re pour assurer un reportage complet harmonieux et artistique. Je documente votre mariage de mani\u00e8re authentique et po\u00e9tique. \u00c0 certains moments pr\u00e9cis comme les photos de groupe ou de couple, je vais vous guider et vous donner des choses \u00e0 vous dire et \u00e0 faire, puis je laisse le reste se d\u00e9rouler naturellement pour assurer des images naturelles et de vraies \u00e9motions qui restent dans le temps. Chaque mariage est une nouvelle histoire \u00e0 raconter.<\/p><\/div>\n\t\t\t\t<\/div>\n\t\t\t\t\t\t\t<div class=\"elementor-toggle-item\">\n\t\t\t\t\t<div id=\"elementor-tab-title-4575\" class=\"elementor-tab-title\" data-tab=\"5\" role=\"button\" aria-controls=\"elementor-tab-content-4575\" aria-expanded=\"false\">\n\t\t\t\t\t\t\t\t\t\t\t\t<span class=\"elementor-toggle-icon elementor-toggle-icon-right\" aria-hidden=\"true\">\n\t\t\t\t\t\t\t\t\t\t\t\t\t\t\t<span class=\"elementor-toggle-icon-closed\"><svg class=\"e-font-icon-svg e-fas-caret-down\" viewBox=\"0 0 320 512\" xmlns=\"http:\/\/www.w3.org\/2000\/svg\"><path d=\"M31.3 192h257.3c17.8 0 26.7 21.5 14.1 34.1L174.1 354.8c-7.8 7.8-20.5 7.8-28.3 0L17.2 226.1C4.6 213.5 13.5 192 31.3 192z\"><\/path><\/svg><\/span>\n\t\t\t\t\t\t\t\t<span class=\"elementor-toggle-icon-opened\"><svg class=\"elementor-toggle-icon-opened e-font-icon-svg e-fas-caret-up\" viewBox=\"0 0 320 512\" xmlns=\"http:\/\/www.w3.org\/2000\/svg\"><path d=\"M288.662 352H31.338c-17.818 0-26.741-21.543-14.142-34.142l128.662-128.662c7.81-7.81 20.474-7.81 28.284 0l128.662 128.662c12.6 12.599 3.676 34.142-14.142 34.142z\"><\/path><\/svg><\/span>\n\t\t\t\t\t\t\t\t\t\t\t\t\t<\/span>\n\t\t\t\t\t\t\t\t\t\t\t\t<a class=\"elementor-toggle-title\" tabindex=\"0\">Combien de photos livres-tu ? Y a-t-il un maximum ?<\/a>\n\t\t\t\t\t<\/div>\n\n\t\t\t\t\t<div id=\"elementor-tab-content-4575\" class=\"elementor-tab-content elementor-clearfix\" data-tab=\"5\" role=\"region\" aria-labelledby=\"elementor-tab-title-4575\"><p align=\"justify\">Le nombre de photos livr\u00e9es d\u00e9pend de la formule que vous aurez choisie et ainsi du nombre d\u2019heures de reportage. Pour chaque formule, je vous indique le nombre minimum de photos auquel vous pouvez vous attendre. Il n\u2019y a pas de limite ou de maximum quant au nombre total de photos que je vous livrerai. Je vous remets toutes les photos de bonne qualit\u00e9, qui ne sont pas des doublons et qui contribuent \u00e0 la narration de votre mariage. Je ne garde pas de photos en otage. Je consid\u00e8re que chaque photo est importante.<\/p><\/div>\n\t\t\t\t<\/div>\n\t\t\t\t\t\t\t<div class=\"elementor-toggle-item\">\n\t\t\t\t\t<div id=\"elementor-tab-title-4576\" class=\"elementor-tab-title\" data-tab=\"6\" role=\"button\" aria-controls=\"elementor-tab-content-4576\" aria-expanded=\"false\">\n\t\t\t\t\t\t\t\t\t\t\t\t<span class=\"elementor-toggle-icon elementor-toggle-icon-right\" aria-hidden=\"true\">\n\t\t\t\t\t\t\t\t\t\t\t\t\t\t\t<span class=\"elementor-toggle-icon-closed\"><svg class=\"e-font-icon-svg e-fas-caret-down\" viewBox=\"0 0 320 512\" xmlns=\"http:\/\/www.w3.org\/2000\/svg\"><path d=\"M31.3 192h257.3c17.8 0 26.7 21.5 14.1 34.1L174.1 354.8c-7.8 7.8-20.5 7.8-28.3 0L17.2 226.1C4.6 213.5 13.5 192 31.3 192z\"><\/path><\/svg><\/span>\n\t\t\t\t\t\t\t\t<span class=\"elementor-toggle-icon-opened\"><svg class=\"elementor-toggle-icon-opened e-font-icon-svg e-fas-caret-up\" viewBox=\"0 0 320 512\" xmlns=\"http:\/\/www.w3.org\/2000\/svg\"><path d=\"M288.662 352H31.338c-17.818 0-26.741-21.543-14.142-34.142l128.662-128.662c7.81-7.81 20.474-7.81 28.284 0l128.662 128.662c12.6 12.599 3.676 34.142-14.142 34.142z\"><\/path><\/svg><\/span>\n\t\t\t\t\t\t\t\t\t\t\t\t\t<\/span>\n\t\t\t\t\t\t\t\t\t\t\t\t<a class=\"elementor-toggle-title\" tabindex=\"0\">Quel \u00e9quipement utilises-tu ?<\/a>\n\t\t\t\t\t<\/div>\n\n\t\t\t\t\t<div id=\"elementor-tab-content-4576\" class=\"elementor-tab-content elementor-clearfix\" data-tab=\"6\" role=\"region\" aria-labelledby=\"elementor-tab-title-4576\"><p align=\"justify\">J\u2019ai toujours 2 bo\u00eetiers avec moi et diff\u00e9rents objectifs, plusieurs batteries, plusieurs cartes SD. En cas de panne, j\u2019ai ce qu\u2019il faut pour continuer \u00e0 assurer ma prestation !<\/p><\/div>\n\t\t\t\t<\/div>\n\t\t\t\t\t\t\t<div class=\"elementor-toggle-item\">\n\t\t\t\t\t<div id=\"elementor-tab-title-4577\" class=\"elementor-tab-title\" data-tab=\"7\" role=\"button\" aria-controls=\"elementor-tab-content-4577\" aria-expanded=\"false\">\n\t\t\t\t\t\t\t\t\t\t\t\t<span class=\"elementor-toggle-icon elementor-toggle-icon-right\" aria-hidden=\"true\">\n\t\t\t\t\t\t\t\t\t\t\t\t\t\t\t<span class=\"elementor-toggle-icon-closed\"><svg class=\"e-font-icon-svg e-fas-caret-down\" viewBox=\"0 0 320 512\" xmlns=\"http:\/\/www.w3.org\/2000\/svg\"><path d=\"M31.3 192h257.3c17.8 0 26.7 21.5 14.1 34.1L174.1 354.8c-7.8 7.8-20.5 7.8-28.3 0L17.2 226.1C4.6 213.5 13.5 192 31.3 192z\"><\/path><\/svg><\/span>\n\t\t\t\t\t\t\t\t<span class=\"elementor-toggle-icon-opened\"><svg class=\"elementor-toggle-icon-opened e-font-icon-svg e-fas-caret-up\" viewBox=\"0 0 320 512\" xmlns=\"http:\/\/www.w3.org\/2000\/svg\"><path d=\"M288.662 352H31.338c-17.818 0-26.741-21.543-14.142-34.142l128.662-128.662c7.81-7.81 20.474-7.81 28.284 0l128.662 128.662c12.6 12.599 3.676 34.142-14.142 34.142z\"><\/path><\/svg><\/span>\n\t\t\t\t\t\t\t\t\t\t\t\t\t<\/span>\n\t\t\t\t\t\t\t\t\t\t\t\t<a class=\"elementor-toggle-title\" tabindex=\"0\">\u00c0 quel moment recevrons-nous nos photos ?<\/a>\n\t\t\t\t\t<\/div>\n\n\t\t\t\t\t<div id=\"elementor-tab-content-4577\" class=\"elementor-tab-content elementor-clearfix\" data-tab=\"7\" role=\"region\" aria-labelledby=\"elementor-tab-title-4577\"><p align=\"justify\">Je d\u00e9veloppe chaque photo une par une pour assurer la coh\u00e9rence du reportage et la qualit\u00e9 de chacune des images qui le compose. C\u2019est la partie immerg\u00e9e de l\u2019iceberg, la plus longue mais l\u00e0 o\u00f9 la magie que l\u2019on a cr\u00e9\u00e9 ensemble le jour J se transforme en un reportage puissant et harmonieux. Je vous livrerai votre reportage complet sur une galerie en ligne priv\u00e9e et s\u00e9curis\u00e9e sous 4 \u00e0 12 semaines. Vous pourrez ensuite tr\u00e8s facilement la partager avec vos proches en leur envoyant le lien d\u2019acc\u00e8s priv\u00e9. Vos proches pourrons alors visionner et t\u00e9l\u00e9charger l&#8217;ensemble des photos gratuitement !<\/p><\/div>\n\t\t\t\t<\/div>\n\t\t\t\t\t\t\t<div class=\"elementor-toggle-item\">\n\t\t\t\t\t<div id=\"elementor-tab-title-4578\" class=\"elementor-tab-title\" data-tab=\"8\" role=\"button\" aria-controls=\"elementor-tab-content-4578\" aria-expanded=\"false\">\n\t\t\t\t\t\t\t\t\t\t\t\t<span class=\"elementor-toggle-icon elementor-toggle-icon-right\" aria-hidden=\"true\">\n\t\t\t\t\t\t\t\t\t\t\t\t\t\t\t<span class=\"elementor-toggle-icon-closed\"><svg class=\"e-font-icon-svg e-fas-caret-down\" viewBox=\"0 0 320 512\" xmlns=\"http:\/\/www.w3.org\/2000\/svg\"><path d=\"M31.3 192h257.3c17.8 0 26.7 21.5 14.1 34.1L174.1 354.8c-7.8 7.8-20.5 7.8-28.3 0L17.2 226.1C4.6 213.5 13.5 192 31.3 192z\"><\/path><\/svg><\/span>\n\t\t\t\t\t\t\t\t<span class=\"elementor-toggle-icon-opened\"><svg class=\"elementor-toggle-icon-opened e-font-icon-svg e-fas-caret-up\" viewBox=\"0 0 320 512\" xmlns=\"http:\/\/www.w3.org\/2000\/svg\"><path d=\"M288.662 352H31.338c-17.818 0-26.741-21.543-14.142-34.142l128.662-128.662c7.81-7.81 20.474-7.81 28.284 0l128.662 128.662c12.6 12.599 3.676 34.142-14.142 34.142z\"><\/path><\/svg><\/span>\n\t\t\t\t\t\t\t\t\t\t\t\t\t<\/span>\n\t\t\t\t\t\t\t\t\t\t\t\t<a class=\"elementor-toggle-title\" tabindex=\"0\">Combien de temps \u00e0 l'avance faut-il r\u00e9server ?<\/a>\n\t\t\t\t\t<\/div>\n\n\t\t\t\t\t<div id=\"elementor-tab-content-4578\" class=\"elementor-tab-content elementor-clearfix\" data-tab=\"8\" role=\"region\" aria-labelledby=\"elementor-tab-title-4578\"><p align=\"justify\">Certaines dates sont tr\u00e8s pris\u00e9es ! Il est toujours bien de s\u00e9curiser votre date d\u00e8s que vous le pouvez. Mais cela arrive aussi de r\u00e9server 2 semaines avant ! Tout est possible.<\/p><\/div>\n\t\t\t\t<\/div>\n\t\t\t\t\t\t\t<div class=\"elementor-toggle-item\">\n\t\t\t\t\t<div id=\"elementor-tab-title-4579\" class=\"elementor-tab-title\" data-tab=\"9\" role=\"button\" aria-controls=\"elementor-tab-content-4579\" aria-expanded=\"false\">\n\t\t\t\t\t\t\t\t\t\t\t\t<span class=\"elementor-toggle-icon elementor-toggle-icon-right\" aria-hidden=\"true\">\n\t\t\t\t\t\t\t\t\t\t\t\t\t\t\t<span class=\"elementor-toggle-icon-closed\"><svg class=\"e-font-icon-svg e-fas-caret-down\" viewBox=\"0 0 320 512\" xmlns=\"http:\/\/www.w3.org\/2000\/svg\"><path d=\"M31.3 192h257.3c17.8 0 26.7 21.5 14.1 34.1L174.1 354.8c-7.8 7.8-20.5 7.8-28.3 0L17.2 226.1C4.6 213.5 13.5 192 31.3 192z\"><\/path><\/svg><\/span>\n\t\t\t\t\t\t\t\t<span class=\"elementor-toggle-icon-opened\"><svg class=\"elementor-toggle-icon-opened e-font-icon-svg e-fas-caret-up\" viewBox=\"0 0 320 512\" xmlns=\"http:\/\/www.w3.org\/2000\/svg\"><path d=\"M288.662 352H31.338c-17.818 0-26.741-21.543-14.142-34.142l128.662-128.662c7.81-7.81 20.474-7.81 28.284 0l128.662 128.662c12.6 12.599 3.676 34.142-14.142 34.142z\"><\/path><\/svg><\/span>\n\t\t\t\t\t\t\t\t\t\t\t\t\t<\/span>\n\t\t\t\t\t\t\t\t\t\t\t\t<a class=\"elementor-toggle-title\" tabindex=\"0\">Comment r\u00e9server notre date ?<\/a>\n\t\t\t\t\t<\/div>\n\n\t\t\t\t\t<div id=\"elementor-tab-content-4579\" class=\"elementor-tab-content elementor-clearfix\" data-tab=\"9\" role=\"region\" aria-labelledby=\"elementor-tab-title-4579\"><p align=\"justify\">Le feeling entre nous est important et nous sommes une \u00e9quipe avec un but commun : faire de votre journ\u00e9e une exp\u00e9rience de mariage unique et qui vous ressemble ! Alors dans un premier temps nous \u00e9changerons ensemble au t\u00e9l\u00e9phone ou autour d\u2019un caf\u00e9 pour apprendre \u00e0 se conna\u00eetre, parler de vos attentes et de votre journ\u00e9e. Faites-moi part de votre histoire, de la vision de votre mariage, de ce que vous souhaitez vivre, ressentir, partager ensemble tous les deux et avec vos proches. Si \u00e7a matche entre nous et qu&#8217;on continue l&#8217;aventure ensemble, alors on s\u00e9curisera votre date avec un contrat et un acompte. Votre date sera \u00e0 ce moment-l\u00e0 officiellement r\u00e9serv\u00e9e !<\/p><\/div>\n\t\t\t\t<\/div>\n\t\t\t\t\t\t\t\t\t\t<script type=\"application\/ld+json\">{\"@context\":\"https:\\\/\\\/schema.org\",\"@type\":\"FAQPage\",\"mainEntity\":[{\"@type\":\"Question\",\"name\":\"O\\u00f9 habites-tu ? Te d\\u00e9places-tu ?\",\"acceptedAnswer\":{\"@type\":\"Answer\",\"text\":\"<p align=\\\"justify\\\">Je suis bas\\u00e9e dans le sud des Landes, tout proche du Pays Basque. Je me d\\u00e9place partout en Aquitaine avec ma petite maison sur roues Barnab\\u00e9, de Bordeaux \\u00e0 Toulouse, de la c\\u00f4te atlantique aux montagnes des Pyr\\u00e9n\\u00e9es. Des frais de d\\u00e9placement kilom\\u00e9triques seront alors calcul\\u00e9s. J\\u2019adore aussi me d\\u00e9placer partout en France et \\u00e0 l\\u2019\\u00e9tranger pour raconter votre histoire de mariage ! Selon l\\u2019endroit que vous avez choisi pour vous marier, nous choisirons alors ensemble le mode de d\\u00e9placement le plus ad\\u00e9quat (train, avion, ou mon fid\\u00e8le camping-car).<\\\/p>\"}},{\"@type\":\"Question\",\"name\":\"Quel est ton style ?\",\"acceptedAnswer\":{\"@type\":\"Answer\",\"text\":\"<p align=\\\"justify\\\">On pourrait r\\u00e9sumer mon univers en ces mots : des photos naturelles, douces et intenses; une capture sinc\\u00e8re et authentique du d\\u00e9roul\\u00e9 et des \\u00e9motions; une ambiance po\\u00e9tique, intemporelle et nostalgique. Je cr\\u00e9e ainsi des photos de mariages non traditionnelles \\u00e0 l\\u2019atmosph\\u00e8re vaporeuse. Je travaille l\\u2019ombre pour envelopper les sujets dans une lumi\\u00e8re naturelle diffuse. Les contours sont doux, les teintes sont profondes et se fondent les unes dans les autres en de subtils d\\u00e9grad\\u00e9s, comme si leurs fronti\\u00e8res \\u00e9taient l\\u00e9g\\u00e8rement estomp\\u00e9es. L\\u2019atmosph\\u00e8re est douce et onirique. Je m\\u2019inspire beaucoup de la peinture et du cin\\u00e9ma pour cr\\u00e9er des reportages de mariage cin\\u00e9matiques et artistiques \\u00e0 l\\u2019ambiance intimiste et d\\u00e9licate. Je d\\u00e9veloppe aussi mes images en m\\u2019inspirant du rendu argentique avec un grain textur\\u00e9 qui apporte de la profondeur, une intensit\\u00e9 et une touche vintage.<\\\/p>\"}},{\"@type\":\"Question\",\"name\":\"Quel type de mariage fais-tu ?\",\"acceptedAnswer\":{\"@type\":\"Answer\",\"text\":\"<p align=\\\"justify\\\">Tous ! Tous les couples sont les bienvenus. La seule limitation est le nombre d\\u2019invit\\u00e9s. Je photographie les mariages jusqu\\u2019\\u00e0 environ 100 invit\\u00e9s et ce pour mieux vous servir et me focaliser sur l\\u2019essentiel : vous deux, votre connexion, et votre famille\\\/amis les plus proches. Si votre liste d\\u2019invit\\u00e9s est un peu au-dessus, pas de panique ! Chaque saison je photographie \\u00e9galement des mariages accueillant jusqu\\u2019\\u00e0 150 invit\\u00e9s. L\\u2019essentiel est avant tout notre connexion et notre vision commune de la journ\\u00e9e.<\\\/p>\"}},{\"@type\":\"Question\",\"name\":\"Quelle est ta mani\\u00e8re de travailler pendant notre mariage ?\",\"acceptedAnswer\":{\"@type\":\"Answer\",\"text\":\"<p align=\\\"justify\\\">J\\u2019aime les photos naturelles, non pos\\u00e9es et prises sur le vif. J\\u2019utilise alors majoritairement le photo-reportage. Mon approche est discr\\u00e8te et spontan\\u00e9e : je me faufile parmi vos proches pour \\u00eatre au plus pr\\u00e8s de vous tous et je capture la journ\\u00e9e telle qu\\u2019elle se d\\u00e9roule devant moi, sans intervention. J\\u2019adore aussi \\u00e9changer et rire avec vos proches pour les mettre \\u00e0 l\\u2019aise en ma pr\\u00e9sence et ainsi capturer leur personnalit\\u00e9. J\\u2019apporte \\u00e0 cela une sensibilit\\u00e9 sur le travail de la composition et de la lumi\\u00e8re pour assurer un reportage complet harmonieux et artistique. Je documente votre mariage de mani\\u00e8re authentique et po\\u00e9tique. \\u00c0 certains moments pr\\u00e9cis comme les photos de groupe ou de couple, je vais vous guider et vous donner des choses \\u00e0 vous dire et \\u00e0 faire, puis je laisse le reste se d\\u00e9rouler naturellement pour assurer des images naturelles et de vraies \\u00e9motions qui restent dans le temps. Chaque mariage est une nouvelle histoire \\u00e0 raconter.<\\\/p>\"}},{\"@type\":\"Question\",\"name\":\"Combien de photos livres-tu ? Y a-t-il un maximum ?\",\"acceptedAnswer\":{\"@type\":\"Answer\",\"text\":\"<p align=\\\"justify\\\">Le nombre de photos livr\\u00e9es d\\u00e9pend de la formule que vous aurez choisie et ainsi du nombre d\\u2019heures de reportage. Pour chaque formule, je vous indique le nombre minimum de photos auquel vous pouvez vous attendre. Il n\\u2019y a pas de limite ou de maximum quant au nombre total de photos que je vous livrerai. Je vous remets toutes les photos de bonne qualit\\u00e9, qui ne sont pas des doublons et qui contribuent \\u00e0 la narration de votre mariage. Je ne garde pas de photos en otage. Je consid\\u00e8re que chaque photo est importante.<\\\/p>\"}},{\"@type\":\"Question\",\"name\":\"Quel \\u00e9quipement utilises-tu ?\",\"acceptedAnswer\":{\"@type\":\"Answer\",\"text\":\"<p align=\\\"justify\\\">J\\u2019ai toujours 2 bo\\u00eetiers avec moi et diff\\u00e9rents objectifs, plusieurs batteries, plusieurs cartes SD. En cas de panne, j\\u2019ai ce qu\\u2019il faut pour continuer \\u00e0 assurer ma prestation !<\\\/p>\"}},{\"@type\":\"Question\",\"name\":\"\\u00c0 quel moment recevrons-nous nos photos ?\",\"acceptedAnswer\":{\"@type\":\"Answer\",\"text\":\"<p align=\\\"justify\\\">Je d\\u00e9veloppe chaque photo une par une pour assurer la coh\\u00e9rence du reportage et la qualit\\u00e9 de chacune des images qui le compose. C\\u2019est la partie immerg\\u00e9e de l\\u2019iceberg, la plus longue mais l\\u00e0 o\\u00f9 la magie que l\\u2019on a cr\\u00e9\\u00e9 ensemble le jour J se transforme en un reportage puissant et harmonieux. Je vous livrerai votre reportage complet sur une galerie en ligne priv\\u00e9e et s\\u00e9curis\\u00e9e sous 4 \\u00e0 12 semaines. Vous pourrez ensuite tr\\u00e8s facilement la partager avec vos proches en leur envoyant le lien d\\u2019acc\\u00e8s priv\\u00e9. Vos proches pourrons alors visionner et t\\u00e9l\\u00e9charger l&#8217;ensemble des photos gratuitement !<\\\/p>\"}},{\"@type\":\"Question\",\"name\":\"Combien de temps \\u00e0 l'avance faut-il r\\u00e9server ?\",\"acceptedAnswer\":{\"@type\":\"Answer\",\"text\":\"<p align=\\\"justify\\\">Certaines dates sont tr\\u00e8s pris\\u00e9es ! Il est toujours bien de s\\u00e9curiser votre date d\\u00e8s que vous le pouvez. Mais cela arrive aussi de r\\u00e9server 2 semaines avant ! Tout est possible.<\\\/p>\"}},{\"@type\":\"Question\",\"name\":\"Comment r\\u00e9server notre date ?\",\"acceptedAnswer\":{\"@type\":\"Answer\",\"text\":\"<p align=\\\"justify\\\">Le feeling entre nous est important et nous sommes une \\u00e9quipe avec un but commun : faire de votre journ\\u00e9e une exp\\u00e9rience de mariage unique et qui vous ressemble ! Alors dans un premier temps nous \\u00e9changerons ensemble au t\\u00e9l\\u00e9phone ou autour d\\u2019un caf\\u00e9 pour apprendre \\u00e0 se conna\\u00eetre, parler de vos attentes et de votre journ\\u00e9e. Faites-moi part de votre histoire, de la vision de votre mariage, de ce que vous souhaitez vivre, ressentir, partager ensemble tous les deux et avec vos proches. Si \\u00e7a matche entre nous et qu&#8217;on continue l&#8217;aventure ensemble, alors on s\\u00e9curisera votre date avec un contrat et un acompte. Votre date sera \\u00e0 ce moment-l\\u00e0 officiellement r\\u00e9serv\\u00e9e !<\\\/p>\"}}]}<\/script>\n\t\t\t\t\t<\/div>\n\t\t\t\t\t\t<\/div>\n\t\t\t\t<\/div>\n\t\t\t\t<div class=\"elementor-element elementor-element-e0e67aa elementor-widget elementor-widget-toggle\" data-id=\"e0e67aa\" data-element_type=\"widget\" data-e-type=\"widget\" data-widget_type=\"toggle.default\">\n\t\t\t\t<div class=\"elementor-widget-container\">\n\t\t\t\t\t\t\t<div class=\"elementor-toggle\">\n\t\t\t\t\t\t\t<div class=\"elementor-toggle-item\">\n\t\t\t\t\t<div id=\"elementor-tab-title-2351\" class=\"elementor-tab-title\" data-tab=\"1\" role=\"button\" aria-controls=\"elementor-tab-content-2351\" aria-expanded=\"false\">\n\t\t\t\t\t\t\t\t\t\t\t\t<span class=\"elementor-toggle-icon elementor-toggle-icon-right\" aria-hidden=\"true\">\n\t\t\t\t\t\t\t\t\t\t\t\t\t\t\t<span class=\"elementor-toggle-icon-closed\"><svg class=\"e-font-icon-svg e-fas-caret-down\" viewBox=\"0 0 320 512\" xmlns=\"http:\/\/www.w3.org\/2000\/svg\"><path d=\"M31.3 192h257.3c17.8 0 26.7 21.5 14.1 34.1L174.1 354.8c-7.8 7.8-20.5 7.8-28.3 0L17.2 226.1C4.6 213.5 13.5 192 31.3 192z\"><\/path><\/svg><\/span>\n\t\t\t\t\t\t\t\t<span class=\"elementor-toggle-icon-opened\"><svg class=\"elementor-toggle-icon-opened e-font-icon-svg e-fas-caret-up\" viewBox=\"0 0 320 512\" xmlns=\"http:\/\/www.w3.org\/2000\/svg\"><path d=\"M288.662 352H31.338c-17.818 0-26.741-21.543-14.142-34.142l128.662-128.662c7.81-7.81 20.474-7.81 28.284 0l128.662 128.662c12.6 12.599 3.676 34.142-14.142 34.142z\"><\/path><\/svg><\/span>\n\t\t\t\t\t\t\t\t\t\t\t\t\t<\/span>\n\t\t\t\t\t\t\t\t\t\t\t\t<a class=\"elementor-toggle-title\" tabindex=\"0\">Peut-on voir un reportage de mariage complet ?<\/a>\n\t\t\t\t\t<\/div>\n\n\t\t\t\t\t<div id=\"elementor-tab-content-2351\" class=\"elementor-tab-content elementor-clearfix\" data-tab=\"1\" role=\"region\" aria-labelledby=\"elementor-tab-title-2351\"><p align=\"justify\">Bien s\u00fbr ! Lorsque vous me contactez, je vous partage toujours 3 reportages photo de mariage complets que j\u2019ai eu le bonheur de capturer. D\u2019ailleurs, je vous encourage \u00e0 demander plusieurs reportages photo complets aux photographes de mariage que vous contacterez. Non seulement cela vous permet de vous projeter, mais aussi d\u2019avoir un aper\u00e7u complet de notre travail et de la mani\u00e8re dont nous g\u00e9rons les diff\u00e9rents moments, lumi\u00e8res, situations, et plannings. Il est primordial que vous choisissiez\u00a0un\u00b7e photographe dont le style de prise de vue vous pla\u00eet tout au long de la journ\u00e9e, et dont l\u2019univers vous inspire. Les photos de votre photographe doivent vous faire r\u00eaver et vous faire ressentir des \u00e9motions. Vous avez une sensibilit\u00e9 artistique ? Vous souhaitez des photos douces et naturelles ? Remplies d\u2019amour, de joie et de po\u00e9sie ? Une approche photo-reportage et discr\u00e8te ? Alors je pense que vous \u00eates au bon endroit !<\/p><\/div>\n\t\t\t\t<\/div>\n\t\t\t\t\t\t\t\t<\/div>\n\t\t\t\t\t\t<\/div>\n\t\t\t\t<\/div>\n\t\t\t\t\t<\/div>\n\t\t<\/div>\n\t\t\t\t\t<\/div>\n\t\t<\/section>\n\t\t\t\t\t<\/div>\n\t\t<\/div>\n\t\t\t\t<div class=\"elementor-column elementor-col-50 elementor-inner-column elementor-element elementor-element-7be4f3f\" data-id=\"7be4f3f\" data-element_type=\"column\" data-e-type=\"column\">\n\t\t\t<div class=\"elementor-widget-wrap elementor-element-populated\">\n\t\t\t\t\t\t<div class=\"elementor-element elementor-element-0f4d89f elementor-invisible elementor-widget elementor-widget-image\" data-id=\"0f4d89f\" data-element_type=\"widget\" data-e-type=\"widget\" data-settings=\"{&quot;_animation&quot;:&quot;fadeInUp&quot;}\" data-widget_type=\"image.default\">\n\t\t\t\t<div class=\"elementor-widget-container\">\n\t\t\t\t\t\t\t\t\t\t\t\t\t\t\t<img loading=\"lazy\" decoding=\"async\" width=\"1024\" height=\"683\" src=\"https:\/\/gaetaneglize.com\/wp-content\/uploads\/2024\/12\/michelle-bertrand-photo-mariage-chateau-amou-landes-1492_websize-1024x683.jpg\" class=\"attachment-large size-large wp-image-16092\" alt=\"Les mari\u00e9s sortent de leur c\u00e9r\u00e9monie religieuse de mariage \u00e0 l&#039;\u00e9glise d&#039;Amou. Les invit\u00e9s les acclament et c\u00e9l\u00e8brent leur union.\" srcset=\"https:\/\/gaetaneglize.com\/wp-content\/uploads\/2024\/12\/michelle-bertrand-photo-mariage-chateau-amou-landes-1492_websize-1024x683.jpg 1024w, https:\/\/gaetaneglize.com\/wp-content\/uploads\/2024\/12\/michelle-bertrand-photo-mariage-chateau-amou-landes-1492_websize-300x200.jpg 300w, https:\/\/gaetaneglize.com\/wp-content\/uploads\/2024\/12\/michelle-bertrand-photo-mariage-chateau-amou-landes-1492_websize-768x512.jpg 768w, https:\/\/gaetaneglize.com\/wp-content\/uploads\/2024\/12\/michelle-bertrand-photo-mariage-chateau-amou-landes-1492_websize-1536x1024.jpg 1536w, https:\/\/gaetaneglize.com\/wp-content\/uploads\/2024\/12\/michelle-bertrand-photo-mariage-chateau-amou-landes-1492_websize.jpg 1600w\" sizes=\"(max-width: 1024px) 100vw, 1024px\" \/>\t\t\t\t\t\t\t\t\t\t\t\t\t\t\t<\/div>\n\t\t\t\t<\/div>\n\t\t\t\t<div class=\"elementor-element elementor-element-c8aa3ab elementor-invisible elementor-widget elementor-widget-image\" data-id=\"c8aa3ab\" data-element_type=\"widget\" data-e-type=\"widget\" data-settings=\"{&quot;_animation&quot;:&quot;fadeInUp&quot;,&quot;_animation_delay&quot;:100}\" data-widget_type=\"image.default\">\n\t\t\t\t<div class=\"elementor-widget-container\">\n\t\t\t\t\t\t\t\t\t\t\t\t\t\t\t<img loading=\"lazy\" decoding=\"async\" width=\"1024\" height=\"683\" src=\"https:\/\/gaetaneglize.com\/wp-content\/uploads\/2023\/01\/photographe-mariage-landes-pays-basque-013-1024x683.jpg\" class=\"attachment-large size-large wp-image-12534\" alt=\"Le mari\u00e9 pleure et essuie ses larmes d&#039;\u00e9motion. Un moment authentique pris pendant la s\u00e9ance photo de couple le jour de leur mariage dans les Landes.\" srcset=\"https:\/\/gaetaneglize.com\/wp-content\/uploads\/2023\/01\/photographe-mariage-landes-pays-basque-013-1024x683.jpg 1024w, https:\/\/gaetaneglize.com\/wp-content\/uploads\/2023\/01\/photographe-mariage-landes-pays-basque-013-300x200.jpg 300w, https:\/\/gaetaneglize.com\/wp-content\/uploads\/2023\/01\/photographe-mariage-landes-pays-basque-013-768x512.jpg 768w, https:\/\/gaetaneglize.com\/wp-content\/uploads\/2023\/01\/photographe-mariage-landes-pays-basque-013.jpg 1500w\" sizes=\"(max-width: 1024px) 100vw, 1024px\" \/>\t\t\t\t\t\t\t\t\t\t\t\t\t\t\t<\/div>\n\t\t\t\t<\/div>\n\t\t\t\t\t<\/div>\n\t\t<\/div>\n\t\t\t\t\t<\/div>\n\t\t<\/section>\n\t\t\t\t<div class=\"elementor-element elementor-element-f6edcf1 elementor-invisible elementor-widget elementor-widget-heading\" data-id=\"f6edcf1\" data-element_type=\"widget\" data-e-type=\"widget\" data-settings=\"{&quot;_animation&quot;:&quot;fadeInUp&quot;}\" data-widget_type=\"heading.default\">\n\t\t\t\t<div class=\"elementor-widget-container\">\n\t\t\t\t\t<h3 class=\"elementor-heading-title elementor-size-default\">Avez-vous trouv\u00e9 toutes les r\u00e9ponses \u00e0 vos questions ?<\/h3>\t\t\t\t<\/div>\n\t\t\t\t<\/div>\n\t\t\t\t<div class=\"elementor-element elementor-element-3a939b0 elementor-align-center elementor-invisible elementor-widget elementor-widget-button\" data-id=\"3a939b0\" data-element_type=\"widget\" data-e-type=\"widget\" data-settings=\"{&quot;_animation&quot;:&quot;fadeInUp&quot;}\" data-widget_type=\"button.default\">\n\t\t\t\t<div class=\"elementor-widget-container\">\n\t\t\t\t\t\t\t\t\t<div class=\"elementor-button-wrapper\">\n\t\t\t\t\t<a class=\"elementor-button elementor-button-link elementor-size-sm elementor-animation-float\" href=\"#contact-photographe-mariage-landes\">\n\t\t\t\t\t\t<span class=\"elementor-button-content-wrapper\">\n\t\t\t\t\t\t\t\t\t<span class=\"elementor-button-text\">Oui ! On est pr\u00eats \u00e0 t'\u00e9crire ! &gt;<\/span>\n\t\t\t\t\t<\/span>\n\t\t\t\t\t<\/a>\n\t\t\t\t<\/div>\n\t\t\t\t\t\t\t\t<\/div>\n\t\t\t\t<\/div>\n\t\t\t\t\t<\/div>\n\t\t<\/div>\n\t\t\t\t\t<\/div>\n\t\t<\/section>\n\t\t\t\t<section class=\"elementor-section elementor-top-section elementor-element elementor-element-3298e7b elementor-section-boxed elementor-section-height-default elementor-section-height-default\" data-id=\"3298e7b\" data-element_type=\"section\" data-e-type=\"section\">\n\t\t\t\t\t\t<div class=\"elementor-container elementor-column-gap-default\">\n\t\t\t\t\t<div class=\"elementor-column elementor-col-50 elementor-top-column elementor-element elementor-element-9659c14 animated-slow elementor-invisible\" data-id=\"9659c14\" data-element_type=\"column\" data-e-type=\"column\" data-settings=\"{&quot;background_background&quot;:&quot;classic&quot;,&quot;animation&quot;:&quot;fadeInUp&quot;}\">\n\t\t\t<div class=\"elementor-widget-wrap elementor-element-populated\">\n\t\t\t\t\t\t<div class=\"elementor-element elementor-element-84384f4 elementor-widget elementor-widget-menu-anchor\" data-id=\"84384f4\" data-element_type=\"widget\" data-e-type=\"widget\" data-widget_type=\"menu-anchor.default\">\n\t\t\t\t<div class=\"elementor-widget-container\">\n\t\t\t\t\t\t\t<div class=\"elementor-menu-anchor\" id=\"contact-photographe-mariage-landes\"><\/div>\n\t\t\t\t\t\t<\/div>\n\t\t\t\t<\/div>\n\t\t\t\t<div class=\"elementor-element elementor-element-2e795e7 elementor-widget elementor-widget-spacer\" data-id=\"2e795e7\" data-element_type=\"widget\" data-e-type=\"widget\" data-widget_type=\"spacer.default\">\n\t\t\t\t<div class=\"elementor-widget-container\">\n\t\t\t\t\t\t\t<div class=\"elementor-spacer\">\n\t\t\t<div class=\"elementor-spacer-inner\"><\/div>\n\t\t<\/div>\n\t\t\t\t\t\t<\/div>\n\t\t\t\t<\/div>\n\t\t\t\t\t<\/div>\n\t\t<\/div>\n\t\t\t\t<div class=\"elementor-column elementor-col-50 elementor-top-column elementor-element elementor-element-fe15eca elementor-invisible\" data-id=\"fe15eca\" data-element_type=\"column\" data-e-type=\"column\" data-settings=\"{&quot;background_background&quot;:&quot;classic&quot;,&quot;animation&quot;:&quot;fadeInUp&quot;,&quot;animation_delay&quot;:100}\">\n\t\t\t<div class=\"elementor-widget-wrap elementor-element-populated\">\n\t\t\t\t\t\t<div class=\"elementor-element elementor-element-05b1669 elementor-invisible elementor-widget elementor-widget-heading\" data-id=\"05b1669\" data-element_type=\"widget\" data-e-type=\"widget\" data-settings=\"{&quot;_animation&quot;:&quot;fadeInUp&quot;}\" data-widget_type=\"heading.default\">\n\t\t\t\t<div class=\"elementor-widget-container\">\n\t\t\t\t\t<h3 class=\"elementor-heading-title elementor-size-default\">Me contacter<\/h3>\t\t\t\t<\/div>\n\t\t\t\t<\/div>\n\t\t\t\t<div class=\"elementor-element elementor-element-b785e0c elementor-invisible elementor-widget elementor-widget-heading\" data-id=\"b785e0c\" data-element_type=\"widget\" data-e-type=\"widget\" data-settings=\"{&quot;_animation&quot;:&quot;fadeInUp&quot;}\" data-widget_type=\"heading.default\">\n\t\t\t\t<div class=\"elementor-widget-container\">\n\t\t\t\t\t<h2 class=\"elementor-heading-title elementor-size-default\">Votre exp\u00e9rience de mariage commence ici<\/h2>\t\t\t\t<\/div>\n\t\t\t\t<\/div>\n\t\t\t\t<div class=\"elementor-element elementor-element-e9ac94b elementor-invisible elementor-widget elementor-widget-text-editor\" data-id=\"e9ac94b\" data-element_type=\"widget\" data-e-type=\"widget\" data-settings=\"{&quot;_animation&quot;:&quot;fadeInUp&quot;}\" data-widget_type=\"text-editor.default\">\n\t\t\t\t<div class=\"elementor-widget-container\">\n\t\t\t\t\t\t\t\t\t<p>Parce que chaque journ\u00e9e est unique, votre histoire de mariage m\u00e9rite d&#8217;\u00eatre racont\u00e9e de mani\u00e8re douce, authentique et po\u00e9tique. Je vous invite \u00e0 me contacter en remplissant le formulaire ci-dessous. Partagez-moi votre histoire, la vision de votre mariage, ce que vous souhaitez vivre, ressentir, partager ensemble et avec vos proches&#8230; J&#8217;ai h\u00e2te d&#8217;\u00e9changer avec vous et d&#8217;apprendre \u00e0 vous conna\u00eetre !<\/p>\t\t\t\t\t\t\t\t<\/div>\n\t\t\t\t<\/div>\n\t\t\t\t<div class=\"elementor-element elementor-element-2150d59 elementor-invisible elementor-widget elementor-widget-text-editor\" data-id=\"2150d59\" data-element_type=\"widget\" data-e-type=\"widget\" data-settings=\"{&quot;_animation&quot;:&quot;fadeInUp&quot;}\" data-widget_type=\"text-editor.default\">\n\t\t\t\t<div class=\"elementor-widget-container\">\n\t\t\t\t\t\t\t\t\t<p><div class=\"frm_forms  with_frm_style frm_style_style-formidable\" id=\"frm_form_7_container\" >\n<form enctype=\"multipart\/form-data\" method=\"post\" class=\"frm-show-form \" id=\"form_form-mariage\" >\n<div class=\"frm_form_fields \">\n<fieldset>\n<legend class=\"frm_screen_reader\">formulaire-mariage-fr<\/legend>\r\n\r\n<div class=\"frm_fields_container\">\n<input type=\"hidden\" name=\"frm_action\" value=\"create\" \/>\n<input type=\"hidden\" name=\"form_id\" value=\"7\" \/>\n<input type=\"hidden\" name=\"frm_hide_fields_7\" id=\"frm_hide_fields_7\" value=\"\" \/>\n<input type=\"hidden\" name=\"form_key\" value=\"form-mariage\" \/>\n<input type=\"hidden\" name=\"item_meta[0]\" value=\"\" \/>\n<input type=\"hidden\" id=\"frm_submit_entry_7\" name=\"frm_submit_entry_7\" value=\"bc2f0d702d\" \/><input type=\"hidden\" name=\"_wp_http_referer\" value=\"\/fr\/wp-json\/wp\/v2\/pages\/10576\" \/><div id=\"frm_field_58_container\" class=\"frm_form_field form-field  frm_required_field frm_top_container frm12\">\r\n    <label for=\"field_s5nua33\" id=\"field_s5nua33_label\" class=\"frm_primary_label\">Pr\u00e9nom + nom\r\n        <span class=\"frm_required\" aria-hidden=\"true\">*<\/span>\r\n    <\/label>\r\n    <input type=\"text\" id=\"field_s5nua33\" name=\"item_meta[58]\" value=\"\"  data-reqmsg=\"Ce champ ne peut pas \u00eatre vide\" aria-required=\"true\" data-invmsg=\"texte est non valide\" aria-invalid=\"false\"  \/>\r\n    \r\n    \r\n<\/div>\n<div id=\"frm_field_59_container\" class=\"frm_form_field form-field  frm_required_field frm_top_container frm6 frm_first\">\r\n    <label for=\"field_novuv33\" id=\"field_novuv33_label\" class=\"frm_primary_label\">Adresse email\r\n        <span class=\"frm_required\" aria-hidden=\"true\">*<\/span>\r\n    <\/label>\r\n    <input type=\"email\" id=\"field_novuv33\" name=\"item_meta[59]\" value=\"\"  data-reqmsg=\"Ce champ ne peut pas \u00eatre vide\" aria-required=\"true\" data-invmsg=\"Email est non valide\" aria-invalid=\"false\"  \/>\r\n    \r\n    \r\n<\/div>\n<div id=\"frm_field_60_container\" class=\"frm_form_field form-field  frm_required_field frm_top_container frm6\">\r\n    <label for=\"field_ux42533\" id=\"field_ux42533_label\" class=\"frm_primary_label\">Confirmez votre adresse email\r\n        <span class=\"frm_required\" aria-hidden=\"true\">*<\/span>\r\n    <\/label>\r\n    <input type=\"email\" id=\"field_ux42533\" name=\"item_meta[60]\" value=\"\"  data-reqmsg=\"Ce champ ne peut pas \u00eatre vide\" aria-required=\"true\" data-invmsg=\"Email est non valide\" aria-invalid=\"false\"  \/>\r\n    \r\n    \r\n<\/div>\n<div id=\"frm_field_61_container\" class=\"frm_form_field form-field  frm_required_field frm_top_container frm6 frm_first\">\r\n    <label for=\"field_yoi6n4\" id=\"field_yoi6n4_label\" class=\"frm_primary_label\">Date\/p\u00e9riode o\u00f9 j&#8217;aurai le plaisir d&#8217;\u00eatre avec vous ?\r\n        <span class=\"frm_required\" aria-hidden=\"true\">*<\/span>\r\n    <\/label>\r\n    <input type=\"text\" id=\"field_yoi6n4\" name=\"item_meta[61]\" value=\"\"  data-reqmsg=\"Ce champ ne peut pas \u00eatre vide\" aria-required=\"true\" data-invmsg=\"texte est non valide\" aria-invalid=\"false\"  \/>\r\n    \r\n    \r\n<\/div>\n<div id=\"frm_field_62_container\" class=\"frm_form_field form-field  frm_required_field frm_top_container frm6\">\r\n    <label for=\"field_bxubu3\" id=\"field_bxubu3_label\" class=\"frm_primary_label\">Lieu(x) de votre mariage :\r\n        <span class=\"frm_required\" aria-hidden=\"true\">*<\/span>\r\n    <\/label>\r\n    <input type=\"text\" id=\"field_bxubu3\" name=\"item_meta[62]\" value=\"\"  data-reqmsg=\"Ce champ ne peut pas \u00eatre vide\" aria-required=\"true\" data-invmsg=\"texte est non valide\" aria-invalid=\"false\"  \/>\r\n    \r\n    \r\n<\/div>\n<div id=\"frm_field_69_container\" class=\"frm_form_field form-field  frm_top_container frm6 frm_first\">\r\n    <label for=\"field_ut1bi\" id=\"field_ut1bi_label\" class=\"frm_primary_label\">Une id\u00e9e de votre budget photo ?\r\n        <span class=\"frm_required\" aria-hidden=\"true\"><\/span>\r\n    <\/label>\r\n    <input type=\"text\" id=\"field_ut1bi\" name=\"item_meta[69]\" value=\"\"  data-invmsg=\"texte est non valide\" aria-invalid=\"false\"  \/>\r\n    \r\n    \r\n<\/div>\n<div id=\"frm_field_63_container\" class=\"frm_form_field form-field  frm_required_field frm_top_container frm6\">\r\n    <label for=\"field_c4rb33\" id=\"field_c4rb33_label\" class=\"frm_primary_label\">Comment avez-vous connu mon travail ?\r\n        <span class=\"frm_required\" aria-hidden=\"true\">*<\/span>\r\n    <\/label>\r\n    \t\t<select name=\"item_meta[63]\" id=\"field_c4rb33\"  placeholder=\"Choisir une option\" data-reqmsg=\"Ce champ ne peut pas \u00eatre vide\" aria-required=\"true\" data-invmsg=\"Comment avez-vous connu mon travail ? est non valide\" aria-invalid=\"false\"  >\n\t\t<option  class=\"frm-select-placeholder\" value=\"\" data-placeholder=\"true\">Choisir une option<\/option><option  value=\"Bouche \u00e0 oreille de votre r\u00e9seau\">Bouche \u00e0 oreille de votre r\u00e9seau<\/option><option  value=\"Recommandation d&#039;un autre professionnel\">Recommandation d&#039;un autre professionnel<\/option><option  value=\"Google\">Google<\/option><option  value=\"Instagram\">Instagram<\/option><option  value=\"Facebook\">Facebook<\/option><option  value=\"Pinterest\">Pinterest<\/option><option  value=\"Carte cadeau\">Carte cadeau<\/option><option  value=\"Autre\">Autre<\/option>\t<\/select>\n\t\r\n    \r\n    \r\n<\/div>\n<div id=\"frm_field_70_container\" class=\"frm_form_field form-field  frm_required_field frm_top_container frm6 frm_first\">\r\n    <label for=\"field_773eq\" id=\"field_773eq_label\" class=\"frm_primary_label\">Quel style de c\u00e9r\u00e9monie planifiez-vous ?\r\n        <span class=\"frm_required\" aria-hidden=\"true\">*<\/span>\r\n    <\/label>\r\n    \t\t<select name=\"item_meta[70]\" id=\"field_773eq\"  placeholder=\"Choisir une option\" data-reqmsg=\"Ce champ ne peut pas \u00eatre vide\" aria-required=\"true\" data-invmsg=\"Quel style de c\u00e9r\u00e9monie planifiez-vous ? est non valide\" aria-invalid=\"false\"  >\n\t\t<option  class=\"frm-select-placeholder\" value=\"\" data-placeholder=\"true\">Choisir une option<\/option><option  value=\"Double c\u00e9r\u00e9monie (mairie + autre)\">Double c\u00e9r\u00e9monie (mairie + autre)<\/option><option  value=\"Mairie uniquement\">Mairie uniquement<\/option><option  value=\"C\u00e9r\u00e9monie la\u00efque\">C\u00e9r\u00e9monie la\u00efque<\/option><option  value=\"C\u00e9r\u00e9monie religieuse\">C\u00e9r\u00e9monie religieuse<\/option><option  value=\"\u00c9change des v\u0153ux en priv\u00e9\">\u00c9change des v\u0153ux en priv\u00e9<\/option><option  value=\"Autre (c\u00e9r\u00e9monie chamanique, spirituelle...)\">Autre (c\u00e9r\u00e9monie chamanique, spirituelle&#8230;)<\/option>\t<\/select>\n\t\r\n    \r\n    \r\n<\/div>\n<div id=\"frm_field_67_container\" class=\"frm_form_field form-field  frm_required_field frm_top_container frm6\">\r\n    <label for=\"field_b6688\" id=\"field_b6688_label\" class=\"frm_primary_label\">Combien d&#8217;invit\u00e9s attendez-vous ?\r\n        <span class=\"frm_required\" aria-hidden=\"true\">*<\/span>\r\n    <\/label>\r\n    <input type=\"text\" id=\"field_b6688\" name=\"item_meta[67]\" value=\"\"  data-reqmsg=\"Ce champ ne peut pas \u00eatre vide\" aria-required=\"true\" data-invmsg=\"texte est non valide\" aria-invalid=\"false\"  \/>\r\n    \r\n    \r\n<\/div>\n<div id=\"frm_field_64_container\" class=\"frm_form_field form-field  frm_required_field frm_top_container frm12\">\r\n    <label for=\"field_ee0hu33\" id=\"field_ee0hu33_label\" class=\"frm_primary_label\">Votre message &#8211; dites-m&#8217;en plus sur vous, votre histoire, vos envies, votre vision&#8230; Que souhaitez-vous ressentir ? Vivre ? Partager ? Que souhaitez-vous raconter \u00e0 travers vos photos ?\r\n        <span class=\"frm_required\" aria-hidden=\"true\">*<\/span>\r\n    <\/label>\r\n    <textarea name=\"item_meta[64]\" id=\"field_ee0hu33\" rows=\"5\"  data-reqmsg=\"Ce champ ne peut pas \u00eatre vide\" aria-required=\"true\" data-invmsg=\"Votre message - dites-m&#039;en plus sur vous, votre histoire, vos envies, votre vision... Que souhaitez-vous ressentir ? Vivre ? Partager ? Que souhaitez-vous raconter \u00e0 travers vos photos ? est non valide\" aria-invalid=\"false\"  ><\/textarea>\r\n    \r\n    \r\n<\/div>\n\t<input type=\"hidden\" name=\"item_key\" value=\"\" \/>\n\t\t\t<div id=\"frm_field_110_container\">\n\t\t\t<label for=\"field_cpk0j\" >\n\t\t\t\tSi vous \u00eates un humain, ne remplissez pas ce champ.\t\t\t<\/label>\n\t\t\t<input  id=\"field_cpk0j\" type=\"text\" class=\"frm_form_field form-field frm_verify\" name=\"item_meta[110]\" value=\"\"  \/>\n\t\t<\/div>\n\t\t<input name=\"frm_state\" type=\"hidden\" value=\"wRoabWY7fCA63U6gAn+CReo6R5sShEkvwwUakrZpa8c=\" \/><div class=\"frm_submit\">\r\n\r\n<button class=\"frm_button_submit\" type=\"submit\"  >Envoyer<\/button>\r\n\r\n<\/div><\/div>\n<\/fieldset>\n<\/div>\n\n<\/form>\n<\/div>\n<\/p>\t\t\t\t\t\t\t\t<\/div>\n\t\t\t\t<\/div>\n\t\t\t\t\t<\/div>\n\t\t<\/div>\n\t\t\t\t\t<\/div>\n\t\t<\/section>\n\t\t\t\t<section class=\"elementor-section elementor-top-section elementor-element elementor-element-607ae59 elementor-section-content-top elementor-section-boxed elementor-section-height-default elementor-section-height-default\" data-id=\"607ae59\" data-element_type=\"section\" data-e-type=\"section\" data-settings=\"{&quot;background_background&quot;:&quot;classic&quot;}\">\n\t\t\t\t\t\t<div class=\"elementor-container elementor-column-gap-default\">\n\t\t\t\t\t<div class=\"elementor-column elementor-col-50 elementor-top-column elementor-element elementor-element-58ede0b\" data-id=\"58ede0b\" data-element_type=\"column\" data-e-type=\"column\">\n\t\t\t<div class=\"elementor-widget-wrap elementor-element-populated\">\n\t\t\t\t\t\t<div class=\"elementor-element elementor-element-18e8784 elementor-invisible elementor-widget elementor-widget-heading\" data-id=\"18e8784\" data-element_type=\"widget\" data-e-type=\"widget\" data-settings=\"{&quot;_animation&quot;:&quot;fadeInLeft&quot;}\" data-widget_type=\"heading.default\">\n\t\t\t\t<div class=\"elementor-widget-container\">\n\t\t\t\t\t<h2 class=\"elementor-heading-title elementor-size-default\">Quelle est la prochaine \u00e9tape ?<\/h2>\t\t\t\t<\/div>\n\t\t\t\t<\/div>\n\t\t\t\t\t<\/div>\n\t\t<\/div>\n\t\t\t\t<div class=\"elementor-column elementor-col-50 elementor-top-column elementor-element elementor-element-b3caabe\" data-id=\"b3caabe\" data-element_type=\"column\" data-e-type=\"column\">\n\t\t\t<div class=\"elementor-widget-wrap elementor-element-populated\">\n\t\t\t\t\t\t<section class=\"elementor-section elementor-inner-section elementor-element elementor-element-535ae7f elementor-section-content-top elementor-section-boxed elementor-section-height-default elementor-section-height-default\" data-id=\"535ae7f\" data-element_type=\"section\" data-e-type=\"section\">\n\t\t\t\t\t\t<div class=\"elementor-container elementor-column-gap-default\">\n\t\t\t\t\t<div class=\"elementor-column elementor-col-50 elementor-inner-column elementor-element elementor-element-b0bc40a\" data-id=\"b0bc40a\" data-element_type=\"column\" data-e-type=\"column\">\n\t\t\t<div class=\"elementor-widget-wrap elementor-element-populated\">\n\t\t\t\t\t\t<div class=\"elementor-element elementor-element-d377606 elementor-invisible elementor-widget elementor-widget-heading\" data-id=\"d377606\" data-element_type=\"widget\" data-e-type=\"widget\" data-settings=\"{&quot;_animation&quot;:&quot;fadeInUp&quot;}\" data-widget_type=\"heading.default\">\n\t\t\t\t<div class=\"elementor-widget-container\">\n\t\t\t\t\t<h2 class=\"elementor-heading-title elementor-size-default\">01<\/h2>\t\t\t\t<\/div>\n\t\t\t\t<\/div>\n\t\t\t\t\t<\/div>\n\t\t<\/div>\n\t\t\t\t<div class=\"elementor-column elementor-col-50 elementor-inner-column elementor-element elementor-element-ea8e331\" data-id=\"ea8e331\" data-element_type=\"column\" data-e-type=\"column\">\n\t\t\t<div class=\"elementor-widget-wrap elementor-element-populated\">\n\t\t\t\t\t\t<div class=\"elementor-element elementor-element-119d705 elementor-invisible elementor-widget elementor-widget-text-editor\" data-id=\"119d705\" data-element_type=\"widget\" data-e-type=\"widget\" data-settings=\"{&quot;_animation&quot;:&quot;fadeInUp&quot;,&quot;_animation_delay&quot;:100}\" data-widget_type=\"text-editor.default\">\n\t\t\t\t<div class=\"elementor-widget-container\">\n\t\t\t\t\t\t\t\t\t<p>Je vous r\u00e9ponds aussit\u00f4t que possible \u2013 dans un d\u00e9lai de 2 jours ouvrables. Si pass\u00e9 ce d\u00e9lai vous n\u2019avez pas de nouvelle de ma part, pensez \u00e0 v\u00e9rifier vos spams, \u00e0 me r\u00e9\u00e9crire ou \u00e0 me contacter directement par email ici : <a style=\"color: white;\" href=\"mailto:gaetane@\">gaetane@<\/a>.\u00a0<\/p>\t\t\t\t\t\t\t\t<\/div>\n\t\t\t\t<\/div>\n\t\t\t\t\t<\/div>\n\t\t<\/div>\n\t\t\t\t\t<\/div>\n\t\t<\/section>\n\t\t\t\t<section class=\"elementor-section elementor-inner-section elementor-element elementor-element-9d627ec elementor-section-content-top elementor-section-boxed elementor-section-height-default elementor-section-height-default\" data-id=\"9d627ec\" data-element_type=\"section\" data-e-type=\"section\">\n\t\t\t\t\t\t<div class=\"elementor-container elementor-column-gap-default\">\n\t\t\t\t\t<div class=\"elementor-column elementor-col-50 elementor-inner-column elementor-element elementor-element-6b84c9c\" data-id=\"6b84c9c\" data-element_type=\"column\" data-e-type=\"column\">\n\t\t\t<div class=\"elementor-widget-wrap elementor-element-populated\">\n\t\t\t\t\t\t<div class=\"elementor-element elementor-element-a92c8eb elementor-invisible elementor-widget elementor-widget-heading\" data-id=\"a92c8eb\" data-element_type=\"widget\" data-e-type=\"widget\" data-settings=\"{&quot;_animation&quot;:&quot;fadeInUp&quot;}\" data-widget_type=\"heading.default\">\n\t\t\t\t<div class=\"elementor-widget-container\">\n\t\t\t\t\t<h2 class=\"elementor-heading-title elementor-size-default\">02<\/h2>\t\t\t\t<\/div>\n\t\t\t\t<\/div>\n\t\t\t\t\t<\/div>\n\t\t<\/div>\n\t\t\t\t<div class=\"elementor-column elementor-col-50 elementor-inner-column elementor-element elementor-element-26ab77c\" data-id=\"26ab77c\" data-element_type=\"column\" data-e-type=\"column\">\n\t\t\t<div class=\"elementor-widget-wrap elementor-element-populated\">\n\t\t\t\t\t\t<div class=\"elementor-element elementor-element-989d2c2 elementor-invisible elementor-widget elementor-widget-text-editor\" data-id=\"989d2c2\" data-element_type=\"widget\" data-e-type=\"widget\" data-settings=\"{&quot;_animation&quot;:&quot;fadeInUp&quot;,&quot;_animation_delay&quot;:100}\" data-widget_type=\"text-editor.default\">\n\t\t\t\t<div class=\"elementor-widget-container\">\n\t\t\t\t\t\t\t\t\t<p>Nous \u00e9changeons par email, au t\u00e9l\u00e9phone ou autour d\u2019un caf\u00e9 pour apprendre \u00e0 mieux nous conna\u00eetre. <span style=\"font-style: inherit; font-weight: inherit;\">C\u2019est l\u2019occasion pour moi de d\u00e9couvrir votre histoire et vos envies, afin de concevoir une exp\u00e9rience photo qui refl\u00e8te pleinement vos attentes.<\/span><\/p>\t\t\t\t\t\t\t\t<\/div>\n\t\t\t\t<\/div>\n\t\t\t\t\t<\/div>\n\t\t<\/div>\n\t\t\t\t\t<\/div>\n\t\t<\/section>\n\t\t\t\t<section class=\"elementor-section elementor-inner-section elementor-element elementor-element-008e4a6 elementor-section-content-top elementor-section-boxed elementor-section-height-default elementor-section-height-default\" data-id=\"008e4a6\" data-element_type=\"section\" data-e-type=\"section\">\n\t\t\t\t\t\t<div class=\"elementor-container elementor-column-gap-default\">\n\t\t\t\t\t<div class=\"elementor-column elementor-col-50 elementor-inner-column elementor-element elementor-element-18b9842\" data-id=\"18b9842\" data-element_type=\"column\" data-e-type=\"column\">\n\t\t\t<div class=\"elementor-widget-wrap elementor-element-populated\">\n\t\t\t\t\t\t<div class=\"elementor-element elementor-element-6ed2e0e elementor-invisible elementor-widget elementor-widget-heading\" data-id=\"6ed2e0e\" data-element_type=\"widget\" data-e-type=\"widget\" data-settings=\"{&quot;_animation&quot;:&quot;fadeInUp&quot;}\" data-widget_type=\"heading.default\">\n\t\t\t\t<div class=\"elementor-widget-container\">\n\t\t\t\t\t<h2 class=\"elementor-heading-title elementor-size-default\">03<\/h2>\t\t\t\t<\/div>\n\t\t\t\t<\/div>\n\t\t\t\t\t<\/div>\n\t\t<\/div>\n\t\t\t\t<div class=\"elementor-column elementor-col-50 elementor-inner-column elementor-element elementor-element-044012e\" data-id=\"044012e\" data-element_type=\"column\" data-e-type=\"column\">\n\t\t\t<div class=\"elementor-widget-wrap elementor-element-populated\">\n\t\t\t\t\t\t<div class=\"elementor-element elementor-element-05da7ad elementor-invisible elementor-widget elementor-widget-text-editor\" data-id=\"05da7ad\" data-element_type=\"widget\" data-e-type=\"widget\" data-settings=\"{&quot;_animation&quot;:&quot;fadeInUp&quot;,&quot;_animation_delay&quot;:100}\" data-widget_type=\"text-editor.default\">\n\t\t\t\t<div class=\"elementor-widget-container\">\n\t\t\t\t\t\t\t\t\t<p>Si on fait une bonne \u00e9quipe, on officialise et on commence l&#8217;exp\u00e9rience. Vous recevez votre guide de pr\u00e9paration de mariage et je vous guide pas \u00e0 pas pour faire de votre mariage un moment rempli de sens et de vraies \u00e9motions.<\/p>\t\t\t\t\t\t\t\t<\/div>\n\t\t\t\t<\/div>\n\t\t\t\t\t<\/div>\n\t\t<\/div>\n\t\t\t\t\t<\/div>\n\t\t<\/section>\n\t\t\t\t<div class=\"elementor-element elementor-element-4cbaaa9 elementor-align-center elementor-invisible elementor-widget elementor-widget-button\" data-id=\"4cbaaa9\" data-element_type=\"widget\" data-e-type=\"widget\" data-settings=\"{&quot;_animation&quot;:&quot;fadeInUp&quot;,&quot;_animation_delay&quot;:100}\" data-widget_type=\"button.default\">\n\t\t\t\t<div class=\"elementor-widget-container\">\n\t\t\t\t\t\t\t\t\t<div class=\"elementor-button-wrapper\">\n\t\t\t\t\t<a class=\"elementor-button elementor-button-link elementor-size-sm elementor-animation-float\" href=\"#contact-photographe-mariage-landes\">\n\t\t\t\t\t\t<span class=\"elementor-button-content-wrapper\">\n\t\t\t\t\t\t\t\t\t<span class=\"elementor-button-text\">On te contacte pour commencer l'exp\u00e9rience &gt;<\/span>\n\t\t\t\t\t<\/span>\n\t\t\t\t\t<\/a>\n\t\t\t\t<\/div>\n\t\t\t\t\t\t\t\t<\/div>\n\t\t\t\t<\/div>\n\t\t\t\t\t<\/div>\n\t\t<\/div>\n\t\t\t\t\t<\/div>\n\t\t<\/section>\n\t\t\t\t<section class=\"elementor-section elementor-top-section elementor-element elementor-element-6ada69d8 elementor-section-full_width elementor-section-height-min-height elementor-section-height-default elementor-section-items-middle\" data-id=\"6ada69d8\" data-element_type=\"section\" data-e-type=\"section\" data-settings=\"{&quot;background_background&quot;:&quot;classic&quot;}\">\n\t\t\t\t\t\t<div class=\"elementor-container elementor-column-gap-default\">\n\t\t\t\t\t<div class=\"elementor-column elementor-col-100 elementor-top-column elementor-element elementor-element-27d7aeda\" data-id=\"27d7aeda\" data-element_type=\"column\" data-e-type=\"column\">\n\t\t\t<div class=\"elementor-widget-wrap elementor-element-populated\">\n\t\t\t\t\t\t<div class=\"elementor-element elementor-element-7ce7e51e elementor-invisible elementor-widget elementor-widget-heading\" data-id=\"7ce7e51e\" data-element_type=\"widget\" data-e-type=\"widget\" data-settings=\"{&quot;_animation&quot;:&quot;fadeInUp&quot;}\" data-widget_type=\"heading.default\">\n\t\t\t\t<div class=\"elementor-widget-container\">\n\t\t\t\t\t<h2 class=\"elementor-heading-title elementor-size-default\">Que l'aventure commence !<\/h2>\t\t\t\t<\/div>\n\t\t\t\t<\/div>\n\t\t\t\t\t<\/div>\n\t\t<\/div>\n\t\t\t\t\t<\/div>\n\t\t<\/section>\n\t\t\t\t<section class=\"elementor-section elementor-top-section elementor-element elementor-element-7ae40b5 elementor-section-content-middle elementor-section-boxed elementor-section-height-default elementor-section-height-default\" data-id=\"7ae40b5\" data-element_type=\"section\" data-e-type=\"section\" data-settings=\"{&quot;background_background&quot;:&quot;classic&quot;}\">\n\t\t\t\t\t\t<div class=\"elementor-container elementor-column-gap-wider\">\n\t\t\t\t\t<div class=\"elementor-column elementor-col-50 elementor-top-column elementor-element elementor-element-5e287d8\" data-id=\"5e287d8\" data-element_type=\"column\" data-e-type=\"column\">\n\t\t\t<div class=\"elementor-widget-wrap elementor-element-populated\">\n\t\t\t\t\t\t<div class=\"elementor-element elementor-element-630c8a8 elementor-invisible elementor-widget elementor-widget-heading\" data-id=\"630c8a8\" data-element_type=\"widget\" data-e-type=\"widget\" data-settings=\"{&quot;_animation&quot;:&quot;fadeInLeft&quot;}\" data-widget_type=\"heading.default\">\n\t\t\t\t<div class=\"elementor-widget-container\">\n\t\t\t\t\t<h2 class=\"elementor-heading-title elementor-size-default\">Quelle sera votre histoire ?<\/h2>\t\t\t\t<\/div>\n\t\t\t\t<\/div>\n\t\t\t\t\t<\/div>\n\t\t<\/div>\n\t\t\t\t<div class=\"elementor-column elementor-col-50 elementor-top-column elementor-element elementor-element-efba81a\" data-id=\"efba81a\" data-element_type=\"column\" data-e-type=\"column\">\n\t\t\t<div class=\"elementor-widget-wrap elementor-element-populated\">\n\t\t\t\t\t\t<div class=\"elementor-element elementor-element-7cd549e elementor-invisible elementor-widget elementor-widget-heading\" data-id=\"7cd549e\" data-element_type=\"widget\" data-e-type=\"widget\" data-settings=\"{&quot;_animation&quot;:&quot;fadeInRight&quot;}\" data-widget_type=\"heading.default\">\n\t\t\t\t<div class=\"elementor-widget-container\">\n\t\t\t\t\t<h3 class=\"elementor-heading-title elementor-size-default\">Racontez-moi vos envies<\/h3>\t\t\t\t<\/div>\n\t\t\t\t<\/div>\n\t\t\t\t<div class=\"elementor-element elementor-element-19233f1 elementor-invisible elementor-widget elementor-widget-text-editor\" data-id=\"19233f1\" data-element_type=\"widget\" data-e-type=\"widget\" data-settings=\"{&quot;_animation&quot;:&quot;fadeInRight&quot;}\" data-widget_type=\"text-editor.default\">\n\t\t\t\t<div class=\"elementor-widget-container\">\n\t\t\t\t\t\t\t\t\t<p>Je vous invite \u00e0 me parler de vous, de vos inspirations et de vos r\u00eaves pour votre exp\u00e9rience de mariage.<\/p>\t\t\t\t\t\t\t\t<\/div>\n\t\t\t\t<\/div>\n\t\t\t\t<div class=\"elementor-element elementor-element-9f005bf elementor-align-center elementor-invisible elementor-widget elementor-widget-button\" data-id=\"9f005bf\" data-element_type=\"widget\" data-e-type=\"widget\" data-settings=\"{&quot;_animation&quot;:&quot;fadeInRight&quot;}\" data-widget_type=\"button.default\">\n\t\t\t\t<div class=\"elementor-widget-container\">\n\t\t\t\t\t\t\t\t\t<div class=\"elementor-button-wrapper\">\n\t\t\t\t\t<a class=\"elementor-button elementor-button-link elementor-size-sm elementor-animation-float\" href=\"#contact-photographe-mariage-landes\">\n\t\t\t\t\t\t<span class=\"elementor-button-content-wrapper\">\n\t\t\t\t\t\t\t\t\t<span class=\"elementor-button-text\">On te partage nos envies &gt;<\/span>\n\t\t\t\t\t<\/span>\n\t\t\t\t\t<\/a>\n\t\t\t\t<\/div>\n\t\t\t\t\t\t\t\t<\/div>\n\t\t\t\t<\/div>\n\t\t\t\t\t<\/div>\n\t\t<\/div>\n\t\t\t\t\t<\/div>\n\t\t<\/section>\n\t\t\t\t<\/div>\n\t\t","protected":false},"excerpt":{"rendered":"<p>Photographe mariage Landes D\u00e9couvrez l&#8217;exp\u00e9rience Connexion \u00b7 authenticit\u00e9 \u00b7 joie \u00b7 spontan\u00e9it\u00e9 \u00b7 douceur Reportage photographie de mariage dans les Landes, au Pays Basque et au-del\u00e0 Je suis Ga\u00e9tane Glize, votre photographe de mariage bas\u00e9e \u00e0 Seignosse, dans le sud des Landes. Je me d\u00e9place partout dans les Landes, le Pays Basque ou l\u00e0 o\u00f9 [&hellip;]<\/p>\n","protected":false},"author":3,"featured_media":9709,"parent":0,"menu_order":0,"comment_status":"closed","ping_status":"closed","template":"","meta":{"site-sidebar-layout":"no-sidebar","site-content-layout":"page-builder","ast-site-content-layout":"full-width-container","site-content-style":"unboxed","site-sidebar-style":"unboxed","ast-global-header-display":"","ast-banner-title-visibility":"","ast-main-header-display":"","ast-hfb-above-header-display":"","ast-hfb-below-header-display":"","ast-hfb-mobile-header-display":"","site-post-title":"disabled","ast-breadcrumbs-content":"","ast-featured-img":"disabled","footer-sml-layout":"","ast-disable-related-posts":"","theme-transparent-header-meta":"","adv-header-id-meta":"","stick-header-meta":"","header-above-stick-meta":"","header-main-stick-meta":"","header-below-stick-meta":"","astra-migrate-meta-layouts":"set","ast-page-background-enabled":"default","ast-page-background-meta":{"desktop":{"background-color":"","background-image":"","background-repeat":"repeat","background-position":"center center","background-size":"auto","background-attachment":"scroll","background-type":"","background-media":"","overlay-type":"","overlay-color":"","overlay-opacity":"","overlay-gradient":""},"tablet":{"background-color":"","background-image":"","background-repeat":"repeat","background-position":"center center","background-size":"auto","background-attachment":"scroll","background-type":"","background-media":"","overlay-type":"","overlay-color":"","overlay-opacity":"","overlay-gradient":""},"mobile":{"background-color":"","background-image":"","background-repeat":"repeat","background-position":"center center","background-size":"auto","background-attachment":"scroll","background-type":"","background-media":"","overlay-type":"","overlay-color":"","overlay-opacity":"","overlay-gradient":""}},"ast-content-background-meta":{"desktop":{"background-color":"var(--ast-global-color-5)","background-image":"","background-repeat":"repeat","background-position":"center center","background-size":"auto","background-attachment":"scroll","background-type":"","background-media":"","overlay-type":"","overlay-color":"","overlay-opacity":"","overlay-gradient":""},"tablet":{"background-color":"var(--ast-global-color-5)","background-image":"","background-repeat":"repeat","background-position":"center center","background-size":"auto","background-attachment":"scroll","background-type":"","background-media":"","overlay-type":"","overlay-color":"","overlay-opacity":"","overlay-gradient":""},"mobile":{"background-color":"var(--ast-global-color-5)","background-image":"","background-repeat":"repeat","background-position":"center center","background-size":"auto","background-attachment":"scroll","background-type":"","background-media":"","overlay-type":"","overlay-color":"","overlay-opacity":"","overlay-gradient":""}},"footnotes":""},"class_list":["post-10576","page","type-page","status-publish","has-post-thumbnail","hentry"],"yoast_head":"<!-- This site is optimized with the Yoast SEO plugin v27.4 - https:\/\/yoast.com\/product\/yoast-seo-wordpress\/ -->\n<title>Photographe mariage Landes &amp; Pays Basque | Infos et tarifs<\/title>\n<meta name=\"description\" content=\"Photographe de mariage dans les Landes et le Pays Basque, je suis sp\u00e9cialis\u00e9e dans les reportages authentiques. D\u00e9tails des tarifs ici !\" \/>\n<meta name=\"robots\" content=\"index, follow, max-snippet:-1, max-image-preview:large, max-video-preview:-1\" \/>\n<link rel=\"canonical\" href=\"https:\/\/gaetaneglize.com\/fr\/tarifs-photographe-mariage-landes\/\" \/>\n<meta property=\"og:locale\" content=\"fr_FR\" \/>\n<meta property=\"og:type\" content=\"article\" \/>\n<meta property=\"og:title\" content=\"Photographe mariage Landes &amp; Pays Basque | Infos et tarifs\" \/>\n<meta property=\"og:description\" content=\"Photographe de mariage dans les Landes et le Pays Basque, je suis sp\u00e9cialis\u00e9e dans les reportages authentiques. D\u00e9tails des tarifs ici !\" \/>\n<meta property=\"og:url\" content=\"https:\/\/gaetaneglize.com\/fr\/tarifs-photographe-mariage-landes\/\" \/>\n<meta property=\"og:site_name\" content=\"Ga\u00e9tane Glize\" \/>\n<meta property=\"article:publisher\" content=\"https:\/\/www.facebook.com\/gaetaneglizephotography\/\" \/>\n<meta property=\"article:modified_time\" content=\"2025-01-29T23:25:45+00:00\" \/>\n<meta property=\"og:image\" content=\"https:\/\/gaetaneglize.com\/wp-content\/uploads\/2022\/03\/naiti-maxime-photographe-mariage-bordeaux-gironde-aquitaine-1967_websize.jpg\" \/>\n\t<meta property=\"og:image:width\" content=\"1600\" \/>\n\t<meta property=\"og:image:height\" content=\"1067\" \/>\n\t<meta property=\"og:image:type\" content=\"image\/jpeg\" \/>\n<meta name=\"twitter:card\" content=\"summary_large_image\" \/>\n<meta name=\"twitter:label1\" content=\"Dur\u00e9e de lecture estim\u00e9e\" \/>\n\t<meta name=\"twitter:data1\" content=\"63 minutes\" \/>\n<script type=\"application\/ld+json\" class=\"yoast-schema-graph\">{\"@context\":\"https:\\\/\\\/schema.org\",\"@graph\":[{\"@type\":\"WebPage\",\"@id\":\"https:\\\/\\\/gaetaneglize.com\\\/fr\\\/tarifs-photographe-mariage-landes\\\/\",\"url\":\"https:\\\/\\\/gaetaneglize.com\\\/fr\\\/tarifs-photographe-mariage-landes\\\/\",\"name\":\"Photographe mariage Landes & Pays Basque | Infos et tarifs\",\"isPartOf\":{\"@id\":\"https:\\\/\\\/gaetaneglize.com\\\/fr\\\/#website\"},\"primaryImageOfPage\":{\"@id\":\"https:\\\/\\\/gaetaneglize.com\\\/fr\\\/tarifs-photographe-mariage-landes\\\/#primaryimage\"},\"image\":{\"@id\":\"https:\\\/\\\/gaetaneglize.com\\\/fr\\\/tarifs-photographe-mariage-landes\\\/#primaryimage\"},\"thumbnailUrl\":\"https:\\\/\\\/gaetaneglize.com\\\/wp-content\\\/uploads\\\/2022\\\/03\\\/naiti-maxime-photographe-mariage-bordeaux-gironde-aquitaine-1967_websize.jpg\",\"datePublished\":\"2022-04-26T14:22:58+00:00\",\"dateModified\":\"2025-01-29T23:25:45+00:00\",\"description\":\"Photographe de mariage dans les Landes et le Pays Basque, je suis sp\u00e9cialis\u00e9e dans les reportages authentiques. D\u00e9tails des tarifs ici !\",\"breadcrumb\":{\"@id\":\"https:\\\/\\\/gaetaneglize.com\\\/fr\\\/tarifs-photographe-mariage-landes\\\/#breadcrumb\"},\"inLanguage\":\"fr-FR\",\"potentialAction\":[{\"@type\":\"ReadAction\",\"target\":[\"https:\\\/\\\/gaetaneglize.com\\\/fr\\\/tarifs-photographe-mariage-landes\\\/\"]}]},{\"@type\":\"ImageObject\",\"inLanguage\":\"fr-FR\",\"@id\":\"https:\\\/\\\/gaetaneglize.com\\\/fr\\\/tarifs-photographe-mariage-landes\\\/#primaryimage\",\"url\":\"https:\\\/\\\/gaetaneglize.com\\\/wp-content\\\/uploads\\\/2022\\\/03\\\/naiti-maxime-photographe-mariage-bordeaux-gironde-aquitaine-1967_websize.jpg\",\"contentUrl\":\"https:\\\/\\\/gaetaneglize.com\\\/wp-content\\\/uploads\\\/2022\\\/03\\\/naiti-maxime-photographe-mariage-bordeaux-gironde-aquitaine-1967_websize.jpg\",\"width\":1600,\"height\":1067,\"caption\":\"le couple mari\u00e9 s'enlace, assis dans l'herbe buccolique. Cette photographie de mariage au style romantique et po\u00e9tique est prise par la photographe de mariage dans les landes et le pays basque Ga\u00e9tane Glize.\"},{\"@type\":\"BreadcrumbList\",\"@id\":\"https:\\\/\\\/gaetaneglize.com\\\/fr\\\/tarifs-photographe-mariage-landes\\\/#breadcrumb\",\"itemListElement\":[{\"@type\":\"ListItem\",\"position\":1,\"name\":\"Accueil\",\"item\":\"https:\\\/\\\/gaetaneglize.com\\\/fr\\\/\"},{\"@type\":\"ListItem\",\"position\":2,\"name\":\"prestation mariages intimistes\"}]},{\"@type\":\"WebSite\",\"@id\":\"https:\\\/\\\/gaetaneglize.com\\\/fr\\\/#website\",\"url\":\"https:\\\/\\\/gaetaneglize.com\\\/fr\\\/\",\"name\":\"Ga\u00e9tane Glize\",\"description\":\"Photographe de mariage, couple, famille et grossesse dans les Landes\",\"publisher\":{\"@id\":\"https:\\\/\\\/gaetaneglize.com\\\/fr\\\/#organization\"},\"potentialAction\":[{\"@type\":\"SearchAction\",\"target\":{\"@type\":\"EntryPoint\",\"urlTemplate\":\"https:\\\/\\\/gaetaneglize.com\\\/fr\\\/?s={search_term_string}\"},\"query-input\":{\"@type\":\"PropertyValueSpecification\",\"valueRequired\":true,\"valueName\":\"search_term_string\"}}],\"inLanguage\":\"fr-FR\"},{\"@type\":\"Organization\",\"@id\":\"https:\\\/\\\/gaetaneglize.com\\\/fr\\\/#organization\",\"name\":\"Ga\u00e9tane Glize\",\"url\":\"https:\\\/\\\/gaetaneglize.com\\\/fr\\\/\",\"logo\":{\"@type\":\"ImageObject\",\"inLanguage\":\"fr-FR\",\"@id\":\"https:\\\/\\\/gaetaneglize.com\\\/fr\\\/#\\\/schema\\\/logo\\\/image\\\/\",\"url\":\"https:\\\/\\\/gaetaneglize.com\\\/wp-content\\\/uploads\\\/2025\\\/01\\\/gaetane-glize-photography-logo-2025.png\",\"contentUrl\":\"https:\\\/\\\/gaetaneglize.com\\\/wp-content\\\/uploads\\\/2025\\\/01\\\/gaetane-glize-photography-logo-2025.png\",\"width\":2588,\"height\":1970,\"caption\":\"Ga\u00e9tane Glize\"},\"image\":{\"@id\":\"https:\\\/\\\/gaetaneglize.com\\\/fr\\\/#\\\/schema\\\/logo\\\/image\\\/\"},\"sameAs\":[\"https:\\\/\\\/www.facebook.com\\\/gaetaneglizephotography\\\/\",\"https:\\\/\\\/www.instagram.com\\\/gaetaneglize\\\/\"]}]}<\/script>\n<!-- \/ Yoast SEO plugin. -->","yoast_head_json":{"title":"Photographe mariage Landes & Pays Basque | Infos et tarifs","description":"Photographe de mariage dans les Landes et le Pays Basque, je suis sp\u00e9cialis\u00e9e dans les reportages authentiques. D\u00e9tails des tarifs ici !","robots":{"index":"index","follow":"follow","max-snippet":"max-snippet:-1","max-image-preview":"max-image-preview:large","max-video-preview":"max-video-preview:-1"},"canonical":"https:\/\/gaetaneglize.com\/fr\/tarifs-photographe-mariage-landes\/","og_locale":"fr_FR","og_type":"article","og_title":"Photographe mariage Landes & Pays Basque | Infos et tarifs","og_description":"Photographe de mariage dans les Landes et le Pays Basque, je suis sp\u00e9cialis\u00e9e dans les reportages authentiques. D\u00e9tails des tarifs ici !","og_url":"https:\/\/gaetaneglize.com\/fr\/tarifs-photographe-mariage-landes\/","og_site_name":"Ga\u00e9tane Glize","article_publisher":"https:\/\/www.facebook.com\/gaetaneglizephotography\/","article_modified_time":"2025-01-29T23:25:45+00:00","og_image":[{"width":1600,"height":1067,"url":"https:\/\/gaetaneglize.com\/wp-content\/uploads\/2022\/03\/naiti-maxime-photographe-mariage-bordeaux-gironde-aquitaine-1967_websize.jpg","type":"image\/jpeg"}],"twitter_card":"summary_large_image","twitter_misc":{"Dur\u00e9e de lecture estim\u00e9e":"63 minutes"},"schema":{"@context":"https:\/\/schema.org","@graph":[{"@type":"WebPage","@id":"https:\/\/gaetaneglize.com\/fr\/tarifs-photographe-mariage-landes\/","url":"https:\/\/gaetaneglize.com\/fr\/tarifs-photographe-mariage-landes\/","name":"Photographe mariage Landes & Pays Basque | Infos et tarifs","isPartOf":{"@id":"https:\/\/gaetaneglize.com\/fr\/#website"},"primaryImageOfPage":{"@id":"https:\/\/gaetaneglize.com\/fr\/tarifs-photographe-mariage-landes\/#primaryimage"},"image":{"@id":"https:\/\/gaetaneglize.com\/fr\/tarifs-photographe-mariage-landes\/#primaryimage"},"thumbnailUrl":"https:\/\/gaetaneglize.com\/wp-content\/uploads\/2022\/03\/naiti-maxime-photographe-mariage-bordeaux-gironde-aquitaine-1967_websize.jpg","datePublished":"2022-04-26T14:22:58+00:00","dateModified":"2025-01-29T23:25:45+00:00","description":"Photographe de mariage dans les Landes et le Pays Basque, je suis sp\u00e9cialis\u00e9e dans les reportages authentiques. D\u00e9tails des tarifs ici !","breadcrumb":{"@id":"https:\/\/gaetaneglize.com\/fr\/tarifs-photographe-mariage-landes\/#breadcrumb"},"inLanguage":"fr-FR","potentialAction":[{"@type":"ReadAction","target":["https:\/\/gaetaneglize.com\/fr\/tarifs-photographe-mariage-landes\/"]}]},{"@type":"ImageObject","inLanguage":"fr-FR","@id":"https:\/\/gaetaneglize.com\/fr\/tarifs-photographe-mariage-landes\/#primaryimage","url":"https:\/\/gaetaneglize.com\/wp-content\/uploads\/2022\/03\/naiti-maxime-photographe-mariage-bordeaux-gironde-aquitaine-1967_websize.jpg","contentUrl":"https:\/\/gaetaneglize.com\/wp-content\/uploads\/2022\/03\/naiti-maxime-photographe-mariage-bordeaux-gironde-aquitaine-1967_websize.jpg","width":1600,"height":1067,"caption":"le couple mari\u00e9 s'enlace, assis dans l'herbe buccolique. Cette photographie de mariage au style romantique et po\u00e9tique est prise par la photographe de mariage dans les landes et le pays basque Ga\u00e9tane Glize."},{"@type":"BreadcrumbList","@id":"https:\/\/gaetaneglize.com\/fr\/tarifs-photographe-mariage-landes\/#breadcrumb","itemListElement":[{"@type":"ListItem","position":1,"name":"Accueil","item":"https:\/\/gaetaneglize.com\/fr\/"},{"@type":"ListItem","position":2,"name":"prestation mariages intimistes"}]},{"@type":"WebSite","@id":"https:\/\/gaetaneglize.com\/fr\/#website","url":"https:\/\/gaetaneglize.com\/fr\/","name":"Ga\u00e9tane Glize","description":"Photographe de mariage, couple, famille et grossesse dans les Landes","publisher":{"@id":"https:\/\/gaetaneglize.com\/fr\/#organization"},"potentialAction":[{"@type":"SearchAction","target":{"@type":"EntryPoint","urlTemplate":"https:\/\/gaetaneglize.com\/fr\/?s={search_term_string}"},"query-input":{"@type":"PropertyValueSpecification","valueRequired":true,"valueName":"search_term_string"}}],"inLanguage":"fr-FR"},{"@type":"Organization","@id":"https:\/\/gaetaneglize.com\/fr\/#organization","name":"Ga\u00e9tane Glize","url":"https:\/\/gaetaneglize.com\/fr\/","logo":{"@type":"ImageObject","inLanguage":"fr-FR","@id":"https:\/\/gaetaneglize.com\/fr\/#\/schema\/logo\/image\/","url":"https:\/\/gaetaneglize.com\/wp-content\/uploads\/2025\/01\/gaetane-glize-photography-logo-2025.png","contentUrl":"https:\/\/gaetaneglize.com\/wp-content\/uploads\/2025\/01\/gaetane-glize-photography-logo-2025.png","width":2588,"height":1970,"caption":"Ga\u00e9tane Glize"},"image":{"@id":"https:\/\/gaetaneglize.com\/fr\/#\/schema\/logo\/image\/"},"sameAs":["https:\/\/www.facebook.com\/gaetaneglizephotography\/","https:\/\/www.instagram.com\/gaetaneglize\/"]}]}},"_links":{"self":[{"href":"https:\/\/gaetaneglize.com\/fr\/wp-json\/wp\/v2\/pages\/10576","targetHints":{"allow":["GET"]}}],"collection":[{"href":"https:\/\/gaetaneglize.com\/fr\/wp-json\/wp\/v2\/pages"}],"about":[{"href":"https:\/\/gaetaneglize.com\/fr\/wp-json\/wp\/v2\/types\/page"}],"author":[{"embeddable":true,"href":"https:\/\/gaetaneglize.com\/fr\/wp-json\/wp\/v2\/users\/3"}],"replies":[{"embeddable":true,"href":"https:\/\/gaetaneglize.com\/fr\/wp-json\/wp\/v2\/comments?post=10576"}],"version-history":[{"count":673,"href":"https:\/\/gaetaneglize.com\/fr\/wp-json\/wp\/v2\/pages\/10576\/revisions"}],"predecessor-version":[{"id":18059,"href":"https:\/\/gaetaneglize.com\/fr\/wp-json\/wp\/v2\/pages\/10576\/revisions\/18059"}],"wp:featuredmedia":[{"embeddable":true,"href":"https:\/\/gaetaneglize.com\/fr\/wp-json\/wp\/v2\/media\/9709"}],"wp:attachment":[{"href":"https:\/\/gaetaneglize.com\/fr\/wp-json\/wp\/v2\/media?parent=10576"}],"curies":[{"name":"wp","href":"https:\/\/api.w.org\/{rel}","templated":true}]}}